{"id":309,"date":"2020-11-22T19:47:43","date_gmt":"2020-11-22T19:47:43","guid":{"rendered":"https:\/\/tv.joycemeyer.org\/latviesu\/?post_type=devotional&#038;p=309"},"modified":"2020-11-24T19:48:26","modified_gmt":"2020-11-24T19:48:26","slug":"sanem-dieva-dziedinasanu-visai","status":"publish","type":"devotional","link":"https:\/\/tv.joycemeyer.org\/latviesu\/devotional\/sanem-dieva-dziedinasanu-visai\/","title":{"rendered":"Sa\u0146em Dieva dziedin\u0101\u0161anu visai savai b\u016bt\u012bbai"},"content":{"rendered":"<p><strong>\u201cM\u012b\u013cais, es tev nov\u0113lu vis\u0101s liet\u0101s t\u0101du labkl\u0101j\u012bbu un vesel\u012bbu, k\u0101da jau ir tavai dv\u0113selei.\u201d \u2014 3. J\u0101\u0146a 1:2<\/strong><\/p>\n<p>Visa tava b\u016bt\u012bba \u2013 gars, dv\u0113sele un miesa \u2013 Dievam ir \u013coti v\u0113rt\u012bga un svar\u012bga, un Vi\u0146a pl\u0101n\u0101 tai ir liela noz\u012bme. Vi\u0146\u0161 ir uztic\u0113jis tev pien\u0101kumu r\u016bp\u0113ties par katru tavas b\u016bt\u012bbas da\u013cu. Tom\u0113r m\u016bsu dz\u012bv\u0113 ir ar\u012b t\u0101di posmi, kad nepietiek ar to, ko m\u0113s varam izdar\u012bt, un mums atliek uztic\u0113ties Dievam, ka Vi\u0146\u0161 paveiks to, kas tikai Vi\u0146am ir pa sp\u0113kam.<\/p>\n<p>Varb\u016bt tev ir vajadz\u012bga fiziska dziedin\u0101\u0161ana, k\u0101 tas bija man, kad 1980-ajos gados c\u012bn\u012bjos ar kr\u016bts v\u0113zi. Varb\u016bt tev vajadz\u012bga ment\u0101la vai emocion\u0101la dziedin\u0101\u0161ana k\u0101 man, p\u0113c tam, kad b\u0113rn\u012bb\u0101 daudzus gadus biju p\u0101rcietusi vardarb\u012bbu. Lai kas tas b\u016btu, Dieva V\u0101rd\u0101 ir apliecin\u0101ts, ka Vi\u0146\u0161 v\u0113las, lai m\u0113s sa\u0146emtu vesel\u012bbu ikvien\u0101 savas b\u016bt\u012bbas da\u013c\u0101.<\/p>\n<p>Ja esam slimi vai neveseli, m\u0113s nevaram tik labi izdar\u012bt to, uz ko Dievs m\u016bs katru ir aicin\u0101jis, un nevaram izbaud\u012bt Vi\u0146a d\u0101v\u0101to dz\u012bvi. Dievam padom\u0101 ir lieliska n\u0101kotne tev. Un vesel\u012bba \u2013 miesai, dv\u0113selei un garam \u2013 ir \u013coti svar\u012bga, lai tu b\u016btu gatavs tam, uz ko Vi\u0146\u0161 tevi var\u0113tu aicin\u0101t. L\u016bdz jau \u0161odien p\u0113c Vi\u0146a dziedino\u0161\u0101 sp\u0113ka.<\/p>\n<p>L\u016bg\u0161anas piem\u0113rs<\/p>\n<p>\u201cDievs, esmu tik priec\u012bgs, ka Tu r\u016bp\u0113jies par katru manas b\u016bt\u012bbas da\u013ci\u0146u. Es pie\u0146emu Tavu br\u012bni\u0161\u0137\u012bgo dziedin\u0101\u0161anas sp\u0113ku ikkatr\u0101 savas dz\u012bves ievainotaj\u0101 jom\u0101.\u201d<\/p>\n","protected":false},"excerpt":{"rendered":"<p>\u201cM\u012b\u013cais, es tev nov\u0113lu vis\u0101s liet\u0101s t\u0101du labkl\u0101j\u012bbu un vesel\u012bbu, k\u0101da jau ir tavai dv\u0113selei.\u201d \u2014 3. J\u0101\u0146a 1:2 Visa tava b\u016bt\u012bba \u2013 gars, dv\u0113sele un miesa \u2013 Dievam ir \u013coti v\u0113rt\u012bga un svar\u012bga, un Vi\u0146a pl\u0101n\u0101 tai ir liela noz\u012bme. Vi\u0146\u0161 ir uztic\u0113jis tev pien\u0101kumu r\u016bp\u0113ties par katru tavas b\u016bt\u012bbas da\u013cu. Tom\u0113r m\u016bsu dz\u012bv\u0113&#8230;<\/p>\n","protected":false},"author":15,"featured_media":310,"parent":0,"menu_order":0,"comment_status":"closed","ping_status":"closed","template":"","class_list":["post-309","devotional","type-devotional","status-publish","has-post-thumbnail","hentry"],"acf":[],"appp":{"post_detail":{"above_title":"<div class=\"post-featured-wrap\"><img width=\"960\" height=\"540\" src=\"https:\/\/tv.joycemeyer.org\/latviesu\/wp-content\/uploads\/sites\/41\/2020\/11\/783.jpg\" class=\"post-featured wp-post-image\" alt=\"\" decoding=\"async\" srcset=\"https:\/\/tv.joycemeyer.org\/latviesu\/wp-content\/uploads\/sites\/41\/2020\/11\/783.jpg 960w, https:\/\/tv.joycemeyer.org\/latviesu\/wp-content\/uploads\/sites\/41\/2020\/11\/783-300x169.jpg 300w, https:\/\/tv.joycemeyer.org\/latviesu\/wp-content\/uploads\/sites\/41\/2020\/11\/783-768x432.jpg 768w, https:\/\/tv.joycemeyer.org\/latviesu\/wp-content\/uploads\/sites\/41\/2020\/11\/783-640x360.jpg 640w\" sizes=\"(max-width: 960px) 100vw, 960px\" \/><\/div>","below_content":""}},"yoast_head":"<!-- This site is optimized with the Yoast SEO plugin v27.4 - https:\/\/yoast.com\/product\/yoast-seo-wordpress\/ -->\n<title>Sa\u0146em Dieva dziedin\u0101\u0161anu visai savai b\u016bt\u012bbai - Joyce Meyer Ministries - Latviesu<\/title>\n<meta name=\"robots\" content=\"index, follow, max-snippet:-1, max-image-preview:large, max-video-preview:-1\" \/>\n<link rel=\"canonical\" href=\"https:\/\/tv.joycemeyer.org\/latviesu\/devotional\/sanem-dieva-dziedinasanu-visai\/\" \/>\n<meta property=\"og:locale\" content=\"lv_LV\" \/>\n<meta property=\"og:type\" content=\"article\" \/>\n<meta property=\"og:title\" content=\"Sa\u0146em Dieva dziedin\u0101\u0161anu visai savai b\u016bt\u012bbai - Joyce Meyer Ministries - Latviesu\" \/>\n<meta property=\"og:description\" content=\"\u201cM\u012b\u013cais, es tev nov\u0113lu vis\u0101s liet\u0101s t\u0101du labkl\u0101j\u012bbu un vesel\u012bbu, k\u0101da jau ir tavai dv\u0113selei.\u201d \u2014 3. J\u0101\u0146a 1:2 Visa tava b\u016bt\u012bba \u2013 gars, dv\u0113sele un miesa \u2013 Dievam ir \u013coti v\u0113rt\u012bga un svar\u012bga, un Vi\u0146a pl\u0101n\u0101 tai ir liela noz\u012bme. Vi\u0146\u0161 ir uztic\u0113jis tev pien\u0101kumu r\u016bp\u0113ties par katru tavas b\u016bt\u012bbas da\u013cu. Tom\u0113r m\u016bsu dz\u012bv\u0113...\" \/>\n<meta property=\"og:url\" content=\"https:\/\/tv.joycemeyer.org\/latviesu\/devotional\/sanem-dieva-dziedinasanu-visai\/\" \/>\n<meta property=\"og:site_name\" content=\"Joyce Meyer Ministries - Latviesu\" \/>\n<meta property=\"article:publisher\" content=\"https:\/\/www.facebook.com\/joycemeyerministrieslatvian\/\" \/>\n<meta property=\"article:modified_time\" content=\"2020-11-24T19:48:26+00:00\" \/>\n<meta property=\"og:image\" content=\"https:\/\/tv.joycemeyer.org\/latviesu\/wp-content\/uploads\/sites\/41\/2020\/11\/783.jpg\" \/>\n\t<meta property=\"og:image:width\" content=\"960\" \/>\n\t<meta property=\"og:image:height\" content=\"540\" \/>\n\t<meta property=\"og:image:type\" content=\"image\/jpeg\" \/>\n<meta name=\"twitter:card\" content=\"summary_large_image\" \/>\n<meta name=\"twitter:label1\" content=\"Est. reading time\" \/>\n\t<meta name=\"twitter:data1\" content=\"2 min\u016btes\" \/>\n<script type=\"application\/ld+json\" class=\"yoast-schema-graph\">{\"@context\":\"https:\\\/\\\/schema.org\",\"@graph\":[{\"@type\":\"WebPage\",\"@id\":\"https:\\\/\\\/tv.joycemeyer.org\\\/latviesu\\\/devotional\\\/sanem-dieva-dziedinasanu-visai\\\/\",\"url\":\"https:\\\/\\\/tv.joycemeyer.org\\\/latviesu\\\/devotional\\\/sanem-dieva-dziedinasanu-visai\\\/\",\"name\":\"Sa\u0146em Dieva dziedin\u0101\u0161anu visai savai b\u016bt\u012bbai - Joyce Meyer Ministries - Latviesu\",\"isPartOf\":{\"@id\":\"https:\\\/\\\/tv.joycemeyer.org\\\/latviesu\\\/#website\"},\"primaryImageOfPage\":{\"@id\":\"https:\\\/\\\/tv.joycemeyer.org\\\/latviesu\\\/devotional\\\/sanem-dieva-dziedinasanu-visai\\\/#primaryimage\"},\"image\":{\"@id\":\"https:\\\/\\\/tv.joycemeyer.org\\\/latviesu\\\/devotional\\\/sanem-dieva-dziedinasanu-visai\\\/#primaryimage\"},\"thumbnailUrl\":\"https:\\\/\\\/tv.joycemeyer.org\\\/latviesu\\\/wp-content\\\/uploads\\\/sites\\\/41\\\/2020\\\/11\\\/783.jpg\",\"datePublished\":\"2020-11-22T19:47:43+00:00\",\"dateModified\":\"2020-11-24T19:48:26+00:00\",\"breadcrumb\":{\"@id\":\"https:\\\/\\\/tv.joycemeyer.org\\\/latviesu\\\/devotional\\\/sanem-dieva-dziedinasanu-visai\\\/#breadcrumb\"},\"inLanguage\":\"lv-LV\",\"potentialAction\":[{\"@type\":\"ReadAction\",\"target\":[\"https:\\\/\\\/tv.joycemeyer.org\\\/latviesu\\\/devotional\\\/sanem-dieva-dziedinasanu-visai\\\/\"]}]},{\"@type\":\"ImageObject\",\"inLanguage\":\"lv-LV\",\"@id\":\"https:\\\/\\\/tv.joycemeyer.org\\\/latviesu\\\/devotional\\\/sanem-dieva-dziedinasanu-visai\\\/#primaryimage\",\"url\":\"https:\\\/\\\/tv.joycemeyer.org\\\/latviesu\\\/wp-content\\\/uploads\\\/sites\\\/41\\\/2020\\\/11\\\/783.jpg\",\"contentUrl\":\"https:\\\/\\\/tv.joycemeyer.org\\\/latviesu\\\/wp-content\\\/uploads\\\/sites\\\/41\\\/2020\\\/11\\\/783.jpg\",\"width\":960,\"height\":540,\"caption\":\"Sa\u0146em Dieva dziedin\u0101\u0161anu visai savai b\u016bt\u012bbai\"},{\"@type\":\"BreadcrumbList\",\"@id\":\"https:\\\/\\\/tv.joycemeyer.org\\\/latviesu\\\/devotional\\\/sanem-dieva-dziedinasanu-visai\\\/#breadcrumb\",\"itemListElement\":[{\"@type\":\"ListItem\",\"position\":1,\"name\":\"Home\",\"item\":\"https:\\\/\\\/tv.joycemeyer.org\\\/latviesu\\\/\"},{\"@type\":\"ListItem\",\"position\":2,\"name\":\"Devotional\",\"item\":\"https:\\\/\\\/tv.joycemeyer.org\\\/latviesu\\\/devotional\\\/\"},{\"@type\":\"ListItem\",\"position\":3,\"name\":\"Sa\u0146em Dieva dziedin\u0101\u0161anu visai savai b\u016bt\u012bbai\"}]},{\"@type\":\"WebSite\",\"@id\":\"https:\\\/\\\/tv.joycemeyer.org\\\/latviesu\\\/#website\",\"url\":\"https:\\\/\\\/tv.joycemeyer.org\\\/latviesu\\\/\",\"name\":\"Joyce Meyer Ministries - Latviesu\",\"description\":\"Sludin\u0101m Kristu \u2013 M\u012blam Cilv\u0113kus\",\"potentialAction\":[{\"@type\":\"SearchAction\",\"target\":{\"@type\":\"EntryPoint\",\"urlTemplate\":\"https:\\\/\\\/tv.joycemeyer.org\\\/latviesu\\\/?s={search_term_string}\"},\"query-input\":{\"@type\":\"PropertyValueSpecification\",\"valueRequired\":true,\"valueName\":\"search_term_string\"}}],\"inLanguage\":\"lv-LV\"}]}<\/script>\n<!-- \/ Yoast SEO plugin. -->","yoast_head_json":{"title":"Sa\u0146em Dieva dziedin\u0101\u0161anu visai savai b\u016bt\u012bbai - Joyce Meyer Ministries - Latviesu","robots":{"index":"index","follow":"follow","max-snippet":"max-snippet:-1","max-image-preview":"max-image-preview:large","max-video-preview":"max-video-preview:-1"},"canonical":"https:\/\/tv.joycemeyer.org\/latviesu\/devotional\/sanem-dieva-dziedinasanu-visai\/","og_locale":"lv_LV","og_type":"article","og_title":"Sa\u0146em Dieva dziedin\u0101\u0161anu visai savai b\u016bt\u012bbai - Joyce Meyer Ministries - Latviesu","og_description":"\u201cM\u012b\u013cais, es tev nov\u0113lu vis\u0101s liet\u0101s t\u0101du labkl\u0101j\u012bbu un vesel\u012bbu, k\u0101da jau ir tavai dv\u0113selei.\u201d \u2014 3. J\u0101\u0146a 1:2 Visa tava b\u016bt\u012bba \u2013 gars, dv\u0113sele un miesa \u2013 Dievam ir \u013coti v\u0113rt\u012bga un svar\u012bga, un Vi\u0146a pl\u0101n\u0101 tai ir liela noz\u012bme. Vi\u0146\u0161 ir uztic\u0113jis tev pien\u0101kumu r\u016bp\u0113ties par katru tavas b\u016bt\u012bbas da\u013cu. Tom\u0113r m\u016bsu dz\u012bv\u0113...","og_url":"https:\/\/tv.joycemeyer.org\/latviesu\/devotional\/sanem-dieva-dziedinasanu-visai\/","og_site_name":"Joyce Meyer Ministries - Latviesu","article_publisher":"https:\/\/www.facebook.com\/joycemeyerministrieslatvian\/","article_modified_time":"2020-11-24T19:48:26+00:00","og_image":[{"width":960,"height":540,"url":"https:\/\/tv.joycemeyer.org\/latviesu\/wp-content\/uploads\/sites\/41\/2020\/11\/783.jpg","type":"image\/jpeg"}],"twitter_card":"summary_large_image","twitter_misc":{"Est. reading time":"2 min\u016btes"},"schema":{"@context":"https:\/\/schema.org","@graph":[{"@type":"WebPage","@id":"https:\/\/tv.joycemeyer.org\/latviesu\/devotional\/sanem-dieva-dziedinasanu-visai\/","url":"https:\/\/tv.joycemeyer.org\/latviesu\/devotional\/sanem-dieva-dziedinasanu-visai\/","name":"Sa\u0146em Dieva dziedin\u0101\u0161anu visai savai b\u016bt\u012bbai - Joyce Meyer Ministries - Latviesu","isPartOf":{"@id":"https:\/\/tv.joycemeyer.org\/latviesu\/#website"},"primaryImageOfPage":{"@id":"https:\/\/tv.joycemeyer.org\/latviesu\/devotional\/sanem-dieva-dziedinasanu-visai\/#primaryimage"},"image":{"@id":"https:\/\/tv.joycemeyer.org\/latviesu\/devotional\/sanem-dieva-dziedinasanu-visai\/#primaryimage"},"thumbnailUrl":"https:\/\/tv.joycemeyer.org\/latviesu\/wp-content\/uploads\/sites\/41\/2020\/11\/783.jpg","datePublished":"2020-11-22T19:47:43+00:00","dateModified":"2020-11-24T19:48:26+00:00","breadcrumb":{"@id":"https:\/\/tv.joycemeyer.org\/latviesu\/devotional\/sanem-dieva-dziedinasanu-visai\/#breadcrumb"},"inLanguage":"lv-LV","potentialAction":[{"@type":"ReadAction","target":["https:\/\/tv.joycemeyer.org\/latviesu\/devotional\/sanem-dieva-dziedinasanu-visai\/"]}]},{"@type":"ImageObject","inLanguage":"lv-LV","@id":"https:\/\/tv.joycemeyer.org\/latviesu\/devotional\/sanem-dieva-dziedinasanu-visai\/#primaryimage","url":"https:\/\/tv.joycemeyer.org\/latviesu\/wp-content\/uploads\/sites\/41\/2020\/11\/783.jpg","contentUrl":"https:\/\/tv.joycemeyer.org\/latviesu\/wp-content\/uploads\/sites\/41\/2020\/11\/783.jpg","width":960,"height":540,"caption":"Sa\u0146em Dieva dziedin\u0101\u0161anu visai savai b\u016bt\u012bbai"},{"@type":"BreadcrumbList","@id":"https:\/\/tv.joycemeyer.org\/latviesu\/devotional\/sanem-dieva-dziedinasanu-visai\/#breadcrumb","itemListElement":[{"@type":"ListItem","position":1,"name":"Home","item":"https:\/\/tv.joycemeyer.org\/latviesu\/"},{"@type":"ListItem","position":2,"name":"Devotional","item":"https:\/\/tv.joycemeyer.org\/latviesu\/devotional\/"},{"@type":"ListItem","position":3,"name":"Sa\u0146em Dieva dziedin\u0101\u0161anu visai savai b\u016bt\u012bbai"}]},{"@type":"WebSite","@id":"https:\/\/tv.joycemeyer.org\/latviesu\/#website","url":"https:\/\/tv.joycemeyer.org\/latviesu\/","name":"Joyce Meyer Ministries - Latviesu","description":"Sludin\u0101m Kristu \u2013 M\u012blam Cilv\u0113kus","potentialAction":[{"@type":"SearchAction","target":{"@type":"EntryPoint","urlTemplate":"https:\/\/tv.joycemeyer.org\/latviesu\/?s={search_term_string}"},"query-input":{"@type":"PropertyValueSpecification","valueRequired":true,"valueName":"search_term_string"}}],"inLanguage":"lv-LV"}]}},"_links":{"self":[{"href":"https:\/\/tv.joycemeyer.org\/latviesu\/wp-json\/wp\/v2\/devotional\/309","targetHints":{"allow":["GET"]}}],"collection":[{"href":"https:\/\/tv.joycemeyer.org\/latviesu\/wp-json\/wp\/v2\/devotional"}],"about":[{"href":"https:\/\/tv.joycemeyer.org\/latviesu\/wp-json\/wp\/v2\/types\/devotional"}],"author":[{"embeddable":true,"href":"https:\/\/tv.joycemeyer.org\/latviesu\/wp-json\/wp\/v2\/users\/15"}],"replies":[{"embeddable":true,"href":"https:\/\/tv.joycemeyer.org\/latviesu\/wp-json\/wp\/v2\/comments?post=309"}],"wp:featuredmedia":[{"embeddable":true,"href":"https:\/\/tv.joycemeyer.org\/latviesu\/wp-json\/wp\/v2\/media\/310"}],"wp:attachment":[{"href":"https:\/\/tv.joycemeyer.org\/latviesu\/wp-json\/wp\/v2\/media?parent=309"}],"curies":[{"name":"wp","href":"https:\/\/api.w.org\/{rel}","templated":true}]}}