{"id":351,"date":"2020-12-13T18:33:06","date_gmt":"2020-12-13T18:33:06","guid":{"rendered":"https:\/\/tv.joycemeyer.org\/latviesu\/?post_type=devotional&#038;p=351"},"modified":"2020-12-15T18:34:51","modified_gmt":"2020-12-15T18:34:51","slug":"vienpratiba-ar-savu-laulato-draugu","status":"publish","type":"devotional","link":"https:\/\/tv.joycemeyer.org\/latviesu\/devotional\/vienpratiba-ar-savu-laulato-draugu\/","title":{"rendered":"Vienpr\u0101t\u012bba ar savu laul\u0101to draugu"},"content":{"rendered":"<p><strong>\u201cJo, kur divi vai tr\u012bs ir sapulc\u0113ju\u0161ies Man\u0101 V\u0101rd\u0101, tur Es esmu vi\u0146u vid\u016b.&#8221; \u2014 Mateja 18:20<\/strong><\/p>\n<p>B\u012bbele m\u0101ca, ka vienpr\u0101t\u012bb\u0101 ir sp\u0113ks. It \u012bpa\u0161i patiesi tas ir laul\u012bb\u0101. Man un manam v\u012bram Deivam ir tik at\u0161\u0137ir\u012bgas person\u012bbas, cik vien at\u0161\u0137ir\u012bgas t\u0101s var b\u016bt. Bet, neskatoties uz to, Dievs m\u016bs ir satuvin\u0101jis, un ar katru dienu pat m\u016bsu domas k\u013c\u016bst aizvien l\u012bdz\u012bg\u0101kas, un m\u0113s s\u0101kam ilgoties p\u0113c viena un t\u0101 pa\u0161a. M\u016bsu person\u012bbas joproj\u0101m ir \u013coti at\u0161\u0137ir\u012bgas, bet tagad m\u0113s redzam, ka Dievs ar noteiktu m\u0113r\u0137i ir salicis m\u016bsu at\u0161\u0137ir\u012bbas vien\u0101 laul\u012bb\u0101.<\/p>\n<p>Ja tu v\u0113lies, lai tava laul\u012bba un l\u016bg\u0161anu dz\u012bve b\u016btu sp\u0113c\u012bga, jums j\u0101iem\u0101c\u0101s sav\u0101 starp\u0101 rast vienot\u012bbu. Lielais jaut\u0101jums ir \u0161\u0101ds \u2013 K\u0101 p\u0101ris var dz\u012bvot vienpr\u0101t\u012bb\u0101, kuram \u0161\u0137ietami nav nek\u0101 kop\u012bga? Vienpr\u0101t\u012bba jeb saska\u0146a s\u0101k veidoties, kad iesaist\u012bt\u0101s puses p\u0101rst\u0101j b\u016bt savt\u012bgas. Savt\u012bgums ir nenobriedis skat\u012bjums pa\u0161am uz sevi. Atsl\u0113ga saskan\u012bgai laul\u012bbai sl\u0113pjas sp\u0113j\u0101 vispirms ieraudz\u012bt otra vajadz\u012bbas, b\u016bt gatavam pazemoties un dar\u012bt visu iesp\u0113jamo, lai \u0161\u012bs vajadz\u012bbas apmierin\u0101tu.<\/p>\n<p>Kad tas ir izdevies, j\u016bs sp\u0113siet dz\u012bvot saska\u0146\u0101 T\u0101 Kunga priek\u0161\u0101, un, kur divi vai tr\u012bs ir sapulc\u0113ju\u0161ies Vi\u0146a V\u0101rd\u0101, tur Dievs b\u016bs blakus. T\u0101p\u0113c ap\u0146emieties ar savu laul\u0101to draugu \u0161odien dz\u012bties p\u0113c saska\u0146as un vienot\u012bbas T\u0101 Kunga priek\u0161\u0101.<\/p>\n<p><strong>L\u016bg\u0161anas piem\u0113rs<\/strong><\/p>\n<p><em>\u201cDievs, es gribu sav\u0101 laul\u012bb\u0101 piedz\u012bvot vienot\u012bbas sp\u0113ku. Pal\u012bdzi mums atmest savt\u012bgumu, lai varam baud\u012bt sp\u0113ku, ko dod vienot\u012bba Tav\u0101 V\u0101rd\u0101.\u201d<\/em><\/p>\n","protected":false},"excerpt":{"rendered":"<p>\u201cJo, kur divi vai tr\u012bs ir sapulc\u0113ju\u0161ies Man\u0101 V\u0101rd\u0101, tur Es esmu vi\u0146u vid\u016b.&#8221; \u2014 Mateja 18:20 B\u012bbele m\u0101ca, ka vienpr\u0101t\u012bb\u0101 ir sp\u0113ks. It \u012bpa\u0161i patiesi tas ir laul\u012bb\u0101. Man un manam v\u012bram Deivam ir tik at\u0161\u0137ir\u012bgas person\u012bbas, cik vien at\u0161\u0137ir\u012bgas t\u0101s var b\u016bt. Bet, neskatoties uz to, Dievs m\u016bs ir satuvin\u0101jis, un ar katru&#8230;<\/p>\n","protected":false},"author":15,"featured_media":352,"parent":0,"menu_order":0,"comment_status":"closed","ping_status":"closed","template":"","class_list":["post-351","devotional","type-devotional","status-publish","has-post-thumbnail","hentry"],"acf":[],"appp":{"post_detail":{"above_title":"<div class=\"post-featured-wrap\"><img width=\"960\" height=\"540\" src=\"https:\/\/tv.joycemeyer.org\/latviesu\/wp-content\/uploads\/sites\/41\/2020\/12\/1095.jpg\" class=\"post-featured wp-post-image\" alt=\"\" decoding=\"async\" srcset=\"https:\/\/tv.joycemeyer.org\/latviesu\/wp-content\/uploads\/sites\/41\/2020\/12\/1095.jpg 960w, https:\/\/tv.joycemeyer.org\/latviesu\/wp-content\/uploads\/sites\/41\/2020\/12\/1095-300x169.jpg 300w, https:\/\/tv.joycemeyer.org\/latviesu\/wp-content\/uploads\/sites\/41\/2020\/12\/1095-768x432.jpg 768w, https:\/\/tv.joycemeyer.org\/latviesu\/wp-content\/uploads\/sites\/41\/2020\/12\/1095-640x360.jpg 640w\" sizes=\"(max-width: 960px) 100vw, 960px\" \/><\/div>","below_content":""}},"yoast_head":"<!-- This site is optimized with the Yoast SEO plugin v27.4 - https:\/\/yoast.com\/product\/yoast-seo-wordpress\/ -->\n<title>Vienpr\u0101t\u012bba ar savu laul\u0101to draugu - Joyce Meyer Ministries - Latviesu<\/title>\n<meta name=\"robots\" content=\"index, follow, max-snippet:-1, max-image-preview:large, max-video-preview:-1\" \/>\n<link rel=\"canonical\" href=\"https:\/\/tv.joycemeyer.org\/latviesu\/devotional\/vienpratiba-ar-savu-laulato-draugu\/\" \/>\n<meta property=\"og:locale\" content=\"lv_LV\" \/>\n<meta property=\"og:type\" content=\"article\" \/>\n<meta property=\"og:title\" content=\"Vienpr\u0101t\u012bba ar savu laul\u0101to draugu - Joyce Meyer Ministries - Latviesu\" \/>\n<meta property=\"og:description\" content=\"\u201cJo, kur divi vai tr\u012bs ir sapulc\u0113ju\u0161ies Man\u0101 V\u0101rd\u0101, tur Es esmu vi\u0146u vid\u016b.&#8221; \u2014 Mateja 18:20 B\u012bbele m\u0101ca, ka vienpr\u0101t\u012bb\u0101 ir sp\u0113ks. It \u012bpa\u0161i patiesi tas ir laul\u012bb\u0101. Man un manam v\u012bram Deivam ir tik at\u0161\u0137ir\u012bgas person\u012bbas, cik vien at\u0161\u0137ir\u012bgas t\u0101s var b\u016bt. Bet, neskatoties uz to, Dievs m\u016bs ir satuvin\u0101jis, un ar katru...\" \/>\n<meta property=\"og:url\" content=\"https:\/\/tv.joycemeyer.org\/latviesu\/devotional\/vienpratiba-ar-savu-laulato-draugu\/\" \/>\n<meta property=\"og:site_name\" content=\"Joyce Meyer Ministries - Latviesu\" \/>\n<meta property=\"article:publisher\" content=\"https:\/\/www.facebook.com\/joycemeyerministrieslatvian\/\" \/>\n<meta property=\"article:modified_time\" content=\"2020-12-15T18:34:51+00:00\" \/>\n<meta property=\"og:image\" content=\"https:\/\/tv.joycemeyer.org\/latviesu\/wp-content\/uploads\/sites\/41\/2020\/12\/1095.jpg\" \/>\n\t<meta property=\"og:image:width\" content=\"960\" \/>\n\t<meta property=\"og:image:height\" content=\"540\" \/>\n\t<meta property=\"og:image:type\" content=\"image\/jpeg\" \/>\n<meta name=\"twitter:card\" content=\"summary_large_image\" \/>\n<meta name=\"twitter:label1\" content=\"Est. reading time\" \/>\n\t<meta name=\"twitter:data1\" content=\"2 min\u016btes\" \/>\n<script type=\"application\/ld+json\" class=\"yoast-schema-graph\">{\"@context\":\"https:\\\/\\\/schema.org\",\"@graph\":[{\"@type\":\"WebPage\",\"@id\":\"https:\\\/\\\/tv.joycemeyer.org\\\/latviesu\\\/devotional\\\/vienpratiba-ar-savu-laulato-draugu\\\/\",\"url\":\"https:\\\/\\\/tv.joycemeyer.org\\\/latviesu\\\/devotional\\\/vienpratiba-ar-savu-laulato-draugu\\\/\",\"name\":\"Vienpr\u0101t\u012bba ar savu laul\u0101to draugu - Joyce Meyer Ministries - Latviesu\",\"isPartOf\":{\"@id\":\"https:\\\/\\\/tv.joycemeyer.org\\\/latviesu\\\/#website\"},\"primaryImageOfPage\":{\"@id\":\"https:\\\/\\\/tv.joycemeyer.org\\\/latviesu\\\/devotional\\\/vienpratiba-ar-savu-laulato-draugu\\\/#primaryimage\"},\"image\":{\"@id\":\"https:\\\/\\\/tv.joycemeyer.org\\\/latviesu\\\/devotional\\\/vienpratiba-ar-savu-laulato-draugu\\\/#primaryimage\"},\"thumbnailUrl\":\"https:\\\/\\\/tv.joycemeyer.org\\\/latviesu\\\/wp-content\\\/uploads\\\/sites\\\/41\\\/2020\\\/12\\\/1095.jpg\",\"datePublished\":\"2020-12-13T18:33:06+00:00\",\"dateModified\":\"2020-12-15T18:34:51+00:00\",\"breadcrumb\":{\"@id\":\"https:\\\/\\\/tv.joycemeyer.org\\\/latviesu\\\/devotional\\\/vienpratiba-ar-savu-laulato-draugu\\\/#breadcrumb\"},\"inLanguage\":\"lv-LV\",\"potentialAction\":[{\"@type\":\"ReadAction\",\"target\":[\"https:\\\/\\\/tv.joycemeyer.org\\\/latviesu\\\/devotional\\\/vienpratiba-ar-savu-laulato-draugu\\\/\"]}]},{\"@type\":\"ImageObject\",\"inLanguage\":\"lv-LV\",\"@id\":\"https:\\\/\\\/tv.joycemeyer.org\\\/latviesu\\\/devotional\\\/vienpratiba-ar-savu-laulato-draugu\\\/#primaryimage\",\"url\":\"https:\\\/\\\/tv.joycemeyer.org\\\/latviesu\\\/wp-content\\\/uploads\\\/sites\\\/41\\\/2020\\\/12\\\/1095.jpg\",\"contentUrl\":\"https:\\\/\\\/tv.joycemeyer.org\\\/latviesu\\\/wp-content\\\/uploads\\\/sites\\\/41\\\/2020\\\/12\\\/1095.jpg\",\"width\":\"960\",\"height\":\"540\",\"caption\":\"Vienpr\u0101t\u012bba ar savu laul\u0101to draugu\"},{\"@type\":\"BreadcrumbList\",\"@id\":\"https:\\\/\\\/tv.joycemeyer.org\\\/latviesu\\\/devotional\\\/vienpratiba-ar-savu-laulato-draugu\\\/#breadcrumb\",\"itemListElement\":[{\"@type\":\"ListItem\",\"position\":1,\"name\":\"Home\",\"item\":\"https:\\\/\\\/tv.joycemeyer.org\\\/latviesu\\\/\"},{\"@type\":\"ListItem\",\"position\":2,\"name\":\"Devotional\",\"item\":\"https:\\\/\\\/tv.joycemeyer.org\\\/latviesu\\\/devotional\\\/\"},{\"@type\":\"ListItem\",\"position\":3,\"name\":\"Vienpr\u0101t\u012bba ar savu laul\u0101to draugu\"}]},{\"@type\":\"WebSite\",\"@id\":\"https:\\\/\\\/tv.joycemeyer.org\\\/latviesu\\\/#website\",\"url\":\"https:\\\/\\\/tv.joycemeyer.org\\\/latviesu\\\/\",\"name\":\"Joyce Meyer Ministries - Latviesu\",\"description\":\"Sludin\u0101m Kristu \u2013 M\u012blam Cilv\u0113kus\",\"potentialAction\":[{\"@type\":\"SearchAction\",\"target\":{\"@type\":\"EntryPoint\",\"urlTemplate\":\"https:\\\/\\\/tv.joycemeyer.org\\\/latviesu\\\/?s={search_term_string}\"},\"query-input\":{\"@type\":\"PropertyValueSpecification\",\"valueRequired\":true,\"valueName\":\"search_term_string\"}}],\"inLanguage\":\"lv-LV\"}]}<\/script>\n<!-- \/ Yoast SEO plugin. -->","yoast_head_json":{"title":"Vienpr\u0101t\u012bba ar savu laul\u0101to draugu - Joyce Meyer Ministries - Latviesu","robots":{"index":"index","follow":"follow","max-snippet":"max-snippet:-1","max-image-preview":"max-image-preview:large","max-video-preview":"max-video-preview:-1"},"canonical":"https:\/\/tv.joycemeyer.org\/latviesu\/devotional\/vienpratiba-ar-savu-laulato-draugu\/","og_locale":"lv_LV","og_type":"article","og_title":"Vienpr\u0101t\u012bba ar savu laul\u0101to draugu - Joyce Meyer Ministries - Latviesu","og_description":"\u201cJo, kur divi vai tr\u012bs ir sapulc\u0113ju\u0161ies Man\u0101 V\u0101rd\u0101, tur Es esmu vi\u0146u vid\u016b.&#8221; \u2014 Mateja 18:20 B\u012bbele m\u0101ca, ka vienpr\u0101t\u012bb\u0101 ir sp\u0113ks. It \u012bpa\u0161i patiesi tas ir laul\u012bb\u0101. Man un manam v\u012bram Deivam ir tik at\u0161\u0137ir\u012bgas person\u012bbas, cik vien at\u0161\u0137ir\u012bgas t\u0101s var b\u016bt. Bet, neskatoties uz to, Dievs m\u016bs ir satuvin\u0101jis, un ar katru...","og_url":"https:\/\/tv.joycemeyer.org\/latviesu\/devotional\/vienpratiba-ar-savu-laulato-draugu\/","og_site_name":"Joyce Meyer Ministries - Latviesu","article_publisher":"https:\/\/www.facebook.com\/joycemeyerministrieslatvian\/","article_modified_time":"2020-12-15T18:34:51+00:00","og_image":[{"width":960,"height":540,"url":"https:\/\/tv.joycemeyer.org\/latviesu\/wp-content\/uploads\/sites\/41\/2020\/12\/1095.jpg","type":"image\/jpeg"}],"twitter_card":"summary_large_image","twitter_misc":{"Est. reading time":"2 min\u016btes"},"schema":{"@context":"https:\/\/schema.org","@graph":[{"@type":"WebPage","@id":"https:\/\/tv.joycemeyer.org\/latviesu\/devotional\/vienpratiba-ar-savu-laulato-draugu\/","url":"https:\/\/tv.joycemeyer.org\/latviesu\/devotional\/vienpratiba-ar-savu-laulato-draugu\/","name":"Vienpr\u0101t\u012bba ar savu laul\u0101to draugu - Joyce Meyer Ministries - Latviesu","isPartOf":{"@id":"https:\/\/tv.joycemeyer.org\/latviesu\/#website"},"primaryImageOfPage":{"@id":"https:\/\/tv.joycemeyer.org\/latviesu\/devotional\/vienpratiba-ar-savu-laulato-draugu\/#primaryimage"},"image":{"@id":"https:\/\/tv.joycemeyer.org\/latviesu\/devotional\/vienpratiba-ar-savu-laulato-draugu\/#primaryimage"},"thumbnailUrl":"https:\/\/tv.joycemeyer.org\/latviesu\/wp-content\/uploads\/sites\/41\/2020\/12\/1095.jpg","datePublished":"2020-12-13T18:33:06+00:00","dateModified":"2020-12-15T18:34:51+00:00","breadcrumb":{"@id":"https:\/\/tv.joycemeyer.org\/latviesu\/devotional\/vienpratiba-ar-savu-laulato-draugu\/#breadcrumb"},"inLanguage":"lv-LV","potentialAction":[{"@type":"ReadAction","target":["https:\/\/tv.joycemeyer.org\/latviesu\/devotional\/vienpratiba-ar-savu-laulato-draugu\/"]}]},{"@type":"ImageObject","inLanguage":"lv-LV","@id":"https:\/\/tv.joycemeyer.org\/latviesu\/devotional\/vienpratiba-ar-savu-laulato-draugu\/#primaryimage","url":"https:\/\/tv.joycemeyer.org\/latviesu\/wp-content\/uploads\/sites\/41\/2020\/12\/1095.jpg","contentUrl":"https:\/\/tv.joycemeyer.org\/latviesu\/wp-content\/uploads\/sites\/41\/2020\/12\/1095.jpg","width":"960","height":"540","caption":"Vienpr\u0101t\u012bba ar savu laul\u0101to draugu"},{"@type":"BreadcrumbList","@id":"https:\/\/tv.joycemeyer.org\/latviesu\/devotional\/vienpratiba-ar-savu-laulato-draugu\/#breadcrumb","itemListElement":[{"@type":"ListItem","position":1,"name":"Home","item":"https:\/\/tv.joycemeyer.org\/latviesu\/"},{"@type":"ListItem","position":2,"name":"Devotional","item":"https:\/\/tv.joycemeyer.org\/latviesu\/devotional\/"},{"@type":"ListItem","position":3,"name":"Vienpr\u0101t\u012bba ar savu laul\u0101to draugu"}]},{"@type":"WebSite","@id":"https:\/\/tv.joycemeyer.org\/latviesu\/#website","url":"https:\/\/tv.joycemeyer.org\/latviesu\/","name":"Joyce Meyer Ministries - Latviesu","description":"Sludin\u0101m Kristu \u2013 M\u012blam Cilv\u0113kus","potentialAction":[{"@type":"SearchAction","target":{"@type":"EntryPoint","urlTemplate":"https:\/\/tv.joycemeyer.org\/latviesu\/?s={search_term_string}"},"query-input":{"@type":"PropertyValueSpecification","valueRequired":true,"valueName":"search_term_string"}}],"inLanguage":"lv-LV"}]}},"_links":{"self":[{"href":"https:\/\/tv.joycemeyer.org\/latviesu\/wp-json\/wp\/v2\/devotional\/351","targetHints":{"allow":["GET"]}}],"collection":[{"href":"https:\/\/tv.joycemeyer.org\/latviesu\/wp-json\/wp\/v2\/devotional"}],"about":[{"href":"https:\/\/tv.joycemeyer.org\/latviesu\/wp-json\/wp\/v2\/types\/devotional"}],"author":[{"embeddable":true,"href":"https:\/\/tv.joycemeyer.org\/latviesu\/wp-json\/wp\/v2\/users\/15"}],"replies":[{"embeddable":true,"href":"https:\/\/tv.joycemeyer.org\/latviesu\/wp-json\/wp\/v2\/comments?post=351"}],"wp:featuredmedia":[{"embeddable":true,"href":"https:\/\/tv.joycemeyer.org\/latviesu\/wp-json\/wp\/v2\/media\/352"}],"wp:attachment":[{"href":"https:\/\/tv.joycemeyer.org\/latviesu\/wp-json\/wp\/v2\/media?parent=351"}],"curies":[{"name":"wp","href":"https:\/\/api.w.org\/{rel}","templated":true}]}}