{"id":362,"date":"2020-12-19T19:08:36","date_gmt":"2020-12-19T19:08:36","guid":{"rendered":"https:\/\/tv.joycemeyer.org\/latviesu\/?post_type=devotional&#038;p=362"},"modified":"2020-12-22T19:09:25","modified_gmt":"2020-12-22T19:09:25","slug":"noskir-kas-tu-esi-no-ta-ko-tu-dari","status":"publish","type":"devotional","link":"https:\/\/tv.joycemeyer.org\/latviesu\/devotional\/noskir-kas-tu-esi-no-ta-ko-tu-dari\/","title":{"rendered":"No\u0161\u0137ir to, kas tu esi, no t\u0101, ko tu dari"},"content":{"rendered":"<p><strong>\u201cT\u0101d\u0113\u013c, ja kas ir Krist\u016b, tas ir jauns rad\u012bjums; kas bijis, ir pag\u0101jis, redzi, viss ir tapis jauns.&#8221; \u2014 2. Korintie\u0161iem 5:17<\/strong><\/p>\n<p>Es esmu sav\u0101 dz\u012bv\u0113 pie\u013c\u0101vusi daudz k\u013c\u016bdu un esmu dro\u0161a, ka k\u013c\u016bd\u012b\u0161os ar\u012b turpm\u0101k, tom\u0113r es sev joproj\u0101m pat\u012bku. J\u0101, ne vienm\u0113r es visu izdaru pareizi, k\u0101 pien\u0101ktos, bet tas neietekm\u0113 to, kas es esmu Krist\u016b. Es zinu, ka esmu m\u012bl\u0113ta un joproj\u0101m esmu labs cilv\u0113ks. Tas ir k\u013cuvis iesp\u0113jams, jo, b\u016bdama Krist\u016b jauns rad\u012bjums, esmu iem\u0101c\u012bjusies at\u0161\u0137irt savu &#8220;es&#8221; no t\u0101, ko es \u201edaru\u201d.<\/p>\n<p>Kad tu saproti, ka tas, ko tu \u201edari\u201d, nenosaka to, kas tu \u201eesi\u201d, tu sp\u0113si piedz\u012bvot jaunu br\u012bv\u012bbas l\u012bmeni no kauna. Zinot, ka tu Dievam pat\u012bc, tu vari vesel\u012bg\u0101, l\u012bdzsvarot\u0101 veid\u0101 ar\u012b patikt pats sev. Tu redz\u0113si, ka ar\u012b citiem tu s\u0101ksi patikt, ja sp\u0113si iepatikties pats sev. Sevis patik\u0161ana nenoz\u012bm\u0113, ka tu esi pilns lepnuma; tas noz\u012bm\u0113 tikai to, ka tu pie\u0146em sevi t\u0101du, k\u0101du Dievs tevi ir rad\u012bjis.<br \/>\nMums visiem n\u0101kas ieviest izmai\u0146as sav\u0101 uzved\u012bb\u0101, tom\u0113r pie\u0146emt sevi k\u0101 Dieva rad\u012bbu, ir \u0101rk\u0101rt\u012bgi svar\u012bgi, lai k\u013c\u016btu emocion\u0101li veseli un piln\u012bgi Krist\u016b. Ja sp\u0113jam tikt gal\u0101 ar \u0161o vienu lietu \u2013 iepatikties pa\u0161i sev \u2013 m\u0113s piedz\u012bvosim br\u012bnumus, kas mums pal\u012bdz\u0113s p\u0101rvar\u0113t kaun\u0101 balst\u012bto dabu.<\/p>\n<p><strong>L\u016bg\u0161anas piem\u0113rs<\/strong><\/p>\n<p><em>\u201cSv\u0113tais Gars, pal\u012bdzi man no\u0161\u0137irt to, kas es \u201eesmu\u201d, no t\u0101, ko es \u201edaru\u201d. Es dr\u012bkstu pats sev patikt un piedz\u012bvot br\u012bv\u012bbu no kauna, jo Tu mani m\u012bli un nep\u0101rtraukti darbojies man\u0101 dz\u012bv\u0113.\u201d<\/em><\/p>\n","protected":false},"excerpt":{"rendered":"<p>\u201cT\u0101d\u0113\u013c, ja kas ir Krist\u016b, tas ir jauns rad\u012bjums; kas bijis, ir pag\u0101jis, redzi, viss ir tapis jauns.&#8221; \u2014 2. Korintie\u0161iem 5:17 Es esmu sav\u0101 dz\u012bv\u0113 pie\u013c\u0101vusi daudz k\u013c\u016bdu un esmu dro\u0161a, ka k\u013c\u016bd\u012b\u0161os ar\u012b turpm\u0101k, tom\u0113r es sev joproj\u0101m pat\u012bku. J\u0101, ne vienm\u0113r es visu izdaru pareizi, k\u0101 pien\u0101ktos, bet tas neietekm\u0113 to, kas&#8230;<\/p>\n","protected":false},"author":15,"featured_media":363,"parent":0,"menu_order":0,"comment_status":"closed","ping_status":"closed","template":"","class_list":["post-362","devotional","type-devotional","status-publish","has-post-thumbnail","hentry"],"acf":[],"appp":{"post_detail":{"above_title":"<div class=\"post-featured-wrap\"><img width=\"960\" height=\"540\" src=\"https:\/\/tv.joycemeyer.org\/latviesu\/wp-content\/uploads\/sites\/41\/2020\/12\/906.jpg\" class=\"post-featured wp-post-image\" alt=\"\" decoding=\"async\" srcset=\"https:\/\/tv.joycemeyer.org\/latviesu\/wp-content\/uploads\/sites\/41\/2020\/12\/906.jpg 960w, https:\/\/tv.joycemeyer.org\/latviesu\/wp-content\/uploads\/sites\/41\/2020\/12\/906-300x169.jpg 300w, https:\/\/tv.joycemeyer.org\/latviesu\/wp-content\/uploads\/sites\/41\/2020\/12\/906-768x432.jpg 768w, https:\/\/tv.joycemeyer.org\/latviesu\/wp-content\/uploads\/sites\/41\/2020\/12\/906-640x360.jpg 640w\" sizes=\"(max-width: 960px) 100vw, 960px\" \/><\/div>","below_content":""}},"yoast_head":"<!-- This site is optimized with the Yoast SEO plugin v27.4 - https:\/\/yoast.com\/product\/yoast-seo-wordpress\/ -->\n<title>No\u0161\u0137ir to, kas tu esi, no t\u0101, ko tu dari - Joyce Meyer Ministries - Latviesu<\/title>\n<meta name=\"robots\" content=\"index, follow, max-snippet:-1, max-image-preview:large, max-video-preview:-1\" \/>\n<link rel=\"canonical\" href=\"https:\/\/tv.joycemeyer.org\/latviesu\/devotional\/noskir-kas-tu-esi-no-ta-ko-tu-dari\/\" \/>\n<meta property=\"og:locale\" content=\"lv_LV\" \/>\n<meta property=\"og:type\" content=\"article\" \/>\n<meta property=\"og:title\" content=\"No\u0161\u0137ir to, kas tu esi, no t\u0101, ko tu dari - Joyce Meyer Ministries - Latviesu\" \/>\n<meta property=\"og:description\" content=\"\u201cT\u0101d\u0113\u013c, ja kas ir Krist\u016b, tas ir jauns rad\u012bjums; kas bijis, ir pag\u0101jis, redzi, viss ir tapis jauns.&#8221; \u2014 2. Korintie\u0161iem 5:17 Es esmu sav\u0101 dz\u012bv\u0113 pie\u013c\u0101vusi daudz k\u013c\u016bdu un esmu dro\u0161a, ka k\u013c\u016bd\u012b\u0161os ar\u012b turpm\u0101k, tom\u0113r es sev joproj\u0101m pat\u012bku. J\u0101, ne vienm\u0113r es visu izdaru pareizi, k\u0101 pien\u0101ktos, bet tas neietekm\u0113 to, kas...\" \/>\n<meta property=\"og:url\" content=\"https:\/\/tv.joycemeyer.org\/latviesu\/devotional\/noskir-kas-tu-esi-no-ta-ko-tu-dari\/\" \/>\n<meta property=\"og:site_name\" content=\"Joyce Meyer Ministries - Latviesu\" \/>\n<meta property=\"article:publisher\" content=\"https:\/\/www.facebook.com\/joycemeyerministrieslatvian\/\" \/>\n<meta property=\"article:modified_time\" content=\"2020-12-22T19:09:25+00:00\" \/>\n<meta property=\"og:image\" content=\"https:\/\/tv.joycemeyer.org\/latviesu\/wp-content\/uploads\/sites\/41\/2020\/12\/906.jpg\" \/>\n\t<meta property=\"og:image:width\" content=\"960\" \/>\n\t<meta property=\"og:image:height\" content=\"540\" \/>\n\t<meta property=\"og:image:type\" content=\"image\/jpeg\" \/>\n<meta name=\"twitter:card\" content=\"summary_large_image\" \/>\n<meta name=\"twitter:label1\" content=\"Est. reading time\" \/>\n\t<meta name=\"twitter:data1\" content=\"2 min\u016btes\" \/>\n<script type=\"application\/ld+json\" class=\"yoast-schema-graph\">{\"@context\":\"https:\\\/\\\/schema.org\",\"@graph\":[{\"@type\":\"WebPage\",\"@id\":\"https:\\\/\\\/tv.joycemeyer.org\\\/latviesu\\\/devotional\\\/noskir-kas-tu-esi-no-ta-ko-tu-dari\\\/\",\"url\":\"https:\\\/\\\/tv.joycemeyer.org\\\/latviesu\\\/devotional\\\/noskir-kas-tu-esi-no-ta-ko-tu-dari\\\/\",\"name\":\"No\u0161\u0137ir to, kas tu esi, no t\u0101, ko tu dari - Joyce Meyer Ministries - Latviesu\",\"isPartOf\":{\"@id\":\"https:\\\/\\\/tv.joycemeyer.org\\\/latviesu\\\/#website\"},\"primaryImageOfPage\":{\"@id\":\"https:\\\/\\\/tv.joycemeyer.org\\\/latviesu\\\/devotional\\\/noskir-kas-tu-esi-no-ta-ko-tu-dari\\\/#primaryimage\"},\"image\":{\"@id\":\"https:\\\/\\\/tv.joycemeyer.org\\\/latviesu\\\/devotional\\\/noskir-kas-tu-esi-no-ta-ko-tu-dari\\\/#primaryimage\"},\"thumbnailUrl\":\"https:\\\/\\\/tv.joycemeyer.org\\\/latviesu\\\/wp-content\\\/uploads\\\/sites\\\/41\\\/2020\\\/12\\\/906.jpg\",\"datePublished\":\"2020-12-19T19:08:36+00:00\",\"dateModified\":\"2020-12-22T19:09:25+00:00\",\"breadcrumb\":{\"@id\":\"https:\\\/\\\/tv.joycemeyer.org\\\/latviesu\\\/devotional\\\/noskir-kas-tu-esi-no-ta-ko-tu-dari\\\/#breadcrumb\"},\"inLanguage\":\"lv-LV\",\"potentialAction\":[{\"@type\":\"ReadAction\",\"target\":[\"https:\\\/\\\/tv.joycemeyer.org\\\/latviesu\\\/devotional\\\/noskir-kas-tu-esi-no-ta-ko-tu-dari\\\/\"]}]},{\"@type\":\"ImageObject\",\"inLanguage\":\"lv-LV\",\"@id\":\"https:\\\/\\\/tv.joycemeyer.org\\\/latviesu\\\/devotional\\\/noskir-kas-tu-esi-no-ta-ko-tu-dari\\\/#primaryimage\",\"url\":\"https:\\\/\\\/tv.joycemeyer.org\\\/latviesu\\\/wp-content\\\/uploads\\\/sites\\\/41\\\/2020\\\/12\\\/906.jpg\",\"contentUrl\":\"https:\\\/\\\/tv.joycemeyer.org\\\/latviesu\\\/wp-content\\\/uploads\\\/sites\\\/41\\\/2020\\\/12\\\/906.jpg\",\"width\":960,\"height\":540,\"caption\":\"No\u0161\u0137ir to, kas tu esi, no t\u0101, ko tu dari\"},{\"@type\":\"BreadcrumbList\",\"@id\":\"https:\\\/\\\/tv.joycemeyer.org\\\/latviesu\\\/devotional\\\/noskir-kas-tu-esi-no-ta-ko-tu-dari\\\/#breadcrumb\",\"itemListElement\":[{\"@type\":\"ListItem\",\"position\":1,\"name\":\"Home\",\"item\":\"https:\\\/\\\/tv.joycemeyer.org\\\/latviesu\\\/\"},{\"@type\":\"ListItem\",\"position\":2,\"name\":\"Devotional\",\"item\":\"https:\\\/\\\/tv.joycemeyer.org\\\/latviesu\\\/devotional\\\/\"},{\"@type\":\"ListItem\",\"position\":3,\"name\":\"No\u0161\u0137ir to, kas tu esi, no t\u0101, ko tu dari\"}]},{\"@type\":\"WebSite\",\"@id\":\"https:\\\/\\\/tv.joycemeyer.org\\\/latviesu\\\/#website\",\"url\":\"https:\\\/\\\/tv.joycemeyer.org\\\/latviesu\\\/\",\"name\":\"Joyce Meyer Ministries - Latviesu\",\"description\":\"Sludin\u0101m Kristu \u2013 M\u012blam Cilv\u0113kus\",\"potentialAction\":[{\"@type\":\"SearchAction\",\"target\":{\"@type\":\"EntryPoint\",\"urlTemplate\":\"https:\\\/\\\/tv.joycemeyer.org\\\/latviesu\\\/?s={search_term_string}\"},\"query-input\":{\"@type\":\"PropertyValueSpecification\",\"valueRequired\":true,\"valueName\":\"search_term_string\"}}],\"inLanguage\":\"lv-LV\"}]}<\/script>\n<!-- \/ Yoast SEO plugin. -->","yoast_head_json":{"title":"No\u0161\u0137ir to, kas tu esi, no t\u0101, ko tu dari - Joyce Meyer Ministries - Latviesu","robots":{"index":"index","follow":"follow","max-snippet":"max-snippet:-1","max-image-preview":"max-image-preview:large","max-video-preview":"max-video-preview:-1"},"canonical":"https:\/\/tv.joycemeyer.org\/latviesu\/devotional\/noskir-kas-tu-esi-no-ta-ko-tu-dari\/","og_locale":"lv_LV","og_type":"article","og_title":"No\u0161\u0137ir to, kas tu esi, no t\u0101, ko tu dari - Joyce Meyer Ministries - Latviesu","og_description":"\u201cT\u0101d\u0113\u013c, ja kas ir Krist\u016b, tas ir jauns rad\u012bjums; kas bijis, ir pag\u0101jis, redzi, viss ir tapis jauns.&#8221; \u2014 2. Korintie\u0161iem 5:17 Es esmu sav\u0101 dz\u012bv\u0113 pie\u013c\u0101vusi daudz k\u013c\u016bdu un esmu dro\u0161a, ka k\u013c\u016bd\u012b\u0161os ar\u012b turpm\u0101k, tom\u0113r es sev joproj\u0101m pat\u012bku. J\u0101, ne vienm\u0113r es visu izdaru pareizi, k\u0101 pien\u0101ktos, bet tas neietekm\u0113 to, kas...","og_url":"https:\/\/tv.joycemeyer.org\/latviesu\/devotional\/noskir-kas-tu-esi-no-ta-ko-tu-dari\/","og_site_name":"Joyce Meyer Ministries - Latviesu","article_publisher":"https:\/\/www.facebook.com\/joycemeyerministrieslatvian\/","article_modified_time":"2020-12-22T19:09:25+00:00","og_image":[{"width":960,"height":540,"url":"https:\/\/tv.joycemeyer.org\/latviesu\/wp-content\/uploads\/sites\/41\/2020\/12\/906.jpg","type":"image\/jpeg"}],"twitter_card":"summary_large_image","twitter_misc":{"Est. reading time":"2 min\u016btes"},"schema":{"@context":"https:\/\/schema.org","@graph":[{"@type":"WebPage","@id":"https:\/\/tv.joycemeyer.org\/latviesu\/devotional\/noskir-kas-tu-esi-no-ta-ko-tu-dari\/","url":"https:\/\/tv.joycemeyer.org\/latviesu\/devotional\/noskir-kas-tu-esi-no-ta-ko-tu-dari\/","name":"No\u0161\u0137ir to, kas tu esi, no t\u0101, ko tu dari - Joyce Meyer Ministries - Latviesu","isPartOf":{"@id":"https:\/\/tv.joycemeyer.org\/latviesu\/#website"},"primaryImageOfPage":{"@id":"https:\/\/tv.joycemeyer.org\/latviesu\/devotional\/noskir-kas-tu-esi-no-ta-ko-tu-dari\/#primaryimage"},"image":{"@id":"https:\/\/tv.joycemeyer.org\/latviesu\/devotional\/noskir-kas-tu-esi-no-ta-ko-tu-dari\/#primaryimage"},"thumbnailUrl":"https:\/\/tv.joycemeyer.org\/latviesu\/wp-content\/uploads\/sites\/41\/2020\/12\/906.jpg","datePublished":"2020-12-19T19:08:36+00:00","dateModified":"2020-12-22T19:09:25+00:00","breadcrumb":{"@id":"https:\/\/tv.joycemeyer.org\/latviesu\/devotional\/noskir-kas-tu-esi-no-ta-ko-tu-dari\/#breadcrumb"},"inLanguage":"lv-LV","potentialAction":[{"@type":"ReadAction","target":["https:\/\/tv.joycemeyer.org\/latviesu\/devotional\/noskir-kas-tu-esi-no-ta-ko-tu-dari\/"]}]},{"@type":"ImageObject","inLanguage":"lv-LV","@id":"https:\/\/tv.joycemeyer.org\/latviesu\/devotional\/noskir-kas-tu-esi-no-ta-ko-tu-dari\/#primaryimage","url":"https:\/\/tv.joycemeyer.org\/latviesu\/wp-content\/uploads\/sites\/41\/2020\/12\/906.jpg","contentUrl":"https:\/\/tv.joycemeyer.org\/latviesu\/wp-content\/uploads\/sites\/41\/2020\/12\/906.jpg","width":960,"height":540,"caption":"No\u0161\u0137ir to, kas tu esi, no t\u0101, ko tu dari"},{"@type":"BreadcrumbList","@id":"https:\/\/tv.joycemeyer.org\/latviesu\/devotional\/noskir-kas-tu-esi-no-ta-ko-tu-dari\/#breadcrumb","itemListElement":[{"@type":"ListItem","position":1,"name":"Home","item":"https:\/\/tv.joycemeyer.org\/latviesu\/"},{"@type":"ListItem","position":2,"name":"Devotional","item":"https:\/\/tv.joycemeyer.org\/latviesu\/devotional\/"},{"@type":"ListItem","position":3,"name":"No\u0161\u0137ir to, kas tu esi, no t\u0101, ko tu dari"}]},{"@type":"WebSite","@id":"https:\/\/tv.joycemeyer.org\/latviesu\/#website","url":"https:\/\/tv.joycemeyer.org\/latviesu\/","name":"Joyce Meyer Ministries - Latviesu","description":"Sludin\u0101m Kristu \u2013 M\u012blam Cilv\u0113kus","potentialAction":[{"@type":"SearchAction","target":{"@type":"EntryPoint","urlTemplate":"https:\/\/tv.joycemeyer.org\/latviesu\/?s={search_term_string}"},"query-input":{"@type":"PropertyValueSpecification","valueRequired":true,"valueName":"search_term_string"}}],"inLanguage":"lv-LV"}]}},"_links":{"self":[{"href":"https:\/\/tv.joycemeyer.org\/latviesu\/wp-json\/wp\/v2\/devotional\/362","targetHints":{"allow":["GET"]}}],"collection":[{"href":"https:\/\/tv.joycemeyer.org\/latviesu\/wp-json\/wp\/v2\/devotional"}],"about":[{"href":"https:\/\/tv.joycemeyer.org\/latviesu\/wp-json\/wp\/v2\/types\/devotional"}],"author":[{"embeddable":true,"href":"https:\/\/tv.joycemeyer.org\/latviesu\/wp-json\/wp\/v2\/users\/15"}],"replies":[{"embeddable":true,"href":"https:\/\/tv.joycemeyer.org\/latviesu\/wp-json\/wp\/v2\/comments?post=362"}],"wp:featuredmedia":[{"embeddable":true,"href":"https:\/\/tv.joycemeyer.org\/latviesu\/wp-json\/wp\/v2\/media\/363"}],"wp:attachment":[{"href":"https:\/\/tv.joycemeyer.org\/latviesu\/wp-json\/wp\/v2\/media?parent=362"}],"curies":[{"name":"wp","href":"https:\/\/api.w.org\/{rel}","templated":true}]}}