{"id":514,"date":"2021-03-06T20:17:02","date_gmt":"2021-03-06T20:17:02","guid":{"rendered":"https:\/\/tv.joycemeyer.org\/latviesu\/?post_type=devotional&#038;p=514"},"modified":"2021-03-08T20:17:57","modified_gmt":"2021-03-08T20:17:57","slug":"uzvarot-tuksnesa-dabu-sevi","status":"publish","type":"devotional","link":"https:\/\/tv.joycemeyer.org\/latviesu\/devotional\/uzvarot-tuksnesa-dabu-sevi\/","title":{"rendered":"Uzvarot tuksne\u0161a dabu sev\u012b"},"content":{"rendered":"<p><strong>\u201cTas Kungs, m\u016bsu Dievs, run\u0101ja uz mums pie Horeba, teikdams: j\u016bs pietiekami ilgi esat mitu\u0161i pie \u0161\u012b kalna.\u201d \u2014 5. Mozus 1:6<\/strong><\/p>\n<p>Izra\u0113lie\u0161i mald\u012bj\u0101s pa tuksnesi \u010detrdesmit gadus, lai noietu att\u0101lumu, kas paties\u012bb\u0101 aiz\u0146emtu vien vienpadsmit dienas. K\u0101p\u0113c t\u0101?<\/p>\n<p>Reiz, kad par to pr\u0101toju, Tas Kungs man teica \u2013 \u201cIzra\u0113lie\u0161i netika uz priek\u0161u, jo vi\u0146os bija tuksne\u0161a mentalit\u0101te.\u201d Izra\u0113las tautas skats uz savu dz\u012bvi bija pilns negat\u012bvisma; vi\u0146iem nebija cer\u012bbas, nebija sap\u0146u. Bija svar\u012bgi atbr\u012bvoties no \u0161\u0101das dom\u0101\u0161anas un uztic\u0113ties Dievam.<\/p>\n<p>Mums nevajadz\u0113tu ar sa\u0161utumu raudz\u012bties uz izra\u0113lie\u0161iem, jo vairums no mums r\u012bkojas t\u0101pat. M\u0113s m\u0113dzam ri\u0146\u0137ot ap vieniem un tiem pa\u0161iem kalniem, lai ar\u012b sen jau bija laiks g\u016bt nepiecie\u0161am\u0101s m\u0101c\u012bbas; paiet gadi, l\u012bdz g\u016bstam uzvaru p\u0101r kaut ko t\u0101du, ko var\u0113j\u0101m atrisin\u0101t \u012bs\u0101 laika spr\u012bd\u012b.<\/p>\n<p>Mums vajadz\u012bgs jauns dom\u0101\u0161anas veids. Mums j\u0101s\u0101k tic\u0113t, ka Dieva V\u0101rds ir patiess. Mateja 19:26 teikts, ka ar Dievu viss ir iesp\u0113jams. Vi\u0146am vajadz\u012bga vien m\u016bsu tic\u012bba. Vi\u0146\u0161 sagaida, ka m\u0113s tic\u0113sim, un Vi\u0146\u0161 pats paveiks p\u0101r\u0113jo.<\/p>\n<p>\u0160odien Tas Kungs tev un man saka to pa\u0161u, ko Izra\u0113la b\u0113rniem \u2013 J\u016bs pietiekami ilgi esat mitu\u0161i pie \u0161\u012b kalna. Ir laiks doties uz priek\u0161u!<\/p>\n<p><strong>L\u016bg\u0161anas piem\u0113rs<\/strong><\/p>\n<p><em>\u201cDievs, esmu pavad\u012bjis pietiekami daudz laika, ri\u0146\u0137ojot ap vieniem un tiem pa\u0161iem kalniem sav\u0101 dz\u012bv\u0113. Es zinu, ka kop\u0101 ar Tevi varu iet uz priek\u0161u, t\u0101p\u0113c uzticos Tev un atlai\u017eu savu tuksne\u0161a mentalit\u0101ti!\u201d<\/em><\/p>\n","protected":false},"excerpt":{"rendered":"<p>\u201cTas Kungs, m\u016bsu Dievs, run\u0101ja uz mums pie Horeba, teikdams: j\u016bs pietiekami ilgi esat mitu\u0161i pie \u0161\u012b kalna.\u201d \u2014 5. Mozus 1:6 Izra\u0113lie\u0161i mald\u012bj\u0101s pa tuksnesi \u010detrdesmit gadus, lai noietu att\u0101lumu, kas paties\u012bb\u0101 aiz\u0146emtu vien vienpadsmit dienas. K\u0101p\u0113c t\u0101? Reiz, kad par to pr\u0101toju, Tas Kungs man teica \u2013 \u201cIzra\u0113lie\u0161i netika uz priek\u0161u, jo vi\u0146os&#8230;<\/p>\n","protected":false},"author":15,"featured_media":515,"parent":0,"menu_order":0,"comment_status":"closed","ping_status":"closed","template":"","class_list":["post-514","devotional","type-devotional","status-publish","has-post-thumbnail","hentry"],"acf":[],"appp":{"post_detail":{"above_title":"<div class=\"post-featured-wrap\"><img width=\"960\" height=\"540\" src=\"https:\/\/tv.joycemeyer.org\/latviesu\/wp-content\/uploads\/sites\/41\/2021\/03\/1338.jpg\" class=\"post-featured wp-post-image\" alt=\"\" decoding=\"async\" srcset=\"https:\/\/tv.joycemeyer.org\/latviesu\/wp-content\/uploads\/sites\/41\/2021\/03\/1338.jpg 960w, https:\/\/tv.joycemeyer.org\/latviesu\/wp-content\/uploads\/sites\/41\/2021\/03\/1338-300x169.jpg 300w, https:\/\/tv.joycemeyer.org\/latviesu\/wp-content\/uploads\/sites\/41\/2021\/03\/1338-768x432.jpg 768w, https:\/\/tv.joycemeyer.org\/latviesu\/wp-content\/uploads\/sites\/41\/2021\/03\/1338-640x360.jpg 640w\" sizes=\"(max-width: 960px) 100vw, 960px\" \/><\/div>","below_content":""}},"yoast_head":"<!-- This site is optimized with the Yoast SEO plugin v27.4 - https:\/\/yoast.com\/product\/yoast-seo-wordpress\/ -->\n<title>Uzvarot tuksne\u0161a dabu sev\u012b - Joyce Meyer Ministries - Latviesu<\/title>\n<meta name=\"robots\" content=\"index, follow, max-snippet:-1, max-image-preview:large, max-video-preview:-1\" \/>\n<link rel=\"canonical\" href=\"https:\/\/tv.joycemeyer.org\/latviesu\/devotional\/uzvarot-tuksnesa-dabu-sevi\/\" \/>\n<meta property=\"og:locale\" content=\"lv_LV\" \/>\n<meta property=\"og:type\" content=\"article\" \/>\n<meta property=\"og:title\" content=\"Uzvarot tuksne\u0161a dabu sev\u012b - Joyce Meyer Ministries - Latviesu\" \/>\n<meta property=\"og:description\" content=\"\u201cTas Kungs, m\u016bsu Dievs, run\u0101ja uz mums pie Horeba, teikdams: j\u016bs pietiekami ilgi esat mitu\u0161i pie \u0161\u012b kalna.\u201d \u2014 5. Mozus 1:6 Izra\u0113lie\u0161i mald\u012bj\u0101s pa tuksnesi \u010detrdesmit gadus, lai noietu att\u0101lumu, kas paties\u012bb\u0101 aiz\u0146emtu vien vienpadsmit dienas. K\u0101p\u0113c t\u0101? Reiz, kad par to pr\u0101toju, Tas Kungs man teica \u2013 \u201cIzra\u0113lie\u0161i netika uz priek\u0161u, jo vi\u0146os...\" \/>\n<meta property=\"og:url\" content=\"https:\/\/tv.joycemeyer.org\/latviesu\/devotional\/uzvarot-tuksnesa-dabu-sevi\/\" \/>\n<meta property=\"og:site_name\" content=\"Joyce Meyer Ministries - Latviesu\" \/>\n<meta property=\"article:publisher\" content=\"https:\/\/www.facebook.com\/joycemeyerministrieslatvian\/\" \/>\n<meta property=\"article:modified_time\" content=\"2021-03-08T20:17:57+00:00\" \/>\n<meta property=\"og:image\" content=\"https:\/\/tv.joycemeyer.org\/latviesu\/wp-content\/uploads\/sites\/41\/2021\/03\/1338.jpg\" \/>\n\t<meta property=\"og:image:width\" content=\"960\" \/>\n\t<meta property=\"og:image:height\" content=\"540\" \/>\n\t<meta property=\"og:image:type\" content=\"image\/jpeg\" \/>\n<meta name=\"twitter:card\" content=\"summary_large_image\" \/>\n<meta name=\"twitter:label1\" content=\"Est. reading time\" \/>\n\t<meta name=\"twitter:data1\" content=\"2 min\u016btes\" \/>\n<script type=\"application\/ld+json\" class=\"yoast-schema-graph\">{\"@context\":\"https:\\\/\\\/schema.org\",\"@graph\":[{\"@type\":\"WebPage\",\"@id\":\"https:\\\/\\\/tv.joycemeyer.org\\\/latviesu\\\/devotional\\\/uzvarot-tuksnesa-dabu-sevi\\\/\",\"url\":\"https:\\\/\\\/tv.joycemeyer.org\\\/latviesu\\\/devotional\\\/uzvarot-tuksnesa-dabu-sevi\\\/\",\"name\":\"Uzvarot tuksne\u0161a dabu sev\u012b - Joyce Meyer Ministries - Latviesu\",\"isPartOf\":{\"@id\":\"https:\\\/\\\/tv.joycemeyer.org\\\/latviesu\\\/#website\"},\"primaryImageOfPage\":{\"@id\":\"https:\\\/\\\/tv.joycemeyer.org\\\/latviesu\\\/devotional\\\/uzvarot-tuksnesa-dabu-sevi\\\/#primaryimage\"},\"image\":{\"@id\":\"https:\\\/\\\/tv.joycemeyer.org\\\/latviesu\\\/devotional\\\/uzvarot-tuksnesa-dabu-sevi\\\/#primaryimage\"},\"thumbnailUrl\":\"https:\\\/\\\/tv.joycemeyer.org\\\/latviesu\\\/wp-content\\\/uploads\\\/sites\\\/41\\\/2021\\\/03\\\/1338.jpg\",\"datePublished\":\"2021-03-06T20:17:02+00:00\",\"dateModified\":\"2021-03-08T20:17:57+00:00\",\"breadcrumb\":{\"@id\":\"https:\\\/\\\/tv.joycemeyer.org\\\/latviesu\\\/devotional\\\/uzvarot-tuksnesa-dabu-sevi\\\/#breadcrumb\"},\"inLanguage\":\"lv-LV\",\"potentialAction\":[{\"@type\":\"ReadAction\",\"target\":[\"https:\\\/\\\/tv.joycemeyer.org\\\/latviesu\\\/devotional\\\/uzvarot-tuksnesa-dabu-sevi\\\/\"]}]},{\"@type\":\"ImageObject\",\"inLanguage\":\"lv-LV\",\"@id\":\"https:\\\/\\\/tv.joycemeyer.org\\\/latviesu\\\/devotional\\\/uzvarot-tuksnesa-dabu-sevi\\\/#primaryimage\",\"url\":\"https:\\\/\\\/tv.joycemeyer.org\\\/latviesu\\\/wp-content\\\/uploads\\\/sites\\\/41\\\/2021\\\/03\\\/1338.jpg\",\"contentUrl\":\"https:\\\/\\\/tv.joycemeyer.org\\\/latviesu\\\/wp-content\\\/uploads\\\/sites\\\/41\\\/2021\\\/03\\\/1338.jpg\",\"width\":960,\"height\":540,\"caption\":\"Uzvarot tuksne\u0161a dabu sev\u012b\"},{\"@type\":\"BreadcrumbList\",\"@id\":\"https:\\\/\\\/tv.joycemeyer.org\\\/latviesu\\\/devotional\\\/uzvarot-tuksnesa-dabu-sevi\\\/#breadcrumb\",\"itemListElement\":[{\"@type\":\"ListItem\",\"position\":1,\"name\":\"Home\",\"item\":\"https:\\\/\\\/tv.joycemeyer.org\\\/latviesu\\\/\"},{\"@type\":\"ListItem\",\"position\":2,\"name\":\"Devotional\",\"item\":\"https:\\\/\\\/tv.joycemeyer.org\\\/latviesu\\\/devotional\\\/\"},{\"@type\":\"ListItem\",\"position\":3,\"name\":\"Uzvarot tuksne\u0161a dabu sev\u012b\"}]},{\"@type\":\"WebSite\",\"@id\":\"https:\\\/\\\/tv.joycemeyer.org\\\/latviesu\\\/#website\",\"url\":\"https:\\\/\\\/tv.joycemeyer.org\\\/latviesu\\\/\",\"name\":\"Joyce Meyer Ministries - Latviesu\",\"description\":\"Sludin\u0101m Kristu \u2013 M\u012blam Cilv\u0113kus\",\"potentialAction\":[{\"@type\":\"SearchAction\",\"target\":{\"@type\":\"EntryPoint\",\"urlTemplate\":\"https:\\\/\\\/tv.joycemeyer.org\\\/latviesu\\\/?s={search_term_string}\"},\"query-input\":{\"@type\":\"PropertyValueSpecification\",\"valueRequired\":true,\"valueName\":\"search_term_string\"}}],\"inLanguage\":\"lv-LV\"}]}<\/script>\n<!-- \/ Yoast SEO plugin. -->","yoast_head_json":{"title":"Uzvarot tuksne\u0161a dabu sev\u012b - Joyce Meyer Ministries - Latviesu","robots":{"index":"index","follow":"follow","max-snippet":"max-snippet:-1","max-image-preview":"max-image-preview:large","max-video-preview":"max-video-preview:-1"},"canonical":"https:\/\/tv.joycemeyer.org\/latviesu\/devotional\/uzvarot-tuksnesa-dabu-sevi\/","og_locale":"lv_LV","og_type":"article","og_title":"Uzvarot tuksne\u0161a dabu sev\u012b - Joyce Meyer Ministries - Latviesu","og_description":"\u201cTas Kungs, m\u016bsu Dievs, run\u0101ja uz mums pie Horeba, teikdams: j\u016bs pietiekami ilgi esat mitu\u0161i pie \u0161\u012b kalna.\u201d \u2014 5. Mozus 1:6 Izra\u0113lie\u0161i mald\u012bj\u0101s pa tuksnesi \u010detrdesmit gadus, lai noietu att\u0101lumu, kas paties\u012bb\u0101 aiz\u0146emtu vien vienpadsmit dienas. K\u0101p\u0113c t\u0101? Reiz, kad par to pr\u0101toju, Tas Kungs man teica \u2013 \u201cIzra\u0113lie\u0161i netika uz priek\u0161u, jo vi\u0146os...","og_url":"https:\/\/tv.joycemeyer.org\/latviesu\/devotional\/uzvarot-tuksnesa-dabu-sevi\/","og_site_name":"Joyce Meyer Ministries - Latviesu","article_publisher":"https:\/\/www.facebook.com\/joycemeyerministrieslatvian\/","article_modified_time":"2021-03-08T20:17:57+00:00","og_image":[{"width":960,"height":540,"url":"https:\/\/tv.joycemeyer.org\/latviesu\/wp-content\/uploads\/sites\/41\/2021\/03\/1338.jpg","type":"image\/jpeg"}],"twitter_card":"summary_large_image","twitter_misc":{"Est. reading time":"2 min\u016btes"},"schema":{"@context":"https:\/\/schema.org","@graph":[{"@type":"WebPage","@id":"https:\/\/tv.joycemeyer.org\/latviesu\/devotional\/uzvarot-tuksnesa-dabu-sevi\/","url":"https:\/\/tv.joycemeyer.org\/latviesu\/devotional\/uzvarot-tuksnesa-dabu-sevi\/","name":"Uzvarot tuksne\u0161a dabu sev\u012b - Joyce Meyer Ministries - Latviesu","isPartOf":{"@id":"https:\/\/tv.joycemeyer.org\/latviesu\/#website"},"primaryImageOfPage":{"@id":"https:\/\/tv.joycemeyer.org\/latviesu\/devotional\/uzvarot-tuksnesa-dabu-sevi\/#primaryimage"},"image":{"@id":"https:\/\/tv.joycemeyer.org\/latviesu\/devotional\/uzvarot-tuksnesa-dabu-sevi\/#primaryimage"},"thumbnailUrl":"https:\/\/tv.joycemeyer.org\/latviesu\/wp-content\/uploads\/sites\/41\/2021\/03\/1338.jpg","datePublished":"2021-03-06T20:17:02+00:00","dateModified":"2021-03-08T20:17:57+00:00","breadcrumb":{"@id":"https:\/\/tv.joycemeyer.org\/latviesu\/devotional\/uzvarot-tuksnesa-dabu-sevi\/#breadcrumb"},"inLanguage":"lv-LV","potentialAction":[{"@type":"ReadAction","target":["https:\/\/tv.joycemeyer.org\/latviesu\/devotional\/uzvarot-tuksnesa-dabu-sevi\/"]}]},{"@type":"ImageObject","inLanguage":"lv-LV","@id":"https:\/\/tv.joycemeyer.org\/latviesu\/devotional\/uzvarot-tuksnesa-dabu-sevi\/#primaryimage","url":"https:\/\/tv.joycemeyer.org\/latviesu\/wp-content\/uploads\/sites\/41\/2021\/03\/1338.jpg","contentUrl":"https:\/\/tv.joycemeyer.org\/latviesu\/wp-content\/uploads\/sites\/41\/2021\/03\/1338.jpg","width":960,"height":540,"caption":"Uzvarot tuksne\u0161a dabu sev\u012b"},{"@type":"BreadcrumbList","@id":"https:\/\/tv.joycemeyer.org\/latviesu\/devotional\/uzvarot-tuksnesa-dabu-sevi\/#breadcrumb","itemListElement":[{"@type":"ListItem","position":1,"name":"Home","item":"https:\/\/tv.joycemeyer.org\/latviesu\/"},{"@type":"ListItem","position":2,"name":"Devotional","item":"https:\/\/tv.joycemeyer.org\/latviesu\/devotional\/"},{"@type":"ListItem","position":3,"name":"Uzvarot tuksne\u0161a dabu sev\u012b"}]},{"@type":"WebSite","@id":"https:\/\/tv.joycemeyer.org\/latviesu\/#website","url":"https:\/\/tv.joycemeyer.org\/latviesu\/","name":"Joyce Meyer Ministries - Latviesu","description":"Sludin\u0101m Kristu \u2013 M\u012blam Cilv\u0113kus","potentialAction":[{"@type":"SearchAction","target":{"@type":"EntryPoint","urlTemplate":"https:\/\/tv.joycemeyer.org\/latviesu\/?s={search_term_string}"},"query-input":{"@type":"PropertyValueSpecification","valueRequired":true,"valueName":"search_term_string"}}],"inLanguage":"lv-LV"}]}},"_links":{"self":[{"href":"https:\/\/tv.joycemeyer.org\/latviesu\/wp-json\/wp\/v2\/devotional\/514","targetHints":{"allow":["GET"]}}],"collection":[{"href":"https:\/\/tv.joycemeyer.org\/latviesu\/wp-json\/wp\/v2\/devotional"}],"about":[{"href":"https:\/\/tv.joycemeyer.org\/latviesu\/wp-json\/wp\/v2\/types\/devotional"}],"author":[{"embeddable":true,"href":"https:\/\/tv.joycemeyer.org\/latviesu\/wp-json\/wp\/v2\/users\/15"}],"replies":[{"embeddable":true,"href":"https:\/\/tv.joycemeyer.org\/latviesu\/wp-json\/wp\/v2\/comments?post=514"}],"wp:featuredmedia":[{"embeddable":true,"href":"https:\/\/tv.joycemeyer.org\/latviesu\/wp-json\/wp\/v2\/media\/515"}],"wp:attachment":[{"href":"https:\/\/tv.joycemeyer.org\/latviesu\/wp-json\/wp\/v2\/media?parent=514"}],"curies":[{"name":"wp","href":"https:\/\/api.w.org\/{rel}","templated":true}]}}