{"id":611,"date":"2021-04-17T19:19:33","date_gmt":"2021-04-17T19:19:33","guid":{"rendered":"https:\/\/tv.joycemeyer.org\/latviesu\/?post_type=devotional&#038;p=611"},"modified":"2021-04-19T19:20:22","modified_gmt":"2021-04-19T19:20:22","slug":"runa-uz-kalniem-dieva-vardu","status":"publish","type":"devotional","link":"https:\/\/tv.joycemeyer.org\/latviesu\/devotional\/runa-uz-kalniem-dieva-vardu\/","title":{"rendered":"Run\u0101 uz kalniem Dieva V\u0101rdu"},"content":{"rendered":"<p><strong>\u201cJo patiesi Es jums saku: ja kas \u0161im kalnam sac\u012bs: celies un meties j\u016br\u0101! \u2013 un ne\u0161aub\u012bsies sav\u0101 sird\u012b, bet tic\u0113s, ka notiks, ko vi\u0146\u0161 saka, tad vi\u0146am tas notiks.&#8221; \u2014 Marka 11:23<\/strong><\/p>\n<p>Sakot, ka m\u0113s varam run\u0101t uz kalnu, pav\u0113lot tam pacelties un mesties j\u016br\u0101, J\u0113zus pasaka ko pavisam radik\u0101lu.<\/p>\n<p>Redziet, m\u0113s bie\u017ei m\u0113dzam run\u0101t par \u201ckalniem\u201d jeb savas dz\u012bves izaicin\u0101jumiem, bet Dieva V\u0101rds m\u016bs mudina run\u0101t uz tiem. To darot, mums j\u0101past\u0101v Dieva V\u0101rd\u0101.<\/p>\n<p>L\u016bkas eva\u0146\u0123\u0113lija 4. noda\u013c\u0101, kur s\u0101tans tuksnes\u012b m\u0113\u0123in\u0101ja k\u0101rdin\u0101t J\u0113zu, m\u016bsu Kungs uz katru no velna vilt\u012bb\u0101m atbild\u0113ja ar Rakstu cit\u0101tiem. Vi\u0146\u0161 atkal un atkal cit\u0113ja rakstuvietas, kas t\u016bl\u012bt aptur\u0113ja velna melus un vilt\u012bbu.<\/p>\n<p>Diem\u017e\u0113l, lai ar\u012b k\u0101d\u0101 dz\u012bves posm\u0101 ies\u0101kam to dar\u012bt, neredzot \u0101trus rezult\u0101tus, m\u0113s m\u0113dzam padoties, un t\u0101 viet\u0101, lai uz sav\u0101m probl\u0113m\u0101m run\u0101tu Dieva V\u0101rdu, m\u0113s atkal s\u0101kam run\u0101t par sav\u0101m saj\u016bt\u0101m. Past\u0101v\u012bba ir galven\u0101s durvis, kas ved uz uzvaru.<\/p>\n<p>Lai p\u0101rvar\u0113tu probl\u0113mas un nepat\u012bkamos dz\u012bves br\u012b\u017eus, nemit\u012bga V\u0101rda izrun\u0101\u0161ana ir \u013coti sp\u0113c\u012bgs un absol\u016bti nepiecie\u0161ams ierocis. Zini, kam tu tici, un ap\u0146emies pie t\u0101 palikt l\u012bdz pa\u0161\u0101m beig\u0101m!<\/p>\n<p><strong>L\u016bg\u0161anas piem\u0113rs<\/strong><\/p>\n<p><em>\u201cSv\u0113tais Gars, atg\u0101dini man katru dienu uz savas dz\u012bves kalniem run\u0101t Tavu V\u0101rdu. Ikreiz, kad s\u0101ku s\u016bdz\u0113ties un kr\u012btu izmisum\u0101, pamudini mani drosm\u012bgi un ar p\u0101rliec\u012bbu izrun\u0101t Tavu V\u0101rdu un p\u0101rcelt kalnus!\u201d<\/em><\/p>\n","protected":false},"excerpt":{"rendered":"<p>\u201cJo patiesi Es jums saku: ja kas \u0161im kalnam sac\u012bs: celies un meties j\u016br\u0101! \u2013 un ne\u0161aub\u012bsies sav\u0101 sird\u012b, bet tic\u0113s, ka notiks, ko vi\u0146\u0161 saka, tad vi\u0146am tas notiks.&#8221; \u2014 Marka 11:23 Sakot, ka m\u0113s varam run\u0101t uz kalnu, pav\u0113lot tam pacelties un mesties j\u016br\u0101, J\u0113zus pasaka ko pavisam radik\u0101lu. Redziet, m\u0113s bie\u017ei m\u0113dzam&#8230;<\/p>\n","protected":false},"author":15,"featured_media":612,"parent":0,"menu_order":0,"comment_status":"closed","ping_status":"closed","template":"","class_list":["post-611","devotional","type-devotional","status-publish","has-post-thumbnail","hentry"],"acf":[],"appp":{"post_detail":{"above_title":"<div class=\"post-featured-wrap\"><img width=\"960\" height=\"540\" src=\"https:\/\/tv.joycemeyer.org\/latviesu\/wp-content\/uploads\/sites\/41\/2021\/04\/1431.jpg\" class=\"post-featured wp-post-image\" alt=\"\" decoding=\"async\" srcset=\"https:\/\/tv.joycemeyer.org\/latviesu\/wp-content\/uploads\/sites\/41\/2021\/04\/1431.jpg 960w, https:\/\/tv.joycemeyer.org\/latviesu\/wp-content\/uploads\/sites\/41\/2021\/04\/1431-300x169.jpg 300w, https:\/\/tv.joycemeyer.org\/latviesu\/wp-content\/uploads\/sites\/41\/2021\/04\/1431-768x432.jpg 768w, https:\/\/tv.joycemeyer.org\/latviesu\/wp-content\/uploads\/sites\/41\/2021\/04\/1431-640x360.jpg 640w\" sizes=\"(max-width: 960px) 100vw, 960px\" \/><\/div>","below_content":""}},"yoast_head":"<!-- This site is optimized with the Yoast SEO plugin v27.4 - https:\/\/yoast.com\/product\/yoast-seo-wordpress\/ -->\n<title>Run\u0101 uz kalniem Dieva V\u0101rdu - Joyce Meyer Ministries - Latviesu<\/title>\n<meta name=\"robots\" content=\"index, follow, max-snippet:-1, max-image-preview:large, max-video-preview:-1\" \/>\n<link rel=\"canonical\" href=\"https:\/\/tv.joycemeyer.org\/latviesu\/devotional\/runa-uz-kalniem-dieva-vardu\/\" \/>\n<meta property=\"og:locale\" content=\"lv_LV\" \/>\n<meta property=\"og:type\" content=\"article\" \/>\n<meta property=\"og:title\" content=\"Run\u0101 uz kalniem Dieva V\u0101rdu - Joyce Meyer Ministries - Latviesu\" \/>\n<meta property=\"og:description\" content=\"\u201cJo patiesi Es jums saku: ja kas \u0161im kalnam sac\u012bs: celies un meties j\u016br\u0101! \u2013 un ne\u0161aub\u012bsies sav\u0101 sird\u012b, bet tic\u0113s, ka notiks, ko vi\u0146\u0161 saka, tad vi\u0146am tas notiks.&#8221; \u2014 Marka 11:23 Sakot, ka m\u0113s varam run\u0101t uz kalnu, pav\u0113lot tam pacelties un mesties j\u016br\u0101, J\u0113zus pasaka ko pavisam radik\u0101lu. Redziet, m\u0113s bie\u017ei m\u0113dzam...\" \/>\n<meta property=\"og:url\" content=\"https:\/\/tv.joycemeyer.org\/latviesu\/devotional\/runa-uz-kalniem-dieva-vardu\/\" \/>\n<meta property=\"og:site_name\" content=\"Joyce Meyer Ministries - Latviesu\" \/>\n<meta property=\"article:publisher\" content=\"https:\/\/www.facebook.com\/joycemeyerministrieslatvian\/\" \/>\n<meta property=\"article:modified_time\" content=\"2021-04-19T19:20:22+00:00\" \/>\n<meta property=\"og:image\" content=\"https:\/\/tv.joycemeyer.org\/latviesu\/wp-content\/uploads\/sites\/41\/2021\/04\/1431.jpg\" \/>\n\t<meta property=\"og:image:width\" content=\"960\" \/>\n\t<meta property=\"og:image:height\" content=\"540\" \/>\n\t<meta property=\"og:image:type\" content=\"image\/jpeg\" \/>\n<meta name=\"twitter:card\" content=\"summary_large_image\" \/>\n<meta name=\"twitter:label1\" content=\"Est. reading time\" \/>\n\t<meta name=\"twitter:data1\" content=\"2 min\u016btes\" \/>\n<script type=\"application\/ld+json\" class=\"yoast-schema-graph\">{\"@context\":\"https:\\\/\\\/schema.org\",\"@graph\":[{\"@type\":\"WebPage\",\"@id\":\"https:\\\/\\\/tv.joycemeyer.org\\\/latviesu\\\/devotional\\\/runa-uz-kalniem-dieva-vardu\\\/\",\"url\":\"https:\\\/\\\/tv.joycemeyer.org\\\/latviesu\\\/devotional\\\/runa-uz-kalniem-dieva-vardu\\\/\",\"name\":\"Run\u0101 uz kalniem Dieva V\u0101rdu - Joyce Meyer Ministries - Latviesu\",\"isPartOf\":{\"@id\":\"https:\\\/\\\/tv.joycemeyer.org\\\/latviesu\\\/#website\"},\"primaryImageOfPage\":{\"@id\":\"https:\\\/\\\/tv.joycemeyer.org\\\/latviesu\\\/devotional\\\/runa-uz-kalniem-dieva-vardu\\\/#primaryimage\"},\"image\":{\"@id\":\"https:\\\/\\\/tv.joycemeyer.org\\\/latviesu\\\/devotional\\\/runa-uz-kalniem-dieva-vardu\\\/#primaryimage\"},\"thumbnailUrl\":\"https:\\\/\\\/tv.joycemeyer.org\\\/latviesu\\\/wp-content\\\/uploads\\\/sites\\\/41\\\/2021\\\/04\\\/1431.jpg\",\"datePublished\":\"2021-04-17T19:19:33+00:00\",\"dateModified\":\"2021-04-19T19:20:22+00:00\",\"breadcrumb\":{\"@id\":\"https:\\\/\\\/tv.joycemeyer.org\\\/latviesu\\\/devotional\\\/runa-uz-kalniem-dieva-vardu\\\/#breadcrumb\"},\"inLanguage\":\"lv-LV\",\"potentialAction\":[{\"@type\":\"ReadAction\",\"target\":[\"https:\\\/\\\/tv.joycemeyer.org\\\/latviesu\\\/devotional\\\/runa-uz-kalniem-dieva-vardu\\\/\"]}]},{\"@type\":\"ImageObject\",\"inLanguage\":\"lv-LV\",\"@id\":\"https:\\\/\\\/tv.joycemeyer.org\\\/latviesu\\\/devotional\\\/runa-uz-kalniem-dieva-vardu\\\/#primaryimage\",\"url\":\"https:\\\/\\\/tv.joycemeyer.org\\\/latviesu\\\/wp-content\\\/uploads\\\/sites\\\/41\\\/2021\\\/04\\\/1431.jpg\",\"contentUrl\":\"https:\\\/\\\/tv.joycemeyer.org\\\/latviesu\\\/wp-content\\\/uploads\\\/sites\\\/41\\\/2021\\\/04\\\/1431.jpg\",\"width\":960,\"height\":540,\"caption\":\"Run\u0101 uz kalniem Dieva V\u0101rdu\"},{\"@type\":\"BreadcrumbList\",\"@id\":\"https:\\\/\\\/tv.joycemeyer.org\\\/latviesu\\\/devotional\\\/runa-uz-kalniem-dieva-vardu\\\/#breadcrumb\",\"itemListElement\":[{\"@type\":\"ListItem\",\"position\":1,\"name\":\"Home\",\"item\":\"https:\\\/\\\/tv.joycemeyer.org\\\/latviesu\\\/\"},{\"@type\":\"ListItem\",\"position\":2,\"name\":\"Devotional\",\"item\":\"https:\\\/\\\/tv.joycemeyer.org\\\/latviesu\\\/devotional\\\/\"},{\"@type\":\"ListItem\",\"position\":3,\"name\":\"Run\u0101 uz kalniem Dieva V\u0101rdu\"}]},{\"@type\":\"WebSite\",\"@id\":\"https:\\\/\\\/tv.joycemeyer.org\\\/latviesu\\\/#website\",\"url\":\"https:\\\/\\\/tv.joycemeyer.org\\\/latviesu\\\/\",\"name\":\"Joyce Meyer Ministries - Latviesu\",\"description\":\"Sludin\u0101m Kristu \u2013 M\u012blam Cilv\u0113kus\",\"potentialAction\":[{\"@type\":\"SearchAction\",\"target\":{\"@type\":\"EntryPoint\",\"urlTemplate\":\"https:\\\/\\\/tv.joycemeyer.org\\\/latviesu\\\/?s={search_term_string}\"},\"query-input\":{\"@type\":\"PropertyValueSpecification\",\"valueRequired\":true,\"valueName\":\"search_term_string\"}}],\"inLanguage\":\"lv-LV\"}]}<\/script>\n<!-- \/ Yoast SEO plugin. -->","yoast_head_json":{"title":"Run\u0101 uz kalniem Dieva V\u0101rdu - Joyce Meyer Ministries - Latviesu","robots":{"index":"index","follow":"follow","max-snippet":"max-snippet:-1","max-image-preview":"max-image-preview:large","max-video-preview":"max-video-preview:-1"},"canonical":"https:\/\/tv.joycemeyer.org\/latviesu\/devotional\/runa-uz-kalniem-dieva-vardu\/","og_locale":"lv_LV","og_type":"article","og_title":"Run\u0101 uz kalniem Dieva V\u0101rdu - Joyce Meyer Ministries - Latviesu","og_description":"\u201cJo patiesi Es jums saku: ja kas \u0161im kalnam sac\u012bs: celies un meties j\u016br\u0101! \u2013 un ne\u0161aub\u012bsies sav\u0101 sird\u012b, bet tic\u0113s, ka notiks, ko vi\u0146\u0161 saka, tad vi\u0146am tas notiks.&#8221; \u2014 Marka 11:23 Sakot, ka m\u0113s varam run\u0101t uz kalnu, pav\u0113lot tam pacelties un mesties j\u016br\u0101, J\u0113zus pasaka ko pavisam radik\u0101lu. Redziet, m\u0113s bie\u017ei m\u0113dzam...","og_url":"https:\/\/tv.joycemeyer.org\/latviesu\/devotional\/runa-uz-kalniem-dieva-vardu\/","og_site_name":"Joyce Meyer Ministries - Latviesu","article_publisher":"https:\/\/www.facebook.com\/joycemeyerministrieslatvian\/","article_modified_time":"2021-04-19T19:20:22+00:00","og_image":[{"width":960,"height":540,"url":"https:\/\/tv.joycemeyer.org\/latviesu\/wp-content\/uploads\/sites\/41\/2021\/04\/1431.jpg","type":"image\/jpeg"}],"twitter_card":"summary_large_image","twitter_misc":{"Est. reading time":"2 min\u016btes"},"schema":{"@context":"https:\/\/schema.org","@graph":[{"@type":"WebPage","@id":"https:\/\/tv.joycemeyer.org\/latviesu\/devotional\/runa-uz-kalniem-dieva-vardu\/","url":"https:\/\/tv.joycemeyer.org\/latviesu\/devotional\/runa-uz-kalniem-dieva-vardu\/","name":"Run\u0101 uz kalniem Dieva V\u0101rdu - Joyce Meyer Ministries - Latviesu","isPartOf":{"@id":"https:\/\/tv.joycemeyer.org\/latviesu\/#website"},"primaryImageOfPage":{"@id":"https:\/\/tv.joycemeyer.org\/latviesu\/devotional\/runa-uz-kalniem-dieva-vardu\/#primaryimage"},"image":{"@id":"https:\/\/tv.joycemeyer.org\/latviesu\/devotional\/runa-uz-kalniem-dieva-vardu\/#primaryimage"},"thumbnailUrl":"https:\/\/tv.joycemeyer.org\/latviesu\/wp-content\/uploads\/sites\/41\/2021\/04\/1431.jpg","datePublished":"2021-04-17T19:19:33+00:00","dateModified":"2021-04-19T19:20:22+00:00","breadcrumb":{"@id":"https:\/\/tv.joycemeyer.org\/latviesu\/devotional\/runa-uz-kalniem-dieva-vardu\/#breadcrumb"},"inLanguage":"lv-LV","potentialAction":[{"@type":"ReadAction","target":["https:\/\/tv.joycemeyer.org\/latviesu\/devotional\/runa-uz-kalniem-dieva-vardu\/"]}]},{"@type":"ImageObject","inLanguage":"lv-LV","@id":"https:\/\/tv.joycemeyer.org\/latviesu\/devotional\/runa-uz-kalniem-dieva-vardu\/#primaryimage","url":"https:\/\/tv.joycemeyer.org\/latviesu\/wp-content\/uploads\/sites\/41\/2021\/04\/1431.jpg","contentUrl":"https:\/\/tv.joycemeyer.org\/latviesu\/wp-content\/uploads\/sites\/41\/2021\/04\/1431.jpg","width":960,"height":540,"caption":"Run\u0101 uz kalniem Dieva V\u0101rdu"},{"@type":"BreadcrumbList","@id":"https:\/\/tv.joycemeyer.org\/latviesu\/devotional\/runa-uz-kalniem-dieva-vardu\/#breadcrumb","itemListElement":[{"@type":"ListItem","position":1,"name":"Home","item":"https:\/\/tv.joycemeyer.org\/latviesu\/"},{"@type":"ListItem","position":2,"name":"Devotional","item":"https:\/\/tv.joycemeyer.org\/latviesu\/devotional\/"},{"@type":"ListItem","position":3,"name":"Run\u0101 uz kalniem Dieva V\u0101rdu"}]},{"@type":"WebSite","@id":"https:\/\/tv.joycemeyer.org\/latviesu\/#website","url":"https:\/\/tv.joycemeyer.org\/latviesu\/","name":"Joyce Meyer Ministries - Latviesu","description":"Sludin\u0101m Kristu \u2013 M\u012blam Cilv\u0113kus","potentialAction":[{"@type":"SearchAction","target":{"@type":"EntryPoint","urlTemplate":"https:\/\/tv.joycemeyer.org\/latviesu\/?s={search_term_string}"},"query-input":{"@type":"PropertyValueSpecification","valueRequired":true,"valueName":"search_term_string"}}],"inLanguage":"lv-LV"}]}},"_links":{"self":[{"href":"https:\/\/tv.joycemeyer.org\/latviesu\/wp-json\/wp\/v2\/devotional\/611","targetHints":{"allow":["GET"]}}],"collection":[{"href":"https:\/\/tv.joycemeyer.org\/latviesu\/wp-json\/wp\/v2\/devotional"}],"about":[{"href":"https:\/\/tv.joycemeyer.org\/latviesu\/wp-json\/wp\/v2\/types\/devotional"}],"author":[{"embeddable":true,"href":"https:\/\/tv.joycemeyer.org\/latviesu\/wp-json\/wp\/v2\/users\/15"}],"replies":[{"embeddable":true,"href":"https:\/\/tv.joycemeyer.org\/latviesu\/wp-json\/wp\/v2\/comments?post=611"}],"wp:featuredmedia":[{"embeddable":true,"href":"https:\/\/tv.joycemeyer.org\/latviesu\/wp-json\/wp\/v2\/media\/612"}],"wp:attachment":[{"href":"https:\/\/tv.joycemeyer.org\/latviesu\/wp-json\/wp\/v2\/media?parent=611"}],"curies":[{"name":"wp","href":"https:\/\/api.w.org\/{rel}","templated":true}]}}