{"id":615,"date":"2021-04-24T19:12:32","date_gmt":"2021-04-24T19:12:32","guid":{"rendered":"https:\/\/tv.joycemeyer.org\/latviesu\/?post_type=devotional&#038;p=615"},"modified":"2021-04-26T19:13:20","modified_gmt":"2021-04-26T19:13:20","slug":"jezus-asinis","status":"publish","type":"devotional","link":"https:\/\/tv.joycemeyer.org\/latviesu\/devotional\/jezus-asinis\/","title":{"rendered":"J\u0113zus asinis"},"content":{"rendered":"<p><strong>\u201c\u2026 pirmais cilv\u0113ks, \u0100dams, k\u013cuva par dz\u012bvu dv\u0113seli, &#8211; p\u0113d\u0113jais \u0100dams par dz\u012bvu dar\u012bt\u0101ju Garu..\u201d \u2014 1. Korintie\u0161iem 15:45<\/strong><\/p>\n<p>J\u0113dziens par J\u0113zus asin\u012bm daudzus mulsina, tom\u0113r, to pareizi neizprotot, ar\u012b tic\u012bgie nevar nov\u0113rt\u0113t t\u0101 sp\u0113ku.<\/p>\n<p>Kad \u0100dams gr\u0113koja, vi\u0146a gr\u0113ks tika nodots n\u0101kamaj\u0101m paaudz\u0113m caur Vi\u0146a asin\u012bm. D\u0101vids \u0161o pa\u0161u paties\u012bbu atzina 51. Psalma 7. pant\u0101: \u201eRedzi, vainas apzi\u0146\u0101 es esmu dzemdin\u0101ts, un gr\u0113kos m\u0101te mani ir ie\u0146\u0113musi.\u201d<\/p>\n<p>J\u0113zus n\u0101ca, lai atpest\u012btu cilv\u0113ci, lai nopirktu m\u016bsu br\u012bv\u012bbu un atjaunotu m\u016bs t\u0101d\u0101 st\u0101vokl\u012b, k\u0101d\u0101 bij\u0101m pirms gr\u0113k\u0101 kri\u0161anas. K\u0101 gan Vi\u0146\u0161 to sp\u0113tu ar gr\u0113c\u012bg\u0101m asin\u012bm?<\/p>\n<p>1. Korintie\u0161iem 15:45 J\u0113zus tiek saukts par p\u0113d\u0113jo \u0100damu. T\u0101 k\u0101 Vi\u0146\u0161 ir dzimis no Dieva, ne no cilv\u0113ka, J\u0113zus asin\u012bs ir dz\u012bv\u012bba. Un, ja t\u0101s tiek pareizi pielietotas, tad dz\u012bv\u012bba, kas ir Vi\u0146a asin\u012bs, uzvar\u0113s un p\u0101rvar\u0113s n\u0101vi, kas darbojas m\u016bsos caur gr\u0113ku.<\/p>\n<p>Dievs v\u0113las m\u016bsos atjaunot autorit\u0101ti, kas mums ir dota. Vi\u0146\u0161 ir par visu jau par\u016bp\u0113jies. M\u0113s var\u0113tu teikt, ka Vi\u0146\u0161 jau ir \u201eparakst\u012bjis dar\u012bjumu\u201d. Pras\u012bt\u0101 cena jau ir piln\u012bb\u0101 apmaks\u0101ta. M\u0113s esam atpirkti par konkr\u0113tu cenu \u2013 J\u0113zus d\u0101rgaj\u0101m asin\u012bm.<\/p>\n<p><strong>L\u016bg\u0161anas piem\u0113rs<\/strong><\/p>\n<p><em>\u201cDievs, J\u0113zus asin\u012bs es esmu atpest\u012bts un atbr\u012bvots. Lai ar\u012b es esmu dzimis gr\u0113k\u0101, J\u0113zus asinis mani ir \u0161\u0137\u012bst\u012bju\u0161as. Paldies, Tev, Kungs!\u201d<\/em><\/p>\n","protected":false},"excerpt":{"rendered":"<p>\u201c\u2026 pirmais cilv\u0113ks, \u0100dams, k\u013cuva par dz\u012bvu dv\u0113seli, &#8211; p\u0113d\u0113jais \u0100dams par dz\u012bvu dar\u012bt\u0101ju Garu..\u201d \u2014 1. Korintie\u0161iem 15:45 J\u0113dziens par J\u0113zus asin\u012bm daudzus mulsina, tom\u0113r, to pareizi neizprotot, ar\u012b tic\u012bgie nevar nov\u0113rt\u0113t t\u0101 sp\u0113ku. Kad \u0100dams gr\u0113koja, vi\u0146a gr\u0113ks tika nodots n\u0101kamaj\u0101m paaudz\u0113m caur Vi\u0146a asin\u012bm. D\u0101vids \u0161o pa\u0161u paties\u012bbu atzina 51. Psalma 7&#8230;.<\/p>\n","protected":false},"author":15,"featured_media":616,"parent":0,"menu_order":0,"comment_status":"closed","ping_status":"closed","template":"","class_list":["post-615","devotional","type-devotional","status-publish","has-post-thumbnail","hentry"],"acf":[],"appp":{"post_detail":{"above_title":"<div class=\"post-featured-wrap\"><img width=\"960\" height=\"539\" src=\"https:\/\/tv.joycemeyer.org\/latviesu\/wp-content\/uploads\/sites\/41\/2021\/04\/1190.jpg\" class=\"post-featured wp-post-image\" alt=\"\" decoding=\"async\" srcset=\"https:\/\/tv.joycemeyer.org\/latviesu\/wp-content\/uploads\/sites\/41\/2021\/04\/1190.jpg 960w, https:\/\/tv.joycemeyer.org\/latviesu\/wp-content\/uploads\/sites\/41\/2021\/04\/1190-300x168.jpg 300w, https:\/\/tv.joycemeyer.org\/latviesu\/wp-content\/uploads\/sites\/41\/2021\/04\/1190-768x431.jpg 768w, https:\/\/tv.joycemeyer.org\/latviesu\/wp-content\/uploads\/sites\/41\/2021\/04\/1190-640x360.jpg 640w\" sizes=\"(max-width: 960px) 100vw, 960px\" \/><\/div>","below_content":""}},"yoast_head":"<!-- This site is optimized with the Yoast SEO plugin v27.4 - https:\/\/yoast.com\/product\/yoast-seo-wordpress\/ -->\n<title>J\u0113zus asinis - Joyce Meyer Ministries - Latviesu<\/title>\n<meta name=\"robots\" content=\"index, follow, max-snippet:-1, max-image-preview:large, max-video-preview:-1\" \/>\n<link rel=\"canonical\" href=\"https:\/\/tv.joycemeyer.org\/latviesu\/devotional\/jezus-asinis\/\" \/>\n<meta property=\"og:locale\" content=\"lv_LV\" \/>\n<meta property=\"og:type\" content=\"article\" \/>\n<meta property=\"og:title\" content=\"J\u0113zus asinis - Joyce Meyer Ministries - Latviesu\" \/>\n<meta property=\"og:description\" content=\"\u201c\u2026 pirmais cilv\u0113ks, \u0100dams, k\u013cuva par dz\u012bvu dv\u0113seli, &#8211; p\u0113d\u0113jais \u0100dams par dz\u012bvu dar\u012bt\u0101ju Garu..\u201d \u2014 1. Korintie\u0161iem 15:45 J\u0113dziens par J\u0113zus asin\u012bm daudzus mulsina, tom\u0113r, to pareizi neizprotot, ar\u012b tic\u012bgie nevar nov\u0113rt\u0113t t\u0101 sp\u0113ku. Kad \u0100dams gr\u0113koja, vi\u0146a gr\u0113ks tika nodots n\u0101kamaj\u0101m paaudz\u0113m caur Vi\u0146a asin\u012bm. D\u0101vids \u0161o pa\u0161u paties\u012bbu atzina 51. Psalma 7....\" \/>\n<meta property=\"og:url\" content=\"https:\/\/tv.joycemeyer.org\/latviesu\/devotional\/jezus-asinis\/\" \/>\n<meta property=\"og:site_name\" content=\"Joyce Meyer Ministries - Latviesu\" \/>\n<meta property=\"article:publisher\" content=\"https:\/\/www.facebook.com\/joycemeyerministrieslatvian\/\" \/>\n<meta property=\"article:modified_time\" content=\"2021-04-26T19:13:20+00:00\" \/>\n<meta property=\"og:image\" content=\"https:\/\/tv.joycemeyer.org\/latviesu\/wp-content\/uploads\/sites\/41\/2021\/04\/1190.jpg\" \/>\n\t<meta property=\"og:image:width\" content=\"960\" \/>\n\t<meta property=\"og:image:height\" content=\"539\" \/>\n\t<meta property=\"og:image:type\" content=\"image\/jpeg\" \/>\n<meta name=\"twitter:card\" content=\"summary_large_image\" \/>\n<meta name=\"twitter:label1\" content=\"Est. reading time\" \/>\n\t<meta name=\"twitter:data1\" content=\"1 min\u016bte\" \/>\n<script type=\"application\/ld+json\" class=\"yoast-schema-graph\">{\"@context\":\"https:\\\/\\\/schema.org\",\"@graph\":[{\"@type\":\"WebPage\",\"@id\":\"https:\\\/\\\/tv.joycemeyer.org\\\/latviesu\\\/devotional\\\/jezus-asinis\\\/\",\"url\":\"https:\\\/\\\/tv.joycemeyer.org\\\/latviesu\\\/devotional\\\/jezus-asinis\\\/\",\"name\":\"J\u0113zus asinis - Joyce Meyer Ministries - Latviesu\",\"isPartOf\":{\"@id\":\"https:\\\/\\\/tv.joycemeyer.org\\\/latviesu\\\/#website\"},\"primaryImageOfPage\":{\"@id\":\"https:\\\/\\\/tv.joycemeyer.org\\\/latviesu\\\/devotional\\\/jezus-asinis\\\/#primaryimage\"},\"image\":{\"@id\":\"https:\\\/\\\/tv.joycemeyer.org\\\/latviesu\\\/devotional\\\/jezus-asinis\\\/#primaryimage\"},\"thumbnailUrl\":\"https:\\\/\\\/tv.joycemeyer.org\\\/latviesu\\\/wp-content\\\/uploads\\\/sites\\\/41\\\/2021\\\/04\\\/1190.jpg\",\"datePublished\":\"2021-04-24T19:12:32+00:00\",\"dateModified\":\"2021-04-26T19:13:20+00:00\",\"breadcrumb\":{\"@id\":\"https:\\\/\\\/tv.joycemeyer.org\\\/latviesu\\\/devotional\\\/jezus-asinis\\\/#breadcrumb\"},\"inLanguage\":\"lv-LV\",\"potentialAction\":[{\"@type\":\"ReadAction\",\"target\":[\"https:\\\/\\\/tv.joycemeyer.org\\\/latviesu\\\/devotional\\\/jezus-asinis\\\/\"]}]},{\"@type\":\"ImageObject\",\"inLanguage\":\"lv-LV\",\"@id\":\"https:\\\/\\\/tv.joycemeyer.org\\\/latviesu\\\/devotional\\\/jezus-asinis\\\/#primaryimage\",\"url\":\"https:\\\/\\\/tv.joycemeyer.org\\\/latviesu\\\/wp-content\\\/uploads\\\/sites\\\/41\\\/2021\\\/04\\\/1190.jpg\",\"contentUrl\":\"https:\\\/\\\/tv.joycemeyer.org\\\/latviesu\\\/wp-content\\\/uploads\\\/sites\\\/41\\\/2021\\\/04\\\/1190.jpg\",\"width\":\"960\",\"height\":\"539\",\"caption\":\"J\u0113zus asinis\"},{\"@type\":\"BreadcrumbList\",\"@id\":\"https:\\\/\\\/tv.joycemeyer.org\\\/latviesu\\\/devotional\\\/jezus-asinis\\\/#breadcrumb\",\"itemListElement\":[{\"@type\":\"ListItem\",\"position\":1,\"name\":\"Home\",\"item\":\"https:\\\/\\\/tv.joycemeyer.org\\\/latviesu\\\/\"},{\"@type\":\"ListItem\",\"position\":2,\"name\":\"Devotional\",\"item\":\"https:\\\/\\\/tv.joycemeyer.org\\\/latviesu\\\/devotional\\\/\"},{\"@type\":\"ListItem\",\"position\":3,\"name\":\"J\u0113zus asinis\"}]},{\"@type\":\"WebSite\",\"@id\":\"https:\\\/\\\/tv.joycemeyer.org\\\/latviesu\\\/#website\",\"url\":\"https:\\\/\\\/tv.joycemeyer.org\\\/latviesu\\\/\",\"name\":\"Joyce Meyer Ministries - Latviesu\",\"description\":\"Sludin\u0101m Kristu \u2013 M\u012blam Cilv\u0113kus\",\"potentialAction\":[{\"@type\":\"SearchAction\",\"target\":{\"@type\":\"EntryPoint\",\"urlTemplate\":\"https:\\\/\\\/tv.joycemeyer.org\\\/latviesu\\\/?s={search_term_string}\"},\"query-input\":{\"@type\":\"PropertyValueSpecification\",\"valueRequired\":true,\"valueName\":\"search_term_string\"}}],\"inLanguage\":\"lv-LV\"}]}<\/script>\n<!-- \/ Yoast SEO plugin. -->","yoast_head_json":{"title":"J\u0113zus asinis - Joyce Meyer Ministries - Latviesu","robots":{"index":"index","follow":"follow","max-snippet":"max-snippet:-1","max-image-preview":"max-image-preview:large","max-video-preview":"max-video-preview:-1"},"canonical":"https:\/\/tv.joycemeyer.org\/latviesu\/devotional\/jezus-asinis\/","og_locale":"lv_LV","og_type":"article","og_title":"J\u0113zus asinis - Joyce Meyer Ministries - Latviesu","og_description":"\u201c\u2026 pirmais cilv\u0113ks, \u0100dams, k\u013cuva par dz\u012bvu dv\u0113seli, &#8211; p\u0113d\u0113jais \u0100dams par dz\u012bvu dar\u012bt\u0101ju Garu..\u201d \u2014 1. Korintie\u0161iem 15:45 J\u0113dziens par J\u0113zus asin\u012bm daudzus mulsina, tom\u0113r, to pareizi neizprotot, ar\u012b tic\u012bgie nevar nov\u0113rt\u0113t t\u0101 sp\u0113ku. Kad \u0100dams gr\u0113koja, vi\u0146a gr\u0113ks tika nodots n\u0101kamaj\u0101m paaudz\u0113m caur Vi\u0146a asin\u012bm. D\u0101vids \u0161o pa\u0161u paties\u012bbu atzina 51. Psalma 7....","og_url":"https:\/\/tv.joycemeyer.org\/latviesu\/devotional\/jezus-asinis\/","og_site_name":"Joyce Meyer Ministries - Latviesu","article_publisher":"https:\/\/www.facebook.com\/joycemeyerministrieslatvian\/","article_modified_time":"2021-04-26T19:13:20+00:00","og_image":[{"width":960,"height":539,"url":"https:\/\/tv.joycemeyer.org\/latviesu\/wp-content\/uploads\/sites\/41\/2021\/04\/1190.jpg","type":"image\/jpeg"}],"twitter_card":"summary_large_image","twitter_misc":{"Est. reading time":"1 min\u016bte"},"schema":{"@context":"https:\/\/schema.org","@graph":[{"@type":"WebPage","@id":"https:\/\/tv.joycemeyer.org\/latviesu\/devotional\/jezus-asinis\/","url":"https:\/\/tv.joycemeyer.org\/latviesu\/devotional\/jezus-asinis\/","name":"J\u0113zus asinis - Joyce Meyer Ministries - Latviesu","isPartOf":{"@id":"https:\/\/tv.joycemeyer.org\/latviesu\/#website"},"primaryImageOfPage":{"@id":"https:\/\/tv.joycemeyer.org\/latviesu\/devotional\/jezus-asinis\/#primaryimage"},"image":{"@id":"https:\/\/tv.joycemeyer.org\/latviesu\/devotional\/jezus-asinis\/#primaryimage"},"thumbnailUrl":"https:\/\/tv.joycemeyer.org\/latviesu\/wp-content\/uploads\/sites\/41\/2021\/04\/1190.jpg","datePublished":"2021-04-24T19:12:32+00:00","dateModified":"2021-04-26T19:13:20+00:00","breadcrumb":{"@id":"https:\/\/tv.joycemeyer.org\/latviesu\/devotional\/jezus-asinis\/#breadcrumb"},"inLanguage":"lv-LV","potentialAction":[{"@type":"ReadAction","target":["https:\/\/tv.joycemeyer.org\/latviesu\/devotional\/jezus-asinis\/"]}]},{"@type":"ImageObject","inLanguage":"lv-LV","@id":"https:\/\/tv.joycemeyer.org\/latviesu\/devotional\/jezus-asinis\/#primaryimage","url":"https:\/\/tv.joycemeyer.org\/latviesu\/wp-content\/uploads\/sites\/41\/2021\/04\/1190.jpg","contentUrl":"https:\/\/tv.joycemeyer.org\/latviesu\/wp-content\/uploads\/sites\/41\/2021\/04\/1190.jpg","width":"960","height":"539","caption":"J\u0113zus asinis"},{"@type":"BreadcrumbList","@id":"https:\/\/tv.joycemeyer.org\/latviesu\/devotional\/jezus-asinis\/#breadcrumb","itemListElement":[{"@type":"ListItem","position":1,"name":"Home","item":"https:\/\/tv.joycemeyer.org\/latviesu\/"},{"@type":"ListItem","position":2,"name":"Devotional","item":"https:\/\/tv.joycemeyer.org\/latviesu\/devotional\/"},{"@type":"ListItem","position":3,"name":"J\u0113zus asinis"}]},{"@type":"WebSite","@id":"https:\/\/tv.joycemeyer.org\/latviesu\/#website","url":"https:\/\/tv.joycemeyer.org\/latviesu\/","name":"Joyce Meyer Ministries - Latviesu","description":"Sludin\u0101m Kristu \u2013 M\u012blam Cilv\u0113kus","potentialAction":[{"@type":"SearchAction","target":{"@type":"EntryPoint","urlTemplate":"https:\/\/tv.joycemeyer.org\/latviesu\/?s={search_term_string}"},"query-input":{"@type":"PropertyValueSpecification","valueRequired":true,"valueName":"search_term_string"}}],"inLanguage":"lv-LV"}]}},"_links":{"self":[{"href":"https:\/\/tv.joycemeyer.org\/latviesu\/wp-json\/wp\/v2\/devotional\/615","targetHints":{"allow":["GET"]}}],"collection":[{"href":"https:\/\/tv.joycemeyer.org\/latviesu\/wp-json\/wp\/v2\/devotional"}],"about":[{"href":"https:\/\/tv.joycemeyer.org\/latviesu\/wp-json\/wp\/v2\/types\/devotional"}],"author":[{"embeddable":true,"href":"https:\/\/tv.joycemeyer.org\/latviesu\/wp-json\/wp\/v2\/users\/15"}],"replies":[{"embeddable":true,"href":"https:\/\/tv.joycemeyer.org\/latviesu\/wp-json\/wp\/v2\/comments?post=615"}],"wp:featuredmedia":[{"embeddable":true,"href":"https:\/\/tv.joycemeyer.org\/latviesu\/wp-json\/wp\/v2\/media\/616"}],"wp:attachment":[{"href":"https:\/\/tv.joycemeyer.org\/latviesu\/wp-json\/wp\/v2\/media?parent=615"}],"curies":[{"name":"wp","href":"https:\/\/api.w.org\/{rel}","templated":true}]}}