{"id":640,"date":"2021-05-01T19:01:11","date_gmt":"2021-05-01T19:01:11","guid":{"rendered":"https:\/\/tv.joycemeyer.org\/latviesu\/?post_type=devotional&#038;p=640"},"modified":"2021-05-03T19:01:56","modified_gmt":"2021-05-03T19:01:56","slug":"vai-dievs-mil-tevi-ari-tad-kad-tu","status":"publish","type":"devotional","link":"https:\/\/tv.joycemeyer.org\/latviesu\/devotional\/vai-dievs-mil-tevi-ari-tad-kad-tu\/","title":{"rendered":"Vai Dievs m\u012bl tevi ar\u012b tad, kad tu k\u013c\u016bdies?"},"content":{"rendered":"<p><strong>\u201cBet Dievs Savu m\u012blest\u012bbu uz mums pier\u0101da ar to, ka Kristus par mums miris, kad v\u0113l bij\u0101m gr\u0113cinieki. Jo vair\u0101k tagad, taisnoti ar Vi\u0146a asin\u012bm, caur Vi\u0146u tiksim izgl\u0101bti no dusm\u012bbas.&#8221; \u2014 Romie\u0161iem 5:8-9<\/strong><\/p>\n<p>Vai esi k\u0101dreiz pr\u0101tojis par to, vai esi pietiekami labs, lai Dievs tevi m\u012bl\u0113tu? Diem\u017e\u0113l daudzi tic, ka Dievs vi\u0146us m\u012bl vien\u012bgi tik ilgi, kam\u0113r vi\u0146i nepie\u013cauj k\u013c\u016bdas.<\/p>\n<p>Iesp\u0113jams, l\u012bdz\u012bgs domu g\u0101jiens lika ar\u012b psalmistam jaut\u0101t \u2013 \u201cKas ir cilv\u0113ks, ka Tu vi\u0146u piemini?\u201d (Psalms 8:4) Tom\u0113r B\u012bbel\u0113 teikts, ka m\u0113s esam Dieva rad\u012bba, Vi\u0146a roku darbs, un Vi\u0146\u0161 ikvienu no mums m\u012bl ar beznosac\u012bjumu m\u012blest\u012bbu.<\/p>\n<p>Atz\u012bsim \u2013 J\u0113zus par tevi nenomira, jo tu biji \u013coti labs un br\u012bni\u0161\u0137\u012bgs; Vi\u0146\u0161 nomira par tevi, jo Vi\u0146\u0161 tevi m\u012bl. Romie\u0161iem 5:8-9 apstiprin\u0101ta \u0161\u012b paties\u012bba, sakot, ka Vi\u0146\u0161 nomira par mums, kam\u0113r v\u0113l bij\u0101m gr\u0113cinieki.<\/p>\n<p>Dievs tevi ir m\u012bl\u0113jis pietiekami, lai dotu Savu vienpiedzimu\u0161o D\u0113lu ne tikai nomirt par taviem gr\u0113kiem, bet ar\u012b piesegt tavas ikdienas k\u013c\u016bdas. Vi\u0146\u0161 m\u012bl tevi tik \u013coti, ka v\u0113las, lai tu katru dienu dz\u012bvotu sp\u0113k\u0101 un uzvar\u0101.<\/p>\n<p>Dievs m\u012bl tevi, un Vi\u0146\u0161 v\u0113las, lai ar\u012b tu tam tic\u0113tu un to pie\u0146emtu \u2013 pat ja pie\u013cauj k\u013c\u016bdas.<\/p>\n<p><strong>L\u016bg\u0161anas piem\u0113rs<\/strong><\/p>\n<p><em>\u201cKungs, Tava m\u012blest\u012bba ir neaprakst\u0101ma. Tu mani m\u012bli pat tad, kad es to nesaprotu. Tu aizvien esi ar mani, pat ja esmu k\u013c\u016bd\u012bjies. Paldies par Tavu patieso beznosac\u012bjumu m\u012blest\u012bbu.\u201d<\/em><\/p>\n","protected":false},"excerpt":{"rendered":"<p>\u201cBet Dievs Savu m\u012blest\u012bbu uz mums pier\u0101da ar to, ka Kristus par mums miris, kad v\u0113l bij\u0101m gr\u0113cinieki. Jo vair\u0101k tagad, taisnoti ar Vi\u0146a asin\u012bm, caur Vi\u0146u tiksim izgl\u0101bti no dusm\u012bbas.&#8221; \u2014 Romie\u0161iem 5:8-9 Vai esi k\u0101dreiz pr\u0101tojis par to, vai esi pietiekami labs, lai Dievs tevi m\u012bl\u0113tu? Diem\u017e\u0113l daudzi tic, ka Dievs vi\u0146us m\u012bl&#8230;<\/p>\n","protected":false},"author":15,"featured_media":641,"parent":0,"menu_order":0,"comment_status":"closed","ping_status":"closed","template":"","class_list":["post-640","devotional","type-devotional","status-publish","has-post-thumbnail","hentry"],"acf":[],"appp":{"post_detail":{"above_title":"<div class=\"post-featured-wrap\"><img width=\"960\" height=\"540\" src=\"https:\/\/tv.joycemeyer.org\/latviesu\/wp-content\/uploads\/sites\/41\/2021\/05\/948.jpg\" class=\"post-featured wp-post-image\" alt=\"\" decoding=\"async\" srcset=\"https:\/\/tv.joycemeyer.org\/latviesu\/wp-content\/uploads\/sites\/41\/2021\/05\/948.jpg 960w, https:\/\/tv.joycemeyer.org\/latviesu\/wp-content\/uploads\/sites\/41\/2021\/05\/948-300x169.jpg 300w, https:\/\/tv.joycemeyer.org\/latviesu\/wp-content\/uploads\/sites\/41\/2021\/05\/948-768x432.jpg 768w, https:\/\/tv.joycemeyer.org\/latviesu\/wp-content\/uploads\/sites\/41\/2021\/05\/948-640x360.jpg 640w\" sizes=\"(max-width: 960px) 100vw, 960px\" \/><\/div>","below_content":""}},"yoast_head":"<!-- This site is optimized with the Yoast SEO plugin v27.4 - https:\/\/yoast.com\/product\/yoast-seo-wordpress\/ -->\n<title>Vai Dievs m\u012bl tevi ar\u012b tad, kad tu k\u013c\u016bdies? - Joyce Meyer Ministries - Latviesu<\/title>\n<meta name=\"robots\" content=\"index, follow, max-snippet:-1, max-image-preview:large, max-video-preview:-1\" \/>\n<link rel=\"canonical\" href=\"https:\/\/tv.joycemeyer.org\/latviesu\/devotional\/vai-dievs-mil-tevi-ari-tad-kad-tu\/\" \/>\n<meta property=\"og:locale\" content=\"lv_LV\" \/>\n<meta property=\"og:type\" content=\"article\" \/>\n<meta property=\"og:title\" content=\"Vai Dievs m\u012bl tevi ar\u012b tad, kad tu k\u013c\u016bdies? - Joyce Meyer Ministries - Latviesu\" \/>\n<meta property=\"og:description\" content=\"\u201cBet Dievs Savu m\u012blest\u012bbu uz mums pier\u0101da ar to, ka Kristus par mums miris, kad v\u0113l bij\u0101m gr\u0113cinieki. Jo vair\u0101k tagad, taisnoti ar Vi\u0146a asin\u012bm, caur Vi\u0146u tiksim izgl\u0101bti no dusm\u012bbas.&#8221; \u2014 Romie\u0161iem 5:8-9 Vai esi k\u0101dreiz pr\u0101tojis par to, vai esi pietiekami labs, lai Dievs tevi m\u012bl\u0113tu? Diem\u017e\u0113l daudzi tic, ka Dievs vi\u0146us m\u012bl...\" \/>\n<meta property=\"og:url\" content=\"https:\/\/tv.joycemeyer.org\/latviesu\/devotional\/vai-dievs-mil-tevi-ari-tad-kad-tu\/\" \/>\n<meta property=\"og:site_name\" content=\"Joyce Meyer Ministries - Latviesu\" \/>\n<meta property=\"article:publisher\" content=\"https:\/\/www.facebook.com\/joycemeyerministrieslatvian\/\" \/>\n<meta property=\"article:modified_time\" content=\"2021-05-03T19:01:56+00:00\" \/>\n<meta property=\"og:image\" content=\"https:\/\/tv.joycemeyer.org\/latviesu\/wp-content\/uploads\/sites\/41\/2021\/05\/948.jpg\" \/>\n\t<meta property=\"og:image:width\" content=\"960\" \/>\n\t<meta property=\"og:image:height\" content=\"540\" \/>\n\t<meta property=\"og:image:type\" content=\"image\/jpeg\" \/>\n<meta name=\"twitter:card\" content=\"summary_large_image\" \/>\n<meta name=\"twitter:label1\" content=\"Est. reading time\" \/>\n\t<meta name=\"twitter:data1\" content=\"1 min\u016bte\" \/>\n<script type=\"application\/ld+json\" class=\"yoast-schema-graph\">{\"@context\":\"https:\\\/\\\/schema.org\",\"@graph\":[{\"@type\":\"WebPage\",\"@id\":\"https:\\\/\\\/tv.joycemeyer.org\\\/latviesu\\\/devotional\\\/vai-dievs-mil-tevi-ari-tad-kad-tu\\\/\",\"url\":\"https:\\\/\\\/tv.joycemeyer.org\\\/latviesu\\\/devotional\\\/vai-dievs-mil-tevi-ari-tad-kad-tu\\\/\",\"name\":\"Vai Dievs m\u012bl tevi ar\u012b tad, kad tu k\u013c\u016bdies? - Joyce Meyer Ministries - Latviesu\",\"isPartOf\":{\"@id\":\"https:\\\/\\\/tv.joycemeyer.org\\\/latviesu\\\/#website\"},\"primaryImageOfPage\":{\"@id\":\"https:\\\/\\\/tv.joycemeyer.org\\\/latviesu\\\/devotional\\\/vai-dievs-mil-tevi-ari-tad-kad-tu\\\/#primaryimage\"},\"image\":{\"@id\":\"https:\\\/\\\/tv.joycemeyer.org\\\/latviesu\\\/devotional\\\/vai-dievs-mil-tevi-ari-tad-kad-tu\\\/#primaryimage\"},\"thumbnailUrl\":\"https:\\\/\\\/tv.joycemeyer.org\\\/latviesu\\\/wp-content\\\/uploads\\\/sites\\\/41\\\/2021\\\/05\\\/948.jpg\",\"datePublished\":\"2021-05-01T19:01:11+00:00\",\"dateModified\":\"2021-05-03T19:01:56+00:00\",\"breadcrumb\":{\"@id\":\"https:\\\/\\\/tv.joycemeyer.org\\\/latviesu\\\/devotional\\\/vai-dievs-mil-tevi-ari-tad-kad-tu\\\/#breadcrumb\"},\"inLanguage\":\"lv-LV\",\"potentialAction\":[{\"@type\":\"ReadAction\",\"target\":[\"https:\\\/\\\/tv.joycemeyer.org\\\/latviesu\\\/devotional\\\/vai-dievs-mil-tevi-ari-tad-kad-tu\\\/\"]}]},{\"@type\":\"ImageObject\",\"inLanguage\":\"lv-LV\",\"@id\":\"https:\\\/\\\/tv.joycemeyer.org\\\/latviesu\\\/devotional\\\/vai-dievs-mil-tevi-ari-tad-kad-tu\\\/#primaryimage\",\"url\":\"https:\\\/\\\/tv.joycemeyer.org\\\/latviesu\\\/wp-content\\\/uploads\\\/sites\\\/41\\\/2021\\\/05\\\/948.jpg\",\"contentUrl\":\"https:\\\/\\\/tv.joycemeyer.org\\\/latviesu\\\/wp-content\\\/uploads\\\/sites\\\/41\\\/2021\\\/05\\\/948.jpg\",\"width\":960,\"height\":540,\"caption\":\"Vai Dievs m\u012bl tevi ar\u012b tad, kad tu k\u013c\u016bdies?\"},{\"@type\":\"BreadcrumbList\",\"@id\":\"https:\\\/\\\/tv.joycemeyer.org\\\/latviesu\\\/devotional\\\/vai-dievs-mil-tevi-ari-tad-kad-tu\\\/#breadcrumb\",\"itemListElement\":[{\"@type\":\"ListItem\",\"position\":1,\"name\":\"Home\",\"item\":\"https:\\\/\\\/tv.joycemeyer.org\\\/latviesu\\\/\"},{\"@type\":\"ListItem\",\"position\":2,\"name\":\"Devotional\",\"item\":\"https:\\\/\\\/tv.joycemeyer.org\\\/latviesu\\\/devotional\\\/\"},{\"@type\":\"ListItem\",\"position\":3,\"name\":\"Vai Dievs m\u012bl tevi ar\u012b tad, kad tu k\u013c\u016bdies?\"}]},{\"@type\":\"WebSite\",\"@id\":\"https:\\\/\\\/tv.joycemeyer.org\\\/latviesu\\\/#website\",\"url\":\"https:\\\/\\\/tv.joycemeyer.org\\\/latviesu\\\/\",\"name\":\"Joyce Meyer Ministries - Latviesu\",\"description\":\"Sludin\u0101m Kristu \u2013 M\u012blam Cilv\u0113kus\",\"potentialAction\":[{\"@type\":\"SearchAction\",\"target\":{\"@type\":\"EntryPoint\",\"urlTemplate\":\"https:\\\/\\\/tv.joycemeyer.org\\\/latviesu\\\/?s={search_term_string}\"},\"query-input\":{\"@type\":\"PropertyValueSpecification\",\"valueRequired\":true,\"valueName\":\"search_term_string\"}}],\"inLanguage\":\"lv-LV\"}]}<\/script>\n<!-- \/ Yoast SEO plugin. -->","yoast_head_json":{"title":"Vai Dievs m\u012bl tevi ar\u012b tad, kad tu k\u013c\u016bdies? - Joyce Meyer Ministries - Latviesu","robots":{"index":"index","follow":"follow","max-snippet":"max-snippet:-1","max-image-preview":"max-image-preview:large","max-video-preview":"max-video-preview:-1"},"canonical":"https:\/\/tv.joycemeyer.org\/latviesu\/devotional\/vai-dievs-mil-tevi-ari-tad-kad-tu\/","og_locale":"lv_LV","og_type":"article","og_title":"Vai Dievs m\u012bl tevi ar\u012b tad, kad tu k\u013c\u016bdies? - Joyce Meyer Ministries - Latviesu","og_description":"\u201cBet Dievs Savu m\u012blest\u012bbu uz mums pier\u0101da ar to, ka Kristus par mums miris, kad v\u0113l bij\u0101m gr\u0113cinieki. Jo vair\u0101k tagad, taisnoti ar Vi\u0146a asin\u012bm, caur Vi\u0146u tiksim izgl\u0101bti no dusm\u012bbas.&#8221; \u2014 Romie\u0161iem 5:8-9 Vai esi k\u0101dreiz pr\u0101tojis par to, vai esi pietiekami labs, lai Dievs tevi m\u012bl\u0113tu? Diem\u017e\u0113l daudzi tic, ka Dievs vi\u0146us m\u012bl...","og_url":"https:\/\/tv.joycemeyer.org\/latviesu\/devotional\/vai-dievs-mil-tevi-ari-tad-kad-tu\/","og_site_name":"Joyce Meyer Ministries - Latviesu","article_publisher":"https:\/\/www.facebook.com\/joycemeyerministrieslatvian\/","article_modified_time":"2021-05-03T19:01:56+00:00","og_image":[{"width":960,"height":540,"url":"https:\/\/tv.joycemeyer.org\/latviesu\/wp-content\/uploads\/sites\/41\/2021\/05\/948.jpg","type":"image\/jpeg"}],"twitter_card":"summary_large_image","twitter_misc":{"Est. reading time":"1 min\u016bte"},"schema":{"@context":"https:\/\/schema.org","@graph":[{"@type":"WebPage","@id":"https:\/\/tv.joycemeyer.org\/latviesu\/devotional\/vai-dievs-mil-tevi-ari-tad-kad-tu\/","url":"https:\/\/tv.joycemeyer.org\/latviesu\/devotional\/vai-dievs-mil-tevi-ari-tad-kad-tu\/","name":"Vai Dievs m\u012bl tevi ar\u012b tad, kad tu k\u013c\u016bdies? - Joyce Meyer Ministries - Latviesu","isPartOf":{"@id":"https:\/\/tv.joycemeyer.org\/latviesu\/#website"},"primaryImageOfPage":{"@id":"https:\/\/tv.joycemeyer.org\/latviesu\/devotional\/vai-dievs-mil-tevi-ari-tad-kad-tu\/#primaryimage"},"image":{"@id":"https:\/\/tv.joycemeyer.org\/latviesu\/devotional\/vai-dievs-mil-tevi-ari-tad-kad-tu\/#primaryimage"},"thumbnailUrl":"https:\/\/tv.joycemeyer.org\/latviesu\/wp-content\/uploads\/sites\/41\/2021\/05\/948.jpg","datePublished":"2021-05-01T19:01:11+00:00","dateModified":"2021-05-03T19:01:56+00:00","breadcrumb":{"@id":"https:\/\/tv.joycemeyer.org\/latviesu\/devotional\/vai-dievs-mil-tevi-ari-tad-kad-tu\/#breadcrumb"},"inLanguage":"lv-LV","potentialAction":[{"@type":"ReadAction","target":["https:\/\/tv.joycemeyer.org\/latviesu\/devotional\/vai-dievs-mil-tevi-ari-tad-kad-tu\/"]}]},{"@type":"ImageObject","inLanguage":"lv-LV","@id":"https:\/\/tv.joycemeyer.org\/latviesu\/devotional\/vai-dievs-mil-tevi-ari-tad-kad-tu\/#primaryimage","url":"https:\/\/tv.joycemeyer.org\/latviesu\/wp-content\/uploads\/sites\/41\/2021\/05\/948.jpg","contentUrl":"https:\/\/tv.joycemeyer.org\/latviesu\/wp-content\/uploads\/sites\/41\/2021\/05\/948.jpg","width":960,"height":540,"caption":"Vai Dievs m\u012bl tevi ar\u012b tad, kad tu k\u013c\u016bdies?"},{"@type":"BreadcrumbList","@id":"https:\/\/tv.joycemeyer.org\/latviesu\/devotional\/vai-dievs-mil-tevi-ari-tad-kad-tu\/#breadcrumb","itemListElement":[{"@type":"ListItem","position":1,"name":"Home","item":"https:\/\/tv.joycemeyer.org\/latviesu\/"},{"@type":"ListItem","position":2,"name":"Devotional","item":"https:\/\/tv.joycemeyer.org\/latviesu\/devotional\/"},{"@type":"ListItem","position":3,"name":"Vai Dievs m\u012bl tevi ar\u012b tad, kad tu k\u013c\u016bdies?"}]},{"@type":"WebSite","@id":"https:\/\/tv.joycemeyer.org\/latviesu\/#website","url":"https:\/\/tv.joycemeyer.org\/latviesu\/","name":"Joyce Meyer Ministries - Latviesu","description":"Sludin\u0101m Kristu \u2013 M\u012blam Cilv\u0113kus","potentialAction":[{"@type":"SearchAction","target":{"@type":"EntryPoint","urlTemplate":"https:\/\/tv.joycemeyer.org\/latviesu\/?s={search_term_string}"},"query-input":{"@type":"PropertyValueSpecification","valueRequired":true,"valueName":"search_term_string"}}],"inLanguage":"lv-LV"}]}},"_links":{"self":[{"href":"https:\/\/tv.joycemeyer.org\/latviesu\/wp-json\/wp\/v2\/devotional\/640","targetHints":{"allow":["GET"]}}],"collection":[{"href":"https:\/\/tv.joycemeyer.org\/latviesu\/wp-json\/wp\/v2\/devotional"}],"about":[{"href":"https:\/\/tv.joycemeyer.org\/latviesu\/wp-json\/wp\/v2\/types\/devotional"}],"author":[{"embeddable":true,"href":"https:\/\/tv.joycemeyer.org\/latviesu\/wp-json\/wp\/v2\/users\/15"}],"replies":[{"embeddable":true,"href":"https:\/\/tv.joycemeyer.org\/latviesu\/wp-json\/wp\/v2\/comments?post=640"}],"wp:featuredmedia":[{"embeddable":true,"href":"https:\/\/tv.joycemeyer.org\/latviesu\/wp-json\/wp\/v2\/media\/641"}],"wp:attachment":[{"href":"https:\/\/tv.joycemeyer.org\/latviesu\/wp-json\/wp\/v2\/media?parent=640"}],"curies":[{"name":"wp","href":"https:\/\/api.w.org\/{rel}","templated":true}]}}