{"id":800,"date":"2021-07-30T00:01:22","date_gmt":"2021-07-30T00:01:22","guid":{"rendered":"https:\/\/tv.joycemeyer.org\/latviesu\/?post_type=devotional&#038;p=800"},"modified":"2021-09-27T14:43:18","modified_gmt":"2021-09-27T14:43:18","slug":"dieva-milestibas-butiba","status":"publish","type":"devotional","link":"https:\/\/tv.joycemeyer.org\/latviesu\/devotional\/dieva-milestibas-butiba\/","title":{"rendered":"Dieva m\u012blest\u012bbas b\u016bt\u012bba"},"content":{"rendered":"<p><strong>\u201cBet Dievs, bag\u0101ts b\u016bdams \u017e\u0113last\u012bb\u0101, Sav\u0101 lielaj\u0101 m\u012blest\u012bb\u0101, ar ko Vi\u0146\u0161 m\u016bs ir m\u012bl\u0113jis, ar\u012b m\u016bs, kas savos p\u0101rk\u0101pumos bij\u0101m miru\u0161i, dar\u012bjis dz\u012bvus l\u012bdz ar Kristu: \u017e\u0113last\u012bb\u0101 j\u016bs esat izgl\u0101bti!\u201d \u2014 Efezie\u0161iem 2:4-5<\/strong><\/p>\n<p>Reiz\u0113m, kad dz\u012bve k\u013c\u016bst p\u0101r\u0101k gr\u016bta, lab\u0101kais, ko varam dar\u012bt, ir atg\u0101din\u0101t sev par Dieva m\u012blest\u012bbas b\u016bt\u012bbu.<\/p>\n<p>Viena no skaist\u0101kaj\u0101m B\u012bbel\u0113 atkl\u0101taj\u0101m paties\u012bb\u0101m ir atzi\u0146a, ka Kristus nomira par mums, kam\u0113r m\u0113s v\u0113l bij\u0101m gr\u0113cinieki (sk. Romie\u0161iem 5:8). Vi\u0146\u0161 negaid\u012bja, kam\u0113r m\u0113s nopeln\u012bsim Vi\u0146a m\u012blest\u012bbu. Vi\u0146\u0161 m\u012bl m\u016bs bez nosac\u012bjumiem. Ja j\u0101saka god\u012bgi, daudziem no mums to ir \u013coti gr\u016bti saprast, jo esam pieradu\u0161i visu dz\u012bv\u0113 nopeln\u012bt pa\u0161i saviem sp\u0113kiem.<\/p>\n<p>Savas br\u012bni\u0161\u0137\u012bg\u0101s un stipr\u0101s m\u012blest\u012bbas d\u0113\u013c pret mums, Dievs ir tik br\u012bvi atdevis Savu dz\u012bv\u012bbu par mums. T\u0101 ir revolucion\u0101ra m\u012blest\u012bba \u2013 \u012bsta m\u012blest\u012bba, kas atdod pati sevi, jo nek\u0101ds cits variants to nekad nesp\u0113tu apmierin\u0101t.<\/p>\n<p>Ja Dieva beznosac\u012bjumu m\u012blest\u012bba velk m\u016bs pie Vi\u0146a, tad Vi\u0146a br\u012bni\u0161\u0137\u0101 \u017e\u0113last\u012bba izdz\u0113\u0161 m\u016bsu gr\u0113kus, un Vi\u0146a sp\u0113c\u012bgais upuris paver ce\u013cu, pa kuru varam ieiet Vi\u0146a kl\u0101tb\u016btn\u0113. Vi\u0146a m\u012blest\u012bba nekad nebeigsies, nekad neapst\u0101sies, nekad neatk\u0101psies no tevis. Ikreiz, kad j\u016bties nospiests vai nom\u0101kts, piemini Dieva lielo m\u012blest\u012bbu pret sevi.<\/p>\n<p><strong>L\u016bg\u0161anas piem\u0113rs<\/strong><\/p>\n<p><strong>\u201cDievs, Tava m\u012blest\u012bba mani p\u0101rsteidz. Ar\u012b tad, kad es to nesaj\u016btu, es zinu, ka Tava m\u012blest\u012bba nekad nebeigsies. Tu par mani atdevi Sevi visu, un bez maz\u0101k\u0101s \u0161aubu \u0113nas es zinu, ka Tu mani m\u012bli.\u201d<\/strong><\/p>\n","protected":false},"excerpt":{"rendered":"<p>Reiz\u0113m, kad dz\u012bve k\u013c\u016bst p\u0101r\u0101k gr\u016bta, lab\u0101kais, ko varam dar\u012bt, ir atg\u0101din\u0101t sev par Dieva m\u012blest\u012bbas b\u016bt\u012bbu.<\/p>\n","protected":false},"author":19,"featured_media":801,"parent":0,"menu_order":0,"comment_status":"closed","ping_status":"closed","template":"","class_list":["post-800","devotional","type-devotional","status-publish","has-post-thumbnail","hentry"],"acf":[],"appp":{"post_detail":{"above_title":"<div class=\"post-featured-wrap\"><img width=\"960\" height=\"540\" src=\"https:\/\/tv.joycemeyer.org\/latviesu\/wp-content\/uploads\/sites\/41\/2021\/09\/1530.jpg\" class=\"post-featured wp-post-image\" alt=\"Dieva m\u012blest\u012bbas b\u016bt\u012bba\" decoding=\"async\" srcset=\"https:\/\/tv.joycemeyer.org\/latviesu\/wp-content\/uploads\/sites\/41\/2021\/09\/1530.jpg 960w, https:\/\/tv.joycemeyer.org\/latviesu\/wp-content\/uploads\/sites\/41\/2021\/09\/1530-300x169.jpg 300w, https:\/\/tv.joycemeyer.org\/latviesu\/wp-content\/uploads\/sites\/41\/2021\/09\/1530-768x432.jpg 768w, https:\/\/tv.joycemeyer.org\/latviesu\/wp-content\/uploads\/sites\/41\/2021\/09\/1530-640x360.jpg 640w\" sizes=\"(max-width: 960px) 100vw, 960px\" \/><\/div>","below_content":"<div class=\"follow\"><h6 class=\"alt\">Sazinieties ar mums<\/h6><ul class=\"nav nav--social nav--flex\"><li class=\"menu-item facebook\"><a href=\"https:\/\/www.facebook.com\/joycemeyerministrieslatvian\/\" target=\"_blank\"><span class=\"visuallyhidden\">Facebook<\/span><\/a><\/li><\/ul><\/div>"}},"yoast_head":"<!-- This site is optimized with the Yoast SEO plugin v27.4 - https:\/\/yoast.com\/product\/yoast-seo-wordpress\/ -->\n<title>Dieva m\u012blest\u012bbas b\u016bt\u012bba - Joyce Meyer Ministries - Latviesu<\/title>\n<meta name=\"robots\" content=\"index, follow, max-snippet:-1, max-image-preview:large, max-video-preview:-1\" \/>\n<link rel=\"canonical\" href=\"https:\/\/tv.joycemeyer.org\/latviesu\/devotional\/dieva-milestibas-butiba\/\" \/>\n<meta property=\"og:locale\" content=\"lv_LV\" \/>\n<meta property=\"og:type\" content=\"article\" \/>\n<meta property=\"og:title\" content=\"Dieva m\u012blest\u012bbas b\u016bt\u012bba - Joyce Meyer Ministries - Latviesu\" \/>\n<meta property=\"og:description\" content=\"Reiz\u0113m, kad dz\u012bve k\u013c\u016bst p\u0101r\u0101k gr\u016bta, lab\u0101kais, ko varam dar\u012bt, ir atg\u0101din\u0101t sev par Dieva m\u012blest\u012bbas b\u016bt\u012bbu.\" \/>\n<meta property=\"og:url\" content=\"https:\/\/tv.joycemeyer.org\/latviesu\/devotional\/dieva-milestibas-butiba\/\" \/>\n<meta property=\"og:site_name\" content=\"Joyce Meyer Ministries - Latviesu\" \/>\n<meta property=\"article:publisher\" content=\"https:\/\/www.facebook.com\/joycemeyerministrieslatvian\/\" \/>\n<meta property=\"article:modified_time\" content=\"2021-09-27T14:43:18+00:00\" \/>\n<meta property=\"og:image\" content=\"https:\/\/tv.joycemeyer.org\/latviesu\/wp-content\/uploads\/sites\/41\/2021\/09\/1530.jpg\" \/>\n\t<meta property=\"og:image:width\" content=\"960\" \/>\n\t<meta property=\"og:image:height\" content=\"540\" \/>\n\t<meta property=\"og:image:type\" content=\"image\/jpeg\" \/>\n<meta name=\"twitter:card\" content=\"summary_large_image\" \/>\n<meta name=\"twitter:label1\" content=\"Est. reading time\" \/>\n\t<meta name=\"twitter:data1\" content=\"1 min\u016bte\" \/>\n<script type=\"application\/ld+json\" class=\"yoast-schema-graph\">{\"@context\":\"https:\\\/\\\/schema.org\",\"@graph\":[{\"@type\":\"WebPage\",\"@id\":\"https:\\\/\\\/tv.joycemeyer.org\\\/latviesu\\\/devotional\\\/dieva-milestibas-butiba\\\/\",\"url\":\"https:\\\/\\\/tv.joycemeyer.org\\\/latviesu\\\/devotional\\\/dieva-milestibas-butiba\\\/\",\"name\":\"Dieva m\u012blest\u012bbas b\u016bt\u012bba - Joyce Meyer Ministries - Latviesu\",\"isPartOf\":{\"@id\":\"https:\\\/\\\/tv.joycemeyer.org\\\/latviesu\\\/#website\"},\"primaryImageOfPage\":{\"@id\":\"https:\\\/\\\/tv.joycemeyer.org\\\/latviesu\\\/devotional\\\/dieva-milestibas-butiba\\\/#primaryimage\"},\"image\":{\"@id\":\"https:\\\/\\\/tv.joycemeyer.org\\\/latviesu\\\/devotional\\\/dieva-milestibas-butiba\\\/#primaryimage\"},\"thumbnailUrl\":\"https:\\\/\\\/tv.joycemeyer.org\\\/latviesu\\\/wp-content\\\/uploads\\\/sites\\\/41\\\/2021\\\/09\\\/1530.jpg\",\"datePublished\":\"2021-07-30T00:01:22+00:00\",\"dateModified\":\"2021-09-27T14:43:18+00:00\",\"breadcrumb\":{\"@id\":\"https:\\\/\\\/tv.joycemeyer.org\\\/latviesu\\\/devotional\\\/dieva-milestibas-butiba\\\/#breadcrumb\"},\"inLanguage\":\"lv-LV\",\"potentialAction\":[{\"@type\":\"ReadAction\",\"target\":[\"https:\\\/\\\/tv.joycemeyer.org\\\/latviesu\\\/devotional\\\/dieva-milestibas-butiba\\\/\"]}]},{\"@type\":\"ImageObject\",\"inLanguage\":\"lv-LV\",\"@id\":\"https:\\\/\\\/tv.joycemeyer.org\\\/latviesu\\\/devotional\\\/dieva-milestibas-butiba\\\/#primaryimage\",\"url\":\"https:\\\/\\\/tv.joycemeyer.org\\\/latviesu\\\/wp-content\\\/uploads\\\/sites\\\/41\\\/2021\\\/09\\\/1530.jpg\",\"contentUrl\":\"https:\\\/\\\/tv.joycemeyer.org\\\/latviesu\\\/wp-content\\\/uploads\\\/sites\\\/41\\\/2021\\\/09\\\/1530.jpg\",\"width\":960,\"height\":540,\"caption\":\"Dieva m\u012blest\u012bbas b\u016bt\u012bba\"},{\"@type\":\"BreadcrumbList\",\"@id\":\"https:\\\/\\\/tv.joycemeyer.org\\\/latviesu\\\/devotional\\\/dieva-milestibas-butiba\\\/#breadcrumb\",\"itemListElement\":[{\"@type\":\"ListItem\",\"position\":1,\"name\":\"Home\",\"item\":\"https:\\\/\\\/tv.joycemeyer.org\\\/latviesu\\\/\"},{\"@type\":\"ListItem\",\"position\":2,\"name\":\"Devotional\",\"item\":\"https:\\\/\\\/tv.joycemeyer.org\\\/latviesu\\\/devotional\\\/\"},{\"@type\":\"ListItem\",\"position\":3,\"name\":\"Dieva m\u012blest\u012bbas b\u016bt\u012bba\"}]},{\"@type\":\"WebSite\",\"@id\":\"https:\\\/\\\/tv.joycemeyer.org\\\/latviesu\\\/#website\",\"url\":\"https:\\\/\\\/tv.joycemeyer.org\\\/latviesu\\\/\",\"name\":\"Joyce Meyer Ministries - Latviesu\",\"description\":\"Sludin\u0101m Kristu \u2013 M\u012blam Cilv\u0113kus\",\"potentialAction\":[{\"@type\":\"SearchAction\",\"target\":{\"@type\":\"EntryPoint\",\"urlTemplate\":\"https:\\\/\\\/tv.joycemeyer.org\\\/latviesu\\\/?s={search_term_string}\"},\"query-input\":{\"@type\":\"PropertyValueSpecification\",\"valueRequired\":true,\"valueName\":\"search_term_string\"}}],\"inLanguage\":\"lv-LV\"}]}<\/script>\n<!-- \/ Yoast SEO plugin. -->","yoast_head_json":{"title":"Dieva m\u012blest\u012bbas b\u016bt\u012bba - Joyce Meyer Ministries - Latviesu","robots":{"index":"index","follow":"follow","max-snippet":"max-snippet:-1","max-image-preview":"max-image-preview:large","max-video-preview":"max-video-preview:-1"},"canonical":"https:\/\/tv.joycemeyer.org\/latviesu\/devotional\/dieva-milestibas-butiba\/","og_locale":"lv_LV","og_type":"article","og_title":"Dieva m\u012blest\u012bbas b\u016bt\u012bba - Joyce Meyer Ministries - Latviesu","og_description":"Reiz\u0113m, kad dz\u012bve k\u013c\u016bst p\u0101r\u0101k gr\u016bta, lab\u0101kais, ko varam dar\u012bt, ir atg\u0101din\u0101t sev par Dieva m\u012blest\u012bbas b\u016bt\u012bbu.","og_url":"https:\/\/tv.joycemeyer.org\/latviesu\/devotional\/dieva-milestibas-butiba\/","og_site_name":"Joyce Meyer Ministries - Latviesu","article_publisher":"https:\/\/www.facebook.com\/joycemeyerministrieslatvian\/","article_modified_time":"2021-09-27T14:43:18+00:00","og_image":[{"width":960,"height":540,"url":"https:\/\/tv.joycemeyer.org\/latviesu\/wp-content\/uploads\/sites\/41\/2021\/09\/1530.jpg","type":"image\/jpeg"}],"twitter_card":"summary_large_image","twitter_misc":{"Est. reading time":"1 min\u016bte"},"schema":{"@context":"https:\/\/schema.org","@graph":[{"@type":"WebPage","@id":"https:\/\/tv.joycemeyer.org\/latviesu\/devotional\/dieva-milestibas-butiba\/","url":"https:\/\/tv.joycemeyer.org\/latviesu\/devotional\/dieva-milestibas-butiba\/","name":"Dieva m\u012blest\u012bbas b\u016bt\u012bba - Joyce Meyer Ministries - Latviesu","isPartOf":{"@id":"https:\/\/tv.joycemeyer.org\/latviesu\/#website"},"primaryImageOfPage":{"@id":"https:\/\/tv.joycemeyer.org\/latviesu\/devotional\/dieva-milestibas-butiba\/#primaryimage"},"image":{"@id":"https:\/\/tv.joycemeyer.org\/latviesu\/devotional\/dieva-milestibas-butiba\/#primaryimage"},"thumbnailUrl":"https:\/\/tv.joycemeyer.org\/latviesu\/wp-content\/uploads\/sites\/41\/2021\/09\/1530.jpg","datePublished":"2021-07-30T00:01:22+00:00","dateModified":"2021-09-27T14:43:18+00:00","breadcrumb":{"@id":"https:\/\/tv.joycemeyer.org\/latviesu\/devotional\/dieva-milestibas-butiba\/#breadcrumb"},"inLanguage":"lv-LV","potentialAction":[{"@type":"ReadAction","target":["https:\/\/tv.joycemeyer.org\/latviesu\/devotional\/dieva-milestibas-butiba\/"]}]},{"@type":"ImageObject","inLanguage":"lv-LV","@id":"https:\/\/tv.joycemeyer.org\/latviesu\/devotional\/dieva-milestibas-butiba\/#primaryimage","url":"https:\/\/tv.joycemeyer.org\/latviesu\/wp-content\/uploads\/sites\/41\/2021\/09\/1530.jpg","contentUrl":"https:\/\/tv.joycemeyer.org\/latviesu\/wp-content\/uploads\/sites\/41\/2021\/09\/1530.jpg","width":960,"height":540,"caption":"Dieva m\u012blest\u012bbas b\u016bt\u012bba"},{"@type":"BreadcrumbList","@id":"https:\/\/tv.joycemeyer.org\/latviesu\/devotional\/dieva-milestibas-butiba\/#breadcrumb","itemListElement":[{"@type":"ListItem","position":1,"name":"Home","item":"https:\/\/tv.joycemeyer.org\/latviesu\/"},{"@type":"ListItem","position":2,"name":"Devotional","item":"https:\/\/tv.joycemeyer.org\/latviesu\/devotional\/"},{"@type":"ListItem","position":3,"name":"Dieva m\u012blest\u012bbas b\u016bt\u012bba"}]},{"@type":"WebSite","@id":"https:\/\/tv.joycemeyer.org\/latviesu\/#website","url":"https:\/\/tv.joycemeyer.org\/latviesu\/","name":"Joyce Meyer Ministries - Latviesu","description":"Sludin\u0101m Kristu \u2013 M\u012blam Cilv\u0113kus","potentialAction":[{"@type":"SearchAction","target":{"@type":"EntryPoint","urlTemplate":"https:\/\/tv.joycemeyer.org\/latviesu\/?s={search_term_string}"},"query-input":{"@type":"PropertyValueSpecification","valueRequired":true,"valueName":"search_term_string"}}],"inLanguage":"lv-LV"}]}},"_links":{"self":[{"href":"https:\/\/tv.joycemeyer.org\/latviesu\/wp-json\/wp\/v2\/devotional\/800","targetHints":{"allow":["GET"]}}],"collection":[{"href":"https:\/\/tv.joycemeyer.org\/latviesu\/wp-json\/wp\/v2\/devotional"}],"about":[{"href":"https:\/\/tv.joycemeyer.org\/latviesu\/wp-json\/wp\/v2\/types\/devotional"}],"author":[{"embeddable":true,"href":"https:\/\/tv.joycemeyer.org\/latviesu\/wp-json\/wp\/v2\/users\/19"}],"replies":[{"embeddable":true,"href":"https:\/\/tv.joycemeyer.org\/latviesu\/wp-json\/wp\/v2\/comments?post=800"}],"wp:featuredmedia":[{"embeddable":true,"href":"https:\/\/tv.joycemeyer.org\/latviesu\/wp-json\/wp\/v2\/media\/801"}],"wp:attachment":[{"href":"https:\/\/tv.joycemeyer.org\/latviesu\/wp-json\/wp\/v2\/media?parent=800"}],"curies":[{"name":"wp","href":"https:\/\/api.w.org\/{rel}","templated":true}]}}