{"id":822,"date":"2021-08-10T00:01:47","date_gmt":"2021-08-10T00:01:47","guid":{"rendered":"https:\/\/tv.joycemeyer.org\/latviesu\/?post_type=devotional&#038;p=822"},"modified":"2021-09-27T15:39:23","modified_gmt":"2021-09-27T15:39:23","slug":"neesi-aiznemts-bet-gan-augligs","status":"publish","type":"devotional","link":"https:\/\/tv.joycemeyer.org\/latviesu\/devotional\/neesi-aiznemts-bet-gan-augligs\/","title":{"rendered":"Neesi aiz\u0146emts, bet gan augl\u012bgs"},"content":{"rendered":"<p><strong>\u201cUn, kur ir daudz sap\u0146u, tur ir ar\u012b daudz velt\u012bgu un tuk\u0161u v\u0101rdu, tur ir niec\u012bba.\u201d \u2014 Salamans m\u0101c\u012bt\u0101js 5:3<\/strong><\/p>\n<p>Vai tu esi aiz\u0146emts ar \u201edarbiem\u201d, kas nenes aug\u013cus? Vai aiz\u0146emt\u012bba zog tavu mieru?<\/p>\n<p>Reiz es dzird\u0113ju st\u0101stu par k\u0101du sargu, kura uzdevums bija uzraudz\u012bt konkr\u0113tu \u012bpa\u0161uma gabalu Bekingemas pil\u012b, Anglij\u0101. \u0160is \u012bpa\u0161uma gabals ir ticis apsarg\u0101ts jau 100 gadus, divdesmit \u010detras stundas diennakt\u012b.<\/p>\n<p>L\u012bdz beidzot k\u0101ds pavaic\u0101ja: \u201eKo \u012bsti tu sarg\u0101?\u201d Vi\u0146\u0161 nezin\u0101ja, ko atbild\u0113t, vien noteica, ka \u0161o vietu apsarg\u0101 jau simts gadus.<\/p>\n<p>Izr\u0101d\u012bj\u0101s, ka pirms 100 gadiem karaliene \u0161aj\u0101 pils st\u016br\u012bt\u012b bija iest\u0101d\u012bjusi ro\u017eu kr\u016bmu un grib\u0113ja nodro\u0161in\u0101ties, ka tas tie\u0161\u0101m augtu. Tagad veselu gadsimtu v\u0113l\u0101k, \u0161aj\u0101 viet\u0101, kur k\u0101dreiz bija audzis ro\u017eu kr\u016bms, st\u0101v sargs, sarg\u0101dams neko.<\/p>\n<p>Vai ar\u012b tu dari t\u0101dus darbus, par kuru nepiecie\u0161am\u012bbu vairs neesi p\u0101rliecin\u0101ts? Dievs nekad nav aicin\u0101jis m\u016bs uz aiz\u0146emt\u012bbu. Vi\u0146\u0161 aicina m\u016bs nest aug\u013cus. Bezj\u0113dz\u012bga darbo\u0161an\u0101s nenes aug\u013cus, vien nogurdina un uztrauc.<\/p>\n<p>Es tevi iedro\u0161inu p\u0101rskat\u012bt savus ikdienas darbus. Iesp\u0113jams, tu dari ko t\u0101du, ko Dievs nemaz tev nav l\u016bdzis, vai ar\u012b, ko Vi\u0146\u0161 vairs no tevis nesagaida. \u013bauj, lai Sv\u0113tais Gars par\u0101da tev, k\u0101 atbr\u012bvoties no aiz\u0146emt\u012bbas un nest vair\u0101k aug\u013cu.<\/p>\n<p><strong>L\u016bg\u0161anas piem\u0113rs<\/strong><\/p>\n<p><strong>\u201cSv\u0113tais Gars, pal\u012bdzi man p\u0101rl\u016bkot savu dz\u012bvi un atteikties no bezj\u0113dz\u012bgas darbo\u0161an\u0101s. Es negribu b\u016bt aiz\u0146emts. Par\u0101di, k\u0101 dz\u012bvot augl\u012bg\u0101ku dz\u012bvi.\u201d<\/strong><\/p>\n","protected":false},"excerpt":{"rendered":"<p>Vai tu esi aiz\u0146emts ar \u201edarbiem\u201d, kas nenes aug\u013cus? Vai aiz\u0146emt\u012bba zog tavu mieru?<\/p>\n","protected":false},"author":19,"featured_media":823,"parent":0,"menu_order":0,"comment_status":"closed","ping_status":"closed","template":"","class_list":["post-822","devotional","type-devotional","status-publish","has-post-thumbnail","hentry"],"acf":[],"appp":{"post_detail":{"above_title":"<div class=\"post-featured-wrap\"><img width=\"960\" height=\"540\" src=\"https:\/\/tv.joycemeyer.org\/latviesu\/wp-content\/uploads\/sites\/41\/2021\/08\/1292.jpg\" class=\"post-featured wp-post-image\" alt=\"Neesi aiz\u0146emts, bet gan augl\u012bgs\" decoding=\"async\" srcset=\"https:\/\/tv.joycemeyer.org\/latviesu\/wp-content\/uploads\/sites\/41\/2021\/08\/1292.jpg 960w, https:\/\/tv.joycemeyer.org\/latviesu\/wp-content\/uploads\/sites\/41\/2021\/08\/1292-300x169.jpg 300w, https:\/\/tv.joycemeyer.org\/latviesu\/wp-content\/uploads\/sites\/41\/2021\/08\/1292-768x432.jpg 768w, https:\/\/tv.joycemeyer.org\/latviesu\/wp-content\/uploads\/sites\/41\/2021\/08\/1292-640x360.jpg 640w\" sizes=\"(max-width: 960px) 100vw, 960px\" \/><\/div>","below_content":"<div class=\"follow\"><h6 class=\"alt\">Sazinieties ar mums<\/h6><ul class=\"nav nav--social nav--flex\"><li class=\"menu-item facebook\"><a href=\"https:\/\/www.facebook.com\/joycemeyerministrieslatvian\/\" target=\"_blank\"><span class=\"visuallyhidden\">Facebook<\/span><\/a><\/li><\/ul><\/div>"}},"yoast_head":"<!-- This site is optimized with the Yoast SEO plugin v27.4 - https:\/\/yoast.com\/product\/yoast-seo-wordpress\/ -->\n<title>Neesi aiz\u0146emts, bet gan augl\u012bgs - Joyce Meyer Ministries - Latviesu<\/title>\n<meta name=\"robots\" content=\"index, follow, max-snippet:-1, max-image-preview:large, max-video-preview:-1\" \/>\n<link rel=\"canonical\" href=\"https:\/\/tv.joycemeyer.org\/latviesu\/devotional\/neesi-aiznemts-bet-gan-augligs\/\" \/>\n<meta property=\"og:locale\" content=\"lv_LV\" \/>\n<meta property=\"og:type\" content=\"article\" \/>\n<meta property=\"og:title\" content=\"Neesi aiz\u0146emts, bet gan augl\u012bgs - Joyce Meyer Ministries - Latviesu\" \/>\n<meta property=\"og:description\" content=\"Vai tu esi aiz\u0146emts ar \u201edarbiem\u201d, kas nenes aug\u013cus? Vai aiz\u0146emt\u012bba zog tavu mieru?\" \/>\n<meta property=\"og:url\" content=\"https:\/\/tv.joycemeyer.org\/latviesu\/devotional\/neesi-aiznemts-bet-gan-augligs\/\" \/>\n<meta property=\"og:site_name\" content=\"Joyce Meyer Ministries - Latviesu\" \/>\n<meta property=\"article:publisher\" content=\"https:\/\/www.facebook.com\/joycemeyerministrieslatvian\/\" \/>\n<meta property=\"article:modified_time\" content=\"2021-09-27T15:39:23+00:00\" \/>\n<meta property=\"og:image\" content=\"https:\/\/tv.joycemeyer.org\/latviesu\/wp-content\/uploads\/sites\/41\/2021\/08\/1292.jpg\" \/>\n\t<meta property=\"og:image:width\" content=\"960\" \/>\n\t<meta property=\"og:image:height\" content=\"540\" \/>\n\t<meta property=\"og:image:type\" content=\"image\/jpeg\" \/>\n<meta name=\"twitter:card\" content=\"summary_large_image\" \/>\n<meta name=\"twitter:label1\" content=\"Est. reading time\" \/>\n\t<meta name=\"twitter:data1\" content=\"1 min\u016bte\" \/>\n<script type=\"application\/ld+json\" class=\"yoast-schema-graph\">{\"@context\":\"https:\\\/\\\/schema.org\",\"@graph\":[{\"@type\":\"WebPage\",\"@id\":\"https:\\\/\\\/tv.joycemeyer.org\\\/latviesu\\\/devotional\\\/neesi-aiznemts-bet-gan-augligs\\\/\",\"url\":\"https:\\\/\\\/tv.joycemeyer.org\\\/latviesu\\\/devotional\\\/neesi-aiznemts-bet-gan-augligs\\\/\",\"name\":\"Neesi aiz\u0146emts, bet gan augl\u012bgs - Joyce Meyer Ministries - Latviesu\",\"isPartOf\":{\"@id\":\"https:\\\/\\\/tv.joycemeyer.org\\\/latviesu\\\/#website\"},\"primaryImageOfPage\":{\"@id\":\"https:\\\/\\\/tv.joycemeyer.org\\\/latviesu\\\/devotional\\\/neesi-aiznemts-bet-gan-augligs\\\/#primaryimage\"},\"image\":{\"@id\":\"https:\\\/\\\/tv.joycemeyer.org\\\/latviesu\\\/devotional\\\/neesi-aiznemts-bet-gan-augligs\\\/#primaryimage\"},\"thumbnailUrl\":\"https:\\\/\\\/tv.joycemeyer.org\\\/latviesu\\\/wp-content\\\/uploads\\\/sites\\\/41\\\/2021\\\/08\\\/1292.jpg\",\"datePublished\":\"2021-08-10T00:01:47+00:00\",\"dateModified\":\"2021-09-27T15:39:23+00:00\",\"breadcrumb\":{\"@id\":\"https:\\\/\\\/tv.joycemeyer.org\\\/latviesu\\\/devotional\\\/neesi-aiznemts-bet-gan-augligs\\\/#breadcrumb\"},\"inLanguage\":\"lv-LV\",\"potentialAction\":[{\"@type\":\"ReadAction\",\"target\":[\"https:\\\/\\\/tv.joycemeyer.org\\\/latviesu\\\/devotional\\\/neesi-aiznemts-bet-gan-augligs\\\/\"]}]},{\"@type\":\"ImageObject\",\"inLanguage\":\"lv-LV\",\"@id\":\"https:\\\/\\\/tv.joycemeyer.org\\\/latviesu\\\/devotional\\\/neesi-aiznemts-bet-gan-augligs\\\/#primaryimage\",\"url\":\"https:\\\/\\\/tv.joycemeyer.org\\\/latviesu\\\/wp-content\\\/uploads\\\/sites\\\/41\\\/2021\\\/08\\\/1292.jpg\",\"contentUrl\":\"https:\\\/\\\/tv.joycemeyer.org\\\/latviesu\\\/wp-content\\\/uploads\\\/sites\\\/41\\\/2021\\\/08\\\/1292.jpg\",\"width\":960,\"height\":540,\"caption\":\"Neesi aiz\u0146emts, bet gan augl\u012bgs\"},{\"@type\":\"BreadcrumbList\",\"@id\":\"https:\\\/\\\/tv.joycemeyer.org\\\/latviesu\\\/devotional\\\/neesi-aiznemts-bet-gan-augligs\\\/#breadcrumb\",\"itemListElement\":[{\"@type\":\"ListItem\",\"position\":1,\"name\":\"Home\",\"item\":\"https:\\\/\\\/tv.joycemeyer.org\\\/latviesu\\\/\"},{\"@type\":\"ListItem\",\"position\":2,\"name\":\"Devotional\",\"item\":\"https:\\\/\\\/tv.joycemeyer.org\\\/latviesu\\\/devotional\\\/\"},{\"@type\":\"ListItem\",\"position\":3,\"name\":\"Neesi aiz\u0146emts, bet gan augl\u012bgs\"}]},{\"@type\":\"WebSite\",\"@id\":\"https:\\\/\\\/tv.joycemeyer.org\\\/latviesu\\\/#website\",\"url\":\"https:\\\/\\\/tv.joycemeyer.org\\\/latviesu\\\/\",\"name\":\"Joyce Meyer Ministries - Latviesu\",\"description\":\"Sludin\u0101m Kristu \u2013 M\u012blam Cilv\u0113kus\",\"potentialAction\":[{\"@type\":\"SearchAction\",\"target\":{\"@type\":\"EntryPoint\",\"urlTemplate\":\"https:\\\/\\\/tv.joycemeyer.org\\\/latviesu\\\/?s={search_term_string}\"},\"query-input\":{\"@type\":\"PropertyValueSpecification\",\"valueRequired\":true,\"valueName\":\"search_term_string\"}}],\"inLanguage\":\"lv-LV\"}]}<\/script>\n<!-- \/ Yoast SEO plugin. -->","yoast_head_json":{"title":"Neesi aiz\u0146emts, bet gan augl\u012bgs - Joyce Meyer Ministries - Latviesu","robots":{"index":"index","follow":"follow","max-snippet":"max-snippet:-1","max-image-preview":"max-image-preview:large","max-video-preview":"max-video-preview:-1"},"canonical":"https:\/\/tv.joycemeyer.org\/latviesu\/devotional\/neesi-aiznemts-bet-gan-augligs\/","og_locale":"lv_LV","og_type":"article","og_title":"Neesi aiz\u0146emts, bet gan augl\u012bgs - Joyce Meyer Ministries - Latviesu","og_description":"Vai tu esi aiz\u0146emts ar \u201edarbiem\u201d, kas nenes aug\u013cus? Vai aiz\u0146emt\u012bba zog tavu mieru?","og_url":"https:\/\/tv.joycemeyer.org\/latviesu\/devotional\/neesi-aiznemts-bet-gan-augligs\/","og_site_name":"Joyce Meyer Ministries - Latviesu","article_publisher":"https:\/\/www.facebook.com\/joycemeyerministrieslatvian\/","article_modified_time":"2021-09-27T15:39:23+00:00","og_image":[{"width":960,"height":540,"url":"https:\/\/tv.joycemeyer.org\/latviesu\/wp-content\/uploads\/sites\/41\/2021\/08\/1292.jpg","type":"image\/jpeg"}],"twitter_card":"summary_large_image","twitter_misc":{"Est. reading time":"1 min\u016bte"},"schema":{"@context":"https:\/\/schema.org","@graph":[{"@type":"WebPage","@id":"https:\/\/tv.joycemeyer.org\/latviesu\/devotional\/neesi-aiznemts-bet-gan-augligs\/","url":"https:\/\/tv.joycemeyer.org\/latviesu\/devotional\/neesi-aiznemts-bet-gan-augligs\/","name":"Neesi aiz\u0146emts, bet gan augl\u012bgs - Joyce Meyer Ministries - Latviesu","isPartOf":{"@id":"https:\/\/tv.joycemeyer.org\/latviesu\/#website"},"primaryImageOfPage":{"@id":"https:\/\/tv.joycemeyer.org\/latviesu\/devotional\/neesi-aiznemts-bet-gan-augligs\/#primaryimage"},"image":{"@id":"https:\/\/tv.joycemeyer.org\/latviesu\/devotional\/neesi-aiznemts-bet-gan-augligs\/#primaryimage"},"thumbnailUrl":"https:\/\/tv.joycemeyer.org\/latviesu\/wp-content\/uploads\/sites\/41\/2021\/08\/1292.jpg","datePublished":"2021-08-10T00:01:47+00:00","dateModified":"2021-09-27T15:39:23+00:00","breadcrumb":{"@id":"https:\/\/tv.joycemeyer.org\/latviesu\/devotional\/neesi-aiznemts-bet-gan-augligs\/#breadcrumb"},"inLanguage":"lv-LV","potentialAction":[{"@type":"ReadAction","target":["https:\/\/tv.joycemeyer.org\/latviesu\/devotional\/neesi-aiznemts-bet-gan-augligs\/"]}]},{"@type":"ImageObject","inLanguage":"lv-LV","@id":"https:\/\/tv.joycemeyer.org\/latviesu\/devotional\/neesi-aiznemts-bet-gan-augligs\/#primaryimage","url":"https:\/\/tv.joycemeyer.org\/latviesu\/wp-content\/uploads\/sites\/41\/2021\/08\/1292.jpg","contentUrl":"https:\/\/tv.joycemeyer.org\/latviesu\/wp-content\/uploads\/sites\/41\/2021\/08\/1292.jpg","width":960,"height":540,"caption":"Neesi aiz\u0146emts, bet gan augl\u012bgs"},{"@type":"BreadcrumbList","@id":"https:\/\/tv.joycemeyer.org\/latviesu\/devotional\/neesi-aiznemts-bet-gan-augligs\/#breadcrumb","itemListElement":[{"@type":"ListItem","position":1,"name":"Home","item":"https:\/\/tv.joycemeyer.org\/latviesu\/"},{"@type":"ListItem","position":2,"name":"Devotional","item":"https:\/\/tv.joycemeyer.org\/latviesu\/devotional\/"},{"@type":"ListItem","position":3,"name":"Neesi aiz\u0146emts, bet gan augl\u012bgs"}]},{"@type":"WebSite","@id":"https:\/\/tv.joycemeyer.org\/latviesu\/#website","url":"https:\/\/tv.joycemeyer.org\/latviesu\/","name":"Joyce Meyer Ministries - Latviesu","description":"Sludin\u0101m Kristu \u2013 M\u012blam Cilv\u0113kus","potentialAction":[{"@type":"SearchAction","target":{"@type":"EntryPoint","urlTemplate":"https:\/\/tv.joycemeyer.org\/latviesu\/?s={search_term_string}"},"query-input":{"@type":"PropertyValueSpecification","valueRequired":true,"valueName":"search_term_string"}}],"inLanguage":"lv-LV"}]}},"_links":{"self":[{"href":"https:\/\/tv.joycemeyer.org\/latviesu\/wp-json\/wp\/v2\/devotional\/822","targetHints":{"allow":["GET"]}}],"collection":[{"href":"https:\/\/tv.joycemeyer.org\/latviesu\/wp-json\/wp\/v2\/devotional"}],"about":[{"href":"https:\/\/tv.joycemeyer.org\/latviesu\/wp-json\/wp\/v2\/types\/devotional"}],"author":[{"embeddable":true,"href":"https:\/\/tv.joycemeyer.org\/latviesu\/wp-json\/wp\/v2\/users\/19"}],"replies":[{"embeddable":true,"href":"https:\/\/tv.joycemeyer.org\/latviesu\/wp-json\/wp\/v2\/comments?post=822"}],"wp:featuredmedia":[{"embeddable":true,"href":"https:\/\/tv.joycemeyer.org\/latviesu\/wp-json\/wp\/v2\/media\/823"}],"wp:attachment":[{"href":"https:\/\/tv.joycemeyer.org\/latviesu\/wp-json\/wp\/v2\/media?parent=822"}],"curies":[{"name":"wp","href":"https:\/\/api.w.org\/{rel}","templated":true}]}}