{"id":1098,"date":"2026-04-24T00:01:33","date_gmt":"2026-04-24T00:01:33","guid":{"rendered":"https:\/\/tv.joycemeyer.org\/magyar\/?post_type=devotional&#038;p=1098"},"modified":"2026-04-20T18:18:13","modified_gmt":"2026-04-20T18:18:13","slug":"hogyan-kezeljuk-csalodast","status":"publish","type":"devotional","link":"https:\/\/tv.joycemeyer.org\/magyar\/devotional\/hogyan-kezeljuk-csalodast\/","title":{"rendered":"Hogyan kezelj\u00fck a csal\u00f3d\u00e1st?"},"content":{"rendered":"<blockquote><p>\u201eEngedelmeskedjetek az\u00e9rt az Istennek, de \u00e1lljatok ellen az \u00f6rd\u00f6gnek, \u00e9s elfut el\u0151letek.\u201d Jak 4:7<\/p><\/blockquote>\n<p>Sok kereszt\u00e9ny csal\u00f3dottan, depresszi\u00f3san hever az \u00fat ment\u00e9n, mert nem tanult\u00e1k meg kezelni a csal\u00f3d\u00e1st. Isten nem akarja, hogy csal\u00f3dott, depresszi\u00f3s, elcs\u00fcggedt \u00e9letet \u00e9lj!<\/p>\n<p>J\u00e9zus f\u00f6ldi szolg\u00e1lat\u00e1nak egy r\u00e9sze az volt, hogy sok helyre elment, \u00e9s a Szent Szellem kenete \u00e1ltal felszabad\u00edtotta mindazokat, akik az \u00f6rd\u00f6g elnyom\u00e1sa alatt \u00e9letek. A csal\u00f3dott emberekben pedig minden\u00fctt \u00faj rem\u00e9ny \u00e9ledt, amikor J\u00e9zus erej\u00e9vel tal\u00e1lkoztak. Ez az er\u0151 ma is el\u00e9rhet\u0151 sz\u00e1munkra.<\/p>\n<p>Ezt az er\u0151t haszn\u00e1lva megv\u00e9dheted magad a csal\u00f3d\u00e1sokt\u00f3l, \u00fagy, hogy Istenre koncentr\u00e1lsz, elm\u00e9lkedsz az \u00edg\u00e9retein, megvallod az Ig\u00e9t, \u00e9s im\u00e1ban \u00e1tadod magad \u00e9s a helyzetet Istennek. J\u00e9zus \u00e1ltal harcolhatsz az ellens\u00e9g elnyom\u00f3 pr\u00f3b\u00e1lkoz\u00e1sai ellen, rendreutas\u00edthatod \u0151t, hogy ne tudjon elpuszt\u00edtani.<\/p>\n<p>Lehets\u00e9ges annyira Istenre hangol\u00f3dnod, hogy amikor az \u00f6rd\u00f6g egy l\u00e9p\u00e9st tesz fel\u00e9d, azonnal felismered, mivel pr\u00f3b\u00e1lkozik; ellen\u00e1llhatsz neki, \u00e9s menek\u00fcl\u00e9sre k\u00e9nyszer\u00edtheted. Haszn\u00e1ld J\u00e9zus erej\u00e9t, ami \u00e1ltal nem marad m\u00e1s v\u00e1laszt\u00e1sa, mint elfutni el\u0151led.<\/p>\n<hr \/>\n<p>Ima: Istenem, az \u00e9letben t\u00f6rt\u00e9nnek csal\u00f3d\u00e1sra okot ad\u00f3 dolgok, de nem maradok csal\u00f3dott. R\u00e1d hangol\u00f3dok, ellen\u00e1llok az \u00f6rd\u00f6gnek, \u00e9s menek\u00fcl\u00e9sre k\u00e9nyszer\u00edtem minden alkalommal.<\/p>\n","protected":false},"excerpt":{"rendered":"<p>Sok kereszt\u00e9ny csal\u00f3dottan, depresszi\u00f3san hever az \u00fat ment\u00e9n, mert nem tanult\u00e1k meg kezelni a csal\u00f3d\u00e1st &#8230;<\/p>\n","protected":false},"author":15,"featured_media":1099,"parent":0,"menu_order":0,"comment_status":"closed","ping_status":"closed","template":"","class_list":["post-1098","devotional","type-devotional","status-publish","has-post-thumbnail","hentry"],"acf":[],"appp":{"post_detail":{"above_title":"<div class=\"post-featured-wrap\"><img width=\"960\" height=\"539\" src=\"https:\/\/tv.joycemeyer.org\/magyar\/wp-content\/uploads\/sites\/72\/2019\/04\/386.jpg\" class=\"post-featured wp-post-image\" alt=\"\" decoding=\"async\" srcset=\"https:\/\/tv.joycemeyer.org\/magyar\/wp-content\/uploads\/sites\/72\/2019\/04\/386.jpg 960w, https:\/\/tv.joycemeyer.org\/magyar\/wp-content\/uploads\/sites\/72\/2019\/04\/386-300x168.jpg 300w, https:\/\/tv.joycemeyer.org\/magyar\/wp-content\/uploads\/sites\/72\/2019\/04\/386-768x431.jpg 768w, https:\/\/tv.joycemeyer.org\/magyar\/wp-content\/uploads\/sites\/72\/2019\/04\/386-640x360.jpg 640w\" sizes=\"(max-width: 960px) 100vw, 960px\" \/><\/div>","below_content":"<div class=\"follow\"><h6 class=\"alt\">L\u00e9pj kapcsolatba vel\u00fcnk<\/h6><ul class=\"nav nav--social nav--flex\"><li class=\"menu-item facebook\"><a href=\"https:\/\/www.facebook.com\/JoyceMeyerMinistriesHungarian\/\" target=\"_blank\"><span class=\"visuallyhidden\">Facebook<\/span><\/a><\/li><li class=\"menu-item instagram\"><a href=\"https:\/\/www.instagram.com\/joycemeyerministriesmagyar\/\" target=\"_blank\"><span class=\"visuallyhidden\">Instagram<\/span><\/a><\/li><li class=\"menu-item youtube\"><a href=\"https:\/\/www.youtube.com\/channel\/UCoAjHvNztMybm-_7N0zdThg\" target=\"_blank\"><span class=\"visuallyhidden\">YouTube<\/span><\/a><\/li><\/ul><\/div>"}},"yoast_head":"<!-- This site is optimized with the Yoast SEO plugin v27.4 - https:\/\/yoast.com\/product\/yoast-seo-wordpress\/ -->\n<title>Hogyan kezelj\u00fck a csal\u00f3d\u00e1st? - Joyce Meyer Ministries - Magyar<\/title>\n<meta name=\"robots\" content=\"index, follow, max-snippet:-1, max-image-preview:large, max-video-preview:-1\" \/>\n<link rel=\"canonical\" href=\"https:\/\/tv.joycemeyer.org\/magyar\/devotional\/hogyan-kezeljuk-csalodast\/\" \/>\n<meta property=\"og:locale\" content=\"en_US\" \/>\n<meta property=\"og:type\" content=\"article\" \/>\n<meta property=\"og:title\" content=\"Hogyan kezelj\u00fck a csal\u00f3d\u00e1st? - Joyce Meyer Ministries - Magyar\" \/>\n<meta property=\"og:description\" content=\"Sok kereszt\u00e9ny csal\u00f3dottan, depresszi\u00f3san hever az \u00fat ment\u00e9n, mert nem tanult\u00e1k meg kezelni a csal\u00f3d\u00e1st ...\" \/>\n<meta property=\"og:url\" content=\"https:\/\/tv.joycemeyer.org\/magyar\/devotional\/hogyan-kezeljuk-csalodast\/\" \/>\n<meta property=\"og:site_name\" content=\"Joyce Meyer Ministries - Magyar\" \/>\n<meta property=\"article:publisher\" content=\"https:\/\/www.facebook.com\/JoyceMeyerMinistriesHungarian\/\" \/>\n<meta property=\"og:image\" content=\"https:\/\/tv.joycemeyer.org\/magyar\/wp-content\/uploads\/sites\/72\/2019\/04\/386.jpg\" \/>\n\t<meta property=\"og:image:width\" content=\"960\" \/>\n\t<meta property=\"og:image:height\" content=\"539\" \/>\n\t<meta property=\"og:image:type\" content=\"image\/jpeg\" \/>\n<meta name=\"twitter:card\" content=\"summary_large_image\" \/>\n<meta name=\"twitter:label1\" content=\"Est. reading time\" \/>\n\t<meta name=\"twitter:data1\" content=\"1 minute\" \/>\n<script type=\"application\/ld+json\" class=\"yoast-schema-graph\">{\"@context\":\"https:\\\/\\\/schema.org\",\"@graph\":[{\"@type\":\"WebPage\",\"@id\":\"https:\\\/\\\/tv.joycemeyer.org\\\/magyar\\\/devotional\\\/hogyan-kezeljuk-csalodast\\\/\",\"url\":\"https:\\\/\\\/tv.joycemeyer.org\\\/magyar\\\/devotional\\\/hogyan-kezeljuk-csalodast\\\/\",\"name\":\"Hogyan kezelj\u00fck a csal\u00f3d\u00e1st? - Joyce Meyer Ministries - Magyar\",\"isPartOf\":{\"@id\":\"https:\\\/\\\/tv.joycemeyer.org\\\/magyar\\\/#website\"},\"primaryImageOfPage\":{\"@id\":\"https:\\\/\\\/tv.joycemeyer.org\\\/magyar\\\/devotional\\\/hogyan-kezeljuk-csalodast\\\/#primaryimage\"},\"image\":{\"@id\":\"https:\\\/\\\/tv.joycemeyer.org\\\/magyar\\\/devotional\\\/hogyan-kezeljuk-csalodast\\\/#primaryimage\"},\"thumbnailUrl\":\"https:\\\/\\\/tv.joycemeyer.org\\\/magyar\\\/wp-content\\\/uploads\\\/sites\\\/72\\\/2019\\\/04\\\/386.jpg\",\"datePublished\":\"2026-04-24T00:01:33+00:00\",\"breadcrumb\":{\"@id\":\"https:\\\/\\\/tv.joycemeyer.org\\\/magyar\\\/devotional\\\/hogyan-kezeljuk-csalodast\\\/#breadcrumb\"},\"inLanguage\":\"en-US\",\"potentialAction\":[{\"@type\":\"ReadAction\",\"target\":[\"https:\\\/\\\/tv.joycemeyer.org\\\/magyar\\\/devotional\\\/hogyan-kezeljuk-csalodast\\\/\"]}]},{\"@type\":\"ImageObject\",\"inLanguage\":\"en-US\",\"@id\":\"https:\\\/\\\/tv.joycemeyer.org\\\/magyar\\\/devotional\\\/hogyan-kezeljuk-csalodast\\\/#primaryimage\",\"url\":\"https:\\\/\\\/tv.joycemeyer.org\\\/magyar\\\/wp-content\\\/uploads\\\/sites\\\/72\\\/2019\\\/04\\\/386.jpg\",\"contentUrl\":\"https:\\\/\\\/tv.joycemeyer.org\\\/magyar\\\/wp-content\\\/uploads\\\/sites\\\/72\\\/2019\\\/04\\\/386.jpg\",\"width\":960,\"height\":539,\"caption\":\"Hogyan kezelj\u00fck a csal\u00f3d\u00e1st?\"},{\"@type\":\"BreadcrumbList\",\"@id\":\"https:\\\/\\\/tv.joycemeyer.org\\\/magyar\\\/devotional\\\/hogyan-kezeljuk-csalodast\\\/#breadcrumb\",\"itemListElement\":[{\"@type\":\"ListItem\",\"position\":1,\"name\":\"Home\",\"item\":\"https:\\\/\\\/tv.joycemeyer.org\\\/magyar\\\/\"},{\"@type\":\"ListItem\",\"position\":2,\"name\":\"Devotional\",\"item\":\"https:\\\/\\\/tv.joycemeyer.org\\\/magyar\\\/devotional\\\/\"},{\"@type\":\"ListItem\",\"position\":3,\"name\":\"Hogyan kezelj\u00fck a csal\u00f3d\u00e1st?\"}]},{\"@type\":\"WebSite\",\"@id\":\"https:\\\/\\\/tv.joycemeyer.org\\\/magyar\\\/#website\",\"url\":\"https:\\\/\\\/tv.joycemeyer.org\\\/magyar\\\/\",\"name\":\"Joyce Meyer Ministries - Magyar\",\"description\":\"Hirdetj\u00fck Krisztust - Szeretj\u00fck az embereket\",\"potentialAction\":[{\"@type\":\"SearchAction\",\"target\":{\"@type\":\"EntryPoint\",\"urlTemplate\":\"https:\\\/\\\/tv.joycemeyer.org\\\/magyar\\\/?s={search_term_string}\"},\"query-input\":{\"@type\":\"PropertyValueSpecification\",\"valueRequired\":true,\"valueName\":\"search_term_string\"}}],\"inLanguage\":\"en-US\"}]}<\/script>\n<!-- \/ Yoast SEO plugin. -->","yoast_head_json":{"title":"Hogyan kezelj\u00fck a csal\u00f3d\u00e1st? - Joyce Meyer Ministries - Magyar","robots":{"index":"index","follow":"follow","max-snippet":"max-snippet:-1","max-image-preview":"max-image-preview:large","max-video-preview":"max-video-preview:-1"},"canonical":"https:\/\/tv.joycemeyer.org\/magyar\/devotional\/hogyan-kezeljuk-csalodast\/","og_locale":"en_US","og_type":"article","og_title":"Hogyan kezelj\u00fck a csal\u00f3d\u00e1st? - Joyce Meyer Ministries - Magyar","og_description":"Sok kereszt\u00e9ny csal\u00f3dottan, depresszi\u00f3san hever az \u00fat ment\u00e9n, mert nem tanult\u00e1k meg kezelni a csal\u00f3d\u00e1st ...","og_url":"https:\/\/tv.joycemeyer.org\/magyar\/devotional\/hogyan-kezeljuk-csalodast\/","og_site_name":"Joyce Meyer Ministries - Magyar","article_publisher":"https:\/\/www.facebook.com\/JoyceMeyerMinistriesHungarian\/","og_image":[{"width":960,"height":539,"url":"https:\/\/tv.joycemeyer.org\/magyar\/wp-content\/uploads\/sites\/72\/2019\/04\/386.jpg","type":"image\/jpeg"}],"twitter_card":"summary_large_image","twitter_misc":{"Est. reading time":"1 minute"},"schema":{"@context":"https:\/\/schema.org","@graph":[{"@type":"WebPage","@id":"https:\/\/tv.joycemeyer.org\/magyar\/devotional\/hogyan-kezeljuk-csalodast\/","url":"https:\/\/tv.joycemeyer.org\/magyar\/devotional\/hogyan-kezeljuk-csalodast\/","name":"Hogyan kezelj\u00fck a csal\u00f3d\u00e1st? - Joyce Meyer Ministries - Magyar","isPartOf":{"@id":"https:\/\/tv.joycemeyer.org\/magyar\/#website"},"primaryImageOfPage":{"@id":"https:\/\/tv.joycemeyer.org\/magyar\/devotional\/hogyan-kezeljuk-csalodast\/#primaryimage"},"image":{"@id":"https:\/\/tv.joycemeyer.org\/magyar\/devotional\/hogyan-kezeljuk-csalodast\/#primaryimage"},"thumbnailUrl":"https:\/\/tv.joycemeyer.org\/magyar\/wp-content\/uploads\/sites\/72\/2019\/04\/386.jpg","datePublished":"2026-04-24T00:01:33+00:00","breadcrumb":{"@id":"https:\/\/tv.joycemeyer.org\/magyar\/devotional\/hogyan-kezeljuk-csalodast\/#breadcrumb"},"inLanguage":"en-US","potentialAction":[{"@type":"ReadAction","target":["https:\/\/tv.joycemeyer.org\/magyar\/devotional\/hogyan-kezeljuk-csalodast\/"]}]},{"@type":"ImageObject","inLanguage":"en-US","@id":"https:\/\/tv.joycemeyer.org\/magyar\/devotional\/hogyan-kezeljuk-csalodast\/#primaryimage","url":"https:\/\/tv.joycemeyer.org\/magyar\/wp-content\/uploads\/sites\/72\/2019\/04\/386.jpg","contentUrl":"https:\/\/tv.joycemeyer.org\/magyar\/wp-content\/uploads\/sites\/72\/2019\/04\/386.jpg","width":960,"height":539,"caption":"Hogyan kezelj\u00fck a csal\u00f3d\u00e1st?"},{"@type":"BreadcrumbList","@id":"https:\/\/tv.joycemeyer.org\/magyar\/devotional\/hogyan-kezeljuk-csalodast\/#breadcrumb","itemListElement":[{"@type":"ListItem","position":1,"name":"Home","item":"https:\/\/tv.joycemeyer.org\/magyar\/"},{"@type":"ListItem","position":2,"name":"Devotional","item":"https:\/\/tv.joycemeyer.org\/magyar\/devotional\/"},{"@type":"ListItem","position":3,"name":"Hogyan kezelj\u00fck a csal\u00f3d\u00e1st?"}]},{"@type":"WebSite","@id":"https:\/\/tv.joycemeyer.org\/magyar\/#website","url":"https:\/\/tv.joycemeyer.org\/magyar\/","name":"Joyce Meyer Ministries - Magyar","description":"Hirdetj\u00fck Krisztust - Szeretj\u00fck az embereket","potentialAction":[{"@type":"SearchAction","target":{"@type":"EntryPoint","urlTemplate":"https:\/\/tv.joycemeyer.org\/magyar\/?s={search_term_string}"},"query-input":{"@type":"PropertyValueSpecification","valueRequired":true,"valueName":"search_term_string"}}],"inLanguage":"en-US"}]}},"_links":{"self":[{"href":"https:\/\/tv.joycemeyer.org\/magyar\/wp-json\/wp\/v2\/devotional\/1098","targetHints":{"allow":["GET"]}}],"collection":[{"href":"https:\/\/tv.joycemeyer.org\/magyar\/wp-json\/wp\/v2\/devotional"}],"about":[{"href":"https:\/\/tv.joycemeyer.org\/magyar\/wp-json\/wp\/v2\/types\/devotional"}],"author":[{"embeddable":true,"href":"https:\/\/tv.joycemeyer.org\/magyar\/wp-json\/wp\/v2\/users\/15"}],"replies":[{"embeddable":true,"href":"https:\/\/tv.joycemeyer.org\/magyar\/wp-json\/wp\/v2\/comments?post=1098"}],"wp:featuredmedia":[{"embeddable":true,"href":"https:\/\/tv.joycemeyer.org\/magyar\/wp-json\/wp\/v2\/media\/1099"}],"wp:attachment":[{"href":"https:\/\/tv.joycemeyer.org\/magyar\/wp-json\/wp\/v2\/media?parent=1098"}],"curies":[{"name":"wp","href":"https:\/\/api.w.org\/{rel}","templated":true}]}}