{"id":1116,"date":"2026-04-26T00:01:15","date_gmt":"2026-04-26T00:01:15","guid":{"rendered":"https:\/\/tv.joycemeyer.org\/magyar\/?post_type=devotional&#038;p=1116"},"modified":"2026-04-20T18:19:13","modified_gmt":"2026-04-20T18:19:13","slug":"segitseg-onmagad-elfogadasahoz","status":"publish","type":"devotional","link":"https:\/\/tv.joycemeyer.org\/magyar\/devotional\/segitseg-onmagad-elfogadasahoz\/","title":{"rendered":"Seg\u00edts\u00e9g \u00f6nmagad elfogad\u00e1s\u00e1hoz"},"content":{"rendered":"<blockquote><p>\u201e\u2026hit\u00fcnkben val\u00f3 k\u00f6z\u00f6ss\u00e9ged eljuttasson t\u00e9ged mindannak a j\u00f3nak a megismer\u00e9s\u00e9re, amely Krisztus\u00e9rt van benn\u00fcnk.\u201d Fil 1:6<\/p><\/blockquote>\n<p>Lehet, hogy nem gondolsz t\u00fal sokat magadr\u00f3l, de Isten szeretn\u00e9, ha tiszt\u00e1ban lenn\u00e9l azzal, hogy ki vagy Krisztusban \u00e9s szeretn\u00e9d \u00f6nmagad. \u00cdme, \u00f6t hasznos tan\u00e1cs, ami seg\u00edthet \u00f6nmagad elfogad\u00e1s\u00e1ban, \u00e9s annak a meger\u0151s\u00edt\u00e9s\u00e9ben, hogy ki is vagy Krisztusban:<\/p>\n<ol>\n<li>Soha ne besz\u00e9lj magadr\u00f3l negat\u00edvan! A hitedet akkor tudod hat\u00e9konyan kommunik\u00e1lni, ha felismered a Krisztus \u00e1ltal kapott j\u00f3 dolgot magadban, \u00e9s nem a gyenges\u00e9geidre \u00e9s a hib\u00e1idra koncentr\u00e1lsz.<\/li>\n<li>Ne hasonl\u00edtgasd magad m\u00e1sokhoz! P\u00e9ter elk\u00f6vette ezt a hib\u00e1t, amikor \u00f6sszehasonl\u00edtotta mag\u00e1t egy m\u00e1sik tan\u00edtv\u00e1nnyal. Azt mondta \u2026Uram, h\u00e1t vele mi lesz? J\u00e9zus \u00edgy v\u00e1laszolt: Ha akarom, hogy megmaradjon, am\u00edg elj\u00f6v\u00f6k, mit tartozik r\u00e1d?(Jn 21:21-22) Nem arra h\u00edvattunk, hogy \u00f6sszehasonl\u00edtsuk magunkat m\u00e1sokkal, hanem hogy kieg\u00e9sz\u00edts\u00fck egym\u00e1st.<\/li>\n<li>Hagyd, hogy Isten hat\u00e1rozza meg az \u00e9rt\u00e9kedet. Ne felejtsd el, J\u00e9zus miatt m\u00e1r elfogadott t\u00e9ged.<\/li>\n<li>A hib\u00e1idat j\u00f3 ir\u00e1nyb\u00f3l k\u00f6zel\u00edtsd meg! Fontos, hogy l\u00e1ssad, hol kell m\u00e9g fejl\u0151dn\u00f6d, de \u00e9rt\u00e9keld azt, amire m\u00e1r eljutott\u00e1l.<\/li>\n<li>Fedezd fel a magabiztoss\u00e1g igazi forr\u00e1s\u00e1t! Ha Istenbe helyezed a bizalmad, akkor eg\u00e9szs\u00e9ges hozz\u00e1\u00e1ll\u00e1sod lesz. Tedd a t\u0151led telhet\u0151 legjobbat, \u00e9s hagyd \u0150r\u00e1 az eredm\u00e9nyt.<\/li>\n<\/ol>\n<hr \/>\n<p>Ima: Istenem, k\u00f6sz\u00f6n\u00f6m, hogy elfogadsz, m\u00e9g akkor is, ha nekem neh\u00e9z elfogadnom magamat. Seg\u00edts, hogy elismerjem a j\u00f3 tulajdons\u00e1gaimat, amiket adt\u00e1l, \u00e9s a hib\u00e1imat pedig j\u00f3l k\u00f6zel\u00edtsem meg. Seg\u00edts, hogy a magabiztoss\u00e1gom Bel\u0151led fakadjon.<\/p>\n","protected":false},"excerpt":{"rendered":"<p>Lehet, hogy nem gondolsz t\u00fal sokat magadr\u00f3l, de Isten szeretn\u00e9, ha tiszt\u00e1ban lenn\u00e9l azzal &#8230;<\/p>\n","protected":false},"author":15,"featured_media":1117,"parent":0,"menu_order":0,"comment_status":"closed","ping_status":"closed","template":"","class_list":["post-1116","devotional","type-devotional","status-publish","has-post-thumbnail","hentry"],"acf":[],"appp":{"post_detail":{"above_title":"<div class=\"post-featured-wrap\"><img width=\"960\" height=\"639\" src=\"https:\/\/tv.joycemeyer.org\/magyar\/wp-content\/uploads\/sites\/72\/2019\/04\/622.jpg\" class=\"post-featured wp-post-image\" alt=\"\" decoding=\"async\" srcset=\"https:\/\/tv.joycemeyer.org\/magyar\/wp-content\/uploads\/sites\/72\/2019\/04\/622.jpg 960w, https:\/\/tv.joycemeyer.org\/magyar\/wp-content\/uploads\/sites\/72\/2019\/04\/622-300x200.jpg 300w, https:\/\/tv.joycemeyer.org\/magyar\/wp-content\/uploads\/sites\/72\/2019\/04\/622-768x511.jpg 768w\" sizes=\"(max-width: 960px) 100vw, 960px\" \/><\/div>","below_content":"<div class=\"follow\"><h6 class=\"alt\">L\u00e9pj kapcsolatba vel\u00fcnk<\/h6><ul class=\"nav nav--social nav--flex\"><li class=\"menu-item facebook\"><a href=\"https:\/\/www.facebook.com\/JoyceMeyerMinistriesHungarian\/\" target=\"_blank\"><span class=\"visuallyhidden\">Facebook<\/span><\/a><\/li><li class=\"menu-item instagram\"><a href=\"https:\/\/www.instagram.com\/joycemeyerministriesmagyar\/\" target=\"_blank\"><span class=\"visuallyhidden\">Instagram<\/span><\/a><\/li><li class=\"menu-item youtube\"><a href=\"https:\/\/www.youtube.com\/channel\/UCoAjHvNztMybm-_7N0zdThg\" target=\"_blank\"><span class=\"visuallyhidden\">YouTube<\/span><\/a><\/li><\/ul><\/div>"}},"yoast_head":"<!-- This site is optimized with the Yoast SEO plugin v27.4 - https:\/\/yoast.com\/product\/yoast-seo-wordpress\/ -->\n<title>Seg\u00edts\u00e9g \u00f6nmagad elfogad\u00e1s\u00e1hoz - Joyce Meyer Ministries - Magyar<\/title>\n<meta name=\"robots\" content=\"index, follow, max-snippet:-1, max-image-preview:large, max-video-preview:-1\" \/>\n<link rel=\"canonical\" href=\"https:\/\/tv.joycemeyer.org\/magyar\/devotional\/segitseg-onmagad-elfogadasahoz\/\" \/>\n<meta property=\"og:locale\" content=\"en_US\" \/>\n<meta property=\"og:type\" content=\"article\" \/>\n<meta property=\"og:title\" content=\"Seg\u00edts\u00e9g \u00f6nmagad elfogad\u00e1s\u00e1hoz - Joyce Meyer Ministries - Magyar\" \/>\n<meta property=\"og:description\" content=\"Lehet, hogy nem gondolsz t\u00fal sokat magadr\u00f3l, de Isten szeretn\u00e9, ha tiszt\u00e1ban lenn\u00e9l azzal ...\" \/>\n<meta property=\"og:url\" content=\"https:\/\/tv.joycemeyer.org\/magyar\/devotional\/segitseg-onmagad-elfogadasahoz\/\" \/>\n<meta property=\"og:site_name\" content=\"Joyce Meyer Ministries - Magyar\" \/>\n<meta property=\"article:publisher\" content=\"https:\/\/www.facebook.com\/JoyceMeyerMinistriesHungarian\/\" \/>\n<meta property=\"og:image\" content=\"https:\/\/tv.joycemeyer.org\/magyar\/wp-content\/uploads\/sites\/72\/2019\/04\/622.jpg\" \/>\n\t<meta property=\"og:image:width\" content=\"960\" \/>\n\t<meta property=\"og:image:height\" content=\"639\" \/>\n\t<meta property=\"og:image:type\" content=\"image\/jpeg\" \/>\n<meta name=\"twitter:card\" content=\"summary_large_image\" \/>\n<meta name=\"twitter:label1\" content=\"Est. reading time\" \/>\n\t<meta name=\"twitter:data1\" content=\"2 minutes\" \/>\n<script type=\"application\/ld+json\" class=\"yoast-schema-graph\">{\"@context\":\"https:\\\/\\\/schema.org\",\"@graph\":[{\"@type\":\"WebPage\",\"@id\":\"https:\\\/\\\/tv.joycemeyer.org\\\/magyar\\\/devotional\\\/segitseg-onmagad-elfogadasahoz\\\/\",\"url\":\"https:\\\/\\\/tv.joycemeyer.org\\\/magyar\\\/devotional\\\/segitseg-onmagad-elfogadasahoz\\\/\",\"name\":\"Seg\u00edts\u00e9g \u00f6nmagad elfogad\u00e1s\u00e1hoz - Joyce Meyer Ministries - Magyar\",\"isPartOf\":{\"@id\":\"https:\\\/\\\/tv.joycemeyer.org\\\/magyar\\\/#website\"},\"primaryImageOfPage\":{\"@id\":\"https:\\\/\\\/tv.joycemeyer.org\\\/magyar\\\/devotional\\\/segitseg-onmagad-elfogadasahoz\\\/#primaryimage\"},\"image\":{\"@id\":\"https:\\\/\\\/tv.joycemeyer.org\\\/magyar\\\/devotional\\\/segitseg-onmagad-elfogadasahoz\\\/#primaryimage\"},\"thumbnailUrl\":\"https:\\\/\\\/tv.joycemeyer.org\\\/magyar\\\/wp-content\\\/uploads\\\/sites\\\/72\\\/2019\\\/04\\\/622.jpg\",\"datePublished\":\"2026-04-26T00:01:15+00:00\",\"breadcrumb\":{\"@id\":\"https:\\\/\\\/tv.joycemeyer.org\\\/magyar\\\/devotional\\\/segitseg-onmagad-elfogadasahoz\\\/#breadcrumb\"},\"inLanguage\":\"en-US\",\"potentialAction\":[{\"@type\":\"ReadAction\",\"target\":[\"https:\\\/\\\/tv.joycemeyer.org\\\/magyar\\\/devotional\\\/segitseg-onmagad-elfogadasahoz\\\/\"]}]},{\"@type\":\"ImageObject\",\"inLanguage\":\"en-US\",\"@id\":\"https:\\\/\\\/tv.joycemeyer.org\\\/magyar\\\/devotional\\\/segitseg-onmagad-elfogadasahoz\\\/#primaryimage\",\"url\":\"https:\\\/\\\/tv.joycemeyer.org\\\/magyar\\\/wp-content\\\/uploads\\\/sites\\\/72\\\/2019\\\/04\\\/622.jpg\",\"contentUrl\":\"https:\\\/\\\/tv.joycemeyer.org\\\/magyar\\\/wp-content\\\/uploads\\\/sites\\\/72\\\/2019\\\/04\\\/622.jpg\",\"width\":960,\"height\":639,\"caption\":\"Seg\u00edts\u00e9g \u00f6nmagad elfogad\u00e1s\u00e1hoz\"},{\"@type\":\"BreadcrumbList\",\"@id\":\"https:\\\/\\\/tv.joycemeyer.org\\\/magyar\\\/devotional\\\/segitseg-onmagad-elfogadasahoz\\\/#breadcrumb\",\"itemListElement\":[{\"@type\":\"ListItem\",\"position\":1,\"name\":\"Home\",\"item\":\"https:\\\/\\\/tv.joycemeyer.org\\\/magyar\\\/\"},{\"@type\":\"ListItem\",\"position\":2,\"name\":\"Devotional\",\"item\":\"https:\\\/\\\/tv.joycemeyer.org\\\/magyar\\\/devotional\\\/\"},{\"@type\":\"ListItem\",\"position\":3,\"name\":\"Seg\u00edts\u00e9g \u00f6nmagad elfogad\u00e1s\u00e1hoz\"}]},{\"@type\":\"WebSite\",\"@id\":\"https:\\\/\\\/tv.joycemeyer.org\\\/magyar\\\/#website\",\"url\":\"https:\\\/\\\/tv.joycemeyer.org\\\/magyar\\\/\",\"name\":\"Joyce Meyer Ministries - Magyar\",\"description\":\"Hirdetj\u00fck Krisztust - Szeretj\u00fck az embereket\",\"potentialAction\":[{\"@type\":\"SearchAction\",\"target\":{\"@type\":\"EntryPoint\",\"urlTemplate\":\"https:\\\/\\\/tv.joycemeyer.org\\\/magyar\\\/?s={search_term_string}\"},\"query-input\":{\"@type\":\"PropertyValueSpecification\",\"valueRequired\":true,\"valueName\":\"search_term_string\"}}],\"inLanguage\":\"en-US\"}]}<\/script>\n<!-- \/ Yoast SEO plugin. -->","yoast_head_json":{"title":"Seg\u00edts\u00e9g \u00f6nmagad elfogad\u00e1s\u00e1hoz - Joyce Meyer Ministries - Magyar","robots":{"index":"index","follow":"follow","max-snippet":"max-snippet:-1","max-image-preview":"max-image-preview:large","max-video-preview":"max-video-preview:-1"},"canonical":"https:\/\/tv.joycemeyer.org\/magyar\/devotional\/segitseg-onmagad-elfogadasahoz\/","og_locale":"en_US","og_type":"article","og_title":"Seg\u00edts\u00e9g \u00f6nmagad elfogad\u00e1s\u00e1hoz - Joyce Meyer Ministries - Magyar","og_description":"Lehet, hogy nem gondolsz t\u00fal sokat magadr\u00f3l, de Isten szeretn\u00e9, ha tiszt\u00e1ban lenn\u00e9l azzal ...","og_url":"https:\/\/tv.joycemeyer.org\/magyar\/devotional\/segitseg-onmagad-elfogadasahoz\/","og_site_name":"Joyce Meyer Ministries - Magyar","article_publisher":"https:\/\/www.facebook.com\/JoyceMeyerMinistriesHungarian\/","og_image":[{"width":960,"height":639,"url":"https:\/\/tv.joycemeyer.org\/magyar\/wp-content\/uploads\/sites\/72\/2019\/04\/622.jpg","type":"image\/jpeg"}],"twitter_card":"summary_large_image","twitter_misc":{"Est. reading time":"2 minutes"},"schema":{"@context":"https:\/\/schema.org","@graph":[{"@type":"WebPage","@id":"https:\/\/tv.joycemeyer.org\/magyar\/devotional\/segitseg-onmagad-elfogadasahoz\/","url":"https:\/\/tv.joycemeyer.org\/magyar\/devotional\/segitseg-onmagad-elfogadasahoz\/","name":"Seg\u00edts\u00e9g \u00f6nmagad elfogad\u00e1s\u00e1hoz - Joyce Meyer Ministries - Magyar","isPartOf":{"@id":"https:\/\/tv.joycemeyer.org\/magyar\/#website"},"primaryImageOfPage":{"@id":"https:\/\/tv.joycemeyer.org\/magyar\/devotional\/segitseg-onmagad-elfogadasahoz\/#primaryimage"},"image":{"@id":"https:\/\/tv.joycemeyer.org\/magyar\/devotional\/segitseg-onmagad-elfogadasahoz\/#primaryimage"},"thumbnailUrl":"https:\/\/tv.joycemeyer.org\/magyar\/wp-content\/uploads\/sites\/72\/2019\/04\/622.jpg","datePublished":"2026-04-26T00:01:15+00:00","breadcrumb":{"@id":"https:\/\/tv.joycemeyer.org\/magyar\/devotional\/segitseg-onmagad-elfogadasahoz\/#breadcrumb"},"inLanguage":"en-US","potentialAction":[{"@type":"ReadAction","target":["https:\/\/tv.joycemeyer.org\/magyar\/devotional\/segitseg-onmagad-elfogadasahoz\/"]}]},{"@type":"ImageObject","inLanguage":"en-US","@id":"https:\/\/tv.joycemeyer.org\/magyar\/devotional\/segitseg-onmagad-elfogadasahoz\/#primaryimage","url":"https:\/\/tv.joycemeyer.org\/magyar\/wp-content\/uploads\/sites\/72\/2019\/04\/622.jpg","contentUrl":"https:\/\/tv.joycemeyer.org\/magyar\/wp-content\/uploads\/sites\/72\/2019\/04\/622.jpg","width":960,"height":639,"caption":"Seg\u00edts\u00e9g \u00f6nmagad elfogad\u00e1s\u00e1hoz"},{"@type":"BreadcrumbList","@id":"https:\/\/tv.joycemeyer.org\/magyar\/devotional\/segitseg-onmagad-elfogadasahoz\/#breadcrumb","itemListElement":[{"@type":"ListItem","position":1,"name":"Home","item":"https:\/\/tv.joycemeyer.org\/magyar\/"},{"@type":"ListItem","position":2,"name":"Devotional","item":"https:\/\/tv.joycemeyer.org\/magyar\/devotional\/"},{"@type":"ListItem","position":3,"name":"Seg\u00edts\u00e9g \u00f6nmagad elfogad\u00e1s\u00e1hoz"}]},{"@type":"WebSite","@id":"https:\/\/tv.joycemeyer.org\/magyar\/#website","url":"https:\/\/tv.joycemeyer.org\/magyar\/","name":"Joyce Meyer Ministries - Magyar","description":"Hirdetj\u00fck Krisztust - Szeretj\u00fck az embereket","potentialAction":[{"@type":"SearchAction","target":{"@type":"EntryPoint","urlTemplate":"https:\/\/tv.joycemeyer.org\/magyar\/?s={search_term_string}"},"query-input":{"@type":"PropertyValueSpecification","valueRequired":true,"valueName":"search_term_string"}}],"inLanguage":"en-US"}]}},"_links":{"self":[{"href":"https:\/\/tv.joycemeyer.org\/magyar\/wp-json\/wp\/v2\/devotional\/1116","targetHints":{"allow":["GET"]}}],"collection":[{"href":"https:\/\/tv.joycemeyer.org\/magyar\/wp-json\/wp\/v2\/devotional"}],"about":[{"href":"https:\/\/tv.joycemeyer.org\/magyar\/wp-json\/wp\/v2\/types\/devotional"}],"author":[{"embeddable":true,"href":"https:\/\/tv.joycemeyer.org\/magyar\/wp-json\/wp\/v2\/users\/15"}],"replies":[{"embeddable":true,"href":"https:\/\/tv.joycemeyer.org\/magyar\/wp-json\/wp\/v2\/comments?post=1116"}],"wp:featuredmedia":[{"embeddable":true,"href":"https:\/\/tv.joycemeyer.org\/magyar\/wp-json\/wp\/v2\/media\/1117"}],"wp:attachment":[{"href":"https:\/\/tv.joycemeyer.org\/magyar\/wp-json\/wp\/v2\/media?parent=1116"}],"curies":[{"name":"wp","href":"https:\/\/api.w.org\/{rel}","templated":true}]}}