{"id":1355,"date":"2019-07-20T00:01:30","date_gmt":"2019-07-20T00:01:30","guid":{"rendered":"https:\/\/tv.joycemeyer.org\/magyar\/?post_type=devotional&#038;p=1355"},"modified":"2025-09-24T15:16:55","modified_gmt":"2025-09-24T15:16:55","slug":"vedd-le-ne-zavarj-feliratot","status":"publish","type":"devotional","link":"https:\/\/tv.joycemeyer.org\/magyar\/devotional\/vedd-le-ne-zavarj-feliratot\/","title":{"rendered":"Vedd le a \u201eNe Zavarj!\u201d feliratot!"},"content":{"rendered":"<blockquote><p>\u201eHirdesd az ig\u00e9t, \u00e1llj el\u0151 vele, ak\u00e1r alkalmas, ak\u00e1r alkalmatlan az id\u0151, feddj, ints, biztass teljes t\u00fcrelemmel \u00e9s tan\u00edt\u00e1ssal.\u201d 2Tim 4:2<\/p><\/blockquote>\n<p>A szolg\u00e1lati \u00fatjaim sor\u00e1n gyakran sz\u00e1llok meg hotelekben. Amikor a szob\u00e1ban tart\u00f3zkodom, \u00e1ltal\u00e1ban kiteszem a \u201eNe zavarj!\u201d feliratot az ajt\u00f3mra, hogy senki ne zavarjon. Egy hotelszoba ajtaj\u00e1ra kirakni ezt, teljesen elfogadott dolog. De kirakni az \u00e9let\u00fcnkre, az m\u00e1r nem!<\/p>\n<p>\u00c9szrevetted, hogy Isten nem mindig a mi id\u0151z\u00edt\u00e9s\u00fcnk szerint cselekszik illetve nem \u00fagy, ahogy nek\u00fcnk a legk\u00e9nyelmesebb lenne? P\u00e1l azt mondta Tim\u00f3teusnak, hogy az \u00dar szolg\u00e1jak\u00e9nt \u00e9s az evang\u00e9lium hirdet\u0151jek\u00e9nt el kell v\u00e9geznie a munk\u00e1j\u00e1t, ak\u00e1r k\u00e9nyelmes neki, ak\u00e1r nem.<\/p>\n<p>K\u00e9tlem, hogy Tim\u00f3teus akkoriban annyira hozz\u00e1 lett volna szokva a k\u00e9nyelemhez, mint mi manaps\u00e1g. De ha neki hallania kellett ezt, akkor nek\u00fcnk mennyivel ink\u00e1bb!<\/p>\n<p>Olyan k\u00f6nnyen kirakjuk a \u201eNe zavarj!\u201d feliratot a sz\u00edv\u00fcnkre, mert f\u00e9l\u00fcnk, hogy Isten k\u00e9nyelmetlen helyzetbe hoz majd benn\u00fcnket. De ha ezt tessz\u00fck, sok nagyszer\u0171 lehet\u0151s\u00e9get kihagyunk. Eml\u00e9kezn\u00fcnk kell arra, hogy b\u00e1rmit k\u00e9r Isten t\u0151l\u00fcnk, az meg\u00e9r minden k\u00e9nyelmetlens\u00e9get vagy neh\u00e9zs\u00e9get, amivel szembe ker\u00fcl\u00fcnk. Ha engedelmesek vagyunk, \u0150 mindig megk\u00e9sz\u00edti az utat, hogy beteljes\u00edts\u00fck az akarat\u00e1t.<\/p>\n<hr \/>\n<p>Ima: Istenem, \u00fagy d\u00f6nt\u00f6k, hogy leveszem a \u201eNe zavarj!\u201d feliratot a sz\u00edvemr\u0151l. M\u00e9g akkor is engedelmeskedni akarok Neked \u00e9s megtenni, amire k\u00e9rsz, ha k\u00e9nyelmetlens\u00e9get okoz nekem.<\/p>\n","protected":false},"excerpt":{"rendered":"<p>A szolg\u00e1lati \u00fatjaim sor\u00e1n gyakran sz\u00e1llok meg hotelekben &#8230;<\/p>\n","protected":false},"author":15,"featured_media":1356,"parent":0,"menu_order":0,"comment_status":"closed","ping_status":"closed","template":"","class_list":["post-1355","devotional","type-devotional","status-publish","has-post-thumbnail","hentry"],"acf":[],"appp":{"post_detail":{"above_title":"<div class=\"post-featured-wrap\"><img width=\"960\" height=\"639\" src=\"https:\/\/tv.joycemeyer.org\/magyar\/wp-content\/uploads\/sites\/72\/2019\/07\/104.jpg\" class=\"post-featured wp-post-image\" alt=\"\" decoding=\"async\" srcset=\"https:\/\/tv.joycemeyer.org\/magyar\/wp-content\/uploads\/sites\/72\/2019\/07\/104.jpg 960w, https:\/\/tv.joycemeyer.org\/magyar\/wp-content\/uploads\/sites\/72\/2019\/07\/104-300x200.jpg 300w, https:\/\/tv.joycemeyer.org\/magyar\/wp-content\/uploads\/sites\/72\/2019\/07\/104-768x511.jpg 768w\" sizes=\"(max-width: 960px) 100vw, 960px\" \/><\/div>","below_content":"<div class=\"follow\"><h6 class=\"alt\">L\u00e9pj kapcsolatba vel\u00fcnk<\/h6><ul class=\"nav nav--social nav--flex\"><li class=\"menu-item facebook\"><a href=\"https:\/\/www.facebook.com\/JoyceMeyerMinistriesHungarian\/\" target=\"_blank\"><span class=\"visuallyhidden\">Facebook<\/span><\/a><\/li><li class=\"menu-item instagram\"><a href=\"https:\/\/www.instagram.com\/joycemeyerministriesmagyar\/\" target=\"_blank\"><span class=\"visuallyhidden\">Instagram<\/span><\/a><\/li><li class=\"menu-item youtube\"><a href=\"https:\/\/www.youtube.com\/channel\/UCoAjHvNztMybm-_7N0zdThg\" target=\"_blank\"><span class=\"visuallyhidden\">YouTube<\/span><\/a><\/li><\/ul><\/div>"}},"yoast_head":"<!-- This site is optimized with the Yoast SEO plugin v27.4 - https:\/\/yoast.com\/product\/yoast-seo-wordpress\/ -->\n<title>Vedd le a \u201eNe Zavarj!\u201d feliratot! - Joyce Meyer Ministries - Magyar<\/title>\n<meta name=\"robots\" content=\"index, follow, max-snippet:-1, max-image-preview:large, max-video-preview:-1\" \/>\n<link rel=\"canonical\" href=\"https:\/\/tv.joycemeyer.org\/magyar\/devotional\/vedd-le-ne-zavarj-feliratot\/\" \/>\n<meta property=\"og:locale\" content=\"en_US\" \/>\n<meta property=\"og:type\" content=\"article\" \/>\n<meta property=\"og:title\" content=\"Vedd le a \u201eNe Zavarj!\u201d feliratot! - Joyce Meyer Ministries - Magyar\" \/>\n<meta property=\"og:description\" content=\"A szolg\u00e1lati \u00fatjaim sor\u00e1n gyakran sz\u00e1llok meg hotelekben ...\" \/>\n<meta property=\"og:url\" content=\"https:\/\/tv.joycemeyer.org\/magyar\/devotional\/vedd-le-ne-zavarj-feliratot\/\" \/>\n<meta property=\"og:site_name\" content=\"Joyce Meyer Ministries - Magyar\" \/>\n<meta property=\"article:publisher\" content=\"https:\/\/www.facebook.com\/JoyceMeyerMinistriesHungarian\/\" \/>\n<meta property=\"article:modified_time\" content=\"2025-09-24T15:16:55+00:00\" \/>\n<meta property=\"og:image\" content=\"https:\/\/tv.joycemeyer.org\/magyar\/wp-content\/uploads\/sites\/72\/2019\/07\/104.jpg\" \/>\n\t<meta property=\"og:image:width\" content=\"960\" \/>\n\t<meta property=\"og:image:height\" content=\"639\" \/>\n\t<meta property=\"og:image:type\" content=\"image\/jpeg\" \/>\n<meta name=\"twitter:card\" content=\"summary_large_image\" \/>\n<meta name=\"twitter:label1\" content=\"Est. reading time\" \/>\n\t<meta name=\"twitter:data1\" content=\"2 minutes\" \/>\n<script type=\"application\/ld+json\" class=\"yoast-schema-graph\">{\"@context\":\"https:\\\/\\\/schema.org\",\"@graph\":[{\"@type\":\"WebPage\",\"@id\":\"https:\\\/\\\/tv.joycemeyer.org\\\/magyar\\\/devotional\\\/vedd-le-ne-zavarj-feliratot\\\/\",\"url\":\"https:\\\/\\\/tv.joycemeyer.org\\\/magyar\\\/devotional\\\/vedd-le-ne-zavarj-feliratot\\\/\",\"name\":\"Vedd le a \u201eNe Zavarj!\u201d feliratot! - Joyce Meyer Ministries - Magyar\",\"isPartOf\":{\"@id\":\"https:\\\/\\\/tv.joycemeyer.org\\\/magyar\\\/#website\"},\"primaryImageOfPage\":{\"@id\":\"https:\\\/\\\/tv.joycemeyer.org\\\/magyar\\\/devotional\\\/vedd-le-ne-zavarj-feliratot\\\/#primaryimage\"},\"image\":{\"@id\":\"https:\\\/\\\/tv.joycemeyer.org\\\/magyar\\\/devotional\\\/vedd-le-ne-zavarj-feliratot\\\/#primaryimage\"},\"thumbnailUrl\":\"https:\\\/\\\/tv.joycemeyer.org\\\/magyar\\\/wp-content\\\/uploads\\\/sites\\\/72\\\/2019\\\/07\\\/104.jpg\",\"datePublished\":\"2019-07-20T00:01:30+00:00\",\"dateModified\":\"2025-09-24T15:16:55+00:00\",\"breadcrumb\":{\"@id\":\"https:\\\/\\\/tv.joycemeyer.org\\\/magyar\\\/devotional\\\/vedd-le-ne-zavarj-feliratot\\\/#breadcrumb\"},\"inLanguage\":\"en-US\",\"potentialAction\":[{\"@type\":\"ReadAction\",\"target\":[\"https:\\\/\\\/tv.joycemeyer.org\\\/magyar\\\/devotional\\\/vedd-le-ne-zavarj-feliratot\\\/\"]}]},{\"@type\":\"ImageObject\",\"inLanguage\":\"en-US\",\"@id\":\"https:\\\/\\\/tv.joycemeyer.org\\\/magyar\\\/devotional\\\/vedd-le-ne-zavarj-feliratot\\\/#primaryimage\",\"url\":\"https:\\\/\\\/tv.joycemeyer.org\\\/magyar\\\/wp-content\\\/uploads\\\/sites\\\/72\\\/2019\\\/07\\\/104.jpg\",\"contentUrl\":\"https:\\\/\\\/tv.joycemeyer.org\\\/magyar\\\/wp-content\\\/uploads\\\/sites\\\/72\\\/2019\\\/07\\\/104.jpg\",\"width\":960,\"height\":639,\"caption\":\"Vedd le a \u201eNe Zavarj!\u201d feliratot!\"},{\"@type\":\"BreadcrumbList\",\"@id\":\"https:\\\/\\\/tv.joycemeyer.org\\\/magyar\\\/devotional\\\/vedd-le-ne-zavarj-feliratot\\\/#breadcrumb\",\"itemListElement\":[{\"@type\":\"ListItem\",\"position\":1,\"name\":\"Home\",\"item\":\"https:\\\/\\\/tv.joycemeyer.org\\\/magyar\\\/\"},{\"@type\":\"ListItem\",\"position\":2,\"name\":\"Devotional\",\"item\":\"https:\\\/\\\/tv.joycemeyer.org\\\/magyar\\\/devotional\\\/\"},{\"@type\":\"ListItem\",\"position\":3,\"name\":\"Vedd le a \u201eNe Zavarj!\u201d feliratot!\"}]},{\"@type\":\"WebSite\",\"@id\":\"https:\\\/\\\/tv.joycemeyer.org\\\/magyar\\\/#website\",\"url\":\"https:\\\/\\\/tv.joycemeyer.org\\\/magyar\\\/\",\"name\":\"Joyce Meyer Ministries - Magyar\",\"description\":\"Hirdetj\u00fck Krisztust - Szeretj\u00fck az embereket\",\"potentialAction\":[{\"@type\":\"SearchAction\",\"target\":{\"@type\":\"EntryPoint\",\"urlTemplate\":\"https:\\\/\\\/tv.joycemeyer.org\\\/magyar\\\/?s={search_term_string}\"},\"query-input\":{\"@type\":\"PropertyValueSpecification\",\"valueRequired\":true,\"valueName\":\"search_term_string\"}}],\"inLanguage\":\"en-US\"}]}<\/script>\n<!-- \/ Yoast SEO plugin. -->","yoast_head_json":{"title":"Vedd le a \u201eNe Zavarj!\u201d feliratot! - Joyce Meyer Ministries - Magyar","robots":{"index":"index","follow":"follow","max-snippet":"max-snippet:-1","max-image-preview":"max-image-preview:large","max-video-preview":"max-video-preview:-1"},"canonical":"https:\/\/tv.joycemeyer.org\/magyar\/devotional\/vedd-le-ne-zavarj-feliratot\/","og_locale":"en_US","og_type":"article","og_title":"Vedd le a \u201eNe Zavarj!\u201d feliratot! - Joyce Meyer Ministries - Magyar","og_description":"A szolg\u00e1lati \u00fatjaim sor\u00e1n gyakran sz\u00e1llok meg hotelekben ...","og_url":"https:\/\/tv.joycemeyer.org\/magyar\/devotional\/vedd-le-ne-zavarj-feliratot\/","og_site_name":"Joyce Meyer Ministries - Magyar","article_publisher":"https:\/\/www.facebook.com\/JoyceMeyerMinistriesHungarian\/","article_modified_time":"2025-09-24T15:16:55+00:00","og_image":[{"width":960,"height":639,"url":"https:\/\/tv.joycemeyer.org\/magyar\/wp-content\/uploads\/sites\/72\/2019\/07\/104.jpg","type":"image\/jpeg"}],"twitter_card":"summary_large_image","twitter_misc":{"Est. reading time":"2 minutes"},"schema":{"@context":"https:\/\/schema.org","@graph":[{"@type":"WebPage","@id":"https:\/\/tv.joycemeyer.org\/magyar\/devotional\/vedd-le-ne-zavarj-feliratot\/","url":"https:\/\/tv.joycemeyer.org\/magyar\/devotional\/vedd-le-ne-zavarj-feliratot\/","name":"Vedd le a \u201eNe Zavarj!\u201d feliratot! - Joyce Meyer Ministries - Magyar","isPartOf":{"@id":"https:\/\/tv.joycemeyer.org\/magyar\/#website"},"primaryImageOfPage":{"@id":"https:\/\/tv.joycemeyer.org\/magyar\/devotional\/vedd-le-ne-zavarj-feliratot\/#primaryimage"},"image":{"@id":"https:\/\/tv.joycemeyer.org\/magyar\/devotional\/vedd-le-ne-zavarj-feliratot\/#primaryimage"},"thumbnailUrl":"https:\/\/tv.joycemeyer.org\/magyar\/wp-content\/uploads\/sites\/72\/2019\/07\/104.jpg","datePublished":"2019-07-20T00:01:30+00:00","dateModified":"2025-09-24T15:16:55+00:00","breadcrumb":{"@id":"https:\/\/tv.joycemeyer.org\/magyar\/devotional\/vedd-le-ne-zavarj-feliratot\/#breadcrumb"},"inLanguage":"en-US","potentialAction":[{"@type":"ReadAction","target":["https:\/\/tv.joycemeyer.org\/magyar\/devotional\/vedd-le-ne-zavarj-feliratot\/"]}]},{"@type":"ImageObject","inLanguage":"en-US","@id":"https:\/\/tv.joycemeyer.org\/magyar\/devotional\/vedd-le-ne-zavarj-feliratot\/#primaryimage","url":"https:\/\/tv.joycemeyer.org\/magyar\/wp-content\/uploads\/sites\/72\/2019\/07\/104.jpg","contentUrl":"https:\/\/tv.joycemeyer.org\/magyar\/wp-content\/uploads\/sites\/72\/2019\/07\/104.jpg","width":960,"height":639,"caption":"Vedd le a \u201eNe Zavarj!\u201d feliratot!"},{"@type":"BreadcrumbList","@id":"https:\/\/tv.joycemeyer.org\/magyar\/devotional\/vedd-le-ne-zavarj-feliratot\/#breadcrumb","itemListElement":[{"@type":"ListItem","position":1,"name":"Home","item":"https:\/\/tv.joycemeyer.org\/magyar\/"},{"@type":"ListItem","position":2,"name":"Devotional","item":"https:\/\/tv.joycemeyer.org\/magyar\/devotional\/"},{"@type":"ListItem","position":3,"name":"Vedd le a \u201eNe Zavarj!\u201d feliratot!"}]},{"@type":"WebSite","@id":"https:\/\/tv.joycemeyer.org\/magyar\/#website","url":"https:\/\/tv.joycemeyer.org\/magyar\/","name":"Joyce Meyer Ministries - Magyar","description":"Hirdetj\u00fck Krisztust - Szeretj\u00fck az embereket","potentialAction":[{"@type":"SearchAction","target":{"@type":"EntryPoint","urlTemplate":"https:\/\/tv.joycemeyer.org\/magyar\/?s={search_term_string}"},"query-input":{"@type":"PropertyValueSpecification","valueRequired":true,"valueName":"search_term_string"}}],"inLanguage":"en-US"}]}},"_links":{"self":[{"href":"https:\/\/tv.joycemeyer.org\/magyar\/wp-json\/wp\/v2\/devotional\/1355","targetHints":{"allow":["GET"]}}],"collection":[{"href":"https:\/\/tv.joycemeyer.org\/magyar\/wp-json\/wp\/v2\/devotional"}],"about":[{"href":"https:\/\/tv.joycemeyer.org\/magyar\/wp-json\/wp\/v2\/types\/devotional"}],"author":[{"embeddable":true,"href":"https:\/\/tv.joycemeyer.org\/magyar\/wp-json\/wp\/v2\/users\/15"}],"replies":[{"embeddable":true,"href":"https:\/\/tv.joycemeyer.org\/magyar\/wp-json\/wp\/v2\/comments?post=1355"}],"wp:featuredmedia":[{"embeddable":true,"href":"https:\/\/tv.joycemeyer.org\/magyar\/wp-json\/wp\/v2\/media\/1356"}],"wp:attachment":[{"href":"https:\/\/tv.joycemeyer.org\/magyar\/wp-json\/wp\/v2\/media?parent=1355"}],"curies":[{"name":"wp","href":"https:\/\/api.w.org\/{rel}","templated":true}]}}