{"id":1495,"date":"2026-09-02T00:01:55","date_gmt":"2026-09-02T00:01:55","guid":{"rendered":"https:\/\/tv.joycemeyer.org\/magyar\/?post_type=devotional&#038;p=1495"},"modified":"2026-08-31T15:40:38","modified_gmt":"2026-08-31T15:40:38","slug":"isten-egyenkent-bogozza-ki","status":"publish","type":"devotional","link":"https:\/\/tv.joycemeyer.org\/magyar\/devotional\/isten-egyenkent-bogozza-ki\/","title":{"rendered":"Isten egyenk\u00e9nt bogozza ki a csom\u00f3kat az \u00e9letedben"},"content":{"rendered":"<blockquote><p>Az \u00dar pedig ir\u00e1ny\u00edtsa sz\u00edveteket az Isten szeretet\u00e9re \u00e9s a Krisztus \u00e1llhatatoss\u00e1g\u00e1ra. 2Thessz 3:5<\/p><\/blockquote>\n<p>K\u00e9pzeld el az \u00e9leted, mint egy \u00f6sszebogoz\u00f3dott cip\u0151f\u0171z\u0151 gombolyagot, amiben minden egyes f\u0171z\u0151 m\u00e1s sz\u00edn\u0171. Minden csom\u00f3, egy probl\u00e9m\u00e1t jel\u00f6l \u00e9s a kibogoz\u00e1s folyamata, a probl\u00e9m\u00e1k elsim\u00edt\u00e1sa, id\u0151be \u00e9s er\u0151fesz\u00edt\u00e9sbe ker\u00fcl. Hossz\u00fa id\u0151n \u00e1t keletkeztek ezek a csom\u00f3k, \u00e9s id\u0151t ig\u00e9nyel mindegyik kibogoz\u00e1sa is.<\/p>\n<p>A modern t\u00e1rsadalomban, ahol mindent azonnal szeretn\u00e9nk, hajlamosak vagyunk kapkodni egyik dologr\u00f3l a m\u00e1sikra, de Isten nem siet. \u0150 nem adja fel, nem fogy el a t\u00fcrelme. Egyszerre csak egy probl\u00e9m\u00e1nkkal foglalkozik, azt\u00e1n hagy minket pihenni \u2013 de nem t\u00fal hosszan. Hamarosan elkezd dolgozni egy m\u00e1sikon. Addig folytatja, am\u00edg egyenk\u00e9nt kibogozza az \u00f6sszes csom\u00f3t.<\/p>\n<p>N\u00e9ha, amikor \u00fagy t\u0171nik, nem haladsz el\u0151re, az az\u00e9rt van, mert az \u00dar egyes\u00e9vel bogozgatja a csom\u00f3idat. Hagyd, hogy a t\u00fcrelme kifejl\u0151dj\u00f6n benned, \u00e9s el\u0151bb-ut\u00f3bb megtapasztalod azt a gy\u0151zelmet \u00e9s szabads\u00e1got az \u00e9letedben, amire annyira v\u00e1gyt\u00e1l.<\/p>\n<hr \/>\n<p>Ima: Istenem annyira h\u00e1l\u00e1s vagyok, hogy ki tudod bogozni a csom\u00f3imat, \u00e9s elsim\u00edtod az \u00e9letem. Seg\u00edts, hogy kifejl\u0151dj\u00f6n bennem a kitart\u00e1s \u00e9s a t\u00fcrelem, mik\u00f6zben munk\u00e1lkodsz az \u00e9letemben.<\/p>\n","protected":false},"excerpt":{"rendered":"<p>K\u00e9pzeld el az \u00e9leted, mint egy \u00f6sszebogoz\u00f3dott cip\u0151f\u0171z\u0151 gombolyagot &#8230;<\/p>\n","protected":false},"author":15,"featured_media":1496,"parent":0,"menu_order":0,"comment_status":"closed","ping_status":"closed","template":"","class_list":["post-1495","devotional","type-devotional","status-publish","has-post-thumbnail","hentry"],"acf":[],"appp":{"post_detail":{"above_title":"<div class=\"post-featured-wrap\"><img width=\"960\" height=\"540\" src=\"https:\/\/tv.joycemeyer.org\/magyar\/wp-content\/uploads\/sites\/72\/2019\/08\/816.jpg\" class=\"post-featured wp-post-image\" alt=\"\" decoding=\"async\" srcset=\"https:\/\/tv.joycemeyer.org\/magyar\/wp-content\/uploads\/sites\/72\/2019\/08\/816.jpg 960w, https:\/\/tv.joycemeyer.org\/magyar\/wp-content\/uploads\/sites\/72\/2019\/08\/816-300x169.jpg 300w, https:\/\/tv.joycemeyer.org\/magyar\/wp-content\/uploads\/sites\/72\/2019\/08\/816-768x432.jpg 768w, https:\/\/tv.joycemeyer.org\/magyar\/wp-content\/uploads\/sites\/72\/2019\/08\/816-640x360.jpg 640w\" sizes=\"(max-width: 960px) 100vw, 960px\" \/><\/div>","below_content":"<div class=\"follow\"><h6 class=\"alt\">L\u00e9pj kapcsolatba vel\u00fcnk<\/h6><ul class=\"nav nav--social nav--flex\"><li class=\"menu-item facebook\"><a href=\"https:\/\/www.facebook.com\/JoyceMeyerMinistriesHungarian\/\" target=\"_blank\"><span class=\"visuallyhidden\">Facebook<\/span><\/a><\/li><li class=\"menu-item instagram\"><a href=\"https:\/\/www.instagram.com\/joycemeyerministriesmagyar\/\" target=\"_blank\"><span class=\"visuallyhidden\">Instagram<\/span><\/a><\/li><li class=\"menu-item youtube\"><a href=\"https:\/\/www.youtube.com\/channel\/UCoAjHvNztMybm-_7N0zdThg\" target=\"_blank\"><span class=\"visuallyhidden\">YouTube<\/span><\/a><\/li><\/ul><\/div>"}},"yoast_head":"<!-- This site is optimized with the Yoast SEO plugin v28.2 - https:\/\/yoast.com\/product\/yoast-seo-wordpress\/ -->\n<title>Isten egyenk\u00e9nt bogozza ki a csom\u00f3kat az \u00e9letedben - Joyce Meyer Ministries - Magyar<\/title>\n<meta name=\"robots\" content=\"index, follow, max-snippet:-1, max-image-preview:large, max-video-preview:-1\" \/>\n<link rel=\"canonical\" href=\"https:\/\/tv.joycemeyer.org\/magyar\/devotional\/isten-egyenkent-bogozza-ki\/\" \/>\n<meta property=\"og:locale\" content=\"en_US\" \/>\n<meta property=\"og:type\" content=\"article\" \/>\n<meta property=\"og:title\" content=\"Isten egyenk\u00e9nt bogozza ki a csom\u00f3kat az \u00e9letedben - Joyce Meyer Ministries - Magyar\" \/>\n<meta property=\"og:description\" content=\"K\u00e9pzeld el az \u00e9leted, mint egy \u00f6sszebogoz\u00f3dott cip\u0151f\u0171z\u0151 gombolyagot ...\" \/>\n<meta property=\"og:url\" content=\"https:\/\/tv.joycemeyer.org\/magyar\/devotional\/isten-egyenkent-bogozza-ki\/\" \/>\n<meta property=\"og:site_name\" content=\"Joyce Meyer Ministries - Magyar\" \/>\n<meta property=\"article:publisher\" content=\"https:\/\/www.facebook.com\/JoyceMeyerMinistriesHungarian\/\" \/>\n<meta property=\"og:image\" content=\"https:\/\/tv.joycemeyer.org\/magyar\/wp-content\/uploads\/sites\/72\/2019\/08\/816.jpg\" \/>\n\t<meta property=\"og:image:width\" content=\"960\" \/>\n\t<meta property=\"og:image:height\" content=\"540\" \/>\n\t<meta property=\"og:image:type\" content=\"image\/jpeg\" \/>\n<meta name=\"twitter:card\" content=\"summary_large_image\" \/>\n<meta name=\"twitter:label1\" content=\"Est. reading time\" \/>\n\t<meta name=\"twitter:data1\" content=\"1 minute\" \/>\n<script type=\"application\/ld+json\" class=\"yoast-schema-graph\">{\"@context\":\"https:\\\/\\\/schema.org\",\"@graph\":[{\"@type\":\"WebPage\",\"@id\":\"https:\\\/\\\/tv.joycemeyer.org\\\/magyar\\\/devotional\\\/isten-egyenkent-bogozza-ki\\\/\",\"url\":\"https:\\\/\\\/tv.joycemeyer.org\\\/magyar\\\/devotional\\\/isten-egyenkent-bogozza-ki\\\/\",\"name\":\"Isten egyenk\u00e9nt bogozza ki a csom\u00f3kat az \u00e9letedben - Joyce Meyer Ministries - Magyar\",\"isPartOf\":{\"@id\":\"https:\\\/\\\/tv.joycemeyer.org\\\/magyar\\\/#website\"},\"primaryImageOfPage\":{\"@id\":\"https:\\\/\\\/tv.joycemeyer.org\\\/magyar\\\/devotional\\\/isten-egyenkent-bogozza-ki\\\/#primaryimage\"},\"image\":{\"@id\":\"https:\\\/\\\/tv.joycemeyer.org\\\/magyar\\\/devotional\\\/isten-egyenkent-bogozza-ki\\\/#primaryimage\"},\"thumbnailUrl\":\"https:\\\/\\\/tv.joycemeyer.org\\\/magyar\\\/wp-content\\\/uploads\\\/sites\\\/72\\\/2019\\\/08\\\/816.jpg\",\"datePublished\":\"2026-09-02T00:01:55+00:00\",\"breadcrumb\":{\"@id\":\"https:\\\/\\\/tv.joycemeyer.org\\\/magyar\\\/devotional\\\/isten-egyenkent-bogozza-ki\\\/#breadcrumb\"},\"inLanguage\":\"en-US\",\"potentialAction\":[{\"@type\":\"ReadAction\",\"target\":[\"https:\\\/\\\/tv.joycemeyer.org\\\/magyar\\\/devotional\\\/isten-egyenkent-bogozza-ki\\\/\"]}]},{\"@type\":\"ImageObject\",\"inLanguage\":\"en-US\",\"@id\":\"https:\\\/\\\/tv.joycemeyer.org\\\/magyar\\\/devotional\\\/isten-egyenkent-bogozza-ki\\\/#primaryimage\",\"url\":\"https:\\\/\\\/tv.joycemeyer.org\\\/magyar\\\/wp-content\\\/uploads\\\/sites\\\/72\\\/2019\\\/08\\\/816.jpg\",\"contentUrl\":\"https:\\\/\\\/tv.joycemeyer.org\\\/magyar\\\/wp-content\\\/uploads\\\/sites\\\/72\\\/2019\\\/08\\\/816.jpg\",\"width\":960,\"height\":540,\"caption\":\"Isten egyenk\u00e9nt bogozza ki a csom\u00f3kat az \u00e9letedben\"},{\"@type\":\"BreadcrumbList\",\"@id\":\"https:\\\/\\\/tv.joycemeyer.org\\\/magyar\\\/devotional\\\/isten-egyenkent-bogozza-ki\\\/#breadcrumb\",\"itemListElement\":[{\"@type\":\"ListItem\",\"position\":1,\"name\":\"Home\",\"item\":\"https:\\\/\\\/tv.joycemeyer.org\\\/magyar\\\/\"},{\"@type\":\"ListItem\",\"position\":2,\"name\":\"Devotional\",\"item\":\"https:\\\/\\\/tv.joycemeyer.org\\\/magyar\\\/devotional\\\/\"},{\"@type\":\"ListItem\",\"position\":3,\"name\":\"Isten egyenk\u00e9nt bogozza ki a csom\u00f3kat az \u00e9letedben\"}]},{\"@type\":\"WebSite\",\"@id\":\"https:\\\/\\\/tv.joycemeyer.org\\\/magyar\\\/#website\",\"url\":\"https:\\\/\\\/tv.joycemeyer.org\\\/magyar\\\/\",\"name\":\"Joyce Meyer Ministries - Magyar\",\"description\":\"Hirdetj\u00fck Krisztust - Szeretj\u00fck az embereket\",\"potentialAction\":[{\"@type\":\"SearchAction\",\"target\":{\"@type\":\"EntryPoint\",\"urlTemplate\":\"https:\\\/\\\/tv.joycemeyer.org\\\/magyar\\\/?s={search_term_string}\"},\"query-input\":{\"@type\":\"PropertyValueSpecification\",\"valueRequired\":true,\"valueName\":\"search_term_string\"}}],\"inLanguage\":\"en-US\"}]}<\/script>\n<!-- \/ Yoast SEO plugin. -->","yoast_head_json":{"title":"Isten egyenk\u00e9nt bogozza ki a csom\u00f3kat az \u00e9letedben - Joyce Meyer Ministries - Magyar","robots":{"index":"index","follow":"follow","max-snippet":"max-snippet:-1","max-image-preview":"max-image-preview:large","max-video-preview":"max-video-preview:-1"},"canonical":"https:\/\/tv.joycemeyer.org\/magyar\/devotional\/isten-egyenkent-bogozza-ki\/","og_locale":"en_US","og_type":"article","og_title":"Isten egyenk\u00e9nt bogozza ki a csom\u00f3kat az \u00e9letedben - Joyce Meyer Ministries - Magyar","og_description":"K\u00e9pzeld el az \u00e9leted, mint egy \u00f6sszebogoz\u00f3dott cip\u0151f\u0171z\u0151 gombolyagot ...","og_url":"https:\/\/tv.joycemeyer.org\/magyar\/devotional\/isten-egyenkent-bogozza-ki\/","og_site_name":"Joyce Meyer Ministries - Magyar","article_publisher":"https:\/\/www.facebook.com\/JoyceMeyerMinistriesHungarian\/","og_image":[{"width":960,"height":540,"url":"https:\/\/tv.joycemeyer.org\/magyar\/wp-content\/uploads\/sites\/72\/2019\/08\/816.jpg","type":"image\/jpeg"}],"twitter_card":"summary_large_image","twitter_misc":{"Est. reading time":"1 minute"},"schema":{"@context":"https:\/\/schema.org","@graph":[{"@type":"WebPage","@id":"https:\/\/tv.joycemeyer.org\/magyar\/devotional\/isten-egyenkent-bogozza-ki\/","url":"https:\/\/tv.joycemeyer.org\/magyar\/devotional\/isten-egyenkent-bogozza-ki\/","name":"Isten egyenk\u00e9nt bogozza ki a csom\u00f3kat az \u00e9letedben - Joyce Meyer Ministries - Magyar","isPartOf":{"@id":"https:\/\/tv.joycemeyer.org\/magyar\/#website"},"primaryImageOfPage":{"@id":"https:\/\/tv.joycemeyer.org\/magyar\/devotional\/isten-egyenkent-bogozza-ki\/#primaryimage"},"image":{"@id":"https:\/\/tv.joycemeyer.org\/magyar\/devotional\/isten-egyenkent-bogozza-ki\/#primaryimage"},"thumbnailUrl":"https:\/\/tv.joycemeyer.org\/magyar\/wp-content\/uploads\/sites\/72\/2019\/08\/816.jpg","datePublished":"2026-09-02T00:01:55+00:00","breadcrumb":{"@id":"https:\/\/tv.joycemeyer.org\/magyar\/devotional\/isten-egyenkent-bogozza-ki\/#breadcrumb"},"inLanguage":"en-US","potentialAction":[{"@type":"ReadAction","target":["https:\/\/tv.joycemeyer.org\/magyar\/devotional\/isten-egyenkent-bogozza-ki\/"]}]},{"@type":"ImageObject","inLanguage":"en-US","@id":"https:\/\/tv.joycemeyer.org\/magyar\/devotional\/isten-egyenkent-bogozza-ki\/#primaryimage","url":"https:\/\/tv.joycemeyer.org\/magyar\/wp-content\/uploads\/sites\/72\/2019\/08\/816.jpg","contentUrl":"https:\/\/tv.joycemeyer.org\/magyar\/wp-content\/uploads\/sites\/72\/2019\/08\/816.jpg","width":960,"height":540,"caption":"Isten egyenk\u00e9nt bogozza ki a csom\u00f3kat az \u00e9letedben"},{"@type":"BreadcrumbList","@id":"https:\/\/tv.joycemeyer.org\/magyar\/devotional\/isten-egyenkent-bogozza-ki\/#breadcrumb","itemListElement":[{"@type":"ListItem","position":1,"name":"Home","item":"https:\/\/tv.joycemeyer.org\/magyar\/"},{"@type":"ListItem","position":2,"name":"Devotional","item":"https:\/\/tv.joycemeyer.org\/magyar\/devotional\/"},{"@type":"ListItem","position":3,"name":"Isten egyenk\u00e9nt bogozza ki a csom\u00f3kat az \u00e9letedben"}]},{"@type":"WebSite","@id":"https:\/\/tv.joycemeyer.org\/magyar\/#website","url":"https:\/\/tv.joycemeyer.org\/magyar\/","name":"Joyce Meyer Ministries - Magyar","description":"Hirdetj\u00fck Krisztust - Szeretj\u00fck az embereket","potentialAction":[{"@type":"SearchAction","target":{"@type":"EntryPoint","urlTemplate":"https:\/\/tv.joycemeyer.org\/magyar\/?s={search_term_string}"},"query-input":{"@type":"PropertyValueSpecification","valueRequired":true,"valueName":"search_term_string"}}],"inLanguage":"en-US"}]}},"_links":{"self":[{"href":"https:\/\/tv.joycemeyer.org\/magyar\/wp-json\/wp\/v2\/devotional\/1495","targetHints":{"allow":["GET"]}}],"collection":[{"href":"https:\/\/tv.joycemeyer.org\/magyar\/wp-json\/wp\/v2\/devotional"}],"about":[{"href":"https:\/\/tv.joycemeyer.org\/magyar\/wp-json\/wp\/v2\/types\/devotional"}],"author":[{"embeddable":true,"href":"https:\/\/tv.joycemeyer.org\/magyar\/wp-json\/wp\/v2\/users\/15"}],"replies":[{"embeddable":true,"href":"https:\/\/tv.joycemeyer.org\/magyar\/wp-json\/wp\/v2\/comments?post=1495"}],"wp:featuredmedia":[{"embeddable":true,"href":"https:\/\/tv.joycemeyer.org\/magyar\/wp-json\/wp\/v2\/media\/1496"}],"wp:attachment":[{"href":"https:\/\/tv.joycemeyer.org\/magyar\/wp-json\/wp\/v2\/media?parent=1495"}],"curies":[{"name":"wp","href":"https:\/\/api.w.org\/{rel}","templated":true}]}}