{"id":1497,"date":"2026-09-03T00:01:57","date_gmt":"2026-09-03T00:01:57","guid":{"rendered":"https:\/\/tv.joycemeyer.org\/magyar\/?post_type=devotional&#038;p=1497"},"modified":"2026-08-31T15:40:27","modified_gmt":"2026-08-31T15:40:27","slug":"hogyan-segithet-megbocsatas","status":"publish","type":"devotional","link":"https:\/\/tv.joycemeyer.org\/magyar\/devotional\/hogyan-segithet-megbocsatas\/","title":{"rendered":"Hogyan seg\u00edthet a megbocs\u00e1t\u00e1s \u00e9s a t\u00fcrelem a h\u00e1zass\u00e1gban"},"content":{"rendered":"<blockquote><p>De az\u00e9rt k\u00f6ny\u00f6r\u00fclt rajtam, hogy J\u00e9zus Krisztus els\u0151sorban \u00e9nrajtam mutassa meg v\u00e9gtelen t\u00fcrelm\u00e9t 1Tim 1:16<\/p><\/blockquote>\n<p>A h\u00e1zass\u00e1g nem tud j\u00f3l m\u0171k\u00f6dni, ha az egyik f\u00e9l ragaszkodik a t\u00e1rsa \u00e1ltal okozott s\u00e9relmekhez. Tudom, hogy neh\u00e9z teljesen megnyitni magad, amikor megb\u00e1ntottak, de senki nem \u00edg\u00e9rheti, hogy a szeretetben nem fognak megb\u00e1ntani. S\u0151t, nem is tudsz igaz\u00e1n szeretni, ha nem vagy hajland\u00f3 felv\u00e1llalni, hogy megb\u00e1ntanak. Lehetetlen.<\/p>\n<p>Az igaz szeretet irgalmat \u00e9s megbocs\u00e1t\u00e1st gyakorol. A szeretet mindig ad a m\u00e1siknak egy \u00fajabb es\u00e9lyt. A szeretet \u00fajra \u00e9s \u00fajra hajland\u00f3 b\u00edzni abban, hogy legk\u00f6zelebb jobban siker\u00fcl \u00e9s a legjobbat felt\u00e9telezi.<\/p>\n<p>Meg\u00e9rtem, hogy esetleg m\u00e9ly f\u00e1jdalmakat hordozol a h\u00e1zass\u00e1godban, a kisebb h\u00e9tk\u00f6znapi dolgok mellett. De akkor is el kell d\u00f6ntened, hogy elengeded ezeket az irrit\u00e1l\u00f3 dolgokat. Azut\u00e1n im\u00e1dkozz, \u00e9s hagyatkozz Istenre kegyelem\u00e9rt \u00e9s er\u0151\u00e9rt az igazi megbocs\u00e1t\u00e1shoz.<\/p>\n<p>Ha azzal k\u00fczdesz, hogy nem tudsz megbocs\u00e1tani a h\u00e1zass\u00e1godban, k\u00e9rd az Urat, hogy fedje fel, mi okozta a keser\u0171s\u00e9get \u00e9s a neheztel\u00e9st. Lehet, hogy meg fogsz lep\u0151dni azon, amit megmutat. Amikor azonban megl\u00e1tod az igazs\u00e1got, d\u00f6ntsd el, hogy elengeded a s\u00e9relmet. D\u00f6ntsd el, hogy megbocs\u00e1tasz a t\u00e1rsadnak, j\u00e1rj t\u00fcrelemben, \u00e9s Isten csod\u00e1latos, felt\u00e9tel n\u00e9lk\u00fcli szeretet\u00e9vel viszonyulj hozz\u00e1.<\/p>\n<hr \/>\n<p>Ima: Istenem, szeretn\u00e9m, ha a lehet\u0151 legjobb lenne a h\u00e1zass\u00e1gunk. Seg\u00edts, hogy megbocs\u00e1ssak minden ter\u00fcleten, \u00e9s t\u00fcrelemmel szeressem a t\u00e1rsamat, ahogy Te szeretn\u00e9d.<\/p>\n","protected":false},"excerpt":{"rendered":"<p>A h\u00e1zass\u00e1g nem tud j\u00f3l m\u0171k\u00f6dni, ha az egyik f\u00e9l ragaszkodik a t\u00e1rsa \u00e1ltal okozott s\u00e9relmekhez &#8230;<\/p>\n","protected":false},"author":15,"featured_media":1498,"parent":0,"menu_order":0,"comment_status":"closed","ping_status":"closed","template":"","class_list":["post-1497","devotional","type-devotional","status-publish","has-post-thumbnail","hentry"],"acf":[],"appp":{"post_detail":{"above_title":"<div class=\"post-featured-wrap\"><img width=\"960\" height=\"540\" src=\"https:\/\/tv.joycemeyer.org\/magyar\/wp-content\/uploads\/sites\/72\/2019\/08\/931.jpg\" class=\"post-featured wp-post-image\" alt=\"\" decoding=\"async\" srcset=\"https:\/\/tv.joycemeyer.org\/magyar\/wp-content\/uploads\/sites\/72\/2019\/08\/931.jpg 960w, https:\/\/tv.joycemeyer.org\/magyar\/wp-content\/uploads\/sites\/72\/2019\/08\/931-300x169.jpg 300w, https:\/\/tv.joycemeyer.org\/magyar\/wp-content\/uploads\/sites\/72\/2019\/08\/931-768x432.jpg 768w, https:\/\/tv.joycemeyer.org\/magyar\/wp-content\/uploads\/sites\/72\/2019\/08\/931-640x360.jpg 640w\" sizes=\"(max-width: 960px) 100vw, 960px\" \/><\/div>","below_content":"<div class=\"follow\"><h6 class=\"alt\">L\u00e9pj kapcsolatba vel\u00fcnk<\/h6><ul class=\"nav nav--social nav--flex\"><li class=\"menu-item facebook\"><a href=\"https:\/\/www.facebook.com\/JoyceMeyerMinistriesHungarian\/\" target=\"_blank\"><span class=\"visuallyhidden\">Facebook<\/span><\/a><\/li><li class=\"menu-item instagram\"><a href=\"https:\/\/www.instagram.com\/joycemeyerministriesmagyar\/\" target=\"_blank\"><span class=\"visuallyhidden\">Instagram<\/span><\/a><\/li><li class=\"menu-item youtube\"><a href=\"https:\/\/www.youtube.com\/channel\/UCoAjHvNztMybm-_7N0zdThg\" target=\"_blank\"><span class=\"visuallyhidden\">YouTube<\/span><\/a><\/li><\/ul><\/div>"}},"yoast_head":"<!-- This site is optimized with the Yoast SEO plugin v28.2 - https:\/\/yoast.com\/product\/yoast-seo-wordpress\/ -->\n<title>Hogyan seg\u00edthet a megbocs\u00e1t\u00e1s \u00e9s a t\u00fcrelem a h\u00e1zass\u00e1gban - Joyce Meyer Ministries - Magyar<\/title>\n<meta name=\"robots\" content=\"index, follow, max-snippet:-1, max-image-preview:large, max-video-preview:-1\" \/>\n<link rel=\"canonical\" href=\"https:\/\/tv.joycemeyer.org\/magyar\/devotional\/hogyan-segithet-megbocsatas\/\" \/>\n<meta property=\"og:locale\" content=\"en_US\" \/>\n<meta property=\"og:type\" content=\"article\" \/>\n<meta property=\"og:title\" content=\"Hogyan seg\u00edthet a megbocs\u00e1t\u00e1s \u00e9s a t\u00fcrelem a h\u00e1zass\u00e1gban - Joyce Meyer Ministries - Magyar\" \/>\n<meta property=\"og:description\" content=\"A h\u00e1zass\u00e1g nem tud j\u00f3l m\u0171k\u00f6dni, ha az egyik f\u00e9l ragaszkodik a t\u00e1rsa \u00e1ltal okozott s\u00e9relmekhez ...\" \/>\n<meta property=\"og:url\" content=\"https:\/\/tv.joycemeyer.org\/magyar\/devotional\/hogyan-segithet-megbocsatas\/\" \/>\n<meta property=\"og:site_name\" content=\"Joyce Meyer Ministries - Magyar\" \/>\n<meta property=\"article:publisher\" content=\"https:\/\/www.facebook.com\/JoyceMeyerMinistriesHungarian\/\" \/>\n<meta property=\"og:image\" content=\"https:\/\/tv.joycemeyer.org\/magyar\/wp-content\/uploads\/sites\/72\/2019\/08\/931.jpg\" \/>\n\t<meta property=\"og:image:width\" content=\"960\" \/>\n\t<meta property=\"og:image:height\" content=\"540\" \/>\n\t<meta property=\"og:image:type\" content=\"image\/jpeg\" \/>\n<meta name=\"twitter:card\" content=\"summary_large_image\" \/>\n<meta name=\"twitter:label1\" content=\"Est. reading time\" \/>\n\t<meta name=\"twitter:data1\" content=\"2 minutes\" \/>\n<script type=\"application\/ld+json\" class=\"yoast-schema-graph\">{\"@context\":\"https:\\\/\\\/schema.org\",\"@graph\":[{\"@type\":\"WebPage\",\"@id\":\"https:\\\/\\\/tv.joycemeyer.org\\\/magyar\\\/devotional\\\/hogyan-segithet-megbocsatas\\\/\",\"url\":\"https:\\\/\\\/tv.joycemeyer.org\\\/magyar\\\/devotional\\\/hogyan-segithet-megbocsatas\\\/\",\"name\":\"Hogyan seg\u00edthet a megbocs\u00e1t\u00e1s \u00e9s a t\u00fcrelem a h\u00e1zass\u00e1gban - Joyce Meyer Ministries - Magyar\",\"isPartOf\":{\"@id\":\"https:\\\/\\\/tv.joycemeyer.org\\\/magyar\\\/#website\"},\"primaryImageOfPage\":{\"@id\":\"https:\\\/\\\/tv.joycemeyer.org\\\/magyar\\\/devotional\\\/hogyan-segithet-megbocsatas\\\/#primaryimage\"},\"image\":{\"@id\":\"https:\\\/\\\/tv.joycemeyer.org\\\/magyar\\\/devotional\\\/hogyan-segithet-megbocsatas\\\/#primaryimage\"},\"thumbnailUrl\":\"https:\\\/\\\/tv.joycemeyer.org\\\/magyar\\\/wp-content\\\/uploads\\\/sites\\\/72\\\/2019\\\/08\\\/931.jpg\",\"datePublished\":\"2026-09-03T00:01:57+00:00\",\"breadcrumb\":{\"@id\":\"https:\\\/\\\/tv.joycemeyer.org\\\/magyar\\\/devotional\\\/hogyan-segithet-megbocsatas\\\/#breadcrumb\"},\"inLanguage\":\"en-US\",\"potentialAction\":[{\"@type\":\"ReadAction\",\"target\":[\"https:\\\/\\\/tv.joycemeyer.org\\\/magyar\\\/devotional\\\/hogyan-segithet-megbocsatas\\\/\"]}]},{\"@type\":\"ImageObject\",\"inLanguage\":\"en-US\",\"@id\":\"https:\\\/\\\/tv.joycemeyer.org\\\/magyar\\\/devotional\\\/hogyan-segithet-megbocsatas\\\/#primaryimage\",\"url\":\"https:\\\/\\\/tv.joycemeyer.org\\\/magyar\\\/wp-content\\\/uploads\\\/sites\\\/72\\\/2019\\\/08\\\/931.jpg\",\"contentUrl\":\"https:\\\/\\\/tv.joycemeyer.org\\\/magyar\\\/wp-content\\\/uploads\\\/sites\\\/72\\\/2019\\\/08\\\/931.jpg\",\"width\":960,\"height\":540,\"caption\":\"Hogyan seg\u00edthet a megbocs\u00e1t\u00e1s \u00e9s a t\u00fcrelem a h\u00e1zass\u00e1gban\"},{\"@type\":\"BreadcrumbList\",\"@id\":\"https:\\\/\\\/tv.joycemeyer.org\\\/magyar\\\/devotional\\\/hogyan-segithet-megbocsatas\\\/#breadcrumb\",\"itemListElement\":[{\"@type\":\"ListItem\",\"position\":1,\"name\":\"Home\",\"item\":\"https:\\\/\\\/tv.joycemeyer.org\\\/magyar\\\/\"},{\"@type\":\"ListItem\",\"position\":2,\"name\":\"Devotional\",\"item\":\"https:\\\/\\\/tv.joycemeyer.org\\\/magyar\\\/devotional\\\/\"},{\"@type\":\"ListItem\",\"position\":3,\"name\":\"Hogyan seg\u00edthet a megbocs\u00e1t\u00e1s \u00e9s a t\u00fcrelem a h\u00e1zass\u00e1gban\"}]},{\"@type\":\"WebSite\",\"@id\":\"https:\\\/\\\/tv.joycemeyer.org\\\/magyar\\\/#website\",\"url\":\"https:\\\/\\\/tv.joycemeyer.org\\\/magyar\\\/\",\"name\":\"Joyce Meyer Ministries - Magyar\",\"description\":\"Hirdetj\u00fck Krisztust - Szeretj\u00fck az embereket\",\"potentialAction\":[{\"@type\":\"SearchAction\",\"target\":{\"@type\":\"EntryPoint\",\"urlTemplate\":\"https:\\\/\\\/tv.joycemeyer.org\\\/magyar\\\/?s={search_term_string}\"},\"query-input\":{\"@type\":\"PropertyValueSpecification\",\"valueRequired\":true,\"valueName\":\"search_term_string\"}}],\"inLanguage\":\"en-US\"}]}<\/script>\n<!-- \/ Yoast SEO plugin. -->","yoast_head_json":{"title":"Hogyan seg\u00edthet a megbocs\u00e1t\u00e1s \u00e9s a t\u00fcrelem a h\u00e1zass\u00e1gban - Joyce Meyer Ministries - Magyar","robots":{"index":"index","follow":"follow","max-snippet":"max-snippet:-1","max-image-preview":"max-image-preview:large","max-video-preview":"max-video-preview:-1"},"canonical":"https:\/\/tv.joycemeyer.org\/magyar\/devotional\/hogyan-segithet-megbocsatas\/","og_locale":"en_US","og_type":"article","og_title":"Hogyan seg\u00edthet a megbocs\u00e1t\u00e1s \u00e9s a t\u00fcrelem a h\u00e1zass\u00e1gban - Joyce Meyer Ministries - Magyar","og_description":"A h\u00e1zass\u00e1g nem tud j\u00f3l m\u0171k\u00f6dni, ha az egyik f\u00e9l ragaszkodik a t\u00e1rsa \u00e1ltal okozott s\u00e9relmekhez ...","og_url":"https:\/\/tv.joycemeyer.org\/magyar\/devotional\/hogyan-segithet-megbocsatas\/","og_site_name":"Joyce Meyer Ministries - Magyar","article_publisher":"https:\/\/www.facebook.com\/JoyceMeyerMinistriesHungarian\/","og_image":[{"width":960,"height":540,"url":"https:\/\/tv.joycemeyer.org\/magyar\/wp-content\/uploads\/sites\/72\/2019\/08\/931.jpg","type":"image\/jpeg"}],"twitter_card":"summary_large_image","twitter_misc":{"Est. reading time":"2 minutes"},"schema":{"@context":"https:\/\/schema.org","@graph":[{"@type":"WebPage","@id":"https:\/\/tv.joycemeyer.org\/magyar\/devotional\/hogyan-segithet-megbocsatas\/","url":"https:\/\/tv.joycemeyer.org\/magyar\/devotional\/hogyan-segithet-megbocsatas\/","name":"Hogyan seg\u00edthet a megbocs\u00e1t\u00e1s \u00e9s a t\u00fcrelem a h\u00e1zass\u00e1gban - Joyce Meyer Ministries - Magyar","isPartOf":{"@id":"https:\/\/tv.joycemeyer.org\/magyar\/#website"},"primaryImageOfPage":{"@id":"https:\/\/tv.joycemeyer.org\/magyar\/devotional\/hogyan-segithet-megbocsatas\/#primaryimage"},"image":{"@id":"https:\/\/tv.joycemeyer.org\/magyar\/devotional\/hogyan-segithet-megbocsatas\/#primaryimage"},"thumbnailUrl":"https:\/\/tv.joycemeyer.org\/magyar\/wp-content\/uploads\/sites\/72\/2019\/08\/931.jpg","datePublished":"2026-09-03T00:01:57+00:00","breadcrumb":{"@id":"https:\/\/tv.joycemeyer.org\/magyar\/devotional\/hogyan-segithet-megbocsatas\/#breadcrumb"},"inLanguage":"en-US","potentialAction":[{"@type":"ReadAction","target":["https:\/\/tv.joycemeyer.org\/magyar\/devotional\/hogyan-segithet-megbocsatas\/"]}]},{"@type":"ImageObject","inLanguage":"en-US","@id":"https:\/\/tv.joycemeyer.org\/magyar\/devotional\/hogyan-segithet-megbocsatas\/#primaryimage","url":"https:\/\/tv.joycemeyer.org\/magyar\/wp-content\/uploads\/sites\/72\/2019\/08\/931.jpg","contentUrl":"https:\/\/tv.joycemeyer.org\/magyar\/wp-content\/uploads\/sites\/72\/2019\/08\/931.jpg","width":960,"height":540,"caption":"Hogyan seg\u00edthet a megbocs\u00e1t\u00e1s \u00e9s a t\u00fcrelem a h\u00e1zass\u00e1gban"},{"@type":"BreadcrumbList","@id":"https:\/\/tv.joycemeyer.org\/magyar\/devotional\/hogyan-segithet-megbocsatas\/#breadcrumb","itemListElement":[{"@type":"ListItem","position":1,"name":"Home","item":"https:\/\/tv.joycemeyer.org\/magyar\/"},{"@type":"ListItem","position":2,"name":"Devotional","item":"https:\/\/tv.joycemeyer.org\/magyar\/devotional\/"},{"@type":"ListItem","position":3,"name":"Hogyan seg\u00edthet a megbocs\u00e1t\u00e1s \u00e9s a t\u00fcrelem a h\u00e1zass\u00e1gban"}]},{"@type":"WebSite","@id":"https:\/\/tv.joycemeyer.org\/magyar\/#website","url":"https:\/\/tv.joycemeyer.org\/magyar\/","name":"Joyce Meyer Ministries - Magyar","description":"Hirdetj\u00fck Krisztust - Szeretj\u00fck az embereket","potentialAction":[{"@type":"SearchAction","target":{"@type":"EntryPoint","urlTemplate":"https:\/\/tv.joycemeyer.org\/magyar\/?s={search_term_string}"},"query-input":{"@type":"PropertyValueSpecification","valueRequired":true,"valueName":"search_term_string"}}],"inLanguage":"en-US"}]}},"_links":{"self":[{"href":"https:\/\/tv.joycemeyer.org\/magyar\/wp-json\/wp\/v2\/devotional\/1497","targetHints":{"allow":["GET"]}}],"collection":[{"href":"https:\/\/tv.joycemeyer.org\/magyar\/wp-json\/wp\/v2\/devotional"}],"about":[{"href":"https:\/\/tv.joycemeyer.org\/magyar\/wp-json\/wp\/v2\/types\/devotional"}],"author":[{"embeddable":true,"href":"https:\/\/tv.joycemeyer.org\/magyar\/wp-json\/wp\/v2\/users\/15"}],"replies":[{"embeddable":true,"href":"https:\/\/tv.joycemeyer.org\/magyar\/wp-json\/wp\/v2\/comments?post=1497"}],"wp:featuredmedia":[{"embeddable":true,"href":"https:\/\/tv.joycemeyer.org\/magyar\/wp-json\/wp\/v2\/media\/1498"}],"wp:attachment":[{"href":"https:\/\/tv.joycemeyer.org\/magyar\/wp-json\/wp\/v2\/media?parent=1497"}],"curies":[{"name":"wp","href":"https:\/\/api.w.org\/{rel}","templated":true}]}}