{"id":1499,"date":"2026-09-04T00:01:02","date_gmt":"2026-09-04T00:01:02","guid":{"rendered":"https:\/\/tv.joycemeyer.org\/magyar\/?post_type=devotional&#038;p=1499"},"modified":"2026-08-31T15:40:14","modified_gmt":"2026-08-31T15:40:14","slug":"talald-meg-az-igeben-valaszokat","status":"publish","type":"devotional","link":"https:\/\/tv.joycemeyer.org\/magyar\/devotional\/talald-meg-az-igeben-valaszokat\/","title":{"rendered":"Tal\u00e1ld meg az Ig\u00e9ben a v\u00e1laszokat \u00e9s az er\u0151t amire sz\u00fcks\u00e9ged van"},"content":{"rendered":"<blockquote><p>Mert Isten ig\u00e9je \u00e9l\u0151 \u00e9s hat\u00f3, \u00e9lesebb minden k\u00e9t\u00e9l\u0171 kardn\u00e1l, \u00e9s \u00e1thatol az elme \u00e9s a l\u00e9lek, az \u00edz\u00fcletek \u00e9s a vel\u0151k sz\u00e9tv\u00e1l\u00e1s\u00e1ig, \u00e9s meg\u00edt\u00e9li a sz\u00edv gondolatait \u00e9s sz\u00e1nd\u00e9kait. Zsid 4:12<\/p><\/blockquote>\n<p>Amikor az emberek azt k\u00e9rdezik, hol kezdj\u00e9k el olvasni a Bibli\u00e1t, azt szoktam mondani, hogy nem kezdheted rossz helyen. Ak\u00e1rhol kezded, seg\u00edteni fog.<\/p>\n<p>Amikor el\u0151sz\u00f6r tanulm\u00e1nyozni kezdtem az Ig\u00e9t, nem voltak t\u00fal j\u00f3 kapcsolataim, mert nem igaz\u00e1n \u00e9rtettem mi az a szeretet. Ez\u00e9rt a szeretet t\u00e9m\u00e1j\u00e1n\u00e1l kezdtem, \u00e9s megtanultam, hogy ez t\u00f6bb mint csak \u00e9rzelg\u0151ss\u00e9g. Ez egy d\u00f6nt\u00e9s, hogy hogyan fogod mostant\u00f3l kezelni az embereket.<\/p>\n<p>Az\u00e1ltal, hogy tanulm\u00e1nyoztam mit mond a Biblia a szeretetr\u0151l, megtanultam, hogyan kell szeretni. \u00c9s az \u00e9letem elkezdett megv\u00e1ltozni.<\/p>\n<p>B\u00e1rmi is a probl\u00e9m\u00e1d, tal\u00e1lhatsz err\u0151l igeverset a konkordanci\u00e1k seg\u00edts\u00e9g\u00e9vel. P\u00e9ld\u00e1ul, ha a haraggal vagy a f\u00e9lelemmel kapcsolatos, akkor nyisd ki a konkordanci\u00e1t a Bibli\u00e1d v\u00e9g\u00e9n, \u00e9s n\u00e9zd meg, melyik iger\u00e9sz besz\u00e9l err\u0151l a t\u00e9m\u00e1r\u00f3l. K\u00e9rd a Szent Szellemet, hogy vezessen, \u00e9s felfedje neked az igazs\u00e1got.<\/p>\n<p>Mindegy hol kezded, eml\u00e9kezz arra, hogy az Ige \u00e9l\u0151, \u00e9s Isten szeretne sz\u00f3lni a sz\u00edvedhez ma!<\/p>\n<hr \/>\n<p>Ima: Uram, szeretn\u00e9m, ha sz\u00f3ln\u00e1l hozz\u00e1m. Seg\u00edts, hogy megtal\u00e1ljam a b\u00f6lcsess\u00e9get \u00e9s az er\u0151t az Ig\u00e9dben, amire ma sz\u00fcks\u00e9gem van.<\/p>\n","protected":false},"excerpt":{"rendered":"<p>Amikor az emberek azt k\u00e9rdezik, hol kezdj\u00e9k el olvasni a Bibli\u00e1t, azt szoktam mondani, hogy nem kezdheted rossz helyen &#8230;<\/p>\n","protected":false},"author":15,"featured_media":1500,"parent":0,"menu_order":0,"comment_status":"closed","ping_status":"closed","template":"","class_list":["post-1499","devotional","type-devotional","status-publish","has-post-thumbnail","hentry"],"acf":[],"appp":{"post_detail":{"above_title":"<div class=\"post-featured-wrap\"><img width=\"1024\" height=\"576\" src=\"https:\/\/tv.joycemeyer.org\/magyar\/wp-content\/uploads\/sites\/72\/2019\/08\/967-1024x576.jpg\" class=\"post-featured wp-post-image\" alt=\"\" decoding=\"async\" srcset=\"https:\/\/tv.joycemeyer.org\/magyar\/wp-content\/uploads\/sites\/72\/2019\/08\/967-1024x576.jpg 1024w, https:\/\/tv.joycemeyer.org\/magyar\/wp-content\/uploads\/sites\/72\/2019\/08\/967-300x169.jpg 300w, https:\/\/tv.joycemeyer.org\/magyar\/wp-content\/uploads\/sites\/72\/2019\/08\/967-768x432.jpg 768w, https:\/\/tv.joycemeyer.org\/magyar\/wp-content\/uploads\/sites\/72\/2019\/08\/967-640x360.jpg 640w, https:\/\/tv.joycemeyer.org\/magyar\/wp-content\/uploads\/sites\/72\/2019\/08\/967-960x540.jpg 960w\" sizes=\"(max-width: 1024px) 100vw, 1024px\" \/><\/div>","below_content":"<div class=\"follow\"><h6 class=\"alt\">L\u00e9pj kapcsolatba vel\u00fcnk<\/h6><ul class=\"nav nav--social nav--flex\"><li class=\"menu-item facebook\"><a href=\"https:\/\/www.facebook.com\/JoyceMeyerMinistriesHungarian\/\" target=\"_blank\"><span class=\"visuallyhidden\">Facebook<\/span><\/a><\/li><li class=\"menu-item instagram\"><a href=\"https:\/\/www.instagram.com\/joycemeyerministriesmagyar\/\" target=\"_blank\"><span class=\"visuallyhidden\">Instagram<\/span><\/a><\/li><li class=\"menu-item youtube\"><a href=\"https:\/\/www.youtube.com\/channel\/UCoAjHvNztMybm-_7N0zdThg\" target=\"_blank\"><span class=\"visuallyhidden\">YouTube<\/span><\/a><\/li><\/ul><\/div>"}},"yoast_head":"<!-- This site is optimized with the Yoast SEO plugin v28.2 - https:\/\/yoast.com\/product\/yoast-seo-wordpress\/ -->\n<title>Tal\u00e1ld meg az Ig\u00e9ben a v\u00e1laszokat \u00e9s az er\u0151t amire sz\u00fcks\u00e9ged van - Joyce Meyer Ministries - Magyar<\/title>\n<meta name=\"robots\" content=\"index, follow, max-snippet:-1, max-image-preview:large, max-video-preview:-1\" \/>\n<link rel=\"canonical\" href=\"https:\/\/tv.joycemeyer.org\/magyar\/devotional\/talald-meg-az-igeben-valaszokat\/\" \/>\n<meta property=\"og:locale\" content=\"en_US\" \/>\n<meta property=\"og:type\" content=\"article\" \/>\n<meta property=\"og:title\" content=\"Tal\u00e1ld meg az Ig\u00e9ben a v\u00e1laszokat \u00e9s az er\u0151t amire sz\u00fcks\u00e9ged van - Joyce Meyer Ministries - Magyar\" \/>\n<meta property=\"og:description\" content=\"Amikor az emberek azt k\u00e9rdezik, hol kezdj\u00e9k el olvasni a Bibli\u00e1t, azt szoktam mondani, hogy nem kezdheted rossz helyen ...\" \/>\n<meta property=\"og:url\" content=\"https:\/\/tv.joycemeyer.org\/magyar\/devotional\/talald-meg-az-igeben-valaszokat\/\" \/>\n<meta property=\"og:site_name\" content=\"Joyce Meyer Ministries - Magyar\" \/>\n<meta property=\"article:publisher\" content=\"https:\/\/www.facebook.com\/JoyceMeyerMinistriesHungarian\/\" \/>\n<meta property=\"og:image\" content=\"https:\/\/tv.joycemeyer.org\/magyar\/wp-content\/uploads\/sites\/72\/2019\/08\/967.jpg\" \/>\n\t<meta property=\"og:image:width\" content=\"2480\" \/>\n\t<meta property=\"og:image:height\" content=\"1395\" \/>\n\t<meta property=\"og:image:type\" content=\"image\/jpeg\" \/>\n<meta name=\"twitter:card\" content=\"summary_large_image\" \/>\n<meta name=\"twitter:label1\" content=\"Est. reading time\" \/>\n\t<meta name=\"twitter:data1\" content=\"1 minute\" \/>\n<script type=\"application\/ld+json\" class=\"yoast-schema-graph\">{\"@context\":\"https:\\\/\\\/schema.org\",\"@graph\":[{\"@type\":\"WebPage\",\"@id\":\"https:\\\/\\\/tv.joycemeyer.org\\\/magyar\\\/devotional\\\/talald-meg-az-igeben-valaszokat\\\/\",\"url\":\"https:\\\/\\\/tv.joycemeyer.org\\\/magyar\\\/devotional\\\/talald-meg-az-igeben-valaszokat\\\/\",\"name\":\"Tal\u00e1ld meg az Ig\u00e9ben a v\u00e1laszokat \u00e9s az er\u0151t amire sz\u00fcks\u00e9ged van - Joyce Meyer Ministries - Magyar\",\"isPartOf\":{\"@id\":\"https:\\\/\\\/tv.joycemeyer.org\\\/magyar\\\/#website\"},\"primaryImageOfPage\":{\"@id\":\"https:\\\/\\\/tv.joycemeyer.org\\\/magyar\\\/devotional\\\/talald-meg-az-igeben-valaszokat\\\/#primaryimage\"},\"image\":{\"@id\":\"https:\\\/\\\/tv.joycemeyer.org\\\/magyar\\\/devotional\\\/talald-meg-az-igeben-valaszokat\\\/#primaryimage\"},\"thumbnailUrl\":\"https:\\\/\\\/tv.joycemeyer.org\\\/magyar\\\/wp-content\\\/uploads\\\/sites\\\/72\\\/2019\\\/08\\\/967.jpg\",\"datePublished\":\"2026-09-04T00:01:02+00:00\",\"breadcrumb\":{\"@id\":\"https:\\\/\\\/tv.joycemeyer.org\\\/magyar\\\/devotional\\\/talald-meg-az-igeben-valaszokat\\\/#breadcrumb\"},\"inLanguage\":\"en-US\",\"potentialAction\":[{\"@type\":\"ReadAction\",\"target\":[\"https:\\\/\\\/tv.joycemeyer.org\\\/magyar\\\/devotional\\\/talald-meg-az-igeben-valaszokat\\\/\"]}]},{\"@type\":\"ImageObject\",\"inLanguage\":\"en-US\",\"@id\":\"https:\\\/\\\/tv.joycemeyer.org\\\/magyar\\\/devotional\\\/talald-meg-az-igeben-valaszokat\\\/#primaryimage\",\"url\":\"https:\\\/\\\/tv.joycemeyer.org\\\/magyar\\\/wp-content\\\/uploads\\\/sites\\\/72\\\/2019\\\/08\\\/967.jpg\",\"contentUrl\":\"https:\\\/\\\/tv.joycemeyer.org\\\/magyar\\\/wp-content\\\/uploads\\\/sites\\\/72\\\/2019\\\/08\\\/967.jpg\",\"width\":2480,\"height\":1395,\"caption\":\"Tal\u00e1ld meg az Ig\u00e9ben a v\u00e1laszokat \u00e9s az er\u0151t amire sz\u00fcks\u00e9ged van\"},{\"@type\":\"BreadcrumbList\",\"@id\":\"https:\\\/\\\/tv.joycemeyer.org\\\/magyar\\\/devotional\\\/talald-meg-az-igeben-valaszokat\\\/#breadcrumb\",\"itemListElement\":[{\"@type\":\"ListItem\",\"position\":1,\"name\":\"Home\",\"item\":\"https:\\\/\\\/tv.joycemeyer.org\\\/magyar\\\/\"},{\"@type\":\"ListItem\",\"position\":2,\"name\":\"Devotional\",\"item\":\"https:\\\/\\\/tv.joycemeyer.org\\\/magyar\\\/devotional\\\/\"},{\"@type\":\"ListItem\",\"position\":3,\"name\":\"Tal\u00e1ld meg az Ig\u00e9ben a v\u00e1laszokat \u00e9s az er\u0151t amire sz\u00fcks\u00e9ged van\"}]},{\"@type\":\"WebSite\",\"@id\":\"https:\\\/\\\/tv.joycemeyer.org\\\/magyar\\\/#website\",\"url\":\"https:\\\/\\\/tv.joycemeyer.org\\\/magyar\\\/\",\"name\":\"Joyce Meyer Ministries - Magyar\",\"description\":\"Hirdetj\u00fck Krisztust - Szeretj\u00fck az embereket\",\"potentialAction\":[{\"@type\":\"SearchAction\",\"target\":{\"@type\":\"EntryPoint\",\"urlTemplate\":\"https:\\\/\\\/tv.joycemeyer.org\\\/magyar\\\/?s={search_term_string}\"},\"query-input\":{\"@type\":\"PropertyValueSpecification\",\"valueRequired\":true,\"valueName\":\"search_term_string\"}}],\"inLanguage\":\"en-US\"}]}<\/script>\n<!-- \/ Yoast SEO plugin. -->","yoast_head_json":{"title":"Tal\u00e1ld meg az Ig\u00e9ben a v\u00e1laszokat \u00e9s az er\u0151t amire sz\u00fcks\u00e9ged van - Joyce Meyer Ministries - Magyar","robots":{"index":"index","follow":"follow","max-snippet":"max-snippet:-1","max-image-preview":"max-image-preview:large","max-video-preview":"max-video-preview:-1"},"canonical":"https:\/\/tv.joycemeyer.org\/magyar\/devotional\/talald-meg-az-igeben-valaszokat\/","og_locale":"en_US","og_type":"article","og_title":"Tal\u00e1ld meg az Ig\u00e9ben a v\u00e1laszokat \u00e9s az er\u0151t amire sz\u00fcks\u00e9ged van - Joyce Meyer Ministries - Magyar","og_description":"Amikor az emberek azt k\u00e9rdezik, hol kezdj\u00e9k el olvasni a Bibli\u00e1t, azt szoktam mondani, hogy nem kezdheted rossz helyen ...","og_url":"https:\/\/tv.joycemeyer.org\/magyar\/devotional\/talald-meg-az-igeben-valaszokat\/","og_site_name":"Joyce Meyer Ministries - Magyar","article_publisher":"https:\/\/www.facebook.com\/JoyceMeyerMinistriesHungarian\/","og_image":[{"width":2480,"height":1395,"url":"https:\/\/tv.joycemeyer.org\/magyar\/wp-content\/uploads\/sites\/72\/2019\/08\/967.jpg","type":"image\/jpeg"}],"twitter_card":"summary_large_image","twitter_misc":{"Est. reading time":"1 minute"},"schema":{"@context":"https:\/\/schema.org","@graph":[{"@type":"WebPage","@id":"https:\/\/tv.joycemeyer.org\/magyar\/devotional\/talald-meg-az-igeben-valaszokat\/","url":"https:\/\/tv.joycemeyer.org\/magyar\/devotional\/talald-meg-az-igeben-valaszokat\/","name":"Tal\u00e1ld meg az Ig\u00e9ben a v\u00e1laszokat \u00e9s az er\u0151t amire sz\u00fcks\u00e9ged van - Joyce Meyer Ministries - Magyar","isPartOf":{"@id":"https:\/\/tv.joycemeyer.org\/magyar\/#website"},"primaryImageOfPage":{"@id":"https:\/\/tv.joycemeyer.org\/magyar\/devotional\/talald-meg-az-igeben-valaszokat\/#primaryimage"},"image":{"@id":"https:\/\/tv.joycemeyer.org\/magyar\/devotional\/talald-meg-az-igeben-valaszokat\/#primaryimage"},"thumbnailUrl":"https:\/\/tv.joycemeyer.org\/magyar\/wp-content\/uploads\/sites\/72\/2019\/08\/967.jpg","datePublished":"2026-09-04T00:01:02+00:00","breadcrumb":{"@id":"https:\/\/tv.joycemeyer.org\/magyar\/devotional\/talald-meg-az-igeben-valaszokat\/#breadcrumb"},"inLanguage":"en-US","potentialAction":[{"@type":"ReadAction","target":["https:\/\/tv.joycemeyer.org\/magyar\/devotional\/talald-meg-az-igeben-valaszokat\/"]}]},{"@type":"ImageObject","inLanguage":"en-US","@id":"https:\/\/tv.joycemeyer.org\/magyar\/devotional\/talald-meg-az-igeben-valaszokat\/#primaryimage","url":"https:\/\/tv.joycemeyer.org\/magyar\/wp-content\/uploads\/sites\/72\/2019\/08\/967.jpg","contentUrl":"https:\/\/tv.joycemeyer.org\/magyar\/wp-content\/uploads\/sites\/72\/2019\/08\/967.jpg","width":2480,"height":1395,"caption":"Tal\u00e1ld meg az Ig\u00e9ben a v\u00e1laszokat \u00e9s az er\u0151t amire sz\u00fcks\u00e9ged van"},{"@type":"BreadcrumbList","@id":"https:\/\/tv.joycemeyer.org\/magyar\/devotional\/talald-meg-az-igeben-valaszokat\/#breadcrumb","itemListElement":[{"@type":"ListItem","position":1,"name":"Home","item":"https:\/\/tv.joycemeyer.org\/magyar\/"},{"@type":"ListItem","position":2,"name":"Devotional","item":"https:\/\/tv.joycemeyer.org\/magyar\/devotional\/"},{"@type":"ListItem","position":3,"name":"Tal\u00e1ld meg az Ig\u00e9ben a v\u00e1laszokat \u00e9s az er\u0151t amire sz\u00fcks\u00e9ged van"}]},{"@type":"WebSite","@id":"https:\/\/tv.joycemeyer.org\/magyar\/#website","url":"https:\/\/tv.joycemeyer.org\/magyar\/","name":"Joyce Meyer Ministries - Magyar","description":"Hirdetj\u00fck Krisztust - Szeretj\u00fck az embereket","potentialAction":[{"@type":"SearchAction","target":{"@type":"EntryPoint","urlTemplate":"https:\/\/tv.joycemeyer.org\/magyar\/?s={search_term_string}"},"query-input":{"@type":"PropertyValueSpecification","valueRequired":true,"valueName":"search_term_string"}}],"inLanguage":"en-US"}]}},"_links":{"self":[{"href":"https:\/\/tv.joycemeyer.org\/magyar\/wp-json\/wp\/v2\/devotional\/1499","targetHints":{"allow":["GET"]}}],"collection":[{"href":"https:\/\/tv.joycemeyer.org\/magyar\/wp-json\/wp\/v2\/devotional"}],"about":[{"href":"https:\/\/tv.joycemeyer.org\/magyar\/wp-json\/wp\/v2\/types\/devotional"}],"author":[{"embeddable":true,"href":"https:\/\/tv.joycemeyer.org\/magyar\/wp-json\/wp\/v2\/users\/15"}],"replies":[{"embeddable":true,"href":"https:\/\/tv.joycemeyer.org\/magyar\/wp-json\/wp\/v2\/comments?post=1499"}],"wp:featuredmedia":[{"embeddable":true,"href":"https:\/\/tv.joycemeyer.org\/magyar\/wp-json\/wp\/v2\/media\/1500"}],"wp:attachment":[{"href":"https:\/\/tv.joycemeyer.org\/magyar\/wp-json\/wp\/v2\/media?parent=1499"}],"curies":[{"name":"wp","href":"https:\/\/api.w.org\/{rel}","templated":true}]}}