{"id":1816,"date":"2024-02-20T00:01:27","date_gmt":"2024-02-20T00:01:27","guid":{"rendered":"https:\/\/tv.joycemeyer.org\/magyar\/?post_type=devotional&#038;p=1816"},"modified":"2024-02-20T13:27:28","modified_gmt":"2024-02-20T13:27:28","slug":"jarj-isten-utjan","status":"publish","type":"devotional","link":"https:\/\/tv.joycemeyer.org\/magyar\/devotional\/jarj-isten-utjan\/","title":{"rendered":"J\u00e1rj Isten \u00datj\u00e1n!"},"content":{"rendered":"<blockquote><p>\u201eTan\u00edts engem utaidra, Uram, hogy igazs\u00e1god szerint j\u00e1rjak, \u00e9s teljes sz\u00edvvel f\u00e9ljem nevedet.\u201d (Zsolt.86,11.)<\/p><\/blockquote>\n<p>Ha hallgatunk Isten hangj\u00e1ra, \u00e9s az \u0150 \u00fatj\u00e1n j\u00e1runk, ha az \u0150 szolg\u00e1lata mellett d\u00f6nt\u00fcnk, akkor elker\u00fclhetj\u00fck a Vele val\u00f3 hossz\u00fa birk\u00f3z\u00e1st. A b\u00f6lcsess\u00e9g azt mondja, hagyjuk Istent, hogy azt tegye vel\u00fcnk, amit akar, \u00edgy nem kell \u00e1lland\u00f3an ugyanazt a \u201ehegyet\u201d ker\u00fclgetn\u00fcnk (l\u00e1sd 5M\u00f3z. 2,3.). Tal\u00e1lkoztam olyan emberekkel, akik ugyanazokkal az akad\u00e1lyokkal \u00e9s probl\u00e9m\u00e1kkal bajl\u00f3dtak m\u00e1r h\u00fasz\u00a0vagy harminc \u00e9ve. Ha egyszer\u0171en engedelmeskedtek volna Istennek\u00a0m\u00e1r az elej\u00e9n, m\u00e1r r\u00e9g tov\u00e1bbl\u00e9phettek volna.<\/p>\n<p>Hnem sz\u00e1m\u00edt, mennyire \u00e9rezz\u00fck j\u00f3l magunkat azon a helyen, ahol Isten megtal\u00e1l, \u0150 nem fog minket otthagyni, nem hagyja, hogy stagn\u00e1ljunk. \u00daj helyekre akar vinni, \u00e9s \u00faj leck\u00e9ket akar tan\u00edtani. Azt akarja, hogy tele legy\u00fcnk \u00e9lettel, n\u00f6veked\u00e9ssel, t\u00f6ltsenek be az \u0150 c\u00e9ljai \u00e9s tervei.<\/p>\n<p>Isten azt mondta nek\u00fcnk: \u201eHa nem figyelsz R\u00e1m, figyelmen k\u00edv\u00fcl hagysz, \u00e9s nem reag\u00e1lsz a fedd\u00e9semre, r\u00e1d fogok kiab\u00e1lni. Pr\u00f3b\u00e1lok seg\u00edteni, de ha s\u00fcket f\u00fclekre tal\u00e1lok, p\u00e1nikszer\u0171en fogsz hozz\u00e1m j\u00f6nni, mikor bajba ker\u00fclsz.\u201d (l\u00e1sd: P\u00e9ld.1,24-28.). Isten irgalmas \u00e9s hossz\u00fat\u0171r\u0151, de elj\u00f6n a pont, mikor musz\u00e1j felismern\u00fcnk, hogy egyszer\u0171en engedelmeskedn\u00fcnk kell neki. Min\u00e9l el\u0151bb elkezd\u00fcnk engedelmeskedni \u00e9s Isten \u00fatj\u00e1n j\u00e1rni, ann\u00e1l el\u0151bb l\u00e9phet\u00fcnk tov\u00e1bb az \u00e9let\u00fcnkben, \u00e9s haladhatunk Isten j\u00f3 terveiben.<\/p>\n<hr \/>\n<p>Isten szava ma hozz\u00e1d: Im\u00e1dkozz, engedelmeskedj, \u00e9s ne k\u00e9slekedj!<\/p>\n","protected":false},"excerpt":{"rendered":"<p>Ha hallgatunk Isten hangj\u00e1ra, \u00e9s az \u0150 \u00fatj\u00e1n j\u00e1runk, ha az \u0150 szolg\u00e1lata mellett d\u00f6nt\u00fcnk, akkor elker\u00fclhetj\u00fck a Vele val\u00f3 hossz\u00fa birk\u00f3z\u00e1st &#8230;<\/p>\n","protected":false},"author":15,"featured_media":1817,"parent":0,"menu_order":0,"comment_status":"closed","ping_status":"closed","template":"","class_list":["post-1816","devotional","type-devotional","status-publish","has-post-thumbnail","hentry"],"acf":[],"appp":{"post_detail":{"above_title":"<div class=\"post-featured-wrap\"><img width=\"960\" height=\"540\" src=\"https:\/\/tv.joycemeyer.org\/magyar\/wp-content\/uploads\/sites\/72\/2020\/09\/974.jpg\" class=\"post-featured wp-post-image\" alt=\"J\u00e1rj Isten \u00fatj\u00e1n!\" decoding=\"async\" srcset=\"https:\/\/tv.joycemeyer.org\/magyar\/wp-content\/uploads\/sites\/72\/2020\/09\/974.jpg 960w, https:\/\/tv.joycemeyer.org\/magyar\/wp-content\/uploads\/sites\/72\/2020\/09\/974-300x169.jpg 300w, https:\/\/tv.joycemeyer.org\/magyar\/wp-content\/uploads\/sites\/72\/2020\/09\/974-768x432.jpg 768w, https:\/\/tv.joycemeyer.org\/magyar\/wp-content\/uploads\/sites\/72\/2020\/09\/974-640x360.jpg 640w\" sizes=\"(max-width: 960px) 100vw, 960px\" \/><\/div>","below_content":"<div class=\"follow\"><h6 class=\"alt\">L\u00e9pj kapcsolatba vel\u00fcnk<\/h6><ul class=\"nav nav--social nav--flex\"><li class=\"menu-item facebook\"><a href=\"https:\/\/www.facebook.com\/JoyceMeyerMinistriesHungarian\/\" target=\"_blank\"><span class=\"visuallyhidden\">Facebook<\/span><\/a><\/li><li class=\"menu-item instagram\"><a href=\"https:\/\/www.instagram.com\/joycemeyerministriesmagyar\/\" target=\"_blank\"><span class=\"visuallyhidden\">Instagram<\/span><\/a><\/li><li class=\"menu-item youtube\"><a href=\"https:\/\/www.youtube.com\/channel\/UCoAjHvNztMybm-_7N0zdThg\" target=\"_blank\"><span class=\"visuallyhidden\">YouTube<\/span><\/a><\/li><\/ul><\/div>"}},"yoast_head":"<!-- This site is optimized with the Yoast SEO plugin v27.4 - https:\/\/yoast.com\/product\/yoast-seo-wordpress\/ -->\n<title>J\u00e1rj Isten \u00datj\u00e1n! - Joyce Meyer Ministries - Magyar<\/title>\n<meta name=\"robots\" content=\"index, follow, max-snippet:-1, max-image-preview:large, max-video-preview:-1\" \/>\n<link rel=\"canonical\" href=\"https:\/\/tv.joycemeyer.org\/magyar\/devotional\/jarj-isten-utjan\/\" \/>\n<meta property=\"og:locale\" content=\"en_US\" \/>\n<meta property=\"og:type\" content=\"article\" \/>\n<meta property=\"og:title\" content=\"J\u00e1rj Isten \u00datj\u00e1n! - Joyce Meyer Ministries - Magyar\" \/>\n<meta property=\"og:description\" content=\"Ha hallgatunk Isten hangj\u00e1ra, \u00e9s az \u0150 \u00fatj\u00e1n j\u00e1runk, ha az \u0150 szolg\u00e1lata mellett d\u00f6nt\u00fcnk, akkor elker\u00fclhetj\u00fck a Vele val\u00f3 hossz\u00fa birk\u00f3z\u00e1st ...\" \/>\n<meta property=\"og:url\" content=\"https:\/\/tv.joycemeyer.org\/magyar\/devotional\/jarj-isten-utjan\/\" \/>\n<meta property=\"og:site_name\" content=\"Joyce Meyer Ministries - Magyar\" \/>\n<meta property=\"article:publisher\" content=\"https:\/\/www.facebook.com\/JoyceMeyerMinistriesHungarian\/\" \/>\n<meta property=\"article:modified_time\" content=\"2024-02-20T13:27:28+00:00\" \/>\n<meta property=\"og:image\" content=\"https:\/\/tv.joycemeyer.org\/magyar\/wp-content\/uploads\/sites\/72\/2020\/09\/974.jpg\" \/>\n\t<meta property=\"og:image:width\" content=\"960\" \/>\n\t<meta property=\"og:image:height\" content=\"540\" \/>\n\t<meta property=\"og:image:type\" content=\"image\/jpeg\" \/>\n<meta name=\"twitter:card\" content=\"summary_large_image\" \/>\n<meta name=\"twitter:label1\" content=\"Est. reading time\" \/>\n\t<meta name=\"twitter:data1\" content=\"2 minutes\" \/>\n<script type=\"application\/ld+json\" class=\"yoast-schema-graph\">{\"@context\":\"https:\\\/\\\/schema.org\",\"@graph\":[{\"@type\":\"WebPage\",\"@id\":\"https:\\\/\\\/tv.joycemeyer.org\\\/magyar\\\/devotional\\\/jarj-isten-utjan\\\/\",\"url\":\"https:\\\/\\\/tv.joycemeyer.org\\\/magyar\\\/devotional\\\/jarj-isten-utjan\\\/\",\"name\":\"J\u00e1rj Isten \u00datj\u00e1n! - Joyce Meyer Ministries - Magyar\",\"isPartOf\":{\"@id\":\"https:\\\/\\\/tv.joycemeyer.org\\\/magyar\\\/#website\"},\"primaryImageOfPage\":{\"@id\":\"https:\\\/\\\/tv.joycemeyer.org\\\/magyar\\\/devotional\\\/jarj-isten-utjan\\\/#primaryimage\"},\"image\":{\"@id\":\"https:\\\/\\\/tv.joycemeyer.org\\\/magyar\\\/devotional\\\/jarj-isten-utjan\\\/#primaryimage\"},\"thumbnailUrl\":\"https:\\\/\\\/tv.joycemeyer.org\\\/magyar\\\/wp-content\\\/uploads\\\/sites\\\/72\\\/2020\\\/09\\\/974.jpg\",\"datePublished\":\"2024-02-20T00:01:27+00:00\",\"dateModified\":\"2024-02-20T13:27:28+00:00\",\"breadcrumb\":{\"@id\":\"https:\\\/\\\/tv.joycemeyer.org\\\/magyar\\\/devotional\\\/jarj-isten-utjan\\\/#breadcrumb\"},\"inLanguage\":\"en-US\",\"potentialAction\":[{\"@type\":\"ReadAction\",\"target\":[\"https:\\\/\\\/tv.joycemeyer.org\\\/magyar\\\/devotional\\\/jarj-isten-utjan\\\/\"]}]},{\"@type\":\"ImageObject\",\"inLanguage\":\"en-US\",\"@id\":\"https:\\\/\\\/tv.joycemeyer.org\\\/magyar\\\/devotional\\\/jarj-isten-utjan\\\/#primaryimage\",\"url\":\"https:\\\/\\\/tv.joycemeyer.org\\\/magyar\\\/wp-content\\\/uploads\\\/sites\\\/72\\\/2020\\\/09\\\/974.jpg\",\"contentUrl\":\"https:\\\/\\\/tv.joycemeyer.org\\\/magyar\\\/wp-content\\\/uploads\\\/sites\\\/72\\\/2020\\\/09\\\/974.jpg\",\"width\":960,\"height\":540,\"caption\":\"J\u00e1rj Isten \u00fatj\u00e1n!\"},{\"@type\":\"BreadcrumbList\",\"@id\":\"https:\\\/\\\/tv.joycemeyer.org\\\/magyar\\\/devotional\\\/jarj-isten-utjan\\\/#breadcrumb\",\"itemListElement\":[{\"@type\":\"ListItem\",\"position\":1,\"name\":\"Home\",\"item\":\"https:\\\/\\\/tv.joycemeyer.org\\\/magyar\\\/\"},{\"@type\":\"ListItem\",\"position\":2,\"name\":\"Devotional\",\"item\":\"https:\\\/\\\/tv.joycemeyer.org\\\/magyar\\\/devotional\\\/\"},{\"@type\":\"ListItem\",\"position\":3,\"name\":\"J\u00e1rj Isten \u00datj\u00e1n!\"}]},{\"@type\":\"WebSite\",\"@id\":\"https:\\\/\\\/tv.joycemeyer.org\\\/magyar\\\/#website\",\"url\":\"https:\\\/\\\/tv.joycemeyer.org\\\/magyar\\\/\",\"name\":\"Joyce Meyer Ministries - Magyar\",\"description\":\"Hirdetj\u00fck Krisztust - Szeretj\u00fck az embereket\",\"potentialAction\":[{\"@type\":\"SearchAction\",\"target\":{\"@type\":\"EntryPoint\",\"urlTemplate\":\"https:\\\/\\\/tv.joycemeyer.org\\\/magyar\\\/?s={search_term_string}\"},\"query-input\":{\"@type\":\"PropertyValueSpecification\",\"valueRequired\":true,\"valueName\":\"search_term_string\"}}],\"inLanguage\":\"en-US\"}]}<\/script>\n<!-- \/ Yoast SEO plugin. -->","yoast_head_json":{"title":"J\u00e1rj Isten \u00datj\u00e1n! - Joyce Meyer Ministries - Magyar","robots":{"index":"index","follow":"follow","max-snippet":"max-snippet:-1","max-image-preview":"max-image-preview:large","max-video-preview":"max-video-preview:-1"},"canonical":"https:\/\/tv.joycemeyer.org\/magyar\/devotional\/jarj-isten-utjan\/","og_locale":"en_US","og_type":"article","og_title":"J\u00e1rj Isten \u00datj\u00e1n! - Joyce Meyer Ministries - Magyar","og_description":"Ha hallgatunk Isten hangj\u00e1ra, \u00e9s az \u0150 \u00fatj\u00e1n j\u00e1runk, ha az \u0150 szolg\u00e1lata mellett d\u00f6nt\u00fcnk, akkor elker\u00fclhetj\u00fck a Vele val\u00f3 hossz\u00fa birk\u00f3z\u00e1st ...","og_url":"https:\/\/tv.joycemeyer.org\/magyar\/devotional\/jarj-isten-utjan\/","og_site_name":"Joyce Meyer Ministries - Magyar","article_publisher":"https:\/\/www.facebook.com\/JoyceMeyerMinistriesHungarian\/","article_modified_time":"2024-02-20T13:27:28+00:00","og_image":[{"width":960,"height":540,"url":"https:\/\/tv.joycemeyer.org\/magyar\/wp-content\/uploads\/sites\/72\/2020\/09\/974.jpg","type":"image\/jpeg"}],"twitter_card":"summary_large_image","twitter_misc":{"Est. reading time":"2 minutes"},"schema":{"@context":"https:\/\/schema.org","@graph":[{"@type":"WebPage","@id":"https:\/\/tv.joycemeyer.org\/magyar\/devotional\/jarj-isten-utjan\/","url":"https:\/\/tv.joycemeyer.org\/magyar\/devotional\/jarj-isten-utjan\/","name":"J\u00e1rj Isten \u00datj\u00e1n! - Joyce Meyer Ministries - Magyar","isPartOf":{"@id":"https:\/\/tv.joycemeyer.org\/magyar\/#website"},"primaryImageOfPage":{"@id":"https:\/\/tv.joycemeyer.org\/magyar\/devotional\/jarj-isten-utjan\/#primaryimage"},"image":{"@id":"https:\/\/tv.joycemeyer.org\/magyar\/devotional\/jarj-isten-utjan\/#primaryimage"},"thumbnailUrl":"https:\/\/tv.joycemeyer.org\/magyar\/wp-content\/uploads\/sites\/72\/2020\/09\/974.jpg","datePublished":"2024-02-20T00:01:27+00:00","dateModified":"2024-02-20T13:27:28+00:00","breadcrumb":{"@id":"https:\/\/tv.joycemeyer.org\/magyar\/devotional\/jarj-isten-utjan\/#breadcrumb"},"inLanguage":"en-US","potentialAction":[{"@type":"ReadAction","target":["https:\/\/tv.joycemeyer.org\/magyar\/devotional\/jarj-isten-utjan\/"]}]},{"@type":"ImageObject","inLanguage":"en-US","@id":"https:\/\/tv.joycemeyer.org\/magyar\/devotional\/jarj-isten-utjan\/#primaryimage","url":"https:\/\/tv.joycemeyer.org\/magyar\/wp-content\/uploads\/sites\/72\/2020\/09\/974.jpg","contentUrl":"https:\/\/tv.joycemeyer.org\/magyar\/wp-content\/uploads\/sites\/72\/2020\/09\/974.jpg","width":960,"height":540,"caption":"J\u00e1rj Isten \u00fatj\u00e1n!"},{"@type":"BreadcrumbList","@id":"https:\/\/tv.joycemeyer.org\/magyar\/devotional\/jarj-isten-utjan\/#breadcrumb","itemListElement":[{"@type":"ListItem","position":1,"name":"Home","item":"https:\/\/tv.joycemeyer.org\/magyar\/"},{"@type":"ListItem","position":2,"name":"Devotional","item":"https:\/\/tv.joycemeyer.org\/magyar\/devotional\/"},{"@type":"ListItem","position":3,"name":"J\u00e1rj Isten \u00datj\u00e1n!"}]},{"@type":"WebSite","@id":"https:\/\/tv.joycemeyer.org\/magyar\/#website","url":"https:\/\/tv.joycemeyer.org\/magyar\/","name":"Joyce Meyer Ministries - Magyar","description":"Hirdetj\u00fck Krisztust - Szeretj\u00fck az embereket","potentialAction":[{"@type":"SearchAction","target":{"@type":"EntryPoint","urlTemplate":"https:\/\/tv.joycemeyer.org\/magyar\/?s={search_term_string}"},"query-input":{"@type":"PropertyValueSpecification","valueRequired":true,"valueName":"search_term_string"}}],"inLanguage":"en-US"}]}},"_links":{"self":[{"href":"https:\/\/tv.joycemeyer.org\/magyar\/wp-json\/wp\/v2\/devotional\/1816","targetHints":{"allow":["GET"]}}],"collection":[{"href":"https:\/\/tv.joycemeyer.org\/magyar\/wp-json\/wp\/v2\/devotional"}],"about":[{"href":"https:\/\/tv.joycemeyer.org\/magyar\/wp-json\/wp\/v2\/types\/devotional"}],"author":[{"embeddable":true,"href":"https:\/\/tv.joycemeyer.org\/magyar\/wp-json\/wp\/v2\/users\/15"}],"replies":[{"embeddable":true,"href":"https:\/\/tv.joycemeyer.org\/magyar\/wp-json\/wp\/v2\/comments?post=1816"}],"wp:featuredmedia":[{"embeddable":true,"href":"https:\/\/tv.joycemeyer.org\/magyar\/wp-json\/wp\/v2\/media\/1817"}],"wp:attachment":[{"href":"https:\/\/tv.joycemeyer.org\/magyar\/wp-json\/wp\/v2\/media?parent=1816"}],"curies":[{"name":"wp","href":"https:\/\/api.w.org\/{rel}","templated":true}]}}