{"id":1903,"date":"2024-03-19T00:01:03","date_gmt":"2024-03-19T00:01:03","guid":{"rendered":"https:\/\/tv.joycemeyer.org\/magyar\/?post_type=devotional&#038;p=1903"},"modified":"2024-03-19T11:47:25","modified_gmt":"2024-03-19T11:47:25","slug":"isten-szeliden-vezet","status":"publish","type":"devotional","link":"https:\/\/tv.joycemeyer.org\/magyar\/devotional\/isten-szeliden-vezet\/","title":{"rendered":"Isten Szel\u00edden Vezet"},"content":{"rendered":"<blockquote><p>\u201eMint p\u00e1sztor, \u00fagy legelteti ny\u00e1j\u00e1t, karj\u00e1ra gy\u0171jti a b\u00e1r\u00e1nyokat, \u00f6l\u00e9be veszi \u0151ket, az anyajuhokat szel\u00edden terelgeti.\u201d (\u00c9zs.40,11.)<\/p><\/blockquote>\n<p>Mikor isten sz\u00f3l hozz\u00e1nk, \u00e9s vezet minket, nem ord\u00edt r\u00e1nk, \u00e9s nem \u00a0taszig\u00e1l \u00a0abba \u00a0az \u00a0ir\u00e1nyba, \u00a0ahov\u00e1 \u00a0vezetni \u00a0akar. \u00a0nem, hanem \u00fagy vezet minket, mint egy szel\u00edd p\u00e1sztor, h\u00edvogat minket, hogy k\u00f6vess\u00fck \u0150t a z\u00f6ldebb legel\u0151kre. Azt akarja, hogy eljussunk oda, ahol annyira \u00e9rz\u00e9kenyek lesz\u00fcnk a hangj\u00e1ra, hogy m\u00e1r egy kis suttog\u00f3 \u00a0figyelmeztet\u00e9sre \u00a0is \u00a0megk\u00e9rdezz\u00fck, \u00a0\u201eMit \u00a0mondasz \u00a0itt Uram?\u201d Abban a percben, amint meg\u00e9rezz\u00fck, hogy m\u00e1st szeretne t\u0151l\u00fcnk, mint amit \u00e9ppen csin\u00e1lunk, azonnal engedelmeskedn\u00fcnk kellene. Ha azt \u00e9rezz\u00fck egy tev\u00e9kenys\u00e9g k\u00f6zben, hogy nincs b\u00e9kess\u00e9g\u00fcnk, hagyjuk abba, \u00e9s k\u00e9rj\u00fck Isten ir\u00e1nymutat\u00e1s\u00e1t.<\/p>\n<p>A P\u00e9ldabesz\u00e9dek 3:6 azt mondja, hogy ha minden utunkban elismerj\u00fck Istent, \u0150 igazgatja a mi \u00f6sv\u00e9nyeinket. Elismerni Istent egyszer\u0171en azt jelenti, hogy el\u00e9g tisztelet, istenf\u00e9lelem \u00e9s csod\u00e1lat van benn\u00fcnk Ir\u00e1nta ahhoz, hogy \u00e9rdekeljen, mit gondol a tetteinkr\u0151l.<\/p>\n<p>J\u00f3 dolog ezzel az im\u00e1val ind\u00edtani a napot:<\/p>\n<p>\u201eUram, \u00e9rdekel, mit gondolsz, \u00e9s nem akarok olyan dolgokat csin\u00e1lni, amiket te nem akarsz. Ha elkezdek ilyesmit, k\u00e9rlek, mutasd meg nekem azt, hogy abbahagyhassam, elfordulhassak t\u0151le, \u00e9s ink\u00e1bb a te akaratod teljes\u00edtsem. \u00c1men.\u201d<\/p>\n<hr \/>\n<p>Isten szava ma hozz\u00e1d:<\/p>\n<p>Mindenn\u00e9l jobban \u00e9rdekeljen, mit gondol Isten!<\/p>\n","protected":false},"excerpt":{"rendered":"<p>Mikor isten sz\u00f3l hozz\u00e1nk, \u00e9s vezet minket, nem ord\u00edt r\u00e1nk, \u00e9s nem  taszig\u00e1l  abba  az  ir\u00e1nyba,  ahov\u00e1  vezetni  akar. <\/p>\n","protected":false},"author":15,"featured_media":1904,"parent":0,"menu_order":0,"comment_status":"closed","ping_status":"closed","template":"","class_list":["post-1903","devotional","type-devotional","status-publish","has-post-thumbnail","hentry"],"acf":[],"appp":{"post_detail":{"above_title":"<div class=\"post-featured-wrap\"><img width=\"960\" height=\"540\" src=\"https:\/\/tv.joycemeyer.org\/magyar\/wp-content\/uploads\/sites\/72\/2020\/11\/1183.jpg\" class=\"post-featured wp-post-image\" alt=\"Isten szel\u00edden vezet\" decoding=\"async\" srcset=\"https:\/\/tv.joycemeyer.org\/magyar\/wp-content\/uploads\/sites\/72\/2020\/11\/1183.jpg 960w, https:\/\/tv.joycemeyer.org\/magyar\/wp-content\/uploads\/sites\/72\/2020\/11\/1183-300x169.jpg 300w, https:\/\/tv.joycemeyer.org\/magyar\/wp-content\/uploads\/sites\/72\/2020\/11\/1183-768x432.jpg 768w, https:\/\/tv.joycemeyer.org\/magyar\/wp-content\/uploads\/sites\/72\/2020\/11\/1183-640x360.jpg 640w\" sizes=\"(max-width: 960px) 100vw, 960px\" \/><\/div>","below_content":"<div class=\"follow\"><h6 class=\"alt\">L\u00e9pj kapcsolatba vel\u00fcnk<\/h6><ul class=\"nav nav--social nav--flex\"><li class=\"menu-item facebook\"><a href=\"https:\/\/www.facebook.com\/JoyceMeyerMinistriesHungarian\/\" target=\"_blank\"><span class=\"visuallyhidden\">Facebook<\/span><\/a><\/li><li class=\"menu-item instagram\"><a href=\"https:\/\/www.instagram.com\/joycemeyerministriesmagyar\/\" target=\"_blank\"><span class=\"visuallyhidden\">Instagram<\/span><\/a><\/li><li class=\"menu-item youtube\"><a href=\"https:\/\/www.youtube.com\/channel\/UCoAjHvNztMybm-_7N0zdThg\" target=\"_blank\"><span class=\"visuallyhidden\">YouTube<\/span><\/a><\/li><\/ul><\/div>"}},"yoast_head":"<!-- This site is optimized with the Yoast SEO plugin v27.4 - https:\/\/yoast.com\/product\/yoast-seo-wordpress\/ -->\n<title>Isten Szel\u00edden Vezet - Joyce Meyer Ministries - Magyar<\/title>\n<meta name=\"robots\" content=\"index, follow, max-snippet:-1, max-image-preview:large, max-video-preview:-1\" \/>\n<link rel=\"canonical\" href=\"https:\/\/tv.joycemeyer.org\/magyar\/devotional\/isten-szeliden-vezet\/\" \/>\n<meta property=\"og:locale\" content=\"en_US\" \/>\n<meta property=\"og:type\" content=\"article\" \/>\n<meta property=\"og:title\" content=\"Isten Szel\u00edden Vezet - Joyce Meyer Ministries - Magyar\" \/>\n<meta property=\"og:description\" content=\"Mikor isten sz\u00f3l hozz\u00e1nk, \u00e9s vezet minket, nem ord\u00edt r\u00e1nk, \u00e9s nem taszig\u00e1l abba az ir\u00e1nyba, ahov\u00e1 vezetni akar.\" \/>\n<meta property=\"og:url\" content=\"https:\/\/tv.joycemeyer.org\/magyar\/devotional\/isten-szeliden-vezet\/\" \/>\n<meta property=\"og:site_name\" content=\"Joyce Meyer Ministries - Magyar\" \/>\n<meta property=\"article:publisher\" content=\"https:\/\/www.facebook.com\/JoyceMeyerMinistriesHungarian\/\" \/>\n<meta property=\"article:modified_time\" content=\"2024-03-19T11:47:25+00:00\" \/>\n<meta property=\"og:image\" content=\"https:\/\/tv.joycemeyer.org\/magyar\/wp-content\/uploads\/sites\/72\/2020\/11\/1183.jpg\" \/>\n\t<meta property=\"og:image:width\" content=\"960\" \/>\n\t<meta property=\"og:image:height\" content=\"540\" \/>\n\t<meta property=\"og:image:type\" content=\"image\/jpeg\" \/>\n<meta name=\"twitter:card\" content=\"summary_large_image\" \/>\n<meta name=\"twitter:label1\" content=\"Est. reading time\" \/>\n\t<meta name=\"twitter:data1\" content=\"1 minute\" \/>\n<script type=\"application\/ld+json\" class=\"yoast-schema-graph\">{\"@context\":\"https:\\\/\\\/schema.org\",\"@graph\":[{\"@type\":\"WebPage\",\"@id\":\"https:\\\/\\\/tv.joycemeyer.org\\\/magyar\\\/devotional\\\/isten-szeliden-vezet\\\/\",\"url\":\"https:\\\/\\\/tv.joycemeyer.org\\\/magyar\\\/devotional\\\/isten-szeliden-vezet\\\/\",\"name\":\"Isten Szel\u00edden Vezet - Joyce Meyer Ministries - Magyar\",\"isPartOf\":{\"@id\":\"https:\\\/\\\/tv.joycemeyer.org\\\/magyar\\\/#website\"},\"primaryImageOfPage\":{\"@id\":\"https:\\\/\\\/tv.joycemeyer.org\\\/magyar\\\/devotional\\\/isten-szeliden-vezet\\\/#primaryimage\"},\"image\":{\"@id\":\"https:\\\/\\\/tv.joycemeyer.org\\\/magyar\\\/devotional\\\/isten-szeliden-vezet\\\/#primaryimage\"},\"thumbnailUrl\":\"https:\\\/\\\/tv.joycemeyer.org\\\/magyar\\\/wp-content\\\/uploads\\\/sites\\\/72\\\/2020\\\/11\\\/1183.jpg\",\"datePublished\":\"2024-03-19T00:01:03+00:00\",\"dateModified\":\"2024-03-19T11:47:25+00:00\",\"breadcrumb\":{\"@id\":\"https:\\\/\\\/tv.joycemeyer.org\\\/magyar\\\/devotional\\\/isten-szeliden-vezet\\\/#breadcrumb\"},\"inLanguage\":\"en-US\",\"potentialAction\":[{\"@type\":\"ReadAction\",\"target\":[\"https:\\\/\\\/tv.joycemeyer.org\\\/magyar\\\/devotional\\\/isten-szeliden-vezet\\\/\"]}]},{\"@type\":\"ImageObject\",\"inLanguage\":\"en-US\",\"@id\":\"https:\\\/\\\/tv.joycemeyer.org\\\/magyar\\\/devotional\\\/isten-szeliden-vezet\\\/#primaryimage\",\"url\":\"https:\\\/\\\/tv.joycemeyer.org\\\/magyar\\\/wp-content\\\/uploads\\\/sites\\\/72\\\/2020\\\/11\\\/1183.jpg\",\"contentUrl\":\"https:\\\/\\\/tv.joycemeyer.org\\\/magyar\\\/wp-content\\\/uploads\\\/sites\\\/72\\\/2020\\\/11\\\/1183.jpg\",\"width\":960,\"height\":540,\"caption\":\"Isten szel\u00edden vezet\"},{\"@type\":\"BreadcrumbList\",\"@id\":\"https:\\\/\\\/tv.joycemeyer.org\\\/magyar\\\/devotional\\\/isten-szeliden-vezet\\\/#breadcrumb\",\"itemListElement\":[{\"@type\":\"ListItem\",\"position\":1,\"name\":\"Home\",\"item\":\"https:\\\/\\\/tv.joycemeyer.org\\\/magyar\\\/\"},{\"@type\":\"ListItem\",\"position\":2,\"name\":\"Devotional\",\"item\":\"https:\\\/\\\/tv.joycemeyer.org\\\/magyar\\\/devotional\\\/\"},{\"@type\":\"ListItem\",\"position\":3,\"name\":\"Isten Szel\u00edden Vezet\"}]},{\"@type\":\"WebSite\",\"@id\":\"https:\\\/\\\/tv.joycemeyer.org\\\/magyar\\\/#website\",\"url\":\"https:\\\/\\\/tv.joycemeyer.org\\\/magyar\\\/\",\"name\":\"Joyce Meyer Ministries - Magyar\",\"description\":\"Hirdetj\u00fck Krisztust - Szeretj\u00fck az embereket\",\"potentialAction\":[{\"@type\":\"SearchAction\",\"target\":{\"@type\":\"EntryPoint\",\"urlTemplate\":\"https:\\\/\\\/tv.joycemeyer.org\\\/magyar\\\/?s={search_term_string}\"},\"query-input\":{\"@type\":\"PropertyValueSpecification\",\"valueRequired\":true,\"valueName\":\"search_term_string\"}}],\"inLanguage\":\"en-US\"}]}<\/script>\n<!-- \/ Yoast SEO plugin. -->","yoast_head_json":{"title":"Isten Szel\u00edden Vezet - Joyce Meyer Ministries - Magyar","robots":{"index":"index","follow":"follow","max-snippet":"max-snippet:-1","max-image-preview":"max-image-preview:large","max-video-preview":"max-video-preview:-1"},"canonical":"https:\/\/tv.joycemeyer.org\/magyar\/devotional\/isten-szeliden-vezet\/","og_locale":"en_US","og_type":"article","og_title":"Isten Szel\u00edden Vezet - Joyce Meyer Ministries - Magyar","og_description":"Mikor isten sz\u00f3l hozz\u00e1nk, \u00e9s vezet minket, nem ord\u00edt r\u00e1nk, \u00e9s nem taszig\u00e1l abba az ir\u00e1nyba, ahov\u00e1 vezetni akar.","og_url":"https:\/\/tv.joycemeyer.org\/magyar\/devotional\/isten-szeliden-vezet\/","og_site_name":"Joyce Meyer Ministries - Magyar","article_publisher":"https:\/\/www.facebook.com\/JoyceMeyerMinistriesHungarian\/","article_modified_time":"2024-03-19T11:47:25+00:00","og_image":[{"width":960,"height":540,"url":"https:\/\/tv.joycemeyer.org\/magyar\/wp-content\/uploads\/sites\/72\/2020\/11\/1183.jpg","type":"image\/jpeg"}],"twitter_card":"summary_large_image","twitter_misc":{"Est. reading time":"1 minute"},"schema":{"@context":"https:\/\/schema.org","@graph":[{"@type":"WebPage","@id":"https:\/\/tv.joycemeyer.org\/magyar\/devotional\/isten-szeliden-vezet\/","url":"https:\/\/tv.joycemeyer.org\/magyar\/devotional\/isten-szeliden-vezet\/","name":"Isten Szel\u00edden Vezet - Joyce Meyer Ministries - Magyar","isPartOf":{"@id":"https:\/\/tv.joycemeyer.org\/magyar\/#website"},"primaryImageOfPage":{"@id":"https:\/\/tv.joycemeyer.org\/magyar\/devotional\/isten-szeliden-vezet\/#primaryimage"},"image":{"@id":"https:\/\/tv.joycemeyer.org\/magyar\/devotional\/isten-szeliden-vezet\/#primaryimage"},"thumbnailUrl":"https:\/\/tv.joycemeyer.org\/magyar\/wp-content\/uploads\/sites\/72\/2020\/11\/1183.jpg","datePublished":"2024-03-19T00:01:03+00:00","dateModified":"2024-03-19T11:47:25+00:00","breadcrumb":{"@id":"https:\/\/tv.joycemeyer.org\/magyar\/devotional\/isten-szeliden-vezet\/#breadcrumb"},"inLanguage":"en-US","potentialAction":[{"@type":"ReadAction","target":["https:\/\/tv.joycemeyer.org\/magyar\/devotional\/isten-szeliden-vezet\/"]}]},{"@type":"ImageObject","inLanguage":"en-US","@id":"https:\/\/tv.joycemeyer.org\/magyar\/devotional\/isten-szeliden-vezet\/#primaryimage","url":"https:\/\/tv.joycemeyer.org\/magyar\/wp-content\/uploads\/sites\/72\/2020\/11\/1183.jpg","contentUrl":"https:\/\/tv.joycemeyer.org\/magyar\/wp-content\/uploads\/sites\/72\/2020\/11\/1183.jpg","width":960,"height":540,"caption":"Isten szel\u00edden vezet"},{"@type":"BreadcrumbList","@id":"https:\/\/tv.joycemeyer.org\/magyar\/devotional\/isten-szeliden-vezet\/#breadcrumb","itemListElement":[{"@type":"ListItem","position":1,"name":"Home","item":"https:\/\/tv.joycemeyer.org\/magyar\/"},{"@type":"ListItem","position":2,"name":"Devotional","item":"https:\/\/tv.joycemeyer.org\/magyar\/devotional\/"},{"@type":"ListItem","position":3,"name":"Isten Szel\u00edden Vezet"}]},{"@type":"WebSite","@id":"https:\/\/tv.joycemeyer.org\/magyar\/#website","url":"https:\/\/tv.joycemeyer.org\/magyar\/","name":"Joyce Meyer Ministries - Magyar","description":"Hirdetj\u00fck Krisztust - Szeretj\u00fck az embereket","potentialAction":[{"@type":"SearchAction","target":{"@type":"EntryPoint","urlTemplate":"https:\/\/tv.joycemeyer.org\/magyar\/?s={search_term_string}"},"query-input":{"@type":"PropertyValueSpecification","valueRequired":true,"valueName":"search_term_string"}}],"inLanguage":"en-US"}]}},"_links":{"self":[{"href":"https:\/\/tv.joycemeyer.org\/magyar\/wp-json\/wp\/v2\/devotional\/1903","targetHints":{"allow":["GET"]}}],"collection":[{"href":"https:\/\/tv.joycemeyer.org\/magyar\/wp-json\/wp\/v2\/devotional"}],"about":[{"href":"https:\/\/tv.joycemeyer.org\/magyar\/wp-json\/wp\/v2\/types\/devotional"}],"author":[{"embeddable":true,"href":"https:\/\/tv.joycemeyer.org\/magyar\/wp-json\/wp\/v2\/users\/15"}],"replies":[{"embeddable":true,"href":"https:\/\/tv.joycemeyer.org\/magyar\/wp-json\/wp\/v2\/comments?post=1903"}],"wp:featuredmedia":[{"embeddable":true,"href":"https:\/\/tv.joycemeyer.org\/magyar\/wp-json\/wp\/v2\/media\/1904"}],"wp:attachment":[{"href":"https:\/\/tv.joycemeyer.org\/magyar\/wp-json\/wp\/v2\/media?parent=1903"}],"curies":[{"name":"wp","href":"https:\/\/api.w.org\/{rel}","templated":true}]}}