{"id":2032,"date":"2024-05-08T00:01:29","date_gmt":"2024-05-08T00:01:29","guid":{"rendered":"https:\/\/tv.joycemeyer.org\/magyar\/?post_type=devotional&#038;p=2032"},"modified":"2024-05-08T12:20:13","modified_gmt":"2024-05-08T12:20:13","slug":"nem-kell-tokeletesen-imadkoznod","status":"publish","type":"devotional","link":"https:\/\/tv.joycemeyer.org\/magyar\/devotional\/nem-kell-tokeletesen-imadkoznod\/","title":{"rendered":"Nem kell t\u00f6k\u00e9letesen im\u00e1dkoznod"},"content":{"rendered":"<blockquote><p>Ez\u00e9rt \u00fcdv\u00f6z\u00edteni tudja \u00f6r\u00f6kre azokat, akik \u00e1ltala j\u00e1rulnak Istenhez, hiszen \u0151 mindenkor \u00e9l, hogy esedezz\u00e9k \u00e9rt\u00fck. (Zsid. 7,25.)<\/p><\/blockquote>\n<p>Egy olyan igazs\u00e1got szeretn\u00e9k megosztani veled, ami val\u00f3di seg\u00edts\u00e9get jelentett Istennel val\u00f3 kapcsolatomban. Mint ez sok emberrel van \u00edgy, sz\u00e1momra is \u00fagy t\u0171nt, hogy nem sz\u00e1m\u00edt b\u00e1rmennyit is im\u00e1dkoztam, volt bennem egy \u00e9rz\u00e9s, hogy valami nincs rendben az im\u00e1mmal. V\u00e9g\u00fcl egy nap megk\u00e9rdeztem az Urat: \u201cMi\u00e9rt \u00e9rzem ezt? Minden nap im\u00e1dkozom. J\u00f3kora id\u0151mennyis\u00e9get r\u00e1sz\u00e1nok.<\/p>\n<p>Mi\u00e9rt van m\u00e9gis, hogy az imaid\u0151m v\u00e9g\u00e9n el\u00e9gedetlens\u00e9get \u00e9rzek,<br \/>\nmintha nem jutottam volna el Hozz\u00e1d?\u201d Isten azt v\u00e1laszolta nekem: \u201cmert \u00fagy \u00e9rzed, nem t\u00f6k\u00e9letesek az im\u00e1id. K\u00e9telkedsz magadban \u00e9s \u00edgy az im\u00e1id erej\u00e9ben is.\u201d Bel\u00e1ttam, hogy ez igaz, nem \u00e9reztem \u00fagy, hogy az lenn\u00e9k, akinek lennem kellene. Mindig volt bennem egy nyugtalan\u00edt\u00f3 f\u00e9lelem, ami miatt azt mondtam magamnak, \u201cnem im\u00e1dkozom el\u00e9g hittel, vagy nem im\u00e1dkozom el\u00e9g hosszan, vagy nem a megfelel\u0151 dolgokr\u00f3l besz\u00e9lek Istennek.\u201d<\/p>\n<p>Isten megszabad\u00edtott ett\u0151l a f\u00e9lelemt\u0151l \u00e9s k\u00e9ts\u00e9gt\u0151l, mikor ezt<br \/>\nmondta nekem: \u201ctudod mit, Joyce? Igazad van. nem im\u00e1dkozol t\u00f6k\u00e9letesen. nem vagy t\u00f6k\u00e9letes. ez\u00e9rt van melletted J\u00e9zus, mint K\u00f6zbenj\u00e1r\u00f3 \u00e9s ez\u00e9rt im\u00e1dkozol a nev\u00e9ben.\u201d tal\u00e1n te is \u00fagy \u00e9rzed, hogy az im\u00e1id nem \u201cmegfelel\u0151ek\u201d, de b\u00e1torodj fel. Mire odajutnak Isten el\u00e9, \u0150 t\u00f6k\u00e9letes im\u00e1kat fog hallani, mert J\u00e9zus nev\u00e9ben im\u00e1dkozt\u00e1l, nem a saj\u00e1t nevedben. Mikor J\u00e9zus nev\u00e9ben im\u00e1dkozunk, \u00fagy mutatkozunk Isten el\u0151tt teljesen, mint J\u00e9zus, \u00e9s nem \u00fagy, ahogy mi vagyunk, ez\u00e9rt fogadja el az im\u00e1inkat. Mikor Istenhez besz\u00e9lsz, ne agg\u00f3dj amiatt, hogy az im\u00e1id \u201ct\u00f6k\u00e9letesen rendben\u201d vannak-e, vagy sem, csak im\u00e1dkozz \u0151szinte sz\u00edvvel J\u00e9zus nev\u00e9ben, \u00e9s \u0150 megteszi a t\u00f6bbit.<\/p>\n<hr \/>\n<p>Isten szava ma hozz\u00e1d: Hagyd, hogy J\u00e9zus im\u00e1dkozzon t\u00f6k\u00e9letesen \u00e9rted.<\/p>\n","protected":false},"excerpt":{"rendered":"<p>Mikor J\u00e9zus nev\u00e9ben im\u00e1dkozunk, \u00fagy mutatkozunk Isten el\u0151tt teljesen, mint J\u00e9zus, \u00e9s nem \u00fagy, ahogy mi vagyunk, ez\u00e9rt fogadja el az im\u00e1inkat. <\/p>\n","protected":false},"author":15,"featured_media":2033,"parent":0,"menu_order":0,"comment_status":"closed","ping_status":"closed","template":"","class_list":["post-2032","devotional","type-devotional","status-publish","has-post-thumbnail","hentry"],"acf":[],"appp":{"post_detail":{"above_title":"<div class=\"post-featured-wrap\"><img width=\"959\" height=\"539\" src=\"https:\/\/tv.joycemeyer.org\/magyar\/wp-content\/uploads\/sites\/72\/2020\/12\/353.jpg\" class=\"post-featured wp-post-image\" alt=\"\" decoding=\"async\" srcset=\"https:\/\/tv.joycemeyer.org\/magyar\/wp-content\/uploads\/sites\/72\/2020\/12\/353.jpg 959w, https:\/\/tv.joycemeyer.org\/magyar\/wp-content\/uploads\/sites\/72\/2020\/12\/353-300x169.jpg 300w, https:\/\/tv.joycemeyer.org\/magyar\/wp-content\/uploads\/sites\/72\/2020\/12\/353-768x432.jpg 768w, https:\/\/tv.joycemeyer.org\/magyar\/wp-content\/uploads\/sites\/72\/2020\/12\/353-640x360.jpg 640w\" sizes=\"(max-width: 959px) 100vw, 959px\" \/><\/div>","below_content":"<div class=\"follow\"><h6 class=\"alt\">L\u00e9pj kapcsolatba vel\u00fcnk<\/h6><ul class=\"nav nav--social nav--flex\"><li class=\"menu-item facebook\"><a href=\"https:\/\/www.facebook.com\/JoyceMeyerMinistriesHungarian\/\" target=\"_blank\"><span class=\"visuallyhidden\">Facebook<\/span><\/a><\/li><li class=\"menu-item instagram\"><a href=\"https:\/\/www.instagram.com\/joycemeyerministriesmagyar\/\" target=\"_blank\"><span class=\"visuallyhidden\">Instagram<\/span><\/a><\/li><li class=\"menu-item youtube\"><a href=\"https:\/\/www.youtube.com\/channel\/UCoAjHvNztMybm-_7N0zdThg\" target=\"_blank\"><span class=\"visuallyhidden\">YouTube<\/span><\/a><\/li><\/ul><\/div>"}},"yoast_head":"<!-- This site is optimized with the Yoast SEO plugin v27.4 - https:\/\/yoast.com\/product\/yoast-seo-wordpress\/ -->\n<title>Nem kell t\u00f6k\u00e9letesen im\u00e1dkoznod - Joyce Meyer Ministries - Magyar<\/title>\n<meta name=\"robots\" content=\"index, follow, max-snippet:-1, max-image-preview:large, max-video-preview:-1\" \/>\n<link rel=\"canonical\" href=\"https:\/\/tv.joycemeyer.org\/magyar\/devotional\/nem-kell-tokeletesen-imadkoznod\/\" \/>\n<meta property=\"og:locale\" content=\"en_US\" \/>\n<meta property=\"og:type\" content=\"article\" \/>\n<meta property=\"og:title\" content=\"Nem kell t\u00f6k\u00e9letesen im\u00e1dkoznod - Joyce Meyer Ministries - Magyar\" \/>\n<meta property=\"og:description\" content=\"Mikor J\u00e9zus nev\u00e9ben im\u00e1dkozunk, \u00fagy mutatkozunk Isten el\u0151tt teljesen, mint J\u00e9zus, \u00e9s nem \u00fagy, ahogy mi vagyunk, ez\u00e9rt fogadja el az im\u00e1inkat.\" \/>\n<meta property=\"og:url\" content=\"https:\/\/tv.joycemeyer.org\/magyar\/devotional\/nem-kell-tokeletesen-imadkoznod\/\" \/>\n<meta property=\"og:site_name\" content=\"Joyce Meyer Ministries - Magyar\" \/>\n<meta property=\"article:publisher\" content=\"https:\/\/www.facebook.com\/JoyceMeyerMinistriesHungarian\/\" \/>\n<meta property=\"article:modified_time\" content=\"2024-05-08T12:20:13+00:00\" \/>\n<meta property=\"og:image\" content=\"https:\/\/tv.joycemeyer.org\/magyar\/wp-content\/uploads\/sites\/72\/2020\/12\/353.jpg\" \/>\n\t<meta property=\"og:image:width\" content=\"959\" \/>\n\t<meta property=\"og:image:height\" content=\"539\" \/>\n\t<meta property=\"og:image:type\" content=\"image\/jpeg\" \/>\n<meta name=\"twitter:card\" content=\"summary_large_image\" \/>\n<meta name=\"twitter:label1\" content=\"Est. reading time\" \/>\n\t<meta name=\"twitter:data1\" content=\"2 minutes\" \/>\n<script type=\"application\/ld+json\" class=\"yoast-schema-graph\">{\"@context\":\"https:\\\/\\\/schema.org\",\"@graph\":[{\"@type\":\"WebPage\",\"@id\":\"https:\\\/\\\/tv.joycemeyer.org\\\/magyar\\\/devotional\\\/nem-kell-tokeletesen-imadkoznod\\\/\",\"url\":\"https:\\\/\\\/tv.joycemeyer.org\\\/magyar\\\/devotional\\\/nem-kell-tokeletesen-imadkoznod\\\/\",\"name\":\"Nem kell t\u00f6k\u00e9letesen im\u00e1dkoznod - Joyce Meyer Ministries - Magyar\",\"isPartOf\":{\"@id\":\"https:\\\/\\\/tv.joycemeyer.org\\\/magyar\\\/#website\"},\"primaryImageOfPage\":{\"@id\":\"https:\\\/\\\/tv.joycemeyer.org\\\/magyar\\\/devotional\\\/nem-kell-tokeletesen-imadkoznod\\\/#primaryimage\"},\"image\":{\"@id\":\"https:\\\/\\\/tv.joycemeyer.org\\\/magyar\\\/devotional\\\/nem-kell-tokeletesen-imadkoznod\\\/#primaryimage\"},\"thumbnailUrl\":\"https:\\\/\\\/tv.joycemeyer.org\\\/magyar\\\/wp-content\\\/uploads\\\/sites\\\/72\\\/2020\\\/12\\\/353.jpg\",\"datePublished\":\"2024-05-08T00:01:29+00:00\",\"dateModified\":\"2024-05-08T12:20:13+00:00\",\"breadcrumb\":{\"@id\":\"https:\\\/\\\/tv.joycemeyer.org\\\/magyar\\\/devotional\\\/nem-kell-tokeletesen-imadkoznod\\\/#breadcrumb\"},\"inLanguage\":\"en-US\",\"potentialAction\":[{\"@type\":\"ReadAction\",\"target\":[\"https:\\\/\\\/tv.joycemeyer.org\\\/magyar\\\/devotional\\\/nem-kell-tokeletesen-imadkoznod\\\/\"]}]},{\"@type\":\"ImageObject\",\"inLanguage\":\"en-US\",\"@id\":\"https:\\\/\\\/tv.joycemeyer.org\\\/magyar\\\/devotional\\\/nem-kell-tokeletesen-imadkoznod\\\/#primaryimage\",\"url\":\"https:\\\/\\\/tv.joycemeyer.org\\\/magyar\\\/wp-content\\\/uploads\\\/sites\\\/72\\\/2020\\\/12\\\/353.jpg\",\"contentUrl\":\"https:\\\/\\\/tv.joycemeyer.org\\\/magyar\\\/wp-content\\\/uploads\\\/sites\\\/72\\\/2020\\\/12\\\/353.jpg\",\"width\":959,\"height\":539,\"caption\":\"Nem kell t\u00f6k\u00e9letesen im\u00e1dkoznod\"},{\"@type\":\"BreadcrumbList\",\"@id\":\"https:\\\/\\\/tv.joycemeyer.org\\\/magyar\\\/devotional\\\/nem-kell-tokeletesen-imadkoznod\\\/#breadcrumb\",\"itemListElement\":[{\"@type\":\"ListItem\",\"position\":1,\"name\":\"Home\",\"item\":\"https:\\\/\\\/tv.joycemeyer.org\\\/magyar\\\/\"},{\"@type\":\"ListItem\",\"position\":2,\"name\":\"Devotional\",\"item\":\"https:\\\/\\\/tv.joycemeyer.org\\\/magyar\\\/devotional\\\/\"},{\"@type\":\"ListItem\",\"position\":3,\"name\":\"Nem kell t\u00f6k\u00e9letesen im\u00e1dkoznod\"}]},{\"@type\":\"WebSite\",\"@id\":\"https:\\\/\\\/tv.joycemeyer.org\\\/magyar\\\/#website\",\"url\":\"https:\\\/\\\/tv.joycemeyer.org\\\/magyar\\\/\",\"name\":\"Joyce Meyer Ministries - Magyar\",\"description\":\"Hirdetj\u00fck Krisztust - Szeretj\u00fck az embereket\",\"potentialAction\":[{\"@type\":\"SearchAction\",\"target\":{\"@type\":\"EntryPoint\",\"urlTemplate\":\"https:\\\/\\\/tv.joycemeyer.org\\\/magyar\\\/?s={search_term_string}\"},\"query-input\":{\"@type\":\"PropertyValueSpecification\",\"valueRequired\":true,\"valueName\":\"search_term_string\"}}],\"inLanguage\":\"en-US\"}]}<\/script>\n<!-- \/ Yoast SEO plugin. -->","yoast_head_json":{"title":"Nem kell t\u00f6k\u00e9letesen im\u00e1dkoznod - Joyce Meyer Ministries - Magyar","robots":{"index":"index","follow":"follow","max-snippet":"max-snippet:-1","max-image-preview":"max-image-preview:large","max-video-preview":"max-video-preview:-1"},"canonical":"https:\/\/tv.joycemeyer.org\/magyar\/devotional\/nem-kell-tokeletesen-imadkoznod\/","og_locale":"en_US","og_type":"article","og_title":"Nem kell t\u00f6k\u00e9letesen im\u00e1dkoznod - Joyce Meyer Ministries - Magyar","og_description":"Mikor J\u00e9zus nev\u00e9ben im\u00e1dkozunk, \u00fagy mutatkozunk Isten el\u0151tt teljesen, mint J\u00e9zus, \u00e9s nem \u00fagy, ahogy mi vagyunk, ez\u00e9rt fogadja el az im\u00e1inkat.","og_url":"https:\/\/tv.joycemeyer.org\/magyar\/devotional\/nem-kell-tokeletesen-imadkoznod\/","og_site_name":"Joyce Meyer Ministries - Magyar","article_publisher":"https:\/\/www.facebook.com\/JoyceMeyerMinistriesHungarian\/","article_modified_time":"2024-05-08T12:20:13+00:00","og_image":[{"width":959,"height":539,"url":"https:\/\/tv.joycemeyer.org\/magyar\/wp-content\/uploads\/sites\/72\/2020\/12\/353.jpg","type":"image\/jpeg"}],"twitter_card":"summary_large_image","twitter_misc":{"Est. reading time":"2 minutes"},"schema":{"@context":"https:\/\/schema.org","@graph":[{"@type":"WebPage","@id":"https:\/\/tv.joycemeyer.org\/magyar\/devotional\/nem-kell-tokeletesen-imadkoznod\/","url":"https:\/\/tv.joycemeyer.org\/magyar\/devotional\/nem-kell-tokeletesen-imadkoznod\/","name":"Nem kell t\u00f6k\u00e9letesen im\u00e1dkoznod - Joyce Meyer Ministries - Magyar","isPartOf":{"@id":"https:\/\/tv.joycemeyer.org\/magyar\/#website"},"primaryImageOfPage":{"@id":"https:\/\/tv.joycemeyer.org\/magyar\/devotional\/nem-kell-tokeletesen-imadkoznod\/#primaryimage"},"image":{"@id":"https:\/\/tv.joycemeyer.org\/magyar\/devotional\/nem-kell-tokeletesen-imadkoznod\/#primaryimage"},"thumbnailUrl":"https:\/\/tv.joycemeyer.org\/magyar\/wp-content\/uploads\/sites\/72\/2020\/12\/353.jpg","datePublished":"2024-05-08T00:01:29+00:00","dateModified":"2024-05-08T12:20:13+00:00","breadcrumb":{"@id":"https:\/\/tv.joycemeyer.org\/magyar\/devotional\/nem-kell-tokeletesen-imadkoznod\/#breadcrumb"},"inLanguage":"en-US","potentialAction":[{"@type":"ReadAction","target":["https:\/\/tv.joycemeyer.org\/magyar\/devotional\/nem-kell-tokeletesen-imadkoznod\/"]}]},{"@type":"ImageObject","inLanguage":"en-US","@id":"https:\/\/tv.joycemeyer.org\/magyar\/devotional\/nem-kell-tokeletesen-imadkoznod\/#primaryimage","url":"https:\/\/tv.joycemeyer.org\/magyar\/wp-content\/uploads\/sites\/72\/2020\/12\/353.jpg","contentUrl":"https:\/\/tv.joycemeyer.org\/magyar\/wp-content\/uploads\/sites\/72\/2020\/12\/353.jpg","width":959,"height":539,"caption":"Nem kell t\u00f6k\u00e9letesen im\u00e1dkoznod"},{"@type":"BreadcrumbList","@id":"https:\/\/tv.joycemeyer.org\/magyar\/devotional\/nem-kell-tokeletesen-imadkoznod\/#breadcrumb","itemListElement":[{"@type":"ListItem","position":1,"name":"Home","item":"https:\/\/tv.joycemeyer.org\/magyar\/"},{"@type":"ListItem","position":2,"name":"Devotional","item":"https:\/\/tv.joycemeyer.org\/magyar\/devotional\/"},{"@type":"ListItem","position":3,"name":"Nem kell t\u00f6k\u00e9letesen im\u00e1dkoznod"}]},{"@type":"WebSite","@id":"https:\/\/tv.joycemeyer.org\/magyar\/#website","url":"https:\/\/tv.joycemeyer.org\/magyar\/","name":"Joyce Meyer Ministries - Magyar","description":"Hirdetj\u00fck Krisztust - Szeretj\u00fck az embereket","potentialAction":[{"@type":"SearchAction","target":{"@type":"EntryPoint","urlTemplate":"https:\/\/tv.joycemeyer.org\/magyar\/?s={search_term_string}"},"query-input":{"@type":"PropertyValueSpecification","valueRequired":true,"valueName":"search_term_string"}}],"inLanguage":"en-US"}]}},"_links":{"self":[{"href":"https:\/\/tv.joycemeyer.org\/magyar\/wp-json\/wp\/v2\/devotional\/2032","targetHints":{"allow":["GET"]}}],"collection":[{"href":"https:\/\/tv.joycemeyer.org\/magyar\/wp-json\/wp\/v2\/devotional"}],"about":[{"href":"https:\/\/tv.joycemeyer.org\/magyar\/wp-json\/wp\/v2\/types\/devotional"}],"author":[{"embeddable":true,"href":"https:\/\/tv.joycemeyer.org\/magyar\/wp-json\/wp\/v2\/users\/15"}],"replies":[{"embeddable":true,"href":"https:\/\/tv.joycemeyer.org\/magyar\/wp-json\/wp\/v2\/comments?post=2032"}],"wp:featuredmedia":[{"embeddable":true,"href":"https:\/\/tv.joycemeyer.org\/magyar\/wp-json\/wp\/v2\/media\/2033"}],"wp:attachment":[{"href":"https:\/\/tv.joycemeyer.org\/magyar\/wp-json\/wp\/v2\/media?parent=2032"}],"curies":[{"name":"wp","href":"https:\/\/api.w.org\/{rel}","templated":true}]}}