{"id":2476,"date":"2025-01-10T00:01:32","date_gmt":"2025-01-10T00:01:32","guid":{"rendered":"https:\/\/tv.joycemeyer.org\/magyar\/?post_type=devotional&#038;p=2476"},"modified":"2025-02-06T13:48:58","modified_gmt":"2025-02-06T13:48:58","slug":"a-te-dontesed","status":"publish","type":"devotional","link":"https:\/\/tv.joycemeyer.org\/magyar\/devotional\/a-te-dontesed\/","title":{"rendered":"A te d\u00f6nt\u00e9sed"},"content":{"rendered":"<blockquote><p>Mert az \u0151 alkot\u00e1sa vagyunk, akiket Krisztus J\u00e9zusban j\u00f3 cselekedetekre teremtett, amelyeket el\u0151re elk\u00e9sz\u00edtett Isten, hogy azok szerint \u00e9lj\u00fcnk. \u2014Ef. 2:10<\/p><\/blockquote>\n<p>Isten egy csod\u00e1latos aj\u00e1nd\u00e9kot adott neked: szabad akaratot. Isten felk\u00edn\u00e1lja a lehet\u0151s\u00e9get, hogy fogadd el magad olyannak, amilyennek \u0150 megteremtett, de szabad akaratod van \u00e9s ezt vissza is utas\u00edthatod, ha \u00fagy d\u00f6ntesz. Elfogadni valamit, azt jelenti, hogy rendesnek, megfelel\u0151nek vagy j\u00f3nak l\u00e1tod azt.<\/p>\n<p>Azok, akik elutas\u00edtj\u00e1k magukat, az\u00e9rt tesznek \u00edgy, mert nem l\u00e1tj\u00e1k magukat megfelel\u0151nek vagy j\u00f3nak. Csak a hib\u00e1ikat \u00e9s gyenges\u00e9geiket l\u00e1tj\u00e1k, nem a sz\u00e9ps\u00e9get \u00e9s az er\u0151t. Ez a kiegyens\u00falyozatlan hozz\u00e1\u00e1ll\u00e1s gyakran a m\u00faltb\u00f3l ered, olyan tekint\u00e9lyt k\u00e9pvisel\u0151 szem\u00e9lyekt\u0151l, akik a gyenges\u00e9gre \u00e9s rossz dolgokra f\u00f3kusz\u00e1ltak, nem arra, ami er\u0151s \u00e9s j\u00f3 volt az illet\u0151ben. Az \u00c1mosz 3:3-ban azt olvassuk: \u201cJ\u00e1rnak-e ketten egy\u00fctt, ha nem egyeztek meg?\u201d J\u00e1rhatsz Istennel \u2013 k\u00f6zel lehetsz Hozz\u00e1 \u2013 mikor eld\u00f6nt\u00f6d, hogy egyet\u00e9rtesz Vele. \u0150 azt mondja, szeret \u00e9s elfogad t\u00e9ged, ez\u00e9rt ha egyet\u00e9rtesz Vele, nem kell t\u00f6bb\u00e9 ut\u00e1lnod vagy elutas\u00edtanod magad.<\/p>\n<hr \/>\n<p>Mikor Isten megteremtett t\u00e9ged, valami csod\u00e1latosat alkotott.<\/p>\n","protected":false},"excerpt":{"rendered":"<p>Isten egy csod\u00e1latos aj\u00e1nd\u00e9kot adott neked: szabad akaratot. Isten felk\u00edn\u00e1lja a lehet\u0151s\u00e9get, hogy fogadd el magad olyannak, amilyennek \u0150 megteremtett, de szabad akaratod van \u00e9s ezt vissza is utas\u00edthatod, ha \u00fagy d\u00f6ntesz.<\/p>\n","protected":false},"author":19,"featured_media":2477,"parent":0,"menu_order":0,"comment_status":"closed","ping_status":"closed","template":"","class_list":["post-2476","devotional","type-devotional","status-publish","has-post-thumbnail","hentry"],"acf":[],"appp":{"post_detail":{"above_title":"<div class=\"post-featured-wrap\"><img width=\"1024\" height=\"597\" src=\"https:\/\/tv.joycemeyer.org\/magyar\/wp-content\/uploads\/sites\/72\/2021\/11\/2023-1024x597.jpg\" class=\"post-featured wp-post-image\" alt=\"\" decoding=\"async\" srcset=\"https:\/\/tv.joycemeyer.org\/magyar\/wp-content\/uploads\/sites\/72\/2021\/11\/2023-1024x597.jpg 1024w, https:\/\/tv.joycemeyer.org\/magyar\/wp-content\/uploads\/sites\/72\/2021\/11\/2023-300x175.jpg 300w, https:\/\/tv.joycemeyer.org\/magyar\/wp-content\/uploads\/sites\/72\/2021\/11\/2023-768x448.jpg 768w, https:\/\/tv.joycemeyer.org\/magyar\/wp-content\/uploads\/sites\/72\/2021\/11\/2023-1536x896.jpg 1536w, https:\/\/tv.joycemeyer.org\/magyar\/wp-content\/uploads\/sites\/72\/2021\/11\/2023.jpg 1800w\" sizes=\"(max-width: 1024px) 100vw, 1024px\" \/><\/div>","below_content":"<div class=\"follow\"><h6 class=\"alt\">L\u00e9pj kapcsolatba vel\u00fcnk<\/h6><ul class=\"nav nav--social nav--flex\"><li class=\"menu-item facebook\"><a href=\"https:\/\/www.facebook.com\/JoyceMeyerMinistriesHungarian\/\" target=\"_blank\"><span class=\"visuallyhidden\">Facebook<\/span><\/a><\/li><li class=\"menu-item instagram\"><a href=\"https:\/\/www.instagram.com\/joycemeyerministriesmagyar\/\" target=\"_blank\"><span class=\"visuallyhidden\">Instagram<\/span><\/a><\/li><li class=\"menu-item youtube\"><a href=\"https:\/\/www.youtube.com\/channel\/UCoAjHvNztMybm-_7N0zdThg\" target=\"_blank\"><span class=\"visuallyhidden\">YouTube<\/span><\/a><\/li><\/ul><\/div>"}},"yoast_head":"<!-- This site is optimized with the Yoast SEO plugin v27.4 - https:\/\/yoast.com\/product\/yoast-seo-wordpress\/ -->\n<title>A te d\u00f6nt\u00e9sed - Joyce Meyer Ministries - Magyar<\/title>\n<meta name=\"robots\" content=\"index, follow, max-snippet:-1, max-image-preview:large, max-video-preview:-1\" \/>\n<link rel=\"canonical\" href=\"https:\/\/tv.joycemeyer.org\/magyar\/devotional\/a-te-dontesed\/\" \/>\n<meta property=\"og:locale\" content=\"en_US\" \/>\n<meta property=\"og:type\" content=\"article\" \/>\n<meta property=\"og:title\" content=\"A te d\u00f6nt\u00e9sed - Joyce Meyer Ministries - Magyar\" \/>\n<meta property=\"og:description\" content=\"Isten egy csod\u00e1latos aj\u00e1nd\u00e9kot adott neked: szabad akaratot. Isten felk\u00edn\u00e1lja a lehet\u0151s\u00e9get, hogy fogadd el magad olyannak, amilyennek \u0150 megteremtett, de szabad akaratod van \u00e9s ezt vissza is utas\u00edthatod, ha \u00fagy d\u00f6ntesz.\" \/>\n<meta property=\"og:url\" content=\"https:\/\/tv.joycemeyer.org\/magyar\/devotional\/a-te-dontesed\/\" \/>\n<meta property=\"og:site_name\" content=\"Joyce Meyer Ministries - Magyar\" \/>\n<meta property=\"article:publisher\" content=\"https:\/\/www.facebook.com\/JoyceMeyerMinistriesHungarian\/\" \/>\n<meta property=\"article:modified_time\" content=\"2025-02-06T13:48:58+00:00\" \/>\n<meta property=\"og:image\" content=\"https:\/\/tv.joycemeyer.org\/magyar\/wp-content\/uploads\/sites\/72\/2021\/11\/2023.jpg\" \/>\n\t<meta property=\"og:image:width\" content=\"1800\" \/>\n\t<meta property=\"og:image:height\" content=\"1050\" \/>\n\t<meta property=\"og:image:type\" content=\"image\/jpeg\" \/>\n<meta name=\"twitter:card\" content=\"summary_large_image\" \/>\n<meta name=\"twitter:label1\" content=\"Est. reading time\" \/>\n\t<meta name=\"twitter:data1\" content=\"1 minute\" \/>\n<script type=\"application\/ld+json\" class=\"yoast-schema-graph\">{\"@context\":\"https:\\\/\\\/schema.org\",\"@graph\":[{\"@type\":\"WebPage\",\"@id\":\"https:\\\/\\\/tv.joycemeyer.org\\\/magyar\\\/devotional\\\/a-te-dontesed\\\/\",\"url\":\"https:\\\/\\\/tv.joycemeyer.org\\\/magyar\\\/devotional\\\/a-te-dontesed\\\/\",\"name\":\"A te d\u00f6nt\u00e9sed - Joyce Meyer Ministries - Magyar\",\"isPartOf\":{\"@id\":\"https:\\\/\\\/tv.joycemeyer.org\\\/magyar\\\/#website\"},\"primaryImageOfPage\":{\"@id\":\"https:\\\/\\\/tv.joycemeyer.org\\\/magyar\\\/devotional\\\/a-te-dontesed\\\/#primaryimage\"},\"image\":{\"@id\":\"https:\\\/\\\/tv.joycemeyer.org\\\/magyar\\\/devotional\\\/a-te-dontesed\\\/#primaryimage\"},\"thumbnailUrl\":\"https:\\\/\\\/tv.joycemeyer.org\\\/magyar\\\/wp-content\\\/uploads\\\/sites\\\/72\\\/2021\\\/11\\\/2023.jpg\",\"datePublished\":\"2025-01-10T00:01:32+00:00\",\"dateModified\":\"2025-02-06T13:48:58+00:00\",\"breadcrumb\":{\"@id\":\"https:\\\/\\\/tv.joycemeyer.org\\\/magyar\\\/devotional\\\/a-te-dontesed\\\/#breadcrumb\"},\"inLanguage\":\"en-US\",\"potentialAction\":[{\"@type\":\"ReadAction\",\"target\":[\"https:\\\/\\\/tv.joycemeyer.org\\\/magyar\\\/devotional\\\/a-te-dontesed\\\/\"]}]},{\"@type\":\"ImageObject\",\"inLanguage\":\"en-US\",\"@id\":\"https:\\\/\\\/tv.joycemeyer.org\\\/magyar\\\/devotional\\\/a-te-dontesed\\\/#primaryimage\",\"url\":\"https:\\\/\\\/tv.joycemeyer.org\\\/magyar\\\/wp-content\\\/uploads\\\/sites\\\/72\\\/2021\\\/11\\\/2023.jpg\",\"contentUrl\":\"https:\\\/\\\/tv.joycemeyer.org\\\/magyar\\\/wp-content\\\/uploads\\\/sites\\\/72\\\/2021\\\/11\\\/2023.jpg\",\"width\":1800,\"height\":1050,\"caption\":\"A te d\u00f6nt\u00e9sed\"},{\"@type\":\"BreadcrumbList\",\"@id\":\"https:\\\/\\\/tv.joycemeyer.org\\\/magyar\\\/devotional\\\/a-te-dontesed\\\/#breadcrumb\",\"itemListElement\":[{\"@type\":\"ListItem\",\"position\":1,\"name\":\"Home\",\"item\":\"https:\\\/\\\/tv.joycemeyer.org\\\/magyar\\\/\"},{\"@type\":\"ListItem\",\"position\":2,\"name\":\"Devotional\",\"item\":\"https:\\\/\\\/tv.joycemeyer.org\\\/magyar\\\/devotional\\\/\"},{\"@type\":\"ListItem\",\"position\":3,\"name\":\"A te d\u00f6nt\u00e9sed\"}]},{\"@type\":\"WebSite\",\"@id\":\"https:\\\/\\\/tv.joycemeyer.org\\\/magyar\\\/#website\",\"url\":\"https:\\\/\\\/tv.joycemeyer.org\\\/magyar\\\/\",\"name\":\"Joyce Meyer Ministries - Magyar\",\"description\":\"Hirdetj\u00fck Krisztust - Szeretj\u00fck az embereket\",\"potentialAction\":[{\"@type\":\"SearchAction\",\"target\":{\"@type\":\"EntryPoint\",\"urlTemplate\":\"https:\\\/\\\/tv.joycemeyer.org\\\/magyar\\\/?s={search_term_string}\"},\"query-input\":{\"@type\":\"PropertyValueSpecification\",\"valueRequired\":true,\"valueName\":\"search_term_string\"}}],\"inLanguage\":\"en-US\"}]}<\/script>\n<!-- \/ Yoast SEO plugin. -->","yoast_head_json":{"title":"A te d\u00f6nt\u00e9sed - Joyce Meyer Ministries - Magyar","robots":{"index":"index","follow":"follow","max-snippet":"max-snippet:-1","max-image-preview":"max-image-preview:large","max-video-preview":"max-video-preview:-1"},"canonical":"https:\/\/tv.joycemeyer.org\/magyar\/devotional\/a-te-dontesed\/","og_locale":"en_US","og_type":"article","og_title":"A te d\u00f6nt\u00e9sed - Joyce Meyer Ministries - Magyar","og_description":"Isten egy csod\u00e1latos aj\u00e1nd\u00e9kot adott neked: szabad akaratot. Isten felk\u00edn\u00e1lja a lehet\u0151s\u00e9get, hogy fogadd el magad olyannak, amilyennek \u0150 megteremtett, de szabad akaratod van \u00e9s ezt vissza is utas\u00edthatod, ha \u00fagy d\u00f6ntesz.","og_url":"https:\/\/tv.joycemeyer.org\/magyar\/devotional\/a-te-dontesed\/","og_site_name":"Joyce Meyer Ministries - Magyar","article_publisher":"https:\/\/www.facebook.com\/JoyceMeyerMinistriesHungarian\/","article_modified_time":"2025-02-06T13:48:58+00:00","og_image":[{"width":1800,"height":1050,"url":"https:\/\/tv.joycemeyer.org\/magyar\/wp-content\/uploads\/sites\/72\/2021\/11\/2023.jpg","type":"image\/jpeg"}],"twitter_card":"summary_large_image","twitter_misc":{"Est. reading time":"1 minute"},"schema":{"@context":"https:\/\/schema.org","@graph":[{"@type":"WebPage","@id":"https:\/\/tv.joycemeyer.org\/magyar\/devotional\/a-te-dontesed\/","url":"https:\/\/tv.joycemeyer.org\/magyar\/devotional\/a-te-dontesed\/","name":"A te d\u00f6nt\u00e9sed - Joyce Meyer Ministries - Magyar","isPartOf":{"@id":"https:\/\/tv.joycemeyer.org\/magyar\/#website"},"primaryImageOfPage":{"@id":"https:\/\/tv.joycemeyer.org\/magyar\/devotional\/a-te-dontesed\/#primaryimage"},"image":{"@id":"https:\/\/tv.joycemeyer.org\/magyar\/devotional\/a-te-dontesed\/#primaryimage"},"thumbnailUrl":"https:\/\/tv.joycemeyer.org\/magyar\/wp-content\/uploads\/sites\/72\/2021\/11\/2023.jpg","datePublished":"2025-01-10T00:01:32+00:00","dateModified":"2025-02-06T13:48:58+00:00","breadcrumb":{"@id":"https:\/\/tv.joycemeyer.org\/magyar\/devotional\/a-te-dontesed\/#breadcrumb"},"inLanguage":"en-US","potentialAction":[{"@type":"ReadAction","target":["https:\/\/tv.joycemeyer.org\/magyar\/devotional\/a-te-dontesed\/"]}]},{"@type":"ImageObject","inLanguage":"en-US","@id":"https:\/\/tv.joycemeyer.org\/magyar\/devotional\/a-te-dontesed\/#primaryimage","url":"https:\/\/tv.joycemeyer.org\/magyar\/wp-content\/uploads\/sites\/72\/2021\/11\/2023.jpg","contentUrl":"https:\/\/tv.joycemeyer.org\/magyar\/wp-content\/uploads\/sites\/72\/2021\/11\/2023.jpg","width":1800,"height":1050,"caption":"A te d\u00f6nt\u00e9sed"},{"@type":"BreadcrumbList","@id":"https:\/\/tv.joycemeyer.org\/magyar\/devotional\/a-te-dontesed\/#breadcrumb","itemListElement":[{"@type":"ListItem","position":1,"name":"Home","item":"https:\/\/tv.joycemeyer.org\/magyar\/"},{"@type":"ListItem","position":2,"name":"Devotional","item":"https:\/\/tv.joycemeyer.org\/magyar\/devotional\/"},{"@type":"ListItem","position":3,"name":"A te d\u00f6nt\u00e9sed"}]},{"@type":"WebSite","@id":"https:\/\/tv.joycemeyer.org\/magyar\/#website","url":"https:\/\/tv.joycemeyer.org\/magyar\/","name":"Joyce Meyer Ministries - Magyar","description":"Hirdetj\u00fck Krisztust - Szeretj\u00fck az embereket","potentialAction":[{"@type":"SearchAction","target":{"@type":"EntryPoint","urlTemplate":"https:\/\/tv.joycemeyer.org\/magyar\/?s={search_term_string}"},"query-input":{"@type":"PropertyValueSpecification","valueRequired":true,"valueName":"search_term_string"}}],"inLanguage":"en-US"}]}},"_links":{"self":[{"href":"https:\/\/tv.joycemeyer.org\/magyar\/wp-json\/wp\/v2\/devotional\/2476","targetHints":{"allow":["GET"]}}],"collection":[{"href":"https:\/\/tv.joycemeyer.org\/magyar\/wp-json\/wp\/v2\/devotional"}],"about":[{"href":"https:\/\/tv.joycemeyer.org\/magyar\/wp-json\/wp\/v2\/types\/devotional"}],"author":[{"embeddable":true,"href":"https:\/\/tv.joycemeyer.org\/magyar\/wp-json\/wp\/v2\/users\/19"}],"replies":[{"embeddable":true,"href":"https:\/\/tv.joycemeyer.org\/magyar\/wp-json\/wp\/v2\/comments?post=2476"}],"wp:featuredmedia":[{"embeddable":true,"href":"https:\/\/tv.joycemeyer.org\/magyar\/wp-json\/wp\/v2\/media\/2477"}],"wp:attachment":[{"href":"https:\/\/tv.joycemeyer.org\/magyar\/wp-json\/wp\/v2\/media?parent=2476"}],"curies":[{"name":"wp","href":"https:\/\/api.w.org\/{rel}","templated":true}]}}