{"id":2626,"date":"2025-03-23T00:01:57","date_gmt":"2025-03-23T00:01:57","guid":{"rendered":"https:\/\/tv.joycemeyer.org\/magyar\/?post_type=devotional&#038;p=2626"},"modified":"2025-03-19T19:41:38","modified_gmt":"2025-03-19T19:41:38","slug":"egy-igaz-ember-imai","status":"publish","type":"devotional","link":"https:\/\/tv.joycemeyer.org\/magyar\/devotional\/egy-igaz-ember-imai\/","title":{"rendered":"Egy igaz ember im\u00e1i"},"content":{"rendered":"<blockquote><p>Ill\u00e9s ugyanolyan ember volt, mint mi, \u00e9s amikor buzg\u00f3n im\u00e1dkozott az\u00e9rt, hogy ne legyen es\u0151, nem is volt es\u0151 a f\u00f6ld\u00f6n h\u00e1rom \u00e9vig \u00e9s hat h\u00f3napig. \u2014Jak. 5:17<\/p><\/blockquote>\n<p>Jakab elmondja nek\u00fcnk, hogy nagy az ereje az igaz ember buzg\u00f3 k\u00f6ny\u00f6rg\u00e9s\u00e9nek (Jak. 5:16). Az ilyen szem\u00e9ly hit\u00e9t J\u00e9zusba vetette \u00fcdv\u00f6ss\u00e9g\u00e9rt \u00e9s a b\u0171n\u00f6k bocs\u00e1nat\u00e1\u00e9rt, \u00e9s nincs k\u00e1rhoztat\u00e1s alatt \u2013 magabiztos Istenben \u00e9s az ima erej\u00e9ben. Ez nem jelenti azt, hogy az illet\u0151nek semmilyen t\u00f6k\u00e9letlens\u00e9g nincs az \u00e9let\u00e9ben.<\/p>\n<p>Ill\u00e9s Isten embere volt, aki nem mindig viselkedett t\u00f6k\u00e9letesen, de nem hagyta, hogy a t\u00f6k\u00e9letlens\u00e9gei elvegy\u00e9k magabiztoss\u00e1g\u00e1t Istenben. Ill\u00e9snek volt hite, de id\u0151nk\u00e9nt f\u00e9lelmet is l\u00e1tunk az \u00e9let\u00e9ben. Engedelmes volt, de n\u00e9ha engedetlen is. Szerette Istent, \u00e9s be akarta t\u00f6lteni Akarat\u00e1t \u00e9s elh\u00edv\u00e1s\u00e1t az \u00e9let\u00e9ben. N\u00e9ha azonban er\u0151t vettek rajta emberi gyenges\u00e9gei, \u00e9s megpr\u00f3b\u00e1lta elker\u00fclni a k\u00f6vetkezm\u00e9nyeket.<\/p>\n<p>Az 1 Kir\u00e1lyok 18-ban \u00fagy l\u00e1tjuk \u0151t, hogy hatalmas er\u0151vel mozdul, t\u00fczet h\u00edv le a mennyb\u0151l, \u00e9s lem\u00e9sz\u00e1rol 450 Ba\u00e1l pr\u00f3f\u00e9t\u00e1t. Azt\u00e1n r\u00f6gt\u00f6n ezut\u00e1n azt olvassuk, hogy f\u00e9lelm\u00e9ben elmenek\u00fcl Jezabel el\u0151l, negat\u00edv \u00e9s depresszi\u00f3s lesz, s\u0151t, meg akar halni. Mint mi is sokan, Ill\u00e9s is hagyta id\u0151nk\u00e9nt, hogy az \u00e9rzelmei fel\u00fclkerekedjenek. Hozz\u00e1nk hasonl\u00f3 emberi l\u00e9ny volt, \u00e9s m\u00e9gis er\u0151teljes im\u00e1kat mondott. P\u00e9ld\u00e1ja el\u00e9g \u201cigei meger\u0151s\u00edt\u00e9st\u201d kell, hogy adjon nek\u00fcnk arra, hogy legy\u0151zz\u00fck a benn\u00fcnk felmer\u00fcl\u0151 k\u00e1rhoztat\u00e1st, ami azt mondja, nem im\u00e1dkozhatunk er\u0151teljesen gyenges\u00e9geink \u00e9s hib\u00e1ink miatt.<\/p>\n<hr \/>\n<p>Soha ne becs\u00fcld al\u00e1 a magabiztos, hat\u00e9kony, buzg\u00f3 ima erej\u00e9t!<\/p>\n","protected":false},"excerpt":{"rendered":"<p>Jakab elmondja nek\u00fcnk, hogy nagy az ereje az igaz ember buzg\u00f3 k\u00f6ny\u00f6rg\u00e9s\u00e9nek (Jak. 5:16). Az ilyen szem\u00e9ly hit\u00e9t J\u00e9zusba vetette \u00fcdv\u00f6ss\u00e9g\u00e9rt \u00e9s a b\u0171n\u00f6k bocs\u00e1nat\u00e1\u00e9rt, \u00e9s nincs k\u00e1rhoztat\u00e1s alatt \u2013 magabiztos Istenben \u00e9s az ima erej\u00e9ben. Ez nem jelenti azt, hogy az illet\u0151nek semmilyen t\u00f6k\u00e9letlens\u00e9g nincs az \u00e9let\u00e9ben.<\/p>\n","protected":false},"author":19,"featured_media":2627,"parent":0,"menu_order":0,"comment_status":"closed","ping_status":"closed","template":"","class_list":["post-2626","devotional","type-devotional","status-publish","has-post-thumbnail","hentry"],"acf":[],"appp":{"post_detail":{"above_title":"<div class=\"post-featured-wrap\"><img width=\"1024\" height=\"597\" src=\"https:\/\/tv.joycemeyer.org\/magyar\/wp-content\/uploads\/sites\/72\/2021\/12\/2107-1024x597.jpg\" class=\"post-featured wp-post-image\" alt=\"\" decoding=\"async\" srcset=\"https:\/\/tv.joycemeyer.org\/magyar\/wp-content\/uploads\/sites\/72\/2021\/12\/2107-1024x597.jpg 1024w, https:\/\/tv.joycemeyer.org\/magyar\/wp-content\/uploads\/sites\/72\/2021\/12\/2107-300x175.jpg 300w, https:\/\/tv.joycemeyer.org\/magyar\/wp-content\/uploads\/sites\/72\/2021\/12\/2107-768x448.jpg 768w, https:\/\/tv.joycemeyer.org\/magyar\/wp-content\/uploads\/sites\/72\/2021\/12\/2107-1536x896.jpg 1536w, https:\/\/tv.joycemeyer.org\/magyar\/wp-content\/uploads\/sites\/72\/2021\/12\/2107.jpg 1800w\" sizes=\"(max-width: 1024px) 100vw, 1024px\" \/><\/div>","below_content":"<div class=\"follow\"><h6 class=\"alt\">L\u00e9pj kapcsolatba vel\u00fcnk<\/h6><ul class=\"nav nav--social nav--flex\"><li class=\"menu-item facebook\"><a href=\"https:\/\/www.facebook.com\/JoyceMeyerMinistriesHungarian\/\" target=\"_blank\"><span class=\"visuallyhidden\">Facebook<\/span><\/a><\/li><li class=\"menu-item instagram\"><a href=\"https:\/\/www.instagram.com\/joycemeyerministriesmagyar\/\" target=\"_blank\"><span class=\"visuallyhidden\">Instagram<\/span><\/a><\/li><li class=\"menu-item youtube\"><a href=\"https:\/\/www.youtube.com\/channel\/UCoAjHvNztMybm-_7N0zdThg\" target=\"_blank\"><span class=\"visuallyhidden\">YouTube<\/span><\/a><\/li><\/ul><\/div>"}},"yoast_head":"<!-- This site is optimized with the Yoast SEO plugin v27.4 - https:\/\/yoast.com\/product\/yoast-seo-wordpress\/ -->\n<title>Egy igaz ember im\u00e1i - Joyce Meyer Ministries - Magyar<\/title>\n<meta name=\"robots\" content=\"index, follow, max-snippet:-1, max-image-preview:large, max-video-preview:-1\" \/>\n<link rel=\"canonical\" href=\"https:\/\/tv.joycemeyer.org\/magyar\/devotional\/egy-igaz-ember-imai\/\" \/>\n<meta property=\"og:locale\" content=\"en_US\" \/>\n<meta property=\"og:type\" content=\"article\" \/>\n<meta property=\"og:title\" content=\"Egy igaz ember im\u00e1i - Joyce Meyer Ministries - Magyar\" \/>\n<meta property=\"og:description\" content=\"Jakab elmondja nek\u00fcnk, hogy nagy az ereje az igaz ember buzg\u00f3 k\u00f6ny\u00f6rg\u00e9s\u00e9nek (Jak. 5:16). Az ilyen szem\u00e9ly hit\u00e9t J\u00e9zusba vetette \u00fcdv\u00f6ss\u00e9g\u00e9rt \u00e9s a b\u0171n\u00f6k bocs\u00e1nat\u00e1\u00e9rt, \u00e9s nincs k\u00e1rhoztat\u00e1s alatt \u2013 magabiztos Istenben \u00e9s az ima erej\u00e9ben. Ez nem jelenti azt, hogy az illet\u0151nek semmilyen t\u00f6k\u00e9letlens\u00e9g nincs az \u00e9let\u00e9ben.\" \/>\n<meta property=\"og:url\" content=\"https:\/\/tv.joycemeyer.org\/magyar\/devotional\/egy-igaz-ember-imai\/\" \/>\n<meta property=\"og:site_name\" content=\"Joyce Meyer Ministries - Magyar\" \/>\n<meta property=\"article:publisher\" content=\"https:\/\/www.facebook.com\/JoyceMeyerMinistriesHungarian\/\" \/>\n<meta property=\"og:image\" content=\"https:\/\/tv.joycemeyer.org\/magyar\/wp-content\/uploads\/sites\/72\/2021\/12\/2107.jpg\" \/>\n\t<meta property=\"og:image:width\" content=\"1800\" \/>\n\t<meta property=\"og:image:height\" content=\"1050\" \/>\n\t<meta property=\"og:image:type\" content=\"image\/jpeg\" \/>\n<meta name=\"twitter:card\" content=\"summary_large_image\" \/>\n<meta name=\"twitter:label1\" content=\"Est. reading time\" \/>\n\t<meta name=\"twitter:data1\" content=\"2 minutes\" \/>\n<script type=\"application\/ld+json\" class=\"yoast-schema-graph\">{\"@context\":\"https:\\\/\\\/schema.org\",\"@graph\":[{\"@type\":\"WebPage\",\"@id\":\"https:\\\/\\\/tv.joycemeyer.org\\\/magyar\\\/devotional\\\/egy-igaz-ember-imai\\\/\",\"url\":\"https:\\\/\\\/tv.joycemeyer.org\\\/magyar\\\/devotional\\\/egy-igaz-ember-imai\\\/\",\"name\":\"Egy igaz ember im\u00e1i - Joyce Meyer Ministries - Magyar\",\"isPartOf\":{\"@id\":\"https:\\\/\\\/tv.joycemeyer.org\\\/magyar\\\/#website\"},\"primaryImageOfPage\":{\"@id\":\"https:\\\/\\\/tv.joycemeyer.org\\\/magyar\\\/devotional\\\/egy-igaz-ember-imai\\\/#primaryimage\"},\"image\":{\"@id\":\"https:\\\/\\\/tv.joycemeyer.org\\\/magyar\\\/devotional\\\/egy-igaz-ember-imai\\\/#primaryimage\"},\"thumbnailUrl\":\"https:\\\/\\\/tv.joycemeyer.org\\\/magyar\\\/wp-content\\\/uploads\\\/sites\\\/72\\\/2021\\\/12\\\/2107.jpg\",\"datePublished\":\"2025-03-23T00:01:57+00:00\",\"breadcrumb\":{\"@id\":\"https:\\\/\\\/tv.joycemeyer.org\\\/magyar\\\/devotional\\\/egy-igaz-ember-imai\\\/#breadcrumb\"},\"inLanguage\":\"en-US\",\"potentialAction\":[{\"@type\":\"ReadAction\",\"target\":[\"https:\\\/\\\/tv.joycemeyer.org\\\/magyar\\\/devotional\\\/egy-igaz-ember-imai\\\/\"]}]},{\"@type\":\"ImageObject\",\"inLanguage\":\"en-US\",\"@id\":\"https:\\\/\\\/tv.joycemeyer.org\\\/magyar\\\/devotional\\\/egy-igaz-ember-imai\\\/#primaryimage\",\"url\":\"https:\\\/\\\/tv.joycemeyer.org\\\/magyar\\\/wp-content\\\/uploads\\\/sites\\\/72\\\/2021\\\/12\\\/2107.jpg\",\"contentUrl\":\"https:\\\/\\\/tv.joycemeyer.org\\\/magyar\\\/wp-content\\\/uploads\\\/sites\\\/72\\\/2021\\\/12\\\/2107.jpg\",\"width\":1800,\"height\":1050,\"caption\":\"Egy igaz ember im\u00e1i\"},{\"@type\":\"BreadcrumbList\",\"@id\":\"https:\\\/\\\/tv.joycemeyer.org\\\/magyar\\\/devotional\\\/egy-igaz-ember-imai\\\/#breadcrumb\",\"itemListElement\":[{\"@type\":\"ListItem\",\"position\":1,\"name\":\"Home\",\"item\":\"https:\\\/\\\/tv.joycemeyer.org\\\/magyar\\\/\"},{\"@type\":\"ListItem\",\"position\":2,\"name\":\"Devotional\",\"item\":\"https:\\\/\\\/tv.joycemeyer.org\\\/magyar\\\/devotional\\\/\"},{\"@type\":\"ListItem\",\"position\":3,\"name\":\"Egy igaz ember im\u00e1i\"}]},{\"@type\":\"WebSite\",\"@id\":\"https:\\\/\\\/tv.joycemeyer.org\\\/magyar\\\/#website\",\"url\":\"https:\\\/\\\/tv.joycemeyer.org\\\/magyar\\\/\",\"name\":\"Joyce Meyer Ministries - Magyar\",\"description\":\"Hirdetj\u00fck Krisztust - Szeretj\u00fck az embereket\",\"potentialAction\":[{\"@type\":\"SearchAction\",\"target\":{\"@type\":\"EntryPoint\",\"urlTemplate\":\"https:\\\/\\\/tv.joycemeyer.org\\\/magyar\\\/?s={search_term_string}\"},\"query-input\":{\"@type\":\"PropertyValueSpecification\",\"valueRequired\":true,\"valueName\":\"search_term_string\"}}],\"inLanguage\":\"en-US\"}]}<\/script>\n<!-- \/ Yoast SEO plugin. -->","yoast_head_json":{"title":"Egy igaz ember im\u00e1i - Joyce Meyer Ministries - Magyar","robots":{"index":"index","follow":"follow","max-snippet":"max-snippet:-1","max-image-preview":"max-image-preview:large","max-video-preview":"max-video-preview:-1"},"canonical":"https:\/\/tv.joycemeyer.org\/magyar\/devotional\/egy-igaz-ember-imai\/","og_locale":"en_US","og_type":"article","og_title":"Egy igaz ember im\u00e1i - Joyce Meyer Ministries - Magyar","og_description":"Jakab elmondja nek\u00fcnk, hogy nagy az ereje az igaz ember buzg\u00f3 k\u00f6ny\u00f6rg\u00e9s\u00e9nek (Jak. 5:16). Az ilyen szem\u00e9ly hit\u00e9t J\u00e9zusba vetette \u00fcdv\u00f6ss\u00e9g\u00e9rt \u00e9s a b\u0171n\u00f6k bocs\u00e1nat\u00e1\u00e9rt, \u00e9s nincs k\u00e1rhoztat\u00e1s alatt \u2013 magabiztos Istenben \u00e9s az ima erej\u00e9ben. Ez nem jelenti azt, hogy az illet\u0151nek semmilyen t\u00f6k\u00e9letlens\u00e9g nincs az \u00e9let\u00e9ben.","og_url":"https:\/\/tv.joycemeyer.org\/magyar\/devotional\/egy-igaz-ember-imai\/","og_site_name":"Joyce Meyer Ministries - Magyar","article_publisher":"https:\/\/www.facebook.com\/JoyceMeyerMinistriesHungarian\/","og_image":[{"width":1800,"height":1050,"url":"https:\/\/tv.joycemeyer.org\/magyar\/wp-content\/uploads\/sites\/72\/2021\/12\/2107.jpg","type":"image\/jpeg"}],"twitter_card":"summary_large_image","twitter_misc":{"Est. reading time":"2 minutes"},"schema":{"@context":"https:\/\/schema.org","@graph":[{"@type":"WebPage","@id":"https:\/\/tv.joycemeyer.org\/magyar\/devotional\/egy-igaz-ember-imai\/","url":"https:\/\/tv.joycemeyer.org\/magyar\/devotional\/egy-igaz-ember-imai\/","name":"Egy igaz ember im\u00e1i - Joyce Meyer Ministries - Magyar","isPartOf":{"@id":"https:\/\/tv.joycemeyer.org\/magyar\/#website"},"primaryImageOfPage":{"@id":"https:\/\/tv.joycemeyer.org\/magyar\/devotional\/egy-igaz-ember-imai\/#primaryimage"},"image":{"@id":"https:\/\/tv.joycemeyer.org\/magyar\/devotional\/egy-igaz-ember-imai\/#primaryimage"},"thumbnailUrl":"https:\/\/tv.joycemeyer.org\/magyar\/wp-content\/uploads\/sites\/72\/2021\/12\/2107.jpg","datePublished":"2025-03-23T00:01:57+00:00","breadcrumb":{"@id":"https:\/\/tv.joycemeyer.org\/magyar\/devotional\/egy-igaz-ember-imai\/#breadcrumb"},"inLanguage":"en-US","potentialAction":[{"@type":"ReadAction","target":["https:\/\/tv.joycemeyer.org\/magyar\/devotional\/egy-igaz-ember-imai\/"]}]},{"@type":"ImageObject","inLanguage":"en-US","@id":"https:\/\/tv.joycemeyer.org\/magyar\/devotional\/egy-igaz-ember-imai\/#primaryimage","url":"https:\/\/tv.joycemeyer.org\/magyar\/wp-content\/uploads\/sites\/72\/2021\/12\/2107.jpg","contentUrl":"https:\/\/tv.joycemeyer.org\/magyar\/wp-content\/uploads\/sites\/72\/2021\/12\/2107.jpg","width":1800,"height":1050,"caption":"Egy igaz ember im\u00e1i"},{"@type":"BreadcrumbList","@id":"https:\/\/tv.joycemeyer.org\/magyar\/devotional\/egy-igaz-ember-imai\/#breadcrumb","itemListElement":[{"@type":"ListItem","position":1,"name":"Home","item":"https:\/\/tv.joycemeyer.org\/magyar\/"},{"@type":"ListItem","position":2,"name":"Devotional","item":"https:\/\/tv.joycemeyer.org\/magyar\/devotional\/"},{"@type":"ListItem","position":3,"name":"Egy igaz ember im\u00e1i"}]},{"@type":"WebSite","@id":"https:\/\/tv.joycemeyer.org\/magyar\/#website","url":"https:\/\/tv.joycemeyer.org\/magyar\/","name":"Joyce Meyer Ministries - Magyar","description":"Hirdetj\u00fck Krisztust - Szeretj\u00fck az embereket","potentialAction":[{"@type":"SearchAction","target":{"@type":"EntryPoint","urlTemplate":"https:\/\/tv.joycemeyer.org\/magyar\/?s={search_term_string}"},"query-input":{"@type":"PropertyValueSpecification","valueRequired":true,"valueName":"search_term_string"}}],"inLanguage":"en-US"}]}},"_links":{"self":[{"href":"https:\/\/tv.joycemeyer.org\/magyar\/wp-json\/wp\/v2\/devotional\/2626","targetHints":{"allow":["GET"]}}],"collection":[{"href":"https:\/\/tv.joycemeyer.org\/magyar\/wp-json\/wp\/v2\/devotional"}],"about":[{"href":"https:\/\/tv.joycemeyer.org\/magyar\/wp-json\/wp\/v2\/types\/devotional"}],"author":[{"embeddable":true,"href":"https:\/\/tv.joycemeyer.org\/magyar\/wp-json\/wp\/v2\/users\/19"}],"replies":[{"embeddable":true,"href":"https:\/\/tv.joycemeyer.org\/magyar\/wp-json\/wp\/v2\/comments?post=2626"}],"wp:featuredmedia":[{"embeddable":true,"href":"https:\/\/tv.joycemeyer.org\/magyar\/wp-json\/wp\/v2\/media\/2627"}],"wp:attachment":[{"href":"https:\/\/tv.joycemeyer.org\/magyar\/wp-json\/wp\/v2\/media?parent=2626"}],"curies":[{"name":"wp","href":"https:\/\/api.w.org\/{rel}","templated":true}]}}