{"id":2815,"date":"2025-05-26T00:01:07","date_gmt":"2025-05-26T00:01:07","guid":{"rendered":"https:\/\/tv.joycemeyer.org\/magyar\/?post_type=devotional&#038;p=2815"},"modified":"2025-05-23T19:18:44","modified_gmt":"2025-05-23T19:18:44","slug":"legy-hivo-hivo","status":"publish","type":"devotional","link":"https:\/\/tv.joycemeyer.org\/magyar\/devotional\/legy-hivo-hivo\/","title":{"rendered":"L\u00e9gy h\u00edv\u0151 h\u00edv\u0151!"},"content":{"rendered":"<blockquote><p>Ez\u00e9rt, amint a Szentl\u00e9lek mondja: &#8220;Ma, ha az \u0151 szav\u00e1t hallj\u00e1tok, ne kem\u00e9ny\u00edts\u00e9tek meg a sz\u00edveteket, mint az elkesered\u00e9skor, a k\u00eds\u00e9rt\u00e9s napj\u00e1n a puszt\u00e1ban. \u2014Zsid. 3:7\u2013 8<\/p><\/blockquote>\n<p>A Zsid\u00f3khoz \u00edrt lev\u00e9l 3. fejezet\u00e9ben a sz\u00edv k\u00e9t rossz \u00e1llapot\u00e1t l\u00e1tjuk \u2013 a kem\u00e9ny sz\u00edvet \u00e9s a hitetlen sz\u00edvet. A puszt\u00e1ban a kem\u00e9ny sz\u00edv miatt l\u00e1zadtak fel az izraelit\u00e1k. Akinek kem\u00e9ny a sz\u00edve, az nem k\u00e9pes k\u00f6nnyen hinni Istennek, ami nagy probl\u00e9ma, mert mindent, amit T\u0151le kapunk, azt hit \u00e1ltal kapjuk. Ahhoz, hogy kapjunk Istent\u0151l, csak annyit kell tenn\u00fcnk, hogy szimpla, gyermeki hittel odamegy\u00fcnk Hozz\u00e1, \u00e9s egyszer\u0171en csak hisz\u00fcnk.<\/p>\n<p>H\u00edv\u0151knek mondjuk magunkat, de az igazs\u00e1g az, hogy sok &#8220;hitetlen h\u00edv\u0151&#8221; van. Sok\u00e1ig \u00e9n is k\u00f6z\u00e9j\u00fck tartoztam. Gyermekkoromban annyit b\u00e1ntottak, hogy megkem\u00e9nyedett a sz\u00edvem, ezt Istennek kellett \u00e1tt\u00f6rnie az \u00e9letemben.<\/p>\n<p>M\u00e9g M\u00f3zes is eljutott arra a pontra a puszt\u00e1ban, ahol nehezen hitt Istennek. Ez\u00e9rt fontos, hogy szellemileg \u00e9berek maradjunk, hogy k\u00e9szek legy\u00fcnk hinni \u00e9s hitben j\u00e1rni, napr\u00f3l napra. V\u00e1laszthatjuk azt, hogy nagy odafigyel\u00e9ssel hitr\u0151l hitre haladunk, \u00e9s nem kezdj\u00fck el belekeverni a k\u00e9ts\u00e9get \u00e9s a hitetlens\u00e9get. A h\u00edv\u0151 sz\u00edv n\u00e9lk\u00fcl\u00f6zhetetlen, ha szoros kapcsolatban akarunk \u00e9lni Istennel.<\/p>\n<hr \/>\n<p>J\u00e9zus helyre akarja \u00e1ll\u00edtani a lelkedet, bele\u00e9rtve az \u00e9rzelmeidet is. Engedd be J\u00e9zust az \u00e9leted azon ter\u00fcleteire, amelyeket senki m\u00e1s nem tudna el\u00e9rni. K\u00e9rd meg \u0150t, hogy v\u00e1ltoztasson t\u00e9ged olyan emberr\u00e9, akinek olyan sz\u00edve van, mint Neki.<\/p>\n","protected":false},"excerpt":{"rendered":"<p>A Zsid\u00f3khoz \u00edrt lev\u00e9l 3. fejezet\u00e9ben a sz\u00edv k\u00e9t rossz \u00e1llapot\u00e1t l\u00e1tjuk \u2013 a kem\u00e9ny sz\u00edvet \u00e9s a hitetlen sz\u00edvet. A puszt\u00e1ban a kem\u00e9ny sz\u00edv miatt l\u00e1zadtak fel az izraelit\u00e1k&#8230;<\/p>\n","protected":false},"author":19,"featured_media":2849,"parent":0,"menu_order":0,"comment_status":"closed","ping_status":"closed","template":"","class_list":["post-2815","devotional","type-devotional","status-publish","has-post-thumbnail","hentry"],"acf":[],"appp":{"post_detail":{"above_title":"<div class=\"post-featured-wrap\"><img width=\"1024\" height=\"597\" src=\"https:\/\/tv.joycemeyer.org\/magyar\/wp-content\/uploads\/sites\/72\/2019\/03\/2238-1024x597.jpg\" class=\"post-featured wp-post-image\" alt=\"\" decoding=\"async\" srcset=\"https:\/\/tv.joycemeyer.org\/magyar\/wp-content\/uploads\/sites\/72\/2019\/03\/2238-1024x597.jpg 1024w, https:\/\/tv.joycemeyer.org\/magyar\/wp-content\/uploads\/sites\/72\/2019\/03\/2238-300x175.jpg 300w, https:\/\/tv.joycemeyer.org\/magyar\/wp-content\/uploads\/sites\/72\/2019\/03\/2238-768x448.jpg 768w, https:\/\/tv.joycemeyer.org\/magyar\/wp-content\/uploads\/sites\/72\/2019\/03\/2238-1536x896.jpg 1536w, https:\/\/tv.joycemeyer.org\/magyar\/wp-content\/uploads\/sites\/72\/2019\/03\/2238.jpg 1800w\" sizes=\"(max-width: 1024px) 100vw, 1024px\" \/><\/div>","below_content":""}},"yoast_head":"<!-- This site is optimized with the Yoast SEO plugin v27.4 - https:\/\/yoast.com\/product\/yoast-seo-wordpress\/ -->\n<title>L\u00e9gy h\u00edv\u0151 h\u00edv\u0151! - Joyce Meyer Ministries - Magyar<\/title>\n<meta name=\"robots\" content=\"index, follow, max-snippet:-1, max-image-preview:large, max-video-preview:-1\" \/>\n<link rel=\"canonical\" href=\"https:\/\/tv.joycemeyer.org\/magyar\/devotional\/legy-hivo-hivo\/\" \/>\n<meta property=\"og:locale\" content=\"en_US\" \/>\n<meta property=\"og:type\" content=\"article\" \/>\n<meta property=\"og:title\" content=\"L\u00e9gy h\u00edv\u0151 h\u00edv\u0151! - Joyce Meyer Ministries - Magyar\" \/>\n<meta property=\"og:description\" content=\"A Zsid\u00f3khoz \u00edrt lev\u00e9l 3. fejezet\u00e9ben a sz\u00edv k\u00e9t rossz \u00e1llapot\u00e1t l\u00e1tjuk \u2013 a kem\u00e9ny sz\u00edvet \u00e9s a hitetlen sz\u00edvet. A puszt\u00e1ban a kem\u00e9ny sz\u00edv miatt l\u00e1zadtak fel az izraelit\u00e1k...\" \/>\n<meta property=\"og:url\" content=\"https:\/\/tv.joycemeyer.org\/magyar\/devotional\/legy-hivo-hivo\/\" \/>\n<meta property=\"og:site_name\" content=\"Joyce Meyer Ministries - Magyar\" \/>\n<meta property=\"article:publisher\" content=\"https:\/\/www.facebook.com\/JoyceMeyerMinistriesHungarian\/\" \/>\n<meta property=\"og:image\" content=\"https:\/\/tv.joycemeyer.org\/magyar\/wp-content\/uploads\/sites\/72\/2019\/03\/2238.jpg\" \/>\n\t<meta property=\"og:image:width\" content=\"1800\" \/>\n\t<meta property=\"og:image:height\" content=\"1050\" \/>\n\t<meta property=\"og:image:type\" content=\"image\/jpeg\" \/>\n<meta name=\"twitter:card\" content=\"summary_large_image\" \/>\n<meta name=\"twitter:label1\" content=\"Est. reading time\" \/>\n\t<meta name=\"twitter:data1\" content=\"2 minutes\" \/>\n<script type=\"application\/ld+json\" class=\"yoast-schema-graph\">{\"@context\":\"https:\\\/\\\/schema.org\",\"@graph\":[{\"@type\":\"WebPage\",\"@id\":\"https:\\\/\\\/tv.joycemeyer.org\\\/magyar\\\/devotional\\\/legy-hivo-hivo\\\/\",\"url\":\"https:\\\/\\\/tv.joycemeyer.org\\\/magyar\\\/devotional\\\/legy-hivo-hivo\\\/\",\"name\":\"L\u00e9gy h\u00edv\u0151 h\u00edv\u0151! - Joyce Meyer Ministries - Magyar\",\"isPartOf\":{\"@id\":\"https:\\\/\\\/tv.joycemeyer.org\\\/magyar\\\/#website\"},\"primaryImageOfPage\":{\"@id\":\"https:\\\/\\\/tv.joycemeyer.org\\\/magyar\\\/devotional\\\/legy-hivo-hivo\\\/#primaryimage\"},\"image\":{\"@id\":\"https:\\\/\\\/tv.joycemeyer.org\\\/magyar\\\/devotional\\\/legy-hivo-hivo\\\/#primaryimage\"},\"thumbnailUrl\":\"https:\\\/\\\/tv.joycemeyer.org\\\/magyar\\\/wp-content\\\/uploads\\\/sites\\\/72\\\/2019\\\/03\\\/2238.jpg\",\"datePublished\":\"2025-05-26T00:01:07+00:00\",\"breadcrumb\":{\"@id\":\"https:\\\/\\\/tv.joycemeyer.org\\\/magyar\\\/devotional\\\/legy-hivo-hivo\\\/#breadcrumb\"},\"inLanguage\":\"en-US\",\"potentialAction\":[{\"@type\":\"ReadAction\",\"target\":[\"https:\\\/\\\/tv.joycemeyer.org\\\/magyar\\\/devotional\\\/legy-hivo-hivo\\\/\"]}]},{\"@type\":\"ImageObject\",\"inLanguage\":\"en-US\",\"@id\":\"https:\\\/\\\/tv.joycemeyer.org\\\/magyar\\\/devotional\\\/legy-hivo-hivo\\\/#primaryimage\",\"url\":\"https:\\\/\\\/tv.joycemeyer.org\\\/magyar\\\/wp-content\\\/uploads\\\/sites\\\/72\\\/2019\\\/03\\\/2238.jpg\",\"contentUrl\":\"https:\\\/\\\/tv.joycemeyer.org\\\/magyar\\\/wp-content\\\/uploads\\\/sites\\\/72\\\/2019\\\/03\\\/2238.jpg\",\"width\":1800,\"height\":1050,\"caption\":\"L\u00e9gy h\u00edv\u0151 h\u00edv\u0151!\"},{\"@type\":\"BreadcrumbList\",\"@id\":\"https:\\\/\\\/tv.joycemeyer.org\\\/magyar\\\/devotional\\\/legy-hivo-hivo\\\/#breadcrumb\",\"itemListElement\":[{\"@type\":\"ListItem\",\"position\":1,\"name\":\"Home\",\"item\":\"https:\\\/\\\/tv.joycemeyer.org\\\/magyar\\\/\"},{\"@type\":\"ListItem\",\"position\":2,\"name\":\"Devotional\",\"item\":\"https:\\\/\\\/tv.joycemeyer.org\\\/magyar\\\/devotional\\\/\"},{\"@type\":\"ListItem\",\"position\":3,\"name\":\"L\u00e9gy h\u00edv\u0151 h\u00edv\u0151!\"}]},{\"@type\":\"WebSite\",\"@id\":\"https:\\\/\\\/tv.joycemeyer.org\\\/magyar\\\/#website\",\"url\":\"https:\\\/\\\/tv.joycemeyer.org\\\/magyar\\\/\",\"name\":\"Joyce Meyer Ministries - Magyar\",\"description\":\"Hirdetj\u00fck Krisztust - Szeretj\u00fck az embereket\",\"potentialAction\":[{\"@type\":\"SearchAction\",\"target\":{\"@type\":\"EntryPoint\",\"urlTemplate\":\"https:\\\/\\\/tv.joycemeyer.org\\\/magyar\\\/?s={search_term_string}\"},\"query-input\":{\"@type\":\"PropertyValueSpecification\",\"valueRequired\":true,\"valueName\":\"search_term_string\"}}],\"inLanguage\":\"en-US\"}]}<\/script>\n<!-- \/ Yoast SEO plugin. -->","yoast_head_json":{"title":"L\u00e9gy h\u00edv\u0151 h\u00edv\u0151! - Joyce Meyer Ministries - Magyar","robots":{"index":"index","follow":"follow","max-snippet":"max-snippet:-1","max-image-preview":"max-image-preview:large","max-video-preview":"max-video-preview:-1"},"canonical":"https:\/\/tv.joycemeyer.org\/magyar\/devotional\/legy-hivo-hivo\/","og_locale":"en_US","og_type":"article","og_title":"L\u00e9gy h\u00edv\u0151 h\u00edv\u0151! - Joyce Meyer Ministries - Magyar","og_description":"A Zsid\u00f3khoz \u00edrt lev\u00e9l 3. fejezet\u00e9ben a sz\u00edv k\u00e9t rossz \u00e1llapot\u00e1t l\u00e1tjuk \u2013 a kem\u00e9ny sz\u00edvet \u00e9s a hitetlen sz\u00edvet. A puszt\u00e1ban a kem\u00e9ny sz\u00edv miatt l\u00e1zadtak fel az izraelit\u00e1k...","og_url":"https:\/\/tv.joycemeyer.org\/magyar\/devotional\/legy-hivo-hivo\/","og_site_name":"Joyce Meyer Ministries - Magyar","article_publisher":"https:\/\/www.facebook.com\/JoyceMeyerMinistriesHungarian\/","og_image":[{"width":1800,"height":1050,"url":"https:\/\/tv.joycemeyer.org\/magyar\/wp-content\/uploads\/sites\/72\/2019\/03\/2238.jpg","type":"image\/jpeg"}],"twitter_card":"summary_large_image","twitter_misc":{"Est. reading time":"2 minutes"},"schema":{"@context":"https:\/\/schema.org","@graph":[{"@type":"WebPage","@id":"https:\/\/tv.joycemeyer.org\/magyar\/devotional\/legy-hivo-hivo\/","url":"https:\/\/tv.joycemeyer.org\/magyar\/devotional\/legy-hivo-hivo\/","name":"L\u00e9gy h\u00edv\u0151 h\u00edv\u0151! - Joyce Meyer Ministries - Magyar","isPartOf":{"@id":"https:\/\/tv.joycemeyer.org\/magyar\/#website"},"primaryImageOfPage":{"@id":"https:\/\/tv.joycemeyer.org\/magyar\/devotional\/legy-hivo-hivo\/#primaryimage"},"image":{"@id":"https:\/\/tv.joycemeyer.org\/magyar\/devotional\/legy-hivo-hivo\/#primaryimage"},"thumbnailUrl":"https:\/\/tv.joycemeyer.org\/magyar\/wp-content\/uploads\/sites\/72\/2019\/03\/2238.jpg","datePublished":"2025-05-26T00:01:07+00:00","breadcrumb":{"@id":"https:\/\/tv.joycemeyer.org\/magyar\/devotional\/legy-hivo-hivo\/#breadcrumb"},"inLanguage":"en-US","potentialAction":[{"@type":"ReadAction","target":["https:\/\/tv.joycemeyer.org\/magyar\/devotional\/legy-hivo-hivo\/"]}]},{"@type":"ImageObject","inLanguage":"en-US","@id":"https:\/\/tv.joycemeyer.org\/magyar\/devotional\/legy-hivo-hivo\/#primaryimage","url":"https:\/\/tv.joycemeyer.org\/magyar\/wp-content\/uploads\/sites\/72\/2019\/03\/2238.jpg","contentUrl":"https:\/\/tv.joycemeyer.org\/magyar\/wp-content\/uploads\/sites\/72\/2019\/03\/2238.jpg","width":1800,"height":1050,"caption":"L\u00e9gy h\u00edv\u0151 h\u00edv\u0151!"},{"@type":"BreadcrumbList","@id":"https:\/\/tv.joycemeyer.org\/magyar\/devotional\/legy-hivo-hivo\/#breadcrumb","itemListElement":[{"@type":"ListItem","position":1,"name":"Home","item":"https:\/\/tv.joycemeyer.org\/magyar\/"},{"@type":"ListItem","position":2,"name":"Devotional","item":"https:\/\/tv.joycemeyer.org\/magyar\/devotional\/"},{"@type":"ListItem","position":3,"name":"L\u00e9gy h\u00edv\u0151 h\u00edv\u0151!"}]},{"@type":"WebSite","@id":"https:\/\/tv.joycemeyer.org\/magyar\/#website","url":"https:\/\/tv.joycemeyer.org\/magyar\/","name":"Joyce Meyer Ministries - Magyar","description":"Hirdetj\u00fck Krisztust - Szeretj\u00fck az embereket","potentialAction":[{"@type":"SearchAction","target":{"@type":"EntryPoint","urlTemplate":"https:\/\/tv.joycemeyer.org\/magyar\/?s={search_term_string}"},"query-input":{"@type":"PropertyValueSpecification","valueRequired":true,"valueName":"search_term_string"}}],"inLanguage":"en-US"}]}},"_links":{"self":[{"href":"https:\/\/tv.joycemeyer.org\/magyar\/wp-json\/wp\/v2\/devotional\/2815","targetHints":{"allow":["GET"]}}],"collection":[{"href":"https:\/\/tv.joycemeyer.org\/magyar\/wp-json\/wp\/v2\/devotional"}],"about":[{"href":"https:\/\/tv.joycemeyer.org\/magyar\/wp-json\/wp\/v2\/types\/devotional"}],"author":[{"embeddable":true,"href":"https:\/\/tv.joycemeyer.org\/magyar\/wp-json\/wp\/v2\/users\/19"}],"replies":[{"embeddable":true,"href":"https:\/\/tv.joycemeyer.org\/magyar\/wp-json\/wp\/v2\/comments?post=2815"}],"wp:featuredmedia":[{"embeddable":true,"href":"https:\/\/tv.joycemeyer.org\/magyar\/wp-json\/wp\/v2\/media\/2849"}],"wp:attachment":[{"href":"https:\/\/tv.joycemeyer.org\/magyar\/wp-json\/wp\/v2\/media?parent=2815"}],"curies":[{"name":"wp","href":"https:\/\/api.w.org\/{rel}","templated":true}]}}