{"id":3039,"date":"2025-07-09T00:01:45","date_gmt":"2025-07-09T00:01:45","guid":{"rendered":"https:\/\/tv.joycemeyer.org\/magyar\/?post_type=devotional&#038;p=3039"},"modified":"2025-07-09T12:07:35","modified_gmt":"2025-07-09T12:07:35","slug":"a-fiusag-szelleme","status":"publish","type":"devotional","link":"https:\/\/tv.joycemeyer.org\/magyar\/devotional\/a-fiusag-szelleme\/","title":{"rendered":"A fi\u00fas\u00e1g szelleme"},"content":{"rendered":"<blockquote><p>Mert nem a szolgas\u00e1g lelk\u00e9t kapt\u00e1tok, hogy ism\u00e9t f\u00e9ljetek, hanem a fi\u00fas\u00e1g Lelk\u00e9t kapt\u00e1tok, aki \u00e1ltal ki\u00e1ltjuk: &#8220;Abb\u00e1, Atya!&#8221; \u2014R\u00f3m. 8:15<\/p><\/blockquote>\n<p>P\u00e1l apostol azt tan\u00edtja, hogy a Szent Szellem az \u00f6r\u00f6kbefogad\u00e1s szelleme (az angol ford. szerint \u2013 a ford. megjegyz\u00e9se). Az \u00f6r\u00f6kbefogad\u00e1s sz\u00f3 azt jelenti, hogy Isten csal\u00e1dj\u00e1ba ker\u00fcl\u00fcnk, m\u00e9g akkor is, ha kor\u00e1bban k\u00edv\u00fcl\u00e1ll\u00f3k voltunk, akiknek semmi k\u00f6z\u00fck nem volt Istenhez. B\u0171n\u00f6s\u00f6k voltunk, \u00e9s Istent\u0151l elszakadtunk, de Isten az \u0150 nagy irgalmass\u00e1g\u00e1ban megv\u00e1ltott minket, megv\u00e1s\u00e1rolt minket, \u00e9s \u00fajra k\u00f6zel vont mag\u00e1hoz saj\u00e1t Fia v\u00e9re \u00e1ltal.<\/p>\n<p>Az \u00f6r\u00f6kbefogad\u00e1st term\u00e9szetes \u00e9rtelemben \u00e9rtj\u00fck. Tudjuk, hogy n\u00e9h\u00e1ny \u00e1rva gyermeket olyan emberek fogadnak \u00f6r\u00f6kbe, akik sz\u00e1nd\u00e9kosan v\u00e1lasztj\u00e1k ki \u0151ket, \u00e9s saj\u00e1tjukk\u00e9nt tekintenek r\u00e1juk. Micsoda megtiszteltet\u00e9s, hogy sz\u00e1nd\u00e9kosan kiv\u00e1lasztanak valakit, hogy r\u00e1\u00e1rassz\u00e1k szeretet\u00fcket.<\/p>\n<p>Isten pontosan ezt tette \u00e9rt\u00fcnk, Krisztusban h\u00edv\u0151k\u00e9rt. Annak k\u00f6sz\u00f6nhet\u0151en, amit J\u00e9zus tett \u00e9rt\u00fcnk a kereszten, most m\u00e1r \u00f6r\u00f6kre az \u0150 csal\u00e1dj\u00e1hoz tartozunk, \u00e9s az \u0150 Szelleme lakozik a lelk\u00fcnkben, \u00e9s ki\u00e1lt az Aty\u00e1hoz. Az Atya Isten m\u00e1r a vil\u00e1g megalap\u00edt\u00e1sa el\u0151tt eld\u00f6nt\u00f6tte, hogy mindenkit szeretni fog, aki szereti Krisztust, \u00e9s gyermek\u00e9nek tekinti. Elhat\u00e1rozta, hogy \u00f6r\u00f6kbe fogadja mindazokat, akik elfogadj\u00e1k J\u00e9zust Megv\u00e1lt\u00f3juknak. Isten \u00f6r\u00f6k\u00f6seiv\u00e9 v\u00e1lunk, \u00e9s az \u0150 Fi\u00e1nak, J\u00e9zus Krisztusnak \u00f6r\u00f6k\u00f6st\u00e1rsaiv\u00e1.<\/p>\n<hr \/>\n<p>A tudat, hogy Isten csal\u00e1dj\u00e1ba tartozunk, b\u00e1tors\u00e1got ad nek\u00fcnk, hogy az \u0150 tr\u00f3nja el\u00e9 j\u00e1ruljunk, \u00e9s k\u00e9r\u00e9seinket k\u00f6z\u00f6lj\u00fck vele.<\/p>\n","protected":false},"excerpt":{"rendered":"<p>P\u00e1l apostol azt tan\u00edtja, hogy a Szent Szellem az \u00f6r\u00f6kbefogad\u00e1s szelleme (az angol ford. szerint \u2013 a ford. megjegyz\u00e9se). Az \u00f6r\u00f6kbefogad\u00e1s sz\u00f3 azt jelenti, hogy Isten csal\u00e1dj\u00e1ba ker\u00fcl\u00fcnk, m\u00e9g akkor is, ha kor\u00e1bban k\u00edv\u00fcl\u00e1ll\u00f3k voltunk, akiknek semmi k\u00f6z\u00fck nem volt Istenhez&#8230;<\/p>\n","protected":false},"author":19,"featured_media":3040,"parent":0,"menu_order":0,"comment_status":"closed","ping_status":"closed","template":"","class_list":["post-3039","devotional","type-devotional","status-publish","has-post-thumbnail","hentry"],"acf":[],"appp":{"post_detail":{"above_title":"<div class=\"post-featured-wrap\"><img width=\"1024\" height=\"597\" src=\"https:\/\/tv.joycemeyer.org\/magyar\/wp-content\/uploads\/sites\/72\/2022\/03\/2391-1024x597.jpg\" class=\"post-featured wp-post-image\" alt=\"A fi\u00fas\u00e1g szelleme\" decoding=\"async\" srcset=\"https:\/\/tv.joycemeyer.org\/magyar\/wp-content\/uploads\/sites\/72\/2022\/03\/2391-1024x597.jpg 1024w, https:\/\/tv.joycemeyer.org\/magyar\/wp-content\/uploads\/sites\/72\/2022\/03\/2391-300x175.jpg 300w, https:\/\/tv.joycemeyer.org\/magyar\/wp-content\/uploads\/sites\/72\/2022\/03\/2391-768x448.jpg 768w, https:\/\/tv.joycemeyer.org\/magyar\/wp-content\/uploads\/sites\/72\/2022\/03\/2391-1536x896.jpg 1536w, https:\/\/tv.joycemeyer.org\/magyar\/wp-content\/uploads\/sites\/72\/2022\/03\/2391.jpg 1800w\" sizes=\"(max-width: 1024px) 100vw, 1024px\" \/><\/div>","below_content":"<div class=\"follow\"><h6 class=\"alt\">L\u00e9pj kapcsolatba vel\u00fcnk<\/h6><ul class=\"nav nav--social nav--flex\"><li class=\"menu-item facebook\"><a href=\"https:\/\/www.facebook.com\/JoyceMeyerMinistriesHungarian\/\" target=\"_blank\"><span class=\"visuallyhidden\">Facebook<\/span><\/a><\/li><li class=\"menu-item instagram\"><a href=\"https:\/\/www.instagram.com\/joycemeyerministriesmagyar\/\" target=\"_blank\"><span class=\"visuallyhidden\">Instagram<\/span><\/a><\/li><li class=\"menu-item youtube\"><a href=\"https:\/\/www.youtube.com\/channel\/UCoAjHvNztMybm-_7N0zdThg\" target=\"_blank\"><span class=\"visuallyhidden\">YouTube<\/span><\/a><\/li><\/ul><\/div>"}},"yoast_head":"<!-- This site is optimized with the Yoast SEO plugin v27.4 - https:\/\/yoast.com\/product\/yoast-seo-wordpress\/ -->\n<title>A fi\u00fas\u00e1g szelleme - Joyce Meyer Ministries - Magyar<\/title>\n<meta name=\"robots\" content=\"index, follow, max-snippet:-1, max-image-preview:large, max-video-preview:-1\" \/>\n<link rel=\"canonical\" href=\"https:\/\/tv.joycemeyer.org\/magyar\/devotional\/a-fiusag-szelleme\/\" \/>\n<meta property=\"og:locale\" content=\"en_US\" \/>\n<meta property=\"og:type\" content=\"article\" \/>\n<meta property=\"og:title\" content=\"A fi\u00fas\u00e1g szelleme - Joyce Meyer Ministries - Magyar\" \/>\n<meta property=\"og:description\" content=\"P\u00e1l apostol azt tan\u00edtja, hogy a Szent Szellem az \u00f6r\u00f6kbefogad\u00e1s szelleme (az angol ford. szerint \u2013 a ford. megjegyz\u00e9se). Az \u00f6r\u00f6kbefogad\u00e1s sz\u00f3 azt jelenti, hogy Isten csal\u00e1dj\u00e1ba ker\u00fcl\u00fcnk, m\u00e9g akkor is, ha kor\u00e1bban k\u00edv\u00fcl\u00e1ll\u00f3k voltunk, akiknek semmi k\u00f6z\u00fck nem volt Istenhez...\" \/>\n<meta property=\"og:url\" content=\"https:\/\/tv.joycemeyer.org\/magyar\/devotional\/a-fiusag-szelleme\/\" \/>\n<meta property=\"og:site_name\" content=\"Joyce Meyer Ministries - Magyar\" \/>\n<meta property=\"article:publisher\" content=\"https:\/\/www.facebook.com\/JoyceMeyerMinistriesHungarian\/\" \/>\n<meta property=\"article:modified_time\" content=\"2025-07-09T12:07:35+00:00\" \/>\n<meta property=\"og:image\" content=\"https:\/\/tv.joycemeyer.org\/magyar\/wp-content\/uploads\/sites\/72\/2022\/03\/2391.jpg\" \/>\n\t<meta property=\"og:image:width\" content=\"1800\" \/>\n\t<meta property=\"og:image:height\" content=\"1050\" \/>\n\t<meta property=\"og:image:type\" content=\"image\/jpeg\" \/>\n<meta name=\"twitter:card\" content=\"summary_large_image\" \/>\n<meta name=\"twitter:label1\" content=\"Est. reading time\" \/>\n\t<meta name=\"twitter:data1\" content=\"2 minutes\" \/>\n<script type=\"application\/ld+json\" class=\"yoast-schema-graph\">{\"@context\":\"https:\\\/\\\/schema.org\",\"@graph\":[{\"@type\":\"WebPage\",\"@id\":\"https:\\\/\\\/tv.joycemeyer.org\\\/magyar\\\/devotional\\\/a-fiusag-szelleme\\\/\",\"url\":\"https:\\\/\\\/tv.joycemeyer.org\\\/magyar\\\/devotional\\\/a-fiusag-szelleme\\\/\",\"name\":\"A fi\u00fas\u00e1g szelleme - Joyce Meyer Ministries - Magyar\",\"isPartOf\":{\"@id\":\"https:\\\/\\\/tv.joycemeyer.org\\\/magyar\\\/#website\"},\"primaryImageOfPage\":{\"@id\":\"https:\\\/\\\/tv.joycemeyer.org\\\/magyar\\\/devotional\\\/a-fiusag-szelleme\\\/#primaryimage\"},\"image\":{\"@id\":\"https:\\\/\\\/tv.joycemeyer.org\\\/magyar\\\/devotional\\\/a-fiusag-szelleme\\\/#primaryimage\"},\"thumbnailUrl\":\"https:\\\/\\\/tv.joycemeyer.org\\\/magyar\\\/wp-content\\\/uploads\\\/sites\\\/72\\\/2022\\\/03\\\/2391.jpg\",\"datePublished\":\"2025-07-09T00:01:45+00:00\",\"dateModified\":\"2025-07-09T12:07:35+00:00\",\"breadcrumb\":{\"@id\":\"https:\\\/\\\/tv.joycemeyer.org\\\/magyar\\\/devotional\\\/a-fiusag-szelleme\\\/#breadcrumb\"},\"inLanguage\":\"en-US\",\"potentialAction\":[{\"@type\":\"ReadAction\",\"target\":[\"https:\\\/\\\/tv.joycemeyer.org\\\/magyar\\\/devotional\\\/a-fiusag-szelleme\\\/\"]}]},{\"@type\":\"ImageObject\",\"inLanguage\":\"en-US\",\"@id\":\"https:\\\/\\\/tv.joycemeyer.org\\\/magyar\\\/devotional\\\/a-fiusag-szelleme\\\/#primaryimage\",\"url\":\"https:\\\/\\\/tv.joycemeyer.org\\\/magyar\\\/wp-content\\\/uploads\\\/sites\\\/72\\\/2022\\\/03\\\/2391.jpg\",\"contentUrl\":\"https:\\\/\\\/tv.joycemeyer.org\\\/magyar\\\/wp-content\\\/uploads\\\/sites\\\/72\\\/2022\\\/03\\\/2391.jpg\",\"width\":1800,\"height\":1050,\"caption\":\"A fi\u00fas\u00e1g szelleme\"},{\"@type\":\"BreadcrumbList\",\"@id\":\"https:\\\/\\\/tv.joycemeyer.org\\\/magyar\\\/devotional\\\/a-fiusag-szelleme\\\/#breadcrumb\",\"itemListElement\":[{\"@type\":\"ListItem\",\"position\":1,\"name\":\"Home\",\"item\":\"https:\\\/\\\/tv.joycemeyer.org\\\/magyar\\\/\"},{\"@type\":\"ListItem\",\"position\":2,\"name\":\"Devotional\",\"item\":\"https:\\\/\\\/tv.joycemeyer.org\\\/magyar\\\/devotional\\\/\"},{\"@type\":\"ListItem\",\"position\":3,\"name\":\"A fi\u00fas\u00e1g szelleme\"}]},{\"@type\":\"WebSite\",\"@id\":\"https:\\\/\\\/tv.joycemeyer.org\\\/magyar\\\/#website\",\"url\":\"https:\\\/\\\/tv.joycemeyer.org\\\/magyar\\\/\",\"name\":\"Joyce Meyer Ministries - Magyar\",\"description\":\"Hirdetj\u00fck Krisztust - Szeretj\u00fck az embereket\",\"potentialAction\":[{\"@type\":\"SearchAction\",\"target\":{\"@type\":\"EntryPoint\",\"urlTemplate\":\"https:\\\/\\\/tv.joycemeyer.org\\\/magyar\\\/?s={search_term_string}\"},\"query-input\":{\"@type\":\"PropertyValueSpecification\",\"valueRequired\":true,\"valueName\":\"search_term_string\"}}],\"inLanguage\":\"en-US\"}]}<\/script>\n<!-- \/ Yoast SEO plugin. -->","yoast_head_json":{"title":"A fi\u00fas\u00e1g szelleme - Joyce Meyer Ministries - Magyar","robots":{"index":"index","follow":"follow","max-snippet":"max-snippet:-1","max-image-preview":"max-image-preview:large","max-video-preview":"max-video-preview:-1"},"canonical":"https:\/\/tv.joycemeyer.org\/magyar\/devotional\/a-fiusag-szelleme\/","og_locale":"en_US","og_type":"article","og_title":"A fi\u00fas\u00e1g szelleme - Joyce Meyer Ministries - Magyar","og_description":"P\u00e1l apostol azt tan\u00edtja, hogy a Szent Szellem az \u00f6r\u00f6kbefogad\u00e1s szelleme (az angol ford. szerint \u2013 a ford. megjegyz\u00e9se). Az \u00f6r\u00f6kbefogad\u00e1s sz\u00f3 azt jelenti, hogy Isten csal\u00e1dj\u00e1ba ker\u00fcl\u00fcnk, m\u00e9g akkor is, ha kor\u00e1bban k\u00edv\u00fcl\u00e1ll\u00f3k voltunk, akiknek semmi k\u00f6z\u00fck nem volt Istenhez...","og_url":"https:\/\/tv.joycemeyer.org\/magyar\/devotional\/a-fiusag-szelleme\/","og_site_name":"Joyce Meyer Ministries - Magyar","article_publisher":"https:\/\/www.facebook.com\/JoyceMeyerMinistriesHungarian\/","article_modified_time":"2025-07-09T12:07:35+00:00","og_image":[{"width":1800,"height":1050,"url":"https:\/\/tv.joycemeyer.org\/magyar\/wp-content\/uploads\/sites\/72\/2022\/03\/2391.jpg","type":"image\/jpeg"}],"twitter_card":"summary_large_image","twitter_misc":{"Est. reading time":"2 minutes"},"schema":{"@context":"https:\/\/schema.org","@graph":[{"@type":"WebPage","@id":"https:\/\/tv.joycemeyer.org\/magyar\/devotional\/a-fiusag-szelleme\/","url":"https:\/\/tv.joycemeyer.org\/magyar\/devotional\/a-fiusag-szelleme\/","name":"A fi\u00fas\u00e1g szelleme - Joyce Meyer Ministries - Magyar","isPartOf":{"@id":"https:\/\/tv.joycemeyer.org\/magyar\/#website"},"primaryImageOfPage":{"@id":"https:\/\/tv.joycemeyer.org\/magyar\/devotional\/a-fiusag-szelleme\/#primaryimage"},"image":{"@id":"https:\/\/tv.joycemeyer.org\/magyar\/devotional\/a-fiusag-szelleme\/#primaryimage"},"thumbnailUrl":"https:\/\/tv.joycemeyer.org\/magyar\/wp-content\/uploads\/sites\/72\/2022\/03\/2391.jpg","datePublished":"2025-07-09T00:01:45+00:00","dateModified":"2025-07-09T12:07:35+00:00","breadcrumb":{"@id":"https:\/\/tv.joycemeyer.org\/magyar\/devotional\/a-fiusag-szelleme\/#breadcrumb"},"inLanguage":"en-US","potentialAction":[{"@type":"ReadAction","target":["https:\/\/tv.joycemeyer.org\/magyar\/devotional\/a-fiusag-szelleme\/"]}]},{"@type":"ImageObject","inLanguage":"en-US","@id":"https:\/\/tv.joycemeyer.org\/magyar\/devotional\/a-fiusag-szelleme\/#primaryimage","url":"https:\/\/tv.joycemeyer.org\/magyar\/wp-content\/uploads\/sites\/72\/2022\/03\/2391.jpg","contentUrl":"https:\/\/tv.joycemeyer.org\/magyar\/wp-content\/uploads\/sites\/72\/2022\/03\/2391.jpg","width":1800,"height":1050,"caption":"A fi\u00fas\u00e1g szelleme"},{"@type":"BreadcrumbList","@id":"https:\/\/tv.joycemeyer.org\/magyar\/devotional\/a-fiusag-szelleme\/#breadcrumb","itemListElement":[{"@type":"ListItem","position":1,"name":"Home","item":"https:\/\/tv.joycemeyer.org\/magyar\/"},{"@type":"ListItem","position":2,"name":"Devotional","item":"https:\/\/tv.joycemeyer.org\/magyar\/devotional\/"},{"@type":"ListItem","position":3,"name":"A fi\u00fas\u00e1g szelleme"}]},{"@type":"WebSite","@id":"https:\/\/tv.joycemeyer.org\/magyar\/#website","url":"https:\/\/tv.joycemeyer.org\/magyar\/","name":"Joyce Meyer Ministries - Magyar","description":"Hirdetj\u00fck Krisztust - Szeretj\u00fck az embereket","potentialAction":[{"@type":"SearchAction","target":{"@type":"EntryPoint","urlTemplate":"https:\/\/tv.joycemeyer.org\/magyar\/?s={search_term_string}"},"query-input":{"@type":"PropertyValueSpecification","valueRequired":true,"valueName":"search_term_string"}}],"inLanguage":"en-US"}]}},"_links":{"self":[{"href":"https:\/\/tv.joycemeyer.org\/magyar\/wp-json\/wp\/v2\/devotional\/3039","targetHints":{"allow":["GET"]}}],"collection":[{"href":"https:\/\/tv.joycemeyer.org\/magyar\/wp-json\/wp\/v2\/devotional"}],"about":[{"href":"https:\/\/tv.joycemeyer.org\/magyar\/wp-json\/wp\/v2\/types\/devotional"}],"author":[{"embeddable":true,"href":"https:\/\/tv.joycemeyer.org\/magyar\/wp-json\/wp\/v2\/users\/19"}],"replies":[{"embeddable":true,"href":"https:\/\/tv.joycemeyer.org\/magyar\/wp-json\/wp\/v2\/comments?post=3039"}],"wp:featuredmedia":[{"embeddable":true,"href":"https:\/\/tv.joycemeyer.org\/magyar\/wp-json\/wp\/v2\/media\/3040"}],"wp:attachment":[{"href":"https:\/\/tv.joycemeyer.org\/magyar\/wp-json\/wp\/v2\/media?parent=3039"}],"curies":[{"name":"wp","href":"https:\/\/api.w.org\/{rel}","templated":true}]}}