{"id":3207,"date":"2025-08-12T00:01:55","date_gmt":"2025-08-12T00:01:55","guid":{"rendered":"https:\/\/tv.joycemeyer.org\/magyar\/?post_type=devotional&#038;p=3207"},"modified":"2025-08-12T12:34:39","modified_gmt":"2025-08-12T12:34:39","slug":"haladj-elore","status":"publish","type":"devotional","link":"https:\/\/tv.joycemeyer.org\/magyar\/devotional\/haladj-elore\/","title":{"rendered":"Haladj el\u0151re"},"content":{"rendered":"<blockquote><p>Ez\u00e9rt eml\u00e9keztetlek t\u00e9ged, hogy gerjeszd fel az Isten kegyelmi aj\u00e1nd\u00e9k\u00e1t, amely kezeim r\u00e1d t\u00e9tele \u00e1ltal van benned. \u20142 Tim. 1:6<\/p><\/blockquote>\n<p>A szellemi \u00e9let\u00fcnkben vagy k\u00edm\u00e9letlen\u00fcl haladunk el\u0151re a c\u00e9l \u00e9rdek\u00e9ben, vagy h\u00e1trafel\u00e9 cs\u00faszunk. Nincs olyan, hogy stagn\u00e1l\u00f3 kereszt\u00e9nys\u00e9g. L\u00e9tfontoss\u00e1g\u00fa, hogy folyamatosan nyomuljunk el\u0151re. Ez\u00e9rt kapta Tim\u00f3teus azt az utas\u00edt\u00e1st, hogy sz\u00edtsa fel a l\u00e1ngot, \u00e9s \u00e9bressze fel \u00fajra a buzgalmat, amely egykor bet\u00f6lt\u00f6tte a sz\u00edv\u00e9t. Elf\u00e1radt, \u00e9s a t\u0171z, amely egykor ott l\u00e1ngolt benne, m\u00e1r csak halv\u00e1nyan pisl\u00e1kolt.<\/p>\n<p>Nyilv\u00e1nval\u00f3an Tim\u00f3teus tett egy l\u00e9p\u00e9st h\u00e1trafel\u00e9, tal\u00e1n a f\u00e9lelem miatt. K\u00e9ts\u00e9gtelen\u00fcl k\u00f6nny\u0171 meg\u00e9rteni, hogy Tim\u00f3teus mi\u00e9rt vesz\u00edthette el a b\u00e1tors\u00e1g\u00e1t \u00e9s az \u00f6nbizalm\u00e1t. Rendk\u00edv\u00fcli \u00fcld\u00f6ztet\u00e9s idej\u00e9n \u00e9lt, \u00e9s mentora, P\u00e1l b\u00f6rt\u00f6nben volt. P\u00e1l m\u00e9gis er\u0151sen b\u00e1tor\u00edtotta \u0151t, hogy szedje \u00f6ssze mag\u00e1t, t\u00e9rjen vissza a helyes \u00fatra, eml\u00e9kezzen az \u00e9let\u00e9re vonatkoz\u00f3 elh\u00edv\u00e1sra, \u00e1lljon ellen a f\u00e9lelemnek, \u00e9s eml\u00e9kezzen arra, hogy Isten az er\u0151, a szeretet \u00e9s a j\u00f3zans\u00e1g szellem\u00e9t adta neki.<\/p>\n<p>Valah\u00e1nyszor hagyjuk, hogy a f\u00e9lelem eluralkodjon rajtunk, elkezd\u00fcnk h\u00e1trafel\u00e9 cs\u00faszni. A f\u00e9lelem megakad\u00e1lyozza a fejl\u0151d\u00e9s\u00fcnket, \u00e9s arra k\u00e9sztet, hogy megforduljunk \u00e9s elfussunk ahelyett, hogy agressz\u00edven haladn\u00e1nk el\u0151re. Ha ma bizonytalan vagy, k\u00e9telkedsz, vagy ak\u00e1r f\u00e9lelmet \u00e9rzel, fogadd el P\u00e1l Tim\u00f3teusnak sz\u00e1nt b\u00e1tor\u00edt\u00e1s\u00e1t. \u00c9breszd fel a hitedet, l\u00e1ngolj Isten\u00e9rt, \u00e9s soha ne felejtsd el, hogy \u0150 veled van. Vele az oldaladon, nem sz\u00e1m\u00edt, milyen neh\u00e9znek t\u0171nnek a dolgok, \u00c1ltala b\u00e1rmit megtehetsz, amit csak kell.<\/p>\n<hr \/>\n<p>Soha, soha, soha\u2026 ne add fel!<\/p>\n","protected":false},"excerpt":{"rendered":"<p>A szellemi \u00e9let\u00fcnkben vagy k\u00edm\u00e9letlen\u00fcl haladunk el\u0151re a c\u00e9l \u00e9rdek\u00e9ben, vagy h\u00e1trafel\u00e9 cs\u00faszunk&#8230;<\/p>\n","protected":false},"author":19,"featured_media":3208,"parent":0,"menu_order":0,"comment_status":"closed","ping_status":"closed","template":"","class_list":["post-3207","devotional","type-devotional","status-publish","has-post-thumbnail","hentry"],"acf":[],"appp":{"post_detail":{"above_title":"<div class=\"post-featured-wrap\"><img width=\"1024\" height=\"597\" src=\"https:\/\/tv.joycemeyer.org\/magyar\/wp-content\/uploads\/sites\/72\/2022\/05\/2515-1024x597.jpg\" class=\"post-featured wp-post-image\" alt=\"Haladj el\u0151re\" decoding=\"async\" srcset=\"https:\/\/tv.joycemeyer.org\/magyar\/wp-content\/uploads\/sites\/72\/2022\/05\/2515-1024x597.jpg 1024w, https:\/\/tv.joycemeyer.org\/magyar\/wp-content\/uploads\/sites\/72\/2022\/05\/2515-300x175.jpg 300w, https:\/\/tv.joycemeyer.org\/magyar\/wp-content\/uploads\/sites\/72\/2022\/05\/2515-768x448.jpg 768w, https:\/\/tv.joycemeyer.org\/magyar\/wp-content\/uploads\/sites\/72\/2022\/05\/2515-1536x896.jpg 1536w, https:\/\/tv.joycemeyer.org\/magyar\/wp-content\/uploads\/sites\/72\/2022\/05\/2515.jpg 1800w\" sizes=\"(max-width: 1024px) 100vw, 1024px\" \/><\/div>","below_content":"<div class=\"follow\"><h6 class=\"alt\">L\u00e9pj kapcsolatba vel\u00fcnk<\/h6><ul class=\"nav nav--social nav--flex\"><li class=\"menu-item facebook\"><a href=\"https:\/\/www.facebook.com\/JoyceMeyerMinistriesHungarian\/\" target=\"_blank\"><span class=\"visuallyhidden\">Facebook<\/span><\/a><\/li><li class=\"menu-item instagram\"><a href=\"https:\/\/www.instagram.com\/joycemeyerministriesmagyar\/\" target=\"_blank\"><span class=\"visuallyhidden\">Instagram<\/span><\/a><\/li><li class=\"menu-item youtube\"><a href=\"https:\/\/www.youtube.com\/channel\/UCoAjHvNztMybm-_7N0zdThg\" target=\"_blank\"><span class=\"visuallyhidden\">YouTube<\/span><\/a><\/li><\/ul><\/div>"}},"yoast_head":"<!-- This site is optimized with the Yoast SEO plugin v28.2 - https:\/\/yoast.com\/product\/yoast-seo-wordpress\/ -->\n<title>Haladj el\u0151re - Joyce Meyer Ministries - Magyar<\/title>\n<meta name=\"robots\" content=\"index, follow, max-snippet:-1, max-image-preview:large, max-video-preview:-1\" \/>\n<link rel=\"canonical\" href=\"https:\/\/tv.joycemeyer.org\/magyar\/devotional\/haladj-elore\/\" \/>\n<meta property=\"og:locale\" content=\"en_US\" \/>\n<meta property=\"og:type\" content=\"article\" \/>\n<meta property=\"og:title\" content=\"Haladj el\u0151re - Joyce Meyer Ministries - Magyar\" \/>\n<meta property=\"og:description\" content=\"A szellemi \u00e9let\u00fcnkben vagy k\u00edm\u00e9letlen\u00fcl haladunk el\u0151re a c\u00e9l \u00e9rdek\u00e9ben, vagy h\u00e1trafel\u00e9 cs\u00faszunk...\" \/>\n<meta property=\"og:url\" content=\"https:\/\/tv.joycemeyer.org\/magyar\/devotional\/haladj-elore\/\" \/>\n<meta property=\"og:site_name\" content=\"Joyce Meyer Ministries - Magyar\" \/>\n<meta property=\"article:publisher\" content=\"https:\/\/www.facebook.com\/JoyceMeyerMinistriesHungarian\/\" \/>\n<meta property=\"article:modified_time\" content=\"2025-08-12T12:34:39+00:00\" \/>\n<meta property=\"og:image\" content=\"https:\/\/tv.joycemeyer.org\/magyar\/wp-content\/uploads\/sites\/72\/2022\/05\/2515.jpg\" \/>\n\t<meta property=\"og:image:width\" content=\"1800\" \/>\n\t<meta property=\"og:image:height\" content=\"1050\" \/>\n\t<meta property=\"og:image:type\" content=\"image\/jpeg\" \/>\n<meta name=\"twitter:card\" content=\"summary_large_image\" \/>\n<meta name=\"twitter:label1\" content=\"Est. reading time\" \/>\n\t<meta name=\"twitter:data1\" content=\"2 minutes\" \/>\n<script type=\"application\/ld+json\" class=\"yoast-schema-graph\">{\"@context\":\"https:\\\/\\\/schema.org\",\"@graph\":[{\"@type\":\"WebPage\",\"@id\":\"https:\\\/\\\/tv.joycemeyer.org\\\/magyar\\\/devotional\\\/haladj-elore\\\/\",\"url\":\"https:\\\/\\\/tv.joycemeyer.org\\\/magyar\\\/devotional\\\/haladj-elore\\\/\",\"name\":\"Haladj el\u0151re - Joyce Meyer Ministries - Magyar\",\"isPartOf\":{\"@id\":\"https:\\\/\\\/tv.joycemeyer.org\\\/magyar\\\/#website\"},\"primaryImageOfPage\":{\"@id\":\"https:\\\/\\\/tv.joycemeyer.org\\\/magyar\\\/devotional\\\/haladj-elore\\\/#primaryimage\"},\"image\":{\"@id\":\"https:\\\/\\\/tv.joycemeyer.org\\\/magyar\\\/devotional\\\/haladj-elore\\\/#primaryimage\"},\"thumbnailUrl\":\"https:\\\/\\\/tv.joycemeyer.org\\\/magyar\\\/wp-content\\\/uploads\\\/sites\\\/72\\\/2022\\\/05\\\/2515.jpg\",\"datePublished\":\"2025-08-12T00:01:55+00:00\",\"dateModified\":\"2025-08-12T12:34:39+00:00\",\"breadcrumb\":{\"@id\":\"https:\\\/\\\/tv.joycemeyer.org\\\/magyar\\\/devotional\\\/haladj-elore\\\/#breadcrumb\"},\"inLanguage\":\"en-US\",\"potentialAction\":[{\"@type\":\"ReadAction\",\"target\":[\"https:\\\/\\\/tv.joycemeyer.org\\\/magyar\\\/devotional\\\/haladj-elore\\\/\"]}]},{\"@type\":\"ImageObject\",\"inLanguage\":\"en-US\",\"@id\":\"https:\\\/\\\/tv.joycemeyer.org\\\/magyar\\\/devotional\\\/haladj-elore\\\/#primaryimage\",\"url\":\"https:\\\/\\\/tv.joycemeyer.org\\\/magyar\\\/wp-content\\\/uploads\\\/sites\\\/72\\\/2022\\\/05\\\/2515.jpg\",\"contentUrl\":\"https:\\\/\\\/tv.joycemeyer.org\\\/magyar\\\/wp-content\\\/uploads\\\/sites\\\/72\\\/2022\\\/05\\\/2515.jpg\",\"width\":1800,\"height\":1050,\"caption\":\"Haladj el\u0151re\"},{\"@type\":\"BreadcrumbList\",\"@id\":\"https:\\\/\\\/tv.joycemeyer.org\\\/magyar\\\/devotional\\\/haladj-elore\\\/#breadcrumb\",\"itemListElement\":[{\"@type\":\"ListItem\",\"position\":1,\"name\":\"Home\",\"item\":\"https:\\\/\\\/tv.joycemeyer.org\\\/magyar\\\/\"},{\"@type\":\"ListItem\",\"position\":2,\"name\":\"Devotional\",\"item\":\"https:\\\/\\\/tv.joycemeyer.org\\\/magyar\\\/devotional\\\/\"},{\"@type\":\"ListItem\",\"position\":3,\"name\":\"Haladj el\u0151re\"}]},{\"@type\":\"WebSite\",\"@id\":\"https:\\\/\\\/tv.joycemeyer.org\\\/magyar\\\/#website\",\"url\":\"https:\\\/\\\/tv.joycemeyer.org\\\/magyar\\\/\",\"name\":\"Joyce Meyer Ministries - Magyar\",\"description\":\"Hirdetj\u00fck Krisztust - Szeretj\u00fck az embereket\",\"potentialAction\":[{\"@type\":\"SearchAction\",\"target\":{\"@type\":\"EntryPoint\",\"urlTemplate\":\"https:\\\/\\\/tv.joycemeyer.org\\\/magyar\\\/?s={search_term_string}\"},\"query-input\":{\"@type\":\"PropertyValueSpecification\",\"valueRequired\":true,\"valueName\":\"search_term_string\"}}],\"inLanguage\":\"en-US\"}]}<\/script>\n<!-- \/ Yoast SEO plugin. -->","yoast_head_json":{"title":"Haladj el\u0151re - Joyce Meyer Ministries - Magyar","robots":{"index":"index","follow":"follow","max-snippet":"max-snippet:-1","max-image-preview":"max-image-preview:large","max-video-preview":"max-video-preview:-1"},"canonical":"https:\/\/tv.joycemeyer.org\/magyar\/devotional\/haladj-elore\/","og_locale":"en_US","og_type":"article","og_title":"Haladj el\u0151re - Joyce Meyer Ministries - Magyar","og_description":"A szellemi \u00e9let\u00fcnkben vagy k\u00edm\u00e9letlen\u00fcl haladunk el\u0151re a c\u00e9l \u00e9rdek\u00e9ben, vagy h\u00e1trafel\u00e9 cs\u00faszunk...","og_url":"https:\/\/tv.joycemeyer.org\/magyar\/devotional\/haladj-elore\/","og_site_name":"Joyce Meyer Ministries - Magyar","article_publisher":"https:\/\/www.facebook.com\/JoyceMeyerMinistriesHungarian\/","article_modified_time":"2025-08-12T12:34:39+00:00","og_image":[{"width":1800,"height":1050,"url":"https:\/\/tv.joycemeyer.org\/magyar\/wp-content\/uploads\/sites\/72\/2022\/05\/2515.jpg","type":"image\/jpeg"}],"twitter_card":"summary_large_image","twitter_misc":{"Est. reading time":"2 minutes"},"schema":{"@context":"https:\/\/schema.org","@graph":[{"@type":"WebPage","@id":"https:\/\/tv.joycemeyer.org\/magyar\/devotional\/haladj-elore\/","url":"https:\/\/tv.joycemeyer.org\/magyar\/devotional\/haladj-elore\/","name":"Haladj el\u0151re - Joyce Meyer Ministries - Magyar","isPartOf":{"@id":"https:\/\/tv.joycemeyer.org\/magyar\/#website"},"primaryImageOfPage":{"@id":"https:\/\/tv.joycemeyer.org\/magyar\/devotional\/haladj-elore\/#primaryimage"},"image":{"@id":"https:\/\/tv.joycemeyer.org\/magyar\/devotional\/haladj-elore\/#primaryimage"},"thumbnailUrl":"https:\/\/tv.joycemeyer.org\/magyar\/wp-content\/uploads\/sites\/72\/2022\/05\/2515.jpg","datePublished":"2025-08-12T00:01:55+00:00","dateModified":"2025-08-12T12:34:39+00:00","breadcrumb":{"@id":"https:\/\/tv.joycemeyer.org\/magyar\/devotional\/haladj-elore\/#breadcrumb"},"inLanguage":"en-US","potentialAction":[{"@type":"ReadAction","target":["https:\/\/tv.joycemeyer.org\/magyar\/devotional\/haladj-elore\/"]}]},{"@type":"ImageObject","inLanguage":"en-US","@id":"https:\/\/tv.joycemeyer.org\/magyar\/devotional\/haladj-elore\/#primaryimage","url":"https:\/\/tv.joycemeyer.org\/magyar\/wp-content\/uploads\/sites\/72\/2022\/05\/2515.jpg","contentUrl":"https:\/\/tv.joycemeyer.org\/magyar\/wp-content\/uploads\/sites\/72\/2022\/05\/2515.jpg","width":1800,"height":1050,"caption":"Haladj el\u0151re"},{"@type":"BreadcrumbList","@id":"https:\/\/tv.joycemeyer.org\/magyar\/devotional\/haladj-elore\/#breadcrumb","itemListElement":[{"@type":"ListItem","position":1,"name":"Home","item":"https:\/\/tv.joycemeyer.org\/magyar\/"},{"@type":"ListItem","position":2,"name":"Devotional","item":"https:\/\/tv.joycemeyer.org\/magyar\/devotional\/"},{"@type":"ListItem","position":3,"name":"Haladj el\u0151re"}]},{"@type":"WebSite","@id":"https:\/\/tv.joycemeyer.org\/magyar\/#website","url":"https:\/\/tv.joycemeyer.org\/magyar\/","name":"Joyce Meyer Ministries - Magyar","description":"Hirdetj\u00fck Krisztust - Szeretj\u00fck az embereket","potentialAction":[{"@type":"SearchAction","target":{"@type":"EntryPoint","urlTemplate":"https:\/\/tv.joycemeyer.org\/magyar\/?s={search_term_string}"},"query-input":{"@type":"PropertyValueSpecification","valueRequired":true,"valueName":"search_term_string"}}],"inLanguage":"en-US"}]}},"_links":{"self":[{"href":"https:\/\/tv.joycemeyer.org\/magyar\/wp-json\/wp\/v2\/devotional\/3207","targetHints":{"allow":["GET"]}}],"collection":[{"href":"https:\/\/tv.joycemeyer.org\/magyar\/wp-json\/wp\/v2\/devotional"}],"about":[{"href":"https:\/\/tv.joycemeyer.org\/magyar\/wp-json\/wp\/v2\/types\/devotional"}],"author":[{"embeddable":true,"href":"https:\/\/tv.joycemeyer.org\/magyar\/wp-json\/wp\/v2\/users\/19"}],"replies":[{"embeddable":true,"href":"https:\/\/tv.joycemeyer.org\/magyar\/wp-json\/wp\/v2\/comments?post=3207"}],"wp:featuredmedia":[{"embeddable":true,"href":"https:\/\/tv.joycemeyer.org\/magyar\/wp-json\/wp\/v2\/media\/3208"}],"wp:attachment":[{"href":"https:\/\/tv.joycemeyer.org\/magyar\/wp-json\/wp\/v2\/media?parent=3207"}],"curies":[{"name":"wp","href":"https:\/\/api.w.org\/{rel}","templated":true}]}}