{"id":3284,"date":"2025-09-07T00:01:18","date_gmt":"2025-09-07T00:01:18","guid":{"rendered":"https:\/\/tv.joycemeyer.org\/magyar\/?post_type=devotional&#038;p=3284"},"modified":"2025-09-03T14:29:23","modified_gmt":"2025-09-03T14:29:23","slug":"sokkal-bosegesebben","status":"publish","type":"devotional","link":"https:\/\/tv.joycemeyer.org\/magyar\/devotional\/sokkal-bosegesebben\/","title":{"rendered":"Sokkal b\u0151s\u00e9gesebben, mint ahogy k\u00e9rj\u00fck vagy gondoljuk"},"content":{"rendered":"<blockquote><p>Aki pedig mindent megtehet sokkal b\u0151s\u00e9gesebben, mint ahogy mi k\u00e9rj\u00fck vagy gondoljuk, a benn\u00fcnk munk\u00e1lkod\u00f3 er\u0151 szerint. \u2014Ef. 3:20<\/p><\/blockquote>\n<p>Im\u00e1dkozt\u00e1l m\u00e1r valaha sebzett emberek\u00e9rt, \u00e9s \u00e9rezt\u00e9l m\u00e1r er\u0151s v\u00e1gyat arra, hogy seg\u00edts mindny\u00e1juknak? Nekem biztosan volt ilyen \u00e9rz\u00e9sem. Ilyenkor \u00fagy \u00e9rzem, hogy a v\u00e1gyam nagyobb, mint a k\u00e9pess\u00e9gem, \u00e9s ez \u00edgy is van \u2013 nem nagyobb azonban Isten k\u00e9pess\u00e9g\u00e9n\u00e9l.<\/p>\n<p>Amikor az a dolog, amivel az \u00e9let\u00fcnkben szembes\u00fcl\u00fcnk, olyan nagyra n\u0151 a szem\u00fcnkben, hogy az elm\u00e9nk &#8220;megbillen&#8221;, eml\u00e9kezhet\u00fcnk arra, hogy Krisztus elm\u00e9j\u00e9vel gondolkodjunk. Term\u00e9szetes s\u00edkon sok dolog lehetetlennek t\u0171nik. Isten azonban azt akarja, hogy nagy dolgokban higgy\u00fcnk, nagy terveket sz\u0151j\u00fcnk, \u00e9s v\u00e1rjuk el T\u0151le, hogy olyan csod\u00e1latos dolgokat tegyen, amit\u0151l t\u00e1tva marad a sz\u00e1nk a csod\u00e1lkoz\u00e1st\u00f3l.<\/p>\n<p>Isten \u00e1ltal\u00e1ban nem azokat az embereket h\u00edvja el, akik k\u00e9pesek r\u00e1; ha \u00edgy tenne, nem \u0150 kapn\u00e1 a dics\u0151s\u00e9get. Gyakran v\u00e1lasztja azokat, akik term\u00e9szetes m\u00f3don \u00fagy \u00e9rzik, hogy \u0151k semmit sem tudnak, de bel\u00fcl k\u00e9szen \u00e1llnak arra, hogy fel\u00e1lljanak, \u00e9s b\u00e1tran kil\u00e9pjenek hitben. Megtanult\u00e1k a titkot, hogyan maradjanak k\u00f6zel Istenhez, \u00e9s b\u00edzzanak abban, hogy az \u0150 &#8220;szuper b\u0151s\u00e9ges&#8221; ereje munk\u00e1lkodik benn\u00fck.<\/p>\n<hr \/>\n<p>Amikor v\u00e1gyaid nyomaszt\u00f3an nagynak t\u0171nnek, \u00e9s nem l\u00e1tod a megval\u00f3s\u00edt\u00e1sukhoz vezet\u0151 utat, eml\u00e9kezz arra, hogy m\u00e9g ha nem is ismered az utat, ismered az \u00datk\u00e9sz\u00edt\u0151t!<\/p>\n","protected":false},"excerpt":{"rendered":"<p>Im\u00e1dkozt\u00e1l m\u00e1r valaha sebzett emberek\u00e9rt, \u00e9s \u00e9rezt\u00e9l m\u00e1r er\u0151s v\u00e1gyat arra, hogy seg\u00edts mindny\u00e1juknak?<\/p>\n","protected":false},"author":19,"featured_media":3285,"parent":0,"menu_order":0,"comment_status":"closed","ping_status":"closed","template":"","class_list":["post-3284","devotional","type-devotional","status-publish","has-post-thumbnail","hentry"],"acf":[],"appp":{"post_detail":{"above_title":"<div class=\"post-featured-wrap\"><img width=\"1024\" height=\"597\" src=\"https:\/\/tv.joycemeyer.org\/magyar\/wp-content\/uploads\/sites\/72\/2022\/06\/2553-1024x597.jpg\" class=\"post-featured wp-post-image\" alt=\"\" decoding=\"async\" srcset=\"https:\/\/tv.joycemeyer.org\/magyar\/wp-content\/uploads\/sites\/72\/2022\/06\/2553-1024x597.jpg 1024w, https:\/\/tv.joycemeyer.org\/magyar\/wp-content\/uploads\/sites\/72\/2022\/06\/2553-300x175.jpg 300w, https:\/\/tv.joycemeyer.org\/magyar\/wp-content\/uploads\/sites\/72\/2022\/06\/2553-768x448.jpg 768w, https:\/\/tv.joycemeyer.org\/magyar\/wp-content\/uploads\/sites\/72\/2022\/06\/2553-1536x896.jpg 1536w, https:\/\/tv.joycemeyer.org\/magyar\/wp-content\/uploads\/sites\/72\/2022\/06\/2553.jpg 1800w\" sizes=\"(max-width: 1024px) 100vw, 1024px\" \/><\/div>","below_content":"<div class=\"follow\"><h6 class=\"alt\">L\u00e9pj kapcsolatba vel\u00fcnk<\/h6><ul class=\"nav nav--social nav--flex\"><li class=\"menu-item facebook\"><a href=\"https:\/\/www.facebook.com\/JoyceMeyerMinistriesHungarian\/\" target=\"_blank\"><span class=\"visuallyhidden\">Facebook<\/span><\/a><\/li><li class=\"menu-item instagram\"><a href=\"https:\/\/www.instagram.com\/joycemeyerministriesmagyar\/\" target=\"_blank\"><span class=\"visuallyhidden\">Instagram<\/span><\/a><\/li><li class=\"menu-item youtube\"><a href=\"https:\/\/www.youtube.com\/channel\/UCoAjHvNztMybm-_7N0zdThg\" target=\"_blank\"><span class=\"visuallyhidden\">YouTube<\/span><\/a><\/li><\/ul><\/div>"}},"yoast_head":"<!-- This site is optimized with the Yoast SEO plugin v27.4 - https:\/\/yoast.com\/product\/yoast-seo-wordpress\/ -->\n<title>Sokkal b\u0151s\u00e9gesebben, mint ahogy k\u00e9rj\u00fck vagy gondoljuk - Joyce Meyer Ministries - Magyar<\/title>\n<meta name=\"robots\" content=\"index, follow, max-snippet:-1, max-image-preview:large, max-video-preview:-1\" \/>\n<link rel=\"canonical\" href=\"https:\/\/tv.joycemeyer.org\/magyar\/devotional\/sokkal-bosegesebben\/\" \/>\n<meta property=\"og:locale\" content=\"en_US\" \/>\n<meta property=\"og:type\" content=\"article\" \/>\n<meta property=\"og:title\" content=\"Sokkal b\u0151s\u00e9gesebben, mint ahogy k\u00e9rj\u00fck vagy gondoljuk - Joyce Meyer Ministries - Magyar\" \/>\n<meta property=\"og:description\" content=\"Im\u00e1dkozt\u00e1l m\u00e1r valaha sebzett emberek\u00e9rt, \u00e9s \u00e9rezt\u00e9l m\u00e1r er\u0151s v\u00e1gyat arra, hogy seg\u00edts mindny\u00e1juknak?\" \/>\n<meta property=\"og:url\" content=\"https:\/\/tv.joycemeyer.org\/magyar\/devotional\/sokkal-bosegesebben\/\" \/>\n<meta property=\"og:site_name\" content=\"Joyce Meyer Ministries - Magyar\" \/>\n<meta property=\"article:publisher\" content=\"https:\/\/www.facebook.com\/JoyceMeyerMinistriesHungarian\/\" \/>\n<meta property=\"og:image\" content=\"https:\/\/tv.joycemeyer.org\/magyar\/wp-content\/uploads\/sites\/72\/2022\/06\/2553.jpg\" \/>\n\t<meta property=\"og:image:width\" content=\"1800\" \/>\n\t<meta property=\"og:image:height\" content=\"1050\" \/>\n\t<meta property=\"og:image:type\" content=\"image\/jpeg\" \/>\n<meta name=\"twitter:card\" content=\"summary_large_image\" \/>\n<meta name=\"twitter:label1\" content=\"Est. reading time\" \/>\n\t<meta name=\"twitter:data1\" content=\"1 minute\" \/>\n<script type=\"application\/ld+json\" class=\"yoast-schema-graph\">{\"@context\":\"https:\\\/\\\/schema.org\",\"@graph\":[{\"@type\":\"WebPage\",\"@id\":\"https:\\\/\\\/tv.joycemeyer.org\\\/magyar\\\/devotional\\\/sokkal-bosegesebben\\\/\",\"url\":\"https:\\\/\\\/tv.joycemeyer.org\\\/magyar\\\/devotional\\\/sokkal-bosegesebben\\\/\",\"name\":\"Sokkal b\u0151s\u00e9gesebben, mint ahogy k\u00e9rj\u00fck vagy gondoljuk - Joyce Meyer Ministries - Magyar\",\"isPartOf\":{\"@id\":\"https:\\\/\\\/tv.joycemeyer.org\\\/magyar\\\/#website\"},\"primaryImageOfPage\":{\"@id\":\"https:\\\/\\\/tv.joycemeyer.org\\\/magyar\\\/devotional\\\/sokkal-bosegesebben\\\/#primaryimage\"},\"image\":{\"@id\":\"https:\\\/\\\/tv.joycemeyer.org\\\/magyar\\\/devotional\\\/sokkal-bosegesebben\\\/#primaryimage\"},\"thumbnailUrl\":\"https:\\\/\\\/tv.joycemeyer.org\\\/magyar\\\/wp-content\\\/uploads\\\/sites\\\/72\\\/2022\\\/06\\\/2553.jpg\",\"datePublished\":\"2025-09-07T00:01:18+00:00\",\"breadcrumb\":{\"@id\":\"https:\\\/\\\/tv.joycemeyer.org\\\/magyar\\\/devotional\\\/sokkal-bosegesebben\\\/#breadcrumb\"},\"inLanguage\":\"en-US\",\"potentialAction\":[{\"@type\":\"ReadAction\",\"target\":[\"https:\\\/\\\/tv.joycemeyer.org\\\/magyar\\\/devotional\\\/sokkal-bosegesebben\\\/\"]}]},{\"@type\":\"ImageObject\",\"inLanguage\":\"en-US\",\"@id\":\"https:\\\/\\\/tv.joycemeyer.org\\\/magyar\\\/devotional\\\/sokkal-bosegesebben\\\/#primaryimage\",\"url\":\"https:\\\/\\\/tv.joycemeyer.org\\\/magyar\\\/wp-content\\\/uploads\\\/sites\\\/72\\\/2022\\\/06\\\/2553.jpg\",\"contentUrl\":\"https:\\\/\\\/tv.joycemeyer.org\\\/magyar\\\/wp-content\\\/uploads\\\/sites\\\/72\\\/2022\\\/06\\\/2553.jpg\",\"width\":1800,\"height\":1050,\"caption\":\"Sokkal b\u0151s\u00e9gesebben, mint ahogy k\u00e9rj\u00fck vagy gondoljuk\"},{\"@type\":\"BreadcrumbList\",\"@id\":\"https:\\\/\\\/tv.joycemeyer.org\\\/magyar\\\/devotional\\\/sokkal-bosegesebben\\\/#breadcrumb\",\"itemListElement\":[{\"@type\":\"ListItem\",\"position\":1,\"name\":\"Home\",\"item\":\"https:\\\/\\\/tv.joycemeyer.org\\\/magyar\\\/\"},{\"@type\":\"ListItem\",\"position\":2,\"name\":\"Devotional\",\"item\":\"https:\\\/\\\/tv.joycemeyer.org\\\/magyar\\\/devotional\\\/\"},{\"@type\":\"ListItem\",\"position\":3,\"name\":\"Sokkal b\u0151s\u00e9gesebben, mint ahogy k\u00e9rj\u00fck vagy gondoljuk\"}]},{\"@type\":\"WebSite\",\"@id\":\"https:\\\/\\\/tv.joycemeyer.org\\\/magyar\\\/#website\",\"url\":\"https:\\\/\\\/tv.joycemeyer.org\\\/magyar\\\/\",\"name\":\"Joyce Meyer Ministries - Magyar\",\"description\":\"Hirdetj\u00fck Krisztust - Szeretj\u00fck az embereket\",\"potentialAction\":[{\"@type\":\"SearchAction\",\"target\":{\"@type\":\"EntryPoint\",\"urlTemplate\":\"https:\\\/\\\/tv.joycemeyer.org\\\/magyar\\\/?s={search_term_string}\"},\"query-input\":{\"@type\":\"PropertyValueSpecification\",\"valueRequired\":true,\"valueName\":\"search_term_string\"}}],\"inLanguage\":\"en-US\"}]}<\/script>\n<!-- \/ Yoast SEO plugin. -->","yoast_head_json":{"title":"Sokkal b\u0151s\u00e9gesebben, mint ahogy k\u00e9rj\u00fck vagy gondoljuk - Joyce Meyer Ministries - Magyar","robots":{"index":"index","follow":"follow","max-snippet":"max-snippet:-1","max-image-preview":"max-image-preview:large","max-video-preview":"max-video-preview:-1"},"canonical":"https:\/\/tv.joycemeyer.org\/magyar\/devotional\/sokkal-bosegesebben\/","og_locale":"en_US","og_type":"article","og_title":"Sokkal b\u0151s\u00e9gesebben, mint ahogy k\u00e9rj\u00fck vagy gondoljuk - Joyce Meyer Ministries - Magyar","og_description":"Im\u00e1dkozt\u00e1l m\u00e1r valaha sebzett emberek\u00e9rt, \u00e9s \u00e9rezt\u00e9l m\u00e1r er\u0151s v\u00e1gyat arra, hogy seg\u00edts mindny\u00e1juknak?","og_url":"https:\/\/tv.joycemeyer.org\/magyar\/devotional\/sokkal-bosegesebben\/","og_site_name":"Joyce Meyer Ministries - Magyar","article_publisher":"https:\/\/www.facebook.com\/JoyceMeyerMinistriesHungarian\/","og_image":[{"width":1800,"height":1050,"url":"https:\/\/tv.joycemeyer.org\/magyar\/wp-content\/uploads\/sites\/72\/2022\/06\/2553.jpg","type":"image\/jpeg"}],"twitter_card":"summary_large_image","twitter_misc":{"Est. reading time":"1 minute"},"schema":{"@context":"https:\/\/schema.org","@graph":[{"@type":"WebPage","@id":"https:\/\/tv.joycemeyer.org\/magyar\/devotional\/sokkal-bosegesebben\/","url":"https:\/\/tv.joycemeyer.org\/magyar\/devotional\/sokkal-bosegesebben\/","name":"Sokkal b\u0151s\u00e9gesebben, mint ahogy k\u00e9rj\u00fck vagy gondoljuk - Joyce Meyer Ministries - Magyar","isPartOf":{"@id":"https:\/\/tv.joycemeyer.org\/magyar\/#website"},"primaryImageOfPage":{"@id":"https:\/\/tv.joycemeyer.org\/magyar\/devotional\/sokkal-bosegesebben\/#primaryimage"},"image":{"@id":"https:\/\/tv.joycemeyer.org\/magyar\/devotional\/sokkal-bosegesebben\/#primaryimage"},"thumbnailUrl":"https:\/\/tv.joycemeyer.org\/magyar\/wp-content\/uploads\/sites\/72\/2022\/06\/2553.jpg","datePublished":"2025-09-07T00:01:18+00:00","breadcrumb":{"@id":"https:\/\/tv.joycemeyer.org\/magyar\/devotional\/sokkal-bosegesebben\/#breadcrumb"},"inLanguage":"en-US","potentialAction":[{"@type":"ReadAction","target":["https:\/\/tv.joycemeyer.org\/magyar\/devotional\/sokkal-bosegesebben\/"]}]},{"@type":"ImageObject","inLanguage":"en-US","@id":"https:\/\/tv.joycemeyer.org\/magyar\/devotional\/sokkal-bosegesebben\/#primaryimage","url":"https:\/\/tv.joycemeyer.org\/magyar\/wp-content\/uploads\/sites\/72\/2022\/06\/2553.jpg","contentUrl":"https:\/\/tv.joycemeyer.org\/magyar\/wp-content\/uploads\/sites\/72\/2022\/06\/2553.jpg","width":1800,"height":1050,"caption":"Sokkal b\u0151s\u00e9gesebben, mint ahogy k\u00e9rj\u00fck vagy gondoljuk"},{"@type":"BreadcrumbList","@id":"https:\/\/tv.joycemeyer.org\/magyar\/devotional\/sokkal-bosegesebben\/#breadcrumb","itemListElement":[{"@type":"ListItem","position":1,"name":"Home","item":"https:\/\/tv.joycemeyer.org\/magyar\/"},{"@type":"ListItem","position":2,"name":"Devotional","item":"https:\/\/tv.joycemeyer.org\/magyar\/devotional\/"},{"@type":"ListItem","position":3,"name":"Sokkal b\u0151s\u00e9gesebben, mint ahogy k\u00e9rj\u00fck vagy gondoljuk"}]},{"@type":"WebSite","@id":"https:\/\/tv.joycemeyer.org\/magyar\/#website","url":"https:\/\/tv.joycemeyer.org\/magyar\/","name":"Joyce Meyer Ministries - Magyar","description":"Hirdetj\u00fck Krisztust - Szeretj\u00fck az embereket","potentialAction":[{"@type":"SearchAction","target":{"@type":"EntryPoint","urlTemplate":"https:\/\/tv.joycemeyer.org\/magyar\/?s={search_term_string}"},"query-input":{"@type":"PropertyValueSpecification","valueRequired":true,"valueName":"search_term_string"}}],"inLanguage":"en-US"}]}},"_links":{"self":[{"href":"https:\/\/tv.joycemeyer.org\/magyar\/wp-json\/wp\/v2\/devotional\/3284","targetHints":{"allow":["GET"]}}],"collection":[{"href":"https:\/\/tv.joycemeyer.org\/magyar\/wp-json\/wp\/v2\/devotional"}],"about":[{"href":"https:\/\/tv.joycemeyer.org\/magyar\/wp-json\/wp\/v2\/types\/devotional"}],"author":[{"embeddable":true,"href":"https:\/\/tv.joycemeyer.org\/magyar\/wp-json\/wp\/v2\/users\/19"}],"replies":[{"embeddable":true,"href":"https:\/\/tv.joycemeyer.org\/magyar\/wp-json\/wp\/v2\/comments?post=3284"}],"wp:featuredmedia":[{"embeddable":true,"href":"https:\/\/tv.joycemeyer.org\/magyar\/wp-json\/wp\/v2\/media\/3285"}],"wp:attachment":[{"href":"https:\/\/tv.joycemeyer.org\/magyar\/wp-json\/wp\/v2\/media?parent=3284"}],"curies":[{"name":"wp","href":"https:\/\/api.w.org\/{rel}","templated":true}]}}