{"id":3516,"date":"2025-11-19T00:01:32","date_gmt":"2025-11-19T00:01:32","guid":{"rendered":"https:\/\/tv.joycemeyer.org\/magyar\/?post_type=devotional&#038;p=3516"},"modified":"2025-11-18T14:47:55","modified_gmt":"2025-11-18T14:47:55","slug":"isten-nem-utasit-el-teged","status":"publish","type":"devotional","link":"https:\/\/tv.joycemeyer.org\/magyar\/devotional\/isten-nem-utasit-el-teged\/","title":{"rendered":"Isten nem utas\u00edt el t\u00e9ged"},"content":{"rendered":"<blockquote><p>Ha ap\u00e1m, any\u00e1m elhagyna is, az \u00dar mag\u00e1hoz fogad engem. \u2014Zsolt. 27:10<\/p><\/blockquote>\n<p>Elfogad\u00e1sra lett\u00fcnk teremtve, nem elutas\u00edt\u00e1sra. Ha elutas\u00edtanak, az azt jelenti, hogy eldobnak, mint \u00e9rt\u00e9ktelent vagy mint nemk\u00edv\u00e1natosat, de Isten ennek az ellenkez\u0151j\u00e9t teszi. \u0150 mag\u00e1hoz vonz t\u00e9ged, \u00e9s rendk\u00edv\u00fcl \u00e9rt\u00e9kesnek tart. A t\u00e9ny, hogy Isten elk\u00fcldte J\u00e9zust, hogy meghaljon \u00e9rted, megmutatja, mennyire szeret \u00e9s \u00e9rt\u00e9kel t\u00e9ged.<\/p>\n<p>Ha az \u00e9letedben \u00f6n\u00e9rt\u00e9kel\u00e9si probl\u00e9m\u00e1kkal k\u00fczd\u00f6tt\u00e9l, ezek gy\u00f6kere lehet az elutas\u00edt\u00e1s gy\u00f6kere. Az elutas\u00edt\u00e1s \u00e9rzelmileg az egyik legm\u00e9lyebb f\u00e1jdalom. K\u00fcl\u00f6n\u00f6sen akkor, ha az elutas\u00edt\u00e1s olyasvalakit\u0151l sz\u00e1rmazik, akit szeret\u00fcnk, vagy akit\u0151l elv\u00e1rjuk, hogy szeressen minket, p\u00e9ld\u00e1ul a sz\u00fcleinkt\u0151l vagy a h\u00e1zast\u00e1rsunkt\u00f3l. Az elutas\u00edt\u00e1st lek\u00fczdeni semmik\u00e9pp sem k\u00f6nny\u0171, de J\u00e9zus Krisztus szeretete \u00e1ltal le tudjuk gy\u0151zni.<\/p>\n<p>Az Ef. 3:18-ban P\u00e1l az\u00e9rt im\u00e1dkozott a gy\u00fclekezet\u00e9rt, hogy megismerj\u00e9k &#8220;az Isten ir\u00e1ntuk val\u00f3 szeretet\u00e9nek sz\u00e9less\u00e9g\u00e9t, hossz\u00fas\u00e1g\u00e1t, magass\u00e1g\u00e1t \u00e9s m\u00e9lys\u00e9g\u00e9t&#8221;. Azt mondta, hogy ez a tapasztalat minden ismeretet meghalad.<\/p>\n<p>Figyelj oda mindenre, ahogyan Isten megmutatja az \u0150 szeretet\u00e9t ir\u00e1ntad, \u00e9s ez fel\u00fcl\u00edrja majd az elutas\u00edt\u00e1st, amit esetleg m\u00e1sokt\u00f3l tapasztalt\u00e1l. Minden alkalommal, amikor Isten kegyelmet ad neked, megmutatja, hogy szeret t\u00e9ged. Sokf\u00e9le m\u00f3don folyamatosan megmutatja az ir\u00e1ntad \u00e9rzett szeretet\u00e9t. Arra b\u00e1tor\u00edtalak, hogy m\u00e1r ma kezdj el figyelni erre!<\/p>\n<hr \/>\n<p>Isten ir\u00e1ntad val\u00f3 szeretet\u00e9nek m\u00e9ly kinyilatkoztat\u00e1sa elpuszt\u00edtja az elutas\u00edt\u00e1s minden gy\u00f6ker\u00e9t.<\/p>\n","protected":false},"excerpt":{"rendered":"<p>Elfogad\u00e1sra lett\u00fcnk teremtve, nem elutas\u00edt\u00e1sra. Ha elutas\u00edtanak, az azt jelenti, hogy eldobnak, mint \u00e9rt\u00e9ktelent vagy mint nemk\u00edv\u00e1natosat&#8230;<\/p>\n","protected":false},"author":19,"featured_media":3517,"parent":0,"menu_order":0,"comment_status":"closed","ping_status":"closed","template":"","class_list":["post-3516","devotional","type-devotional","status-publish","has-post-thumbnail","hentry"],"acf":[],"appp":{"post_detail":{"above_title":"<div class=\"post-featured-wrap\"><img width=\"1024\" height=\"597\" src=\"https:\/\/tv.joycemeyer.org\/magyar\/wp-content\/uploads\/sites\/72\/2022\/08\/2741-1024x597.jpg\" class=\"post-featured wp-post-image\" alt=\"Isten nem utas\u00edt el t\u00e9ged\" decoding=\"async\" srcset=\"https:\/\/tv.joycemeyer.org\/magyar\/wp-content\/uploads\/sites\/72\/2022\/08\/2741-1024x597.jpg 1024w, https:\/\/tv.joycemeyer.org\/magyar\/wp-content\/uploads\/sites\/72\/2022\/08\/2741-300x175.jpg 300w, https:\/\/tv.joycemeyer.org\/magyar\/wp-content\/uploads\/sites\/72\/2022\/08\/2741-768x448.jpg 768w, https:\/\/tv.joycemeyer.org\/magyar\/wp-content\/uploads\/sites\/72\/2022\/08\/2741-1536x896.jpg 1536w, https:\/\/tv.joycemeyer.org\/magyar\/wp-content\/uploads\/sites\/72\/2022\/08\/2741.jpg 1800w\" sizes=\"(max-width: 1024px) 100vw, 1024px\" \/><\/div>","below_content":"<div class=\"follow\"><h6 class=\"alt\">L\u00e9pj kapcsolatba vel\u00fcnk<\/h6><ul class=\"nav nav--social nav--flex\"><li class=\"menu-item facebook\"><a href=\"https:\/\/www.facebook.com\/JoyceMeyerMinistriesHungarian\/\" target=\"_blank\"><span class=\"visuallyhidden\">Facebook<\/span><\/a><\/li><li class=\"menu-item instagram\"><a href=\"https:\/\/www.instagram.com\/joycemeyerministriesmagyar\/\" target=\"_blank\"><span class=\"visuallyhidden\">Instagram<\/span><\/a><\/li><li class=\"menu-item youtube\"><a href=\"https:\/\/www.youtube.com\/channel\/UCoAjHvNztMybm-_7N0zdThg\" target=\"_blank\"><span class=\"visuallyhidden\">YouTube<\/span><\/a><\/li><\/ul><\/div>"}},"yoast_head":"<!-- This site is optimized with the Yoast SEO plugin v27.4 - https:\/\/yoast.com\/product\/yoast-seo-wordpress\/ -->\n<title>Isten nem utas\u00edt el t\u00e9ged - Joyce Meyer Ministries - Magyar<\/title>\n<meta name=\"robots\" content=\"index, follow, max-snippet:-1, max-image-preview:large, max-video-preview:-1\" \/>\n<link rel=\"canonical\" href=\"https:\/\/tv.joycemeyer.org\/magyar\/devotional\/isten-nem-utasit-el-teged\/\" \/>\n<meta property=\"og:locale\" content=\"en_US\" \/>\n<meta property=\"og:type\" content=\"article\" \/>\n<meta property=\"og:title\" content=\"Isten nem utas\u00edt el t\u00e9ged - Joyce Meyer Ministries - Magyar\" \/>\n<meta property=\"og:description\" content=\"Elfogad\u00e1sra lett\u00fcnk teremtve, nem elutas\u00edt\u00e1sra. Ha elutas\u00edtanak, az azt jelenti, hogy eldobnak, mint \u00e9rt\u00e9ktelent vagy mint nemk\u00edv\u00e1natosat...\" \/>\n<meta property=\"og:url\" content=\"https:\/\/tv.joycemeyer.org\/magyar\/devotional\/isten-nem-utasit-el-teged\/\" \/>\n<meta property=\"og:site_name\" content=\"Joyce Meyer Ministries - Magyar\" \/>\n<meta property=\"article:publisher\" content=\"https:\/\/www.facebook.com\/JoyceMeyerMinistriesHungarian\/\" \/>\n<meta property=\"og:image\" content=\"https:\/\/tv.joycemeyer.org\/magyar\/wp-content\/uploads\/sites\/72\/2022\/08\/2741.jpg\" \/>\n\t<meta property=\"og:image:width\" content=\"1800\" \/>\n\t<meta property=\"og:image:height\" content=\"1050\" \/>\n\t<meta property=\"og:image:type\" content=\"image\/jpeg\" \/>\n<meta name=\"twitter:card\" content=\"summary_large_image\" \/>\n<meta name=\"twitter:label1\" content=\"Est. reading time\" \/>\n\t<meta name=\"twitter:data1\" content=\"2 minutes\" \/>\n<script type=\"application\/ld+json\" class=\"yoast-schema-graph\">{\"@context\":\"https:\\\/\\\/schema.org\",\"@graph\":[{\"@type\":\"WebPage\",\"@id\":\"https:\\\/\\\/tv.joycemeyer.org\\\/magyar\\\/devotional\\\/isten-nem-utasit-el-teged\\\/\",\"url\":\"https:\\\/\\\/tv.joycemeyer.org\\\/magyar\\\/devotional\\\/isten-nem-utasit-el-teged\\\/\",\"name\":\"Isten nem utas\u00edt el t\u00e9ged - Joyce Meyer Ministries - Magyar\",\"isPartOf\":{\"@id\":\"https:\\\/\\\/tv.joycemeyer.org\\\/magyar\\\/#website\"},\"primaryImageOfPage\":{\"@id\":\"https:\\\/\\\/tv.joycemeyer.org\\\/magyar\\\/devotional\\\/isten-nem-utasit-el-teged\\\/#primaryimage\"},\"image\":{\"@id\":\"https:\\\/\\\/tv.joycemeyer.org\\\/magyar\\\/devotional\\\/isten-nem-utasit-el-teged\\\/#primaryimage\"},\"thumbnailUrl\":\"https:\\\/\\\/tv.joycemeyer.org\\\/magyar\\\/wp-content\\\/uploads\\\/sites\\\/72\\\/2022\\\/08\\\/2741.jpg\",\"datePublished\":\"2025-11-19T00:01:32+00:00\",\"breadcrumb\":{\"@id\":\"https:\\\/\\\/tv.joycemeyer.org\\\/magyar\\\/devotional\\\/isten-nem-utasit-el-teged\\\/#breadcrumb\"},\"inLanguage\":\"en-US\",\"potentialAction\":[{\"@type\":\"ReadAction\",\"target\":[\"https:\\\/\\\/tv.joycemeyer.org\\\/magyar\\\/devotional\\\/isten-nem-utasit-el-teged\\\/\"]}]},{\"@type\":\"ImageObject\",\"inLanguage\":\"en-US\",\"@id\":\"https:\\\/\\\/tv.joycemeyer.org\\\/magyar\\\/devotional\\\/isten-nem-utasit-el-teged\\\/#primaryimage\",\"url\":\"https:\\\/\\\/tv.joycemeyer.org\\\/magyar\\\/wp-content\\\/uploads\\\/sites\\\/72\\\/2022\\\/08\\\/2741.jpg\",\"contentUrl\":\"https:\\\/\\\/tv.joycemeyer.org\\\/magyar\\\/wp-content\\\/uploads\\\/sites\\\/72\\\/2022\\\/08\\\/2741.jpg\",\"width\":1800,\"height\":1050,\"caption\":\"Isten nem utas\u00edt el t\u00e9ged\"},{\"@type\":\"BreadcrumbList\",\"@id\":\"https:\\\/\\\/tv.joycemeyer.org\\\/magyar\\\/devotional\\\/isten-nem-utasit-el-teged\\\/#breadcrumb\",\"itemListElement\":[{\"@type\":\"ListItem\",\"position\":1,\"name\":\"Home\",\"item\":\"https:\\\/\\\/tv.joycemeyer.org\\\/magyar\\\/\"},{\"@type\":\"ListItem\",\"position\":2,\"name\":\"Devotional\",\"item\":\"https:\\\/\\\/tv.joycemeyer.org\\\/magyar\\\/devotional\\\/\"},{\"@type\":\"ListItem\",\"position\":3,\"name\":\"Isten nem utas\u00edt el t\u00e9ged\"}]},{\"@type\":\"WebSite\",\"@id\":\"https:\\\/\\\/tv.joycemeyer.org\\\/magyar\\\/#website\",\"url\":\"https:\\\/\\\/tv.joycemeyer.org\\\/magyar\\\/\",\"name\":\"Joyce Meyer Ministries - Magyar\",\"description\":\"Hirdetj\u00fck Krisztust - Szeretj\u00fck az embereket\",\"potentialAction\":[{\"@type\":\"SearchAction\",\"target\":{\"@type\":\"EntryPoint\",\"urlTemplate\":\"https:\\\/\\\/tv.joycemeyer.org\\\/magyar\\\/?s={search_term_string}\"},\"query-input\":{\"@type\":\"PropertyValueSpecification\",\"valueRequired\":true,\"valueName\":\"search_term_string\"}}],\"inLanguage\":\"en-US\"}]}<\/script>\n<!-- \/ Yoast SEO plugin. -->","yoast_head_json":{"title":"Isten nem utas\u00edt el t\u00e9ged - Joyce Meyer Ministries - Magyar","robots":{"index":"index","follow":"follow","max-snippet":"max-snippet:-1","max-image-preview":"max-image-preview:large","max-video-preview":"max-video-preview:-1"},"canonical":"https:\/\/tv.joycemeyer.org\/magyar\/devotional\/isten-nem-utasit-el-teged\/","og_locale":"en_US","og_type":"article","og_title":"Isten nem utas\u00edt el t\u00e9ged - Joyce Meyer Ministries - Magyar","og_description":"Elfogad\u00e1sra lett\u00fcnk teremtve, nem elutas\u00edt\u00e1sra. Ha elutas\u00edtanak, az azt jelenti, hogy eldobnak, mint \u00e9rt\u00e9ktelent vagy mint nemk\u00edv\u00e1natosat...","og_url":"https:\/\/tv.joycemeyer.org\/magyar\/devotional\/isten-nem-utasit-el-teged\/","og_site_name":"Joyce Meyer Ministries - Magyar","article_publisher":"https:\/\/www.facebook.com\/JoyceMeyerMinistriesHungarian\/","og_image":[{"width":1800,"height":1050,"url":"https:\/\/tv.joycemeyer.org\/magyar\/wp-content\/uploads\/sites\/72\/2022\/08\/2741.jpg","type":"image\/jpeg"}],"twitter_card":"summary_large_image","twitter_misc":{"Est. reading time":"2 minutes"},"schema":{"@context":"https:\/\/schema.org","@graph":[{"@type":"WebPage","@id":"https:\/\/tv.joycemeyer.org\/magyar\/devotional\/isten-nem-utasit-el-teged\/","url":"https:\/\/tv.joycemeyer.org\/magyar\/devotional\/isten-nem-utasit-el-teged\/","name":"Isten nem utas\u00edt el t\u00e9ged - Joyce Meyer Ministries - Magyar","isPartOf":{"@id":"https:\/\/tv.joycemeyer.org\/magyar\/#website"},"primaryImageOfPage":{"@id":"https:\/\/tv.joycemeyer.org\/magyar\/devotional\/isten-nem-utasit-el-teged\/#primaryimage"},"image":{"@id":"https:\/\/tv.joycemeyer.org\/magyar\/devotional\/isten-nem-utasit-el-teged\/#primaryimage"},"thumbnailUrl":"https:\/\/tv.joycemeyer.org\/magyar\/wp-content\/uploads\/sites\/72\/2022\/08\/2741.jpg","datePublished":"2025-11-19T00:01:32+00:00","breadcrumb":{"@id":"https:\/\/tv.joycemeyer.org\/magyar\/devotional\/isten-nem-utasit-el-teged\/#breadcrumb"},"inLanguage":"en-US","potentialAction":[{"@type":"ReadAction","target":["https:\/\/tv.joycemeyer.org\/magyar\/devotional\/isten-nem-utasit-el-teged\/"]}]},{"@type":"ImageObject","inLanguage":"en-US","@id":"https:\/\/tv.joycemeyer.org\/magyar\/devotional\/isten-nem-utasit-el-teged\/#primaryimage","url":"https:\/\/tv.joycemeyer.org\/magyar\/wp-content\/uploads\/sites\/72\/2022\/08\/2741.jpg","contentUrl":"https:\/\/tv.joycemeyer.org\/magyar\/wp-content\/uploads\/sites\/72\/2022\/08\/2741.jpg","width":1800,"height":1050,"caption":"Isten nem utas\u00edt el t\u00e9ged"},{"@type":"BreadcrumbList","@id":"https:\/\/tv.joycemeyer.org\/magyar\/devotional\/isten-nem-utasit-el-teged\/#breadcrumb","itemListElement":[{"@type":"ListItem","position":1,"name":"Home","item":"https:\/\/tv.joycemeyer.org\/magyar\/"},{"@type":"ListItem","position":2,"name":"Devotional","item":"https:\/\/tv.joycemeyer.org\/magyar\/devotional\/"},{"@type":"ListItem","position":3,"name":"Isten nem utas\u00edt el t\u00e9ged"}]},{"@type":"WebSite","@id":"https:\/\/tv.joycemeyer.org\/magyar\/#website","url":"https:\/\/tv.joycemeyer.org\/magyar\/","name":"Joyce Meyer Ministries - Magyar","description":"Hirdetj\u00fck Krisztust - Szeretj\u00fck az embereket","potentialAction":[{"@type":"SearchAction","target":{"@type":"EntryPoint","urlTemplate":"https:\/\/tv.joycemeyer.org\/magyar\/?s={search_term_string}"},"query-input":{"@type":"PropertyValueSpecification","valueRequired":true,"valueName":"search_term_string"}}],"inLanguage":"en-US"}]}},"_links":{"self":[{"href":"https:\/\/tv.joycemeyer.org\/magyar\/wp-json\/wp\/v2\/devotional\/3516","targetHints":{"allow":["GET"]}}],"collection":[{"href":"https:\/\/tv.joycemeyer.org\/magyar\/wp-json\/wp\/v2\/devotional"}],"about":[{"href":"https:\/\/tv.joycemeyer.org\/magyar\/wp-json\/wp\/v2\/types\/devotional"}],"author":[{"embeddable":true,"href":"https:\/\/tv.joycemeyer.org\/magyar\/wp-json\/wp\/v2\/users\/19"}],"replies":[{"embeddable":true,"href":"https:\/\/tv.joycemeyer.org\/magyar\/wp-json\/wp\/v2\/comments?post=3516"}],"wp:featuredmedia":[{"embeddable":true,"href":"https:\/\/tv.joycemeyer.org\/magyar\/wp-json\/wp\/v2\/media\/3517"}],"wp:attachment":[{"href":"https:\/\/tv.joycemeyer.org\/magyar\/wp-json\/wp\/v2\/media?parent=3516"}],"curies":[{"name":"wp","href":"https:\/\/api.w.org\/{rel}","templated":true}]}}