{"id":3621,"date":"2025-12-12T00:01:57","date_gmt":"2025-12-12T00:01:57","guid":{"rendered":"https:\/\/tv.joycemeyer.org\/magyar\/?post_type=devotional&#038;p=3621"},"modified":"2025-12-10T14:06:57","modified_gmt":"2025-12-10T14:06:57","slug":"virrassz-es-imadkozz","status":"publish","type":"devotional","link":"https:\/\/tv.joycemeyer.org\/magyar\/devotional\/virrassz-es-imadkozz\/","title":{"rendered":"Virrassz \u00e9s im\u00e1dkozz!"},"content":{"rendered":"<blockquote><p>Virrasszatok, \u00e9s im\u00e1dkozzatok, hogy k\u00eds\u00e9rt\u00e9sbe ne essetek: a l\u00e9lek ugyan k\u00e9sz, de a test er\u0151tlen. \u2014M\u00e1t. 26:41<\/p><\/blockquote>\n<p>A f\u00e9lelem a S\u00e1t\u00e1n eszk\u00f6ze arra, hogy megakad\u00e1lyozza az el\u0151rejut\u00e1sunkat, \u00e9s \u00edgy ne \u00e9lvezhess\u00fck azt az \u00e9letet, ami\u00e9rt J\u00e9zus meghalt. A f\u00e9lelem mindenkit megt\u00e1mad id\u0151nk\u00e9nt. A f\u00e9lelmek azonban nem val\u00f3s\u00e1gok. A f\u00e9lelmek val\u00f3snak t\u0171n\u0151 hamis bizony\u00edt\u00e9kok.<\/p>\n<p>A f\u00e9lelem olyan er\u0151, amely meggyeng\u00edtheti az \u00e9let\u00fcnket, ha enged\u00fcnk neki, de Isten meg akar er\u0151s\u00edteni minket, amikor k\u00f6z\u00f6ss\u00e9gben vagyunk Vele az im\u00e1ban.. A hit az ima \u00e1ltal szabadul fel, ami \u00f3ri\u00e1si er\u0151t tesz el\u00e9rhet\u0151v\u00e9 az \u00e9let\u00fcnkben.<\/p>\n<p>A Biblia arra tan\u00edt minket, hogy &#8220;virrasszunk \u00e9s im\u00e1dkozzunk&#8221;. Isten seg\u00edts\u00e9g\u00e9vel figyelni tudjuk magunkat \u00e9s a k\u00f6r\u00fcl\u00f6tt\u00fcnk l\u00e9v\u0151 k\u00f6r\u00fclm\u00e9nyeket, \u00e9s felfigyelhet\u00fcnk az ellens\u00e9g \u00e1ltal elm\u00e9nk \u00e9s \u00e9rzelmeink ellen ind\u00edtott t\u00e1mad\u00e1sokra. Amikor ezeket a t\u00e1mad\u00e1sokat \u00e9szlelj\u00fck, azonnal Istenhez fordulhatunk im\u00e1ds\u00e1gban. \u0150 a mi er\u0151s tornyunk, \u00e9s ha Benne vagyunk, nincs mit\u0151l f\u00e9ln\u00fcnk.<\/p>\n<p>Az \u00f6rd\u00f6gnek val\u00f3 ellen\u00e1ll\u00e1s legjobb m\u00f3dja az im\u00e1ds\u00e1g. \u0150szinte, ny\u00edlt im\u00e1ink k\u00f6zelebb visznek minket Istenhez. \u00c9s min\u00e9l k\u00f6zelebb vagyunk Istenhez, ann\u00e1l k\u00f6nnyebb elutas\u00edtani a f\u00e9lelmet.<\/p>\n<hr \/>\n<p>Im\u00e1dkozz minden\u00e9rt, \u00e9s ne f\u00e9lj semmit\u0151l! Amikor a f\u00e9lelem kopogtat az ajt\u00f3n, hagyd, hogy a hit v\u00e1laszoljon.<\/p>\n","protected":false},"excerpt":{"rendered":"<p>A f\u00e9lelem a S\u00e1t\u00e1n eszk\u00f6ze arra, hogy megakad\u00e1lyozza az el\u0151rejut\u00e1sunkat, \u00e9s \u00edgy ne \u00e9lvezhess\u00fck azt az \u00e9letet, ami\u00e9rt J\u00e9zus meghalt&#8230;<\/p>\n","protected":false},"author":19,"featured_media":3622,"parent":0,"menu_order":0,"comment_status":"closed","ping_status":"closed","template":"","class_list":["post-3621","devotional","type-devotional","status-publish","has-post-thumbnail","hentry"],"acf":[],"appp":{"post_detail":{"above_title":"<div class=\"post-featured-wrap\"><img width=\"1024\" height=\"597\" src=\"https:\/\/tv.joycemeyer.org\/magyar\/wp-content\/uploads\/sites\/72\/2022\/09\/2702-1024x597.jpg\" class=\"post-featured wp-post-image\" alt=\"Virrassz \u00e9s im\u00e1dkozz!\" decoding=\"async\" srcset=\"https:\/\/tv.joycemeyer.org\/magyar\/wp-content\/uploads\/sites\/72\/2022\/09\/2702-1024x597.jpg 1024w, https:\/\/tv.joycemeyer.org\/magyar\/wp-content\/uploads\/sites\/72\/2022\/09\/2702-300x175.jpg 300w, https:\/\/tv.joycemeyer.org\/magyar\/wp-content\/uploads\/sites\/72\/2022\/09\/2702-768x448.jpg 768w, https:\/\/tv.joycemeyer.org\/magyar\/wp-content\/uploads\/sites\/72\/2022\/09\/2702-1536x896.jpg 1536w, https:\/\/tv.joycemeyer.org\/magyar\/wp-content\/uploads\/sites\/72\/2022\/09\/2702.jpg 1800w\" sizes=\"(max-width: 1024px) 100vw, 1024px\" \/><\/div>","below_content":"<div class=\"follow\"><h6 class=\"alt\">L\u00e9pj kapcsolatba vel\u00fcnk<\/h6><ul class=\"nav nav--social nav--flex\"><li class=\"menu-item facebook\"><a href=\"https:\/\/www.facebook.com\/JoyceMeyerMinistriesHungarian\/\" target=\"_blank\"><span class=\"visuallyhidden\">Facebook<\/span><\/a><\/li><li class=\"menu-item instagram\"><a href=\"https:\/\/www.instagram.com\/joycemeyerministriesmagyar\/\" target=\"_blank\"><span class=\"visuallyhidden\">Instagram<\/span><\/a><\/li><li class=\"menu-item youtube\"><a href=\"https:\/\/www.youtube.com\/channel\/UCoAjHvNztMybm-_7N0zdThg\" target=\"_blank\"><span class=\"visuallyhidden\">YouTube<\/span><\/a><\/li><\/ul><\/div>"}},"yoast_head":"<!-- This site is optimized with the Yoast SEO plugin v27.4 - https:\/\/yoast.com\/product\/yoast-seo-wordpress\/ -->\n<title>Virrassz \u00e9s im\u00e1dkozz! - Joyce Meyer Ministries - Magyar<\/title>\n<meta name=\"robots\" content=\"index, follow, max-snippet:-1, max-image-preview:large, max-video-preview:-1\" \/>\n<link rel=\"canonical\" href=\"https:\/\/tv.joycemeyer.org\/magyar\/devotional\/virrassz-es-imadkozz\/\" \/>\n<meta property=\"og:locale\" content=\"en_US\" \/>\n<meta property=\"og:type\" content=\"article\" \/>\n<meta property=\"og:title\" content=\"Virrassz \u00e9s im\u00e1dkozz! - Joyce Meyer Ministries - Magyar\" \/>\n<meta property=\"og:description\" content=\"A f\u00e9lelem a S\u00e1t\u00e1n eszk\u00f6ze arra, hogy megakad\u00e1lyozza az el\u0151rejut\u00e1sunkat, \u00e9s \u00edgy ne \u00e9lvezhess\u00fck azt az \u00e9letet, ami\u00e9rt J\u00e9zus meghalt...\" \/>\n<meta property=\"og:url\" content=\"https:\/\/tv.joycemeyer.org\/magyar\/devotional\/virrassz-es-imadkozz\/\" \/>\n<meta property=\"og:site_name\" content=\"Joyce Meyer Ministries - Magyar\" \/>\n<meta property=\"article:publisher\" content=\"https:\/\/www.facebook.com\/JoyceMeyerMinistriesHungarian\/\" \/>\n<meta property=\"og:image\" content=\"https:\/\/tv.joycemeyer.org\/magyar\/wp-content\/uploads\/sites\/72\/2022\/09\/2702.jpg\" \/>\n\t<meta property=\"og:image:width\" content=\"1800\" \/>\n\t<meta property=\"og:image:height\" content=\"1050\" \/>\n\t<meta property=\"og:image:type\" content=\"image\/jpeg\" \/>\n<meta name=\"twitter:card\" content=\"summary_large_image\" \/>\n<meta name=\"twitter:label1\" content=\"Est. reading time\" \/>\n\t<meta name=\"twitter:data1\" content=\"1 minute\" \/>\n<script type=\"application\/ld+json\" class=\"yoast-schema-graph\">{\"@context\":\"https:\\\/\\\/schema.org\",\"@graph\":[{\"@type\":\"WebPage\",\"@id\":\"https:\\\/\\\/tv.joycemeyer.org\\\/magyar\\\/devotional\\\/virrassz-es-imadkozz\\\/\",\"url\":\"https:\\\/\\\/tv.joycemeyer.org\\\/magyar\\\/devotional\\\/virrassz-es-imadkozz\\\/\",\"name\":\"Virrassz \u00e9s im\u00e1dkozz! - Joyce Meyer Ministries - Magyar\",\"isPartOf\":{\"@id\":\"https:\\\/\\\/tv.joycemeyer.org\\\/magyar\\\/#website\"},\"primaryImageOfPage\":{\"@id\":\"https:\\\/\\\/tv.joycemeyer.org\\\/magyar\\\/devotional\\\/virrassz-es-imadkozz\\\/#primaryimage\"},\"image\":{\"@id\":\"https:\\\/\\\/tv.joycemeyer.org\\\/magyar\\\/devotional\\\/virrassz-es-imadkozz\\\/#primaryimage\"},\"thumbnailUrl\":\"https:\\\/\\\/tv.joycemeyer.org\\\/magyar\\\/wp-content\\\/uploads\\\/sites\\\/72\\\/2022\\\/09\\\/2702.jpg\",\"datePublished\":\"2025-12-12T00:01:57+00:00\",\"breadcrumb\":{\"@id\":\"https:\\\/\\\/tv.joycemeyer.org\\\/magyar\\\/devotional\\\/virrassz-es-imadkozz\\\/#breadcrumb\"},\"inLanguage\":\"en-US\",\"potentialAction\":[{\"@type\":\"ReadAction\",\"target\":[\"https:\\\/\\\/tv.joycemeyer.org\\\/magyar\\\/devotional\\\/virrassz-es-imadkozz\\\/\"]}]},{\"@type\":\"ImageObject\",\"inLanguage\":\"en-US\",\"@id\":\"https:\\\/\\\/tv.joycemeyer.org\\\/magyar\\\/devotional\\\/virrassz-es-imadkozz\\\/#primaryimage\",\"url\":\"https:\\\/\\\/tv.joycemeyer.org\\\/magyar\\\/wp-content\\\/uploads\\\/sites\\\/72\\\/2022\\\/09\\\/2702.jpg\",\"contentUrl\":\"https:\\\/\\\/tv.joycemeyer.org\\\/magyar\\\/wp-content\\\/uploads\\\/sites\\\/72\\\/2022\\\/09\\\/2702.jpg\",\"width\":1800,\"height\":1050,\"caption\":\"Virrassz \u00e9s im\u00e1dkozz!\"},{\"@type\":\"BreadcrumbList\",\"@id\":\"https:\\\/\\\/tv.joycemeyer.org\\\/magyar\\\/devotional\\\/virrassz-es-imadkozz\\\/#breadcrumb\",\"itemListElement\":[{\"@type\":\"ListItem\",\"position\":1,\"name\":\"Home\",\"item\":\"https:\\\/\\\/tv.joycemeyer.org\\\/magyar\\\/\"},{\"@type\":\"ListItem\",\"position\":2,\"name\":\"Devotional\",\"item\":\"https:\\\/\\\/tv.joycemeyer.org\\\/magyar\\\/devotional\\\/\"},{\"@type\":\"ListItem\",\"position\":3,\"name\":\"Virrassz \u00e9s im\u00e1dkozz!\"}]},{\"@type\":\"WebSite\",\"@id\":\"https:\\\/\\\/tv.joycemeyer.org\\\/magyar\\\/#website\",\"url\":\"https:\\\/\\\/tv.joycemeyer.org\\\/magyar\\\/\",\"name\":\"Joyce Meyer Ministries - Magyar\",\"description\":\"Hirdetj\u00fck Krisztust - Szeretj\u00fck az embereket\",\"potentialAction\":[{\"@type\":\"SearchAction\",\"target\":{\"@type\":\"EntryPoint\",\"urlTemplate\":\"https:\\\/\\\/tv.joycemeyer.org\\\/magyar\\\/?s={search_term_string}\"},\"query-input\":{\"@type\":\"PropertyValueSpecification\",\"valueRequired\":true,\"valueName\":\"search_term_string\"}}],\"inLanguage\":\"en-US\"}]}<\/script>\n<!-- \/ Yoast SEO plugin. -->","yoast_head_json":{"title":"Virrassz \u00e9s im\u00e1dkozz! - Joyce Meyer Ministries - Magyar","robots":{"index":"index","follow":"follow","max-snippet":"max-snippet:-1","max-image-preview":"max-image-preview:large","max-video-preview":"max-video-preview:-1"},"canonical":"https:\/\/tv.joycemeyer.org\/magyar\/devotional\/virrassz-es-imadkozz\/","og_locale":"en_US","og_type":"article","og_title":"Virrassz \u00e9s im\u00e1dkozz! - Joyce Meyer Ministries - Magyar","og_description":"A f\u00e9lelem a S\u00e1t\u00e1n eszk\u00f6ze arra, hogy megakad\u00e1lyozza az el\u0151rejut\u00e1sunkat, \u00e9s \u00edgy ne \u00e9lvezhess\u00fck azt az \u00e9letet, ami\u00e9rt J\u00e9zus meghalt...","og_url":"https:\/\/tv.joycemeyer.org\/magyar\/devotional\/virrassz-es-imadkozz\/","og_site_name":"Joyce Meyer Ministries - Magyar","article_publisher":"https:\/\/www.facebook.com\/JoyceMeyerMinistriesHungarian\/","og_image":[{"width":1800,"height":1050,"url":"https:\/\/tv.joycemeyer.org\/magyar\/wp-content\/uploads\/sites\/72\/2022\/09\/2702.jpg","type":"image\/jpeg"}],"twitter_card":"summary_large_image","twitter_misc":{"Est. reading time":"1 minute"},"schema":{"@context":"https:\/\/schema.org","@graph":[{"@type":"WebPage","@id":"https:\/\/tv.joycemeyer.org\/magyar\/devotional\/virrassz-es-imadkozz\/","url":"https:\/\/tv.joycemeyer.org\/magyar\/devotional\/virrassz-es-imadkozz\/","name":"Virrassz \u00e9s im\u00e1dkozz! - Joyce Meyer Ministries - Magyar","isPartOf":{"@id":"https:\/\/tv.joycemeyer.org\/magyar\/#website"},"primaryImageOfPage":{"@id":"https:\/\/tv.joycemeyer.org\/magyar\/devotional\/virrassz-es-imadkozz\/#primaryimage"},"image":{"@id":"https:\/\/tv.joycemeyer.org\/magyar\/devotional\/virrassz-es-imadkozz\/#primaryimage"},"thumbnailUrl":"https:\/\/tv.joycemeyer.org\/magyar\/wp-content\/uploads\/sites\/72\/2022\/09\/2702.jpg","datePublished":"2025-12-12T00:01:57+00:00","breadcrumb":{"@id":"https:\/\/tv.joycemeyer.org\/magyar\/devotional\/virrassz-es-imadkozz\/#breadcrumb"},"inLanguage":"en-US","potentialAction":[{"@type":"ReadAction","target":["https:\/\/tv.joycemeyer.org\/magyar\/devotional\/virrassz-es-imadkozz\/"]}]},{"@type":"ImageObject","inLanguage":"en-US","@id":"https:\/\/tv.joycemeyer.org\/magyar\/devotional\/virrassz-es-imadkozz\/#primaryimage","url":"https:\/\/tv.joycemeyer.org\/magyar\/wp-content\/uploads\/sites\/72\/2022\/09\/2702.jpg","contentUrl":"https:\/\/tv.joycemeyer.org\/magyar\/wp-content\/uploads\/sites\/72\/2022\/09\/2702.jpg","width":1800,"height":1050,"caption":"Virrassz \u00e9s im\u00e1dkozz!"},{"@type":"BreadcrumbList","@id":"https:\/\/tv.joycemeyer.org\/magyar\/devotional\/virrassz-es-imadkozz\/#breadcrumb","itemListElement":[{"@type":"ListItem","position":1,"name":"Home","item":"https:\/\/tv.joycemeyer.org\/magyar\/"},{"@type":"ListItem","position":2,"name":"Devotional","item":"https:\/\/tv.joycemeyer.org\/magyar\/devotional\/"},{"@type":"ListItem","position":3,"name":"Virrassz \u00e9s im\u00e1dkozz!"}]},{"@type":"WebSite","@id":"https:\/\/tv.joycemeyer.org\/magyar\/#website","url":"https:\/\/tv.joycemeyer.org\/magyar\/","name":"Joyce Meyer Ministries - Magyar","description":"Hirdetj\u00fck Krisztust - Szeretj\u00fck az embereket","potentialAction":[{"@type":"SearchAction","target":{"@type":"EntryPoint","urlTemplate":"https:\/\/tv.joycemeyer.org\/magyar\/?s={search_term_string}"},"query-input":{"@type":"PropertyValueSpecification","valueRequired":true,"valueName":"search_term_string"}}],"inLanguage":"en-US"}]}},"_links":{"self":[{"href":"https:\/\/tv.joycemeyer.org\/magyar\/wp-json\/wp\/v2\/devotional\/3621","targetHints":{"allow":["GET"]}}],"collection":[{"href":"https:\/\/tv.joycemeyer.org\/magyar\/wp-json\/wp\/v2\/devotional"}],"about":[{"href":"https:\/\/tv.joycemeyer.org\/magyar\/wp-json\/wp\/v2\/types\/devotional"}],"author":[{"embeddable":true,"href":"https:\/\/tv.joycemeyer.org\/magyar\/wp-json\/wp\/v2\/users\/19"}],"replies":[{"embeddable":true,"href":"https:\/\/tv.joycemeyer.org\/magyar\/wp-json\/wp\/v2\/comments?post=3621"}],"wp:featuredmedia":[{"embeddable":true,"href":"https:\/\/tv.joycemeyer.org\/magyar\/wp-json\/wp\/v2\/media\/3622"}],"wp:attachment":[{"href":"https:\/\/tv.joycemeyer.org\/magyar\/wp-json\/wp\/v2\/media?parent=3621"}],"curies":[{"name":"wp","href":"https:\/\/api.w.org\/{rel}","templated":true}]}}