{"id":4176,"date":"2023-03-25T00:01:29","date_gmt":"2023-03-25T00:01:29","guid":{"rendered":"https:\/\/tv.joycemeyer.org\/magyar\/?post_type=devotional&#038;p=4176"},"modified":"2023-03-24T11:32:09","modified_gmt":"2023-03-24T11:32:09","slug":"megnyerheted-ma-a-csatat","status":"publish","type":"devotional","link":"https:\/\/tv.joycemeyer.org\/magyar\/devotional\/megnyerheted-ma-a-csatat\/","title":{"rendered":"Megnyerheted ma a csat\u00e1t"},"content":{"rendered":"<blockquote><p>\u201eA test t\u00f6rekv\u00e9se hal\u00e1l, a L\u00e9lek t\u00f6rekv\u00e9se pedig \u00e9let \u00e9s b\u00e9kess\u00e9g\u201d R\u00f3m 8:6<\/p><\/blockquote>\n<p>Jelenleg te is, \u00e9s \u00e9n is h\u00e1bor\u00faban vagyunk. Ez egy szellemi harc, \u00e9s a mi harcunk a s\u00f6t\u00e9ts\u00e9g vil\u00e1g\u00e1nak urai \u00e9s a gonoszs\u00e1g lelkei ellen folyik, amelyek a mennyei magass\u00e1gban vannak (Ef 6:12). Sz\u00fcks\u00e9g\u00fcnk van a Szent Szellem \u00e9szj\u00e1r\u00e1s\u00e1ra, hogy megnyerj\u00fck a harcot.<\/p>\n<p>Sajnos azonban sok h\u00edv\u0151 a test szerinti \u00e9szj\u00e1r\u00e1s alapj\u00e1n m\u0171k\u00f6dik. Ha azonban \u00fagy szeretn\u00e9nk \u00e9lni, hogy megv\u00e1ltoztassuk a vil\u00e1got, akkor nem \u00e9lhet\u00fcnk a test szerint, hanem el kell kezden\u00fcnk Szellemben \u00e9lni.<\/p>\n<p>Mindannyiunknak folyamatosan a Szent Szellem ir\u00e1ny\u00edt\u00e1sa al\u00e1 kell vetn\u00fcnk a v\u00e1gyainkat, \u00e9s nem engedhetj\u00fck, hogy az \u00e9rzelmeink vagy az elm\u00e9nk uralkodjon rajtunk. A Szent\u00edr\u00e1s elmagyar\u00e1zza, hogy a szellem a test ellen harcol \u00e9s a test a szellem ellen. Mindig szemben \u00e1llnak egym\u00e1ssal.<\/p>\n<p>Ez egy h\u00e1bor\u00fa! Az \u00f6rd\u00f6g ut\u00e1l minket, \u00e9s mindig t\u00fal\u00f3r\u00e1zik, pr\u00f3b\u00e1l r\u00e1venni, hogy a testnek engedelmeskedj\u00fcnk.<\/p>\n<p>De te d\u00f6nt\u00f6d el, ki arat gy\u0151zelmet az \u00e9letedben. A j\u00f3 h\u00edr az, hogy nem kell, hogy ki legy\u00e9l szolg\u00e1ltatva a testnek. \u00c9lhetsz szellemben, \u00f6sszhangba hozva a tested Isten akarat\u00e1val. Megnyerheted a csat\u00e1t ma!<\/p>\n<hr \/>\n<h4><strong>Ima<\/strong><\/h4>\n<p>Istenem, meg akarom nyerni a csat\u00e1t ma! Szeretn\u00e9m a Szent Szellem \u00e9szj\u00e1r\u00e1s\u00e1t, ami \u00e9let \u00e9s b\u00e9kess\u00e9g. A Szent Szellemet v\u00e1lasztom ma. Seg\u00edts \u00f6sszhangba hozni a testemet az akaratoddal.<\/p>\n","protected":false},"excerpt":{"rendered":"<p>Mindannyiunknak folyamatosan a Szent Szellem ir\u00e1ny\u00edt\u00e1sa al\u00e1 kell vetn\u00fcnk a v\u00e1gyainkat, \u00e9s nem engedhetj\u00fck, hogy az \u00e9rzelmeink vagy az elm\u00e9nk uralkodjon rajtunk. <\/p>\n","protected":false},"author":20,"featured_media":4177,"parent":0,"menu_order":0,"comment_status":"closed","ping_status":"closed","template":"","class_list":["post-4176","devotional","type-devotional","status-publish","has-post-thumbnail","hentry"],"acf":[],"appp":{"post_detail":{"above_title":"<div class=\"post-featured-wrap\"><img width=\"960\" height=\"560\" src=\"https:\/\/tv.joycemeyer.org\/magyar\/wp-content\/uploads\/sites\/72\/2023\/03\/1829.jpg\" class=\"post-featured wp-post-image\" alt=\"Megnyerheted ma a csat\u00e1t\" decoding=\"async\" srcset=\"https:\/\/tv.joycemeyer.org\/magyar\/wp-content\/uploads\/sites\/72\/2023\/03\/1829.jpg 960w, https:\/\/tv.joycemeyer.org\/magyar\/wp-content\/uploads\/sites\/72\/2023\/03\/1829-300x175.jpg 300w, https:\/\/tv.joycemeyer.org\/magyar\/wp-content\/uploads\/sites\/72\/2023\/03\/1829-768x448.jpg 768w\" sizes=\"(max-width: 960px) 100vw, 960px\" \/><\/div>","below_content":"<div class=\"follow\"><h6 class=\"alt\">L\u00e9pj kapcsolatba vel\u00fcnk<\/h6><ul class=\"nav nav--social nav--flex\"><li class=\"menu-item facebook\"><a href=\"https:\/\/www.facebook.com\/JoyceMeyerMinistriesHungarian\/\" target=\"_blank\"><span class=\"visuallyhidden\">Facebook<\/span><\/a><\/li><li class=\"menu-item instagram\"><a href=\"https:\/\/www.instagram.com\/joycemeyerministriesmagyar\/\" target=\"_blank\"><span class=\"visuallyhidden\">Instagram<\/span><\/a><\/li><li class=\"menu-item youtube\"><a href=\"https:\/\/www.youtube.com\/channel\/UCoAjHvNztMybm-_7N0zdThg\" target=\"_blank\"><span class=\"visuallyhidden\">YouTube<\/span><\/a><\/li><\/ul><\/div>"}},"yoast_head":"<!-- This site is optimized with the Yoast SEO plugin v27.4 - https:\/\/yoast.com\/product\/yoast-seo-wordpress\/ -->\n<title>Megnyerheted ma a csat\u00e1t - Joyce Meyer Ministries - Magyar<\/title>\n<meta name=\"robots\" content=\"index, follow, max-snippet:-1, max-image-preview:large, max-video-preview:-1\" \/>\n<link rel=\"canonical\" href=\"https:\/\/tv.joycemeyer.org\/magyar\/devotional\/megnyerheted-ma-a-csatat\/\" \/>\n<meta property=\"og:locale\" content=\"en_US\" \/>\n<meta property=\"og:type\" content=\"article\" \/>\n<meta property=\"og:title\" content=\"Megnyerheted ma a csat\u00e1t - Joyce Meyer Ministries - Magyar\" \/>\n<meta property=\"og:description\" content=\"Mindannyiunknak folyamatosan a Szent Szellem ir\u00e1ny\u00edt\u00e1sa al\u00e1 kell vetn\u00fcnk a v\u00e1gyainkat, \u00e9s nem engedhetj\u00fck, hogy az \u00e9rzelmeink vagy az elm\u00e9nk uralkodjon rajtunk.\" \/>\n<meta property=\"og:url\" content=\"https:\/\/tv.joycemeyer.org\/magyar\/devotional\/megnyerheted-ma-a-csatat\/\" \/>\n<meta property=\"og:site_name\" content=\"Joyce Meyer Ministries - Magyar\" \/>\n<meta property=\"article:publisher\" content=\"https:\/\/www.facebook.com\/JoyceMeyerMinistriesHungarian\/\" \/>\n<meta property=\"og:image\" content=\"https:\/\/tv.joycemeyer.org\/magyar\/wp-content\/uploads\/sites\/72\/2023\/03\/1829.jpg\" \/>\n\t<meta property=\"og:image:width\" content=\"960\" \/>\n\t<meta property=\"og:image:height\" content=\"560\" \/>\n\t<meta property=\"og:image:type\" content=\"image\/jpeg\" \/>\n<meta name=\"twitter:card\" content=\"summary_large_image\" \/>\n<meta name=\"twitter:label1\" content=\"Est. reading time\" \/>\n\t<meta name=\"twitter:data1\" content=\"1 minute\" \/>\n<script type=\"application\/ld+json\" class=\"yoast-schema-graph\">{\"@context\":\"https:\\\/\\\/schema.org\",\"@graph\":[{\"@type\":\"WebPage\",\"@id\":\"https:\\\/\\\/tv.joycemeyer.org\\\/magyar\\\/devotional\\\/megnyerheted-ma-a-csatat\\\/\",\"url\":\"https:\\\/\\\/tv.joycemeyer.org\\\/magyar\\\/devotional\\\/megnyerheted-ma-a-csatat\\\/\",\"name\":\"Megnyerheted ma a csat\u00e1t - Joyce Meyer Ministries - Magyar\",\"isPartOf\":{\"@id\":\"https:\\\/\\\/tv.joycemeyer.org\\\/magyar\\\/#website\"},\"primaryImageOfPage\":{\"@id\":\"https:\\\/\\\/tv.joycemeyer.org\\\/magyar\\\/devotional\\\/megnyerheted-ma-a-csatat\\\/#primaryimage\"},\"image\":{\"@id\":\"https:\\\/\\\/tv.joycemeyer.org\\\/magyar\\\/devotional\\\/megnyerheted-ma-a-csatat\\\/#primaryimage\"},\"thumbnailUrl\":\"https:\\\/\\\/tv.joycemeyer.org\\\/magyar\\\/wp-content\\\/uploads\\\/sites\\\/72\\\/2023\\\/03\\\/1829.jpg\",\"datePublished\":\"2023-03-25T00:01:29+00:00\",\"breadcrumb\":{\"@id\":\"https:\\\/\\\/tv.joycemeyer.org\\\/magyar\\\/devotional\\\/megnyerheted-ma-a-csatat\\\/#breadcrumb\"},\"inLanguage\":\"en-US\",\"potentialAction\":[{\"@type\":\"ReadAction\",\"target\":[\"https:\\\/\\\/tv.joycemeyer.org\\\/magyar\\\/devotional\\\/megnyerheted-ma-a-csatat\\\/\"]}]},{\"@type\":\"ImageObject\",\"inLanguage\":\"en-US\",\"@id\":\"https:\\\/\\\/tv.joycemeyer.org\\\/magyar\\\/devotional\\\/megnyerheted-ma-a-csatat\\\/#primaryimage\",\"url\":\"https:\\\/\\\/tv.joycemeyer.org\\\/magyar\\\/wp-content\\\/uploads\\\/sites\\\/72\\\/2023\\\/03\\\/1829.jpg\",\"contentUrl\":\"https:\\\/\\\/tv.joycemeyer.org\\\/magyar\\\/wp-content\\\/uploads\\\/sites\\\/72\\\/2023\\\/03\\\/1829.jpg\",\"width\":960,\"height\":560,\"caption\":\"Megnyerheted ma a csat\u00e1t\"},{\"@type\":\"BreadcrumbList\",\"@id\":\"https:\\\/\\\/tv.joycemeyer.org\\\/magyar\\\/devotional\\\/megnyerheted-ma-a-csatat\\\/#breadcrumb\",\"itemListElement\":[{\"@type\":\"ListItem\",\"position\":1,\"name\":\"Home\",\"item\":\"https:\\\/\\\/tv.joycemeyer.org\\\/magyar\\\/\"},{\"@type\":\"ListItem\",\"position\":2,\"name\":\"Devotional\",\"item\":\"https:\\\/\\\/tv.joycemeyer.org\\\/magyar\\\/devotional\\\/\"},{\"@type\":\"ListItem\",\"position\":3,\"name\":\"Megnyerheted ma a csat\u00e1t\"}]},{\"@type\":\"WebSite\",\"@id\":\"https:\\\/\\\/tv.joycemeyer.org\\\/magyar\\\/#website\",\"url\":\"https:\\\/\\\/tv.joycemeyer.org\\\/magyar\\\/\",\"name\":\"Joyce Meyer Ministries - Magyar\",\"description\":\"Hirdetj\u00fck Krisztust - Szeretj\u00fck az embereket\",\"potentialAction\":[{\"@type\":\"SearchAction\",\"target\":{\"@type\":\"EntryPoint\",\"urlTemplate\":\"https:\\\/\\\/tv.joycemeyer.org\\\/magyar\\\/?s={search_term_string}\"},\"query-input\":{\"@type\":\"PropertyValueSpecification\",\"valueRequired\":true,\"valueName\":\"search_term_string\"}}],\"inLanguage\":\"en-US\"}]}<\/script>\n<!-- \/ Yoast SEO plugin. -->","yoast_head_json":{"title":"Megnyerheted ma a csat\u00e1t - Joyce Meyer Ministries - Magyar","robots":{"index":"index","follow":"follow","max-snippet":"max-snippet:-1","max-image-preview":"max-image-preview:large","max-video-preview":"max-video-preview:-1"},"canonical":"https:\/\/tv.joycemeyer.org\/magyar\/devotional\/megnyerheted-ma-a-csatat\/","og_locale":"en_US","og_type":"article","og_title":"Megnyerheted ma a csat\u00e1t - Joyce Meyer Ministries - Magyar","og_description":"Mindannyiunknak folyamatosan a Szent Szellem ir\u00e1ny\u00edt\u00e1sa al\u00e1 kell vetn\u00fcnk a v\u00e1gyainkat, \u00e9s nem engedhetj\u00fck, hogy az \u00e9rzelmeink vagy az elm\u00e9nk uralkodjon rajtunk.","og_url":"https:\/\/tv.joycemeyer.org\/magyar\/devotional\/megnyerheted-ma-a-csatat\/","og_site_name":"Joyce Meyer Ministries - Magyar","article_publisher":"https:\/\/www.facebook.com\/JoyceMeyerMinistriesHungarian\/","og_image":[{"width":960,"height":560,"url":"https:\/\/tv.joycemeyer.org\/magyar\/wp-content\/uploads\/sites\/72\/2023\/03\/1829.jpg","type":"image\/jpeg"}],"twitter_card":"summary_large_image","twitter_misc":{"Est. reading time":"1 minute"},"schema":{"@context":"https:\/\/schema.org","@graph":[{"@type":"WebPage","@id":"https:\/\/tv.joycemeyer.org\/magyar\/devotional\/megnyerheted-ma-a-csatat\/","url":"https:\/\/tv.joycemeyer.org\/magyar\/devotional\/megnyerheted-ma-a-csatat\/","name":"Megnyerheted ma a csat\u00e1t - Joyce Meyer Ministries - Magyar","isPartOf":{"@id":"https:\/\/tv.joycemeyer.org\/magyar\/#website"},"primaryImageOfPage":{"@id":"https:\/\/tv.joycemeyer.org\/magyar\/devotional\/megnyerheted-ma-a-csatat\/#primaryimage"},"image":{"@id":"https:\/\/tv.joycemeyer.org\/magyar\/devotional\/megnyerheted-ma-a-csatat\/#primaryimage"},"thumbnailUrl":"https:\/\/tv.joycemeyer.org\/magyar\/wp-content\/uploads\/sites\/72\/2023\/03\/1829.jpg","datePublished":"2023-03-25T00:01:29+00:00","breadcrumb":{"@id":"https:\/\/tv.joycemeyer.org\/magyar\/devotional\/megnyerheted-ma-a-csatat\/#breadcrumb"},"inLanguage":"en-US","potentialAction":[{"@type":"ReadAction","target":["https:\/\/tv.joycemeyer.org\/magyar\/devotional\/megnyerheted-ma-a-csatat\/"]}]},{"@type":"ImageObject","inLanguage":"en-US","@id":"https:\/\/tv.joycemeyer.org\/magyar\/devotional\/megnyerheted-ma-a-csatat\/#primaryimage","url":"https:\/\/tv.joycemeyer.org\/magyar\/wp-content\/uploads\/sites\/72\/2023\/03\/1829.jpg","contentUrl":"https:\/\/tv.joycemeyer.org\/magyar\/wp-content\/uploads\/sites\/72\/2023\/03\/1829.jpg","width":960,"height":560,"caption":"Megnyerheted ma a csat\u00e1t"},{"@type":"BreadcrumbList","@id":"https:\/\/tv.joycemeyer.org\/magyar\/devotional\/megnyerheted-ma-a-csatat\/#breadcrumb","itemListElement":[{"@type":"ListItem","position":1,"name":"Home","item":"https:\/\/tv.joycemeyer.org\/magyar\/"},{"@type":"ListItem","position":2,"name":"Devotional","item":"https:\/\/tv.joycemeyer.org\/magyar\/devotional\/"},{"@type":"ListItem","position":3,"name":"Megnyerheted ma a csat\u00e1t"}]},{"@type":"WebSite","@id":"https:\/\/tv.joycemeyer.org\/magyar\/#website","url":"https:\/\/tv.joycemeyer.org\/magyar\/","name":"Joyce Meyer Ministries - Magyar","description":"Hirdetj\u00fck Krisztust - Szeretj\u00fck az embereket","potentialAction":[{"@type":"SearchAction","target":{"@type":"EntryPoint","urlTemplate":"https:\/\/tv.joycemeyer.org\/magyar\/?s={search_term_string}"},"query-input":{"@type":"PropertyValueSpecification","valueRequired":true,"valueName":"search_term_string"}}],"inLanguage":"en-US"}]}},"_links":{"self":[{"href":"https:\/\/tv.joycemeyer.org\/magyar\/wp-json\/wp\/v2\/devotional\/4176","targetHints":{"allow":["GET"]}}],"collection":[{"href":"https:\/\/tv.joycemeyer.org\/magyar\/wp-json\/wp\/v2\/devotional"}],"about":[{"href":"https:\/\/tv.joycemeyer.org\/magyar\/wp-json\/wp\/v2\/types\/devotional"}],"author":[{"embeddable":true,"href":"https:\/\/tv.joycemeyer.org\/magyar\/wp-json\/wp\/v2\/users\/20"}],"replies":[{"embeddable":true,"href":"https:\/\/tv.joycemeyer.org\/magyar\/wp-json\/wp\/v2\/comments?post=4176"}],"wp:featuredmedia":[{"embeddable":true,"href":"https:\/\/tv.joycemeyer.org\/magyar\/wp-json\/wp\/v2\/media\/4177"}],"wp:attachment":[{"href":"https:\/\/tv.joycemeyer.org\/magyar\/wp-json\/wp\/v2\/media?parent=4176"}],"curies":[{"name":"wp","href":"https:\/\/api.w.org\/{rel}","templated":true}]}}