{"id":4262,"date":"2023-04-21T00:01:02","date_gmt":"2023-04-21T00:01:02","guid":{"rendered":"https:\/\/tv.joycemeyer.org\/magyar\/?post_type=devotional&#038;p=4262"},"modified":"2023-04-21T11:34:34","modified_gmt":"2023-04-21T11:34:34","slug":"mire-fokuszalsz","status":"publish","type":"devotional","link":"https:\/\/tv.joycemeyer.org\/magyar\/devotional\/mire-fokuszalsz\/","title":{"rendered":"Mire f\u00f3kusz\u00e1lsz?"},"content":{"rendered":"<blockquote><p>N\u00e9zz\u00fcnk fel J\u00e9zusra, a hit szerz\u0151j\u00e9re \u00e9s beteljes\u00edt\u0151j\u00e9re. Zsid. 12:2<\/p><\/blockquote>\n<p>Nagyon fontos, hogy a megfelel\u0151 dolgokra \u00f6sszpontos\u00edtsunk. Ez\u00e9rt tan\u00edt minket Isten Ig\u00e9je arra, hogy forduljunk el mindatt\u00f3l, ami eltereli a figyelm\u00fcnket, \u00e9s tekints\u00fcnk J\u00e9zusra, aki hit\u00fcnk szerz\u0151je \u00e9s beteljes\u00edt\u0151je.<\/p>\n<p>Amire \u00f6sszpontos\u00edtunk, az egyre nagyobb lesz az elm\u00e9nkben. Amikor a probl\u00e9m\u00e1inkra \u00f6sszpontos\u00edtunk, folyamatosan \u00fajra \u00e9s \u00fajra azokat forgatjuk a fej\u00fcnkben, olyan, mintha medit\u00e1ln\u00e1nk rajtuk. Min\u00e9l t\u00f6bbet gondolkodunk \u00e9s besz\u00e9l\u00fcnk a probl\u00e9m\u00e1inkr\u00f3l, ann\u00e1l nagyobbak lesznek. Egy viszonylag kis \u00fcgy is hatalmas gondd\u00e1 n\u0151het, puszt\u00e1n az\u00e9rt, mert t\u00fals\u00e1gosan r\u00e1koncentr\u00e1lunk.<\/p>\n<p>Ahelyett, hogy a gondjainkon medit\u00e1ln\u00e1nk, b\u00f6lcsebben tenn\u00e9nk, ha Isten Ig\u00e9j\u00e9n, az \u00e9let\u00fcnkre vonatkoz\u00f3 \u00edg\u00e9retein elm\u00e9lkedn\u00e9nk, \u00e9s er\u0151teljesen megk\u00f6sz\u00f6nn\u00e9nk neki ezeket. Ha \u00edgy tesz\u00fcnk, l\u00e1tni fogjuk Isten h\u0171s\u00e9g\u00e9t, \u00e9s a gondjaink v\u00e9g\u00fcl nem is fognak olyan nagynak t\u0171nni.<\/p>\n<hr \/>\n<h4><strong>H\u00e1laad\u00f3 ima<\/strong><\/h4>\n<p>H\u00e1l\u00e1s vagyok, Aty\u00e1m, hogy nagyobb vagy, mint a probl\u00e9m\u00e1im, megpr\u00f3b\u00e1ltat\u00e1saim \u00e9s bizonytalans\u00e1gom. Te j\u00f3 vagy, \u00e9s a sz\u00edvem tele van h\u00e1laad\u00e1ssal \u00c9rted \u00e9s a Te szereteted\u00e9rt.<\/p>\n","protected":false},"excerpt":{"rendered":"<p>Min\u00e9l t\u00f6bbet gondolkodunk \u00e9s besz\u00e9l\u00fcnk a probl\u00e9m\u00e1inkr\u00f3l, ann\u00e1l nagyobbak lesznek.<\/p>\n","protected":false},"author":20,"featured_media":4263,"parent":0,"menu_order":0,"comment_status":"closed","ping_status":"closed","template":"","class_list":["post-4262","devotional","type-devotional","status-publish","has-post-thumbnail","hentry"],"acf":[],"appp":{"post_detail":{"above_title":"<div class=\"post-featured-wrap\"><img width=\"1024\" height=\"597\" src=\"https:\/\/tv.joycemeyer.org\/magyar\/wp-content\/uploads\/sites\/72\/2023\/03\/2744-1024x597.jpg\" class=\"post-featured wp-post-image\" alt=\"Mire f\u00f3kusz\u00e1lsz?\" decoding=\"async\" srcset=\"https:\/\/tv.joycemeyer.org\/magyar\/wp-content\/uploads\/sites\/72\/2023\/03\/2744-1024x597.jpg 1024w, https:\/\/tv.joycemeyer.org\/magyar\/wp-content\/uploads\/sites\/72\/2023\/03\/2744-300x175.jpg 300w, https:\/\/tv.joycemeyer.org\/magyar\/wp-content\/uploads\/sites\/72\/2023\/03\/2744-768x448.jpg 768w, https:\/\/tv.joycemeyer.org\/magyar\/wp-content\/uploads\/sites\/72\/2023\/03\/2744-1536x896.jpg 1536w, https:\/\/tv.joycemeyer.org\/magyar\/wp-content\/uploads\/sites\/72\/2023\/03\/2744.jpg 1800w\" sizes=\"(max-width: 1024px) 100vw, 1024px\" \/><\/div>","below_content":"<div class=\"follow\"><h6 class=\"alt\">L\u00e9pj kapcsolatba vel\u00fcnk<\/h6><ul class=\"nav nav--social nav--flex\"><li class=\"menu-item facebook\"><a href=\"https:\/\/www.facebook.com\/JoyceMeyerMinistriesHungarian\/\" target=\"_blank\"><span class=\"visuallyhidden\">Facebook<\/span><\/a><\/li><li class=\"menu-item instagram\"><a href=\"https:\/\/www.instagram.com\/joycemeyerministriesmagyar\/\" target=\"_blank\"><span class=\"visuallyhidden\">Instagram<\/span><\/a><\/li><li class=\"menu-item youtube\"><a href=\"https:\/\/www.youtube.com\/channel\/UCoAjHvNztMybm-_7N0zdThg\" target=\"_blank\"><span class=\"visuallyhidden\">YouTube<\/span><\/a><\/li><\/ul><\/div>"}},"yoast_head":"<!-- This site is optimized with the Yoast SEO plugin v27.4 - https:\/\/yoast.com\/product\/yoast-seo-wordpress\/ -->\n<title>Mire f\u00f3kusz\u00e1lsz? - Joyce Meyer Ministries - Magyar<\/title>\n<meta name=\"robots\" content=\"index, follow, max-snippet:-1, max-image-preview:large, max-video-preview:-1\" \/>\n<link rel=\"canonical\" href=\"https:\/\/tv.joycemeyer.org\/magyar\/devotional\/mire-fokuszalsz\/\" \/>\n<meta property=\"og:locale\" content=\"en_US\" \/>\n<meta property=\"og:type\" content=\"article\" \/>\n<meta property=\"og:title\" content=\"Mire f\u00f3kusz\u00e1lsz? - Joyce Meyer Ministries - Magyar\" \/>\n<meta property=\"og:description\" content=\"Min\u00e9l t\u00f6bbet gondolkodunk \u00e9s besz\u00e9l\u00fcnk a probl\u00e9m\u00e1inkr\u00f3l, ann\u00e1l nagyobbak lesznek.\" \/>\n<meta property=\"og:url\" content=\"https:\/\/tv.joycemeyer.org\/magyar\/devotional\/mire-fokuszalsz\/\" \/>\n<meta property=\"og:site_name\" content=\"Joyce Meyer Ministries - Magyar\" \/>\n<meta property=\"article:publisher\" content=\"https:\/\/www.facebook.com\/JoyceMeyerMinistriesHungarian\/\" \/>\n<meta property=\"article:modified_time\" content=\"2023-04-21T11:34:34+00:00\" \/>\n<meta property=\"og:image\" content=\"https:\/\/tv.joycemeyer.org\/magyar\/wp-content\/uploads\/sites\/72\/2023\/03\/2744.jpg\" \/>\n\t<meta property=\"og:image:width\" content=\"1800\" \/>\n\t<meta property=\"og:image:height\" content=\"1050\" \/>\n\t<meta property=\"og:image:type\" content=\"image\/jpeg\" \/>\n<meta name=\"twitter:card\" content=\"summary_large_image\" \/>\n<meta name=\"twitter:label1\" content=\"Est. reading time\" \/>\n\t<meta name=\"twitter:data1\" content=\"1 minute\" \/>\n<script type=\"application\/ld+json\" class=\"yoast-schema-graph\">{\"@context\":\"https:\\\/\\\/schema.org\",\"@graph\":[{\"@type\":\"WebPage\",\"@id\":\"https:\\\/\\\/tv.joycemeyer.org\\\/magyar\\\/devotional\\\/mire-fokuszalsz\\\/\",\"url\":\"https:\\\/\\\/tv.joycemeyer.org\\\/magyar\\\/devotional\\\/mire-fokuszalsz\\\/\",\"name\":\"Mire f\u00f3kusz\u00e1lsz? - Joyce Meyer Ministries - Magyar\",\"isPartOf\":{\"@id\":\"https:\\\/\\\/tv.joycemeyer.org\\\/magyar\\\/#website\"},\"primaryImageOfPage\":{\"@id\":\"https:\\\/\\\/tv.joycemeyer.org\\\/magyar\\\/devotional\\\/mire-fokuszalsz\\\/#primaryimage\"},\"image\":{\"@id\":\"https:\\\/\\\/tv.joycemeyer.org\\\/magyar\\\/devotional\\\/mire-fokuszalsz\\\/#primaryimage\"},\"thumbnailUrl\":\"https:\\\/\\\/tv.joycemeyer.org\\\/magyar\\\/wp-content\\\/uploads\\\/sites\\\/72\\\/2023\\\/03\\\/2744.jpg\",\"datePublished\":\"2023-04-21T00:01:02+00:00\",\"dateModified\":\"2023-04-21T11:34:34+00:00\",\"breadcrumb\":{\"@id\":\"https:\\\/\\\/tv.joycemeyer.org\\\/magyar\\\/devotional\\\/mire-fokuszalsz\\\/#breadcrumb\"},\"inLanguage\":\"en-US\",\"potentialAction\":[{\"@type\":\"ReadAction\",\"target\":[\"https:\\\/\\\/tv.joycemeyer.org\\\/magyar\\\/devotional\\\/mire-fokuszalsz\\\/\"]}]},{\"@type\":\"ImageObject\",\"inLanguage\":\"en-US\",\"@id\":\"https:\\\/\\\/tv.joycemeyer.org\\\/magyar\\\/devotional\\\/mire-fokuszalsz\\\/#primaryimage\",\"url\":\"https:\\\/\\\/tv.joycemeyer.org\\\/magyar\\\/wp-content\\\/uploads\\\/sites\\\/72\\\/2023\\\/03\\\/2744.jpg\",\"contentUrl\":\"https:\\\/\\\/tv.joycemeyer.org\\\/magyar\\\/wp-content\\\/uploads\\\/sites\\\/72\\\/2023\\\/03\\\/2744.jpg\",\"width\":1800,\"height\":1050,\"caption\":\"Mire f\u00f3kusz\u00e1lsz?\"},{\"@type\":\"BreadcrumbList\",\"@id\":\"https:\\\/\\\/tv.joycemeyer.org\\\/magyar\\\/devotional\\\/mire-fokuszalsz\\\/#breadcrumb\",\"itemListElement\":[{\"@type\":\"ListItem\",\"position\":1,\"name\":\"Home\",\"item\":\"https:\\\/\\\/tv.joycemeyer.org\\\/magyar\\\/\"},{\"@type\":\"ListItem\",\"position\":2,\"name\":\"Devotional\",\"item\":\"https:\\\/\\\/tv.joycemeyer.org\\\/magyar\\\/devotional\\\/\"},{\"@type\":\"ListItem\",\"position\":3,\"name\":\"Mire f\u00f3kusz\u00e1lsz?\"}]},{\"@type\":\"WebSite\",\"@id\":\"https:\\\/\\\/tv.joycemeyer.org\\\/magyar\\\/#website\",\"url\":\"https:\\\/\\\/tv.joycemeyer.org\\\/magyar\\\/\",\"name\":\"Joyce Meyer Ministries - Magyar\",\"description\":\"Hirdetj\u00fck Krisztust - Szeretj\u00fck az embereket\",\"potentialAction\":[{\"@type\":\"SearchAction\",\"target\":{\"@type\":\"EntryPoint\",\"urlTemplate\":\"https:\\\/\\\/tv.joycemeyer.org\\\/magyar\\\/?s={search_term_string}\"},\"query-input\":{\"@type\":\"PropertyValueSpecification\",\"valueRequired\":true,\"valueName\":\"search_term_string\"}}],\"inLanguage\":\"en-US\"}]}<\/script>\n<!-- \/ Yoast SEO plugin. -->","yoast_head_json":{"title":"Mire f\u00f3kusz\u00e1lsz? - Joyce Meyer Ministries - Magyar","robots":{"index":"index","follow":"follow","max-snippet":"max-snippet:-1","max-image-preview":"max-image-preview:large","max-video-preview":"max-video-preview:-1"},"canonical":"https:\/\/tv.joycemeyer.org\/magyar\/devotional\/mire-fokuszalsz\/","og_locale":"en_US","og_type":"article","og_title":"Mire f\u00f3kusz\u00e1lsz? - Joyce Meyer Ministries - Magyar","og_description":"Min\u00e9l t\u00f6bbet gondolkodunk \u00e9s besz\u00e9l\u00fcnk a probl\u00e9m\u00e1inkr\u00f3l, ann\u00e1l nagyobbak lesznek.","og_url":"https:\/\/tv.joycemeyer.org\/magyar\/devotional\/mire-fokuszalsz\/","og_site_name":"Joyce Meyer Ministries - Magyar","article_publisher":"https:\/\/www.facebook.com\/JoyceMeyerMinistriesHungarian\/","article_modified_time":"2023-04-21T11:34:34+00:00","og_image":[{"width":1800,"height":1050,"url":"https:\/\/tv.joycemeyer.org\/magyar\/wp-content\/uploads\/sites\/72\/2023\/03\/2744.jpg","type":"image\/jpeg"}],"twitter_card":"summary_large_image","twitter_misc":{"Est. reading time":"1 minute"},"schema":{"@context":"https:\/\/schema.org","@graph":[{"@type":"WebPage","@id":"https:\/\/tv.joycemeyer.org\/magyar\/devotional\/mire-fokuszalsz\/","url":"https:\/\/tv.joycemeyer.org\/magyar\/devotional\/mire-fokuszalsz\/","name":"Mire f\u00f3kusz\u00e1lsz? - Joyce Meyer Ministries - Magyar","isPartOf":{"@id":"https:\/\/tv.joycemeyer.org\/magyar\/#website"},"primaryImageOfPage":{"@id":"https:\/\/tv.joycemeyer.org\/magyar\/devotional\/mire-fokuszalsz\/#primaryimage"},"image":{"@id":"https:\/\/tv.joycemeyer.org\/magyar\/devotional\/mire-fokuszalsz\/#primaryimage"},"thumbnailUrl":"https:\/\/tv.joycemeyer.org\/magyar\/wp-content\/uploads\/sites\/72\/2023\/03\/2744.jpg","datePublished":"2023-04-21T00:01:02+00:00","dateModified":"2023-04-21T11:34:34+00:00","breadcrumb":{"@id":"https:\/\/tv.joycemeyer.org\/magyar\/devotional\/mire-fokuszalsz\/#breadcrumb"},"inLanguage":"en-US","potentialAction":[{"@type":"ReadAction","target":["https:\/\/tv.joycemeyer.org\/magyar\/devotional\/mire-fokuszalsz\/"]}]},{"@type":"ImageObject","inLanguage":"en-US","@id":"https:\/\/tv.joycemeyer.org\/magyar\/devotional\/mire-fokuszalsz\/#primaryimage","url":"https:\/\/tv.joycemeyer.org\/magyar\/wp-content\/uploads\/sites\/72\/2023\/03\/2744.jpg","contentUrl":"https:\/\/tv.joycemeyer.org\/magyar\/wp-content\/uploads\/sites\/72\/2023\/03\/2744.jpg","width":1800,"height":1050,"caption":"Mire f\u00f3kusz\u00e1lsz?"},{"@type":"BreadcrumbList","@id":"https:\/\/tv.joycemeyer.org\/magyar\/devotional\/mire-fokuszalsz\/#breadcrumb","itemListElement":[{"@type":"ListItem","position":1,"name":"Home","item":"https:\/\/tv.joycemeyer.org\/magyar\/"},{"@type":"ListItem","position":2,"name":"Devotional","item":"https:\/\/tv.joycemeyer.org\/magyar\/devotional\/"},{"@type":"ListItem","position":3,"name":"Mire f\u00f3kusz\u00e1lsz?"}]},{"@type":"WebSite","@id":"https:\/\/tv.joycemeyer.org\/magyar\/#website","url":"https:\/\/tv.joycemeyer.org\/magyar\/","name":"Joyce Meyer Ministries - Magyar","description":"Hirdetj\u00fck Krisztust - Szeretj\u00fck az embereket","potentialAction":[{"@type":"SearchAction","target":{"@type":"EntryPoint","urlTemplate":"https:\/\/tv.joycemeyer.org\/magyar\/?s={search_term_string}"},"query-input":{"@type":"PropertyValueSpecification","valueRequired":true,"valueName":"search_term_string"}}],"inLanguage":"en-US"}]}},"_links":{"self":[{"href":"https:\/\/tv.joycemeyer.org\/magyar\/wp-json\/wp\/v2\/devotional\/4262","targetHints":{"allow":["GET"]}}],"collection":[{"href":"https:\/\/tv.joycemeyer.org\/magyar\/wp-json\/wp\/v2\/devotional"}],"about":[{"href":"https:\/\/tv.joycemeyer.org\/magyar\/wp-json\/wp\/v2\/types\/devotional"}],"author":[{"embeddable":true,"href":"https:\/\/tv.joycemeyer.org\/magyar\/wp-json\/wp\/v2\/users\/20"}],"replies":[{"embeddable":true,"href":"https:\/\/tv.joycemeyer.org\/magyar\/wp-json\/wp\/v2\/comments?post=4262"}],"wp:featuredmedia":[{"embeddable":true,"href":"https:\/\/tv.joycemeyer.org\/magyar\/wp-json\/wp\/v2\/media\/4263"}],"wp:attachment":[{"href":"https:\/\/tv.joycemeyer.org\/magyar\/wp-json\/wp\/v2\/media?parent=4262"}],"curies":[{"name":"wp","href":"https:\/\/api.w.org\/{rel}","templated":true}]}}