{"id":431,"date":"2019-10-09T00:01:14","date_gmt":"2019-10-09T00:01:14","guid":{"rendered":"https:\/\/tv.joycemeyer.org\/magyar\/?post_type=devotional&#038;p=431"},"modified":"2025-09-24T17:44:18","modified_gmt":"2025-09-24T17:44:18","slug":"amikor-nehez-masokert-imadkozni","status":"publish","type":"devotional","link":"https:\/\/tv.joycemeyer.org\/magyar\/devotional\/amikor-nehez-masokert-imadkozni\/","title":{"rendered":"Amikor neh\u00e9z m\u00e1sok\u00e9rt im\u00e1dkozni"},"content":{"rendered":"<blockquote><p>\u201e\u00c1ldj\u00e1tok azokat, akik \u00e1tkoznak, \u00e9s im\u00e1dkozzatok azok\u00e9rt, akik b\u00e1ntalmaznak titeket.\u201d Luk. 6:28<\/p><\/blockquote>\n<p>Hogyan reag\u00e1lsz, amikor valaki megs\u00e9rti az \u00e9rz\u00e9seidet? Megengeded, hogy elrabolja az \u00f6r\u00f6m\u00f6det? Vagy megengeded, hogy a rossz \u00e9rzelmek eluralkodjanak rajtad?<\/p>\n<p>Luk. 6:28 megmondja, hogy mit tegy\u00fcnk azokkal, aki megb\u00e1ntottak minket: im\u00e1dkozzunk \u00e9rt\u00fck \u00e9s \u00e1ldjuk meg \u0151ket.<\/p>\n<p>Nem term\u00e9szetes reakci\u00f3 azok boldogs\u00e1g\u00e1\u00e9rt im\u00e1dkozni, akik \u00e1tkoznak minket. De az Isteni b\u00f6lcsess\u00e9g magasabb, mint a mi\u00e9nk \u00e9s m\u00e9g akkor is, ha nem \u00e9rezz\u00fck \u201ehelyesnek\u201d, akkor is ez a helyes. \u00c9n hajland\u00f3 vagyok ezt megtenni engedelmess\u00e9gb\u0151l \u00e9s azt mondani \u201eUram, nem \u00e9rzem igaz\u00e1n, hogy meg k\u00e9ne \u00e1ldanom azt, aki megs\u00e9rtett, de hittel im\u00e1dkozom, hogy m\u00e9gis tedd meg, mert Te azt mondod, hogy \u00e1ldjam meg \u0151ket a jelenl\u00e9teddel.\u201d<\/p>\n<p>Azt v\u00e1lasztani, hogy im\u00e1dkozol \u00e9rt\u00fck, az egyik legnehezebb dolog, amit Isten k\u00e9rt. K\u00fcl\u00f6n\u00f6sen, ha \u00fagy \u00e9rzed, hogy aki megb\u00e1ntott, helytelen\u00fcl cselekedett \u00e9s nem \u00e9rdemel megbocs\u00e1t\u00e1st.<\/p>\n<p>De Isten arra tan\u00edt, hogy gyakoroljuk a megbocs\u00e1t\u00e1st. \u00c9s amikor a megbocs\u00e1t\u00e1s \u00fatj\u00e1t v\u00e1lasztjuk, megtapasztaljuk azt a b\u00e9kess\u00e9get \u00e9s \u00f6r\u00f6m\u00f6t, ami Isten szav\u00e1nak val\u00f3 engedelmess\u00e9g\u00e9b\u0151l fakad. Amikor engedelmeskedsz Istennek, seg\u00edt, hogy legy\u0151zd a s\u00e9rt\u00e9s f\u00e1jdalm\u00e1t \u00e9s jobban \u00e9lvezd az \u00e9letet.<\/p>\n<hr \/>\n<p>Ima: Istenem, b\u00e1r neh\u00e9z, im\u00e1dkozom azok\u00e9rt, akik megb\u00e1ntottak \u00e9s k\u00e9rem, hogy \u00e1ldd meg \u0151ket. Seg\u00edts, hogy elengedjem a f\u00e1jdalmat, \u00e9s megbocs\u00e1ssak nekik.<\/p>\n","protected":false},"excerpt":{"rendered":"<p>Luk. 6:28 megmondja, hogy mit tegy\u00fcnk azokkal, aki megb\u00e1ntottak minket: im\u00e1dkozzunk \u00e9rt\u00fck \u00e9s \u00e1ldjuk meg \u0151ket.<\/p>\n","protected":false},"author":15,"featured_media":432,"parent":0,"menu_order":0,"comment_status":"closed","ping_status":"closed","template":"","class_list":["post-431","devotional","type-devotional","status-publish","has-post-thumbnail","hentry"],"acf":[],"appp":{"post_detail":{"above_title":"<div class=\"post-featured-wrap\"><img width=\"640\" height=\"360\" src=\"https:\/\/tv.joycemeyer.org\/magyar\/wp-content\/uploads\/sites\/72\/2018\/09\/99.jpg\" class=\"post-featured wp-post-image\" alt=\"\" decoding=\"async\" srcset=\"https:\/\/tv.joycemeyer.org\/magyar\/wp-content\/uploads\/sites\/72\/2018\/09\/99.jpg 640w, https:\/\/tv.joycemeyer.org\/magyar\/wp-content\/uploads\/sites\/72\/2018\/09\/99-300x169.jpg 300w\" sizes=\"(max-width: 640px) 100vw, 640px\" \/><\/div>","below_content":"<div class=\"follow\"><h6 class=\"alt\">L\u00e9pj kapcsolatba vel\u00fcnk<\/h6><ul class=\"nav nav--social nav--flex\"><li class=\"menu-item facebook\"><a href=\"https:\/\/www.facebook.com\/JoyceMeyerMinistriesHungarian\/\" target=\"_blank\"><span class=\"visuallyhidden\">Facebook<\/span><\/a><\/li><li class=\"menu-item instagram\"><a href=\"https:\/\/www.instagram.com\/joycemeyerministriesmagyar\/\" target=\"_blank\"><span class=\"visuallyhidden\">Instagram<\/span><\/a><\/li><li class=\"menu-item youtube\"><a href=\"https:\/\/www.youtube.com\/channel\/UCoAjHvNztMybm-_7N0zdThg\" target=\"_blank\"><span class=\"visuallyhidden\">YouTube<\/span><\/a><\/li><\/ul><\/div>"}},"yoast_head":"<!-- This site is optimized with the Yoast SEO plugin v27.4 - https:\/\/yoast.com\/product\/yoast-seo-wordpress\/ -->\n<title>Amikor neh\u00e9z m\u00e1sok\u00e9rt im\u00e1dkozni - Joyce Meyer Ministries - Magyar<\/title>\n<meta name=\"robots\" content=\"index, follow, max-snippet:-1, max-image-preview:large, max-video-preview:-1\" \/>\n<link rel=\"canonical\" href=\"https:\/\/tv.joycemeyer.org\/magyar\/devotional\/amikor-nehez-masokert-imadkozni\/\" \/>\n<meta property=\"og:locale\" content=\"en_US\" \/>\n<meta property=\"og:type\" content=\"article\" \/>\n<meta property=\"og:title\" content=\"Amikor neh\u00e9z m\u00e1sok\u00e9rt im\u00e1dkozni - Joyce Meyer Ministries - Magyar\" \/>\n<meta property=\"og:description\" content=\"Luk. 6:28 megmondja, hogy mit tegy\u00fcnk azokkal, aki megb\u00e1ntottak minket: im\u00e1dkozzunk \u00e9rt\u00fck \u00e9s \u00e1ldjuk meg \u0151ket.\" \/>\n<meta property=\"og:url\" content=\"https:\/\/tv.joycemeyer.org\/magyar\/devotional\/amikor-nehez-masokert-imadkozni\/\" \/>\n<meta property=\"og:site_name\" content=\"Joyce Meyer Ministries - Magyar\" \/>\n<meta property=\"article:publisher\" content=\"https:\/\/www.facebook.com\/JoyceMeyerMinistriesHungarian\/\" \/>\n<meta property=\"article:modified_time\" content=\"2025-09-24T17:44:18+00:00\" \/>\n<meta property=\"og:image\" content=\"https:\/\/tv.joycemeyer.org\/magyar\/wp-content\/uploads\/sites\/72\/2018\/09\/99.jpg\" \/>\n\t<meta property=\"og:image:width\" content=\"640\" \/>\n\t<meta property=\"og:image:height\" content=\"360\" \/>\n\t<meta property=\"og:image:type\" content=\"image\/jpeg\" \/>\n<meta name=\"twitter:card\" content=\"summary_large_image\" \/>\n<meta name=\"twitter:label1\" content=\"Est. reading time\" \/>\n\t<meta name=\"twitter:data1\" content=\"2 minutes\" \/>\n<script type=\"application\/ld+json\" class=\"yoast-schema-graph\">{\"@context\":\"https:\\\/\\\/schema.org\",\"@graph\":[{\"@type\":\"WebPage\",\"@id\":\"https:\\\/\\\/tv.joycemeyer.org\\\/magyar\\\/devotional\\\/amikor-nehez-masokert-imadkozni\\\/\",\"url\":\"https:\\\/\\\/tv.joycemeyer.org\\\/magyar\\\/devotional\\\/amikor-nehez-masokert-imadkozni\\\/\",\"name\":\"Amikor neh\u00e9z m\u00e1sok\u00e9rt im\u00e1dkozni - Joyce Meyer Ministries - Magyar\",\"isPartOf\":{\"@id\":\"https:\\\/\\\/tv.joycemeyer.org\\\/magyar\\\/#website\"},\"primaryImageOfPage\":{\"@id\":\"https:\\\/\\\/tv.joycemeyer.org\\\/magyar\\\/devotional\\\/amikor-nehez-masokert-imadkozni\\\/#primaryimage\"},\"image\":{\"@id\":\"https:\\\/\\\/tv.joycemeyer.org\\\/magyar\\\/devotional\\\/amikor-nehez-masokert-imadkozni\\\/#primaryimage\"},\"thumbnailUrl\":\"https:\\\/\\\/tv.joycemeyer.org\\\/magyar\\\/wp-content\\\/uploads\\\/sites\\\/72\\\/2018\\\/09\\\/99.jpg\",\"datePublished\":\"2019-10-09T00:01:14+00:00\",\"dateModified\":\"2025-09-24T17:44:18+00:00\",\"breadcrumb\":{\"@id\":\"https:\\\/\\\/tv.joycemeyer.org\\\/magyar\\\/devotional\\\/amikor-nehez-masokert-imadkozni\\\/#breadcrumb\"},\"inLanguage\":\"en-US\",\"potentialAction\":[{\"@type\":\"ReadAction\",\"target\":[\"https:\\\/\\\/tv.joycemeyer.org\\\/magyar\\\/devotional\\\/amikor-nehez-masokert-imadkozni\\\/\"]}]},{\"@type\":\"ImageObject\",\"inLanguage\":\"en-US\",\"@id\":\"https:\\\/\\\/tv.joycemeyer.org\\\/magyar\\\/devotional\\\/amikor-nehez-masokert-imadkozni\\\/#primaryimage\",\"url\":\"https:\\\/\\\/tv.joycemeyer.org\\\/magyar\\\/wp-content\\\/uploads\\\/sites\\\/72\\\/2018\\\/09\\\/99.jpg\",\"contentUrl\":\"https:\\\/\\\/tv.joycemeyer.org\\\/magyar\\\/wp-content\\\/uploads\\\/sites\\\/72\\\/2018\\\/09\\\/99.jpg\",\"width\":640,\"height\":360,\"caption\":\"Amikor neh\u00e9z m\u00e1sok\u00e9rt im\u00e1dkozni\"},{\"@type\":\"BreadcrumbList\",\"@id\":\"https:\\\/\\\/tv.joycemeyer.org\\\/magyar\\\/devotional\\\/amikor-nehez-masokert-imadkozni\\\/#breadcrumb\",\"itemListElement\":[{\"@type\":\"ListItem\",\"position\":1,\"name\":\"Home\",\"item\":\"https:\\\/\\\/tv.joycemeyer.org\\\/magyar\\\/\"},{\"@type\":\"ListItem\",\"position\":2,\"name\":\"Devotional\",\"item\":\"https:\\\/\\\/tv.joycemeyer.org\\\/magyar\\\/devotional\\\/\"},{\"@type\":\"ListItem\",\"position\":3,\"name\":\"Amikor neh\u00e9z m\u00e1sok\u00e9rt im\u00e1dkozni\"}]},{\"@type\":\"WebSite\",\"@id\":\"https:\\\/\\\/tv.joycemeyer.org\\\/magyar\\\/#website\",\"url\":\"https:\\\/\\\/tv.joycemeyer.org\\\/magyar\\\/\",\"name\":\"Joyce Meyer Ministries - Magyar\",\"description\":\"Hirdetj\u00fck Krisztust - Szeretj\u00fck az embereket\",\"potentialAction\":[{\"@type\":\"SearchAction\",\"target\":{\"@type\":\"EntryPoint\",\"urlTemplate\":\"https:\\\/\\\/tv.joycemeyer.org\\\/magyar\\\/?s={search_term_string}\"},\"query-input\":{\"@type\":\"PropertyValueSpecification\",\"valueRequired\":true,\"valueName\":\"search_term_string\"}}],\"inLanguage\":\"en-US\"}]}<\/script>\n<!-- \/ Yoast SEO plugin. -->","yoast_head_json":{"title":"Amikor neh\u00e9z m\u00e1sok\u00e9rt im\u00e1dkozni - Joyce Meyer Ministries - Magyar","robots":{"index":"index","follow":"follow","max-snippet":"max-snippet:-1","max-image-preview":"max-image-preview:large","max-video-preview":"max-video-preview:-1"},"canonical":"https:\/\/tv.joycemeyer.org\/magyar\/devotional\/amikor-nehez-masokert-imadkozni\/","og_locale":"en_US","og_type":"article","og_title":"Amikor neh\u00e9z m\u00e1sok\u00e9rt im\u00e1dkozni - Joyce Meyer Ministries - Magyar","og_description":"Luk. 6:28 megmondja, hogy mit tegy\u00fcnk azokkal, aki megb\u00e1ntottak minket: im\u00e1dkozzunk \u00e9rt\u00fck \u00e9s \u00e1ldjuk meg \u0151ket.","og_url":"https:\/\/tv.joycemeyer.org\/magyar\/devotional\/amikor-nehez-masokert-imadkozni\/","og_site_name":"Joyce Meyer Ministries - Magyar","article_publisher":"https:\/\/www.facebook.com\/JoyceMeyerMinistriesHungarian\/","article_modified_time":"2025-09-24T17:44:18+00:00","og_image":[{"width":640,"height":360,"url":"https:\/\/tv.joycemeyer.org\/magyar\/wp-content\/uploads\/sites\/72\/2018\/09\/99.jpg","type":"image\/jpeg"}],"twitter_card":"summary_large_image","twitter_misc":{"Est. reading time":"2 minutes"},"schema":{"@context":"https:\/\/schema.org","@graph":[{"@type":"WebPage","@id":"https:\/\/tv.joycemeyer.org\/magyar\/devotional\/amikor-nehez-masokert-imadkozni\/","url":"https:\/\/tv.joycemeyer.org\/magyar\/devotional\/amikor-nehez-masokert-imadkozni\/","name":"Amikor neh\u00e9z m\u00e1sok\u00e9rt im\u00e1dkozni - Joyce Meyer Ministries - Magyar","isPartOf":{"@id":"https:\/\/tv.joycemeyer.org\/magyar\/#website"},"primaryImageOfPage":{"@id":"https:\/\/tv.joycemeyer.org\/magyar\/devotional\/amikor-nehez-masokert-imadkozni\/#primaryimage"},"image":{"@id":"https:\/\/tv.joycemeyer.org\/magyar\/devotional\/amikor-nehez-masokert-imadkozni\/#primaryimage"},"thumbnailUrl":"https:\/\/tv.joycemeyer.org\/magyar\/wp-content\/uploads\/sites\/72\/2018\/09\/99.jpg","datePublished":"2019-10-09T00:01:14+00:00","dateModified":"2025-09-24T17:44:18+00:00","breadcrumb":{"@id":"https:\/\/tv.joycemeyer.org\/magyar\/devotional\/amikor-nehez-masokert-imadkozni\/#breadcrumb"},"inLanguage":"en-US","potentialAction":[{"@type":"ReadAction","target":["https:\/\/tv.joycemeyer.org\/magyar\/devotional\/amikor-nehez-masokert-imadkozni\/"]}]},{"@type":"ImageObject","inLanguage":"en-US","@id":"https:\/\/tv.joycemeyer.org\/magyar\/devotional\/amikor-nehez-masokert-imadkozni\/#primaryimage","url":"https:\/\/tv.joycemeyer.org\/magyar\/wp-content\/uploads\/sites\/72\/2018\/09\/99.jpg","contentUrl":"https:\/\/tv.joycemeyer.org\/magyar\/wp-content\/uploads\/sites\/72\/2018\/09\/99.jpg","width":640,"height":360,"caption":"Amikor neh\u00e9z m\u00e1sok\u00e9rt im\u00e1dkozni"},{"@type":"BreadcrumbList","@id":"https:\/\/tv.joycemeyer.org\/magyar\/devotional\/amikor-nehez-masokert-imadkozni\/#breadcrumb","itemListElement":[{"@type":"ListItem","position":1,"name":"Home","item":"https:\/\/tv.joycemeyer.org\/magyar\/"},{"@type":"ListItem","position":2,"name":"Devotional","item":"https:\/\/tv.joycemeyer.org\/magyar\/devotional\/"},{"@type":"ListItem","position":3,"name":"Amikor neh\u00e9z m\u00e1sok\u00e9rt im\u00e1dkozni"}]},{"@type":"WebSite","@id":"https:\/\/tv.joycemeyer.org\/magyar\/#website","url":"https:\/\/tv.joycemeyer.org\/magyar\/","name":"Joyce Meyer Ministries - Magyar","description":"Hirdetj\u00fck Krisztust - Szeretj\u00fck az embereket","potentialAction":[{"@type":"SearchAction","target":{"@type":"EntryPoint","urlTemplate":"https:\/\/tv.joycemeyer.org\/magyar\/?s={search_term_string}"},"query-input":{"@type":"PropertyValueSpecification","valueRequired":true,"valueName":"search_term_string"}}],"inLanguage":"en-US"}]}},"_links":{"self":[{"href":"https:\/\/tv.joycemeyer.org\/magyar\/wp-json\/wp\/v2\/devotional\/431","targetHints":{"allow":["GET"]}}],"collection":[{"href":"https:\/\/tv.joycemeyer.org\/magyar\/wp-json\/wp\/v2\/devotional"}],"about":[{"href":"https:\/\/tv.joycemeyer.org\/magyar\/wp-json\/wp\/v2\/types\/devotional"}],"author":[{"embeddable":true,"href":"https:\/\/tv.joycemeyer.org\/magyar\/wp-json\/wp\/v2\/users\/15"}],"replies":[{"embeddable":true,"href":"https:\/\/tv.joycemeyer.org\/magyar\/wp-json\/wp\/v2\/comments?post=431"}],"wp:featuredmedia":[{"embeddable":true,"href":"https:\/\/tv.joycemeyer.org\/magyar\/wp-json\/wp\/v2\/media\/432"}],"wp:attachment":[{"href":"https:\/\/tv.joycemeyer.org\/magyar\/wp-json\/wp\/v2\/media?parent=431"}],"curies":[{"name":"wp","href":"https:\/\/api.w.org\/{rel}","templated":true}]}}