{"id":4333,"date":"2023-05-22T00:01:32","date_gmt":"2023-05-22T00:01:32","guid":{"rendered":"https:\/\/tv.joycemeyer.org\/magyar\/?post_type=devotional&#038;p=4333"},"modified":"2023-05-22T11:15:23","modified_gmt":"2023-05-22T11:15:23","slug":"valld-meg-hogy-bizol-benne","status":"publish","type":"devotional","link":"https:\/\/tv.joycemeyer.org\/magyar\/devotional\/valld-meg-hogy-bizol-benne\/","title":{"rendered":"Valld meg, hogy b\u00edzol Benne!"},"content":{"rendered":"<blockquote><p>J\u00f3 az \u00dar! Mened\u00e9k a nyomor\u00fas\u00e1g idej\u00e9n, gondja van a hozz\u00e1 folyamod\u00f3kra. Nah. 1:7<\/p><\/blockquote>\n<p>Ha \u00fagy d\u00f6ntesz, hogy elm\u00e9lkedsz azon a gondolaton, hogy teljesen b\u00edzom Istenben; nem kell agg\u00f3dnom, \u00e9s meg is vallod ezt, v\u00e9g\u00fcl egy \u00faj gondolkod\u00e1sm\u00f3dot fogsz kialak\u00edtani, amely lehet\u0151v\u00e9 teszi, hogy k\u00f6nnyed\u00e9n b\u00edzz Istenben. Szok\u00e1sodd\u00e1 v\u00e1lik megkeresni \u00e9s felnagy\u00edtani, azt ami j\u00f3, h\u00e1l\u00e1t adva Istennek \u00fatk\u00f6zben minden egyes gy\u0151zelem\u00e9rt. Az \u00e9let nagyon \u00e9lvezetes, ha \u00fagy d\u00f6nt\u00fcnk, hogy minden\u00e9rt im\u00e1dkozunk, \u00e9s semmi\u00e9rt sem agg\u00f3dunk.<\/p>\n<p>Ne cs\u00fcggedj, ha e gondolkod\u00e1sm\u00f3d kialak\u00edt\u00e1sa kezdetben neh\u00e9znek t\u0171nik. Lehet, hogy 1000-szer kell kimondanod, hogy b\u00edzol Istenben, \u00e9s nem agg\u00f3dsz, miel\u0151tt elkezded \u00e9rezni ennek hat\u00e1s\u00e1t. Ne feledd, hogy minden egyes alkalommal, amikor azt gondolod \u00e9s mondod, ami egyezik Isten akarat\u00e1val, halad\u00e1st \u00e9rsz el. A S\u00e1t\u00e1n k\u00f6ny\u00f6rtelen\u00fcl pr\u00f3b\u00e1l majd r\u00e1venni, hogy feladd, de ha t\u00f6retlen\u00fcl elhat\u00e1rozod, hogy b\u00edzol Istenben, garant\u00e1lom, hogy id\u0151vel megl\u00e1tod majd az eredm\u00e9nyt.<\/p>\n<hr \/>\n<h4><strong>H\u00e1laad\u00f3 ima<\/strong><\/h4>\n<p>K\u00f6sz\u00f6n\u00f6m Neked, Aty\u00e1m, hogy megb\u00edzhat\u00f3 vagy, \u00e9s az \u00e9letem minden ter\u00fclet\u00e9n sz\u00e1m\u00edthatok R\u00e1d. B\u00edzom abban, hogy Te minden probl\u00e9m\u00e1mat meg tudod oldani. Nem fogok agg\u00f3dni; b\u00edzom Benned.<\/p>\n","protected":false},"excerpt":{"rendered":"<p>Ne feledd, hogy minden egyes alkalommal, amikor azt gondolod \u00e9s mondod, ami egyezik Isten akarat\u00e1val, halad\u00e1st \u00e9rsz el.<\/p>\n","protected":false},"author":20,"featured_media":4334,"parent":0,"menu_order":0,"comment_status":"closed","ping_status":"closed","template":"","class_list":["post-4333","devotional","type-devotional","status-publish","has-post-thumbnail","hentry"],"acf":[],"appp":{"post_detail":{"above_title":"<div class=\"post-featured-wrap\"><img width=\"1024\" height=\"597\" src=\"https:\/\/tv.joycemeyer.org\/magyar\/wp-content\/uploads\/sites\/72\/2023\/04\/2858-1024x597.jpg\" class=\"post-featured wp-post-image\" alt=\"Valld meg, hogy b\u00edzol Benne!\" decoding=\"async\" srcset=\"https:\/\/tv.joycemeyer.org\/magyar\/wp-content\/uploads\/sites\/72\/2023\/04\/2858-1024x597.jpg 1024w, https:\/\/tv.joycemeyer.org\/magyar\/wp-content\/uploads\/sites\/72\/2023\/04\/2858-300x175.jpg 300w, https:\/\/tv.joycemeyer.org\/magyar\/wp-content\/uploads\/sites\/72\/2023\/04\/2858-768x448.jpg 768w, https:\/\/tv.joycemeyer.org\/magyar\/wp-content\/uploads\/sites\/72\/2023\/04\/2858-1536x896.jpg 1536w, https:\/\/tv.joycemeyer.org\/magyar\/wp-content\/uploads\/sites\/72\/2023\/04\/2858.jpg 1800w\" sizes=\"(max-width: 1024px) 100vw, 1024px\" \/><\/div>","below_content":"<div class=\"follow\"><h6 class=\"alt\">L\u00e9pj kapcsolatba vel\u00fcnk<\/h6><ul class=\"nav nav--social nav--flex\"><li class=\"menu-item facebook\"><a href=\"https:\/\/www.facebook.com\/JoyceMeyerMinistriesHungarian\/\" target=\"_blank\"><span class=\"visuallyhidden\">Facebook<\/span><\/a><\/li><li class=\"menu-item instagram\"><a href=\"https:\/\/www.instagram.com\/joycemeyerministriesmagyar\/\" target=\"_blank\"><span class=\"visuallyhidden\">Instagram<\/span><\/a><\/li><li class=\"menu-item youtube\"><a href=\"https:\/\/www.youtube.com\/channel\/UCoAjHvNztMybm-_7N0zdThg\" target=\"_blank\"><span class=\"visuallyhidden\">YouTube<\/span><\/a><\/li><\/ul><\/div>"}},"yoast_head":"<!-- This site is optimized with the Yoast SEO plugin v27.4 - https:\/\/yoast.com\/product\/yoast-seo-wordpress\/ -->\n<title>Valld meg, hogy b\u00edzol Benne! - Joyce Meyer Ministries - Magyar<\/title>\n<meta name=\"robots\" content=\"index, follow, max-snippet:-1, max-image-preview:large, max-video-preview:-1\" \/>\n<link rel=\"canonical\" href=\"https:\/\/tv.joycemeyer.org\/magyar\/devotional\/valld-meg-hogy-bizol-benne\/\" \/>\n<meta property=\"og:locale\" content=\"en_US\" \/>\n<meta property=\"og:type\" content=\"article\" \/>\n<meta property=\"og:title\" content=\"Valld meg, hogy b\u00edzol Benne! - Joyce Meyer Ministries - Magyar\" \/>\n<meta property=\"og:description\" content=\"Ne feledd, hogy minden egyes alkalommal, amikor azt gondolod \u00e9s mondod, ami egyezik Isten akarat\u00e1val, halad\u00e1st \u00e9rsz el.\" \/>\n<meta property=\"og:url\" content=\"https:\/\/tv.joycemeyer.org\/magyar\/devotional\/valld-meg-hogy-bizol-benne\/\" \/>\n<meta property=\"og:site_name\" content=\"Joyce Meyer Ministries - Magyar\" \/>\n<meta property=\"article:publisher\" content=\"https:\/\/www.facebook.com\/JoyceMeyerMinistriesHungarian\/\" \/>\n<meta property=\"article:modified_time\" content=\"2023-05-22T11:15:23+00:00\" \/>\n<meta property=\"og:image\" content=\"https:\/\/tv.joycemeyer.org\/magyar\/wp-content\/uploads\/sites\/72\/2023\/04\/2858.jpg\" \/>\n\t<meta property=\"og:image:width\" content=\"1800\" \/>\n\t<meta property=\"og:image:height\" content=\"1050\" \/>\n\t<meta property=\"og:image:type\" content=\"image\/jpeg\" \/>\n<meta name=\"twitter:card\" content=\"summary_large_image\" \/>\n<meta name=\"twitter:label1\" content=\"Est. reading time\" \/>\n\t<meta name=\"twitter:data1\" content=\"1 minute\" \/>\n<script type=\"application\/ld+json\" class=\"yoast-schema-graph\">{\"@context\":\"https:\\\/\\\/schema.org\",\"@graph\":[{\"@type\":\"WebPage\",\"@id\":\"https:\\\/\\\/tv.joycemeyer.org\\\/magyar\\\/devotional\\\/valld-meg-hogy-bizol-benne\\\/\",\"url\":\"https:\\\/\\\/tv.joycemeyer.org\\\/magyar\\\/devotional\\\/valld-meg-hogy-bizol-benne\\\/\",\"name\":\"Valld meg, hogy b\u00edzol Benne! - Joyce Meyer Ministries - Magyar\",\"isPartOf\":{\"@id\":\"https:\\\/\\\/tv.joycemeyer.org\\\/magyar\\\/#website\"},\"primaryImageOfPage\":{\"@id\":\"https:\\\/\\\/tv.joycemeyer.org\\\/magyar\\\/devotional\\\/valld-meg-hogy-bizol-benne\\\/#primaryimage\"},\"image\":{\"@id\":\"https:\\\/\\\/tv.joycemeyer.org\\\/magyar\\\/devotional\\\/valld-meg-hogy-bizol-benne\\\/#primaryimage\"},\"thumbnailUrl\":\"https:\\\/\\\/tv.joycemeyer.org\\\/magyar\\\/wp-content\\\/uploads\\\/sites\\\/72\\\/2023\\\/04\\\/2858.jpg\",\"datePublished\":\"2023-05-22T00:01:32+00:00\",\"dateModified\":\"2023-05-22T11:15:23+00:00\",\"breadcrumb\":{\"@id\":\"https:\\\/\\\/tv.joycemeyer.org\\\/magyar\\\/devotional\\\/valld-meg-hogy-bizol-benne\\\/#breadcrumb\"},\"inLanguage\":\"en-US\",\"potentialAction\":[{\"@type\":\"ReadAction\",\"target\":[\"https:\\\/\\\/tv.joycemeyer.org\\\/magyar\\\/devotional\\\/valld-meg-hogy-bizol-benne\\\/\"]}]},{\"@type\":\"ImageObject\",\"inLanguage\":\"en-US\",\"@id\":\"https:\\\/\\\/tv.joycemeyer.org\\\/magyar\\\/devotional\\\/valld-meg-hogy-bizol-benne\\\/#primaryimage\",\"url\":\"https:\\\/\\\/tv.joycemeyer.org\\\/magyar\\\/wp-content\\\/uploads\\\/sites\\\/72\\\/2023\\\/04\\\/2858.jpg\",\"contentUrl\":\"https:\\\/\\\/tv.joycemeyer.org\\\/magyar\\\/wp-content\\\/uploads\\\/sites\\\/72\\\/2023\\\/04\\\/2858.jpg\",\"width\":1800,\"height\":1050,\"caption\":\"Valld meg, hogy b\u00edzol Benne!\"},{\"@type\":\"BreadcrumbList\",\"@id\":\"https:\\\/\\\/tv.joycemeyer.org\\\/magyar\\\/devotional\\\/valld-meg-hogy-bizol-benne\\\/#breadcrumb\",\"itemListElement\":[{\"@type\":\"ListItem\",\"position\":1,\"name\":\"Home\",\"item\":\"https:\\\/\\\/tv.joycemeyer.org\\\/magyar\\\/\"},{\"@type\":\"ListItem\",\"position\":2,\"name\":\"Devotional\",\"item\":\"https:\\\/\\\/tv.joycemeyer.org\\\/magyar\\\/devotional\\\/\"},{\"@type\":\"ListItem\",\"position\":3,\"name\":\"Valld meg, hogy b\u00edzol Benne!\"}]},{\"@type\":\"WebSite\",\"@id\":\"https:\\\/\\\/tv.joycemeyer.org\\\/magyar\\\/#website\",\"url\":\"https:\\\/\\\/tv.joycemeyer.org\\\/magyar\\\/\",\"name\":\"Joyce Meyer Ministries - Magyar\",\"description\":\"Hirdetj\u00fck Krisztust - Szeretj\u00fck az embereket\",\"potentialAction\":[{\"@type\":\"SearchAction\",\"target\":{\"@type\":\"EntryPoint\",\"urlTemplate\":\"https:\\\/\\\/tv.joycemeyer.org\\\/magyar\\\/?s={search_term_string}\"},\"query-input\":{\"@type\":\"PropertyValueSpecification\",\"valueRequired\":true,\"valueName\":\"search_term_string\"}}],\"inLanguage\":\"en-US\"}]}<\/script>\n<!-- \/ Yoast SEO plugin. -->","yoast_head_json":{"title":"Valld meg, hogy b\u00edzol Benne! - Joyce Meyer Ministries - Magyar","robots":{"index":"index","follow":"follow","max-snippet":"max-snippet:-1","max-image-preview":"max-image-preview:large","max-video-preview":"max-video-preview:-1"},"canonical":"https:\/\/tv.joycemeyer.org\/magyar\/devotional\/valld-meg-hogy-bizol-benne\/","og_locale":"en_US","og_type":"article","og_title":"Valld meg, hogy b\u00edzol Benne! - Joyce Meyer Ministries - Magyar","og_description":"Ne feledd, hogy minden egyes alkalommal, amikor azt gondolod \u00e9s mondod, ami egyezik Isten akarat\u00e1val, halad\u00e1st \u00e9rsz el.","og_url":"https:\/\/tv.joycemeyer.org\/magyar\/devotional\/valld-meg-hogy-bizol-benne\/","og_site_name":"Joyce Meyer Ministries - Magyar","article_publisher":"https:\/\/www.facebook.com\/JoyceMeyerMinistriesHungarian\/","article_modified_time":"2023-05-22T11:15:23+00:00","og_image":[{"width":1800,"height":1050,"url":"https:\/\/tv.joycemeyer.org\/magyar\/wp-content\/uploads\/sites\/72\/2023\/04\/2858.jpg","type":"image\/jpeg"}],"twitter_card":"summary_large_image","twitter_misc":{"Est. reading time":"1 minute"},"schema":{"@context":"https:\/\/schema.org","@graph":[{"@type":"WebPage","@id":"https:\/\/tv.joycemeyer.org\/magyar\/devotional\/valld-meg-hogy-bizol-benne\/","url":"https:\/\/tv.joycemeyer.org\/magyar\/devotional\/valld-meg-hogy-bizol-benne\/","name":"Valld meg, hogy b\u00edzol Benne! - Joyce Meyer Ministries - Magyar","isPartOf":{"@id":"https:\/\/tv.joycemeyer.org\/magyar\/#website"},"primaryImageOfPage":{"@id":"https:\/\/tv.joycemeyer.org\/magyar\/devotional\/valld-meg-hogy-bizol-benne\/#primaryimage"},"image":{"@id":"https:\/\/tv.joycemeyer.org\/magyar\/devotional\/valld-meg-hogy-bizol-benne\/#primaryimage"},"thumbnailUrl":"https:\/\/tv.joycemeyer.org\/magyar\/wp-content\/uploads\/sites\/72\/2023\/04\/2858.jpg","datePublished":"2023-05-22T00:01:32+00:00","dateModified":"2023-05-22T11:15:23+00:00","breadcrumb":{"@id":"https:\/\/tv.joycemeyer.org\/magyar\/devotional\/valld-meg-hogy-bizol-benne\/#breadcrumb"},"inLanguage":"en-US","potentialAction":[{"@type":"ReadAction","target":["https:\/\/tv.joycemeyer.org\/magyar\/devotional\/valld-meg-hogy-bizol-benne\/"]}]},{"@type":"ImageObject","inLanguage":"en-US","@id":"https:\/\/tv.joycemeyer.org\/magyar\/devotional\/valld-meg-hogy-bizol-benne\/#primaryimage","url":"https:\/\/tv.joycemeyer.org\/magyar\/wp-content\/uploads\/sites\/72\/2023\/04\/2858.jpg","contentUrl":"https:\/\/tv.joycemeyer.org\/magyar\/wp-content\/uploads\/sites\/72\/2023\/04\/2858.jpg","width":1800,"height":1050,"caption":"Valld meg, hogy b\u00edzol Benne!"},{"@type":"BreadcrumbList","@id":"https:\/\/tv.joycemeyer.org\/magyar\/devotional\/valld-meg-hogy-bizol-benne\/#breadcrumb","itemListElement":[{"@type":"ListItem","position":1,"name":"Home","item":"https:\/\/tv.joycemeyer.org\/magyar\/"},{"@type":"ListItem","position":2,"name":"Devotional","item":"https:\/\/tv.joycemeyer.org\/magyar\/devotional\/"},{"@type":"ListItem","position":3,"name":"Valld meg, hogy b\u00edzol Benne!"}]},{"@type":"WebSite","@id":"https:\/\/tv.joycemeyer.org\/magyar\/#website","url":"https:\/\/tv.joycemeyer.org\/magyar\/","name":"Joyce Meyer Ministries - Magyar","description":"Hirdetj\u00fck Krisztust - Szeretj\u00fck az embereket","potentialAction":[{"@type":"SearchAction","target":{"@type":"EntryPoint","urlTemplate":"https:\/\/tv.joycemeyer.org\/magyar\/?s={search_term_string}"},"query-input":{"@type":"PropertyValueSpecification","valueRequired":true,"valueName":"search_term_string"}}],"inLanguage":"en-US"}]}},"_links":{"self":[{"href":"https:\/\/tv.joycemeyer.org\/magyar\/wp-json\/wp\/v2\/devotional\/4333","targetHints":{"allow":["GET"]}}],"collection":[{"href":"https:\/\/tv.joycemeyer.org\/magyar\/wp-json\/wp\/v2\/devotional"}],"about":[{"href":"https:\/\/tv.joycemeyer.org\/magyar\/wp-json\/wp\/v2\/types\/devotional"}],"author":[{"embeddable":true,"href":"https:\/\/tv.joycemeyer.org\/magyar\/wp-json\/wp\/v2\/users\/20"}],"replies":[{"embeddable":true,"href":"https:\/\/tv.joycemeyer.org\/magyar\/wp-json\/wp\/v2\/comments?post=4333"}],"wp:featuredmedia":[{"embeddable":true,"href":"https:\/\/tv.joycemeyer.org\/magyar\/wp-json\/wp\/v2\/media\/4334"}],"wp:attachment":[{"href":"https:\/\/tv.joycemeyer.org\/magyar\/wp-json\/wp\/v2\/media?parent=4333"}],"curies":[{"name":"wp","href":"https:\/\/api.w.org\/{rel}","templated":true}]}}