{"id":4384,"date":"2023-06-14T00:01:32","date_gmt":"2023-06-14T00:01:32","guid":{"rendered":"https:\/\/tv.joycemeyer.org\/magyar\/?post_type=devotional&#038;p=4384"},"modified":"2023-06-14T11:18:08","modified_gmt":"2023-06-14T11:18:08","slug":"erd-el-teljes-potencialod","status":"publish","type":"devotional","link":"https:\/\/tv.joycemeyer.org\/magyar\/devotional\/erd-el-teljes-potencialod\/","title":{"rendered":"\u00c9rd el teljes potenci\u00e1lod"},"content":{"rendered":"<blockquote><p>Minden\u00fctt szorongatnak minket, de nem szor\u00edtanak be, k\u00e9ts\u00e9gesked\u00fcnk, de nem es\u00fcnk k\u00e9ts\u00e9gbe. 2 Kor. 4:8<\/p><\/blockquote>\n<p>Teljesen hiszek abban, hogy a lehet\u0151s\u00e9geid \u00f6sszef\u00fcggenek azzal, ahogyan a neh\u00e9zs\u00e9geket kezeled. A viszontags\u00e1g nem mindig rossz. Val\u00f3j\u00e1ban a viszontags\u00e1g lehet olyasmi, ami\u00e9rt h\u00e1l\u00e1sak lehet\u00fcnk, mert Isten arra haszn\u00e1lhatja, hogy meger\u0151s\u00edtsen benn\u00fcnket. Winston Churchill mondta: &#8220;A neh\u00e9zs\u00e9gek lek\u00fczd\u00e9se megnyert lehet\u0151s\u00e9geket jelent&#8221;, \u00e9s ezzel teljes sz\u00edvemb\u0151l egyet\u00e9rtek.<\/p>\n<p>Ha hagyod, hogy a neh\u00e9zs\u00e9gek \u00e9s kih\u00edv\u00e1sok zavarjanak, megf\u00e9leml\u00edtsenek vagy elkedvetlen\u00edtsenek, akkor soha nem fogod legy\u0151zni \u0151ket. De ha szemben\u00e9zel vel\u00fck, \u00e9s \u00e1tv\u00e9szeled azokat, melyekkel tal\u00e1lkozol, ha nem adod fel, \u00e9s h\u00e1l\u00e1s sz\u00edvvel haladsz el\u0151re, akkor kifejleszted a sz\u00fcks\u00e9ges k\u00e9szs\u00e9geket \u00e9s elsz\u00e1nts\u00e1got, hogy azz\u00e1 v\u00e1lj, aminek teremtettek, \u00e9s megtapasztald mindazt, amire Isten sz\u00e1n t\u00e9ged.<\/p>\n<hr \/>\n<h4><strong>H\u00e1laad\u00f3 ima<\/strong><\/h4>\n<p>K\u00f6sz\u00f6n\u00f6m Neked, Aty\u00e1m, hogy nem kell feladnom, amikor neh\u00e9zs\u00e9gekkel szembes\u00fcl\u00f6k \u2013 szembe tudok n\u00e9zni vel\u00fck, tudva, hogy Te mindig velem vagy. K\u00f6sz\u00f6n\u00f6m az \u00edg\u00e9retet, hogy nagyobb az, aki bennem van, mint aki a vil\u00e1gban van.<\/p>\n","protected":false},"excerpt":{"rendered":"<p>Teljesen hiszek abban, hogy a lehet\u0151s\u00e9geid \u00f6sszef\u00fcggenek azzal, ahogyan a neh\u00e9zs\u00e9geket kezeled.<\/p>\n","protected":false},"author":20,"featured_media":4385,"parent":0,"menu_order":0,"comment_status":"closed","ping_status":"closed","template":"","class_list":["post-4384","devotional","type-devotional","status-publish","has-post-thumbnail","hentry"],"acf":[],"appp":{"post_detail":{"above_title":"<div class=\"post-featured-wrap\"><img width=\"1024\" height=\"597\" src=\"https:\/\/tv.joycemeyer.org\/magyar\/wp-content\/uploads\/sites\/72\/2023\/05\/2955-1024x597.jpg\" class=\"post-featured wp-post-image\" alt=\"\u00c9rd el teljes potenci\u00e1lod\" decoding=\"async\" srcset=\"https:\/\/tv.joycemeyer.org\/magyar\/wp-content\/uploads\/sites\/72\/2023\/05\/2955-1024x597.jpg 1024w, https:\/\/tv.joycemeyer.org\/magyar\/wp-content\/uploads\/sites\/72\/2023\/05\/2955-300x175.jpg 300w, https:\/\/tv.joycemeyer.org\/magyar\/wp-content\/uploads\/sites\/72\/2023\/05\/2955-768x448.jpg 768w, https:\/\/tv.joycemeyer.org\/magyar\/wp-content\/uploads\/sites\/72\/2023\/05\/2955-1536x896.jpg 1536w, https:\/\/tv.joycemeyer.org\/magyar\/wp-content\/uploads\/sites\/72\/2023\/05\/2955.jpg 1800w\" sizes=\"(max-width: 1024px) 100vw, 1024px\" \/><\/div>","below_content":"<div class=\"follow\"><h6 class=\"alt\">L\u00e9pj kapcsolatba vel\u00fcnk<\/h6><ul class=\"nav nav--social nav--flex\"><li class=\"menu-item facebook\"><a href=\"https:\/\/www.facebook.com\/JoyceMeyerMinistriesHungarian\/\" target=\"_blank\"><span class=\"visuallyhidden\">Facebook<\/span><\/a><\/li><li class=\"menu-item instagram\"><a href=\"https:\/\/www.instagram.com\/joycemeyerministriesmagyar\/\" target=\"_blank\"><span class=\"visuallyhidden\">Instagram<\/span><\/a><\/li><li class=\"menu-item youtube\"><a href=\"https:\/\/www.youtube.com\/channel\/UCoAjHvNztMybm-_7N0zdThg\" target=\"_blank\"><span class=\"visuallyhidden\">YouTube<\/span><\/a><\/li><\/ul><\/div>"}},"yoast_head":"<!-- This site is optimized with the Yoast SEO plugin v27.4 - https:\/\/yoast.com\/product\/yoast-seo-wordpress\/ -->\n<title>\u00c9rd el teljes potenci\u00e1lod - Joyce Meyer Ministries - Magyar<\/title>\n<meta name=\"robots\" content=\"index, follow, max-snippet:-1, max-image-preview:large, max-video-preview:-1\" \/>\n<link rel=\"canonical\" href=\"https:\/\/tv.joycemeyer.org\/magyar\/devotional\/erd-el-teljes-potencialod\/\" \/>\n<meta property=\"og:locale\" content=\"en_US\" \/>\n<meta property=\"og:type\" content=\"article\" \/>\n<meta property=\"og:title\" content=\"\u00c9rd el teljes potenci\u00e1lod - Joyce Meyer Ministries - Magyar\" \/>\n<meta property=\"og:description\" content=\"Teljesen hiszek abban, hogy a lehet\u0151s\u00e9geid \u00f6sszef\u00fcggenek azzal, ahogyan a neh\u00e9zs\u00e9geket kezeled.\" \/>\n<meta property=\"og:url\" content=\"https:\/\/tv.joycemeyer.org\/magyar\/devotional\/erd-el-teljes-potencialod\/\" \/>\n<meta property=\"og:site_name\" content=\"Joyce Meyer Ministries - Magyar\" \/>\n<meta property=\"article:publisher\" content=\"https:\/\/www.facebook.com\/JoyceMeyerMinistriesHungarian\/\" \/>\n<meta property=\"article:modified_time\" content=\"2023-06-14T11:18:08+00:00\" \/>\n<meta property=\"og:image\" content=\"https:\/\/tv.joycemeyer.org\/magyar\/wp-content\/uploads\/sites\/72\/2023\/05\/2955.jpg\" \/>\n\t<meta property=\"og:image:width\" content=\"1800\" \/>\n\t<meta property=\"og:image:height\" content=\"1050\" \/>\n\t<meta property=\"og:image:type\" content=\"image\/jpeg\" \/>\n<meta name=\"twitter:card\" content=\"summary_large_image\" \/>\n<meta name=\"twitter:label1\" content=\"Est. reading time\" \/>\n\t<meta name=\"twitter:data1\" content=\"1 minute\" \/>\n<script type=\"application\/ld+json\" class=\"yoast-schema-graph\">{\"@context\":\"https:\\\/\\\/schema.org\",\"@graph\":[{\"@type\":\"WebPage\",\"@id\":\"https:\\\/\\\/tv.joycemeyer.org\\\/magyar\\\/devotional\\\/erd-el-teljes-potencialod\\\/\",\"url\":\"https:\\\/\\\/tv.joycemeyer.org\\\/magyar\\\/devotional\\\/erd-el-teljes-potencialod\\\/\",\"name\":\"\u00c9rd el teljes potenci\u00e1lod - Joyce Meyer Ministries - Magyar\",\"isPartOf\":{\"@id\":\"https:\\\/\\\/tv.joycemeyer.org\\\/magyar\\\/#website\"},\"primaryImageOfPage\":{\"@id\":\"https:\\\/\\\/tv.joycemeyer.org\\\/magyar\\\/devotional\\\/erd-el-teljes-potencialod\\\/#primaryimage\"},\"image\":{\"@id\":\"https:\\\/\\\/tv.joycemeyer.org\\\/magyar\\\/devotional\\\/erd-el-teljes-potencialod\\\/#primaryimage\"},\"thumbnailUrl\":\"https:\\\/\\\/tv.joycemeyer.org\\\/magyar\\\/wp-content\\\/uploads\\\/sites\\\/72\\\/2023\\\/05\\\/2955.jpg\",\"datePublished\":\"2023-06-14T00:01:32+00:00\",\"dateModified\":\"2023-06-14T11:18:08+00:00\",\"breadcrumb\":{\"@id\":\"https:\\\/\\\/tv.joycemeyer.org\\\/magyar\\\/devotional\\\/erd-el-teljes-potencialod\\\/#breadcrumb\"},\"inLanguage\":\"en-US\",\"potentialAction\":[{\"@type\":\"ReadAction\",\"target\":[\"https:\\\/\\\/tv.joycemeyer.org\\\/magyar\\\/devotional\\\/erd-el-teljes-potencialod\\\/\"]}]},{\"@type\":\"ImageObject\",\"inLanguage\":\"en-US\",\"@id\":\"https:\\\/\\\/tv.joycemeyer.org\\\/magyar\\\/devotional\\\/erd-el-teljes-potencialod\\\/#primaryimage\",\"url\":\"https:\\\/\\\/tv.joycemeyer.org\\\/magyar\\\/wp-content\\\/uploads\\\/sites\\\/72\\\/2023\\\/05\\\/2955.jpg\",\"contentUrl\":\"https:\\\/\\\/tv.joycemeyer.org\\\/magyar\\\/wp-content\\\/uploads\\\/sites\\\/72\\\/2023\\\/05\\\/2955.jpg\",\"width\":1800,\"height\":1050,\"caption\":\"\u00c9rd el teljes potenci\u00e1lod\"},{\"@type\":\"BreadcrumbList\",\"@id\":\"https:\\\/\\\/tv.joycemeyer.org\\\/magyar\\\/devotional\\\/erd-el-teljes-potencialod\\\/#breadcrumb\",\"itemListElement\":[{\"@type\":\"ListItem\",\"position\":1,\"name\":\"Home\",\"item\":\"https:\\\/\\\/tv.joycemeyer.org\\\/magyar\\\/\"},{\"@type\":\"ListItem\",\"position\":2,\"name\":\"Devotional\",\"item\":\"https:\\\/\\\/tv.joycemeyer.org\\\/magyar\\\/devotional\\\/\"},{\"@type\":\"ListItem\",\"position\":3,\"name\":\"\u00c9rd el teljes potenci\u00e1lod\"}]},{\"@type\":\"WebSite\",\"@id\":\"https:\\\/\\\/tv.joycemeyer.org\\\/magyar\\\/#website\",\"url\":\"https:\\\/\\\/tv.joycemeyer.org\\\/magyar\\\/\",\"name\":\"Joyce Meyer Ministries - Magyar\",\"description\":\"Hirdetj\u00fck Krisztust - Szeretj\u00fck az embereket\",\"potentialAction\":[{\"@type\":\"SearchAction\",\"target\":{\"@type\":\"EntryPoint\",\"urlTemplate\":\"https:\\\/\\\/tv.joycemeyer.org\\\/magyar\\\/?s={search_term_string}\"},\"query-input\":{\"@type\":\"PropertyValueSpecification\",\"valueRequired\":true,\"valueName\":\"search_term_string\"}}],\"inLanguage\":\"en-US\"}]}<\/script>\n<!-- \/ Yoast SEO plugin. -->","yoast_head_json":{"title":"\u00c9rd el teljes potenci\u00e1lod - Joyce Meyer Ministries - Magyar","robots":{"index":"index","follow":"follow","max-snippet":"max-snippet:-1","max-image-preview":"max-image-preview:large","max-video-preview":"max-video-preview:-1"},"canonical":"https:\/\/tv.joycemeyer.org\/magyar\/devotional\/erd-el-teljes-potencialod\/","og_locale":"en_US","og_type":"article","og_title":"\u00c9rd el teljes potenci\u00e1lod - Joyce Meyer Ministries - Magyar","og_description":"Teljesen hiszek abban, hogy a lehet\u0151s\u00e9geid \u00f6sszef\u00fcggenek azzal, ahogyan a neh\u00e9zs\u00e9geket kezeled.","og_url":"https:\/\/tv.joycemeyer.org\/magyar\/devotional\/erd-el-teljes-potencialod\/","og_site_name":"Joyce Meyer Ministries - Magyar","article_publisher":"https:\/\/www.facebook.com\/JoyceMeyerMinistriesHungarian\/","article_modified_time":"2023-06-14T11:18:08+00:00","og_image":[{"width":1800,"height":1050,"url":"https:\/\/tv.joycemeyer.org\/magyar\/wp-content\/uploads\/sites\/72\/2023\/05\/2955.jpg","type":"image\/jpeg"}],"twitter_card":"summary_large_image","twitter_misc":{"Est. reading time":"1 minute"},"schema":{"@context":"https:\/\/schema.org","@graph":[{"@type":"WebPage","@id":"https:\/\/tv.joycemeyer.org\/magyar\/devotional\/erd-el-teljes-potencialod\/","url":"https:\/\/tv.joycemeyer.org\/magyar\/devotional\/erd-el-teljes-potencialod\/","name":"\u00c9rd el teljes potenci\u00e1lod - Joyce Meyer Ministries - Magyar","isPartOf":{"@id":"https:\/\/tv.joycemeyer.org\/magyar\/#website"},"primaryImageOfPage":{"@id":"https:\/\/tv.joycemeyer.org\/magyar\/devotional\/erd-el-teljes-potencialod\/#primaryimage"},"image":{"@id":"https:\/\/tv.joycemeyer.org\/magyar\/devotional\/erd-el-teljes-potencialod\/#primaryimage"},"thumbnailUrl":"https:\/\/tv.joycemeyer.org\/magyar\/wp-content\/uploads\/sites\/72\/2023\/05\/2955.jpg","datePublished":"2023-06-14T00:01:32+00:00","dateModified":"2023-06-14T11:18:08+00:00","breadcrumb":{"@id":"https:\/\/tv.joycemeyer.org\/magyar\/devotional\/erd-el-teljes-potencialod\/#breadcrumb"},"inLanguage":"en-US","potentialAction":[{"@type":"ReadAction","target":["https:\/\/tv.joycemeyer.org\/magyar\/devotional\/erd-el-teljes-potencialod\/"]}]},{"@type":"ImageObject","inLanguage":"en-US","@id":"https:\/\/tv.joycemeyer.org\/magyar\/devotional\/erd-el-teljes-potencialod\/#primaryimage","url":"https:\/\/tv.joycemeyer.org\/magyar\/wp-content\/uploads\/sites\/72\/2023\/05\/2955.jpg","contentUrl":"https:\/\/tv.joycemeyer.org\/magyar\/wp-content\/uploads\/sites\/72\/2023\/05\/2955.jpg","width":1800,"height":1050,"caption":"\u00c9rd el teljes potenci\u00e1lod"},{"@type":"BreadcrumbList","@id":"https:\/\/tv.joycemeyer.org\/magyar\/devotional\/erd-el-teljes-potencialod\/#breadcrumb","itemListElement":[{"@type":"ListItem","position":1,"name":"Home","item":"https:\/\/tv.joycemeyer.org\/magyar\/"},{"@type":"ListItem","position":2,"name":"Devotional","item":"https:\/\/tv.joycemeyer.org\/magyar\/devotional\/"},{"@type":"ListItem","position":3,"name":"\u00c9rd el teljes potenci\u00e1lod"}]},{"@type":"WebSite","@id":"https:\/\/tv.joycemeyer.org\/magyar\/#website","url":"https:\/\/tv.joycemeyer.org\/magyar\/","name":"Joyce Meyer Ministries - Magyar","description":"Hirdetj\u00fck Krisztust - Szeretj\u00fck az embereket","potentialAction":[{"@type":"SearchAction","target":{"@type":"EntryPoint","urlTemplate":"https:\/\/tv.joycemeyer.org\/magyar\/?s={search_term_string}"},"query-input":{"@type":"PropertyValueSpecification","valueRequired":true,"valueName":"search_term_string"}}],"inLanguage":"en-US"}]}},"_links":{"self":[{"href":"https:\/\/tv.joycemeyer.org\/magyar\/wp-json\/wp\/v2\/devotional\/4384","targetHints":{"allow":["GET"]}}],"collection":[{"href":"https:\/\/tv.joycemeyer.org\/magyar\/wp-json\/wp\/v2\/devotional"}],"about":[{"href":"https:\/\/tv.joycemeyer.org\/magyar\/wp-json\/wp\/v2\/types\/devotional"}],"author":[{"embeddable":true,"href":"https:\/\/tv.joycemeyer.org\/magyar\/wp-json\/wp\/v2\/users\/20"}],"replies":[{"embeddable":true,"href":"https:\/\/tv.joycemeyer.org\/magyar\/wp-json\/wp\/v2\/comments?post=4384"}],"wp:featuredmedia":[{"embeddable":true,"href":"https:\/\/tv.joycemeyer.org\/magyar\/wp-json\/wp\/v2\/media\/4385"}],"wp:attachment":[{"href":"https:\/\/tv.joycemeyer.org\/magyar\/wp-json\/wp\/v2\/media?parent=4384"}],"curies":[{"name":"wp","href":"https:\/\/api.w.org\/{rel}","templated":true}]}}