{"id":467,"date":"2019-10-21T00:01:41","date_gmt":"2019-10-21T00:01:41","guid":{"rendered":"https:\/\/tv.joycemeyer.org\/magyar\/?post_type=devotional&#038;p=467"},"modified":"2025-09-24T17:59:05","modified_gmt":"2025-09-24T17:59:05","slug":"utasitsd-vissza-az-ordogot","status":"publish","type":"devotional","link":"https:\/\/tv.joycemeyer.org\/magyar\/devotional\/utasitsd-vissza-az-ordogot\/","title":{"rendered":"Utas\u00edtsd vissza az \u00f6rd\u00f6g\u00f6t \u00e9s \u00f6rvendezz az \u00darban!"},"content":{"rendered":"<blockquote><p>\u201e\u00d6r\u00fcljetek az \u00darban mindenkor! Ism\u00e9t mondom: \u00f6r\u00fcljetek.\u201d Fil 4:4<\/p><\/blockquote>\n<p>A depresszi\u00f3 jelent\u00e9se t\u00f6bbek k\u00f6z\u00f6tt: \u201c\u00dcress\u00e9g, lehangolts\u00e1g, szomor\u00fa \u00e1llapot, leverts\u00e9g.\u201d A depresszi\u00f3 egyik gyakori oka, nem a k\u00f6r\u00fclm\u00e9nyeink vagy az ahol tartunk, hanem a hozz\u00e1\u00e1ll\u00e1sunk ahhoz, ahol \u00e9pp tartunk. Ez\u00e9rt akarja az \u00f6rd\u00f6g, hogy \u00e9rt\u00e9ktelennek \u00e9s visszautas\u00edtottnak \u00e9rezd magad.<\/p>\n<p>De ha nem engeded ezt az \u00f6rd\u00f6gnek, akkor nem tud lenyomni \u00e9s ha nem tud lenyomni, akkor nem tud elkedvetlen\u00edteni.<\/p>\n<p>Szerintem az egyik legjobb m\u00f3dja annak, hogy megakad\u00e1lyozzuk az \u00f6rd\u00f6g\u00f6t, hogy legy\u0151zz\u00f6n a depresszi\u00f3val, ha megengedj\u00fck a Szent Szellemnek, hogy \u00f6rvendez\u00e9sre vezessen. Az ellens\u00e9g azt szeretn\u00e9, ha a dolgok negat\u00edv kimenetel\u00e9re f\u00f3kusz\u00e1ln\u00e1l, \u00e9s sajn\u00e1ln\u00e1d magad, de a Szent Szellem azt szeretn\u00e9, ha pozit\u00edvan l\u00e1tn\u00e1d mindezt \u00e9s \u00f6rvendezn\u00e9l.<\/p>\n<p>Fil 4:4 azt mondja \u00d6r\u00fclj az \u00darban mindenkor! Amikor Istenre f\u00f3kusz\u00e1lunk, benne \u00f6rvendez\u00fcnk, a depresszi\u00f3nak nem marad helye benn\u00fcnk. Ez\u00e9rt legk\u00f6zelebb amikor az ellens\u00e9g pr\u00f3b\u00e1l lehangolni \u00e9s elszomor\u00edtani, v\u00e1laszd azt, hogy az \u00darban \u00f6rvendezel!<\/p>\n<hr \/>\n<p>Ima: Istenem, csod\u00e1latos \u00e9s hatalmas vagy, ez\u00e9rt Benned mindig \u00f6rvendezhetek. A depresszi\u00f3nak nincs helye az \u00e9letemben, mert telve vagyok Veled!<\/p>\n","protected":false},"excerpt":{"rendered":"<p>A depresszi\u00f3 jelent\u00e9se t\u00f6bbek k\u00f6z\u00f6tt: \u201c\u00dcress\u00e9g, lehangolts\u00e1g, szomor\u00fa \u00e1llapot, leverts\u00e9g.\u201d A depresszi\u00f3 egyik gyakori oka, nem a k\u00f6r\u00fclm\u00e9nyeink vagy az ahol tartunk, hanem a hozz\u00e1\u00e1ll\u00e1sunk ahhoz, ahol \u00e9pp tartunk. Ez\u00e9rt akarja az \u00f6rd\u00f6g, hogy \u00e9rt\u00e9ktelennek \u00e9s visszautas\u00edtottnak \u00e9rezd magad.<\/p>\n","protected":false},"author":15,"featured_media":468,"parent":0,"menu_order":0,"comment_status":"closed","ping_status":"closed","template":"","class_list":["post-467","devotional","type-devotional","status-publish","has-post-thumbnail","hentry"],"acf":[],"appp":{"post_detail":{"above_title":"<div class=\"post-featured-wrap\"><img width=\"1024\" height=\"650\" src=\"https:\/\/tv.joycemeyer.org\/magyar\/wp-content\/uploads\/sites\/72\/2018\/09\/280-1024x650.jpg\" class=\"post-featured wp-post-image\" alt=\"\" decoding=\"async\" srcset=\"https:\/\/tv.joycemeyer.org\/magyar\/wp-content\/uploads\/sites\/72\/2018\/09\/280-1024x650.jpg 1024w, https:\/\/tv.joycemeyer.org\/magyar\/wp-content\/uploads\/sites\/72\/2018\/09\/280-300x190.jpg 300w, https:\/\/tv.joycemeyer.org\/magyar\/wp-content\/uploads\/sites\/72\/2018\/09\/280-768x487.jpg 768w, https:\/\/tv.joycemeyer.org\/magyar\/wp-content\/uploads\/sites\/72\/2018\/09\/280.jpg 1280w\" sizes=\"(max-width: 1024px) 100vw, 1024px\" \/><\/div>","below_content":"<div class=\"follow\"><h6 class=\"alt\">L\u00e9pj kapcsolatba vel\u00fcnk<\/h6><ul class=\"nav nav--social nav--flex\"><li class=\"menu-item facebook\"><a href=\"https:\/\/www.facebook.com\/JoyceMeyerMinistriesHungarian\/\" target=\"_blank\"><span class=\"visuallyhidden\">Facebook<\/span><\/a><\/li><li class=\"menu-item instagram\"><a href=\"https:\/\/www.instagram.com\/joycemeyerministriesmagyar\/\" target=\"_blank\"><span class=\"visuallyhidden\">Instagram<\/span><\/a><\/li><li class=\"menu-item youtube\"><a href=\"https:\/\/www.youtube.com\/channel\/UCoAjHvNztMybm-_7N0zdThg\" target=\"_blank\"><span class=\"visuallyhidden\">YouTube<\/span><\/a><\/li><\/ul><\/div>"}},"yoast_head":"<!-- This site is optimized with the Yoast SEO plugin v27.4 - https:\/\/yoast.com\/product\/yoast-seo-wordpress\/ -->\n<title>Utas\u00edtsd vissza az \u00f6rd\u00f6g\u00f6t \u00e9s \u00f6rvendezz az \u00darban! - Joyce Meyer Ministries - Magyar<\/title>\n<meta name=\"robots\" content=\"index, follow, max-snippet:-1, max-image-preview:large, max-video-preview:-1\" \/>\n<link rel=\"canonical\" href=\"https:\/\/tv.joycemeyer.org\/magyar\/devotional\/utasitsd-vissza-az-ordogot\/\" \/>\n<meta property=\"og:locale\" content=\"en_US\" \/>\n<meta property=\"og:type\" content=\"article\" \/>\n<meta property=\"og:title\" content=\"Utas\u00edtsd vissza az \u00f6rd\u00f6g\u00f6t \u00e9s \u00f6rvendezz az \u00darban! - Joyce Meyer Ministries - Magyar\" \/>\n<meta property=\"og:description\" content=\"A depresszi\u00f3 jelent\u00e9se t\u00f6bbek k\u00f6z\u00f6tt: \u201c\u00dcress\u00e9g, lehangolts\u00e1g, szomor\u00fa \u00e1llapot, leverts\u00e9g.\u201d A depresszi\u00f3 egyik gyakori oka, nem a k\u00f6r\u00fclm\u00e9nyeink vagy az ahol tartunk, hanem a hozz\u00e1\u00e1ll\u00e1sunk ahhoz, ahol \u00e9pp tartunk. Ez\u00e9rt akarja az \u00f6rd\u00f6g, hogy \u00e9rt\u00e9ktelennek \u00e9s visszautas\u00edtottnak \u00e9rezd magad.\" \/>\n<meta property=\"og:url\" content=\"https:\/\/tv.joycemeyer.org\/magyar\/devotional\/utasitsd-vissza-az-ordogot\/\" \/>\n<meta property=\"og:site_name\" content=\"Joyce Meyer Ministries - Magyar\" \/>\n<meta property=\"article:publisher\" content=\"https:\/\/www.facebook.com\/JoyceMeyerMinistriesHungarian\/\" \/>\n<meta property=\"article:modified_time\" content=\"2025-09-24T17:59:05+00:00\" \/>\n<meta property=\"og:image\" content=\"https:\/\/tv.joycemeyer.org\/magyar\/wp-content\/uploads\/sites\/72\/2018\/09\/280.jpg\" \/>\n\t<meta property=\"og:image:width\" content=\"1280\" \/>\n\t<meta property=\"og:image:height\" content=\"812\" \/>\n\t<meta property=\"og:image:type\" content=\"image\/jpeg\" \/>\n<meta name=\"twitter:card\" content=\"summary_large_image\" \/>\n<meta name=\"twitter:label1\" content=\"Est. reading time\" \/>\n\t<meta name=\"twitter:data1\" content=\"1 minute\" \/>\n<script type=\"application\/ld+json\" class=\"yoast-schema-graph\">{\"@context\":\"https:\\\/\\\/schema.org\",\"@graph\":[{\"@type\":\"WebPage\",\"@id\":\"https:\\\/\\\/tv.joycemeyer.org\\\/magyar\\\/devotional\\\/utasitsd-vissza-az-ordogot\\\/\",\"url\":\"https:\\\/\\\/tv.joycemeyer.org\\\/magyar\\\/devotional\\\/utasitsd-vissza-az-ordogot\\\/\",\"name\":\"Utas\u00edtsd vissza az \u00f6rd\u00f6g\u00f6t \u00e9s \u00f6rvendezz az \u00darban! - Joyce Meyer Ministries - Magyar\",\"isPartOf\":{\"@id\":\"https:\\\/\\\/tv.joycemeyer.org\\\/magyar\\\/#website\"},\"primaryImageOfPage\":{\"@id\":\"https:\\\/\\\/tv.joycemeyer.org\\\/magyar\\\/devotional\\\/utasitsd-vissza-az-ordogot\\\/#primaryimage\"},\"image\":{\"@id\":\"https:\\\/\\\/tv.joycemeyer.org\\\/magyar\\\/devotional\\\/utasitsd-vissza-az-ordogot\\\/#primaryimage\"},\"thumbnailUrl\":\"https:\\\/\\\/tv.joycemeyer.org\\\/magyar\\\/wp-content\\\/uploads\\\/sites\\\/72\\\/2018\\\/09\\\/280.jpg\",\"datePublished\":\"2019-10-21T00:01:41+00:00\",\"dateModified\":\"2025-09-24T17:59:05+00:00\",\"breadcrumb\":{\"@id\":\"https:\\\/\\\/tv.joycemeyer.org\\\/magyar\\\/devotional\\\/utasitsd-vissza-az-ordogot\\\/#breadcrumb\"},\"inLanguage\":\"en-US\",\"potentialAction\":[{\"@type\":\"ReadAction\",\"target\":[\"https:\\\/\\\/tv.joycemeyer.org\\\/magyar\\\/devotional\\\/utasitsd-vissza-az-ordogot\\\/\"]}]},{\"@type\":\"ImageObject\",\"inLanguage\":\"en-US\",\"@id\":\"https:\\\/\\\/tv.joycemeyer.org\\\/magyar\\\/devotional\\\/utasitsd-vissza-az-ordogot\\\/#primaryimage\",\"url\":\"https:\\\/\\\/tv.joycemeyer.org\\\/magyar\\\/wp-content\\\/uploads\\\/sites\\\/72\\\/2018\\\/09\\\/280.jpg\",\"contentUrl\":\"https:\\\/\\\/tv.joycemeyer.org\\\/magyar\\\/wp-content\\\/uploads\\\/sites\\\/72\\\/2018\\\/09\\\/280.jpg\",\"width\":1280,\"height\":812,\"caption\":\"Utas\u00edtsd vissza az \u00f6rd\u00f6g\u00f6t \u00e9s \u00f6rvendezz az \u00darban!\"},{\"@type\":\"BreadcrumbList\",\"@id\":\"https:\\\/\\\/tv.joycemeyer.org\\\/magyar\\\/devotional\\\/utasitsd-vissza-az-ordogot\\\/#breadcrumb\",\"itemListElement\":[{\"@type\":\"ListItem\",\"position\":1,\"name\":\"Home\",\"item\":\"https:\\\/\\\/tv.joycemeyer.org\\\/magyar\\\/\"},{\"@type\":\"ListItem\",\"position\":2,\"name\":\"Devotional\",\"item\":\"https:\\\/\\\/tv.joycemeyer.org\\\/magyar\\\/devotional\\\/\"},{\"@type\":\"ListItem\",\"position\":3,\"name\":\"Utas\u00edtsd vissza az \u00f6rd\u00f6g\u00f6t \u00e9s \u00f6rvendezz az \u00darban!\"}]},{\"@type\":\"WebSite\",\"@id\":\"https:\\\/\\\/tv.joycemeyer.org\\\/magyar\\\/#website\",\"url\":\"https:\\\/\\\/tv.joycemeyer.org\\\/magyar\\\/\",\"name\":\"Joyce Meyer Ministries - Magyar\",\"description\":\"Hirdetj\u00fck Krisztust - Szeretj\u00fck az embereket\",\"potentialAction\":[{\"@type\":\"SearchAction\",\"target\":{\"@type\":\"EntryPoint\",\"urlTemplate\":\"https:\\\/\\\/tv.joycemeyer.org\\\/magyar\\\/?s={search_term_string}\"},\"query-input\":{\"@type\":\"PropertyValueSpecification\",\"valueRequired\":true,\"valueName\":\"search_term_string\"}}],\"inLanguage\":\"en-US\"}]}<\/script>\n<!-- \/ Yoast SEO plugin. -->","yoast_head_json":{"title":"Utas\u00edtsd vissza az \u00f6rd\u00f6g\u00f6t \u00e9s \u00f6rvendezz az \u00darban! - Joyce Meyer Ministries - Magyar","robots":{"index":"index","follow":"follow","max-snippet":"max-snippet:-1","max-image-preview":"max-image-preview:large","max-video-preview":"max-video-preview:-1"},"canonical":"https:\/\/tv.joycemeyer.org\/magyar\/devotional\/utasitsd-vissza-az-ordogot\/","og_locale":"en_US","og_type":"article","og_title":"Utas\u00edtsd vissza az \u00f6rd\u00f6g\u00f6t \u00e9s \u00f6rvendezz az \u00darban! - Joyce Meyer Ministries - Magyar","og_description":"A depresszi\u00f3 jelent\u00e9se t\u00f6bbek k\u00f6z\u00f6tt: \u201c\u00dcress\u00e9g, lehangolts\u00e1g, szomor\u00fa \u00e1llapot, leverts\u00e9g.\u201d A depresszi\u00f3 egyik gyakori oka, nem a k\u00f6r\u00fclm\u00e9nyeink vagy az ahol tartunk, hanem a hozz\u00e1\u00e1ll\u00e1sunk ahhoz, ahol \u00e9pp tartunk. Ez\u00e9rt akarja az \u00f6rd\u00f6g, hogy \u00e9rt\u00e9ktelennek \u00e9s visszautas\u00edtottnak \u00e9rezd magad.","og_url":"https:\/\/tv.joycemeyer.org\/magyar\/devotional\/utasitsd-vissza-az-ordogot\/","og_site_name":"Joyce Meyer Ministries - Magyar","article_publisher":"https:\/\/www.facebook.com\/JoyceMeyerMinistriesHungarian\/","article_modified_time":"2025-09-24T17:59:05+00:00","og_image":[{"width":1280,"height":812,"url":"https:\/\/tv.joycemeyer.org\/magyar\/wp-content\/uploads\/sites\/72\/2018\/09\/280.jpg","type":"image\/jpeg"}],"twitter_card":"summary_large_image","twitter_misc":{"Est. reading time":"1 minute"},"schema":{"@context":"https:\/\/schema.org","@graph":[{"@type":"WebPage","@id":"https:\/\/tv.joycemeyer.org\/magyar\/devotional\/utasitsd-vissza-az-ordogot\/","url":"https:\/\/tv.joycemeyer.org\/magyar\/devotional\/utasitsd-vissza-az-ordogot\/","name":"Utas\u00edtsd vissza az \u00f6rd\u00f6g\u00f6t \u00e9s \u00f6rvendezz az \u00darban! - Joyce Meyer Ministries - Magyar","isPartOf":{"@id":"https:\/\/tv.joycemeyer.org\/magyar\/#website"},"primaryImageOfPage":{"@id":"https:\/\/tv.joycemeyer.org\/magyar\/devotional\/utasitsd-vissza-az-ordogot\/#primaryimage"},"image":{"@id":"https:\/\/tv.joycemeyer.org\/magyar\/devotional\/utasitsd-vissza-az-ordogot\/#primaryimage"},"thumbnailUrl":"https:\/\/tv.joycemeyer.org\/magyar\/wp-content\/uploads\/sites\/72\/2018\/09\/280.jpg","datePublished":"2019-10-21T00:01:41+00:00","dateModified":"2025-09-24T17:59:05+00:00","breadcrumb":{"@id":"https:\/\/tv.joycemeyer.org\/magyar\/devotional\/utasitsd-vissza-az-ordogot\/#breadcrumb"},"inLanguage":"en-US","potentialAction":[{"@type":"ReadAction","target":["https:\/\/tv.joycemeyer.org\/magyar\/devotional\/utasitsd-vissza-az-ordogot\/"]}]},{"@type":"ImageObject","inLanguage":"en-US","@id":"https:\/\/tv.joycemeyer.org\/magyar\/devotional\/utasitsd-vissza-az-ordogot\/#primaryimage","url":"https:\/\/tv.joycemeyer.org\/magyar\/wp-content\/uploads\/sites\/72\/2018\/09\/280.jpg","contentUrl":"https:\/\/tv.joycemeyer.org\/magyar\/wp-content\/uploads\/sites\/72\/2018\/09\/280.jpg","width":1280,"height":812,"caption":"Utas\u00edtsd vissza az \u00f6rd\u00f6g\u00f6t \u00e9s \u00f6rvendezz az \u00darban!"},{"@type":"BreadcrumbList","@id":"https:\/\/tv.joycemeyer.org\/magyar\/devotional\/utasitsd-vissza-az-ordogot\/#breadcrumb","itemListElement":[{"@type":"ListItem","position":1,"name":"Home","item":"https:\/\/tv.joycemeyer.org\/magyar\/"},{"@type":"ListItem","position":2,"name":"Devotional","item":"https:\/\/tv.joycemeyer.org\/magyar\/devotional\/"},{"@type":"ListItem","position":3,"name":"Utas\u00edtsd vissza az \u00f6rd\u00f6g\u00f6t \u00e9s \u00f6rvendezz az \u00darban!"}]},{"@type":"WebSite","@id":"https:\/\/tv.joycemeyer.org\/magyar\/#website","url":"https:\/\/tv.joycemeyer.org\/magyar\/","name":"Joyce Meyer Ministries - Magyar","description":"Hirdetj\u00fck Krisztust - Szeretj\u00fck az embereket","potentialAction":[{"@type":"SearchAction","target":{"@type":"EntryPoint","urlTemplate":"https:\/\/tv.joycemeyer.org\/magyar\/?s={search_term_string}"},"query-input":{"@type":"PropertyValueSpecification","valueRequired":true,"valueName":"search_term_string"}}],"inLanguage":"en-US"}]}},"_links":{"self":[{"href":"https:\/\/tv.joycemeyer.org\/magyar\/wp-json\/wp\/v2\/devotional\/467","targetHints":{"allow":["GET"]}}],"collection":[{"href":"https:\/\/tv.joycemeyer.org\/magyar\/wp-json\/wp\/v2\/devotional"}],"about":[{"href":"https:\/\/tv.joycemeyer.org\/magyar\/wp-json\/wp\/v2\/types\/devotional"}],"author":[{"embeddable":true,"href":"https:\/\/tv.joycemeyer.org\/magyar\/wp-json\/wp\/v2\/users\/15"}],"replies":[{"embeddable":true,"href":"https:\/\/tv.joycemeyer.org\/magyar\/wp-json\/wp\/v2\/comments?post=467"}],"wp:featuredmedia":[{"embeddable":true,"href":"https:\/\/tv.joycemeyer.org\/magyar\/wp-json\/wp\/v2\/media\/468"}],"wp:attachment":[{"href":"https:\/\/tv.joycemeyer.org\/magyar\/wp-json\/wp\/v2\/media?parent=467"}],"curies":[{"name":"wp","href":"https:\/\/api.w.org\/{rel}","templated":true}]}}