{"id":4869,"date":"2023-12-25T00:01:44","date_gmt":"2023-12-25T00:01:44","guid":{"rendered":"https:\/\/tv.joycemeyer.org\/magyar\/?post_type=devotional&#038;p=4869"},"modified":"2023-12-23T16:12:41","modified_gmt":"2023-12-23T16:12:41","slug":"batrak-kerestetnek","status":"publish","type":"devotional","link":"https:\/\/tv.joycemeyer.org\/magyar\/devotional\/batrak-kerestetnek\/","title":{"rendered":"B\u00e1trak kerestetnek!"},"content":{"rendered":"<blockquote><p>L\u00e9gy er\u0151s \u00e9s b\u00e1tor. J\u00f3zs.1:6<\/p><\/blockquote>\n<p>A b\u00e1tors\u00e1g sz\u00fcks\u00e9ges tulajdons\u00e1g, ha nagy dolgokat akarsz tenni Isten\u00e9rt. A vezet\u0151k nem mindig a legtehets\u00e9gesebb emberek, viszont b\u00e1trak. H\u00e1l\u00e1sak minden \u00faj lehet\u0151s\u00e9g\u00e9rt, \u00e9s akkor is kil\u00e9pnek, amikor m\u00e1sok f\u00e9lelm\u00fckben visszah\u00faz\u00f3dnak. B\u00e1tor hitbeli l\u00e9p\u00e9seket tesznek. Lehet, hogy id\u0151nk\u00e9nt t\u00e9vednek, de el\u00e9g gyakran van igazuk ahhoz, hogy ez ne sz\u00e1m\u00edtson.<\/p>\n<p>Isten azt v\u00e1rja t\u0151l\u00fcnk, hogy gyarapodjunk, legy\u00fcnk gy\u00fcm\u00f6lcs\u00f6z\u0151ek \u00e9s sokasodjunk (l\u00e1sd 1M\u00f3z. 1:28). \u0150 \u00e9rt\u00e9keli a b\u00e1tors\u00e1got; s\u0151t, meg is k\u00f6veteli azt azokt\u00f3l, akik mellette dolgoznak. Az \u00dar azt mondta J\u00f3zsu\u00e9nak, hogy \u00e1t kell vennie M\u00f3zes hely\u00e9t, \u00e9s be kell vezetnie az izraelit\u00e1kat az \u00cdg\u00e9ret F\u00f6ldj\u00e9re, de volt egy kik\u00f6t\u00e9se: er\u0151snek \u00e9s b\u00e1tornak kellett lennie. Az \u00dar J\u00f3zsu\u00e9val volt, hogy megadja neki a sz\u00fcks\u00e9ges b\u00e1tors\u00e1got \u2013 \u00e9s melletted is ott van.<\/p>\n<hr \/>\n<h4>H\u00e1laad\u00f3 ima<\/h4>\n<p>Aty\u00e1m, amikor olyan helyzetben vagyok, amely nyomaszt\u00f3nak t\u0171nik, k\u00f6sz\u00f6n\u00f6m, hogy m\u00e1r megadtad nekem a sz\u00fcks\u00e9ges b\u00e1tors\u00e1got hozz\u00e1. K\u00f6sz\u00f6n\u00f6m, hogy velem vagy, \u00e9s nincs mit\u0151l f\u00e9lnem. K\u00f6sz\u00f6n\u00f6m, hogy er\u0151s \u00e9s b\u00e1tor lehetek.<\/p>\n","protected":false},"excerpt":{"rendered":"<p>Az \u00dar J\u00f3zsu\u00e9val volt, hogy megadja neki a sz\u00fcks\u00e9ges b\u00e1tors\u00e1got \u2013 \u00e9s melletted is ott van.<\/p>\n","protected":false},"author":20,"featured_media":4870,"parent":0,"menu_order":0,"comment_status":"closed","ping_status":"closed","template":"","class_list":["post-4869","devotional","type-devotional","status-publish","has-post-thumbnail","hentry"],"acf":[],"appp":{"post_detail":{"above_title":"<div class=\"post-featured-wrap\"><img width=\"680\" height=\"1024\" src=\"https:\/\/tv.joycemeyer.org\/magyar\/wp-content\/uploads\/sites\/72\/2023\/12\/3821L-680x1024.jpg\" class=\"post-featured wp-post-image\" alt=\"B\u00e1trak kerestetnek!\" decoding=\"async\" srcset=\"https:\/\/tv.joycemeyer.org\/magyar\/wp-content\/uploads\/sites\/72\/2023\/12\/3821L-680x1024.jpg 680w, https:\/\/tv.joycemeyer.org\/magyar\/wp-content\/uploads\/sites\/72\/2023\/12\/3821L-199x300.jpg 199w, https:\/\/tv.joycemeyer.org\/magyar\/wp-content\/uploads\/sites\/72\/2023\/12\/3821L-768x1156.jpg 768w, https:\/\/tv.joycemeyer.org\/magyar\/wp-content\/uploads\/sites\/72\/2023\/12\/3821L.jpg 960w\" sizes=\"(max-width: 680px) 100vw, 680px\" \/><\/div>","below_content":""}},"yoast_head":"<!-- This site is optimized with the Yoast SEO plugin v27.4 - https:\/\/yoast.com\/product\/yoast-seo-wordpress\/ -->\n<title>B\u00e1trak kerestetnek! - Joyce Meyer Ministries - Magyar<\/title>\n<meta name=\"robots\" content=\"index, follow, max-snippet:-1, max-image-preview:large, max-video-preview:-1\" \/>\n<link rel=\"canonical\" href=\"https:\/\/tv.joycemeyer.org\/magyar\/devotional\/batrak-kerestetnek\/\" \/>\n<meta property=\"og:locale\" content=\"en_US\" \/>\n<meta property=\"og:type\" content=\"article\" \/>\n<meta property=\"og:title\" content=\"B\u00e1trak kerestetnek! - Joyce Meyer Ministries - Magyar\" \/>\n<meta property=\"og:description\" content=\"Az \u00dar J\u00f3zsu\u00e9val volt, hogy megadja neki a sz\u00fcks\u00e9ges b\u00e1tors\u00e1got \u2013 \u00e9s melletted is ott van.\" \/>\n<meta property=\"og:url\" content=\"https:\/\/tv.joycemeyer.org\/magyar\/devotional\/batrak-kerestetnek\/\" \/>\n<meta property=\"og:site_name\" content=\"Joyce Meyer Ministries - Magyar\" \/>\n<meta property=\"article:publisher\" content=\"https:\/\/www.facebook.com\/JoyceMeyerMinistriesHungarian\/\" \/>\n<meta property=\"og:image\" content=\"https:\/\/tv.joycemeyer.org\/magyar\/wp-content\/uploads\/sites\/72\/2023\/12\/3821L.jpg\" \/>\n\t<meta property=\"og:image:width\" content=\"960\" \/>\n\t<meta property=\"og:image:height\" content=\"1445\" \/>\n\t<meta property=\"og:image:type\" content=\"image\/jpeg\" \/>\n<meta name=\"twitter:card\" content=\"summary_large_image\" \/>\n<meta name=\"twitter:label1\" content=\"Est. reading time\" \/>\n\t<meta name=\"twitter:data1\" content=\"1 minute\" \/>\n<script type=\"application\/ld+json\" class=\"yoast-schema-graph\">{\"@context\":\"https:\\\/\\\/schema.org\",\"@graph\":[{\"@type\":\"WebPage\",\"@id\":\"https:\\\/\\\/tv.joycemeyer.org\\\/magyar\\\/devotional\\\/batrak-kerestetnek\\\/\",\"url\":\"https:\\\/\\\/tv.joycemeyer.org\\\/magyar\\\/devotional\\\/batrak-kerestetnek\\\/\",\"name\":\"B\u00e1trak kerestetnek! - Joyce Meyer Ministries - Magyar\",\"isPartOf\":{\"@id\":\"https:\\\/\\\/tv.joycemeyer.org\\\/magyar\\\/#website\"},\"primaryImageOfPage\":{\"@id\":\"https:\\\/\\\/tv.joycemeyer.org\\\/magyar\\\/devotional\\\/batrak-kerestetnek\\\/#primaryimage\"},\"image\":{\"@id\":\"https:\\\/\\\/tv.joycemeyer.org\\\/magyar\\\/devotional\\\/batrak-kerestetnek\\\/#primaryimage\"},\"thumbnailUrl\":\"https:\\\/\\\/tv.joycemeyer.org\\\/magyar\\\/wp-content\\\/uploads\\\/sites\\\/72\\\/2023\\\/12\\\/3821L.jpg\",\"datePublished\":\"2023-12-25T00:01:44+00:00\",\"breadcrumb\":{\"@id\":\"https:\\\/\\\/tv.joycemeyer.org\\\/magyar\\\/devotional\\\/batrak-kerestetnek\\\/#breadcrumb\"},\"inLanguage\":\"en-US\",\"potentialAction\":[{\"@type\":\"ReadAction\",\"target\":[\"https:\\\/\\\/tv.joycemeyer.org\\\/magyar\\\/devotional\\\/batrak-kerestetnek\\\/\"]}]},{\"@type\":\"ImageObject\",\"inLanguage\":\"en-US\",\"@id\":\"https:\\\/\\\/tv.joycemeyer.org\\\/magyar\\\/devotional\\\/batrak-kerestetnek\\\/#primaryimage\",\"url\":\"https:\\\/\\\/tv.joycemeyer.org\\\/magyar\\\/wp-content\\\/uploads\\\/sites\\\/72\\\/2023\\\/12\\\/3821L.jpg\",\"contentUrl\":\"https:\\\/\\\/tv.joycemeyer.org\\\/magyar\\\/wp-content\\\/uploads\\\/sites\\\/72\\\/2023\\\/12\\\/3821L.jpg\",\"width\":960,\"height\":1445,\"caption\":\"B\u00e1trak kerestetnek!\"},{\"@type\":\"BreadcrumbList\",\"@id\":\"https:\\\/\\\/tv.joycemeyer.org\\\/magyar\\\/devotional\\\/batrak-kerestetnek\\\/#breadcrumb\",\"itemListElement\":[{\"@type\":\"ListItem\",\"position\":1,\"name\":\"Home\",\"item\":\"https:\\\/\\\/tv.joycemeyer.org\\\/magyar\\\/\"},{\"@type\":\"ListItem\",\"position\":2,\"name\":\"Devotional\",\"item\":\"https:\\\/\\\/tv.joycemeyer.org\\\/magyar\\\/devotional\\\/\"},{\"@type\":\"ListItem\",\"position\":3,\"name\":\"B\u00e1trak kerestetnek!\"}]},{\"@type\":\"WebSite\",\"@id\":\"https:\\\/\\\/tv.joycemeyer.org\\\/magyar\\\/#website\",\"url\":\"https:\\\/\\\/tv.joycemeyer.org\\\/magyar\\\/\",\"name\":\"Joyce Meyer Ministries - Magyar\",\"description\":\"Hirdetj\u00fck Krisztust - Szeretj\u00fck az embereket\",\"potentialAction\":[{\"@type\":\"SearchAction\",\"target\":{\"@type\":\"EntryPoint\",\"urlTemplate\":\"https:\\\/\\\/tv.joycemeyer.org\\\/magyar\\\/?s={search_term_string}\"},\"query-input\":{\"@type\":\"PropertyValueSpecification\",\"valueRequired\":true,\"valueName\":\"search_term_string\"}}],\"inLanguage\":\"en-US\"}]}<\/script>\n<!-- \/ Yoast SEO plugin. -->","yoast_head_json":{"title":"B\u00e1trak kerestetnek! - Joyce Meyer Ministries - Magyar","robots":{"index":"index","follow":"follow","max-snippet":"max-snippet:-1","max-image-preview":"max-image-preview:large","max-video-preview":"max-video-preview:-1"},"canonical":"https:\/\/tv.joycemeyer.org\/magyar\/devotional\/batrak-kerestetnek\/","og_locale":"en_US","og_type":"article","og_title":"B\u00e1trak kerestetnek! - Joyce Meyer Ministries - Magyar","og_description":"Az \u00dar J\u00f3zsu\u00e9val volt, hogy megadja neki a sz\u00fcks\u00e9ges b\u00e1tors\u00e1got \u2013 \u00e9s melletted is ott van.","og_url":"https:\/\/tv.joycemeyer.org\/magyar\/devotional\/batrak-kerestetnek\/","og_site_name":"Joyce Meyer Ministries - Magyar","article_publisher":"https:\/\/www.facebook.com\/JoyceMeyerMinistriesHungarian\/","og_image":[{"width":960,"height":1445,"url":"https:\/\/tv.joycemeyer.org\/magyar\/wp-content\/uploads\/sites\/72\/2023\/12\/3821L.jpg","type":"image\/jpeg"}],"twitter_card":"summary_large_image","twitter_misc":{"Est. reading time":"1 minute"},"schema":{"@context":"https:\/\/schema.org","@graph":[{"@type":"WebPage","@id":"https:\/\/tv.joycemeyer.org\/magyar\/devotional\/batrak-kerestetnek\/","url":"https:\/\/tv.joycemeyer.org\/magyar\/devotional\/batrak-kerestetnek\/","name":"B\u00e1trak kerestetnek! - Joyce Meyer Ministries - Magyar","isPartOf":{"@id":"https:\/\/tv.joycemeyer.org\/magyar\/#website"},"primaryImageOfPage":{"@id":"https:\/\/tv.joycemeyer.org\/magyar\/devotional\/batrak-kerestetnek\/#primaryimage"},"image":{"@id":"https:\/\/tv.joycemeyer.org\/magyar\/devotional\/batrak-kerestetnek\/#primaryimage"},"thumbnailUrl":"https:\/\/tv.joycemeyer.org\/magyar\/wp-content\/uploads\/sites\/72\/2023\/12\/3821L.jpg","datePublished":"2023-12-25T00:01:44+00:00","breadcrumb":{"@id":"https:\/\/tv.joycemeyer.org\/magyar\/devotional\/batrak-kerestetnek\/#breadcrumb"},"inLanguage":"en-US","potentialAction":[{"@type":"ReadAction","target":["https:\/\/tv.joycemeyer.org\/magyar\/devotional\/batrak-kerestetnek\/"]}]},{"@type":"ImageObject","inLanguage":"en-US","@id":"https:\/\/tv.joycemeyer.org\/magyar\/devotional\/batrak-kerestetnek\/#primaryimage","url":"https:\/\/tv.joycemeyer.org\/magyar\/wp-content\/uploads\/sites\/72\/2023\/12\/3821L.jpg","contentUrl":"https:\/\/tv.joycemeyer.org\/magyar\/wp-content\/uploads\/sites\/72\/2023\/12\/3821L.jpg","width":960,"height":1445,"caption":"B\u00e1trak kerestetnek!"},{"@type":"BreadcrumbList","@id":"https:\/\/tv.joycemeyer.org\/magyar\/devotional\/batrak-kerestetnek\/#breadcrumb","itemListElement":[{"@type":"ListItem","position":1,"name":"Home","item":"https:\/\/tv.joycemeyer.org\/magyar\/"},{"@type":"ListItem","position":2,"name":"Devotional","item":"https:\/\/tv.joycemeyer.org\/magyar\/devotional\/"},{"@type":"ListItem","position":3,"name":"B\u00e1trak kerestetnek!"}]},{"@type":"WebSite","@id":"https:\/\/tv.joycemeyer.org\/magyar\/#website","url":"https:\/\/tv.joycemeyer.org\/magyar\/","name":"Joyce Meyer Ministries - Magyar","description":"Hirdetj\u00fck Krisztust - Szeretj\u00fck az embereket","potentialAction":[{"@type":"SearchAction","target":{"@type":"EntryPoint","urlTemplate":"https:\/\/tv.joycemeyer.org\/magyar\/?s={search_term_string}"},"query-input":{"@type":"PropertyValueSpecification","valueRequired":true,"valueName":"search_term_string"}}],"inLanguage":"en-US"}]}},"_links":{"self":[{"href":"https:\/\/tv.joycemeyer.org\/magyar\/wp-json\/wp\/v2\/devotional\/4869","targetHints":{"allow":["GET"]}}],"collection":[{"href":"https:\/\/tv.joycemeyer.org\/magyar\/wp-json\/wp\/v2\/devotional"}],"about":[{"href":"https:\/\/tv.joycemeyer.org\/magyar\/wp-json\/wp\/v2\/types\/devotional"}],"author":[{"embeddable":true,"href":"https:\/\/tv.joycemeyer.org\/magyar\/wp-json\/wp\/v2\/users\/20"}],"replies":[{"embeddable":true,"href":"https:\/\/tv.joycemeyer.org\/magyar\/wp-json\/wp\/v2\/comments?post=4869"}],"wp:featuredmedia":[{"embeddable":true,"href":"https:\/\/tv.joycemeyer.org\/magyar\/wp-json\/wp\/v2\/media\/4870"}],"wp:attachment":[{"href":"https:\/\/tv.joycemeyer.org\/magyar\/wp-json\/wp\/v2\/media?parent=4869"}],"curies":[{"name":"wp","href":"https:\/\/api.w.org\/{rel}","templated":true}]}}