{"id":491,"date":"2019-11-02T00:01:49","date_gmt":"2019-11-02T00:01:49","guid":{"rendered":"https:\/\/tv.joycemeyer.org\/magyar\/?post_type=devotional&#038;p=491"},"modified":"2025-09-24T18:34:22","modified_gmt":"2025-09-24T18:34:22","slug":"legyozni-nelkulozestol","status":"publish","type":"devotional","link":"https:\/\/tv.joycemeyer.org\/magyar\/devotional\/legyozni-nelkulozestol\/","title":{"rendered":"Legy\u0151zni a n\u00e9lk\u00fcl\u00f6z\u00e9st\u0151l val\u00f3 f\u00e9lelmet"},"content":{"rendered":"<blockquote><p>Az \u00e9n Istenem pedig be fogja t\u00f6lteni minden sz\u00fcks\u00e9geteket az \u0151 gazdags\u00e1ga szerint dics\u0151s\u00e9ggel a Krisztus J\u00e9zusban. Fil 4:19<\/p><\/blockquote>\n<p>Az emberek egyik legnagyobb f\u00e9lelme a n\u00e9lk\u00fcl\u00f6z\u00e9st\u0151l val\u00f3 f\u00e9lelem. F\u00e9lelem att\u00f3l, hogy a sz\u00fcks\u00e9geid nem lesznek bet\u00f6ltve, kifogynak a tartal\u00e9kaid, \u00e9s Isten nem cselekszik id\u0151ben.<\/p>\n<p>Lehet, hogy m\u00e9g soha nem n\u00e9lk\u00fcl\u00f6zt\u00e9l annyira, mint most \u00e9s k\u00e9ts\u00e9gbeejt\u0151 anyagi sz\u00fcks\u00e9gben vagy, olyannyira, hogy az alapvet\u0151 sz\u00fcks\u00e9gleteid bet\u00f6lt\u00e9se is k\u00e9rd\u00e9ses. Lehet, hogy \u00e9rzelmi vagy szellemi n\u00e9lk\u00fcl\u00f6z\u00e9ssel n\u00e9zel szembe. Lehet, hogy a f\u00e9lelem szelleme megt\u00e1madott \u00e9s azt mondja, hogy Isten nem tudja bet\u00f6lteni a sz\u00fcks\u00e9geidet \u00e9s ezt nem \u00e9led t\u00fal.<\/p>\n<p>Tudnod kell, hogy az ellens\u00e9g egy hazug, \u00e9s Istennek\u00a0 igenis fontos a helyzeted. Van egy terve \u00e9s a te \u00e9rdekedben munk\u00e1lkodik, hogy a megfelel\u0151 id\u0151ben biztos\u00edtsa mindazt, amire sz\u00fcks\u00e9ged van. M\u00e9g akkor is, amikor \u00fagy t\u0171nik, hogy semmi nem j\u00f6n \u00f6ssze, Isten mindig tudja, hogyan biztos\u00edtsa csod\u00e1latos m\u00f3don a forr\u00e1sokat sz\u00e1modra.<\/p>\n<p>B\u00e1rmilyen sz\u00fcks\u00e9ged van &#8211; anyagi, fizikai, \u00e9rzelmi, szellemi-, nem kell f\u00e9lned a n\u00e9lk\u00fcl\u00f6z\u00e9st\u0151l. Isten gondoskodni fog r\u00f3lad, megvigasztal, t\u00e1pl\u00e1l \u00e9s meger\u0151s\u00edt. B\u00edzz az \u0150 gondoskod\u00e1s\u00e1ban.<\/p>\n<hr \/>\n<p>Ima: Istenem, az Ig\u00e9d azt mondja, hogy bet\u00f6lt\u00f6d minden sz\u00fcks\u00e9gemet, ez\u00e9rt nem adom \u00e1t magam a n\u00e9lk\u00fcl\u00f6z\u00e9st\u0151l val\u00f3 f\u00e9lelemnek. Hiszem, hogy szeretsz \u00e9s gondoskodsz r\u00f3lam.<\/p>\n","protected":false},"excerpt":{"rendered":"<p>Az emberek egyik legnagyobb f\u00e9lelme a n\u00e9lk\u00fcl\u00f6z\u00e9st\u0151l val\u00f3 f\u00e9lelem. F\u00e9lelem att\u00f3l, hogy a sz\u00fcks\u00e9geid nem lesznek bet\u00f6ltve, kifogynak a tartal\u00e9kaid, \u00e9s Isten nem cselekszik id\u0151ben.<\/p>\n","protected":false},"author":15,"featured_media":492,"parent":0,"menu_order":0,"comment_status":"closed","ping_status":"closed","template":"","class_list":["post-491","devotional","type-devotional","status-publish","has-post-thumbnail","hentry"],"acf":[],"appp":{"post_detail":{"above_title":"<div class=\"post-featured-wrap\"><img width=\"960\" height=\"704\" src=\"https:\/\/tv.joycemeyer.org\/magyar\/wp-content\/uploads\/sites\/72\/2018\/09\/106.jpg\" class=\"post-featured wp-post-image\" alt=\"\" decoding=\"async\" srcset=\"https:\/\/tv.joycemeyer.org\/magyar\/wp-content\/uploads\/sites\/72\/2018\/09\/106.jpg 960w, https:\/\/tv.joycemeyer.org\/magyar\/wp-content\/uploads\/sites\/72\/2018\/09\/106-300x220.jpg 300w, https:\/\/tv.joycemeyer.org\/magyar\/wp-content\/uploads\/sites\/72\/2018\/09\/106-768x563.jpg 768w\" sizes=\"(max-width: 960px) 100vw, 960px\" \/><\/div>","below_content":"<div class=\"follow\"><h6 class=\"alt\">L\u00e9pj kapcsolatba vel\u00fcnk<\/h6><ul class=\"nav nav--social nav--flex\"><li class=\"menu-item facebook\"><a href=\"https:\/\/www.facebook.com\/JoyceMeyerMinistriesHungarian\/\" target=\"_blank\"><span class=\"visuallyhidden\">Facebook<\/span><\/a><\/li><li class=\"menu-item instagram\"><a href=\"https:\/\/www.instagram.com\/joycemeyerministriesmagyar\/\" target=\"_blank\"><span class=\"visuallyhidden\">Instagram<\/span><\/a><\/li><li class=\"menu-item youtube\"><a href=\"https:\/\/www.youtube.com\/channel\/UCoAjHvNztMybm-_7N0zdThg\" target=\"_blank\"><span class=\"visuallyhidden\">YouTube<\/span><\/a><\/li><\/ul><\/div>"}},"yoast_head":"<!-- This site is optimized with the Yoast SEO plugin v27.4 - https:\/\/yoast.com\/product\/yoast-seo-wordpress\/ -->\n<title>Legy\u0151zni a n\u00e9lk\u00fcl\u00f6z\u00e9st\u0151l val\u00f3 f\u00e9lelmet - Joyce Meyer Ministries - Magyar<\/title>\n<meta name=\"robots\" content=\"index, follow, max-snippet:-1, max-image-preview:large, max-video-preview:-1\" \/>\n<link rel=\"canonical\" href=\"https:\/\/tv.joycemeyer.org\/magyar\/devotional\/legyozni-nelkulozestol\/\" \/>\n<meta property=\"og:locale\" content=\"en_US\" \/>\n<meta property=\"og:type\" content=\"article\" \/>\n<meta property=\"og:title\" content=\"Legy\u0151zni a n\u00e9lk\u00fcl\u00f6z\u00e9st\u0151l val\u00f3 f\u00e9lelmet - Joyce Meyer Ministries - Magyar\" \/>\n<meta property=\"og:description\" content=\"Az emberek egyik legnagyobb f\u00e9lelme a n\u00e9lk\u00fcl\u00f6z\u00e9st\u0151l val\u00f3 f\u00e9lelem. F\u00e9lelem att\u00f3l, hogy a sz\u00fcks\u00e9geid nem lesznek bet\u00f6ltve, kifogynak a tartal\u00e9kaid, \u00e9s Isten nem cselekszik id\u0151ben.\" \/>\n<meta property=\"og:url\" content=\"https:\/\/tv.joycemeyer.org\/magyar\/devotional\/legyozni-nelkulozestol\/\" \/>\n<meta property=\"og:site_name\" content=\"Joyce Meyer Ministries - Magyar\" \/>\n<meta property=\"article:publisher\" content=\"https:\/\/www.facebook.com\/JoyceMeyerMinistriesHungarian\/\" \/>\n<meta property=\"article:modified_time\" content=\"2025-09-24T18:34:22+00:00\" \/>\n<meta property=\"og:image\" content=\"https:\/\/tv.joycemeyer.org\/magyar\/wp-content\/uploads\/sites\/72\/2018\/09\/106.jpg\" \/>\n\t<meta property=\"og:image:width\" content=\"960\" \/>\n\t<meta property=\"og:image:height\" content=\"704\" \/>\n\t<meta property=\"og:image:type\" content=\"image\/jpeg\" \/>\n<meta name=\"twitter:card\" content=\"summary_large_image\" \/>\n<meta name=\"twitter:label1\" content=\"Est. reading time\" \/>\n\t<meta name=\"twitter:data1\" content=\"1 minute\" \/>\n<script type=\"application\/ld+json\" class=\"yoast-schema-graph\">{\"@context\":\"https:\\\/\\\/schema.org\",\"@graph\":[{\"@type\":\"WebPage\",\"@id\":\"https:\\\/\\\/tv.joycemeyer.org\\\/magyar\\\/devotional\\\/legyozni-nelkulozestol\\\/\",\"url\":\"https:\\\/\\\/tv.joycemeyer.org\\\/magyar\\\/devotional\\\/legyozni-nelkulozestol\\\/\",\"name\":\"Legy\u0151zni a n\u00e9lk\u00fcl\u00f6z\u00e9st\u0151l val\u00f3 f\u00e9lelmet - Joyce Meyer Ministries - Magyar\",\"isPartOf\":{\"@id\":\"https:\\\/\\\/tv.joycemeyer.org\\\/magyar\\\/#website\"},\"primaryImageOfPage\":{\"@id\":\"https:\\\/\\\/tv.joycemeyer.org\\\/magyar\\\/devotional\\\/legyozni-nelkulozestol\\\/#primaryimage\"},\"image\":{\"@id\":\"https:\\\/\\\/tv.joycemeyer.org\\\/magyar\\\/devotional\\\/legyozni-nelkulozestol\\\/#primaryimage\"},\"thumbnailUrl\":\"https:\\\/\\\/tv.joycemeyer.org\\\/magyar\\\/wp-content\\\/uploads\\\/sites\\\/72\\\/2018\\\/09\\\/106.jpg\",\"datePublished\":\"2019-11-02T00:01:49+00:00\",\"dateModified\":\"2025-09-24T18:34:22+00:00\",\"breadcrumb\":{\"@id\":\"https:\\\/\\\/tv.joycemeyer.org\\\/magyar\\\/devotional\\\/legyozni-nelkulozestol\\\/#breadcrumb\"},\"inLanguage\":\"en-US\",\"potentialAction\":[{\"@type\":\"ReadAction\",\"target\":[\"https:\\\/\\\/tv.joycemeyer.org\\\/magyar\\\/devotional\\\/legyozni-nelkulozestol\\\/\"]}]},{\"@type\":\"ImageObject\",\"inLanguage\":\"en-US\",\"@id\":\"https:\\\/\\\/tv.joycemeyer.org\\\/magyar\\\/devotional\\\/legyozni-nelkulozestol\\\/#primaryimage\",\"url\":\"https:\\\/\\\/tv.joycemeyer.org\\\/magyar\\\/wp-content\\\/uploads\\\/sites\\\/72\\\/2018\\\/09\\\/106.jpg\",\"contentUrl\":\"https:\\\/\\\/tv.joycemeyer.org\\\/magyar\\\/wp-content\\\/uploads\\\/sites\\\/72\\\/2018\\\/09\\\/106.jpg\",\"width\":960,\"height\":704,\"caption\":\"Legy\u0151zni a n\u00e9lk\u00fcl\u00f6z\u00e9st\u0151l val\u00f3 f\u00e9lelmet\"},{\"@type\":\"BreadcrumbList\",\"@id\":\"https:\\\/\\\/tv.joycemeyer.org\\\/magyar\\\/devotional\\\/legyozni-nelkulozestol\\\/#breadcrumb\",\"itemListElement\":[{\"@type\":\"ListItem\",\"position\":1,\"name\":\"Home\",\"item\":\"https:\\\/\\\/tv.joycemeyer.org\\\/magyar\\\/\"},{\"@type\":\"ListItem\",\"position\":2,\"name\":\"Devotional\",\"item\":\"https:\\\/\\\/tv.joycemeyer.org\\\/magyar\\\/devotional\\\/\"},{\"@type\":\"ListItem\",\"position\":3,\"name\":\"Legy\u0151zni a n\u00e9lk\u00fcl\u00f6z\u00e9st\u0151l val\u00f3 f\u00e9lelmet\"}]},{\"@type\":\"WebSite\",\"@id\":\"https:\\\/\\\/tv.joycemeyer.org\\\/magyar\\\/#website\",\"url\":\"https:\\\/\\\/tv.joycemeyer.org\\\/magyar\\\/\",\"name\":\"Joyce Meyer Ministries - Magyar\",\"description\":\"Hirdetj\u00fck Krisztust - Szeretj\u00fck az embereket\",\"potentialAction\":[{\"@type\":\"SearchAction\",\"target\":{\"@type\":\"EntryPoint\",\"urlTemplate\":\"https:\\\/\\\/tv.joycemeyer.org\\\/magyar\\\/?s={search_term_string}\"},\"query-input\":{\"@type\":\"PropertyValueSpecification\",\"valueRequired\":true,\"valueName\":\"search_term_string\"}}],\"inLanguage\":\"en-US\"}]}<\/script>\n<!-- \/ Yoast SEO plugin. -->","yoast_head_json":{"title":"Legy\u0151zni a n\u00e9lk\u00fcl\u00f6z\u00e9st\u0151l val\u00f3 f\u00e9lelmet - Joyce Meyer Ministries - Magyar","robots":{"index":"index","follow":"follow","max-snippet":"max-snippet:-1","max-image-preview":"max-image-preview:large","max-video-preview":"max-video-preview:-1"},"canonical":"https:\/\/tv.joycemeyer.org\/magyar\/devotional\/legyozni-nelkulozestol\/","og_locale":"en_US","og_type":"article","og_title":"Legy\u0151zni a n\u00e9lk\u00fcl\u00f6z\u00e9st\u0151l val\u00f3 f\u00e9lelmet - Joyce Meyer Ministries - Magyar","og_description":"Az emberek egyik legnagyobb f\u00e9lelme a n\u00e9lk\u00fcl\u00f6z\u00e9st\u0151l val\u00f3 f\u00e9lelem. F\u00e9lelem att\u00f3l, hogy a sz\u00fcks\u00e9geid nem lesznek bet\u00f6ltve, kifogynak a tartal\u00e9kaid, \u00e9s Isten nem cselekszik id\u0151ben.","og_url":"https:\/\/tv.joycemeyer.org\/magyar\/devotional\/legyozni-nelkulozestol\/","og_site_name":"Joyce Meyer Ministries - Magyar","article_publisher":"https:\/\/www.facebook.com\/JoyceMeyerMinistriesHungarian\/","article_modified_time":"2025-09-24T18:34:22+00:00","og_image":[{"width":960,"height":704,"url":"https:\/\/tv.joycemeyer.org\/magyar\/wp-content\/uploads\/sites\/72\/2018\/09\/106.jpg","type":"image\/jpeg"}],"twitter_card":"summary_large_image","twitter_misc":{"Est. reading time":"1 minute"},"schema":{"@context":"https:\/\/schema.org","@graph":[{"@type":"WebPage","@id":"https:\/\/tv.joycemeyer.org\/magyar\/devotional\/legyozni-nelkulozestol\/","url":"https:\/\/tv.joycemeyer.org\/magyar\/devotional\/legyozni-nelkulozestol\/","name":"Legy\u0151zni a n\u00e9lk\u00fcl\u00f6z\u00e9st\u0151l val\u00f3 f\u00e9lelmet - Joyce Meyer Ministries - Magyar","isPartOf":{"@id":"https:\/\/tv.joycemeyer.org\/magyar\/#website"},"primaryImageOfPage":{"@id":"https:\/\/tv.joycemeyer.org\/magyar\/devotional\/legyozni-nelkulozestol\/#primaryimage"},"image":{"@id":"https:\/\/tv.joycemeyer.org\/magyar\/devotional\/legyozni-nelkulozestol\/#primaryimage"},"thumbnailUrl":"https:\/\/tv.joycemeyer.org\/magyar\/wp-content\/uploads\/sites\/72\/2018\/09\/106.jpg","datePublished":"2019-11-02T00:01:49+00:00","dateModified":"2025-09-24T18:34:22+00:00","breadcrumb":{"@id":"https:\/\/tv.joycemeyer.org\/magyar\/devotional\/legyozni-nelkulozestol\/#breadcrumb"},"inLanguage":"en-US","potentialAction":[{"@type":"ReadAction","target":["https:\/\/tv.joycemeyer.org\/magyar\/devotional\/legyozni-nelkulozestol\/"]}]},{"@type":"ImageObject","inLanguage":"en-US","@id":"https:\/\/tv.joycemeyer.org\/magyar\/devotional\/legyozni-nelkulozestol\/#primaryimage","url":"https:\/\/tv.joycemeyer.org\/magyar\/wp-content\/uploads\/sites\/72\/2018\/09\/106.jpg","contentUrl":"https:\/\/tv.joycemeyer.org\/magyar\/wp-content\/uploads\/sites\/72\/2018\/09\/106.jpg","width":960,"height":704,"caption":"Legy\u0151zni a n\u00e9lk\u00fcl\u00f6z\u00e9st\u0151l val\u00f3 f\u00e9lelmet"},{"@type":"BreadcrumbList","@id":"https:\/\/tv.joycemeyer.org\/magyar\/devotional\/legyozni-nelkulozestol\/#breadcrumb","itemListElement":[{"@type":"ListItem","position":1,"name":"Home","item":"https:\/\/tv.joycemeyer.org\/magyar\/"},{"@type":"ListItem","position":2,"name":"Devotional","item":"https:\/\/tv.joycemeyer.org\/magyar\/devotional\/"},{"@type":"ListItem","position":3,"name":"Legy\u0151zni a n\u00e9lk\u00fcl\u00f6z\u00e9st\u0151l val\u00f3 f\u00e9lelmet"}]},{"@type":"WebSite","@id":"https:\/\/tv.joycemeyer.org\/magyar\/#website","url":"https:\/\/tv.joycemeyer.org\/magyar\/","name":"Joyce Meyer Ministries - Magyar","description":"Hirdetj\u00fck Krisztust - Szeretj\u00fck az embereket","potentialAction":[{"@type":"SearchAction","target":{"@type":"EntryPoint","urlTemplate":"https:\/\/tv.joycemeyer.org\/magyar\/?s={search_term_string}"},"query-input":{"@type":"PropertyValueSpecification","valueRequired":true,"valueName":"search_term_string"}}],"inLanguage":"en-US"}]}},"_links":{"self":[{"href":"https:\/\/tv.joycemeyer.org\/magyar\/wp-json\/wp\/v2\/devotional\/491","targetHints":{"allow":["GET"]}}],"collection":[{"href":"https:\/\/tv.joycemeyer.org\/magyar\/wp-json\/wp\/v2\/devotional"}],"about":[{"href":"https:\/\/tv.joycemeyer.org\/magyar\/wp-json\/wp\/v2\/types\/devotional"}],"author":[{"embeddable":true,"href":"https:\/\/tv.joycemeyer.org\/magyar\/wp-json\/wp\/v2\/users\/15"}],"replies":[{"embeddable":true,"href":"https:\/\/tv.joycemeyer.org\/magyar\/wp-json\/wp\/v2\/comments?post=491"}],"wp:featuredmedia":[{"embeddable":true,"href":"https:\/\/tv.joycemeyer.org\/magyar\/wp-json\/wp\/v2\/media\/492"}],"wp:attachment":[{"href":"https:\/\/tv.joycemeyer.org\/magyar\/wp-json\/wp\/v2\/media?parent=491"}],"curies":[{"name":"wp","href":"https:\/\/api.w.org\/{rel}","templated":true}]}}