{"id":5044,"date":"2024-05-13T00:01:09","date_gmt":"2024-05-13T00:01:09","guid":{"rendered":"https:\/\/tv.joycemeyer.org\/magyar\/?post_type=devotional&#038;p=5044"},"modified":"2024-05-09T16:23:57","modified_gmt":"2024-05-09T16:23:57","slug":"szamits-nagy-dolgokra-istentol-2","status":"publish","type":"devotional","link":"https:\/\/tv.joycemeyer.org\/magyar\/devotional\/szamits-nagy-dolgokra-istentol-2\/","title":{"rendered":"Sz\u00e1m\u00edts nagy dolgokra Istent\u0151l"},"content":{"rendered":"<blockquote><p>Aki pedig mindent megtehet sokkal b\u0151s\u00e9gesebben, mint ahogy mi k\u00e9rju\u0308k vagy gondoljuk, a bennu\u0308nk munk\u00e1lkod\u00f3 er\u0151 szerint. (Ef. 3,20.)<\/p><\/blockquote>\n<p>Vannak, akik annyira f\u00e9lnek a rossz h\u00edrekt\u0151l, hogy eszu\u0308kbe sem jut, hogy j\u00f3 h\u00edrek\u00e9rt im\u00e1dkozzanak! ez nem Isten szerint val\u00f3 hozz\u00e1\u00e1ll\u00e1s. Ha meg akarjuk hallani Isten hangj\u00e1t, \u00e9s szeretn\u00e9nk l\u00e1tni, ahogy ereje felszabadul az \u00e9letu\u0308nkben, olyan hozz\u00e1\u00e1ll\u00e1sra van szu\u0308ks\u00e9g, ami kedv\u00e9re val\u00f3. Pozit\u00edv elv\u00e1r\u00e1sokat kell t\u00e1masztanunk a negat\u00edvak helyett. Alapvet\u0151 \u00e9letfelfog\u00e1sunknak tele kell lennie hittel, rem\u00e9nnyel \u00e9s j\u00f3 v\u00e1rakoz\u00e1ssal, mert a Biblia azt mondja, hogy hit n\u00e9lku\u0308l lehetetlen Istennek tetszeni (l\u00e1sd. Zsid 11:6), \u00e9s a rem\u00e9ny soha meg nem sz\u00e9gyen\u00edt minket (l\u00e1sd. R\u00f3m 5:5). Istennel kapcsolatban semmilyen negat\u00edv dolog nincs, sem \u0150, sem tettei soha nem fognak csal\u00f3d\u00e1st okozni, minden, amit tesz, a javunkra van \u2013 erre kell sz\u00e1m\u00edtanunk, mikor im\u00e1dkozunk. nem kellene \u00fagy im\u00e1dkoznunk, hogy azt\u00e1n azon gondolkozunk, tesz-e valamit Isten egy\u00e1ltal\u00e1n, azzal a v\u00e1rakoz\u00e1ssal kell im\u00e1t mondanunk, hogy sz\u00e1m\u00edtunk r\u00e1, Isten<br \/>\nm\u00e9g t\u00f6bbet fog tenni, mint amit k\u00e9rtu\u0308nk t\u0151le.<\/p>\n<p>A mai igevers azt mondja, hogy Isten \u201csokkal b\u0151s\u00e9gesebben megtehet mindent\u201d, mint ahogy k\u00e9rni merju\u0308k vagy ak\u00e1r gondolunk r\u00e1, \u00e9s v\u00e9gtelenu\u0308l felette van a \u201clegmagasabbra t\u00f6r\u0151 im\u00e1inknak, v\u00e1gyainknak, gondolatainknak, rem\u00e9nyeinknek vagy \u00e1lmainknak\u201d. leny\u0171g\u00f6z\u0151 dolog ez \u2013 adjon magabiztoss\u00e1got, hogy ilyen v\u00e1rakoz\u00e1ssal im\u00e1dkozzunk. szem\u00e9ly szerint \u00e9n ink\u00e1bb im\u00e1dkozom nagy elv\u00e1r\u00e1sokkal nagy dolgok\u00e9rt, \u00e9s kapom meg a fel\u00e9t annak, amit k\u00e9rtem, mint mondok kicsi, v\u00e9zn\u00e1cska im\u00e1kat hit n\u00e9lku\u0308l, \u00e9s kapom meg teljes eg\u00e9sz\u00e9ben azokat!<\/p>\n<hr \/>\n<p>Isten szava ma hozz\u00e1d: Sz\u00e1m\u00edts nagy dolgokra Istent\u0151l.<\/p>\n","protected":false},"excerpt":{"rendered":"<p>ozit\u00edv elv\u00e1r\u00e1sokat kell t\u00e1masztanunk a negat\u00edvak helyett.<\/p>\n","protected":false},"author":20,"featured_media":5045,"parent":0,"menu_order":0,"comment_status":"closed","ping_status":"closed","template":"","class_list":["post-5044","devotional","type-devotional","status-publish","has-post-thumbnail","hentry"],"acf":[],"appp":{"post_detail":{"above_title":"<div class=\"post-featured-wrap\"><img width=\"1024\" height=\"683\" src=\"https:\/\/tv.joycemeyer.org\/magyar\/wp-content\/uploads\/sites\/72\/2024\/04\/5149L-1024x683.jpg\" class=\"post-featured wp-post-image\" alt=\"\" decoding=\"async\" srcset=\"https:\/\/tv.joycemeyer.org\/magyar\/wp-content\/uploads\/sites\/72\/2024\/04\/5149L-1024x683.jpg 1024w, https:\/\/tv.joycemeyer.org\/magyar\/wp-content\/uploads\/sites\/72\/2024\/04\/5149L-300x200.jpg 300w, https:\/\/tv.joycemeyer.org\/magyar\/wp-content\/uploads\/sites\/72\/2024\/04\/5149L-768x512.jpg 768w, https:\/\/tv.joycemeyer.org\/magyar\/wp-content\/uploads\/sites\/72\/2024\/04\/5149L-1536x1024.jpg 1536w, https:\/\/tv.joycemeyer.org\/magyar\/wp-content\/uploads\/sites\/72\/2024\/04\/5149L-2048x1365.jpg 2048w\" sizes=\"(max-width: 1024px) 100vw, 1024px\" \/><\/div>","below_content":""}},"yoast_head":"<!-- This site is optimized with the Yoast SEO plugin v27.4 - https:\/\/yoast.com\/product\/yoast-seo-wordpress\/ -->\n<title>Sz\u00e1m\u00edts nagy dolgokra Istent\u0151l - Joyce Meyer Ministries - Magyar<\/title>\n<meta name=\"robots\" content=\"index, follow, max-snippet:-1, max-image-preview:large, max-video-preview:-1\" \/>\n<link rel=\"canonical\" href=\"https:\/\/tv.joycemeyer.org\/magyar\/devotional\/szamits-nagy-dolgokra-istentol-2\/\" \/>\n<meta property=\"og:locale\" content=\"en_US\" \/>\n<meta property=\"og:type\" content=\"article\" \/>\n<meta property=\"og:title\" content=\"Sz\u00e1m\u00edts nagy dolgokra Istent\u0151l - Joyce Meyer Ministries - Magyar\" \/>\n<meta property=\"og:description\" content=\"ozit\u00edv elv\u00e1r\u00e1sokat kell t\u00e1masztanunk a negat\u00edvak helyett.\" \/>\n<meta property=\"og:url\" content=\"https:\/\/tv.joycemeyer.org\/magyar\/devotional\/szamits-nagy-dolgokra-istentol-2\/\" \/>\n<meta property=\"og:site_name\" content=\"Joyce Meyer Ministries - Magyar\" \/>\n<meta property=\"article:publisher\" content=\"https:\/\/www.facebook.com\/JoyceMeyerMinistriesHungarian\/\" \/>\n<meta property=\"og:image\" content=\"https:\/\/tv.joycemeyer.org\/magyar\/wp-content\/uploads\/sites\/72\/2024\/04\/5149L.jpg\" \/>\n\t<meta property=\"og:image:width\" content=\"2100\" \/>\n\t<meta property=\"og:image:height\" content=\"1400\" \/>\n\t<meta property=\"og:image:type\" content=\"image\/jpeg\" \/>\n<meta name=\"twitter:card\" content=\"summary_large_image\" \/>\n<meta name=\"twitter:label1\" content=\"Est. reading time\" \/>\n\t<meta name=\"twitter:data1\" content=\"2 minutes\" \/>\n<script type=\"application\/ld+json\" class=\"yoast-schema-graph\">{\"@context\":\"https:\\\/\\\/schema.org\",\"@graph\":[{\"@type\":\"WebPage\",\"@id\":\"https:\\\/\\\/tv.joycemeyer.org\\\/magyar\\\/devotional\\\/szamits-nagy-dolgokra-istentol-2\\\/\",\"url\":\"https:\\\/\\\/tv.joycemeyer.org\\\/magyar\\\/devotional\\\/szamits-nagy-dolgokra-istentol-2\\\/\",\"name\":\"Sz\u00e1m\u00edts nagy dolgokra Istent\u0151l - Joyce Meyer Ministries - Magyar\",\"isPartOf\":{\"@id\":\"https:\\\/\\\/tv.joycemeyer.org\\\/magyar\\\/#website\"},\"primaryImageOfPage\":{\"@id\":\"https:\\\/\\\/tv.joycemeyer.org\\\/magyar\\\/devotional\\\/szamits-nagy-dolgokra-istentol-2\\\/#primaryimage\"},\"image\":{\"@id\":\"https:\\\/\\\/tv.joycemeyer.org\\\/magyar\\\/devotional\\\/szamits-nagy-dolgokra-istentol-2\\\/#primaryimage\"},\"thumbnailUrl\":\"https:\\\/\\\/tv.joycemeyer.org\\\/magyar\\\/wp-content\\\/uploads\\\/sites\\\/72\\\/2024\\\/04\\\/5149L.jpg\",\"datePublished\":\"2024-05-13T00:01:09+00:00\",\"breadcrumb\":{\"@id\":\"https:\\\/\\\/tv.joycemeyer.org\\\/magyar\\\/devotional\\\/szamits-nagy-dolgokra-istentol-2\\\/#breadcrumb\"},\"inLanguage\":\"en-US\",\"potentialAction\":[{\"@type\":\"ReadAction\",\"target\":[\"https:\\\/\\\/tv.joycemeyer.org\\\/magyar\\\/devotional\\\/szamits-nagy-dolgokra-istentol-2\\\/\"]}]},{\"@type\":\"ImageObject\",\"inLanguage\":\"en-US\",\"@id\":\"https:\\\/\\\/tv.joycemeyer.org\\\/magyar\\\/devotional\\\/szamits-nagy-dolgokra-istentol-2\\\/#primaryimage\",\"url\":\"https:\\\/\\\/tv.joycemeyer.org\\\/magyar\\\/wp-content\\\/uploads\\\/sites\\\/72\\\/2024\\\/04\\\/5149L.jpg\",\"contentUrl\":\"https:\\\/\\\/tv.joycemeyer.org\\\/magyar\\\/wp-content\\\/uploads\\\/sites\\\/72\\\/2024\\\/04\\\/5149L.jpg\",\"width\":2100,\"height\":1400,\"caption\":\"Sz\u00e1m\u00edts nagy dolgokra Istent\u0151l\"},{\"@type\":\"BreadcrumbList\",\"@id\":\"https:\\\/\\\/tv.joycemeyer.org\\\/magyar\\\/devotional\\\/szamits-nagy-dolgokra-istentol-2\\\/#breadcrumb\",\"itemListElement\":[{\"@type\":\"ListItem\",\"position\":1,\"name\":\"Home\",\"item\":\"https:\\\/\\\/tv.joycemeyer.org\\\/magyar\\\/\"},{\"@type\":\"ListItem\",\"position\":2,\"name\":\"Devotional\",\"item\":\"https:\\\/\\\/tv.joycemeyer.org\\\/magyar\\\/devotional\\\/\"},{\"@type\":\"ListItem\",\"position\":3,\"name\":\"Sz\u00e1m\u00edts nagy dolgokra Istent\u0151l\"}]},{\"@type\":\"WebSite\",\"@id\":\"https:\\\/\\\/tv.joycemeyer.org\\\/magyar\\\/#website\",\"url\":\"https:\\\/\\\/tv.joycemeyer.org\\\/magyar\\\/\",\"name\":\"Joyce Meyer Ministries - Magyar\",\"description\":\"Hirdetj\u00fck Krisztust - Szeretj\u00fck az embereket\",\"potentialAction\":[{\"@type\":\"SearchAction\",\"target\":{\"@type\":\"EntryPoint\",\"urlTemplate\":\"https:\\\/\\\/tv.joycemeyer.org\\\/magyar\\\/?s={search_term_string}\"},\"query-input\":{\"@type\":\"PropertyValueSpecification\",\"valueRequired\":true,\"valueName\":\"search_term_string\"}}],\"inLanguage\":\"en-US\"}]}<\/script>\n<!-- \/ Yoast SEO plugin. -->","yoast_head_json":{"title":"Sz\u00e1m\u00edts nagy dolgokra Istent\u0151l - Joyce Meyer Ministries - Magyar","robots":{"index":"index","follow":"follow","max-snippet":"max-snippet:-1","max-image-preview":"max-image-preview:large","max-video-preview":"max-video-preview:-1"},"canonical":"https:\/\/tv.joycemeyer.org\/magyar\/devotional\/szamits-nagy-dolgokra-istentol-2\/","og_locale":"en_US","og_type":"article","og_title":"Sz\u00e1m\u00edts nagy dolgokra Istent\u0151l - Joyce Meyer Ministries - Magyar","og_description":"ozit\u00edv elv\u00e1r\u00e1sokat kell t\u00e1masztanunk a negat\u00edvak helyett.","og_url":"https:\/\/tv.joycemeyer.org\/magyar\/devotional\/szamits-nagy-dolgokra-istentol-2\/","og_site_name":"Joyce Meyer Ministries - Magyar","article_publisher":"https:\/\/www.facebook.com\/JoyceMeyerMinistriesHungarian\/","og_image":[{"width":2100,"height":1400,"url":"https:\/\/tv.joycemeyer.org\/magyar\/wp-content\/uploads\/sites\/72\/2024\/04\/5149L.jpg","type":"image\/jpeg"}],"twitter_card":"summary_large_image","twitter_misc":{"Est. reading time":"2 minutes"},"schema":{"@context":"https:\/\/schema.org","@graph":[{"@type":"WebPage","@id":"https:\/\/tv.joycemeyer.org\/magyar\/devotional\/szamits-nagy-dolgokra-istentol-2\/","url":"https:\/\/tv.joycemeyer.org\/magyar\/devotional\/szamits-nagy-dolgokra-istentol-2\/","name":"Sz\u00e1m\u00edts nagy dolgokra Istent\u0151l - Joyce Meyer Ministries - Magyar","isPartOf":{"@id":"https:\/\/tv.joycemeyer.org\/magyar\/#website"},"primaryImageOfPage":{"@id":"https:\/\/tv.joycemeyer.org\/magyar\/devotional\/szamits-nagy-dolgokra-istentol-2\/#primaryimage"},"image":{"@id":"https:\/\/tv.joycemeyer.org\/magyar\/devotional\/szamits-nagy-dolgokra-istentol-2\/#primaryimage"},"thumbnailUrl":"https:\/\/tv.joycemeyer.org\/magyar\/wp-content\/uploads\/sites\/72\/2024\/04\/5149L.jpg","datePublished":"2024-05-13T00:01:09+00:00","breadcrumb":{"@id":"https:\/\/tv.joycemeyer.org\/magyar\/devotional\/szamits-nagy-dolgokra-istentol-2\/#breadcrumb"},"inLanguage":"en-US","potentialAction":[{"@type":"ReadAction","target":["https:\/\/tv.joycemeyer.org\/magyar\/devotional\/szamits-nagy-dolgokra-istentol-2\/"]}]},{"@type":"ImageObject","inLanguage":"en-US","@id":"https:\/\/tv.joycemeyer.org\/magyar\/devotional\/szamits-nagy-dolgokra-istentol-2\/#primaryimage","url":"https:\/\/tv.joycemeyer.org\/magyar\/wp-content\/uploads\/sites\/72\/2024\/04\/5149L.jpg","contentUrl":"https:\/\/tv.joycemeyer.org\/magyar\/wp-content\/uploads\/sites\/72\/2024\/04\/5149L.jpg","width":2100,"height":1400,"caption":"Sz\u00e1m\u00edts nagy dolgokra Istent\u0151l"},{"@type":"BreadcrumbList","@id":"https:\/\/tv.joycemeyer.org\/magyar\/devotional\/szamits-nagy-dolgokra-istentol-2\/#breadcrumb","itemListElement":[{"@type":"ListItem","position":1,"name":"Home","item":"https:\/\/tv.joycemeyer.org\/magyar\/"},{"@type":"ListItem","position":2,"name":"Devotional","item":"https:\/\/tv.joycemeyer.org\/magyar\/devotional\/"},{"@type":"ListItem","position":3,"name":"Sz\u00e1m\u00edts nagy dolgokra Istent\u0151l"}]},{"@type":"WebSite","@id":"https:\/\/tv.joycemeyer.org\/magyar\/#website","url":"https:\/\/tv.joycemeyer.org\/magyar\/","name":"Joyce Meyer Ministries - Magyar","description":"Hirdetj\u00fck Krisztust - Szeretj\u00fck az embereket","potentialAction":[{"@type":"SearchAction","target":{"@type":"EntryPoint","urlTemplate":"https:\/\/tv.joycemeyer.org\/magyar\/?s={search_term_string}"},"query-input":{"@type":"PropertyValueSpecification","valueRequired":true,"valueName":"search_term_string"}}],"inLanguage":"en-US"}]}},"_links":{"self":[{"href":"https:\/\/tv.joycemeyer.org\/magyar\/wp-json\/wp\/v2\/devotional\/5044","targetHints":{"allow":["GET"]}}],"collection":[{"href":"https:\/\/tv.joycemeyer.org\/magyar\/wp-json\/wp\/v2\/devotional"}],"about":[{"href":"https:\/\/tv.joycemeyer.org\/magyar\/wp-json\/wp\/v2\/types\/devotional"}],"author":[{"embeddable":true,"href":"https:\/\/tv.joycemeyer.org\/magyar\/wp-json\/wp\/v2\/users\/20"}],"replies":[{"embeddable":true,"href":"https:\/\/tv.joycemeyer.org\/magyar\/wp-json\/wp\/v2\/comments?post=5044"}],"wp:featuredmedia":[{"embeddable":true,"href":"https:\/\/tv.joycemeyer.org\/magyar\/wp-json\/wp\/v2\/media\/5045"}],"wp:attachment":[{"href":"https:\/\/tv.joycemeyer.org\/magyar\/wp-json\/wp\/v2\/media?parent=5044"}],"curies":[{"name":"wp","href":"https:\/\/api.w.org\/{rel}","templated":true}]}}