{"id":5073,"date":"2024-05-25T00:01:58","date_gmt":"2024-05-25T00:01:58","guid":{"rendered":"https:\/\/tv.joycemeyer.org\/magyar\/?post_type=devotional&#038;p=5073"},"modified":"2024-05-22T19:32:15","modified_gmt":"2024-05-22T19:32:15","slug":"frissulj-fel-2","status":"publish","type":"devotional","link":"https:\/\/tv.joycemeyer.org\/magyar\/devotional\/frissulj-fel-2\/","title":{"rendered":"Frissu\u0308lj fel!"},"content":{"rendered":"<p>Tartsatok teh\u00e1t b\u0171nb\u00e1natot, \u00e9s t\u00e9rjetek meg, hogy elt\u00f6r\u00f6ltessenek a ti b\u0171neitek, hogy elj\u00f6jj\u00f6n az \u00dart\u00f3l a felu\u0308du\u0308l\u00e9s ideje. (Apcsel. 3,19-20.)<\/p>\n<p>Isten sokf\u00e9lek\u00e9ppen mutatkozik meg. legt\u00f6bbsz\u00f6r nem l\u00e1thatjuk, de mint a sz\u00e9l eset\u00e9ben, l\u00e1thatjuk a munk\u00e1t, amit v\u00e9gez \u2013 bennu\u0308nk. Ha f\u00e1radt, megviselt, frusztr\u00e1lt vagy ideges vagyok valami miatt, \u00e9s azt\u00e1n felfrissu\u0308l\u00f6k, mert id\u0151t t\u00f6lt\u00f6ttem Istennel, tudom, hogy a szellem szele r\u00e1mf\u00fajt.<\/p>\n<p>Isten felfrissu\u0308l\u00e9st akar hozni az \u00e9letu\u0308nkbe. ne legy\u00e9l fruszt\u00e1lt vagy megviselt a lelkedben, mikor a v\u00e1lasz ott \u00e9l benned. Ha t\u00fal elfoglalt vagy, hogy id\u0151t t\u00f6lts Istennel, akkor egyszer\u0171en t\u00e9nyleg t\u00fal elfoglalt vagy, ideje v\u00e1ltoztatnod az id\u0151beoszt\u00e1sodon. ne legy\u00e9l ki\u00e9gett, zaklatott, f\u00e1radt \u00e9s stresszes, mikor a felu\u0308du\u0308l\u00e9s ideje el\u00e9rhet\u0151 sz\u00e1modra.<\/p>\n<p>tanulj meg elvonulni az \u00e9let forgatag\u00e1b\u00f3l, hogy id\u0151t t\u00f6lts Istennel, ahogy J\u00e9zus tette. nem v\u00e1rhatod, hogy majd a k\u00f6ru\u0308l\u00f6tted l\u00e9v\u0151k biztos\u00edtj\u00e1k sz\u00e1modra az ehhez szu\u0308ks\u00e9ges id\u0151t. Valaki mindig megtal\u00e1l majd valami tennival\u00f3val! els\u0151 dolgod legyen erre id\u0151t sz\u00e1nni reggel, ha ez lehets\u00e9ges, \u00e9s azt\u00e1n pr\u00f3b\u00e1lj n\u00e9h\u00e1ny \u201cmini szellemi vak\u00e1ci\u00f3t\u201d beiktatni a nap folyam\u00e1n. \u00c1llj meg k\u00e9t-h\u00e1rom percre, vegy\u00e9l egy m\u00e9ly l\u00e9legzetet, ez seg\u00edt, hogy megnyugodj, \u00e9s egyszer\u0171en mondd el Istennek, mennyire szereted, \u00e9s milyen nagy szu\u0308ks\u00e9ged van R\u00e1. \u00c9lvezd csendben a Jelenl\u00e9t\u00e9t az id\u0151 marad\u00e9k r\u00e9sz\u00e9ben, \u00e9s hihetetlen felu\u0308du\u0308l\u00e9st fogsz tapasztalni.<\/p>\n<p>Isten szava ma hozz\u00e1d: Ne \u00e9gj ki \u00e9s ne stresszelj; sz\u00e1nj id\u0151t r\u00e1, hogy felu\u0308du\u0308lj az \u00dar jelenl\u00e9t\u00e9ben!<\/p>\n","protected":false},"excerpt":{"rendered":"<p>Isten felfrissu\u0308l\u00e9st akar hozni az \u00e9letu\u0308nkbe.<\/p>\n","protected":false},"author":20,"featured_media":5074,"parent":0,"menu_order":0,"comment_status":"closed","ping_status":"closed","template":"","class_list":["post-5073","devotional","type-devotional","status-publish","has-post-thumbnail","hentry"],"acf":[],"appp":{"post_detail":{"above_title":"<div class=\"post-featured-wrap\"><img width=\"504\" height=\"336\" src=\"https:\/\/tv.joycemeyer.org\/magyar\/wp-content\/uploads\/sites\/72\/2024\/05\/5095L.jpg\" class=\"post-featured wp-post-image\" alt=\"\" decoding=\"async\" srcset=\"https:\/\/tv.joycemeyer.org\/magyar\/wp-content\/uploads\/sites\/72\/2024\/05\/5095L.jpg 504w, https:\/\/tv.joycemeyer.org\/magyar\/wp-content\/uploads\/sites\/72\/2024\/05\/5095L-300x200.jpg 300w\" sizes=\"(max-width: 504px) 100vw, 504px\" \/><\/div>","below_content":"<div class=\"follow\"><h6 class=\"alt\">L\u00e9pj kapcsolatba vel\u00fcnk<\/h6><ul class=\"nav nav--social nav--flex\"><li class=\"menu-item facebook\"><a href=\"https:\/\/www.facebook.com\/JoyceMeyerMinistriesHungarian\/\" target=\"_blank\"><span class=\"visuallyhidden\">Facebook<\/span><\/a><\/li><li class=\"menu-item instagram\"><a href=\"https:\/\/www.instagram.com\/joycemeyerministriesmagyar\/\" target=\"_blank\"><span class=\"visuallyhidden\">Instagram<\/span><\/a><\/li><li class=\"menu-item youtube\"><a href=\"https:\/\/www.youtube.com\/channel\/UCoAjHvNztMybm-_7N0zdThg\" target=\"_blank\"><span class=\"visuallyhidden\">YouTube<\/span><\/a><\/li><\/ul><\/div>"}},"yoast_head":"<!-- This site is optimized with the Yoast SEO plugin v27.4 - https:\/\/yoast.com\/product\/yoast-seo-wordpress\/ -->\n<title>Frissu\u0308lj fel! - Joyce Meyer Ministries - Magyar<\/title>\n<meta name=\"robots\" content=\"index, follow, max-snippet:-1, max-image-preview:large, max-video-preview:-1\" \/>\n<link rel=\"canonical\" href=\"https:\/\/tv.joycemeyer.org\/magyar\/devotional\/frissulj-fel-2\/\" \/>\n<meta property=\"og:locale\" content=\"en_US\" \/>\n<meta property=\"og:type\" content=\"article\" \/>\n<meta property=\"og:title\" content=\"Frissu\u0308lj fel! - Joyce Meyer Ministries - Magyar\" \/>\n<meta property=\"og:description\" content=\"Isten felfrissu\u0308l\u00e9st akar hozni az \u00e9letu\u0308nkbe.\" \/>\n<meta property=\"og:url\" content=\"https:\/\/tv.joycemeyer.org\/magyar\/devotional\/frissulj-fel-2\/\" \/>\n<meta property=\"og:site_name\" content=\"Joyce Meyer Ministries - Magyar\" \/>\n<meta property=\"article:publisher\" content=\"https:\/\/www.facebook.com\/JoyceMeyerMinistriesHungarian\/\" \/>\n<meta property=\"og:image\" content=\"https:\/\/tv.joycemeyer.org\/magyar\/wp-content\/uploads\/sites\/72\/2024\/05\/5095L.jpg\" \/>\n\t<meta property=\"og:image:width\" content=\"504\" \/>\n\t<meta property=\"og:image:height\" content=\"336\" \/>\n\t<meta property=\"og:image:type\" content=\"image\/jpeg\" \/>\n<meta name=\"twitter:card\" content=\"summary_large_image\" \/>\n<meta name=\"twitter:label1\" content=\"Est. reading time\" \/>\n\t<meta name=\"twitter:data1\" content=\"2 minutes\" \/>\n<script type=\"application\/ld+json\" class=\"yoast-schema-graph\">{\"@context\":\"https:\\\/\\\/schema.org\",\"@graph\":[{\"@type\":\"WebPage\",\"@id\":\"https:\\\/\\\/tv.joycemeyer.org\\\/magyar\\\/devotional\\\/frissulj-fel-2\\\/\",\"url\":\"https:\\\/\\\/tv.joycemeyer.org\\\/magyar\\\/devotional\\\/frissulj-fel-2\\\/\",\"name\":\"Frissu\u0308lj fel! - Joyce Meyer Ministries - Magyar\",\"isPartOf\":{\"@id\":\"https:\\\/\\\/tv.joycemeyer.org\\\/magyar\\\/#website\"},\"primaryImageOfPage\":{\"@id\":\"https:\\\/\\\/tv.joycemeyer.org\\\/magyar\\\/devotional\\\/frissulj-fel-2\\\/#primaryimage\"},\"image\":{\"@id\":\"https:\\\/\\\/tv.joycemeyer.org\\\/magyar\\\/devotional\\\/frissulj-fel-2\\\/#primaryimage\"},\"thumbnailUrl\":\"https:\\\/\\\/tv.joycemeyer.org\\\/magyar\\\/wp-content\\\/uploads\\\/sites\\\/72\\\/2024\\\/05\\\/5095L.jpg\",\"datePublished\":\"2024-05-25T00:01:58+00:00\",\"breadcrumb\":{\"@id\":\"https:\\\/\\\/tv.joycemeyer.org\\\/magyar\\\/devotional\\\/frissulj-fel-2\\\/#breadcrumb\"},\"inLanguage\":\"en-US\",\"potentialAction\":[{\"@type\":\"ReadAction\",\"target\":[\"https:\\\/\\\/tv.joycemeyer.org\\\/magyar\\\/devotional\\\/frissulj-fel-2\\\/\"]}]},{\"@type\":\"ImageObject\",\"inLanguage\":\"en-US\",\"@id\":\"https:\\\/\\\/tv.joycemeyer.org\\\/magyar\\\/devotional\\\/frissulj-fel-2\\\/#primaryimage\",\"url\":\"https:\\\/\\\/tv.joycemeyer.org\\\/magyar\\\/wp-content\\\/uploads\\\/sites\\\/72\\\/2024\\\/05\\\/5095L.jpg\",\"contentUrl\":\"https:\\\/\\\/tv.joycemeyer.org\\\/magyar\\\/wp-content\\\/uploads\\\/sites\\\/72\\\/2024\\\/05\\\/5095L.jpg\",\"width\":504,\"height\":336,\"caption\":\"Frissu\u0308lj fel!\"},{\"@type\":\"BreadcrumbList\",\"@id\":\"https:\\\/\\\/tv.joycemeyer.org\\\/magyar\\\/devotional\\\/frissulj-fel-2\\\/#breadcrumb\",\"itemListElement\":[{\"@type\":\"ListItem\",\"position\":1,\"name\":\"Home\",\"item\":\"https:\\\/\\\/tv.joycemeyer.org\\\/magyar\\\/\"},{\"@type\":\"ListItem\",\"position\":2,\"name\":\"Devotional\",\"item\":\"https:\\\/\\\/tv.joycemeyer.org\\\/magyar\\\/devotional\\\/\"},{\"@type\":\"ListItem\",\"position\":3,\"name\":\"Frissu\u0308lj fel!\"}]},{\"@type\":\"WebSite\",\"@id\":\"https:\\\/\\\/tv.joycemeyer.org\\\/magyar\\\/#website\",\"url\":\"https:\\\/\\\/tv.joycemeyer.org\\\/magyar\\\/\",\"name\":\"Joyce Meyer Ministries - Magyar\",\"description\":\"Hirdetj\u00fck Krisztust - Szeretj\u00fck az embereket\",\"potentialAction\":[{\"@type\":\"SearchAction\",\"target\":{\"@type\":\"EntryPoint\",\"urlTemplate\":\"https:\\\/\\\/tv.joycemeyer.org\\\/magyar\\\/?s={search_term_string}\"},\"query-input\":{\"@type\":\"PropertyValueSpecification\",\"valueRequired\":true,\"valueName\":\"search_term_string\"}}],\"inLanguage\":\"en-US\"}]}<\/script>\n<!-- \/ Yoast SEO plugin. -->","yoast_head_json":{"title":"Frissu\u0308lj fel! - Joyce Meyer Ministries - Magyar","robots":{"index":"index","follow":"follow","max-snippet":"max-snippet:-1","max-image-preview":"max-image-preview:large","max-video-preview":"max-video-preview:-1"},"canonical":"https:\/\/tv.joycemeyer.org\/magyar\/devotional\/frissulj-fel-2\/","og_locale":"en_US","og_type":"article","og_title":"Frissu\u0308lj fel! - Joyce Meyer Ministries - Magyar","og_description":"Isten felfrissu\u0308l\u00e9st akar hozni az \u00e9letu\u0308nkbe.","og_url":"https:\/\/tv.joycemeyer.org\/magyar\/devotional\/frissulj-fel-2\/","og_site_name":"Joyce Meyer Ministries - Magyar","article_publisher":"https:\/\/www.facebook.com\/JoyceMeyerMinistriesHungarian\/","og_image":[{"width":504,"height":336,"url":"https:\/\/tv.joycemeyer.org\/magyar\/wp-content\/uploads\/sites\/72\/2024\/05\/5095L.jpg","type":"image\/jpeg"}],"twitter_card":"summary_large_image","twitter_misc":{"Est. reading time":"2 minutes"},"schema":{"@context":"https:\/\/schema.org","@graph":[{"@type":"WebPage","@id":"https:\/\/tv.joycemeyer.org\/magyar\/devotional\/frissulj-fel-2\/","url":"https:\/\/tv.joycemeyer.org\/magyar\/devotional\/frissulj-fel-2\/","name":"Frissu\u0308lj fel! - Joyce Meyer Ministries - Magyar","isPartOf":{"@id":"https:\/\/tv.joycemeyer.org\/magyar\/#website"},"primaryImageOfPage":{"@id":"https:\/\/tv.joycemeyer.org\/magyar\/devotional\/frissulj-fel-2\/#primaryimage"},"image":{"@id":"https:\/\/tv.joycemeyer.org\/magyar\/devotional\/frissulj-fel-2\/#primaryimage"},"thumbnailUrl":"https:\/\/tv.joycemeyer.org\/magyar\/wp-content\/uploads\/sites\/72\/2024\/05\/5095L.jpg","datePublished":"2024-05-25T00:01:58+00:00","breadcrumb":{"@id":"https:\/\/tv.joycemeyer.org\/magyar\/devotional\/frissulj-fel-2\/#breadcrumb"},"inLanguage":"en-US","potentialAction":[{"@type":"ReadAction","target":["https:\/\/tv.joycemeyer.org\/magyar\/devotional\/frissulj-fel-2\/"]}]},{"@type":"ImageObject","inLanguage":"en-US","@id":"https:\/\/tv.joycemeyer.org\/magyar\/devotional\/frissulj-fel-2\/#primaryimage","url":"https:\/\/tv.joycemeyer.org\/magyar\/wp-content\/uploads\/sites\/72\/2024\/05\/5095L.jpg","contentUrl":"https:\/\/tv.joycemeyer.org\/magyar\/wp-content\/uploads\/sites\/72\/2024\/05\/5095L.jpg","width":504,"height":336,"caption":"Frissu\u0308lj fel!"},{"@type":"BreadcrumbList","@id":"https:\/\/tv.joycemeyer.org\/magyar\/devotional\/frissulj-fel-2\/#breadcrumb","itemListElement":[{"@type":"ListItem","position":1,"name":"Home","item":"https:\/\/tv.joycemeyer.org\/magyar\/"},{"@type":"ListItem","position":2,"name":"Devotional","item":"https:\/\/tv.joycemeyer.org\/magyar\/devotional\/"},{"@type":"ListItem","position":3,"name":"Frissu\u0308lj fel!"}]},{"@type":"WebSite","@id":"https:\/\/tv.joycemeyer.org\/magyar\/#website","url":"https:\/\/tv.joycemeyer.org\/magyar\/","name":"Joyce Meyer Ministries - Magyar","description":"Hirdetj\u00fck Krisztust - Szeretj\u00fck az embereket","potentialAction":[{"@type":"SearchAction","target":{"@type":"EntryPoint","urlTemplate":"https:\/\/tv.joycemeyer.org\/magyar\/?s={search_term_string}"},"query-input":{"@type":"PropertyValueSpecification","valueRequired":true,"valueName":"search_term_string"}}],"inLanguage":"en-US"}]}},"_links":{"self":[{"href":"https:\/\/tv.joycemeyer.org\/magyar\/wp-json\/wp\/v2\/devotional\/5073","targetHints":{"allow":["GET"]}}],"collection":[{"href":"https:\/\/tv.joycemeyer.org\/magyar\/wp-json\/wp\/v2\/devotional"}],"about":[{"href":"https:\/\/tv.joycemeyer.org\/magyar\/wp-json\/wp\/v2\/types\/devotional"}],"author":[{"embeddable":true,"href":"https:\/\/tv.joycemeyer.org\/magyar\/wp-json\/wp\/v2\/users\/20"}],"replies":[{"embeddable":true,"href":"https:\/\/tv.joycemeyer.org\/magyar\/wp-json\/wp\/v2\/comments?post=5073"}],"wp:featuredmedia":[{"embeddable":true,"href":"https:\/\/tv.joycemeyer.org\/magyar\/wp-json\/wp\/v2\/media\/5074"}],"wp:attachment":[{"href":"https:\/\/tv.joycemeyer.org\/magyar\/wp-json\/wp\/v2\/media?parent=5073"}],"curies":[{"name":"wp","href":"https:\/\/api.w.org\/{rel}","templated":true}]}}