{"id":5230,"date":"2024-08-21T00:01:52","date_gmt":"2024-08-21T00:01:52","guid":{"rendered":"https:\/\/tv.joycemeyer.org\/magyar\/?post_type=devotional&#038;p=5230"},"modified":"2024-08-21T13:02:30","modified_gmt":"2024-08-21T13:02:30","slug":"imadkozz-aztan-tervezz","status":"publish","type":"devotional","link":"https:\/\/tv.joycemeyer.org\/magyar\/devotional\/imadkozz-aztan-tervezz\/","title":{"rendered":"Im\u00e1dkozz, azt\u00e1n tervezz!"},"content":{"rendered":"<p>Sokf\u00e9le sz\u00e1nd\u00e9k van az ember sz\u00edv\u00e9ben, de csak az \u00dar tan\u00e1csa val\u00f3sul meg. (P\u00e9ld. 19,21)<\/p>\n<p>Isten ig\u00e9je vil\u00e1gosan megmutatja, hogy szu\u0308ks\u00e9gu\u0308nk van r\u00e1, hogy figyelju\u0308nk Isten hangj\u00e1ra, \u00e9s a Vele val\u00f3 sz\u00f6vets\u00e9gre k\u00f6telez\u0151dj\u00f6n el a hall\u00e1sunk, hagyjuk, hogy megszentelje \u00e9s k\u00f6ru\u0308lmet\u00e9lje a fu\u0308leinket, hogy \u00edgy meghallhassuk \u0150t. sokszor Isten vil\u00e1gosan megmutatja, mit tegyu\u0308nk, de mi nem tesszu\u0308k meg, mert nem tetszik a terve. M\u00e9g szellemileg su\u0308ketnek is tetethetju\u0308k magunkat, mikor nem tetszik, amit tiszt\u00e1n hallunk t\u0151le. testies \u00e9tv\u00e1gyunk \u00e9s v\u00e1gyaink megakad\u00e1lyozhatj\u00e1k, hogy elfogadjuk Isten igazs\u00e1g\u00e1t. szemt\u0151l szembe n\u00e9zhetu\u0308nk az igazs\u00e1ggal, \u00e9s m\u00e9g akkor sem fogadjuk el. Bevallom, sokszor k\u00f6nnyebb elfogadni az igazs\u00e1got, ha az m\u00e1s emberekkel \u00e9s m\u00e1sok \u00e9let\u00e9vel kapcsolatos, nem velem vagy a saj\u00e1t \u00e9letemmel. Van egy tervu\u0308nk arra, hogyan akarjuk \u00e9lni az \u00e9letu\u0308nket, \u00e9s hogyan akarjuk ezt a tervet kivitelezni. Az id\u0151 nagy r\u00e9sz\u00e9ben azt akarjuk, hogy Isten meghallgassa a tervu\u0308nket, \u00e9s azt vigye v\u00e9ghez ahelyett, hogy meghallgatn\u00e1nk, mi az \u0150 terve, \u00e9s megk\u00e9rn\u00e9nk, tegye, amit kell, hogy az teljesedjen be rajtunk keresztu\u0308l. el\u0151sz\u00f6r mindig im\u00e1dkoznunk kell, nem pedig r\u00f6gt\u00f6n terveket gy\u00e1rtani, \u00e9s azut\u00e1n im\u00e1dkozni, hogy Isten m\u0171k\u00f6dtesse \u0151ket. Hallgasd meg Isten terv\u00e9t; k\u00f6vesd azt, \u00e9s mindig boldogulni fogsz!<\/p>\n<hr \/>\n<p>Isten szava ma hozz\u00e1d: Tudd meg, mi Isten terve, miel\u0151tt elkezden\u00e9l saj\u00e1t terveket gy\u00e1rtani!<\/p>\n","protected":false},"excerpt":{"rendered":"<p>Hallgasd meg Isten terv\u00e9t; k\u00f6vesd azt, \u00e9s mindig boldogulni fogsz!<\/p>\n","protected":false},"author":20,"featured_media":5231,"parent":0,"menu_order":0,"comment_status":"closed","ping_status":"closed","template":"","class_list":["post-5230","devotional","type-devotional","status-publish","has-post-thumbnail","hentry"],"acf":[],"appp":{"post_detail":{"above_title":"<div class=\"post-featured-wrap\"><img width=\"960\" height=\"640\" src=\"https:\/\/tv.joycemeyer.org\/magyar\/wp-content\/uploads\/sites\/72\/2019\/08\/3718L.jpg\" class=\"post-featured wp-post-image\" alt=\"\" decoding=\"async\" srcset=\"https:\/\/tv.joycemeyer.org\/magyar\/wp-content\/uploads\/sites\/72\/2019\/08\/3718L.jpg 960w, https:\/\/tv.joycemeyer.org\/magyar\/wp-content\/uploads\/sites\/72\/2019\/08\/3718L-300x200.jpg 300w, https:\/\/tv.joycemeyer.org\/magyar\/wp-content\/uploads\/sites\/72\/2019\/08\/3718L-768x512.jpg 768w\" sizes=\"(max-width: 960px) 100vw, 960px\" \/><\/div>","below_content":"<div class=\"follow\"><h6 class=\"alt\">L\u00e9pj kapcsolatba vel\u00fcnk<\/h6><ul class=\"nav nav--social nav--flex\"><li class=\"menu-item facebook\"><a href=\"https:\/\/www.facebook.com\/JoyceMeyerMinistriesHungarian\/\" target=\"_blank\"><span class=\"visuallyhidden\">Facebook<\/span><\/a><\/li><li class=\"menu-item instagram\"><a href=\"https:\/\/www.instagram.com\/joycemeyerministriesmagyar\/\" target=\"_blank\"><span class=\"visuallyhidden\">Instagram<\/span><\/a><\/li><li class=\"menu-item youtube\"><a href=\"https:\/\/www.youtube.com\/channel\/UCoAjHvNztMybm-_7N0zdThg\" target=\"_blank\"><span class=\"visuallyhidden\">YouTube<\/span><\/a><\/li><\/ul><\/div>"}},"yoast_head":"<!-- This site is optimized with the Yoast SEO plugin v27.4 - https:\/\/yoast.com\/product\/yoast-seo-wordpress\/ -->\n<title>Im\u00e1dkozz, azt\u00e1n tervezz! - Joyce Meyer Ministries - Magyar<\/title>\n<meta name=\"robots\" content=\"index, follow, max-snippet:-1, max-image-preview:large, max-video-preview:-1\" \/>\n<link rel=\"canonical\" href=\"https:\/\/tv.joycemeyer.org\/magyar\/devotional\/imadkozz-aztan-tervezz\/\" \/>\n<meta property=\"og:locale\" content=\"en_US\" \/>\n<meta property=\"og:type\" content=\"article\" \/>\n<meta property=\"og:title\" content=\"Im\u00e1dkozz, azt\u00e1n tervezz! - Joyce Meyer Ministries - Magyar\" \/>\n<meta property=\"og:description\" content=\"Hallgasd meg Isten terv\u00e9t; k\u00f6vesd azt, \u00e9s mindig boldogulni fogsz!\" \/>\n<meta property=\"og:url\" content=\"https:\/\/tv.joycemeyer.org\/magyar\/devotional\/imadkozz-aztan-tervezz\/\" \/>\n<meta property=\"og:site_name\" content=\"Joyce Meyer Ministries - Magyar\" \/>\n<meta property=\"article:publisher\" content=\"https:\/\/www.facebook.com\/JoyceMeyerMinistriesHungarian\/\" \/>\n<meta property=\"article:modified_time\" content=\"2024-08-21T13:02:30+00:00\" \/>\n<meta property=\"og:image\" content=\"https:\/\/tv.joycemeyer.org\/magyar\/wp-content\/uploads\/sites\/72\/2019\/08\/3718L.jpg\" \/>\n\t<meta property=\"og:image:width\" content=\"960\" \/>\n\t<meta property=\"og:image:height\" content=\"640\" \/>\n\t<meta property=\"og:image:type\" content=\"image\/jpeg\" \/>\n<meta name=\"twitter:card\" content=\"summary_large_image\" \/>\n<meta name=\"twitter:label1\" content=\"Est. reading time\" \/>\n\t<meta name=\"twitter:data1\" content=\"2 minutes\" \/>\n<script type=\"application\/ld+json\" class=\"yoast-schema-graph\">{\"@context\":\"https:\\\/\\\/schema.org\",\"@graph\":[{\"@type\":\"WebPage\",\"@id\":\"https:\\\/\\\/tv.joycemeyer.org\\\/magyar\\\/devotional\\\/imadkozz-aztan-tervezz\\\/\",\"url\":\"https:\\\/\\\/tv.joycemeyer.org\\\/magyar\\\/devotional\\\/imadkozz-aztan-tervezz\\\/\",\"name\":\"Im\u00e1dkozz, azt\u00e1n tervezz! - Joyce Meyer Ministries - Magyar\",\"isPartOf\":{\"@id\":\"https:\\\/\\\/tv.joycemeyer.org\\\/magyar\\\/#website\"},\"primaryImageOfPage\":{\"@id\":\"https:\\\/\\\/tv.joycemeyer.org\\\/magyar\\\/devotional\\\/imadkozz-aztan-tervezz\\\/#primaryimage\"},\"image\":{\"@id\":\"https:\\\/\\\/tv.joycemeyer.org\\\/magyar\\\/devotional\\\/imadkozz-aztan-tervezz\\\/#primaryimage\"},\"thumbnailUrl\":\"https:\\\/\\\/tv.joycemeyer.org\\\/magyar\\\/wp-content\\\/uploads\\\/sites\\\/72\\\/2019\\\/08\\\/3718L.jpg\",\"datePublished\":\"2024-08-21T00:01:52+00:00\",\"dateModified\":\"2024-08-21T13:02:30+00:00\",\"breadcrumb\":{\"@id\":\"https:\\\/\\\/tv.joycemeyer.org\\\/magyar\\\/devotional\\\/imadkozz-aztan-tervezz\\\/#breadcrumb\"},\"inLanguage\":\"en-US\",\"potentialAction\":[{\"@type\":\"ReadAction\",\"target\":[\"https:\\\/\\\/tv.joycemeyer.org\\\/magyar\\\/devotional\\\/imadkozz-aztan-tervezz\\\/\"]}]},{\"@type\":\"ImageObject\",\"inLanguage\":\"en-US\",\"@id\":\"https:\\\/\\\/tv.joycemeyer.org\\\/magyar\\\/devotional\\\/imadkozz-aztan-tervezz\\\/#primaryimage\",\"url\":\"https:\\\/\\\/tv.joycemeyer.org\\\/magyar\\\/wp-content\\\/uploads\\\/sites\\\/72\\\/2019\\\/08\\\/3718L.jpg\",\"contentUrl\":\"https:\\\/\\\/tv.joycemeyer.org\\\/magyar\\\/wp-content\\\/uploads\\\/sites\\\/72\\\/2019\\\/08\\\/3718L.jpg\",\"width\":960,\"height\":640,\"caption\":\"Im\u00e1dkozz, azt\u00e1n tervezz!\"},{\"@type\":\"BreadcrumbList\",\"@id\":\"https:\\\/\\\/tv.joycemeyer.org\\\/magyar\\\/devotional\\\/imadkozz-aztan-tervezz\\\/#breadcrumb\",\"itemListElement\":[{\"@type\":\"ListItem\",\"position\":1,\"name\":\"Home\",\"item\":\"https:\\\/\\\/tv.joycemeyer.org\\\/magyar\\\/\"},{\"@type\":\"ListItem\",\"position\":2,\"name\":\"Devotional\",\"item\":\"https:\\\/\\\/tv.joycemeyer.org\\\/magyar\\\/devotional\\\/\"},{\"@type\":\"ListItem\",\"position\":3,\"name\":\"Im\u00e1dkozz, azt\u00e1n tervezz!\"}]},{\"@type\":\"WebSite\",\"@id\":\"https:\\\/\\\/tv.joycemeyer.org\\\/magyar\\\/#website\",\"url\":\"https:\\\/\\\/tv.joycemeyer.org\\\/magyar\\\/\",\"name\":\"Joyce Meyer Ministries - Magyar\",\"description\":\"Hirdetj\u00fck Krisztust - Szeretj\u00fck az embereket\",\"potentialAction\":[{\"@type\":\"SearchAction\",\"target\":{\"@type\":\"EntryPoint\",\"urlTemplate\":\"https:\\\/\\\/tv.joycemeyer.org\\\/magyar\\\/?s={search_term_string}\"},\"query-input\":{\"@type\":\"PropertyValueSpecification\",\"valueRequired\":true,\"valueName\":\"search_term_string\"}}],\"inLanguage\":\"en-US\"}]}<\/script>\n<!-- \/ Yoast SEO plugin. -->","yoast_head_json":{"title":"Im\u00e1dkozz, azt\u00e1n tervezz! - Joyce Meyer Ministries - Magyar","robots":{"index":"index","follow":"follow","max-snippet":"max-snippet:-1","max-image-preview":"max-image-preview:large","max-video-preview":"max-video-preview:-1"},"canonical":"https:\/\/tv.joycemeyer.org\/magyar\/devotional\/imadkozz-aztan-tervezz\/","og_locale":"en_US","og_type":"article","og_title":"Im\u00e1dkozz, azt\u00e1n tervezz! - Joyce Meyer Ministries - Magyar","og_description":"Hallgasd meg Isten terv\u00e9t; k\u00f6vesd azt, \u00e9s mindig boldogulni fogsz!","og_url":"https:\/\/tv.joycemeyer.org\/magyar\/devotional\/imadkozz-aztan-tervezz\/","og_site_name":"Joyce Meyer Ministries - Magyar","article_publisher":"https:\/\/www.facebook.com\/JoyceMeyerMinistriesHungarian\/","article_modified_time":"2024-08-21T13:02:30+00:00","og_image":[{"width":960,"height":640,"url":"https:\/\/tv.joycemeyer.org\/magyar\/wp-content\/uploads\/sites\/72\/2019\/08\/3718L.jpg","type":"image\/jpeg"}],"twitter_card":"summary_large_image","twitter_misc":{"Est. reading time":"2 minutes"},"schema":{"@context":"https:\/\/schema.org","@graph":[{"@type":"WebPage","@id":"https:\/\/tv.joycemeyer.org\/magyar\/devotional\/imadkozz-aztan-tervezz\/","url":"https:\/\/tv.joycemeyer.org\/magyar\/devotional\/imadkozz-aztan-tervezz\/","name":"Im\u00e1dkozz, azt\u00e1n tervezz! - Joyce Meyer Ministries - Magyar","isPartOf":{"@id":"https:\/\/tv.joycemeyer.org\/magyar\/#website"},"primaryImageOfPage":{"@id":"https:\/\/tv.joycemeyer.org\/magyar\/devotional\/imadkozz-aztan-tervezz\/#primaryimage"},"image":{"@id":"https:\/\/tv.joycemeyer.org\/magyar\/devotional\/imadkozz-aztan-tervezz\/#primaryimage"},"thumbnailUrl":"https:\/\/tv.joycemeyer.org\/magyar\/wp-content\/uploads\/sites\/72\/2019\/08\/3718L.jpg","datePublished":"2024-08-21T00:01:52+00:00","dateModified":"2024-08-21T13:02:30+00:00","breadcrumb":{"@id":"https:\/\/tv.joycemeyer.org\/magyar\/devotional\/imadkozz-aztan-tervezz\/#breadcrumb"},"inLanguage":"en-US","potentialAction":[{"@type":"ReadAction","target":["https:\/\/tv.joycemeyer.org\/magyar\/devotional\/imadkozz-aztan-tervezz\/"]}]},{"@type":"ImageObject","inLanguage":"en-US","@id":"https:\/\/tv.joycemeyer.org\/magyar\/devotional\/imadkozz-aztan-tervezz\/#primaryimage","url":"https:\/\/tv.joycemeyer.org\/magyar\/wp-content\/uploads\/sites\/72\/2019\/08\/3718L.jpg","contentUrl":"https:\/\/tv.joycemeyer.org\/magyar\/wp-content\/uploads\/sites\/72\/2019\/08\/3718L.jpg","width":960,"height":640,"caption":"Im\u00e1dkozz, azt\u00e1n tervezz!"},{"@type":"BreadcrumbList","@id":"https:\/\/tv.joycemeyer.org\/magyar\/devotional\/imadkozz-aztan-tervezz\/#breadcrumb","itemListElement":[{"@type":"ListItem","position":1,"name":"Home","item":"https:\/\/tv.joycemeyer.org\/magyar\/"},{"@type":"ListItem","position":2,"name":"Devotional","item":"https:\/\/tv.joycemeyer.org\/magyar\/devotional\/"},{"@type":"ListItem","position":3,"name":"Im\u00e1dkozz, azt\u00e1n tervezz!"}]},{"@type":"WebSite","@id":"https:\/\/tv.joycemeyer.org\/magyar\/#website","url":"https:\/\/tv.joycemeyer.org\/magyar\/","name":"Joyce Meyer Ministries - Magyar","description":"Hirdetj\u00fck Krisztust - Szeretj\u00fck az embereket","potentialAction":[{"@type":"SearchAction","target":{"@type":"EntryPoint","urlTemplate":"https:\/\/tv.joycemeyer.org\/magyar\/?s={search_term_string}"},"query-input":{"@type":"PropertyValueSpecification","valueRequired":true,"valueName":"search_term_string"}}],"inLanguage":"en-US"}]}},"_links":{"self":[{"href":"https:\/\/tv.joycemeyer.org\/magyar\/wp-json\/wp\/v2\/devotional\/5230","targetHints":{"allow":["GET"]}}],"collection":[{"href":"https:\/\/tv.joycemeyer.org\/magyar\/wp-json\/wp\/v2\/devotional"}],"about":[{"href":"https:\/\/tv.joycemeyer.org\/magyar\/wp-json\/wp\/v2\/types\/devotional"}],"author":[{"embeddable":true,"href":"https:\/\/tv.joycemeyer.org\/magyar\/wp-json\/wp\/v2\/users\/20"}],"replies":[{"embeddable":true,"href":"https:\/\/tv.joycemeyer.org\/magyar\/wp-json\/wp\/v2\/comments?post=5230"}],"wp:featuredmedia":[{"embeddable":true,"href":"https:\/\/tv.joycemeyer.org\/magyar\/wp-json\/wp\/v2\/media\/5231"}],"wp:attachment":[{"href":"https:\/\/tv.joycemeyer.org\/magyar\/wp-json\/wp\/v2\/media?parent=5230"}],"curies":[{"name":"wp","href":"https:\/\/api.w.org\/{rel}","templated":true}]}}