{"id":5232,"date":"2024-08-22T00:01:17","date_gmt":"2024-08-22T00:01:17","guid":{"rendered":"https:\/\/tv.joycemeyer.org\/magyar\/?post_type=devotional&#038;p=5232"},"modified":"2024-08-22T13:08:34","modified_gmt":"2024-08-22T13:08:34","slug":"mikor-isten-szol","status":"publish","type":"devotional","link":"https:\/\/tv.joycemeyer.org\/magyar\/devotional\/mikor-isten-szol\/","title":{"rendered":"Mikor Isten sz\u00f3l&#8230;"},"content":{"rendered":"<blockquote><p>Mert Isten ig\u00e9je \u00e9l\u0151 \u00e9s hat\u00f3, \u00e9lesebb minden k\u00e9t\u00e9l\u0171 kardn\u00e1l, \u00e9s \u00e1thatol az elme \u00e9s a l\u00e9lek, az \u00edzu\u0308letek \u00e9s a vel\u0151k sz\u00e9tv\u00e1l\u00e1s\u00e1ig, \u00e9s meg\u00edt\u00e9li a sz\u00edv gondolatait \u00e9s sz\u00e1nd\u00e9kait. (Zsid. 4,12)<\/p><\/blockquote>\n<p>Pontos meghat\u00e1roz\u00e1sk\u00e9nt mondhatjuk, hogy Isten ig\u00e9je megoper\u00e1l minket. Kimetszi az \u00e9letu\u0308nkb\u0151l azokat a dolgokat, melyek akad\u00e1lyozz\u00e1k Isten terv\u00e9t. Bem\u00e9ri \u00e9s elszigeteli a vil\u00e1gias \u00e9s testies dolgokat, \u00e9s a szent szellem seg\u00edts\u00e9g\u00e9vel elt\u00e1vol\u00edtja azokat. A kezdeti \u00e9vekben, mikor elkezdtem Isten ig\u00e9j\u00e9t tanulm\u00e1nyozni, nem volt el\u00e9g tapasztalatom, hogy meg tudjam ku\u0308l\u00f6nb\u00f6ztetni, hogy a saj\u00e1t lelkemet (elme, akarat, \u00e9rzelmek) hallom, vagy val\u00f3ban a szent szellem vezet. Ha valamit akartam, \u00e9n pr\u00f3b\u00e1ltam v\u00e9ghezvinni, \u00e9s ha nem sikeru\u0308lt, du\u0308h\u00f6s lettem. \u00d6nz\u0151, testies voltam, de az \u00e9vek sor\u00e1n Isten arra haszn\u00e1lta az ig\u00e9j\u00e9t, hogy oper\u00e1ci\u00f3kat v\u00e9gezzen el rajtam, \u00e9s elt\u00e1vol\u00edtsa a rossz viselked\u00e9semet. egy m\u0171t\u00e9t sem kellemes, de van, hogy szu\u0308ks\u00e9ges ahhoz, hogy eg\u00e9szs\u00e9gesek maradjunk. Isten pr\u00f3b\u00e1l valamit kimetszeni az \u00e9letedb\u0151l?<\/p>\n<p>F\u00e1jdalmas? A legt\u00f6bb m\u0171t\u00e9t az, de hossz\u00fa t\u00e1von seg\u00edtenek rajtunk. Ha Isten legjobb terv\u00e9t akarod az \u00e9letedre n\u00e9zve, akkor musz\u00e1j hagynod, hogy megszabad\u00edtson dolgokt\u00f3l, melyek megzavarj\u00e1k a szellemi n\u00f6veked\u00e9sedet. nincsenek r\u00f6vid\u00edtett utak, ha szellemi \u00e9retts\u00e9gr\u0151l van sz\u00f3.<\/p>\n<hr \/>\n<p>Isten szava ma hozz\u00e1d: Az a sikerhez vezet\u0151 hossz\u00fa \u00fat, ahol \u00e9rt\u00e9kes leck\u00e9ket tanulunk meg, melyek b\u00f6lcsess\u00e9gre vezetnek.<\/p>\n","protected":false},"excerpt":{"rendered":"<p>Kimetszi az \u00e9letu\u0308nkb\u0151l azokat a dolgokat, melyek akad\u00e1lyozz\u00e1k Isten terv\u00e9t.<\/p>\n","protected":false},"author":20,"featured_media":5233,"parent":0,"menu_order":0,"comment_status":"closed","ping_status":"closed","template":"","class_list":["post-5232","devotional","type-devotional","status-publish","has-post-thumbnail","hentry"],"acf":[],"appp":{"post_detail":{"above_title":"<div class=\"post-featured-wrap\"><img width=\"960\" height=\"638\" src=\"https:\/\/tv.joycemeyer.org\/magyar\/wp-content\/uploads\/sites\/72\/2024\/08\/3435L.jpg\" class=\"post-featured wp-post-image\" alt=\"\" decoding=\"async\" srcset=\"https:\/\/tv.joycemeyer.org\/magyar\/wp-content\/uploads\/sites\/72\/2024\/08\/3435L.jpg 960w, https:\/\/tv.joycemeyer.org\/magyar\/wp-content\/uploads\/sites\/72\/2024\/08\/3435L-300x199.jpg 300w, https:\/\/tv.joycemeyer.org\/magyar\/wp-content\/uploads\/sites\/72\/2024\/08\/3435L-768x510.jpg 768w\" sizes=\"(max-width: 960px) 100vw, 960px\" \/><\/div>","below_content":"<div class=\"follow\"><h6 class=\"alt\">L\u00e9pj kapcsolatba vel\u00fcnk<\/h6><ul class=\"nav nav--social nav--flex\"><li class=\"menu-item facebook\"><a href=\"https:\/\/www.facebook.com\/JoyceMeyerMinistriesHungarian\/\" target=\"_blank\"><span class=\"visuallyhidden\">Facebook<\/span><\/a><\/li><li class=\"menu-item instagram\"><a href=\"https:\/\/www.instagram.com\/joycemeyerministriesmagyar\/\" target=\"_blank\"><span class=\"visuallyhidden\">Instagram<\/span><\/a><\/li><li class=\"menu-item youtube\"><a href=\"https:\/\/www.youtube.com\/channel\/UCoAjHvNztMybm-_7N0zdThg\" target=\"_blank\"><span class=\"visuallyhidden\">YouTube<\/span><\/a><\/li><\/ul><\/div>"}},"yoast_head":"<!-- This site is optimized with the Yoast SEO plugin v27.4 - https:\/\/yoast.com\/product\/yoast-seo-wordpress\/ -->\n<title>Mikor Isten sz\u00f3l... - Joyce Meyer Ministries - Magyar<\/title>\n<meta name=\"robots\" content=\"index, follow, max-snippet:-1, max-image-preview:large, max-video-preview:-1\" \/>\n<link rel=\"canonical\" href=\"https:\/\/tv.joycemeyer.org\/magyar\/devotional\/mikor-isten-szol\/\" \/>\n<meta property=\"og:locale\" content=\"en_US\" \/>\n<meta property=\"og:type\" content=\"article\" \/>\n<meta property=\"og:title\" content=\"Mikor Isten sz\u00f3l... - Joyce Meyer Ministries - Magyar\" \/>\n<meta property=\"og:description\" content=\"Kimetszi az \u00e9letu\u0308nkb\u0151l azokat a dolgokat, melyek akad\u00e1lyozz\u00e1k Isten terv\u00e9t.\" \/>\n<meta property=\"og:url\" content=\"https:\/\/tv.joycemeyer.org\/magyar\/devotional\/mikor-isten-szol\/\" \/>\n<meta property=\"og:site_name\" content=\"Joyce Meyer Ministries - Magyar\" \/>\n<meta property=\"article:publisher\" content=\"https:\/\/www.facebook.com\/JoyceMeyerMinistriesHungarian\/\" \/>\n<meta property=\"article:modified_time\" content=\"2024-08-22T13:08:34+00:00\" \/>\n<meta property=\"og:image\" content=\"https:\/\/tv.joycemeyer.org\/magyar\/wp-content\/uploads\/sites\/72\/2024\/08\/3435L.jpg\" \/>\n\t<meta property=\"og:image:width\" content=\"960\" \/>\n\t<meta property=\"og:image:height\" content=\"638\" \/>\n\t<meta property=\"og:image:type\" content=\"image\/jpeg\" \/>\n<meta name=\"twitter:card\" content=\"summary_large_image\" \/>\n<meta name=\"twitter:label1\" content=\"Est. reading time\" \/>\n\t<meta name=\"twitter:data1\" content=\"1 minute\" \/>\n<script type=\"application\/ld+json\" class=\"yoast-schema-graph\">{\"@context\":\"https:\\\/\\\/schema.org\",\"@graph\":[{\"@type\":\"WebPage\",\"@id\":\"https:\\\/\\\/tv.joycemeyer.org\\\/magyar\\\/devotional\\\/mikor-isten-szol\\\/\",\"url\":\"https:\\\/\\\/tv.joycemeyer.org\\\/magyar\\\/devotional\\\/mikor-isten-szol\\\/\",\"name\":\"Mikor Isten sz\u00f3l... - Joyce Meyer Ministries - Magyar\",\"isPartOf\":{\"@id\":\"https:\\\/\\\/tv.joycemeyer.org\\\/magyar\\\/#website\"},\"primaryImageOfPage\":{\"@id\":\"https:\\\/\\\/tv.joycemeyer.org\\\/magyar\\\/devotional\\\/mikor-isten-szol\\\/#primaryimage\"},\"image\":{\"@id\":\"https:\\\/\\\/tv.joycemeyer.org\\\/magyar\\\/devotional\\\/mikor-isten-szol\\\/#primaryimage\"},\"thumbnailUrl\":\"https:\\\/\\\/tv.joycemeyer.org\\\/magyar\\\/wp-content\\\/uploads\\\/sites\\\/72\\\/2024\\\/08\\\/3435L.jpg\",\"datePublished\":\"2024-08-22T00:01:17+00:00\",\"dateModified\":\"2024-08-22T13:08:34+00:00\",\"breadcrumb\":{\"@id\":\"https:\\\/\\\/tv.joycemeyer.org\\\/magyar\\\/devotional\\\/mikor-isten-szol\\\/#breadcrumb\"},\"inLanguage\":\"en-US\",\"potentialAction\":[{\"@type\":\"ReadAction\",\"target\":[\"https:\\\/\\\/tv.joycemeyer.org\\\/magyar\\\/devotional\\\/mikor-isten-szol\\\/\"]}]},{\"@type\":\"ImageObject\",\"inLanguage\":\"en-US\",\"@id\":\"https:\\\/\\\/tv.joycemeyer.org\\\/magyar\\\/devotional\\\/mikor-isten-szol\\\/#primaryimage\",\"url\":\"https:\\\/\\\/tv.joycemeyer.org\\\/magyar\\\/wp-content\\\/uploads\\\/sites\\\/72\\\/2024\\\/08\\\/3435L.jpg\",\"contentUrl\":\"https:\\\/\\\/tv.joycemeyer.org\\\/magyar\\\/wp-content\\\/uploads\\\/sites\\\/72\\\/2024\\\/08\\\/3435L.jpg\",\"width\":960,\"height\":638,\"caption\":\"Mikor Isten sz\u00f3l...\"},{\"@type\":\"BreadcrumbList\",\"@id\":\"https:\\\/\\\/tv.joycemeyer.org\\\/magyar\\\/devotional\\\/mikor-isten-szol\\\/#breadcrumb\",\"itemListElement\":[{\"@type\":\"ListItem\",\"position\":1,\"name\":\"Home\",\"item\":\"https:\\\/\\\/tv.joycemeyer.org\\\/magyar\\\/\"},{\"@type\":\"ListItem\",\"position\":2,\"name\":\"Devotional\",\"item\":\"https:\\\/\\\/tv.joycemeyer.org\\\/magyar\\\/devotional\\\/\"},{\"@type\":\"ListItem\",\"position\":3,\"name\":\"Mikor Isten sz\u00f3l&#8230;\"}]},{\"@type\":\"WebSite\",\"@id\":\"https:\\\/\\\/tv.joycemeyer.org\\\/magyar\\\/#website\",\"url\":\"https:\\\/\\\/tv.joycemeyer.org\\\/magyar\\\/\",\"name\":\"Joyce Meyer Ministries - Magyar\",\"description\":\"Hirdetj\u00fck Krisztust - Szeretj\u00fck az embereket\",\"potentialAction\":[{\"@type\":\"SearchAction\",\"target\":{\"@type\":\"EntryPoint\",\"urlTemplate\":\"https:\\\/\\\/tv.joycemeyer.org\\\/magyar\\\/?s={search_term_string}\"},\"query-input\":{\"@type\":\"PropertyValueSpecification\",\"valueRequired\":true,\"valueName\":\"search_term_string\"}}],\"inLanguage\":\"en-US\"}]}<\/script>\n<!-- \/ Yoast SEO plugin. -->","yoast_head_json":{"title":"Mikor Isten sz\u00f3l... - Joyce Meyer Ministries - Magyar","robots":{"index":"index","follow":"follow","max-snippet":"max-snippet:-1","max-image-preview":"max-image-preview:large","max-video-preview":"max-video-preview:-1"},"canonical":"https:\/\/tv.joycemeyer.org\/magyar\/devotional\/mikor-isten-szol\/","og_locale":"en_US","og_type":"article","og_title":"Mikor Isten sz\u00f3l... - Joyce Meyer Ministries - Magyar","og_description":"Kimetszi az \u00e9letu\u0308nkb\u0151l azokat a dolgokat, melyek akad\u00e1lyozz\u00e1k Isten terv\u00e9t.","og_url":"https:\/\/tv.joycemeyer.org\/magyar\/devotional\/mikor-isten-szol\/","og_site_name":"Joyce Meyer Ministries - Magyar","article_publisher":"https:\/\/www.facebook.com\/JoyceMeyerMinistriesHungarian\/","article_modified_time":"2024-08-22T13:08:34+00:00","og_image":[{"width":960,"height":638,"url":"https:\/\/tv.joycemeyer.org\/magyar\/wp-content\/uploads\/sites\/72\/2024\/08\/3435L.jpg","type":"image\/jpeg"}],"twitter_card":"summary_large_image","twitter_misc":{"Est. reading time":"1 minute"},"schema":{"@context":"https:\/\/schema.org","@graph":[{"@type":"WebPage","@id":"https:\/\/tv.joycemeyer.org\/magyar\/devotional\/mikor-isten-szol\/","url":"https:\/\/tv.joycemeyer.org\/magyar\/devotional\/mikor-isten-szol\/","name":"Mikor Isten sz\u00f3l... - Joyce Meyer Ministries - Magyar","isPartOf":{"@id":"https:\/\/tv.joycemeyer.org\/magyar\/#website"},"primaryImageOfPage":{"@id":"https:\/\/tv.joycemeyer.org\/magyar\/devotional\/mikor-isten-szol\/#primaryimage"},"image":{"@id":"https:\/\/tv.joycemeyer.org\/magyar\/devotional\/mikor-isten-szol\/#primaryimage"},"thumbnailUrl":"https:\/\/tv.joycemeyer.org\/magyar\/wp-content\/uploads\/sites\/72\/2024\/08\/3435L.jpg","datePublished":"2024-08-22T00:01:17+00:00","dateModified":"2024-08-22T13:08:34+00:00","breadcrumb":{"@id":"https:\/\/tv.joycemeyer.org\/magyar\/devotional\/mikor-isten-szol\/#breadcrumb"},"inLanguage":"en-US","potentialAction":[{"@type":"ReadAction","target":["https:\/\/tv.joycemeyer.org\/magyar\/devotional\/mikor-isten-szol\/"]}]},{"@type":"ImageObject","inLanguage":"en-US","@id":"https:\/\/tv.joycemeyer.org\/magyar\/devotional\/mikor-isten-szol\/#primaryimage","url":"https:\/\/tv.joycemeyer.org\/magyar\/wp-content\/uploads\/sites\/72\/2024\/08\/3435L.jpg","contentUrl":"https:\/\/tv.joycemeyer.org\/magyar\/wp-content\/uploads\/sites\/72\/2024\/08\/3435L.jpg","width":960,"height":638,"caption":"Mikor Isten sz\u00f3l..."},{"@type":"BreadcrumbList","@id":"https:\/\/tv.joycemeyer.org\/magyar\/devotional\/mikor-isten-szol\/#breadcrumb","itemListElement":[{"@type":"ListItem","position":1,"name":"Home","item":"https:\/\/tv.joycemeyer.org\/magyar\/"},{"@type":"ListItem","position":2,"name":"Devotional","item":"https:\/\/tv.joycemeyer.org\/magyar\/devotional\/"},{"@type":"ListItem","position":3,"name":"Mikor Isten sz\u00f3l&#8230;"}]},{"@type":"WebSite","@id":"https:\/\/tv.joycemeyer.org\/magyar\/#website","url":"https:\/\/tv.joycemeyer.org\/magyar\/","name":"Joyce Meyer Ministries - Magyar","description":"Hirdetj\u00fck Krisztust - Szeretj\u00fck az embereket","potentialAction":[{"@type":"SearchAction","target":{"@type":"EntryPoint","urlTemplate":"https:\/\/tv.joycemeyer.org\/magyar\/?s={search_term_string}"},"query-input":{"@type":"PropertyValueSpecification","valueRequired":true,"valueName":"search_term_string"}}],"inLanguage":"en-US"}]}},"_links":{"self":[{"href":"https:\/\/tv.joycemeyer.org\/magyar\/wp-json\/wp\/v2\/devotional\/5232","targetHints":{"allow":["GET"]}}],"collection":[{"href":"https:\/\/tv.joycemeyer.org\/magyar\/wp-json\/wp\/v2\/devotional"}],"about":[{"href":"https:\/\/tv.joycemeyer.org\/magyar\/wp-json\/wp\/v2\/types\/devotional"}],"author":[{"embeddable":true,"href":"https:\/\/tv.joycemeyer.org\/magyar\/wp-json\/wp\/v2\/users\/20"}],"replies":[{"embeddable":true,"href":"https:\/\/tv.joycemeyer.org\/magyar\/wp-json\/wp\/v2\/comments?post=5232"}],"wp:featuredmedia":[{"embeddable":true,"href":"https:\/\/tv.joycemeyer.org\/magyar\/wp-json\/wp\/v2\/media\/5233"}],"wp:attachment":[{"href":"https:\/\/tv.joycemeyer.org\/magyar\/wp-json\/wp\/v2\/media?parent=5232"}],"curies":[{"name":"wp","href":"https:\/\/api.w.org\/{rel}","templated":true}]}}