{"id":5485,"date":"2024-11-29T00:01:13","date_gmt":"2024-11-29T00:01:13","guid":{"rendered":"https:\/\/tv.joycemeyer.org\/magyar\/?post_type=devotional&#038;p=5485"},"modified":"2024-11-27T14:10:25","modified_gmt":"2024-11-27T14:10:25","slug":"teremj-jo-gyumolcsot","status":"publish","type":"devotional","link":"https:\/\/tv.joycemeyer.org\/magyar\/devotional\/teremj-jo-gyumolcsot\/","title":{"rendered":"Teremj j\u00f3 gy\u00fcm\u00f6lcs\u00f6t"},"content":{"rendered":"<blockquote><p>Az lesz az \u00e9n Aty\u00e1m dics\u0151s\u00e9ge, hogy sok gy\u00fcm\u00f6lcs\u00f6t teremtek, \u00e9s akkor a tan\u00edtv\u00e1nyaim lesztek.&#8221; ( J\u00e1n. 15,8)<\/p><\/blockquote>\n<p>A mai igeversben J\u00e9zus azt mondta, hogy Isten dics\u0151s\u00e9g\u00e9re van, mikor gy\u00fcm\u00f6lcs\u00f6t term\u00fcnk. A M\u00e1t\u00e9 12,33-ban is besz\u00e9lt a gy\u00fcm\u00f6l- cs\u00f6kr\u0151l, hogy gy\u00fcm\u00f6lcseikr\u0151l ismerik meg a f\u00e1kat, \u00e9s a M\u00e1t\u00e9 7,15- 16-ban ezt az alapelvet emberekre alkalmazta. ezek az ig\u00e9k megmutatj\u00e1k nek\u00fcnk, hogy h\u00edv\u0151kk\u00e9nt foglalkoznunk kell vele, mi- lyen fajta gy\u00fcm\u00f6lcs\u00f6ket term\u00fcnk. A szent szellem j\u00f3 gy\u00fcm\u00f6lcs\u00e9t akarjuk teremni (l\u00e1sd. Gal. 5,22-23), de hogyan tehetj\u00fck?<\/p>\n<p>tudjuk, hogy Isten megem\u00e9szt\u0151 t\u0171z, \u00e9s J\u00e9zus az\u00e9rt volt elk\u00fcldve, hogy szent szellemmel \u00e9s t\u0171zzel kereszteljen. Hacsak nem enged- j\u00fck, hogy Isten t\u00fcze \u00e9gjen az \u00e9let\u00fcnkben, soha nem fogjuk bemutatni a szent szellem gy\u00fcm\u00f6lcs\u00e9t.<\/p>\n<p>A gy\u00fcm\u00f6lcsterm\u00e9s izgalmasnak t\u0171nik, m\u00edg r\u00e1 nem j\u00f6v\u00fcnk, hogy mindez metsz\u00e9ssel j\u00e1r. J\u00e9zus azt mondta: \u201cAzt a sz\u0151l\u0151vessz\u0151t, amely nem terem gy\u00fcm\u00f6lcs\u00f6t \u00e9nbennem, lemetszi; \u00e9s amely gy\u00fcm\u00f6lcs\u00f6t terem, azt megtiszt\u00edtja, hogy m\u00e9g t\u00f6bb gy\u00fcm\u00f6lcs\u00f6t teremjen.\u201d ( J\u00e1n. 15:2). Ahogy a t\u0171z, \u00fagy a metsz\u00e9s is j\u00f3l k\u00f6r\u00fcl\u00edrja, mit v\u00e9gez a szent szellem az \u00e9let\u00fcnkben. A t\u0171z sz\u00fcks\u00e9ges a megtisztul\u00e1shoz \u00e9s a tes- tiess\u00e9g hal\u00e1l\u00e1hoz; a metsz\u00e9s pedig a n\u00f6veked\u00e9shez elengedhetetlen. A halott \u00e9s a rossz ir\u00e1nyba n\u00f6vekv\u0151 dolgokat le kell metszeni, hogy az \u201cigazs\u00e1g f\u00e1iv\u00e1\u201d n\u00f6vekedhess\u00fcnk, \u00e9s gazdag gy\u00fcm\u00f6lcs\u00f6t terem- j\u00fcnk Istennek (\u00c9zs.61,3).<\/p>\n<hr \/>\n<p>Isten szava ma hozz\u00e1d: Mikor Isten lemetsz valamit az \u00e9letedr\u0151l, mindig az\u00e9rt teszi, hogy helyet k\u00e9sz\u00edtsen valami jobbnak.<\/p>\n","protected":false},"excerpt":{"rendered":"<p>tudjuk, hogy Isten megem\u00e9szt\u0151 t\u0171z, \u00e9s J\u00e9zus az\u00e9rt volt elk\u00fcldve, hogy szent szellemmel \u00e9s t\u0171zzel kereszteljen.<\/p>\n","protected":false},"author":20,"featured_media":5486,"parent":0,"menu_order":0,"comment_status":"closed","ping_status":"closed","template":"","class_list":["post-5485","devotional","type-devotional","status-publish","has-post-thumbnail","hentry"],"acf":[],"appp":{"post_detail":{"above_title":"<div class=\"post-featured-wrap\"><img width=\"1024\" height=\"597\" src=\"https:\/\/tv.joycemeyer.org\/magyar\/wp-content\/uploads\/sites\/72\/2024\/11\/2286-1024x597.jpg\" class=\"post-featured wp-post-image\" alt=\"\" decoding=\"async\" srcset=\"https:\/\/tv.joycemeyer.org\/magyar\/wp-content\/uploads\/sites\/72\/2024\/11\/2286-1024x597.jpg 1024w, https:\/\/tv.joycemeyer.org\/magyar\/wp-content\/uploads\/sites\/72\/2024\/11\/2286-300x175.jpg 300w, https:\/\/tv.joycemeyer.org\/magyar\/wp-content\/uploads\/sites\/72\/2024\/11\/2286-768x448.jpg 768w, https:\/\/tv.joycemeyer.org\/magyar\/wp-content\/uploads\/sites\/72\/2024\/11\/2286-1536x896.jpg 1536w, https:\/\/tv.joycemeyer.org\/magyar\/wp-content\/uploads\/sites\/72\/2024\/11\/2286.jpg 1800w\" sizes=\"(max-width: 1024px) 100vw, 1024px\" \/><\/div>","below_content":""}},"yoast_head":"<!-- This site is optimized with the Yoast SEO plugin v27.4 - https:\/\/yoast.com\/product\/yoast-seo-wordpress\/ -->\n<title>Teremj j\u00f3 gy\u00fcm\u00f6lcs\u00f6t - Joyce Meyer Ministries - Magyar<\/title>\n<meta name=\"robots\" content=\"index, follow, max-snippet:-1, max-image-preview:large, max-video-preview:-1\" \/>\n<link rel=\"canonical\" href=\"https:\/\/tv.joycemeyer.org\/magyar\/devotional\/teremj-jo-gyumolcsot\/\" \/>\n<meta property=\"og:locale\" content=\"en_US\" \/>\n<meta property=\"og:type\" content=\"article\" \/>\n<meta property=\"og:title\" content=\"Teremj j\u00f3 gy\u00fcm\u00f6lcs\u00f6t - Joyce Meyer Ministries - Magyar\" \/>\n<meta property=\"og:description\" content=\"tudjuk, hogy Isten megem\u00e9szt\u0151 t\u0171z, \u00e9s J\u00e9zus az\u00e9rt volt elk\u00fcldve, hogy szent szellemmel \u00e9s t\u0171zzel kereszteljen.\" \/>\n<meta property=\"og:url\" content=\"https:\/\/tv.joycemeyer.org\/magyar\/devotional\/teremj-jo-gyumolcsot\/\" \/>\n<meta property=\"og:site_name\" content=\"Joyce Meyer Ministries - Magyar\" \/>\n<meta property=\"article:publisher\" content=\"https:\/\/www.facebook.com\/JoyceMeyerMinistriesHungarian\/\" \/>\n<meta property=\"og:image\" content=\"https:\/\/tv.joycemeyer.org\/magyar\/wp-content\/uploads\/sites\/72\/2024\/11\/2286.jpg\" \/>\n\t<meta property=\"og:image:width\" content=\"1800\" \/>\n\t<meta property=\"og:image:height\" content=\"1050\" \/>\n\t<meta property=\"og:image:type\" content=\"image\/jpeg\" \/>\n<meta name=\"twitter:card\" content=\"summary_large_image\" \/>\n<meta name=\"twitter:label1\" content=\"Est. reading time\" \/>\n\t<meta name=\"twitter:data1\" content=\"2 minutes\" \/>\n<script type=\"application\/ld+json\" class=\"yoast-schema-graph\">{\"@context\":\"https:\\\/\\\/schema.org\",\"@graph\":[{\"@type\":\"WebPage\",\"@id\":\"https:\\\/\\\/tv.joycemeyer.org\\\/magyar\\\/devotional\\\/teremj-jo-gyumolcsot\\\/\",\"url\":\"https:\\\/\\\/tv.joycemeyer.org\\\/magyar\\\/devotional\\\/teremj-jo-gyumolcsot\\\/\",\"name\":\"Teremj j\u00f3 gy\u00fcm\u00f6lcs\u00f6t - Joyce Meyer Ministries - Magyar\",\"isPartOf\":{\"@id\":\"https:\\\/\\\/tv.joycemeyer.org\\\/magyar\\\/#website\"},\"primaryImageOfPage\":{\"@id\":\"https:\\\/\\\/tv.joycemeyer.org\\\/magyar\\\/devotional\\\/teremj-jo-gyumolcsot\\\/#primaryimage\"},\"image\":{\"@id\":\"https:\\\/\\\/tv.joycemeyer.org\\\/magyar\\\/devotional\\\/teremj-jo-gyumolcsot\\\/#primaryimage\"},\"thumbnailUrl\":\"https:\\\/\\\/tv.joycemeyer.org\\\/magyar\\\/wp-content\\\/uploads\\\/sites\\\/72\\\/2024\\\/11\\\/2286.jpg\",\"datePublished\":\"2024-11-29T00:01:13+00:00\",\"breadcrumb\":{\"@id\":\"https:\\\/\\\/tv.joycemeyer.org\\\/magyar\\\/devotional\\\/teremj-jo-gyumolcsot\\\/#breadcrumb\"},\"inLanguage\":\"en-US\",\"potentialAction\":[{\"@type\":\"ReadAction\",\"target\":[\"https:\\\/\\\/tv.joycemeyer.org\\\/magyar\\\/devotional\\\/teremj-jo-gyumolcsot\\\/\"]}]},{\"@type\":\"ImageObject\",\"inLanguage\":\"en-US\",\"@id\":\"https:\\\/\\\/tv.joycemeyer.org\\\/magyar\\\/devotional\\\/teremj-jo-gyumolcsot\\\/#primaryimage\",\"url\":\"https:\\\/\\\/tv.joycemeyer.org\\\/magyar\\\/wp-content\\\/uploads\\\/sites\\\/72\\\/2024\\\/11\\\/2286.jpg\",\"contentUrl\":\"https:\\\/\\\/tv.joycemeyer.org\\\/magyar\\\/wp-content\\\/uploads\\\/sites\\\/72\\\/2024\\\/11\\\/2286.jpg\",\"width\":1800,\"height\":1050,\"caption\":\"Teremj j\u00f3 gy\u00fcm\u00f6lcs\u00f6t\"},{\"@type\":\"BreadcrumbList\",\"@id\":\"https:\\\/\\\/tv.joycemeyer.org\\\/magyar\\\/devotional\\\/teremj-jo-gyumolcsot\\\/#breadcrumb\",\"itemListElement\":[{\"@type\":\"ListItem\",\"position\":1,\"name\":\"Home\",\"item\":\"https:\\\/\\\/tv.joycemeyer.org\\\/magyar\\\/\"},{\"@type\":\"ListItem\",\"position\":2,\"name\":\"Devotional\",\"item\":\"https:\\\/\\\/tv.joycemeyer.org\\\/magyar\\\/devotional\\\/\"},{\"@type\":\"ListItem\",\"position\":3,\"name\":\"Teremj j\u00f3 gy\u00fcm\u00f6lcs\u00f6t\"}]},{\"@type\":\"WebSite\",\"@id\":\"https:\\\/\\\/tv.joycemeyer.org\\\/magyar\\\/#website\",\"url\":\"https:\\\/\\\/tv.joycemeyer.org\\\/magyar\\\/\",\"name\":\"Joyce Meyer Ministries - Magyar\",\"description\":\"Hirdetj\u00fck Krisztust - Szeretj\u00fck az embereket\",\"potentialAction\":[{\"@type\":\"SearchAction\",\"target\":{\"@type\":\"EntryPoint\",\"urlTemplate\":\"https:\\\/\\\/tv.joycemeyer.org\\\/magyar\\\/?s={search_term_string}\"},\"query-input\":{\"@type\":\"PropertyValueSpecification\",\"valueRequired\":true,\"valueName\":\"search_term_string\"}}],\"inLanguage\":\"en-US\"}]}<\/script>\n<!-- \/ Yoast SEO plugin. -->","yoast_head_json":{"title":"Teremj j\u00f3 gy\u00fcm\u00f6lcs\u00f6t - Joyce Meyer Ministries - Magyar","robots":{"index":"index","follow":"follow","max-snippet":"max-snippet:-1","max-image-preview":"max-image-preview:large","max-video-preview":"max-video-preview:-1"},"canonical":"https:\/\/tv.joycemeyer.org\/magyar\/devotional\/teremj-jo-gyumolcsot\/","og_locale":"en_US","og_type":"article","og_title":"Teremj j\u00f3 gy\u00fcm\u00f6lcs\u00f6t - Joyce Meyer Ministries - Magyar","og_description":"tudjuk, hogy Isten megem\u00e9szt\u0151 t\u0171z, \u00e9s J\u00e9zus az\u00e9rt volt elk\u00fcldve, hogy szent szellemmel \u00e9s t\u0171zzel kereszteljen.","og_url":"https:\/\/tv.joycemeyer.org\/magyar\/devotional\/teremj-jo-gyumolcsot\/","og_site_name":"Joyce Meyer Ministries - Magyar","article_publisher":"https:\/\/www.facebook.com\/JoyceMeyerMinistriesHungarian\/","og_image":[{"width":1800,"height":1050,"url":"https:\/\/tv.joycemeyer.org\/magyar\/wp-content\/uploads\/sites\/72\/2024\/11\/2286.jpg","type":"image\/jpeg"}],"twitter_card":"summary_large_image","twitter_misc":{"Est. reading time":"2 minutes"},"schema":{"@context":"https:\/\/schema.org","@graph":[{"@type":"WebPage","@id":"https:\/\/tv.joycemeyer.org\/magyar\/devotional\/teremj-jo-gyumolcsot\/","url":"https:\/\/tv.joycemeyer.org\/magyar\/devotional\/teremj-jo-gyumolcsot\/","name":"Teremj j\u00f3 gy\u00fcm\u00f6lcs\u00f6t - Joyce Meyer Ministries - Magyar","isPartOf":{"@id":"https:\/\/tv.joycemeyer.org\/magyar\/#website"},"primaryImageOfPage":{"@id":"https:\/\/tv.joycemeyer.org\/magyar\/devotional\/teremj-jo-gyumolcsot\/#primaryimage"},"image":{"@id":"https:\/\/tv.joycemeyer.org\/magyar\/devotional\/teremj-jo-gyumolcsot\/#primaryimage"},"thumbnailUrl":"https:\/\/tv.joycemeyer.org\/magyar\/wp-content\/uploads\/sites\/72\/2024\/11\/2286.jpg","datePublished":"2024-11-29T00:01:13+00:00","breadcrumb":{"@id":"https:\/\/tv.joycemeyer.org\/magyar\/devotional\/teremj-jo-gyumolcsot\/#breadcrumb"},"inLanguage":"en-US","potentialAction":[{"@type":"ReadAction","target":["https:\/\/tv.joycemeyer.org\/magyar\/devotional\/teremj-jo-gyumolcsot\/"]}]},{"@type":"ImageObject","inLanguage":"en-US","@id":"https:\/\/tv.joycemeyer.org\/magyar\/devotional\/teremj-jo-gyumolcsot\/#primaryimage","url":"https:\/\/tv.joycemeyer.org\/magyar\/wp-content\/uploads\/sites\/72\/2024\/11\/2286.jpg","contentUrl":"https:\/\/tv.joycemeyer.org\/magyar\/wp-content\/uploads\/sites\/72\/2024\/11\/2286.jpg","width":1800,"height":1050,"caption":"Teremj j\u00f3 gy\u00fcm\u00f6lcs\u00f6t"},{"@type":"BreadcrumbList","@id":"https:\/\/tv.joycemeyer.org\/magyar\/devotional\/teremj-jo-gyumolcsot\/#breadcrumb","itemListElement":[{"@type":"ListItem","position":1,"name":"Home","item":"https:\/\/tv.joycemeyer.org\/magyar\/"},{"@type":"ListItem","position":2,"name":"Devotional","item":"https:\/\/tv.joycemeyer.org\/magyar\/devotional\/"},{"@type":"ListItem","position":3,"name":"Teremj j\u00f3 gy\u00fcm\u00f6lcs\u00f6t"}]},{"@type":"WebSite","@id":"https:\/\/tv.joycemeyer.org\/magyar\/#website","url":"https:\/\/tv.joycemeyer.org\/magyar\/","name":"Joyce Meyer Ministries - Magyar","description":"Hirdetj\u00fck Krisztust - Szeretj\u00fck az embereket","potentialAction":[{"@type":"SearchAction","target":{"@type":"EntryPoint","urlTemplate":"https:\/\/tv.joycemeyer.org\/magyar\/?s={search_term_string}"},"query-input":{"@type":"PropertyValueSpecification","valueRequired":true,"valueName":"search_term_string"}}],"inLanguage":"en-US"}]}},"_links":{"self":[{"href":"https:\/\/tv.joycemeyer.org\/magyar\/wp-json\/wp\/v2\/devotional\/5485","targetHints":{"allow":["GET"]}}],"collection":[{"href":"https:\/\/tv.joycemeyer.org\/magyar\/wp-json\/wp\/v2\/devotional"}],"about":[{"href":"https:\/\/tv.joycemeyer.org\/magyar\/wp-json\/wp\/v2\/types\/devotional"}],"author":[{"embeddable":true,"href":"https:\/\/tv.joycemeyer.org\/magyar\/wp-json\/wp\/v2\/users\/20"}],"replies":[{"embeddable":true,"href":"https:\/\/tv.joycemeyer.org\/magyar\/wp-json\/wp\/v2\/comments?post=5485"}],"wp:featuredmedia":[{"embeddable":true,"href":"https:\/\/tv.joycemeyer.org\/magyar\/wp-json\/wp\/v2\/media\/5486"}],"wp:attachment":[{"href":"https:\/\/tv.joycemeyer.org\/magyar\/wp-json\/wp\/v2\/media?parent=5485"}],"curies":[{"name":"wp","href":"https:\/\/api.w.org\/{rel}","templated":true}]}}