{"id":649,"date":"2019-12-29T00:01:09","date_gmt":"2019-12-29T00:01:09","guid":{"rendered":"https:\/\/tv.joycemeyer.org\/magyar\/?post_type=devotional&#038;p=649"},"modified":"2025-09-24T20:16:57","modified_gmt":"2025-09-24T20:16:57","slug":"ne-felj-es-kovesd-a-szent","status":"publish","type":"devotional","link":"https:\/\/tv.joycemeyer.org\/magyar\/devotional\/ne-felj-es-kovesd-a-szent\/","title":{"rendered":"Ne f\u00e9lj \u00e9s k\u00f6vesd a Szent Szellemet"},"content":{"rendered":"<blockquote><p>Ne f\u00e9lj, mert \u00e9n veled vagyok, ne cs\u00fcggedj, mert \u00e9n vagyok Istened! Meger\u0151s\u00edtlek, meg is seg\u00edtlek, s\u0151t gy\u0151zelmes jobbommal t\u00e1mogatlak. \u00c9zs 41:10<\/p><\/blockquote>\n<p>Ez az iger\u00e9sz egy nagyszer\u0171 biztat\u00e1s, hogy b\u00e1trak legy\u00fcnk a Szent Szellemben. Egy\u00e9rtelm\u0171en nem akarunk semmit tenni az Isten akarat\u00e1n vagy id\u0151z\u00edt\u00e9s\u00e9n k\u00edv\u00fcl, de amikor Isten mozdul, nem szabad f\u00e9ln\u00fcnk Vele egy\u00fctt mozdulni. S\u00e1t\u00e1n f\u00e9lelmet hoz az elm\u00e9nkbe \u00e9s az \u00e9rzelmeinkbe, amikor a Szent Szellem egy \u00faj ir\u00e1nyba ind\u00edt. Megpr\u00f3b\u00e1lja a f\u00e9lelem \u00e1ltal megakad\u00e1lyozni, hogy Isten fel\u00e9 mozduljunk.<\/p>\n<p>\u00c9zsai\u00e1s 41:10 azt mondja: Ne f\u00e9lj, mert \u00e9n veled vagyok. Ha volt valami, amit\u0151l f\u00e9lt\u00e9l, de v\u00e1gysz megszabadulni ett\u0151l, akkor elj\u00f6n az id\u0151, amikor szembe kell n\u00e9zned ezzel a f\u00e9lelemmel \u00e9s nem elfutnod el\u0151le. Csak ragadd meg J\u00e9zus kez\u00e9t, ismerd el, hogy veled van \u00e9s tedd meg. Ne f\u00e9lj, mert \u0150 veled van.<\/p>\n<p>Ha az \u00e9leted egyik \u00fatkeresztez\u0151d\u00e9s\u00e9n\u00e9l \u00e1llsz, b\u00e1tor\u00edtalak, hogy menj el\u0151re. Ne \u00e1llj a f\u00e9lelemt\u0151l megr\u00f6k\u00f6ny\u00f6dve, hanem fogd meg az \u0150 kez\u00e9t \u00e9s menj tov\u00e1bb. Eml\u00e9kezz arra, hogy Isten meg akar szabad\u00edtani minden f\u00e9lelemt\u0151l.<\/p>\n<hr \/>\n<p>Ima: Uram, szeretn\u00e9lek k\u00f6vetni b\u00e1rmerre vezetsz. Seg\u00edts, hogy b\u00e1tor legyek \u00e9s Veled menjek el\u0151re.<\/p>\n","protected":false},"excerpt":{"rendered":"<p>Ez az iger\u00e9sz egy nagyszer\u0171 biztat\u00e1s, hogy b\u00e1trak legy\u00fcnk a Szent Szellemben. Egy\u00e9rtelm\u0171en nem akarunk semmit tenni az Isten akarat\u00e1n vagy id\u0151z\u00edt\u00e9s\u00e9n k\u00edv\u00fcl, de amikor Isten mozdul, nem szabad f\u00e9ln\u00fcnk Vele egy\u00fctt mozdulni.<\/p>\n","protected":false},"author":15,"featured_media":650,"parent":0,"menu_order":0,"comment_status":"closed","ping_status":"closed","template":"","class_list":["post-649","devotional","type-devotional","status-publish","has-post-thumbnail","hentry"],"acf":[],"appp":{"post_detail":{"above_title":"<div class=\"post-featured-wrap\"><img width=\"960\" height=\"639\" src=\"https:\/\/tv.joycemeyer.org\/magyar\/wp-content\/uploads\/sites\/72\/2018\/10\/80.jpg\" class=\"post-featured wp-post-image\" alt=\"\" decoding=\"async\" srcset=\"https:\/\/tv.joycemeyer.org\/magyar\/wp-content\/uploads\/sites\/72\/2018\/10\/80.jpg 960w, https:\/\/tv.joycemeyer.org\/magyar\/wp-content\/uploads\/sites\/72\/2018\/10\/80-300x200.jpg 300w, https:\/\/tv.joycemeyer.org\/magyar\/wp-content\/uploads\/sites\/72\/2018\/10\/80-768x511.jpg 768w\" sizes=\"(max-width: 960px) 100vw, 960px\" \/><\/div>","below_content":"<div class=\"follow\"><h6 class=\"alt\">L\u00e9pj kapcsolatba vel\u00fcnk<\/h6><ul class=\"nav nav--social nav--flex\"><li class=\"menu-item facebook\"><a href=\"https:\/\/www.facebook.com\/JoyceMeyerMinistriesHungarian\/\" target=\"_blank\"><span class=\"visuallyhidden\">Facebook<\/span><\/a><\/li><li class=\"menu-item instagram\"><a href=\"https:\/\/www.instagram.com\/joycemeyerministriesmagyar\/\" target=\"_blank\"><span class=\"visuallyhidden\">Instagram<\/span><\/a><\/li><li class=\"menu-item youtube\"><a href=\"https:\/\/www.youtube.com\/channel\/UCoAjHvNztMybm-_7N0zdThg\" target=\"_blank\"><span class=\"visuallyhidden\">YouTube<\/span><\/a><\/li><\/ul><\/div>"}},"yoast_head":"<!-- This site is optimized with the Yoast SEO plugin v27.4 - https:\/\/yoast.com\/product\/yoast-seo-wordpress\/ -->\n<title>Ne f\u00e9lj \u00e9s k\u00f6vesd a Szent Szellemet - Joyce Meyer Ministries - Magyar<\/title>\n<meta name=\"robots\" content=\"index, follow, max-snippet:-1, max-image-preview:large, max-video-preview:-1\" \/>\n<link rel=\"canonical\" href=\"https:\/\/tv.joycemeyer.org\/magyar\/devotional\/ne-felj-es-kovesd-a-szent\/\" \/>\n<meta property=\"og:locale\" content=\"en_US\" \/>\n<meta property=\"og:type\" content=\"article\" \/>\n<meta property=\"og:title\" content=\"Ne f\u00e9lj \u00e9s k\u00f6vesd a Szent Szellemet - Joyce Meyer Ministries - Magyar\" \/>\n<meta property=\"og:description\" content=\"Ez az iger\u00e9sz egy nagyszer\u0171 biztat\u00e1s, hogy b\u00e1trak legy\u00fcnk a Szent Szellemben. Egy\u00e9rtelm\u0171en nem akarunk semmit tenni az Isten akarat\u00e1n vagy id\u0151z\u00edt\u00e9s\u00e9n k\u00edv\u00fcl, de amikor Isten mozdul, nem szabad f\u00e9ln\u00fcnk Vele egy\u00fctt mozdulni.\" \/>\n<meta property=\"og:url\" content=\"https:\/\/tv.joycemeyer.org\/magyar\/devotional\/ne-felj-es-kovesd-a-szent\/\" \/>\n<meta property=\"og:site_name\" content=\"Joyce Meyer Ministries - Magyar\" \/>\n<meta property=\"article:publisher\" content=\"https:\/\/www.facebook.com\/JoyceMeyerMinistriesHungarian\/\" \/>\n<meta property=\"article:modified_time\" content=\"2025-09-24T20:16:57+00:00\" \/>\n<meta property=\"og:image\" content=\"https:\/\/tv.joycemeyer.org\/magyar\/wp-content\/uploads\/sites\/72\/2018\/10\/80.jpg\" \/>\n\t<meta property=\"og:image:width\" content=\"960\" \/>\n\t<meta property=\"og:image:height\" content=\"639\" \/>\n\t<meta property=\"og:image:type\" content=\"image\/jpeg\" \/>\n<meta name=\"twitter:card\" content=\"summary_large_image\" \/>\n<meta name=\"twitter:label1\" content=\"Est. reading time\" \/>\n\t<meta name=\"twitter:data1\" content=\"1 minute\" \/>\n<script type=\"application\/ld+json\" class=\"yoast-schema-graph\">{\"@context\":\"https:\\\/\\\/schema.org\",\"@graph\":[{\"@type\":\"WebPage\",\"@id\":\"https:\\\/\\\/tv.joycemeyer.org\\\/magyar\\\/devotional\\\/ne-felj-es-kovesd-a-szent\\\/\",\"url\":\"https:\\\/\\\/tv.joycemeyer.org\\\/magyar\\\/devotional\\\/ne-felj-es-kovesd-a-szent\\\/\",\"name\":\"Ne f\u00e9lj \u00e9s k\u00f6vesd a Szent Szellemet - Joyce Meyer Ministries - Magyar\",\"isPartOf\":{\"@id\":\"https:\\\/\\\/tv.joycemeyer.org\\\/magyar\\\/#website\"},\"primaryImageOfPage\":{\"@id\":\"https:\\\/\\\/tv.joycemeyer.org\\\/magyar\\\/devotional\\\/ne-felj-es-kovesd-a-szent\\\/#primaryimage\"},\"image\":{\"@id\":\"https:\\\/\\\/tv.joycemeyer.org\\\/magyar\\\/devotional\\\/ne-felj-es-kovesd-a-szent\\\/#primaryimage\"},\"thumbnailUrl\":\"https:\\\/\\\/tv.joycemeyer.org\\\/magyar\\\/wp-content\\\/uploads\\\/sites\\\/72\\\/2018\\\/10\\\/80.jpg\",\"datePublished\":\"2019-12-29T00:01:09+00:00\",\"dateModified\":\"2025-09-24T20:16:57+00:00\",\"breadcrumb\":{\"@id\":\"https:\\\/\\\/tv.joycemeyer.org\\\/magyar\\\/devotional\\\/ne-felj-es-kovesd-a-szent\\\/#breadcrumb\"},\"inLanguage\":\"en-US\",\"potentialAction\":[{\"@type\":\"ReadAction\",\"target\":[\"https:\\\/\\\/tv.joycemeyer.org\\\/magyar\\\/devotional\\\/ne-felj-es-kovesd-a-szent\\\/\"]}]},{\"@type\":\"ImageObject\",\"inLanguage\":\"en-US\",\"@id\":\"https:\\\/\\\/tv.joycemeyer.org\\\/magyar\\\/devotional\\\/ne-felj-es-kovesd-a-szent\\\/#primaryimage\",\"url\":\"https:\\\/\\\/tv.joycemeyer.org\\\/magyar\\\/wp-content\\\/uploads\\\/sites\\\/72\\\/2018\\\/10\\\/80.jpg\",\"contentUrl\":\"https:\\\/\\\/tv.joycemeyer.org\\\/magyar\\\/wp-content\\\/uploads\\\/sites\\\/72\\\/2018\\\/10\\\/80.jpg\",\"width\":960,\"height\":639,\"caption\":\"Ne f\u00e9lj \u00e9s k\u00f6vesd a Szent Szellemet\"},{\"@type\":\"BreadcrumbList\",\"@id\":\"https:\\\/\\\/tv.joycemeyer.org\\\/magyar\\\/devotional\\\/ne-felj-es-kovesd-a-szent\\\/#breadcrumb\",\"itemListElement\":[{\"@type\":\"ListItem\",\"position\":1,\"name\":\"Home\",\"item\":\"https:\\\/\\\/tv.joycemeyer.org\\\/magyar\\\/\"},{\"@type\":\"ListItem\",\"position\":2,\"name\":\"Devotional\",\"item\":\"https:\\\/\\\/tv.joycemeyer.org\\\/magyar\\\/devotional\\\/\"},{\"@type\":\"ListItem\",\"position\":3,\"name\":\"Ne f\u00e9lj \u00e9s k\u00f6vesd a Szent Szellemet\"}]},{\"@type\":\"WebSite\",\"@id\":\"https:\\\/\\\/tv.joycemeyer.org\\\/magyar\\\/#website\",\"url\":\"https:\\\/\\\/tv.joycemeyer.org\\\/magyar\\\/\",\"name\":\"Joyce Meyer Ministries - Magyar\",\"description\":\"Hirdetj\u00fck Krisztust - Szeretj\u00fck az embereket\",\"potentialAction\":[{\"@type\":\"SearchAction\",\"target\":{\"@type\":\"EntryPoint\",\"urlTemplate\":\"https:\\\/\\\/tv.joycemeyer.org\\\/magyar\\\/?s={search_term_string}\"},\"query-input\":{\"@type\":\"PropertyValueSpecification\",\"valueRequired\":true,\"valueName\":\"search_term_string\"}}],\"inLanguage\":\"en-US\"}]}<\/script>\n<!-- \/ Yoast SEO plugin. -->","yoast_head_json":{"title":"Ne f\u00e9lj \u00e9s k\u00f6vesd a Szent Szellemet - Joyce Meyer Ministries - Magyar","robots":{"index":"index","follow":"follow","max-snippet":"max-snippet:-1","max-image-preview":"max-image-preview:large","max-video-preview":"max-video-preview:-1"},"canonical":"https:\/\/tv.joycemeyer.org\/magyar\/devotional\/ne-felj-es-kovesd-a-szent\/","og_locale":"en_US","og_type":"article","og_title":"Ne f\u00e9lj \u00e9s k\u00f6vesd a Szent Szellemet - Joyce Meyer Ministries - Magyar","og_description":"Ez az iger\u00e9sz egy nagyszer\u0171 biztat\u00e1s, hogy b\u00e1trak legy\u00fcnk a Szent Szellemben. Egy\u00e9rtelm\u0171en nem akarunk semmit tenni az Isten akarat\u00e1n vagy id\u0151z\u00edt\u00e9s\u00e9n k\u00edv\u00fcl, de amikor Isten mozdul, nem szabad f\u00e9ln\u00fcnk Vele egy\u00fctt mozdulni.","og_url":"https:\/\/tv.joycemeyer.org\/magyar\/devotional\/ne-felj-es-kovesd-a-szent\/","og_site_name":"Joyce Meyer Ministries - Magyar","article_publisher":"https:\/\/www.facebook.com\/JoyceMeyerMinistriesHungarian\/","article_modified_time":"2025-09-24T20:16:57+00:00","og_image":[{"width":960,"height":639,"url":"https:\/\/tv.joycemeyer.org\/magyar\/wp-content\/uploads\/sites\/72\/2018\/10\/80.jpg","type":"image\/jpeg"}],"twitter_card":"summary_large_image","twitter_misc":{"Est. reading time":"1 minute"},"schema":{"@context":"https:\/\/schema.org","@graph":[{"@type":"WebPage","@id":"https:\/\/tv.joycemeyer.org\/magyar\/devotional\/ne-felj-es-kovesd-a-szent\/","url":"https:\/\/tv.joycemeyer.org\/magyar\/devotional\/ne-felj-es-kovesd-a-szent\/","name":"Ne f\u00e9lj \u00e9s k\u00f6vesd a Szent Szellemet - Joyce Meyer Ministries - Magyar","isPartOf":{"@id":"https:\/\/tv.joycemeyer.org\/magyar\/#website"},"primaryImageOfPage":{"@id":"https:\/\/tv.joycemeyer.org\/magyar\/devotional\/ne-felj-es-kovesd-a-szent\/#primaryimage"},"image":{"@id":"https:\/\/tv.joycemeyer.org\/magyar\/devotional\/ne-felj-es-kovesd-a-szent\/#primaryimage"},"thumbnailUrl":"https:\/\/tv.joycemeyer.org\/magyar\/wp-content\/uploads\/sites\/72\/2018\/10\/80.jpg","datePublished":"2019-12-29T00:01:09+00:00","dateModified":"2025-09-24T20:16:57+00:00","breadcrumb":{"@id":"https:\/\/tv.joycemeyer.org\/magyar\/devotional\/ne-felj-es-kovesd-a-szent\/#breadcrumb"},"inLanguage":"en-US","potentialAction":[{"@type":"ReadAction","target":["https:\/\/tv.joycemeyer.org\/magyar\/devotional\/ne-felj-es-kovesd-a-szent\/"]}]},{"@type":"ImageObject","inLanguage":"en-US","@id":"https:\/\/tv.joycemeyer.org\/magyar\/devotional\/ne-felj-es-kovesd-a-szent\/#primaryimage","url":"https:\/\/tv.joycemeyer.org\/magyar\/wp-content\/uploads\/sites\/72\/2018\/10\/80.jpg","contentUrl":"https:\/\/tv.joycemeyer.org\/magyar\/wp-content\/uploads\/sites\/72\/2018\/10\/80.jpg","width":960,"height":639,"caption":"Ne f\u00e9lj \u00e9s k\u00f6vesd a Szent Szellemet"},{"@type":"BreadcrumbList","@id":"https:\/\/tv.joycemeyer.org\/magyar\/devotional\/ne-felj-es-kovesd-a-szent\/#breadcrumb","itemListElement":[{"@type":"ListItem","position":1,"name":"Home","item":"https:\/\/tv.joycemeyer.org\/magyar\/"},{"@type":"ListItem","position":2,"name":"Devotional","item":"https:\/\/tv.joycemeyer.org\/magyar\/devotional\/"},{"@type":"ListItem","position":3,"name":"Ne f\u00e9lj \u00e9s k\u00f6vesd a Szent Szellemet"}]},{"@type":"WebSite","@id":"https:\/\/tv.joycemeyer.org\/magyar\/#website","url":"https:\/\/tv.joycemeyer.org\/magyar\/","name":"Joyce Meyer Ministries - Magyar","description":"Hirdetj\u00fck Krisztust - Szeretj\u00fck az embereket","potentialAction":[{"@type":"SearchAction","target":{"@type":"EntryPoint","urlTemplate":"https:\/\/tv.joycemeyer.org\/magyar\/?s={search_term_string}"},"query-input":{"@type":"PropertyValueSpecification","valueRequired":true,"valueName":"search_term_string"}}],"inLanguage":"en-US"}]}},"_links":{"self":[{"href":"https:\/\/tv.joycemeyer.org\/magyar\/wp-json\/wp\/v2\/devotional\/649","targetHints":{"allow":["GET"]}}],"collection":[{"href":"https:\/\/tv.joycemeyer.org\/magyar\/wp-json\/wp\/v2\/devotional"}],"about":[{"href":"https:\/\/tv.joycemeyer.org\/magyar\/wp-json\/wp\/v2\/types\/devotional"}],"author":[{"embeddable":true,"href":"https:\/\/tv.joycemeyer.org\/magyar\/wp-json\/wp\/v2\/users\/15"}],"replies":[{"embeddable":true,"href":"https:\/\/tv.joycemeyer.org\/magyar\/wp-json\/wp\/v2\/comments?post=649"}],"wp:featuredmedia":[{"embeddable":true,"href":"https:\/\/tv.joycemeyer.org\/magyar\/wp-json\/wp\/v2\/media\/650"}],"wp:attachment":[{"href":"https:\/\/tv.joycemeyer.org\/magyar\/wp-json\/wp\/v2\/media?parent=649"}],"curies":[{"name":"wp","href":"https:\/\/api.w.org\/{rel}","templated":true}]}}