{"id":910,"date":"2026-02-17T00:01:01","date_gmt":"2026-02-17T00:01:01","guid":{"rendered":"https:\/\/tv.joycemeyer.org\/magyar\/?post_type=devotional&#038;p=910"},"modified":"2026-02-16T14:33:24","modified_gmt":"2026-02-16T14:33:24","slug":"semmi-sem-lehetetlen","status":"publish","type":"devotional","link":"https:\/\/tv.joycemeyer.org\/magyar\/devotional\/semmi-sem-lehetetlen\/","title":{"rendered":"Semmi sem lehetetlen"},"content":{"rendered":"<blockquote><p>\u201eMert az Istennek semmi sem lehetetlen.\u201d \u2014Lk 1:37<\/p><\/blockquote>\n<p>A pozit\u00edvan gondolkod\u00f3 emberek lehet\u0151s\u00e9get l\u00e1tnak a legkil\u00e1t\u00e1stalanabb helyzetben is. Akik viszont negat\u00edvan gondolkodnak gyorsan r\u00e1mutatnak a probl\u00e9m\u00e1kra \u00e9s a korl\u00e1tokra.<\/p>\n<p>Ez t\u00f6bbet jelent, mint az a k\u00f6zhely, hogy \u201ef\u00e9lig tele a poh\u00e1r vagy f\u00e9lig \u00fcres\u201d. Hiszen itt arr\u00f3l van sz\u00f3, hogy a pozit\u00edv, illetve a negat\u00edv gondolataink alapj\u00e1n hozunk d\u00f6nt\u00e9seket \u00e9s cseleksz\u00fcnk. \u00c9szrevetted m\u00e1r, hogy a negat\u00edv gondolkod\u00e1s mennyire elt\u00falozza a dolgokat? A probl\u00e9m\u00e1kat felnagy\u00edtva, ezek nehezebbnek t\u0171nnek, mint amilyenek val\u00f3j\u00e1ban.<\/p>\n<p>N\u00e9ha egy probl\u00e9ma megold\u00e1sa term\u00e9szetes szinten n\u00e9zve t\u00e9nyleg lehetetlen. A negat\u00edv gondolkod\u00e1sm\u00f3d azonban elfelejti, hogy Istennek semmi sem lehetetlen.<\/p>\n<p>Az Isten Ig\u00e9j\u00e9n val\u00f3 elm\u00e9lked\u00e9s t\u00fallend\u00edt a negat\u00edvit\u00e1son \u00e9s seg\u00edt, hogy arra \u00f6sszpontos\u00edtsunk ki Isten. A pozit\u00edv gondolkod\u00e1sm\u00f3d Isten Ig\u00e9j\u00e9n alapul, \u00e9s tiszt\u00e1ban van azzal, hogy semmi sem hatalmasabb Istenn\u00e9l. \u0150 mindig jelen van.<\/p>\n<p>\u00c9n edzettem az elm\u00e9met, hogy higgyen Istenben \u00e9s az Ig\u00e9j\u00e9ben. \u00c9s megtapasztaltam Isten erej\u00e9t, amikor jobban b\u00edztam benne, mint a k\u00f6r\u00fclm\u00e9nyeimben. Mindig eml\u00e9kezn\u00fcnk kell, hogy Istennek semmi sem lehetetlen.<\/p>\n<hr \/>\n<p>Ima<\/p>\n<p>Uram, egy\u00e9rtelm\u0171 sz\u00e1momra, hogy semmit nem profit\u00e1lhatok a f\u00e9lig \u00fcres poh\u00e1r gondolkod\u00e1sm\u00f3db\u00f3l. M\u00e9g a lehetetlen helyzetekben is tudom, hogy Te ott vagy. \u00dagy d\u00f6nt\u00f6k, hogy a dolgok pozit\u00edv oldal\u00e1ra akarok n\u00e9zni \u00e9s a Te Ig\u00e9dben \u00e9lek.<\/p>\n","protected":false},"excerpt":{"rendered":"<p>A pozit\u00edvan gondolkod\u00f3 emberek lehet\u0151s\u00e9get l\u00e1tnak a legkil\u00e1t\u00e1stalanabb helyzetben is &#8230;<\/p>\n","protected":false},"author":15,"featured_media":3796,"parent":0,"menu_order":0,"comment_status":"closed","ping_status":"closed","template":"","class_list":["post-910","devotional","type-devotional","status-publish","has-post-thumbnail","hentry"],"acf":[],"appp":{"post_detail":{"above_title":"<div class=\"post-featured-wrap\"><img width=\"1024\" height=\"597\" src=\"https:\/\/tv.joycemeyer.org\/magyar\/wp-content\/uploads\/sites\/72\/2019\/02\/2729-1024x597.jpg\" class=\"post-featured wp-post-image\" alt=\"\" decoding=\"async\" srcset=\"https:\/\/tv.joycemeyer.org\/magyar\/wp-content\/uploads\/sites\/72\/2019\/02\/2729-1024x597.jpg 1024w, https:\/\/tv.joycemeyer.org\/magyar\/wp-content\/uploads\/sites\/72\/2019\/02\/2729-300x175.jpg 300w, https:\/\/tv.joycemeyer.org\/magyar\/wp-content\/uploads\/sites\/72\/2019\/02\/2729-768x448.jpg 768w, https:\/\/tv.joycemeyer.org\/magyar\/wp-content\/uploads\/sites\/72\/2019\/02\/2729-1536x896.jpg 1536w, https:\/\/tv.joycemeyer.org\/magyar\/wp-content\/uploads\/sites\/72\/2019\/02\/2729.jpg 1800w\" sizes=\"(max-width: 1024px) 100vw, 1024px\" \/><\/div>","below_content":"<div class=\"follow\"><h6 class=\"alt\">L\u00e9pj kapcsolatba vel\u00fcnk<\/h6><ul class=\"nav nav--social nav--flex\"><li class=\"menu-item facebook\"><a href=\"https:\/\/www.facebook.com\/JoyceMeyerMinistriesHungarian\/\" target=\"_blank\"><span class=\"visuallyhidden\">Facebook<\/span><\/a><\/li><li class=\"menu-item instagram\"><a href=\"https:\/\/www.instagram.com\/joycemeyerministriesmagyar\/\" target=\"_blank\"><span class=\"visuallyhidden\">Instagram<\/span><\/a><\/li><li class=\"menu-item youtube\"><a href=\"https:\/\/www.youtube.com\/channel\/UCoAjHvNztMybm-_7N0zdThg\" target=\"_blank\"><span class=\"visuallyhidden\">YouTube<\/span><\/a><\/li><\/ul><\/div>"}},"yoast_head":"<!-- This site is optimized with the Yoast SEO plugin v27.4 - https:\/\/yoast.com\/product\/yoast-seo-wordpress\/ -->\n<title>Semmi sem lehetetlen - Joyce Meyer Ministries - Magyar<\/title>\n<meta name=\"robots\" content=\"index, follow, max-snippet:-1, max-image-preview:large, max-video-preview:-1\" \/>\n<link rel=\"canonical\" href=\"https:\/\/tv.joycemeyer.org\/magyar\/devotional\/semmi-sem-lehetetlen\/\" \/>\n<meta property=\"og:locale\" content=\"en_US\" \/>\n<meta property=\"og:type\" content=\"article\" \/>\n<meta property=\"og:title\" content=\"Semmi sem lehetetlen - Joyce Meyer Ministries - Magyar\" \/>\n<meta property=\"og:description\" content=\"A pozit\u00edvan gondolkod\u00f3 emberek lehet\u0151s\u00e9get l\u00e1tnak a legkil\u00e1t\u00e1stalanabb helyzetben is ...\" \/>\n<meta property=\"og:url\" content=\"https:\/\/tv.joycemeyer.org\/magyar\/devotional\/semmi-sem-lehetetlen\/\" \/>\n<meta property=\"og:site_name\" content=\"Joyce Meyer Ministries - Magyar\" \/>\n<meta property=\"article:publisher\" content=\"https:\/\/www.facebook.com\/JoyceMeyerMinistriesHungarian\/\" \/>\n<meta property=\"og:image\" content=\"https:\/\/tv.joycemeyer.org\/magyar\/wp-content\/uploads\/sites\/72\/2019\/02\/2729.jpg\" \/>\n\t<meta property=\"og:image:width\" content=\"1800\" \/>\n\t<meta property=\"og:image:height\" content=\"1050\" \/>\n\t<meta property=\"og:image:type\" content=\"image\/jpeg\" \/>\n<meta name=\"twitter:card\" content=\"summary_large_image\" \/>\n<meta name=\"twitter:label1\" content=\"Est. reading time\" \/>\n\t<meta name=\"twitter:data1\" content=\"2 minutes\" \/>\n<script type=\"application\/ld+json\" class=\"yoast-schema-graph\">{\"@context\":\"https:\\\/\\\/schema.org\",\"@graph\":[{\"@type\":\"WebPage\",\"@id\":\"https:\\\/\\\/tv.joycemeyer.org\\\/magyar\\\/devotional\\\/semmi-sem-lehetetlen\\\/\",\"url\":\"https:\\\/\\\/tv.joycemeyer.org\\\/magyar\\\/devotional\\\/semmi-sem-lehetetlen\\\/\",\"name\":\"Semmi sem lehetetlen - Joyce Meyer Ministries - Magyar\",\"isPartOf\":{\"@id\":\"https:\\\/\\\/tv.joycemeyer.org\\\/magyar\\\/#website\"},\"primaryImageOfPage\":{\"@id\":\"https:\\\/\\\/tv.joycemeyer.org\\\/magyar\\\/devotional\\\/semmi-sem-lehetetlen\\\/#primaryimage\"},\"image\":{\"@id\":\"https:\\\/\\\/tv.joycemeyer.org\\\/magyar\\\/devotional\\\/semmi-sem-lehetetlen\\\/#primaryimage\"},\"thumbnailUrl\":\"https:\\\/\\\/tv.joycemeyer.org\\\/magyar\\\/wp-content\\\/uploads\\\/sites\\\/72\\\/2019\\\/02\\\/2729.jpg\",\"datePublished\":\"2026-02-17T00:01:01+00:00\",\"breadcrumb\":{\"@id\":\"https:\\\/\\\/tv.joycemeyer.org\\\/magyar\\\/devotional\\\/semmi-sem-lehetetlen\\\/#breadcrumb\"},\"inLanguage\":\"en-US\",\"potentialAction\":[{\"@type\":\"ReadAction\",\"target\":[\"https:\\\/\\\/tv.joycemeyer.org\\\/magyar\\\/devotional\\\/semmi-sem-lehetetlen\\\/\"]}]},{\"@type\":\"ImageObject\",\"inLanguage\":\"en-US\",\"@id\":\"https:\\\/\\\/tv.joycemeyer.org\\\/magyar\\\/devotional\\\/semmi-sem-lehetetlen\\\/#primaryimage\",\"url\":\"https:\\\/\\\/tv.joycemeyer.org\\\/magyar\\\/wp-content\\\/uploads\\\/sites\\\/72\\\/2019\\\/02\\\/2729.jpg\",\"contentUrl\":\"https:\\\/\\\/tv.joycemeyer.org\\\/magyar\\\/wp-content\\\/uploads\\\/sites\\\/72\\\/2019\\\/02\\\/2729.jpg\",\"width\":1800,\"height\":1050,\"caption\":\"Semmi sem lehetetlen\"},{\"@type\":\"BreadcrumbList\",\"@id\":\"https:\\\/\\\/tv.joycemeyer.org\\\/magyar\\\/devotional\\\/semmi-sem-lehetetlen\\\/#breadcrumb\",\"itemListElement\":[{\"@type\":\"ListItem\",\"position\":1,\"name\":\"Home\",\"item\":\"https:\\\/\\\/tv.joycemeyer.org\\\/magyar\\\/\"},{\"@type\":\"ListItem\",\"position\":2,\"name\":\"Devotional\",\"item\":\"https:\\\/\\\/tv.joycemeyer.org\\\/magyar\\\/devotional\\\/\"},{\"@type\":\"ListItem\",\"position\":3,\"name\":\"Semmi sem lehetetlen\"}]},{\"@type\":\"WebSite\",\"@id\":\"https:\\\/\\\/tv.joycemeyer.org\\\/magyar\\\/#website\",\"url\":\"https:\\\/\\\/tv.joycemeyer.org\\\/magyar\\\/\",\"name\":\"Joyce Meyer Ministries - Magyar\",\"description\":\"Hirdetj\u00fck Krisztust - Szeretj\u00fck az embereket\",\"potentialAction\":[{\"@type\":\"SearchAction\",\"target\":{\"@type\":\"EntryPoint\",\"urlTemplate\":\"https:\\\/\\\/tv.joycemeyer.org\\\/magyar\\\/?s={search_term_string}\"},\"query-input\":{\"@type\":\"PropertyValueSpecification\",\"valueRequired\":true,\"valueName\":\"search_term_string\"}}],\"inLanguage\":\"en-US\"}]}<\/script>\n<!-- \/ Yoast SEO plugin. -->","yoast_head_json":{"title":"Semmi sem lehetetlen - Joyce Meyer Ministries - Magyar","robots":{"index":"index","follow":"follow","max-snippet":"max-snippet:-1","max-image-preview":"max-image-preview:large","max-video-preview":"max-video-preview:-1"},"canonical":"https:\/\/tv.joycemeyer.org\/magyar\/devotional\/semmi-sem-lehetetlen\/","og_locale":"en_US","og_type":"article","og_title":"Semmi sem lehetetlen - Joyce Meyer Ministries - Magyar","og_description":"A pozit\u00edvan gondolkod\u00f3 emberek lehet\u0151s\u00e9get l\u00e1tnak a legkil\u00e1t\u00e1stalanabb helyzetben is ...","og_url":"https:\/\/tv.joycemeyer.org\/magyar\/devotional\/semmi-sem-lehetetlen\/","og_site_name":"Joyce Meyer Ministries - Magyar","article_publisher":"https:\/\/www.facebook.com\/JoyceMeyerMinistriesHungarian\/","og_image":[{"width":1800,"height":1050,"url":"https:\/\/tv.joycemeyer.org\/magyar\/wp-content\/uploads\/sites\/72\/2019\/02\/2729.jpg","type":"image\/jpeg"}],"twitter_card":"summary_large_image","twitter_misc":{"Est. reading time":"2 minutes"},"schema":{"@context":"https:\/\/schema.org","@graph":[{"@type":"WebPage","@id":"https:\/\/tv.joycemeyer.org\/magyar\/devotional\/semmi-sem-lehetetlen\/","url":"https:\/\/tv.joycemeyer.org\/magyar\/devotional\/semmi-sem-lehetetlen\/","name":"Semmi sem lehetetlen - Joyce Meyer Ministries - Magyar","isPartOf":{"@id":"https:\/\/tv.joycemeyer.org\/magyar\/#website"},"primaryImageOfPage":{"@id":"https:\/\/tv.joycemeyer.org\/magyar\/devotional\/semmi-sem-lehetetlen\/#primaryimage"},"image":{"@id":"https:\/\/tv.joycemeyer.org\/magyar\/devotional\/semmi-sem-lehetetlen\/#primaryimage"},"thumbnailUrl":"https:\/\/tv.joycemeyer.org\/magyar\/wp-content\/uploads\/sites\/72\/2019\/02\/2729.jpg","datePublished":"2026-02-17T00:01:01+00:00","breadcrumb":{"@id":"https:\/\/tv.joycemeyer.org\/magyar\/devotional\/semmi-sem-lehetetlen\/#breadcrumb"},"inLanguage":"en-US","potentialAction":[{"@type":"ReadAction","target":["https:\/\/tv.joycemeyer.org\/magyar\/devotional\/semmi-sem-lehetetlen\/"]}]},{"@type":"ImageObject","inLanguage":"en-US","@id":"https:\/\/tv.joycemeyer.org\/magyar\/devotional\/semmi-sem-lehetetlen\/#primaryimage","url":"https:\/\/tv.joycemeyer.org\/magyar\/wp-content\/uploads\/sites\/72\/2019\/02\/2729.jpg","contentUrl":"https:\/\/tv.joycemeyer.org\/magyar\/wp-content\/uploads\/sites\/72\/2019\/02\/2729.jpg","width":1800,"height":1050,"caption":"Semmi sem lehetetlen"},{"@type":"BreadcrumbList","@id":"https:\/\/tv.joycemeyer.org\/magyar\/devotional\/semmi-sem-lehetetlen\/#breadcrumb","itemListElement":[{"@type":"ListItem","position":1,"name":"Home","item":"https:\/\/tv.joycemeyer.org\/magyar\/"},{"@type":"ListItem","position":2,"name":"Devotional","item":"https:\/\/tv.joycemeyer.org\/magyar\/devotional\/"},{"@type":"ListItem","position":3,"name":"Semmi sem lehetetlen"}]},{"@type":"WebSite","@id":"https:\/\/tv.joycemeyer.org\/magyar\/#website","url":"https:\/\/tv.joycemeyer.org\/magyar\/","name":"Joyce Meyer Ministries - Magyar","description":"Hirdetj\u00fck Krisztust - Szeretj\u00fck az embereket","potentialAction":[{"@type":"SearchAction","target":{"@type":"EntryPoint","urlTemplate":"https:\/\/tv.joycemeyer.org\/magyar\/?s={search_term_string}"},"query-input":{"@type":"PropertyValueSpecification","valueRequired":true,"valueName":"search_term_string"}}],"inLanguage":"en-US"}]}},"_links":{"self":[{"href":"https:\/\/tv.joycemeyer.org\/magyar\/wp-json\/wp\/v2\/devotional\/910","targetHints":{"allow":["GET"]}}],"collection":[{"href":"https:\/\/tv.joycemeyer.org\/magyar\/wp-json\/wp\/v2\/devotional"}],"about":[{"href":"https:\/\/tv.joycemeyer.org\/magyar\/wp-json\/wp\/v2\/types\/devotional"}],"author":[{"embeddable":true,"href":"https:\/\/tv.joycemeyer.org\/magyar\/wp-json\/wp\/v2\/users\/15"}],"replies":[{"embeddable":true,"href":"https:\/\/tv.joycemeyer.org\/magyar\/wp-json\/wp\/v2\/comments?post=910"}],"wp:featuredmedia":[{"embeddable":true,"href":"https:\/\/tv.joycemeyer.org\/magyar\/wp-json\/wp\/v2\/media\/3796"}],"wp:attachment":[{"href":"https:\/\/tv.joycemeyer.org\/magyar\/wp-json\/wp\/v2\/media?parent=910"}],"curies":[{"name":"wp","href":"https:\/\/api.w.org\/{rel}","templated":true}]}}