{"id":999,"date":"2026-03-21T00:01:16","date_gmt":"2026-03-21T00:01:16","guid":{"rendered":"https:\/\/tv.joycemeyer.org\/magyar\/?post_type=devotional&#038;p=999"},"modified":"2026-03-19T16:36:46","modified_gmt":"2026-03-19T16:36:46","slug":"a-meggyozes-fontos","status":"publish","type":"devotional","link":"https:\/\/tv.joycemeyer.org\/magyar\/devotional\/a-meggyozes-fontos\/","title":{"rendered":"A meggy\u0151z\u00e9s fontos"},"content":{"rendered":"<blockquote><p>\u201eMert akit szeret az \u00dar, azt megfeny\u00edti \u00e9s megostoroz mindenkit, akit fi\u00e1v\u00e1 fogad.\u201d Zsid 12:6<\/p><\/blockquote>\n<p>Soha nem szeretn\u00e9m, ha az \u00darral val\u00f3 k\u00f6z\u00f6ss\u00e9gem megszakadna. Sz\u00fcks\u00e9gem van r\u00e1 minden egyes nap. Ez\u00e9rt annyira h\u00e1l\u00e1s vagyok a Szent Szellem meggy\u0151z\u0151 erej\u00e9\u00e9rt. Mindig tudatja velem, ha valami olyat teszek, ami megszomor\u00edtja Istent, vagy megzavarja a Vele val\u00f3 kommunik\u00e1ci\u00f3t \u00e9s kapcsolatot. Leleplezi ezt, \u00e9s meggy\u0151z arr\u00f3l, mi a helyes.<\/p>\n<p>Isten jobban szeret minket, mint mi a saj\u00e1t gyermekeinket, \u00e9s szeretet\u00e9b\u0151l fegyelmez is. Sz\u00f3l, ha rossz \u00faton j\u00e1runk. Ha sz\u00fcks\u00e9ges, ak\u00e1r 15 k\u00fcl\u00f6nb\u00f6z\u0151 m\u00f3don pr\u00f3b\u00e1lja felh\u00edvni erre a figyelm\u00fcnket. A meggy\u0151z\u0151 szeretet\u00e9nek \u00fczenete minden\u00fctt jelen van. Szeretn\u00e9, ha hallgatn\u00e1nk r\u00e1, mert szeret. De ha kitartunk a saj\u00e1t dolgaink mellett, akkor visszatartja a kiv\u00e1lts\u00e1gokat \u00e9s az \u00e1ld\u00e1sokat, mert szeretn\u00e9, ha feln\u0151n\u00e9nk, \u00e9s azt v\u00e1lasztan\u00e1nk, ami a legjobb sz\u00e1munkra.<\/p>\n<p>Ne felejtsd el, ha hallgatsz a figyelmeztet\u00e9sre, a b\u0171nb\u0151l visszatal\u00e1lsz Isten sz\u00edv\u00e9hez. Engedd, hogy ez a meggy\u0151z\u00e9s felemeljen egy \u00faj szintre Istenben. Ne \u00e1llj ellene, fogadd el!<\/p>\n<hr \/>\n<p>Ima<\/p>\n<p>Uram, tudom, hogy szeretsz, \u00e9s a legjobbat akarod nekem. K\u00f6sz\u00f6n\u00f6m, hogy korrig\u00e1lsz, \u00e9s fegyelmezel engem, amikor hib\u00e1t vagy b\u0171nt k\u00f6vetek el. Olyan k\u00f6zel szeretn\u00e9k lenni Hozz\u00e1d, amennyire csak lehets\u00e9ges. K\u00e9rlek, seg\u00edts, hogy ne \u00e1llhasson k\u00f6z\u00e9nk semmi. Szeretlek.<\/p>\n","protected":false},"excerpt":{"rendered":"<p>Soha nem szeretn\u00e9m, ha az \u00darral val\u00f3 k\u00f6z\u00f6ss\u00e9gem megszakadna &#8230;<\/p>\n","protected":false},"author":15,"featured_media":3882,"parent":0,"menu_order":0,"comment_status":"closed","ping_status":"closed","template":"","class_list":["post-999","devotional","type-devotional","status-publish","has-post-thumbnail","hentry"],"acf":[],"appp":{"post_detail":{"above_title":"<div class=\"post-featured-wrap\"><img width=\"1024\" height=\"597\" src=\"https:\/\/tv.joycemeyer.org\/magyar\/wp-content\/uploads\/sites\/72\/2019\/03\/2109-1024x597.jpg\" class=\"post-featured wp-post-image\" alt=\"\" decoding=\"async\" srcset=\"https:\/\/tv.joycemeyer.org\/magyar\/wp-content\/uploads\/sites\/72\/2019\/03\/2109-1024x597.jpg 1024w, https:\/\/tv.joycemeyer.org\/magyar\/wp-content\/uploads\/sites\/72\/2019\/03\/2109-300x175.jpg 300w, https:\/\/tv.joycemeyer.org\/magyar\/wp-content\/uploads\/sites\/72\/2019\/03\/2109-768x448.jpg 768w, https:\/\/tv.joycemeyer.org\/magyar\/wp-content\/uploads\/sites\/72\/2019\/03\/2109-1536x896.jpg 1536w, https:\/\/tv.joycemeyer.org\/magyar\/wp-content\/uploads\/sites\/72\/2019\/03\/2109.jpg 1800w\" sizes=\"(max-width: 1024px) 100vw, 1024px\" \/><\/div>","below_content":"<div class=\"follow\"><h6 class=\"alt\">L\u00e9pj kapcsolatba vel\u00fcnk<\/h6><ul class=\"nav nav--social nav--flex\"><li class=\"menu-item facebook\"><a href=\"https:\/\/www.facebook.com\/JoyceMeyerMinistriesHungarian\/\" target=\"_blank\"><span class=\"visuallyhidden\">Facebook<\/span><\/a><\/li><li class=\"menu-item instagram\"><a href=\"https:\/\/www.instagram.com\/joycemeyerministriesmagyar\/\" target=\"_blank\"><span class=\"visuallyhidden\">Instagram<\/span><\/a><\/li><li class=\"menu-item youtube\"><a href=\"https:\/\/www.youtube.com\/channel\/UCoAjHvNztMybm-_7N0zdThg\" target=\"_blank\"><span class=\"visuallyhidden\">YouTube<\/span><\/a><\/li><\/ul><\/div>"}},"yoast_head":"<!-- This site is optimized with the Yoast SEO plugin v27.4 - https:\/\/yoast.com\/product\/yoast-seo-wordpress\/ -->\n<title>A meggy\u0151z\u00e9s fontos - Joyce Meyer Ministries - Magyar<\/title>\n<meta name=\"robots\" content=\"index, follow, max-snippet:-1, max-image-preview:large, max-video-preview:-1\" \/>\n<link rel=\"canonical\" href=\"https:\/\/tv.joycemeyer.org\/magyar\/devotional\/a-meggyozes-fontos\/\" \/>\n<meta property=\"og:locale\" content=\"en_US\" \/>\n<meta property=\"og:type\" content=\"article\" \/>\n<meta property=\"og:title\" content=\"A meggy\u0151z\u00e9s fontos - Joyce Meyer Ministries - Magyar\" \/>\n<meta property=\"og:description\" content=\"Soha nem szeretn\u00e9m, ha az \u00darral val\u00f3 k\u00f6z\u00f6ss\u00e9gem megszakadna ...\" \/>\n<meta property=\"og:url\" content=\"https:\/\/tv.joycemeyer.org\/magyar\/devotional\/a-meggyozes-fontos\/\" \/>\n<meta property=\"og:site_name\" content=\"Joyce Meyer Ministries - Magyar\" \/>\n<meta property=\"article:publisher\" content=\"https:\/\/www.facebook.com\/JoyceMeyerMinistriesHungarian\/\" \/>\n<meta property=\"og:image\" content=\"https:\/\/tv.joycemeyer.org\/magyar\/wp-content\/uploads\/sites\/72\/2019\/03\/2109.jpg\" \/>\n\t<meta property=\"og:image:width\" content=\"1800\" \/>\n\t<meta property=\"og:image:height\" content=\"1050\" \/>\n\t<meta property=\"og:image:type\" content=\"image\/jpeg\" \/>\n<meta name=\"twitter:card\" content=\"summary_large_image\" \/>\n<meta name=\"twitter:label1\" content=\"Est. reading time\" \/>\n\t<meta name=\"twitter:data1\" content=\"1 minute\" \/>\n<script type=\"application\/ld+json\" class=\"yoast-schema-graph\">{\"@context\":\"https:\\\/\\\/schema.org\",\"@graph\":[{\"@type\":\"WebPage\",\"@id\":\"https:\\\/\\\/tv.joycemeyer.org\\\/magyar\\\/devotional\\\/a-meggyozes-fontos\\\/\",\"url\":\"https:\\\/\\\/tv.joycemeyer.org\\\/magyar\\\/devotional\\\/a-meggyozes-fontos\\\/\",\"name\":\"A meggy\u0151z\u00e9s fontos - Joyce Meyer Ministries - Magyar\",\"isPartOf\":{\"@id\":\"https:\\\/\\\/tv.joycemeyer.org\\\/magyar\\\/#website\"},\"primaryImageOfPage\":{\"@id\":\"https:\\\/\\\/tv.joycemeyer.org\\\/magyar\\\/devotional\\\/a-meggyozes-fontos\\\/#primaryimage\"},\"image\":{\"@id\":\"https:\\\/\\\/tv.joycemeyer.org\\\/magyar\\\/devotional\\\/a-meggyozes-fontos\\\/#primaryimage\"},\"thumbnailUrl\":\"https:\\\/\\\/tv.joycemeyer.org\\\/magyar\\\/wp-content\\\/uploads\\\/sites\\\/72\\\/2019\\\/03\\\/2109.jpg\",\"datePublished\":\"2026-03-21T00:01:16+00:00\",\"breadcrumb\":{\"@id\":\"https:\\\/\\\/tv.joycemeyer.org\\\/magyar\\\/devotional\\\/a-meggyozes-fontos\\\/#breadcrumb\"},\"inLanguage\":\"en-US\",\"potentialAction\":[{\"@type\":\"ReadAction\",\"target\":[\"https:\\\/\\\/tv.joycemeyer.org\\\/magyar\\\/devotional\\\/a-meggyozes-fontos\\\/\"]}]},{\"@type\":\"ImageObject\",\"inLanguage\":\"en-US\",\"@id\":\"https:\\\/\\\/tv.joycemeyer.org\\\/magyar\\\/devotional\\\/a-meggyozes-fontos\\\/#primaryimage\",\"url\":\"https:\\\/\\\/tv.joycemeyer.org\\\/magyar\\\/wp-content\\\/uploads\\\/sites\\\/72\\\/2019\\\/03\\\/2109.jpg\",\"contentUrl\":\"https:\\\/\\\/tv.joycemeyer.org\\\/magyar\\\/wp-content\\\/uploads\\\/sites\\\/72\\\/2019\\\/03\\\/2109.jpg\",\"width\":1800,\"height\":1050,\"caption\":\"A meggy\u0151z\u00e9s fontos\"},{\"@type\":\"BreadcrumbList\",\"@id\":\"https:\\\/\\\/tv.joycemeyer.org\\\/magyar\\\/devotional\\\/a-meggyozes-fontos\\\/#breadcrumb\",\"itemListElement\":[{\"@type\":\"ListItem\",\"position\":1,\"name\":\"Home\",\"item\":\"https:\\\/\\\/tv.joycemeyer.org\\\/magyar\\\/\"},{\"@type\":\"ListItem\",\"position\":2,\"name\":\"Devotional\",\"item\":\"https:\\\/\\\/tv.joycemeyer.org\\\/magyar\\\/devotional\\\/\"},{\"@type\":\"ListItem\",\"position\":3,\"name\":\"A meggy\u0151z\u00e9s fontos\"}]},{\"@type\":\"WebSite\",\"@id\":\"https:\\\/\\\/tv.joycemeyer.org\\\/magyar\\\/#website\",\"url\":\"https:\\\/\\\/tv.joycemeyer.org\\\/magyar\\\/\",\"name\":\"Joyce Meyer Ministries - Magyar\",\"description\":\"Hirdetj\u00fck Krisztust - Szeretj\u00fck az embereket\",\"potentialAction\":[{\"@type\":\"SearchAction\",\"target\":{\"@type\":\"EntryPoint\",\"urlTemplate\":\"https:\\\/\\\/tv.joycemeyer.org\\\/magyar\\\/?s={search_term_string}\"},\"query-input\":{\"@type\":\"PropertyValueSpecification\",\"valueRequired\":true,\"valueName\":\"search_term_string\"}}],\"inLanguage\":\"en-US\"}]}<\/script>\n<!-- \/ Yoast SEO plugin. -->","yoast_head_json":{"title":"A meggy\u0151z\u00e9s fontos - Joyce Meyer Ministries - Magyar","robots":{"index":"index","follow":"follow","max-snippet":"max-snippet:-1","max-image-preview":"max-image-preview:large","max-video-preview":"max-video-preview:-1"},"canonical":"https:\/\/tv.joycemeyer.org\/magyar\/devotional\/a-meggyozes-fontos\/","og_locale":"en_US","og_type":"article","og_title":"A meggy\u0151z\u00e9s fontos - Joyce Meyer Ministries - Magyar","og_description":"Soha nem szeretn\u00e9m, ha az \u00darral val\u00f3 k\u00f6z\u00f6ss\u00e9gem megszakadna ...","og_url":"https:\/\/tv.joycemeyer.org\/magyar\/devotional\/a-meggyozes-fontos\/","og_site_name":"Joyce Meyer Ministries - Magyar","article_publisher":"https:\/\/www.facebook.com\/JoyceMeyerMinistriesHungarian\/","og_image":[{"width":1800,"height":1050,"url":"https:\/\/tv.joycemeyer.org\/magyar\/wp-content\/uploads\/sites\/72\/2019\/03\/2109.jpg","type":"image\/jpeg"}],"twitter_card":"summary_large_image","twitter_misc":{"Est. reading time":"1 minute"},"schema":{"@context":"https:\/\/schema.org","@graph":[{"@type":"WebPage","@id":"https:\/\/tv.joycemeyer.org\/magyar\/devotional\/a-meggyozes-fontos\/","url":"https:\/\/tv.joycemeyer.org\/magyar\/devotional\/a-meggyozes-fontos\/","name":"A meggy\u0151z\u00e9s fontos - Joyce Meyer Ministries - Magyar","isPartOf":{"@id":"https:\/\/tv.joycemeyer.org\/magyar\/#website"},"primaryImageOfPage":{"@id":"https:\/\/tv.joycemeyer.org\/magyar\/devotional\/a-meggyozes-fontos\/#primaryimage"},"image":{"@id":"https:\/\/tv.joycemeyer.org\/magyar\/devotional\/a-meggyozes-fontos\/#primaryimage"},"thumbnailUrl":"https:\/\/tv.joycemeyer.org\/magyar\/wp-content\/uploads\/sites\/72\/2019\/03\/2109.jpg","datePublished":"2026-03-21T00:01:16+00:00","breadcrumb":{"@id":"https:\/\/tv.joycemeyer.org\/magyar\/devotional\/a-meggyozes-fontos\/#breadcrumb"},"inLanguage":"en-US","potentialAction":[{"@type":"ReadAction","target":["https:\/\/tv.joycemeyer.org\/magyar\/devotional\/a-meggyozes-fontos\/"]}]},{"@type":"ImageObject","inLanguage":"en-US","@id":"https:\/\/tv.joycemeyer.org\/magyar\/devotional\/a-meggyozes-fontos\/#primaryimage","url":"https:\/\/tv.joycemeyer.org\/magyar\/wp-content\/uploads\/sites\/72\/2019\/03\/2109.jpg","contentUrl":"https:\/\/tv.joycemeyer.org\/magyar\/wp-content\/uploads\/sites\/72\/2019\/03\/2109.jpg","width":1800,"height":1050,"caption":"A meggy\u0151z\u00e9s fontos"},{"@type":"BreadcrumbList","@id":"https:\/\/tv.joycemeyer.org\/magyar\/devotional\/a-meggyozes-fontos\/#breadcrumb","itemListElement":[{"@type":"ListItem","position":1,"name":"Home","item":"https:\/\/tv.joycemeyer.org\/magyar\/"},{"@type":"ListItem","position":2,"name":"Devotional","item":"https:\/\/tv.joycemeyer.org\/magyar\/devotional\/"},{"@type":"ListItem","position":3,"name":"A meggy\u0151z\u00e9s fontos"}]},{"@type":"WebSite","@id":"https:\/\/tv.joycemeyer.org\/magyar\/#website","url":"https:\/\/tv.joycemeyer.org\/magyar\/","name":"Joyce Meyer Ministries - Magyar","description":"Hirdetj\u00fck Krisztust - Szeretj\u00fck az embereket","potentialAction":[{"@type":"SearchAction","target":{"@type":"EntryPoint","urlTemplate":"https:\/\/tv.joycemeyer.org\/magyar\/?s={search_term_string}"},"query-input":{"@type":"PropertyValueSpecification","valueRequired":true,"valueName":"search_term_string"}}],"inLanguage":"en-US"}]}},"_links":{"self":[{"href":"https:\/\/tv.joycemeyer.org\/magyar\/wp-json\/wp\/v2\/devotional\/999","targetHints":{"allow":["GET"]}}],"collection":[{"href":"https:\/\/tv.joycemeyer.org\/magyar\/wp-json\/wp\/v2\/devotional"}],"about":[{"href":"https:\/\/tv.joycemeyer.org\/magyar\/wp-json\/wp\/v2\/types\/devotional"}],"author":[{"embeddable":true,"href":"https:\/\/tv.joycemeyer.org\/magyar\/wp-json\/wp\/v2\/users\/15"}],"replies":[{"embeddable":true,"href":"https:\/\/tv.joycemeyer.org\/magyar\/wp-json\/wp\/v2\/comments?post=999"}],"wp:featuredmedia":[{"embeddable":true,"href":"https:\/\/tv.joycemeyer.org\/magyar\/wp-json\/wp\/v2\/media\/3882"}],"wp:attachment":[{"href":"https:\/\/tv.joycemeyer.org\/magyar\/wp-json\/wp\/v2\/media?parent=999"}],"curies":[{"name":"wp","href":"https:\/\/api.w.org\/{rel}","templated":true}]}}