{"id":2722,"date":"2024-07-04T00:01:05","date_gmt":"2024-07-04T00:01:05","guid":{"rendered":"https:\/\/tv.joycemeyer.org\/portuguese\/?post_type=devotional&#038;p=2722"},"modified":"2024-07-03T13:57:21","modified_gmt":"2024-07-03T13:57:21","slug":"os-pensamentos-de-deus-nao","status":"publish","type":"devotional","link":"https:\/\/tv.joycemeyer.org\/portuguese\/devotional\/os-pensamentos-de-deus-nao\/","title":{"rendered":"Os Pensamentos de Deus N\u00e3o S\u00e3o os Pensamentos do Homem"},"content":{"rendered":"<blockquote><p>\u201cPois os meus pensamentos n\u00e3o s\u00e3o os pensamentos de voc\u00eas, nem os seus caminhos s\u00e3o os meus caminhos\u201d, declara o Senhor.\u00a0(Isa\u00edas 55:8)<\/p><\/blockquote>\n<p>Certa vez nosso filho David, que dirige o nosso departamento de miss\u00f5es, me procurou querendo um conselho sobre quem contratar para preencher uma vaga de trabalho. Ele sentia que Deus queria que ele oferecesse o emprego a algu\u00e9m que ele n\u00e3o escolheria naturalmente. Ele tentou preencher a vaga com v\u00e1rias pessoas aparentemente qualificadas, apenas para ver cada uma delas recusar o emprego. Ele disse: \u201cParece que Deus quer a pessoa que eu n\u00e3o escolheria\u201d.<\/p>\n<p>Deus diz no vers\u00edculo de hoje: \u201cOs meus pensamentos n\u00e3o s\u00e3o os pensamentos de voc\u00eas, nem os seus caminhos s\u00e3o os meus caminhos\u201d (Isa\u00edas 55:8). A pessoa que Deus colocou no cora\u00e7\u00e3o de David era a \u00fanica que estava genuinamente interessada no emprego. Sab\u00edamos que este era outro exemplo de Deus nos ajudando a ouvir a Sua voz atrav\u00e9s das portas abertas e das portas fechadas. Deus nem sempre d\u00e1 um emprego ou uma tarefa \u00e0 pessoa mais qualificada. Muitas vezes, a atitude do cora\u00e7\u00e3o de uma pessoa \u00e9 mais importante que sua experi\u00eancia ou credenciais, principalmente em cargos de minist\u00e9rio.<\/p>\n<p>Descobri que o que Deus escolhe fazer nem sempre faz sentido para n\u00f3s; nem sempre se encaixa na nossa raz\u00e3o. A nossa mente nem sempre entende as dire\u00e7\u00f5es espirituais que recebemos de Deus. Os pensamentos Dele realmente est\u00e3o acima dos nossos! Todos os caminhos Dele s\u00e3o retos e certos.<\/p>\n<hr \/>\n<p>A palavra de deus para voc\u00ea hoje: deixe o seu esp\u00edrito tomar a dire\u00e7\u00e3o e n\u00e3o seja guiado pela sua cabe\u00e7a.<\/p>\n","protected":false},"excerpt":{"rendered":"<p>Descobri que o que Deus escolhe fazer nem sempre faz sentido para n\u00f3s; nem sempre se encaixa na nossa raz\u00e3o.<\/p>\n","protected":false},"author":15,"featured_media":2723,"parent":0,"menu_order":0,"comment_status":"closed","ping_status":"closed","template":"","class_list":["post-2722","devotional","type-devotional","status-publish","has-post-thumbnail","hentry"],"acf":[],"appp":{"post_detail":{"above_title":"<div class=\"post-featured-wrap\"><img width=\"960\" height=\"540\" src=\"https:\/\/tv.joycemeyer.org\/portuguese\/wp-content\/uploads\/sites\/35\/2020\/07\/730.jpg\" class=\"post-featured wp-post-image\" alt=\"\" decoding=\"async\" srcset=\"https:\/\/tv.joycemeyer.org\/portuguese\/wp-content\/uploads\/sites\/35\/2020\/07\/730.jpg 960w, https:\/\/tv.joycemeyer.org\/portuguese\/wp-content\/uploads\/sites\/35\/2020\/07\/730-300x169.jpg 300w, https:\/\/tv.joycemeyer.org\/portuguese\/wp-content\/uploads\/sites\/35\/2020\/07\/730-768x432.jpg 768w, https:\/\/tv.joycemeyer.org\/portuguese\/wp-content\/uploads\/sites\/35\/2020\/07\/730-640x360.jpg 640w\" sizes=\"(max-width: 960px) 100vw, 960px\" \/><\/div>","below_content":""}},"yoast_head":"<!-- This site is optimized with the Yoast SEO plugin v27.4 - https:\/\/yoast.com\/product\/yoast-seo-wordpress\/ -->\n<title>Os Pensamentos de Deus N\u00e3o S\u00e3o os Pensamentos do Homem - Joyce Meyer Ministries - Portuguese<\/title>\n<meta name=\"description\" content=\"JOYCE MEYER DESFRUTANDO A VIDA DI\u00c1RIA - DEVOCIONAL\" \/>\n<meta name=\"robots\" content=\"index, follow, max-snippet:-1, max-image-preview:large, max-video-preview:-1\" \/>\n<link rel=\"canonical\" href=\"https:\/\/tv.joycemeyer.org\/portuguese\/devotional\/os-pensamentos-de-deus-nao\/\" \/>\n<meta property=\"og:locale\" content=\"pt_BR\" \/>\n<meta property=\"og:type\" content=\"article\" \/>\n<meta property=\"og:title\" content=\"Os Pensamentos de Deus N\u00e3o S\u00e3o os Pensamentos do Homem - Joyce Meyer Ministries - Portuguese\" \/>\n<meta property=\"og:description\" content=\"JOYCE MEYER DESFRUTANDO A VIDA DI\u00c1RIA - DEVOCIONAL\" \/>\n<meta property=\"og:url\" content=\"https:\/\/tv.joycemeyer.org\/portuguese\/devotional\/os-pensamentos-de-deus-nao\/\" \/>\n<meta property=\"og:site_name\" content=\"Joyce Meyer Ministries - Portuguese\" \/>\n<meta property=\"article:publisher\" content=\"https:\/\/www.facebook.com\/joycemeyerministriesportugues\" \/>\n<meta property=\"og:image\" content=\"https:\/\/tv.joycemeyer.org\/portuguese\/wp-content\/uploads\/sites\/35\/2020\/07\/730.jpg\" \/>\n\t<meta property=\"og:image:width\" content=\"960\" \/>\n\t<meta property=\"og:image:height\" content=\"540\" \/>\n\t<meta property=\"og:image:type\" content=\"image\/jpeg\" \/>\n<meta name=\"twitter:card\" content=\"summary_large_image\" \/>\n<meta name=\"twitter:label1\" content=\"Est. tempo de leitura\" \/>\n\t<meta name=\"twitter:data1\" content=\"2 minutos\" \/>\n<script type=\"application\/ld+json\" class=\"yoast-schema-graph\">{\"@context\":\"https:\\\/\\\/schema.org\",\"@graph\":[{\"@type\":\"WebPage\",\"@id\":\"https:\\\/\\\/tv.joycemeyer.org\\\/portuguese\\\/devotional\\\/os-pensamentos-de-deus-nao\\\/\",\"url\":\"https:\\\/\\\/tv.joycemeyer.org\\\/portuguese\\\/devotional\\\/os-pensamentos-de-deus-nao\\\/\",\"name\":\"Os Pensamentos de Deus N\u00e3o S\u00e3o os Pensamentos do Homem - Joyce Meyer Ministries - Portuguese\",\"isPartOf\":{\"@id\":\"https:\\\/\\\/tv.joycemeyer.org\\\/portuguese\\\/#website\"},\"primaryImageOfPage\":{\"@id\":\"https:\\\/\\\/tv.joycemeyer.org\\\/portuguese\\\/devotional\\\/os-pensamentos-de-deus-nao\\\/#primaryimage\"},\"image\":{\"@id\":\"https:\\\/\\\/tv.joycemeyer.org\\\/portuguese\\\/devotional\\\/os-pensamentos-de-deus-nao\\\/#primaryimage\"},\"thumbnailUrl\":\"https:\\\/\\\/tv.joycemeyer.org\\\/portuguese\\\/wp-content\\\/uploads\\\/sites\\\/35\\\/2020\\\/07\\\/730.jpg\",\"datePublished\":\"2024-07-04T00:01:05+00:00\",\"description\":\"JOYCE MEYER DESFRUTANDO A VIDA DI\u00c1RIA - DEVOCIONAL\",\"breadcrumb\":{\"@id\":\"https:\\\/\\\/tv.joycemeyer.org\\\/portuguese\\\/devotional\\\/os-pensamentos-de-deus-nao\\\/#breadcrumb\"},\"inLanguage\":\"pt-BR\",\"potentialAction\":[{\"@type\":\"ReadAction\",\"target\":[\"https:\\\/\\\/tv.joycemeyer.org\\\/portuguese\\\/devotional\\\/os-pensamentos-de-deus-nao\\\/\"]}]},{\"@type\":\"ImageObject\",\"inLanguage\":\"pt-BR\",\"@id\":\"https:\\\/\\\/tv.joycemeyer.org\\\/portuguese\\\/devotional\\\/os-pensamentos-de-deus-nao\\\/#primaryimage\",\"url\":\"https:\\\/\\\/tv.joycemeyer.org\\\/portuguese\\\/wp-content\\\/uploads\\\/sites\\\/35\\\/2020\\\/07\\\/730.jpg\",\"contentUrl\":\"https:\\\/\\\/tv.joycemeyer.org\\\/portuguese\\\/wp-content\\\/uploads\\\/sites\\\/35\\\/2020\\\/07\\\/730.jpg\",\"width\":960,\"height\":540,\"caption\":\"Os Pensamentos de Deus N\u00e3o S\u00e3o os Pensamentos do Homem\"},{\"@type\":\"BreadcrumbList\",\"@id\":\"https:\\\/\\\/tv.joycemeyer.org\\\/portuguese\\\/devotional\\\/os-pensamentos-de-deus-nao\\\/#breadcrumb\",\"itemListElement\":[{\"@type\":\"ListItem\",\"position\":1,\"name\":\"Home\",\"item\":\"https:\\\/\\\/tv.joycemeyer.org\\\/portuguese\\\/\"},{\"@type\":\"ListItem\",\"position\":2,\"name\":\"Devotional\",\"item\":\"https:\\\/\\\/tv.joycemeyer.org\\\/portuguese\\\/devotional\\\/\"},{\"@type\":\"ListItem\",\"position\":3,\"name\":\"Os Pensamentos de Deus N\u00e3o S\u00e3o os Pensamentos do Homem\"}]},{\"@type\":\"WebSite\",\"@id\":\"https:\\\/\\\/tv.joycemeyer.org\\\/portuguese\\\/#website\",\"url\":\"https:\\\/\\\/tv.joycemeyer.org\\\/portuguese\\\/\",\"name\":\"Joyce Meyer Ministries - Portuguese\",\"description\":\"COMPARTILHANDO CRISTO - AMANDO PESSOAS\",\"potentialAction\":[{\"@type\":\"SearchAction\",\"target\":{\"@type\":\"EntryPoint\",\"urlTemplate\":\"https:\\\/\\\/tv.joycemeyer.org\\\/portuguese\\\/?s={search_term_string}\"},\"query-input\":{\"@type\":\"PropertyValueSpecification\",\"valueRequired\":true,\"valueName\":\"search_term_string\"}}],\"inLanguage\":\"pt-BR\"}]}<\/script>\n<!-- \/ Yoast SEO plugin. -->","yoast_head_json":{"title":"Os Pensamentos de Deus N\u00e3o S\u00e3o os Pensamentos do Homem - Joyce Meyer Ministries - Portuguese","description":"JOYCE MEYER DESFRUTANDO A VIDA DI\u00c1RIA - DEVOCIONAL","robots":{"index":"index","follow":"follow","max-snippet":"max-snippet:-1","max-image-preview":"max-image-preview:large","max-video-preview":"max-video-preview:-1"},"canonical":"https:\/\/tv.joycemeyer.org\/portuguese\/devotional\/os-pensamentos-de-deus-nao\/","og_locale":"pt_BR","og_type":"article","og_title":"Os Pensamentos de Deus N\u00e3o S\u00e3o os Pensamentos do Homem - Joyce Meyer Ministries - Portuguese","og_description":"JOYCE MEYER DESFRUTANDO A VIDA DI\u00c1RIA - DEVOCIONAL","og_url":"https:\/\/tv.joycemeyer.org\/portuguese\/devotional\/os-pensamentos-de-deus-nao\/","og_site_name":"Joyce Meyer Ministries - Portuguese","article_publisher":"https:\/\/www.facebook.com\/joycemeyerministriesportugues","og_image":[{"width":960,"height":540,"url":"https:\/\/tv.joycemeyer.org\/portuguese\/wp-content\/uploads\/sites\/35\/2020\/07\/730.jpg","type":"image\/jpeg"}],"twitter_card":"summary_large_image","twitter_misc":{"Est. tempo de leitura":"2 minutos"},"schema":{"@context":"https:\/\/schema.org","@graph":[{"@type":"WebPage","@id":"https:\/\/tv.joycemeyer.org\/portuguese\/devotional\/os-pensamentos-de-deus-nao\/","url":"https:\/\/tv.joycemeyer.org\/portuguese\/devotional\/os-pensamentos-de-deus-nao\/","name":"Os Pensamentos de Deus N\u00e3o S\u00e3o os Pensamentos do Homem - Joyce Meyer Ministries - Portuguese","isPartOf":{"@id":"https:\/\/tv.joycemeyer.org\/portuguese\/#website"},"primaryImageOfPage":{"@id":"https:\/\/tv.joycemeyer.org\/portuguese\/devotional\/os-pensamentos-de-deus-nao\/#primaryimage"},"image":{"@id":"https:\/\/tv.joycemeyer.org\/portuguese\/devotional\/os-pensamentos-de-deus-nao\/#primaryimage"},"thumbnailUrl":"https:\/\/tv.joycemeyer.org\/portuguese\/wp-content\/uploads\/sites\/35\/2020\/07\/730.jpg","datePublished":"2024-07-04T00:01:05+00:00","description":"JOYCE MEYER DESFRUTANDO A VIDA DI\u00c1RIA - DEVOCIONAL","breadcrumb":{"@id":"https:\/\/tv.joycemeyer.org\/portuguese\/devotional\/os-pensamentos-de-deus-nao\/#breadcrumb"},"inLanguage":"pt-BR","potentialAction":[{"@type":"ReadAction","target":["https:\/\/tv.joycemeyer.org\/portuguese\/devotional\/os-pensamentos-de-deus-nao\/"]}]},{"@type":"ImageObject","inLanguage":"pt-BR","@id":"https:\/\/tv.joycemeyer.org\/portuguese\/devotional\/os-pensamentos-de-deus-nao\/#primaryimage","url":"https:\/\/tv.joycemeyer.org\/portuguese\/wp-content\/uploads\/sites\/35\/2020\/07\/730.jpg","contentUrl":"https:\/\/tv.joycemeyer.org\/portuguese\/wp-content\/uploads\/sites\/35\/2020\/07\/730.jpg","width":960,"height":540,"caption":"Os Pensamentos de Deus N\u00e3o S\u00e3o os Pensamentos do Homem"},{"@type":"BreadcrumbList","@id":"https:\/\/tv.joycemeyer.org\/portuguese\/devotional\/os-pensamentos-de-deus-nao\/#breadcrumb","itemListElement":[{"@type":"ListItem","position":1,"name":"Home","item":"https:\/\/tv.joycemeyer.org\/portuguese\/"},{"@type":"ListItem","position":2,"name":"Devotional","item":"https:\/\/tv.joycemeyer.org\/portuguese\/devotional\/"},{"@type":"ListItem","position":3,"name":"Os Pensamentos de Deus N\u00e3o S\u00e3o os Pensamentos do Homem"}]},{"@type":"WebSite","@id":"https:\/\/tv.joycemeyer.org\/portuguese\/#website","url":"https:\/\/tv.joycemeyer.org\/portuguese\/","name":"Joyce Meyer Ministries - Portuguese","description":"COMPARTILHANDO CRISTO - AMANDO PESSOAS","potentialAction":[{"@type":"SearchAction","target":{"@type":"EntryPoint","urlTemplate":"https:\/\/tv.joycemeyer.org\/portuguese\/?s={search_term_string}"},"query-input":{"@type":"PropertyValueSpecification","valueRequired":true,"valueName":"search_term_string"}}],"inLanguage":"pt-BR"}]}},"featured_image_urls":{"medium":"https:\/\/tv.joycemeyer.org\/portuguese\/wp-content\/uploads\/sites\/35\/2020\/07\/730-300x169.jpg","thumbnail":"https:\/\/tv.joycemeyer.org\/portuguese\/wp-content\/uploads\/sites\/35\/2020\/07\/730-150x150.jpg","medium_large":"https:\/\/tv.joycemeyer.org\/portuguese\/wp-content\/uploads\/sites\/35\/2020\/07\/730-768x432.jpg","listing":"https:\/\/tv.joycemeyer.org\/portuguese\/wp-content\/uploads\/sites\/35\/2020\/07\/730-640x360.jpg","feature":"https:\/\/tv.joycemeyer.org\/portuguese\/wp-content\/uploads\/sites\/35\/2020\/07\/730-960x540.jpg","ebook":"https:\/\/tv.joycemeyer.org\/portuguese\/wp-content\/uploads\/sites\/35\/2020\/07\/730-300x435.jpg","header":"https:\/\/tv.joycemeyer.org\/portuguese\/wp-content\/uploads\/sites\/35\/2020\/07\/730-960x340.jpg","rpwe-thumbnail":"https:\/\/tv.joycemeyer.org\/portuguese\/wp-content\/uploads\/sites\/35\/2020\/07\/730-45x45.jpg"},"appp_media":null,"_links":{"self":[{"href":"https:\/\/tv.joycemeyer.org\/portuguese\/wp-json\/wp\/v2\/devotional\/2722","targetHints":{"allow":["GET"]}}],"collection":[{"href":"https:\/\/tv.joycemeyer.org\/portuguese\/wp-json\/wp\/v2\/devotional"}],"about":[{"href":"https:\/\/tv.joycemeyer.org\/portuguese\/wp-json\/wp\/v2\/types\/devotional"}],"author":[{"embeddable":true,"href":"https:\/\/tv.joycemeyer.org\/portuguese\/wp-json\/wp\/v2\/users\/15"}],"replies":[{"embeddable":true,"href":"https:\/\/tv.joycemeyer.org\/portuguese\/wp-json\/wp\/v2\/comments?post=2722"}],"wp:featuredmedia":[{"embeddable":true,"href":"https:\/\/tv.joycemeyer.org\/portuguese\/wp-json\/wp\/v2\/media\/2723"}],"wp:attachment":[{"href":"https:\/\/tv.joycemeyer.org\/portuguese\/wp-json\/wp\/v2\/media?parent=2722"}],"curies":[{"name":"wp","href":"https:\/\/api.w.org\/{rel}","templated":true}]}}