{"id":4200,"date":"2025-10-24T00:01:34","date_gmt":"2025-10-24T00:01:34","guid":{"rendered":"https:\/\/tv.joycemeyer.org\/portuguese\/?post_type=devotional&#038;p=4200"},"modified":"2025-10-21T13:25:50","modified_gmt":"2025-10-21T13:25:50","slug":"sem-pressao","status":"publish","type":"devotional","link":"https:\/\/tv.joycemeyer.org\/portuguese\/devotional\/sem-pressao\/","title":{"rendered":"Sem Press\u00e3o"},"content":{"rendered":"<blockquote><p>\u201cAntes de tudo, pois, exorto que se use a pr\u00e1tica de s\u00faplicas, ora\u00e7\u00f5es, intercess\u00f5es, a\u00e7\u00f5es de gra\u00e7as, em favor de todos os homens.\u201d \u20141 Tim\u00f3teo 2:1<\/p><\/blockquote>\n<p>Amor e aceita\u00e7\u00e3o s\u00e3o necessidades humanas universais. Isso inclui as pessoas que est\u00e3o em nossa vida. Se exigirmos que elas mudem para ser mais parecidas conosco ou para se ajustarem ao nosso gosto, estamos colocando um fardo tremendo sobre esses relacionamentos.<\/p>\n<p>Lembro-me do tempo em que eu tentava violentamente mudar meu marido Dave e cada um de nossos filhos de maneiras diferentes. Foram dias frustrantes, porque por mais que eu tentasse, n\u00e3o funcionava. Meus esfor\u00e7os para mudar as pessoas que eu amava n\u00e3o estavam ajudando. Na verdade, eu s\u00f3 fazia as coisas piorarem.<\/p>\n<p>Sendo humanos, todos n\u00f3s temos necessidade de espa\u00e7o e liberdade, para ser quem fomos criados para ser. Queremos ser aceitos como somos. N\u00e3o queremos que as pessoas nos passem a mensagem, ainda que sutilmente, de que precisamos mudar para sermos aprovados ou amados.<\/p>\n<p>Isso n\u00e3o significa que aceitamos o pecado nas outras pessoas e simplesmente o toleramos. Isso significa simplesmente que a maneira de mudar \u00e9 a ora\u00e7\u00e3o, e n\u00e3o a press\u00e3o. Se amamos as pessoas e oramos por elas, Deus agir\u00e1. Para que a mudan\u00e7a dure, ela precisa vir de dentro para fora. E s\u00f3 Deus pode fazer esse tipo de mudan\u00e7a no cora\u00e7\u00e3o.<\/p>\n<hr \/>\n<p>A implic\u00e2ncia n\u00e3o \u00e9 uma ferramenta de mudan\u00e7a eficaz. S\u00f3 a ora\u00e7\u00e3o e o amor de Deus far\u00e3o o trabalho.<\/p>\n","protected":false},"excerpt":{"rendered":"<p>Amor e aceita\u00e7\u00e3o s\u00e3o necessidades humanas universais. Isso inclui as pessoas que est\u00e3o em nossa vida. Se exigirmos que elas mudem para ser mais parecidas conosco ou para se ajustarem ao nosso gosto, estamos colocando um fardo tremendo sobre esses relacionamentos.<\/p>\n","protected":false},"author":19,"featured_media":4201,"parent":0,"menu_order":0,"comment_status":"closed","ping_status":"closed","template":"","class_list":["post-4200","devotional","type-devotional","status-publish","has-post-thumbnail","hentry"],"acf":[],"appp":{"post_detail":{"above_title":"<div class=\"post-featured-wrap\"><img width=\"960\" height=\"560\" src=\"https:\/\/tv.joycemeyer.org\/portuguese\/wp-content\/uploads\/sites\/35\/2021\/10\/1906.jpg\" class=\"post-featured wp-post-image\" alt=\"\" decoding=\"async\" srcset=\"https:\/\/tv.joycemeyer.org\/portuguese\/wp-content\/uploads\/sites\/35\/2021\/10\/1906.jpg 960w, https:\/\/tv.joycemeyer.org\/portuguese\/wp-content\/uploads\/sites\/35\/2021\/10\/1906-300x175.jpg 300w, https:\/\/tv.joycemeyer.org\/portuguese\/wp-content\/uploads\/sites\/35\/2021\/10\/1906-768x448.jpg 768w\" sizes=\"(max-width: 960px) 100vw, 960px\" \/><\/div>","below_content":"<div class=\"follow\"><h6 class=\"alt\">Conecte-se conosco  <\/h6><ul class=\"nav nav--social nav--flex\"><li class=\"menu-item facebook\"><a href=\"https:\/\/www.facebook.com\/joycemeyerministriesportugues\" target=\"_blank\"><span class=\"visuallyhidden\">Facebook<\/span><\/a><\/li><li class=\"menu-item instagram\"><a href=\"https:\/\/www.instagram.com\/joycemeyerportugues\/\" target=\"_blank\"><span class=\"visuallyhidden\">Instagram<\/span><\/a><\/li><li class=\"menu-item youtube\"><a href=\"https:\/\/www.youtube.com\/channel\/UCf7cat4JZLB1uC_0zpvmkSg\" target=\"_blank\"><span class=\"visuallyhidden\">YouTube<\/span><\/a><\/li><\/ul><\/div>"}},"yoast_head":"<!-- This site is optimized with the Yoast SEO plugin v27.4 - https:\/\/yoast.com\/product\/yoast-seo-wordpress\/ -->\n<title>Sem Press\u00e3o - Joyce Meyer Ministries - Portuguese<\/title>\n<meta name=\"description\" content=\"JOYCE MEYER DESFRUTANDO A VIDA DI\u00c1RIA - DEVOCIONAL\" \/>\n<meta name=\"robots\" content=\"index, follow, max-snippet:-1, max-image-preview:large, max-video-preview:-1\" \/>\n<link rel=\"canonical\" href=\"https:\/\/tv.joycemeyer.org\/portuguese\/devotional\/sem-pressao\/\" \/>\n<meta property=\"og:locale\" content=\"pt_BR\" \/>\n<meta property=\"og:type\" content=\"article\" \/>\n<meta property=\"og:title\" content=\"Sem Press\u00e3o - Joyce Meyer Ministries - Portuguese\" \/>\n<meta property=\"og:description\" content=\"JOYCE MEYER DESFRUTANDO A VIDA DI\u00c1RIA - DEVOCIONAL\" \/>\n<meta property=\"og:url\" content=\"https:\/\/tv.joycemeyer.org\/portuguese\/devotional\/sem-pressao\/\" \/>\n<meta property=\"og:site_name\" content=\"Joyce Meyer Ministries - Portuguese\" \/>\n<meta property=\"article:publisher\" content=\"https:\/\/www.facebook.com\/joycemeyerministriesportugues\" \/>\n<meta property=\"og:image\" content=\"https:\/\/tv.joycemeyer.org\/portuguese\/wp-content\/uploads\/sites\/35\/2021\/10\/1906.jpg\" \/>\n\t<meta property=\"og:image:width\" content=\"960\" \/>\n\t<meta property=\"og:image:height\" content=\"560\" \/>\n\t<meta property=\"og:image:type\" content=\"image\/jpeg\" \/>\n<meta name=\"twitter:card\" content=\"summary_large_image\" \/>\n<meta name=\"twitter:label1\" content=\"Est. tempo de leitura\" \/>\n\t<meta name=\"twitter:data1\" content=\"2 minutos\" \/>\n<script type=\"application\/ld+json\" class=\"yoast-schema-graph\">{\"@context\":\"https:\\\/\\\/schema.org\",\"@graph\":[{\"@type\":\"WebPage\",\"@id\":\"https:\\\/\\\/tv.joycemeyer.org\\\/portuguese\\\/devotional\\\/sem-pressao\\\/\",\"url\":\"https:\\\/\\\/tv.joycemeyer.org\\\/portuguese\\\/devotional\\\/sem-pressao\\\/\",\"name\":\"Sem Press\u00e3o - Joyce Meyer Ministries - Portuguese\",\"isPartOf\":{\"@id\":\"https:\\\/\\\/tv.joycemeyer.org\\\/portuguese\\\/#website\"},\"primaryImageOfPage\":{\"@id\":\"https:\\\/\\\/tv.joycemeyer.org\\\/portuguese\\\/devotional\\\/sem-pressao\\\/#primaryimage\"},\"image\":{\"@id\":\"https:\\\/\\\/tv.joycemeyer.org\\\/portuguese\\\/devotional\\\/sem-pressao\\\/#primaryimage\"},\"thumbnailUrl\":\"https:\\\/\\\/tv.joycemeyer.org\\\/portuguese\\\/wp-content\\\/uploads\\\/sites\\\/35\\\/2021\\\/10\\\/1906.jpg\",\"datePublished\":\"2025-10-24T00:01:34+00:00\",\"description\":\"JOYCE MEYER DESFRUTANDO A VIDA DI\u00c1RIA - DEVOCIONAL\",\"breadcrumb\":{\"@id\":\"https:\\\/\\\/tv.joycemeyer.org\\\/portuguese\\\/devotional\\\/sem-pressao\\\/#breadcrumb\"},\"inLanguage\":\"pt-BR\",\"potentialAction\":[{\"@type\":\"ReadAction\",\"target\":[\"https:\\\/\\\/tv.joycemeyer.org\\\/portuguese\\\/devotional\\\/sem-pressao\\\/\"]}]},{\"@type\":\"ImageObject\",\"inLanguage\":\"pt-BR\",\"@id\":\"https:\\\/\\\/tv.joycemeyer.org\\\/portuguese\\\/devotional\\\/sem-pressao\\\/#primaryimage\",\"url\":\"https:\\\/\\\/tv.joycemeyer.org\\\/portuguese\\\/wp-content\\\/uploads\\\/sites\\\/35\\\/2021\\\/10\\\/1906.jpg\",\"contentUrl\":\"https:\\\/\\\/tv.joycemeyer.org\\\/portuguese\\\/wp-content\\\/uploads\\\/sites\\\/35\\\/2021\\\/10\\\/1906.jpg\",\"width\":960,\"height\":560,\"caption\":\"Sem Press\u00e3o\"},{\"@type\":\"BreadcrumbList\",\"@id\":\"https:\\\/\\\/tv.joycemeyer.org\\\/portuguese\\\/devotional\\\/sem-pressao\\\/#breadcrumb\",\"itemListElement\":[{\"@type\":\"ListItem\",\"position\":1,\"name\":\"Home\",\"item\":\"https:\\\/\\\/tv.joycemeyer.org\\\/portuguese\\\/\"},{\"@type\":\"ListItem\",\"position\":2,\"name\":\"Devotional\",\"item\":\"https:\\\/\\\/tv.joycemeyer.org\\\/portuguese\\\/devotional\\\/\"},{\"@type\":\"ListItem\",\"position\":3,\"name\":\"Sem Press\u00e3o\"}]},{\"@type\":\"WebSite\",\"@id\":\"https:\\\/\\\/tv.joycemeyer.org\\\/portuguese\\\/#website\",\"url\":\"https:\\\/\\\/tv.joycemeyer.org\\\/portuguese\\\/\",\"name\":\"Joyce Meyer Ministries - Portuguese\",\"description\":\"COMPARTILHANDO CRISTO - AMANDO PESSOAS\",\"potentialAction\":[{\"@type\":\"SearchAction\",\"target\":{\"@type\":\"EntryPoint\",\"urlTemplate\":\"https:\\\/\\\/tv.joycemeyer.org\\\/portuguese\\\/?s={search_term_string}\"},\"query-input\":{\"@type\":\"PropertyValueSpecification\",\"valueRequired\":true,\"valueName\":\"search_term_string\"}}],\"inLanguage\":\"pt-BR\"}]}<\/script>\n<!-- \/ Yoast SEO plugin. -->","yoast_head_json":{"title":"Sem Press\u00e3o - Joyce Meyer Ministries - Portuguese","description":"JOYCE MEYER DESFRUTANDO A VIDA DI\u00c1RIA - DEVOCIONAL","robots":{"index":"index","follow":"follow","max-snippet":"max-snippet:-1","max-image-preview":"max-image-preview:large","max-video-preview":"max-video-preview:-1"},"canonical":"https:\/\/tv.joycemeyer.org\/portuguese\/devotional\/sem-pressao\/","og_locale":"pt_BR","og_type":"article","og_title":"Sem Press\u00e3o - Joyce Meyer Ministries - Portuguese","og_description":"JOYCE MEYER DESFRUTANDO A VIDA DI\u00c1RIA - DEVOCIONAL","og_url":"https:\/\/tv.joycemeyer.org\/portuguese\/devotional\/sem-pressao\/","og_site_name":"Joyce Meyer Ministries - Portuguese","article_publisher":"https:\/\/www.facebook.com\/joycemeyerministriesportugues","og_image":[{"width":960,"height":560,"url":"https:\/\/tv.joycemeyer.org\/portuguese\/wp-content\/uploads\/sites\/35\/2021\/10\/1906.jpg","type":"image\/jpeg"}],"twitter_card":"summary_large_image","twitter_misc":{"Est. tempo de leitura":"2 minutos"},"schema":{"@context":"https:\/\/schema.org","@graph":[{"@type":"WebPage","@id":"https:\/\/tv.joycemeyer.org\/portuguese\/devotional\/sem-pressao\/","url":"https:\/\/tv.joycemeyer.org\/portuguese\/devotional\/sem-pressao\/","name":"Sem Press\u00e3o - Joyce Meyer Ministries - Portuguese","isPartOf":{"@id":"https:\/\/tv.joycemeyer.org\/portuguese\/#website"},"primaryImageOfPage":{"@id":"https:\/\/tv.joycemeyer.org\/portuguese\/devotional\/sem-pressao\/#primaryimage"},"image":{"@id":"https:\/\/tv.joycemeyer.org\/portuguese\/devotional\/sem-pressao\/#primaryimage"},"thumbnailUrl":"https:\/\/tv.joycemeyer.org\/portuguese\/wp-content\/uploads\/sites\/35\/2021\/10\/1906.jpg","datePublished":"2025-10-24T00:01:34+00:00","description":"JOYCE MEYER DESFRUTANDO A VIDA DI\u00c1RIA - DEVOCIONAL","breadcrumb":{"@id":"https:\/\/tv.joycemeyer.org\/portuguese\/devotional\/sem-pressao\/#breadcrumb"},"inLanguage":"pt-BR","potentialAction":[{"@type":"ReadAction","target":["https:\/\/tv.joycemeyer.org\/portuguese\/devotional\/sem-pressao\/"]}]},{"@type":"ImageObject","inLanguage":"pt-BR","@id":"https:\/\/tv.joycemeyer.org\/portuguese\/devotional\/sem-pressao\/#primaryimage","url":"https:\/\/tv.joycemeyer.org\/portuguese\/wp-content\/uploads\/sites\/35\/2021\/10\/1906.jpg","contentUrl":"https:\/\/tv.joycemeyer.org\/portuguese\/wp-content\/uploads\/sites\/35\/2021\/10\/1906.jpg","width":960,"height":560,"caption":"Sem Press\u00e3o"},{"@type":"BreadcrumbList","@id":"https:\/\/tv.joycemeyer.org\/portuguese\/devotional\/sem-pressao\/#breadcrumb","itemListElement":[{"@type":"ListItem","position":1,"name":"Home","item":"https:\/\/tv.joycemeyer.org\/portuguese\/"},{"@type":"ListItem","position":2,"name":"Devotional","item":"https:\/\/tv.joycemeyer.org\/portuguese\/devotional\/"},{"@type":"ListItem","position":3,"name":"Sem Press\u00e3o"}]},{"@type":"WebSite","@id":"https:\/\/tv.joycemeyer.org\/portuguese\/#website","url":"https:\/\/tv.joycemeyer.org\/portuguese\/","name":"Joyce Meyer Ministries - Portuguese","description":"COMPARTILHANDO CRISTO - AMANDO PESSOAS","potentialAction":[{"@type":"SearchAction","target":{"@type":"EntryPoint","urlTemplate":"https:\/\/tv.joycemeyer.org\/portuguese\/?s={search_term_string}"},"query-input":{"@type":"PropertyValueSpecification","valueRequired":true,"valueName":"search_term_string"}}],"inLanguage":"pt-BR"}]}},"featured_image_urls":{"medium":"https:\/\/tv.joycemeyer.org\/portuguese\/wp-content\/uploads\/sites\/35\/2021\/10\/1906-300x175.jpg","thumbnail":"https:\/\/tv.joycemeyer.org\/portuguese\/wp-content\/uploads\/sites\/35\/2021\/10\/1906-150x150.jpg","medium_large":"https:\/\/tv.joycemeyer.org\/portuguese\/wp-content\/uploads\/sites\/35\/2021\/10\/1906-768x448.jpg","listing":"https:\/\/tv.joycemeyer.org\/portuguese\/wp-content\/uploads\/sites\/35\/2021\/10\/1906-640x360.jpg","feature":"https:\/\/tv.joycemeyer.org\/portuguese\/wp-content\/uploads\/sites\/35\/2021\/10\/1906-960x540.jpg","ebook":"https:\/\/tv.joycemeyer.org\/portuguese\/wp-content\/uploads\/sites\/35\/2021\/10\/1906-300x435.jpg","header":"https:\/\/tv.joycemeyer.org\/portuguese\/wp-content\/uploads\/sites\/35\/2021\/10\/1906-960x340.jpg","rpwe-thumbnail":"https:\/\/tv.joycemeyer.org\/portuguese\/wp-content\/uploads\/sites\/35\/2021\/10\/1906-45x45.jpg"},"appp_media":null,"_links":{"self":[{"href":"https:\/\/tv.joycemeyer.org\/portuguese\/wp-json\/wp\/v2\/devotional\/4200","targetHints":{"allow":["GET"]}}],"collection":[{"href":"https:\/\/tv.joycemeyer.org\/portuguese\/wp-json\/wp\/v2\/devotional"}],"about":[{"href":"https:\/\/tv.joycemeyer.org\/portuguese\/wp-json\/wp\/v2\/types\/devotional"}],"author":[{"embeddable":true,"href":"https:\/\/tv.joycemeyer.org\/portuguese\/wp-json\/wp\/v2\/users\/19"}],"replies":[{"embeddable":true,"href":"https:\/\/tv.joycemeyer.org\/portuguese\/wp-json\/wp\/v2\/comments?post=4200"}],"wp:featuredmedia":[{"embeddable":true,"href":"https:\/\/tv.joycemeyer.org\/portuguese\/wp-json\/wp\/v2\/media\/4201"}],"wp:attachment":[{"href":"https:\/\/tv.joycemeyer.org\/portuguese\/wp-json\/wp\/v2\/media?parent=4200"}],"curies":[{"name":"wp","href":"https:\/\/api.w.org\/{rel}","templated":true}]}}