{"id":4574,"date":"2025-02-05T00:01:44","date_gmt":"2025-02-05T00:01:44","guid":{"rendered":"https:\/\/tv.joycemeyer.org\/portuguese\/?post_type=devotional&#038;p=4574"},"modified":"2025-02-05T13:19:31","modified_gmt":"2025-02-05T13:19:31","slug":"voce-e-amado","status":"publish","type":"devotional","link":"https:\/\/tv.joycemeyer.org\/portuguese\/devotional\/voce-e-amado\/","title":{"rendered":"Voc\u00ea \u00e9 Amado"},"content":{"rendered":"<blockquote><p>\u201cE n\u00f3s conhecemos e cremos no amor que Deus tem por n\u00f3s. Deus \u00e9 amor, e aquele que permanece no amor permanece em Deus, e Deus, nele.\u201d \u20141 Jo\u00e3o 4:16<\/p><\/blockquote>\n<p>Fomos criados por Deus para amar. Amar e ser amado \u00e9 o que faz a vida valer a pena ser vivida. \u00c9 o que d\u00e1 \u00e0 vida prop\u00f3sito e significado. Mas se permitimos que o pecado, a falta de perd\u00e3o e o passado nos separem do amor de Deus, isso ir\u00e1 nos deixar famintos de amor e infelizes.<\/p>\n<p>Muitas pessoas n\u00e3o conseguem manter relacionamentos saud\u00e1veis e duradouros porque ou elas n\u00e3o sabem como receber amor, ou elas colocam uma condi\u00e7\u00e3o desequilibrada sobre os outros, exigindo que lhes deem o que somente Deus pode dar. A frustra\u00e7\u00e3o que resulta disso muitas vezes pode levar \u00e0 ru\u00edna dos casamentos e ao sufocamento das amizades.<\/p>\n<p>A B\u00edblia ensina que Deus ama perfeitamente \u2014 ou seja, incondicionalmente. Seu amor perfeito por n\u00f3s n\u00e3o se baseia na nossa perfei\u00e7\u00e3o. Deus nos ama porque Ele quer! Deus \u00e9 amor (ver 1 Jo\u00e3o 4:8). O amor \u00e9 a ess\u00eancia de quem Deus \u00e9. Deus sempre ama; tudo que voc\u00ea precisa fazer \u00e9 receber esse amor e viver com confian\u00e7a a cada dia, sabendo que Seu amor d\u00e1 prop\u00f3sito e significado \u00e0 vida.<\/p>\n<hr \/>\n<p>Uma revela\u00e7\u00e3o do perfeito amor de Deus por voc\u00ea pode mudar sua vida e sua caminhada com Ele.<\/p>\n","protected":false},"excerpt":{"rendered":"<p>Fomos criados por Deus para amar. Amar e ser amado \u00e9 o que faz a vida valer a pena ser vivida&#8230;<\/p>\n","protected":false},"author":19,"featured_media":4575,"parent":0,"menu_order":0,"comment_status":"closed","ping_status":"closed","template":"","class_list":["post-4574","devotional","type-devotional","status-publish","has-post-thumbnail","hentry"],"acf":[],"appp":{"post_detail":{"above_title":"<div class=\"post-featured-wrap\"><img width=\"1024\" height=\"597\" src=\"https:\/\/tv.joycemeyer.org\/portuguese\/wp-content\/uploads\/sites\/35\/2022\/01\/2143-1024x597.jpg\" class=\"post-featured wp-post-image\" alt=\"\" decoding=\"async\" srcset=\"https:\/\/tv.joycemeyer.org\/portuguese\/wp-content\/uploads\/sites\/35\/2022\/01\/2143-1024x597.jpg 1024w, https:\/\/tv.joycemeyer.org\/portuguese\/wp-content\/uploads\/sites\/35\/2022\/01\/2143-300x175.jpg 300w, https:\/\/tv.joycemeyer.org\/portuguese\/wp-content\/uploads\/sites\/35\/2022\/01\/2143-768x448.jpg 768w, https:\/\/tv.joycemeyer.org\/portuguese\/wp-content\/uploads\/sites\/35\/2022\/01\/2143-1536x896.jpg 1536w, https:\/\/tv.joycemeyer.org\/portuguese\/wp-content\/uploads\/sites\/35\/2022\/01\/2143.jpg 1800w\" sizes=\"(max-width: 1024px) 100vw, 1024px\" \/><\/div>","below_content":"<div class=\"follow\"><h6 class=\"alt\">Conecte-se conosco  <\/h6><ul class=\"nav nav--social nav--flex\"><li class=\"menu-item facebook\"><a href=\"https:\/\/www.facebook.com\/joycemeyerministriesportugues\" target=\"_blank\"><span class=\"visuallyhidden\">Facebook<\/span><\/a><\/li><li class=\"menu-item instagram\"><a href=\"https:\/\/www.instagram.com\/joycemeyerportugues\/\" target=\"_blank\"><span class=\"visuallyhidden\">Instagram<\/span><\/a><\/li><li class=\"menu-item youtube\"><a href=\"https:\/\/www.youtube.com\/channel\/UCf7cat4JZLB1uC_0zpvmkSg\" target=\"_blank\"><span class=\"visuallyhidden\">YouTube<\/span><\/a><\/li><\/ul><\/div>"}},"yoast_head":"<!-- This site is optimized with the Yoast SEO plugin v27.4 - https:\/\/yoast.com\/product\/yoast-seo-wordpress\/ -->\n<title>Voc\u00ea \u00e9 Amado - Joyce Meyer Ministries - Portuguese<\/title>\n<meta name=\"description\" content=\"JOYCE MEYER DESFRUTANDO A VIDA DI\u00c1RIA - DEVOCIONAL\" \/>\n<meta name=\"robots\" content=\"index, follow, max-snippet:-1, max-image-preview:large, max-video-preview:-1\" \/>\n<link rel=\"canonical\" href=\"https:\/\/tv.joycemeyer.org\/portuguese\/devotional\/voce-e-amado\/\" \/>\n<meta property=\"og:locale\" content=\"pt_BR\" \/>\n<meta property=\"og:type\" content=\"article\" \/>\n<meta property=\"og:title\" content=\"Voc\u00ea \u00e9 Amado - Joyce Meyer Ministries - Portuguese\" \/>\n<meta property=\"og:description\" content=\"JOYCE MEYER DESFRUTANDO A VIDA DI\u00c1RIA - DEVOCIONAL\" \/>\n<meta property=\"og:url\" content=\"https:\/\/tv.joycemeyer.org\/portuguese\/devotional\/voce-e-amado\/\" \/>\n<meta property=\"og:site_name\" content=\"Joyce Meyer Ministries - Portuguese\" \/>\n<meta property=\"article:publisher\" content=\"https:\/\/www.facebook.com\/joycemeyerministriesportugues\" \/>\n<meta property=\"article:modified_time\" content=\"2025-02-05T13:19:31+00:00\" \/>\n<meta property=\"og:image\" content=\"https:\/\/tv.joycemeyer.org\/portuguese\/wp-content\/uploads\/sites\/35\/2022\/01\/2143.jpg\" \/>\n\t<meta property=\"og:image:width\" content=\"1800\" \/>\n\t<meta property=\"og:image:height\" content=\"1050\" \/>\n\t<meta property=\"og:image:type\" content=\"image\/jpeg\" \/>\n<meta name=\"twitter:card\" content=\"summary_large_image\" \/>\n<meta name=\"twitter:label1\" content=\"Est. tempo de leitura\" \/>\n\t<meta name=\"twitter:data1\" content=\"1 minuto\" \/>\n<script type=\"application\/ld+json\" class=\"yoast-schema-graph\">{\"@context\":\"https:\\\/\\\/schema.org\",\"@graph\":[{\"@type\":\"WebPage\",\"@id\":\"https:\\\/\\\/tv.joycemeyer.org\\\/portuguese\\\/devotional\\\/voce-e-amado\\\/\",\"url\":\"https:\\\/\\\/tv.joycemeyer.org\\\/portuguese\\\/devotional\\\/voce-e-amado\\\/\",\"name\":\"Voc\u00ea \u00e9 Amado - Joyce Meyer Ministries - Portuguese\",\"isPartOf\":{\"@id\":\"https:\\\/\\\/tv.joycemeyer.org\\\/portuguese\\\/#website\"},\"primaryImageOfPage\":{\"@id\":\"https:\\\/\\\/tv.joycemeyer.org\\\/portuguese\\\/devotional\\\/voce-e-amado\\\/#primaryimage\"},\"image\":{\"@id\":\"https:\\\/\\\/tv.joycemeyer.org\\\/portuguese\\\/devotional\\\/voce-e-amado\\\/#primaryimage\"},\"thumbnailUrl\":\"https:\\\/\\\/tv.joycemeyer.org\\\/portuguese\\\/wp-content\\\/uploads\\\/sites\\\/35\\\/2022\\\/01\\\/2143.jpg\",\"datePublished\":\"2025-02-05T00:01:44+00:00\",\"dateModified\":\"2025-02-05T13:19:31+00:00\",\"description\":\"JOYCE MEYER DESFRUTANDO A VIDA DI\u00c1RIA - DEVOCIONAL\",\"breadcrumb\":{\"@id\":\"https:\\\/\\\/tv.joycemeyer.org\\\/portuguese\\\/devotional\\\/voce-e-amado\\\/#breadcrumb\"},\"inLanguage\":\"pt-BR\",\"potentialAction\":[{\"@type\":\"ReadAction\",\"target\":[\"https:\\\/\\\/tv.joycemeyer.org\\\/portuguese\\\/devotional\\\/voce-e-amado\\\/\"]}]},{\"@type\":\"ImageObject\",\"inLanguage\":\"pt-BR\",\"@id\":\"https:\\\/\\\/tv.joycemeyer.org\\\/portuguese\\\/devotional\\\/voce-e-amado\\\/#primaryimage\",\"url\":\"https:\\\/\\\/tv.joycemeyer.org\\\/portuguese\\\/wp-content\\\/uploads\\\/sites\\\/35\\\/2022\\\/01\\\/2143.jpg\",\"contentUrl\":\"https:\\\/\\\/tv.joycemeyer.org\\\/portuguese\\\/wp-content\\\/uploads\\\/sites\\\/35\\\/2022\\\/01\\\/2143.jpg\",\"width\":1800,\"height\":1050,\"caption\":\"Voc\u00ea \u00e9 Amado\"},{\"@type\":\"BreadcrumbList\",\"@id\":\"https:\\\/\\\/tv.joycemeyer.org\\\/portuguese\\\/devotional\\\/voce-e-amado\\\/#breadcrumb\",\"itemListElement\":[{\"@type\":\"ListItem\",\"position\":1,\"name\":\"Home\",\"item\":\"https:\\\/\\\/tv.joycemeyer.org\\\/portuguese\\\/\"},{\"@type\":\"ListItem\",\"position\":2,\"name\":\"Devotional\",\"item\":\"https:\\\/\\\/tv.joycemeyer.org\\\/portuguese\\\/devotional\\\/\"},{\"@type\":\"ListItem\",\"position\":3,\"name\":\"Voc\u00ea \u00e9 Amado\"}]},{\"@type\":\"WebSite\",\"@id\":\"https:\\\/\\\/tv.joycemeyer.org\\\/portuguese\\\/#website\",\"url\":\"https:\\\/\\\/tv.joycemeyer.org\\\/portuguese\\\/\",\"name\":\"Joyce Meyer Ministries - Portuguese\",\"description\":\"COMPARTILHANDO CRISTO - AMANDO PESSOAS\",\"potentialAction\":[{\"@type\":\"SearchAction\",\"target\":{\"@type\":\"EntryPoint\",\"urlTemplate\":\"https:\\\/\\\/tv.joycemeyer.org\\\/portuguese\\\/?s={search_term_string}\"},\"query-input\":{\"@type\":\"PropertyValueSpecification\",\"valueRequired\":true,\"valueName\":\"search_term_string\"}}],\"inLanguage\":\"pt-BR\"}]}<\/script>\n<!-- \/ Yoast SEO plugin. -->","yoast_head_json":{"title":"Voc\u00ea \u00e9 Amado - Joyce Meyer Ministries - Portuguese","description":"JOYCE MEYER DESFRUTANDO A VIDA DI\u00c1RIA - DEVOCIONAL","robots":{"index":"index","follow":"follow","max-snippet":"max-snippet:-1","max-image-preview":"max-image-preview:large","max-video-preview":"max-video-preview:-1"},"canonical":"https:\/\/tv.joycemeyer.org\/portuguese\/devotional\/voce-e-amado\/","og_locale":"pt_BR","og_type":"article","og_title":"Voc\u00ea \u00e9 Amado - Joyce Meyer Ministries - Portuguese","og_description":"JOYCE MEYER DESFRUTANDO A VIDA DI\u00c1RIA - DEVOCIONAL","og_url":"https:\/\/tv.joycemeyer.org\/portuguese\/devotional\/voce-e-amado\/","og_site_name":"Joyce Meyer Ministries - Portuguese","article_publisher":"https:\/\/www.facebook.com\/joycemeyerministriesportugues","article_modified_time":"2025-02-05T13:19:31+00:00","og_image":[{"width":1800,"height":1050,"url":"https:\/\/tv.joycemeyer.org\/portuguese\/wp-content\/uploads\/sites\/35\/2022\/01\/2143.jpg","type":"image\/jpeg"}],"twitter_card":"summary_large_image","twitter_misc":{"Est. tempo de leitura":"1 minuto"},"schema":{"@context":"https:\/\/schema.org","@graph":[{"@type":"WebPage","@id":"https:\/\/tv.joycemeyer.org\/portuguese\/devotional\/voce-e-amado\/","url":"https:\/\/tv.joycemeyer.org\/portuguese\/devotional\/voce-e-amado\/","name":"Voc\u00ea \u00e9 Amado - Joyce Meyer Ministries - Portuguese","isPartOf":{"@id":"https:\/\/tv.joycemeyer.org\/portuguese\/#website"},"primaryImageOfPage":{"@id":"https:\/\/tv.joycemeyer.org\/portuguese\/devotional\/voce-e-amado\/#primaryimage"},"image":{"@id":"https:\/\/tv.joycemeyer.org\/portuguese\/devotional\/voce-e-amado\/#primaryimage"},"thumbnailUrl":"https:\/\/tv.joycemeyer.org\/portuguese\/wp-content\/uploads\/sites\/35\/2022\/01\/2143.jpg","datePublished":"2025-02-05T00:01:44+00:00","dateModified":"2025-02-05T13:19:31+00:00","description":"JOYCE MEYER DESFRUTANDO A VIDA DI\u00c1RIA - DEVOCIONAL","breadcrumb":{"@id":"https:\/\/tv.joycemeyer.org\/portuguese\/devotional\/voce-e-amado\/#breadcrumb"},"inLanguage":"pt-BR","potentialAction":[{"@type":"ReadAction","target":["https:\/\/tv.joycemeyer.org\/portuguese\/devotional\/voce-e-amado\/"]}]},{"@type":"ImageObject","inLanguage":"pt-BR","@id":"https:\/\/tv.joycemeyer.org\/portuguese\/devotional\/voce-e-amado\/#primaryimage","url":"https:\/\/tv.joycemeyer.org\/portuguese\/wp-content\/uploads\/sites\/35\/2022\/01\/2143.jpg","contentUrl":"https:\/\/tv.joycemeyer.org\/portuguese\/wp-content\/uploads\/sites\/35\/2022\/01\/2143.jpg","width":1800,"height":1050,"caption":"Voc\u00ea \u00e9 Amado"},{"@type":"BreadcrumbList","@id":"https:\/\/tv.joycemeyer.org\/portuguese\/devotional\/voce-e-amado\/#breadcrumb","itemListElement":[{"@type":"ListItem","position":1,"name":"Home","item":"https:\/\/tv.joycemeyer.org\/portuguese\/"},{"@type":"ListItem","position":2,"name":"Devotional","item":"https:\/\/tv.joycemeyer.org\/portuguese\/devotional\/"},{"@type":"ListItem","position":3,"name":"Voc\u00ea \u00e9 Amado"}]},{"@type":"WebSite","@id":"https:\/\/tv.joycemeyer.org\/portuguese\/#website","url":"https:\/\/tv.joycemeyer.org\/portuguese\/","name":"Joyce Meyer Ministries - Portuguese","description":"COMPARTILHANDO CRISTO - AMANDO PESSOAS","potentialAction":[{"@type":"SearchAction","target":{"@type":"EntryPoint","urlTemplate":"https:\/\/tv.joycemeyer.org\/portuguese\/?s={search_term_string}"},"query-input":{"@type":"PropertyValueSpecification","valueRequired":true,"valueName":"search_term_string"}}],"inLanguage":"pt-BR"}]}},"featured_image_urls":{"medium":"https:\/\/tv.joycemeyer.org\/portuguese\/wp-content\/uploads\/sites\/35\/2022\/01\/2143-300x175.jpg","large":"https:\/\/tv.joycemeyer.org\/portuguese\/wp-content\/uploads\/sites\/35\/2022\/01\/2143-1024x597.jpg","thumbnail":"https:\/\/tv.joycemeyer.org\/portuguese\/wp-content\/uploads\/sites\/35\/2022\/01\/2143-150x150.jpg","medium_large":"https:\/\/tv.joycemeyer.org\/portuguese\/wp-content\/uploads\/sites\/35\/2022\/01\/2143-768x448.jpg","1536x1536":"https:\/\/tv.joycemeyer.org\/portuguese\/wp-content\/uploads\/sites\/35\/2022\/01\/2143-1536x896.jpg","listing":"https:\/\/tv.joycemeyer.org\/portuguese\/wp-content\/uploads\/sites\/35\/2022\/01\/2143-640x360.jpg","feature":"https:\/\/tv.joycemeyer.org\/portuguese\/wp-content\/uploads\/sites\/35\/2022\/01\/2143-960x540.jpg","ebook":"https:\/\/tv.joycemeyer.org\/portuguese\/wp-content\/uploads\/sites\/35\/2022\/01\/2143-300x435.jpg","header":"https:\/\/tv.joycemeyer.org\/portuguese\/wp-content\/uploads\/sites\/35\/2022\/01\/2143-1600x340.jpg","rpwe-thumbnail":"https:\/\/tv.joycemeyer.org\/portuguese\/wp-content\/uploads\/sites\/35\/2022\/01\/2143-45x45.jpg"},"appp_media":null,"_links":{"self":[{"href":"https:\/\/tv.joycemeyer.org\/portuguese\/wp-json\/wp\/v2\/devotional\/4574","targetHints":{"allow":["GET"]}}],"collection":[{"href":"https:\/\/tv.joycemeyer.org\/portuguese\/wp-json\/wp\/v2\/devotional"}],"about":[{"href":"https:\/\/tv.joycemeyer.org\/portuguese\/wp-json\/wp\/v2\/types\/devotional"}],"author":[{"embeddable":true,"href":"https:\/\/tv.joycemeyer.org\/portuguese\/wp-json\/wp\/v2\/users\/19"}],"replies":[{"embeddable":true,"href":"https:\/\/tv.joycemeyer.org\/portuguese\/wp-json\/wp\/v2\/comments?post=4574"}],"wp:featuredmedia":[{"embeddable":true,"href":"https:\/\/tv.joycemeyer.org\/portuguese\/wp-json\/wp\/v2\/media\/4575"}],"wp:attachment":[{"href":"https:\/\/tv.joycemeyer.org\/portuguese\/wp-json\/wp\/v2\/media?parent=4574"}],"curies":[{"name":"wp","href":"https:\/\/api.w.org\/{rel}","templated":true}]}}