{"id":475,"date":"2018-01-16T00:04:14","date_gmt":"2018-01-16T00:04:14","guid":{"rendered":"https:\/\/tv.joycemeyer.org\/portuguese\/?post_type=devotional&#038;p=475"},"modified":"2018-01-11T19:49:50","modified_gmt":"2018-01-11T19:49:50","slug":"oracao-de-consagracao-e-dedicacao","status":"publish","type":"devotional","link":"https:\/\/tv.joycemeyer.org\/portuguese\/devotional\/oracao-de-consagracao-e-dedicacao\/","title":{"rendered":"Ora\u00e7\u00e3o de consagra\u00e7\u00e3o e dedica\u00e7\u00e3o"},"content":{"rendered":"<p>Rogo-vos, pois, irm\u00e3os, pelas miseric\u00f3rdias de Deus, que apresenteis o vosso corpo [apresentando todos os membros e faculdades] por sacrif\u00edcio vivo, santo (devotado, consagrado) e agrad\u00e1vel a Deus, que \u00e9 o vosso culto racional. <strong>Romanos 12.1<\/strong><\/p>\n<p>Quando oferecemos algo a Deus em ora\u00e7\u00e3o, isto \u00e9, uma ora\u00e7\u00e3o de consagra\u00e7\u00e3o ou dedica\u00e7\u00e3o, basicamente estamos dizendo: \u201cSenhor, eu te dou meu dinheiro, meu tempo e minha mente\u201d \u2013 o que quer que seja.<\/p>\n<h6>O conte\u00fado deste plano de leitura \u00e9 retirado do livro \u201cConversa Franca sobre medo\u201d, escrito por Joyce Meyer e publicado por\u00a0<a href=\"http:\/\/www.belloshopping.com\/joyce-meyer.html\">Bello Publica\u00e7\u00f5es<\/a>. Todos os direitos reservados. Todo o livro est\u00e1 dispon\u00edvel\u00a0<a href=\"https:\/\/tv.joycemeyer.org\/portuguese\/ebooks\/conversa-franca-sobre-medo\/\">aqui<\/a>.<\/h6>\n","protected":false},"excerpt":{"rendered":"<p>Quando oferecemos algo a Deus em ora\u00e7\u00e3o, isto \u00e9,&#8230;<\/p>\n","protected":false},"author":4,"featured_media":476,"parent":0,"menu_order":0,"comment_status":"closed","ping_status":"closed","template":"","class_list":["post-475","devotional","type-devotional","status-publish","has-post-thumbnail","hentry"],"acf":[],"appp":{"post_detail":{"above_title":"<div class=\"post-featured-wrap\"><img width=\"980\" height=\"644\" src=\"https:\/\/tv.joycemeyer.org\/portuguese\/wp-content\/uploads\/sites\/35\/2018\/01\/I1201.jpg\" class=\"post-featured wp-post-image\" alt=\"Ora\u00e7\u00e3o de consagra\u00e7\u00e3o e dedica\u00e7\u00e3o\" decoding=\"async\" srcset=\"https:\/\/tv.joycemeyer.org\/portuguese\/wp-content\/uploads\/sites\/35\/2018\/01\/I1201.jpg 980w, https:\/\/tv.joycemeyer.org\/portuguese\/wp-content\/uploads\/sites\/35\/2018\/01\/I1201-300x197.jpg 300w, https:\/\/tv.joycemeyer.org\/portuguese\/wp-content\/uploads\/sites\/35\/2018\/01\/I1201-768x505.jpg 768w\" sizes=\"(max-width: 980px) 100vw, 980px\" \/><\/div>","below_content":""}},"yoast_head":"<!-- This site is optimized with the Yoast SEO plugin v27.4 - https:\/\/yoast.com\/product\/yoast-seo-wordpress\/ -->\n<title>Ora\u00e7\u00e3o de consagra\u00e7\u00e3o e dedica\u00e7\u00e3o - Joyce Meyer Ministries - Portuguese<\/title>\n<meta name=\"description\" content=\"JOYCE MEYER DESFRUTANDO A VIDA DI\u00c1RIA - DEVOCIONAL\" \/>\n<meta name=\"robots\" content=\"index, follow, max-snippet:-1, max-image-preview:large, max-video-preview:-1\" \/>\n<link rel=\"canonical\" href=\"https:\/\/tv.joycemeyer.org\/portuguese\/devotional\/oracao-de-consagracao-e-dedicacao\/\" \/>\n<meta property=\"og:locale\" content=\"pt_BR\" \/>\n<meta property=\"og:type\" content=\"article\" \/>\n<meta property=\"og:title\" content=\"Ora\u00e7\u00e3o de consagra\u00e7\u00e3o e dedica\u00e7\u00e3o - Joyce Meyer Ministries - Portuguese\" \/>\n<meta property=\"og:description\" content=\"JOYCE MEYER DESFRUTANDO A VIDA DI\u00c1RIA - DEVOCIONAL\" \/>\n<meta property=\"og:url\" content=\"https:\/\/tv.joycemeyer.org\/portuguese\/devotional\/oracao-de-consagracao-e-dedicacao\/\" \/>\n<meta property=\"og:site_name\" content=\"Joyce Meyer Ministries - Portuguese\" \/>\n<meta property=\"article:publisher\" content=\"https:\/\/www.facebook.com\/joycemeyerministriesportugues\" \/>\n<meta property=\"og:image\" content=\"https:\/\/tv.joycemeyer.org\/portuguese\/wp-content\/uploads\/sites\/35\/2018\/01\/I1201.jpg\" \/>\n\t<meta property=\"og:image:width\" content=\"980\" \/>\n\t<meta property=\"og:image:height\" content=\"644\" \/>\n\t<meta property=\"og:image:type\" content=\"image\/jpeg\" \/>\n<meta name=\"twitter:card\" content=\"summary_large_image\" \/>\n<meta name=\"twitter:label1\" content=\"Est. tempo de leitura\" \/>\n\t<meta name=\"twitter:data1\" content=\"1 minuto\" \/>\n<script type=\"application\/ld+json\" class=\"yoast-schema-graph\">{\"@context\":\"https:\\\/\\\/schema.org\",\"@graph\":[{\"@type\":\"WebPage\",\"@id\":\"https:\\\/\\\/tv.joycemeyer.org\\\/portuguese\\\/devotional\\\/oracao-de-consagracao-e-dedicacao\\\/\",\"url\":\"https:\\\/\\\/tv.joycemeyer.org\\\/portuguese\\\/devotional\\\/oracao-de-consagracao-e-dedicacao\\\/\",\"name\":\"Ora\u00e7\u00e3o de consagra\u00e7\u00e3o e dedica\u00e7\u00e3o - Joyce Meyer Ministries - Portuguese\",\"isPartOf\":{\"@id\":\"https:\\\/\\\/tv.joycemeyer.org\\\/portuguese\\\/#website\"},\"primaryImageOfPage\":{\"@id\":\"https:\\\/\\\/tv.joycemeyer.org\\\/portuguese\\\/devotional\\\/oracao-de-consagracao-e-dedicacao\\\/#primaryimage\"},\"image\":{\"@id\":\"https:\\\/\\\/tv.joycemeyer.org\\\/portuguese\\\/devotional\\\/oracao-de-consagracao-e-dedicacao\\\/#primaryimage\"},\"thumbnailUrl\":\"https:\\\/\\\/tv.joycemeyer.org\\\/portuguese\\\/wp-content\\\/uploads\\\/sites\\\/35\\\/2018\\\/01\\\/I1201.jpg\",\"datePublished\":\"2018-01-16T00:04:14+00:00\",\"description\":\"JOYCE MEYER DESFRUTANDO A VIDA DI\u00c1RIA - DEVOCIONAL\",\"breadcrumb\":{\"@id\":\"https:\\\/\\\/tv.joycemeyer.org\\\/portuguese\\\/devotional\\\/oracao-de-consagracao-e-dedicacao\\\/#breadcrumb\"},\"inLanguage\":\"pt-BR\",\"potentialAction\":[{\"@type\":\"ReadAction\",\"target\":[\"https:\\\/\\\/tv.joycemeyer.org\\\/portuguese\\\/devotional\\\/oracao-de-consagracao-e-dedicacao\\\/\"]}]},{\"@type\":\"ImageObject\",\"inLanguage\":\"pt-BR\",\"@id\":\"https:\\\/\\\/tv.joycemeyer.org\\\/portuguese\\\/devotional\\\/oracao-de-consagracao-e-dedicacao\\\/#primaryimage\",\"url\":\"https:\\\/\\\/tv.joycemeyer.org\\\/portuguese\\\/wp-content\\\/uploads\\\/sites\\\/35\\\/2018\\\/01\\\/I1201.jpg\",\"contentUrl\":\"https:\\\/\\\/tv.joycemeyer.org\\\/portuguese\\\/wp-content\\\/uploads\\\/sites\\\/35\\\/2018\\\/01\\\/I1201.jpg\",\"width\":980,\"height\":644,\"caption\":\"Ora\u00e7\u00e3o de consagra\u00e7\u00e3o e dedica\u00e7\u00e3o\"},{\"@type\":\"BreadcrumbList\",\"@id\":\"https:\\\/\\\/tv.joycemeyer.org\\\/portuguese\\\/devotional\\\/oracao-de-consagracao-e-dedicacao\\\/#breadcrumb\",\"itemListElement\":[{\"@type\":\"ListItem\",\"position\":1,\"name\":\"Home\",\"item\":\"https:\\\/\\\/tv.joycemeyer.org\\\/portuguese\\\/\"},{\"@type\":\"ListItem\",\"position\":2,\"name\":\"Devotional\",\"item\":\"https:\\\/\\\/tv.joycemeyer.org\\\/portuguese\\\/devotional\\\/\"},{\"@type\":\"ListItem\",\"position\":3,\"name\":\"Ora\u00e7\u00e3o de consagra\u00e7\u00e3o e dedica\u00e7\u00e3o\"}]},{\"@type\":\"WebSite\",\"@id\":\"https:\\\/\\\/tv.joycemeyer.org\\\/portuguese\\\/#website\",\"url\":\"https:\\\/\\\/tv.joycemeyer.org\\\/portuguese\\\/\",\"name\":\"Joyce Meyer Ministries - Portuguese\",\"description\":\"COMPARTILHANDO CRISTO - AMANDO PESSOAS\",\"potentialAction\":[{\"@type\":\"SearchAction\",\"target\":{\"@type\":\"EntryPoint\",\"urlTemplate\":\"https:\\\/\\\/tv.joycemeyer.org\\\/portuguese\\\/?s={search_term_string}\"},\"query-input\":{\"@type\":\"PropertyValueSpecification\",\"valueRequired\":true,\"valueName\":\"search_term_string\"}}],\"inLanguage\":\"pt-BR\"}]}<\/script>\n<!-- \/ Yoast SEO plugin. -->","yoast_head_json":{"title":"Ora\u00e7\u00e3o de consagra\u00e7\u00e3o e dedica\u00e7\u00e3o - Joyce Meyer Ministries - Portuguese","description":"JOYCE MEYER DESFRUTANDO A VIDA DI\u00c1RIA - DEVOCIONAL","robots":{"index":"index","follow":"follow","max-snippet":"max-snippet:-1","max-image-preview":"max-image-preview:large","max-video-preview":"max-video-preview:-1"},"canonical":"https:\/\/tv.joycemeyer.org\/portuguese\/devotional\/oracao-de-consagracao-e-dedicacao\/","og_locale":"pt_BR","og_type":"article","og_title":"Ora\u00e7\u00e3o de consagra\u00e7\u00e3o e dedica\u00e7\u00e3o - Joyce Meyer Ministries - Portuguese","og_description":"JOYCE MEYER DESFRUTANDO A VIDA DI\u00c1RIA - DEVOCIONAL","og_url":"https:\/\/tv.joycemeyer.org\/portuguese\/devotional\/oracao-de-consagracao-e-dedicacao\/","og_site_name":"Joyce Meyer Ministries - Portuguese","article_publisher":"https:\/\/www.facebook.com\/joycemeyerministriesportugues","og_image":[{"width":980,"height":644,"url":"https:\/\/tv.joycemeyer.org\/portuguese\/wp-content\/uploads\/sites\/35\/2018\/01\/I1201.jpg","type":"image\/jpeg"}],"twitter_card":"summary_large_image","twitter_misc":{"Est. tempo de leitura":"1 minuto"},"schema":{"@context":"https:\/\/schema.org","@graph":[{"@type":"WebPage","@id":"https:\/\/tv.joycemeyer.org\/portuguese\/devotional\/oracao-de-consagracao-e-dedicacao\/","url":"https:\/\/tv.joycemeyer.org\/portuguese\/devotional\/oracao-de-consagracao-e-dedicacao\/","name":"Ora\u00e7\u00e3o de consagra\u00e7\u00e3o e dedica\u00e7\u00e3o - Joyce Meyer Ministries - Portuguese","isPartOf":{"@id":"https:\/\/tv.joycemeyer.org\/portuguese\/#website"},"primaryImageOfPage":{"@id":"https:\/\/tv.joycemeyer.org\/portuguese\/devotional\/oracao-de-consagracao-e-dedicacao\/#primaryimage"},"image":{"@id":"https:\/\/tv.joycemeyer.org\/portuguese\/devotional\/oracao-de-consagracao-e-dedicacao\/#primaryimage"},"thumbnailUrl":"https:\/\/tv.joycemeyer.org\/portuguese\/wp-content\/uploads\/sites\/35\/2018\/01\/I1201.jpg","datePublished":"2018-01-16T00:04:14+00:00","description":"JOYCE MEYER DESFRUTANDO A VIDA DI\u00c1RIA - DEVOCIONAL","breadcrumb":{"@id":"https:\/\/tv.joycemeyer.org\/portuguese\/devotional\/oracao-de-consagracao-e-dedicacao\/#breadcrumb"},"inLanguage":"pt-BR","potentialAction":[{"@type":"ReadAction","target":["https:\/\/tv.joycemeyer.org\/portuguese\/devotional\/oracao-de-consagracao-e-dedicacao\/"]}]},{"@type":"ImageObject","inLanguage":"pt-BR","@id":"https:\/\/tv.joycemeyer.org\/portuguese\/devotional\/oracao-de-consagracao-e-dedicacao\/#primaryimage","url":"https:\/\/tv.joycemeyer.org\/portuguese\/wp-content\/uploads\/sites\/35\/2018\/01\/I1201.jpg","contentUrl":"https:\/\/tv.joycemeyer.org\/portuguese\/wp-content\/uploads\/sites\/35\/2018\/01\/I1201.jpg","width":980,"height":644,"caption":"Ora\u00e7\u00e3o de consagra\u00e7\u00e3o e dedica\u00e7\u00e3o"},{"@type":"BreadcrumbList","@id":"https:\/\/tv.joycemeyer.org\/portuguese\/devotional\/oracao-de-consagracao-e-dedicacao\/#breadcrumb","itemListElement":[{"@type":"ListItem","position":1,"name":"Home","item":"https:\/\/tv.joycemeyer.org\/portuguese\/"},{"@type":"ListItem","position":2,"name":"Devotional","item":"https:\/\/tv.joycemeyer.org\/portuguese\/devotional\/"},{"@type":"ListItem","position":3,"name":"Ora\u00e7\u00e3o de consagra\u00e7\u00e3o e dedica\u00e7\u00e3o"}]},{"@type":"WebSite","@id":"https:\/\/tv.joycemeyer.org\/portuguese\/#website","url":"https:\/\/tv.joycemeyer.org\/portuguese\/","name":"Joyce Meyer Ministries - Portuguese","description":"COMPARTILHANDO CRISTO - AMANDO PESSOAS","potentialAction":[{"@type":"SearchAction","target":{"@type":"EntryPoint","urlTemplate":"https:\/\/tv.joycemeyer.org\/portuguese\/?s={search_term_string}"},"query-input":{"@type":"PropertyValueSpecification","valueRequired":true,"valueName":"search_term_string"}}],"inLanguage":"pt-BR"}]}},"featured_image_urls":{"thumbnail":"https:\/\/tv.joycemeyer.org\/portuguese\/wp-content\/uploads\/sites\/35\/2018\/01\/I1201-150x150.jpg","medium":"https:\/\/tv.joycemeyer.org\/portuguese\/wp-content\/uploads\/sites\/35\/2018\/01\/I1201-300x197.jpg","medium_large":"https:\/\/tv.joycemeyer.org\/portuguese\/wp-content\/uploads\/sites\/35\/2018\/01\/I1201-768x505.jpg","listing":"https:\/\/tv.joycemeyer.org\/portuguese\/wp-content\/uploads\/sites\/35\/2018\/01\/I1201-640x360.jpg","feature":"https:\/\/tv.joycemeyer.org\/portuguese\/wp-content\/uploads\/sites\/35\/2018\/01\/I1201-960x540.jpg","ebook":"https:\/\/tv.joycemeyer.org\/portuguese\/wp-content\/uploads\/sites\/35\/2018\/01\/I1201-300x435.jpg","header":"https:\/\/tv.joycemeyer.org\/portuguese\/wp-content\/uploads\/sites\/35\/2018\/01\/I1201-980x340.jpg","rpwe-thumbnail":"https:\/\/tv.joycemeyer.org\/portuguese\/wp-content\/uploads\/sites\/35\/2018\/01\/I1201-45x45.jpg"},"appp_media":null,"_links":{"self":[{"href":"https:\/\/tv.joycemeyer.org\/portuguese\/wp-json\/wp\/v2\/devotional\/475","targetHints":{"allow":["GET"]}}],"collection":[{"href":"https:\/\/tv.joycemeyer.org\/portuguese\/wp-json\/wp\/v2\/devotional"}],"about":[{"href":"https:\/\/tv.joycemeyer.org\/portuguese\/wp-json\/wp\/v2\/types\/devotional"}],"author":[{"embeddable":true,"href":"https:\/\/tv.joycemeyer.org\/portuguese\/wp-json\/wp\/v2\/users\/4"}],"replies":[{"embeddable":true,"href":"https:\/\/tv.joycemeyer.org\/portuguese\/wp-json\/wp\/v2\/comments?post=475"}],"wp:featuredmedia":[{"embeddable":true,"href":"https:\/\/tv.joycemeyer.org\/portuguese\/wp-json\/wp\/v2\/media\/476"}],"wp:attachment":[{"href":"https:\/\/tv.joycemeyer.org\/portuguese\/wp-json\/wp\/v2\/media?parent=475"}],"curies":[{"name":"wp","href":"https:\/\/api.w.org\/{rel}","templated":true}]}}