{"id":5378,"date":"2022-08-06T00:01:24","date_gmt":"2022-08-06T00:01:24","guid":{"rendered":"https:\/\/tv.joycemeyer.org\/portuguese\/?post_type=devotional&#038;p=5378"},"modified":"2022-08-05T12:28:37","modified_gmt":"2022-08-05T12:28:37","slug":"o-espirito-de-um-vencedor","status":"publish","type":"devotional","link":"https:\/\/tv.joycemeyer.org\/portuguese\/devotional\/o-espirito-de-um-vencedor\/","title":{"rendered":"O Esp\u00edrito de um Vencedor"},"content":{"rendered":"<blockquote><p>Mas, em todas estas coisas somos mais que vencedores, por meio daquele que nos amou. \u2014Romanos 8:37<\/p><\/blockquote>\n<p>Voc\u00ea est\u00e1 vivendo uma vida vitoriosa em Cristo? Se n\u00e3o est\u00e1, talvez hoje seja o dia de come\u00e7ar a se ver de modo diferente do que se viu no passado, de se ver como algu\u00e9m que vence adversidades e n\u00e3o como algu\u00e9m que se encolhe de medo ou se sente sobrecarregado toda vez que surge uma prova\u00e7\u00e3o.<\/p>\n<p>As adversidades n\u00e3o s\u00e3o opcionais, elas fazem parte da vida, e \u00e9 preciso ser um vencedor para super\u00e1-las. O pr\u00f3prio Jesus disse que enfrentar\u00edamos problemas neste mundo (ver Jo\u00e3o 16:33). Paulo entendia que os obst\u00e1culos eram inevit\u00e1veis e escreveu em Romanos 8:37 que somos \u201cmais que vencedores\u201d e que n\u00f3s alcan\u00e7ar\u00edamos uma vit\u00f3ria inigual\u00e1vel.<\/p>\n<p>Ser mais que vencedor significa que antes mesmo de enfrentar a adversidade, antes que a batalha contra voc\u00ea comece, voc\u00ea j\u00e1 sabe que vencer\u00e1 enquanto confiar em Deus e n\u00e3o desistir. Esta \u00e9 uma promessa pela qual devemos ser gratos: somos mais que vencedores em Cristo Jesus!<\/p>\n<hr \/>\n<h4>Ora\u00e7\u00e3o de Gratid\u00e3o<\/h4>\n<p>Pai, quando eu estiver em uma situa\u00e7\u00e3o que ameace me dominar ou me intimidar, eu me firmarei na Tua Palavra que diz que sou mais que vencedor em Ti. Obrigado porque n\u00e3o serei derrotado porque Tu est\u00e1s comigo e me guardas todos os dias.<\/p>\n","protected":false},"excerpt":{"rendered":"<p>Voc\u00ea est\u00e1 vivendo uma vida vitoriosa em Cristo? Se n\u00e3o est\u00e1, talvez hoje seja o dia de come\u00e7ar a se ver de modo diferente do que se viu no passado&#8230;<\/p>\n","protected":false},"author":19,"featured_media":5379,"parent":0,"menu_order":0,"comment_status":"closed","ping_status":"closed","template":"","class_list":["post-5378","devotional","type-devotional","status-publish","has-post-thumbnail","hentry"],"acf":[],"appp":{"post_detail":{"above_title":"<div class=\"post-featured-wrap\"><img width=\"1024\" height=\"597\" src=\"https:\/\/tv.joycemeyer.org\/portuguese\/wp-content\/uploads\/sites\/35\/2022\/06\/2520-1024x597.jpg\" class=\"post-featured wp-post-image\" alt=\"O Esp\u00edrito de um Vencedor\" decoding=\"async\" srcset=\"https:\/\/tv.joycemeyer.org\/portuguese\/wp-content\/uploads\/sites\/35\/2022\/06\/2520-1024x597.jpg 1024w, https:\/\/tv.joycemeyer.org\/portuguese\/wp-content\/uploads\/sites\/35\/2022\/06\/2520-300x175.jpg 300w, https:\/\/tv.joycemeyer.org\/portuguese\/wp-content\/uploads\/sites\/35\/2022\/06\/2520-768x448.jpg 768w, https:\/\/tv.joycemeyer.org\/portuguese\/wp-content\/uploads\/sites\/35\/2022\/06\/2520-1536x896.jpg 1536w, https:\/\/tv.joycemeyer.org\/portuguese\/wp-content\/uploads\/sites\/35\/2022\/06\/2520.jpg 1800w\" sizes=\"(max-width: 1024px) 100vw, 1024px\" \/><\/div>","below_content":"<div class=\"follow\"><h6 class=\"alt\">Conecte-se conosco  <\/h6><ul class=\"nav nav--social nav--flex\"><li class=\"menu-item facebook\"><a href=\"https:\/\/www.facebook.com\/joycemeyerministriesportugues\" target=\"_blank\"><span class=\"visuallyhidden\">Facebook<\/span><\/a><\/li><li class=\"menu-item instagram\"><a href=\"https:\/\/www.instagram.com\/joycemeyerportugues\/\" target=\"_blank\"><span class=\"visuallyhidden\">Instagram<\/span><\/a><\/li><li class=\"menu-item youtube\"><a href=\"https:\/\/www.youtube.com\/channel\/UCf7cat4JZLB1uC_0zpvmkSg\" target=\"_blank\"><span class=\"visuallyhidden\">YouTube<\/span><\/a><\/li><\/ul><\/div><div class=\"list-item list-item--full list-item--footer-ad clearfix \"><img width=\"1024\" height=\"597\" src=\"https:\/\/tv.joycemeyer.org\/portuguese\/wp-content\/uploads\/sites\/35\/2022\/07\/Na\u0303o-Desista-dos-Seus-Sonhos-1024x597.jpg\" class=\"list-item__image\" alt=\"N\u00e3o Desista dos Seus Sonhos\" decoding=\"async\" srcset=\"https:\/\/tv.joycemeyer.org\/portuguese\/wp-content\/uploads\/sites\/35\/2022\/07\/Na\u0303o-Desista-dos-Seus-Sonhos-1024x597.jpg 1024w, https:\/\/tv.joycemeyer.org\/portuguese\/wp-content\/uploads\/sites\/35\/2022\/07\/Na\u0303o-Desista-dos-Seus-Sonhos-300x175.jpg 300w, https:\/\/tv.joycemeyer.org\/portuguese\/wp-content\/uploads\/sites\/35\/2022\/07\/Na\u0303o-Desista-dos-Seus-Sonhos-768x448.jpg 768w, https:\/\/tv.joycemeyer.org\/portuguese\/wp-content\/uploads\/sites\/35\/2022\/07\/Na\u0303o-Desista-dos-Seus-Sonhos-1536x896.jpg 1536w, https:\/\/tv.joycemeyer.org\/portuguese\/wp-content\/uploads\/sites\/35\/2022\/07\/Na\u0303o-Desista-dos-Seus-Sonhos.jpg 1800w\" sizes=\"(max-width: 1024px) 100vw, 1024px\" \/><div class=\"list-item__content\">O que voc\u00ea quer da vida? Seja o que for que voc\u00ea queira, o que ser\u00e1 necess\u00e1rio para alcan\u00e7ar isso?\r\n\r\n<strong><a class=\"button\" href=\"https:\/\/tv.joycemeyer.org\/portuguese\/2022\/07\/28\/nao-desista-dos-seus-sonhos\/\">Leia Mais<\/a><\/strong><\/div><\/div>"}},"yoast_head":"<!-- This site is optimized with the Yoast SEO plugin v27.4 - https:\/\/yoast.com\/product\/yoast-seo-wordpress\/ -->\n<title>O Esp\u00edrito de um Vencedor - Joyce Meyer Ministries - Portuguese<\/title>\n<meta name=\"description\" content=\"JOYCE MEYER DESFRUTANDO A VIDA DI\u00c1RIA - DEVOCIONAL\" \/>\n<meta name=\"robots\" content=\"index, follow, max-snippet:-1, max-image-preview:large, max-video-preview:-1\" \/>\n<link rel=\"canonical\" href=\"https:\/\/tv.joycemeyer.org\/portuguese\/devotional\/o-espirito-de-um-vencedor\/\" \/>\n<meta property=\"og:locale\" content=\"pt_BR\" \/>\n<meta property=\"og:type\" content=\"article\" \/>\n<meta property=\"og:title\" content=\"O Esp\u00edrito de um Vencedor - Joyce Meyer Ministries - Portuguese\" \/>\n<meta property=\"og:description\" content=\"JOYCE MEYER DESFRUTANDO A VIDA DI\u00c1RIA - DEVOCIONAL\" \/>\n<meta property=\"og:url\" content=\"https:\/\/tv.joycemeyer.org\/portuguese\/devotional\/o-espirito-de-um-vencedor\/\" \/>\n<meta property=\"og:site_name\" content=\"Joyce Meyer Ministries - Portuguese\" \/>\n<meta property=\"article:publisher\" content=\"https:\/\/www.facebook.com\/joycemeyerministriesportugues\" \/>\n<meta property=\"og:image\" content=\"https:\/\/tv.joycemeyer.org\/portuguese\/wp-content\/uploads\/sites\/35\/2022\/06\/2520.jpg\" \/>\n\t<meta property=\"og:image:width\" content=\"1800\" \/>\n\t<meta property=\"og:image:height\" content=\"1050\" \/>\n\t<meta property=\"og:image:type\" content=\"image\/jpeg\" \/>\n<meta name=\"twitter:card\" content=\"summary_large_image\" \/>\n<meta name=\"twitter:label1\" content=\"Est. tempo de leitura\" \/>\n\t<meta name=\"twitter:data1\" content=\"1 minuto\" \/>\n<script type=\"application\/ld+json\" class=\"yoast-schema-graph\">{\"@context\":\"https:\\\/\\\/schema.org\",\"@graph\":[{\"@type\":\"WebPage\",\"@id\":\"https:\\\/\\\/tv.joycemeyer.org\\\/portuguese\\\/devotional\\\/o-espirito-de-um-vencedor\\\/\",\"url\":\"https:\\\/\\\/tv.joycemeyer.org\\\/portuguese\\\/devotional\\\/o-espirito-de-um-vencedor\\\/\",\"name\":\"O Esp\u00edrito de um Vencedor - Joyce Meyer Ministries - Portuguese\",\"isPartOf\":{\"@id\":\"https:\\\/\\\/tv.joycemeyer.org\\\/portuguese\\\/#website\"},\"primaryImageOfPage\":{\"@id\":\"https:\\\/\\\/tv.joycemeyer.org\\\/portuguese\\\/devotional\\\/o-espirito-de-um-vencedor\\\/#primaryimage\"},\"image\":{\"@id\":\"https:\\\/\\\/tv.joycemeyer.org\\\/portuguese\\\/devotional\\\/o-espirito-de-um-vencedor\\\/#primaryimage\"},\"thumbnailUrl\":\"https:\\\/\\\/tv.joycemeyer.org\\\/portuguese\\\/wp-content\\\/uploads\\\/sites\\\/35\\\/2022\\\/06\\\/2520.jpg\",\"datePublished\":\"2022-08-06T00:01:24+00:00\",\"description\":\"JOYCE MEYER DESFRUTANDO A VIDA DI\u00c1RIA - DEVOCIONAL\",\"breadcrumb\":{\"@id\":\"https:\\\/\\\/tv.joycemeyer.org\\\/portuguese\\\/devotional\\\/o-espirito-de-um-vencedor\\\/#breadcrumb\"},\"inLanguage\":\"pt-BR\",\"potentialAction\":[{\"@type\":\"ReadAction\",\"target\":[\"https:\\\/\\\/tv.joycemeyer.org\\\/portuguese\\\/devotional\\\/o-espirito-de-um-vencedor\\\/\"]}]},{\"@type\":\"ImageObject\",\"inLanguage\":\"pt-BR\",\"@id\":\"https:\\\/\\\/tv.joycemeyer.org\\\/portuguese\\\/devotional\\\/o-espirito-de-um-vencedor\\\/#primaryimage\",\"url\":\"https:\\\/\\\/tv.joycemeyer.org\\\/portuguese\\\/wp-content\\\/uploads\\\/sites\\\/35\\\/2022\\\/06\\\/2520.jpg\",\"contentUrl\":\"https:\\\/\\\/tv.joycemeyer.org\\\/portuguese\\\/wp-content\\\/uploads\\\/sites\\\/35\\\/2022\\\/06\\\/2520.jpg\",\"width\":1800,\"height\":1050,\"caption\":\"O Esp\u00edrito de um Vencedor\"},{\"@type\":\"BreadcrumbList\",\"@id\":\"https:\\\/\\\/tv.joycemeyer.org\\\/portuguese\\\/devotional\\\/o-espirito-de-um-vencedor\\\/#breadcrumb\",\"itemListElement\":[{\"@type\":\"ListItem\",\"position\":1,\"name\":\"Home\",\"item\":\"https:\\\/\\\/tv.joycemeyer.org\\\/portuguese\\\/\"},{\"@type\":\"ListItem\",\"position\":2,\"name\":\"Devotional\",\"item\":\"https:\\\/\\\/tv.joycemeyer.org\\\/portuguese\\\/devotional\\\/\"},{\"@type\":\"ListItem\",\"position\":3,\"name\":\"O Esp\u00edrito de um Vencedor\"}]},{\"@type\":\"WebSite\",\"@id\":\"https:\\\/\\\/tv.joycemeyer.org\\\/portuguese\\\/#website\",\"url\":\"https:\\\/\\\/tv.joycemeyer.org\\\/portuguese\\\/\",\"name\":\"Joyce Meyer Ministries - Portuguese\",\"description\":\"COMPARTILHANDO CRISTO - AMANDO PESSOAS\",\"potentialAction\":[{\"@type\":\"SearchAction\",\"target\":{\"@type\":\"EntryPoint\",\"urlTemplate\":\"https:\\\/\\\/tv.joycemeyer.org\\\/portuguese\\\/?s={search_term_string}\"},\"query-input\":{\"@type\":\"PropertyValueSpecification\",\"valueRequired\":true,\"valueName\":\"search_term_string\"}}],\"inLanguage\":\"pt-BR\"}]}<\/script>\n<!-- \/ Yoast SEO plugin. -->","yoast_head_json":{"title":"O Esp\u00edrito de um Vencedor - Joyce Meyer Ministries - Portuguese","description":"JOYCE MEYER DESFRUTANDO A VIDA DI\u00c1RIA - DEVOCIONAL","robots":{"index":"index","follow":"follow","max-snippet":"max-snippet:-1","max-image-preview":"max-image-preview:large","max-video-preview":"max-video-preview:-1"},"canonical":"https:\/\/tv.joycemeyer.org\/portuguese\/devotional\/o-espirito-de-um-vencedor\/","og_locale":"pt_BR","og_type":"article","og_title":"O Esp\u00edrito de um Vencedor - Joyce Meyer Ministries - Portuguese","og_description":"JOYCE MEYER DESFRUTANDO A VIDA DI\u00c1RIA - DEVOCIONAL","og_url":"https:\/\/tv.joycemeyer.org\/portuguese\/devotional\/o-espirito-de-um-vencedor\/","og_site_name":"Joyce Meyer Ministries - Portuguese","article_publisher":"https:\/\/www.facebook.com\/joycemeyerministriesportugues","og_image":[{"width":1800,"height":1050,"url":"https:\/\/tv.joycemeyer.org\/portuguese\/wp-content\/uploads\/sites\/35\/2022\/06\/2520.jpg","type":"image\/jpeg"}],"twitter_card":"summary_large_image","twitter_misc":{"Est. tempo de leitura":"1 minuto"},"schema":{"@context":"https:\/\/schema.org","@graph":[{"@type":"WebPage","@id":"https:\/\/tv.joycemeyer.org\/portuguese\/devotional\/o-espirito-de-um-vencedor\/","url":"https:\/\/tv.joycemeyer.org\/portuguese\/devotional\/o-espirito-de-um-vencedor\/","name":"O Esp\u00edrito de um Vencedor - Joyce Meyer Ministries - Portuguese","isPartOf":{"@id":"https:\/\/tv.joycemeyer.org\/portuguese\/#website"},"primaryImageOfPage":{"@id":"https:\/\/tv.joycemeyer.org\/portuguese\/devotional\/o-espirito-de-um-vencedor\/#primaryimage"},"image":{"@id":"https:\/\/tv.joycemeyer.org\/portuguese\/devotional\/o-espirito-de-um-vencedor\/#primaryimage"},"thumbnailUrl":"https:\/\/tv.joycemeyer.org\/portuguese\/wp-content\/uploads\/sites\/35\/2022\/06\/2520.jpg","datePublished":"2022-08-06T00:01:24+00:00","description":"JOYCE MEYER DESFRUTANDO A VIDA DI\u00c1RIA - DEVOCIONAL","breadcrumb":{"@id":"https:\/\/tv.joycemeyer.org\/portuguese\/devotional\/o-espirito-de-um-vencedor\/#breadcrumb"},"inLanguage":"pt-BR","potentialAction":[{"@type":"ReadAction","target":["https:\/\/tv.joycemeyer.org\/portuguese\/devotional\/o-espirito-de-um-vencedor\/"]}]},{"@type":"ImageObject","inLanguage":"pt-BR","@id":"https:\/\/tv.joycemeyer.org\/portuguese\/devotional\/o-espirito-de-um-vencedor\/#primaryimage","url":"https:\/\/tv.joycemeyer.org\/portuguese\/wp-content\/uploads\/sites\/35\/2022\/06\/2520.jpg","contentUrl":"https:\/\/tv.joycemeyer.org\/portuguese\/wp-content\/uploads\/sites\/35\/2022\/06\/2520.jpg","width":1800,"height":1050,"caption":"O Esp\u00edrito de um Vencedor"},{"@type":"BreadcrumbList","@id":"https:\/\/tv.joycemeyer.org\/portuguese\/devotional\/o-espirito-de-um-vencedor\/#breadcrumb","itemListElement":[{"@type":"ListItem","position":1,"name":"Home","item":"https:\/\/tv.joycemeyer.org\/portuguese\/"},{"@type":"ListItem","position":2,"name":"Devotional","item":"https:\/\/tv.joycemeyer.org\/portuguese\/devotional\/"},{"@type":"ListItem","position":3,"name":"O Esp\u00edrito de um Vencedor"}]},{"@type":"WebSite","@id":"https:\/\/tv.joycemeyer.org\/portuguese\/#website","url":"https:\/\/tv.joycemeyer.org\/portuguese\/","name":"Joyce Meyer Ministries - Portuguese","description":"COMPARTILHANDO CRISTO - AMANDO PESSOAS","potentialAction":[{"@type":"SearchAction","target":{"@type":"EntryPoint","urlTemplate":"https:\/\/tv.joycemeyer.org\/portuguese\/?s={search_term_string}"},"query-input":{"@type":"PropertyValueSpecification","valueRequired":true,"valueName":"search_term_string"}}],"inLanguage":"pt-BR"}]}},"featured_image_urls":{"medium":"https:\/\/tv.joycemeyer.org\/portuguese\/wp-content\/uploads\/sites\/35\/2022\/06\/2520-300x175.jpg","large":"https:\/\/tv.joycemeyer.org\/portuguese\/wp-content\/uploads\/sites\/35\/2022\/06\/2520-1024x597.jpg","thumbnail":"https:\/\/tv.joycemeyer.org\/portuguese\/wp-content\/uploads\/sites\/35\/2022\/06\/2520-150x150.jpg","medium_large":"https:\/\/tv.joycemeyer.org\/portuguese\/wp-content\/uploads\/sites\/35\/2022\/06\/2520-768x448.jpg","1536x1536":"https:\/\/tv.joycemeyer.org\/portuguese\/wp-content\/uploads\/sites\/35\/2022\/06\/2520-1536x896.jpg","listing":"https:\/\/tv.joycemeyer.org\/portuguese\/wp-content\/uploads\/sites\/35\/2022\/06\/2520-640x360.jpg","feature":"https:\/\/tv.joycemeyer.org\/portuguese\/wp-content\/uploads\/sites\/35\/2022\/06\/2520-960x540.jpg","ebook":"https:\/\/tv.joycemeyer.org\/portuguese\/wp-content\/uploads\/sites\/35\/2022\/06\/2520-300x435.jpg","header":"https:\/\/tv.joycemeyer.org\/portuguese\/wp-content\/uploads\/sites\/35\/2022\/06\/2520-1600x340.jpg","rpwe-thumbnail":"https:\/\/tv.joycemeyer.org\/portuguese\/wp-content\/uploads\/sites\/35\/2022\/06\/2520-45x45.jpg"},"appp_media":null,"_links":{"self":[{"href":"https:\/\/tv.joycemeyer.org\/portuguese\/wp-json\/wp\/v2\/devotional\/5378","targetHints":{"allow":["GET"]}}],"collection":[{"href":"https:\/\/tv.joycemeyer.org\/portuguese\/wp-json\/wp\/v2\/devotional"}],"about":[{"href":"https:\/\/tv.joycemeyer.org\/portuguese\/wp-json\/wp\/v2\/types\/devotional"}],"author":[{"embeddable":true,"href":"https:\/\/tv.joycemeyer.org\/portuguese\/wp-json\/wp\/v2\/users\/19"}],"replies":[{"embeddable":true,"href":"https:\/\/tv.joycemeyer.org\/portuguese\/wp-json\/wp\/v2\/comments?post=5378"}],"wp:featuredmedia":[{"embeddable":true,"href":"https:\/\/tv.joycemeyer.org\/portuguese\/wp-json\/wp\/v2\/media\/5379"}],"wp:attachment":[{"href":"https:\/\/tv.joycemeyer.org\/portuguese\/wp-json\/wp\/v2\/media?parent=5378"}],"curies":[{"name":"wp","href":"https:\/\/api.w.org\/{rel}","templated":true}]}}