{"version":"1.0","provider_name":"Joyce Meyer Ministries - Romana","provider_url":"https:\/\/tv.joycemeyer.org\/romana","author_name":"erowland","author_url":"https:\/\/tv.joycemeyer.org\/romana\/author\/erowland\/","title":"Fiii \u0219i fiicele lui Dumnezeu - Joyce Meyer Ministries - Romana","type":"rich","width":600,"height":338,"html":"<blockquote class=\"wp-embedded-content\" data-secret=\"Ueb9Tx2tgs\"><a href=\"https:\/\/tv.joycemeyer.org\/romana\/devotional\/fiii-si-fiicele-lui-dumnezeu\/\">Fiii \u0219i fiicele lui Dumnezeu<\/a><\/blockquote><iframe sandbox=\"allow-scripts\" security=\"restricted\" src=\"https:\/\/tv.joycemeyer.org\/romana\/devotional\/fiii-si-fiicele-lui-dumnezeu\/embed\/#?secret=Ueb9Tx2tgs\" width=\"600\" height=\"338\" title=\"&#8222;Fiii \u0219i fiicele lui Dumnezeu&#8221; &#8212; Joyce Meyer Ministries - Romana\" data-secret=\"Ueb9Tx2tgs\" frameborder=\"0\" marginwidth=\"0\" marginheight=\"0\" scrolling=\"no\" class=\"wp-embedded-content\"><\/iframe><script type=\"text\/javascript\">\n\/* <![CDATA[ *\/\n\/*! This file is auto-generated *\/\n!function(d,l){\"use strict\";l.querySelector&&d.addEventListener&&\"undefined\"!=typeof URL&&(d.wp=d.wp||{},d.wp.receiveEmbedMessage||(d.wp.receiveEmbedMessage=function(e){var t=e.data;if((t||t.secret||t.message||t.value)&&!\/[^a-zA-Z0-9]\/.test(t.secret)){for(var s,r,n,a=l.querySelectorAll('iframe[data-secret=\"'+t.secret+'\"]'),o=l.querySelectorAll('blockquote[data-secret=\"'+t.secret+'\"]'),c=new RegExp(\"^https?:$\",\"i\"),i=0;i<o.length;i++)o[i].style.display=\"none\";for(i=0;i<a.length;i++)s=a[i],e.source===s.contentWindow&&(s.removeAttribute(\"style\"),\"height\"===t.message?(1e3<(r=parseInt(t.value,10))?r=1e3:~~r<200&&(r=200),s.height=r):\"link\"===t.message&&(r=new URL(s.getAttribute(\"src\")),n=new URL(t.value),c.test(n.protocol))&&n.host===r.host&&l.activeElement===s&&(d.top.location.href=t.value))}},d.addEventListener(\"message\",d.wp.receiveEmbedMessage,!1),l.addEventListener(\"DOMContentLoaded\",function(){for(var e,t,s=l.querySelectorAll(\"iframe.wp-embedded-content\"),r=0;r<s.length;r++)(t=(e=s[r]).getAttribute(\"data-secret\"))||(t=Math.random().toString(36).substring(2,12),e.src+=\"#?secret=\"+t,e.setAttribute(\"data-secret\",t)),e.contentWindow.postMessage({message:\"ready\",secret:t},\"*\")},!1)))}(window,document);\n\/\/# sourceURL=https:\/\/tv.joycemeyer.org\/romana\/wp-includes\/js\/wp-embed.min.js\n\/* ]]> *\/\n<\/script>\n","thumbnail_url":"https:\/\/tv.joycemeyer.org\/romana\/wp-content\/uploads\/sites\/51\/2024\/06\/5147L.jpg","thumbnail_width":504,"thumbnail_height":336,"description":"Cu c\u00e2t cunoa\u0219tem mai mult Cuv\u00e2ntul lui Dumnezeu, cu at\u00e2t \u00een\u021belegem mai bine c\u0103 El nu ne va induce \u00een eroare \u0219i nu ne va \u00eendrepta spre lucrurile care nu sunt bune pentru noi."}