{"id":1086,"date":"2024-01-05T00:01:50","date_gmt":"2024-01-05T00:01:50","guid":{"rendered":"https:\/\/tv.joycemeyer.org\/romana\/?post_type=devotional&#038;p=1086"},"modified":"2024-01-05T13:59:55","modified_gmt":"2024-01-05T13:59:55","slug":"dumnezeu-nu-se-ascunde","status":"publish","type":"devotional","link":"https:\/\/tv.joycemeyer.org\/romana\/devotional\/dumnezeu-nu-se-ascunde\/","title":{"rendered":"Dumnezeu nu Se ascunde"},"content":{"rendered":"<blockquote><p>Cerurile spun slava lui Dumnezeu, \u0219i \u00eentinderea lor veste\u0219te lucrarea m\u00e2inilor Lui. (Psalmul 19:1)<\/p><\/blockquote>\n<p>Dumnezeu nu Se ascunde de nimeni. El Se descoper\u0103 \u00eentregii omeniri (vezi Romani 1:19-20). El vorbe\u0219te tuturor prin lucrarea Sa, iar natura \u00eens\u0103\u0219i m\u0103rturise\u0219te despre puterea \u0219i planurile Sale.<\/p>\n<p>Prive\u0219te \u00een jur \u0219i fii atent la lumea pe care Dumnezeu a creat-o. Principalul lucru pe care ni-l spune prin natur\u0103 este c\u0103 El exist\u0103 cu adev\u0103rat. \u00cencearc\u0103 s\u0103 ajung\u0103 la noi \u00een fiecare zi \u0219i las\u0103 indicii despre El peste tot, indicii care spun: \u201eSunt aici! Nu trebuie s\u0103 te \u00eengrijorezi sau s\u0103 \u00ee\u021bi fie team\u0103. Sunt aici\u201d.<\/p>\n<p>Soarele r\u0103sare \u00een fiecare diminea\u021b\u0103 \u0219i apune \u00een fiecare sear\u0103. Stelele apar \u0219i str\u0103lucesc pe cerul nop\u021bii \u0219i universul r\u0103m\u00e2ne \u00een ordine, ca o amintire c\u0103 Dumnezeu vegheaz\u0103 asupra noastr\u0103.<\/p>\n<p>C\u00e2nd privim la unii copaci care par mor\u021bi \u00een timpul iernii \u0219i revin la via\u021b\u0103 \u00een fiecare prim\u0103var\u0103, ni se reaminte\u0219te c\u0103 Dumnezeu ne va readuce via\u021ba \u00een plin\u0103 floare, chiar dac\u0103 ne sim\u021bim f\u0103r\u0103 via\u021b\u0103 sau f\u0103r\u0103 speran\u021b\u0103 din cauza circumstan\u021belor noastre.<\/p>\n<p>\u00cemi place s\u0103 m\u0103 uit la copaci \u0219i s\u0103 \u00eei v\u0103d scutura\u021bi de v\u00e2nt. Am observat c\u0103 uneori frunzele moarte se aga\u021b\u0103 de crengi \u0219i apoi o rafal\u0103 mare vine \u0219i le sufl\u0103, f\u0103c\u00e2nd loc noilor muguri s\u0103 creasc\u0103 \u0219i s\u0103 \u00eenfloreasc\u0103. Acest lucru \u00eemi aminte\u0219te c\u0103 v\u00e2ntul Duhului lui Dumnezeu este credincios s\u0103 scuture tot ceea ce nu mai este necesar \u00een via\u021ba noastr\u0103 \u0219i c\u0103 El va proteja tot ce trebuie s\u0103 r\u0103m\u00e2n\u0103. El va aduce via\u021b\u0103 nou\u0103, cre\u0219tere \u0219i vremuri de \u00eenviorare.<\/p>\n<p>Aminte\u0219te-\u021bi aceste exemple despre modul \u00een care Dumnezeu vorbe\u0219te prin natur\u0103 \u0219i caut\u0103 indiciile Lui oriunde mergi ast\u0103zi!<\/p>\n<hr \/>\n<p>Cuv\u00e2ntul lui Dumnezeu pentru tine ast\u0103zi: Caut\u0103 unul dintre multele indicii pe care Dumnezeu \u021bi le-a l\u0103sat ast\u0103zi.<\/p>\n","protected":false},"excerpt":{"rendered":"<p>Dumnezeu nu Se ascunde de nimeni. El Se descoper\u0103 \u00eentregii omeniri &#8230;<\/p>\n","protected":false},"author":15,"featured_media":1087,"parent":0,"menu_order":0,"comment_status":"closed","ping_status":"closed","template":"","class_list":["post-1086","devotional","type-devotional","status-publish","has-post-thumbnail","hentry"],"acf":[],"appp":{"post_detail":{"above_title":"<div class=\"post-featured-wrap\"><img width=\"960\" height=\"540\" src=\"https:\/\/tv.joycemeyer.org\/romana\/wp-content\/uploads\/sites\/51\/2020\/08\/1413.jpg\" class=\"post-featured wp-post-image\" alt=\"Dumnezeu nu Se ascunde\" decoding=\"async\" srcset=\"https:\/\/tv.joycemeyer.org\/romana\/wp-content\/uploads\/sites\/51\/2020\/08\/1413.jpg 960w, https:\/\/tv.joycemeyer.org\/romana\/wp-content\/uploads\/sites\/51\/2020\/08\/1413-300x169.jpg 300w, https:\/\/tv.joycemeyer.org\/romana\/wp-content\/uploads\/sites\/51\/2020\/08\/1413-768x432.jpg 768w, https:\/\/tv.joycemeyer.org\/romana\/wp-content\/uploads\/sites\/51\/2020\/08\/1413-640x360.jpg 640w\" sizes=\"(max-width: 960px) 100vw, 960px\" \/><\/div>","below_content":""}},"yoast_head":"<!-- This site is optimized with the Yoast SEO plugin v27.4 - https:\/\/yoast.com\/product\/yoast-seo-wordpress\/ -->\n<title>Dumnezeu nu Se ascunde - Joyce Meyer Ministries - Romana<\/title>\n<meta name=\"robots\" content=\"index, follow, max-snippet:-1, max-image-preview:large, max-video-preview:-1\" \/>\n<link rel=\"canonical\" href=\"https:\/\/tv.joycemeyer.org\/romana\/devotional\/dumnezeu-nu-se-ascunde\/\" \/>\n<meta property=\"og:locale\" content=\"ro_RO\" \/>\n<meta property=\"og:type\" content=\"article\" \/>\n<meta property=\"og:title\" content=\"Dumnezeu nu Se ascunde - Joyce Meyer Ministries - Romana\" \/>\n<meta property=\"og:description\" content=\"Dumnezeu nu Se ascunde de nimeni. El Se descoper\u0103 \u00eentregii omeniri ...\" \/>\n<meta property=\"og:url\" content=\"https:\/\/tv.joycemeyer.org\/romana\/devotional\/dumnezeu-nu-se-ascunde\/\" \/>\n<meta property=\"og:site_name\" content=\"Joyce Meyer Ministries - Romana\" \/>\n<meta property=\"article:modified_time\" content=\"2024-01-05T13:59:55+00:00\" \/>\n<meta property=\"og:image\" content=\"https:\/\/tv.joycemeyer.org\/romana\/wp-content\/uploads\/sites\/51\/2020\/08\/1413.jpg\" \/>\n\t<meta property=\"og:image:width\" content=\"960\" \/>\n\t<meta property=\"og:image:height\" content=\"540\" \/>\n\t<meta property=\"og:image:type\" content=\"image\/jpeg\" \/>\n<meta name=\"twitter:card\" content=\"summary_large_image\" \/>\n<meta name=\"twitter:label1\" content=\"Timp estimat pentru citire\" \/>\n\t<meta name=\"twitter:data1\" content=\"2 minute\" \/>\n<script type=\"application\/ld+json\" class=\"yoast-schema-graph\">{\"@context\":\"https:\\\/\\\/schema.org\",\"@graph\":[{\"@type\":\"WebPage\",\"@id\":\"https:\\\/\\\/tv.joycemeyer.org\\\/romana\\\/devotional\\\/dumnezeu-nu-se-ascunde\\\/\",\"url\":\"https:\\\/\\\/tv.joycemeyer.org\\\/romana\\\/devotional\\\/dumnezeu-nu-se-ascunde\\\/\",\"name\":\"Dumnezeu nu Se ascunde - Joyce Meyer Ministries - Romana\",\"isPartOf\":{\"@id\":\"https:\\\/\\\/tv.joycemeyer.org\\\/romana\\\/#website\"},\"primaryImageOfPage\":{\"@id\":\"https:\\\/\\\/tv.joycemeyer.org\\\/romana\\\/devotional\\\/dumnezeu-nu-se-ascunde\\\/#primaryimage\"},\"image\":{\"@id\":\"https:\\\/\\\/tv.joycemeyer.org\\\/romana\\\/devotional\\\/dumnezeu-nu-se-ascunde\\\/#primaryimage\"},\"thumbnailUrl\":\"https:\\\/\\\/tv.joycemeyer.org\\\/romana\\\/wp-content\\\/uploads\\\/sites\\\/51\\\/2020\\\/08\\\/1413.jpg\",\"datePublished\":\"2024-01-05T00:01:50+00:00\",\"dateModified\":\"2024-01-05T13:59:55+00:00\",\"breadcrumb\":{\"@id\":\"https:\\\/\\\/tv.joycemeyer.org\\\/romana\\\/devotional\\\/dumnezeu-nu-se-ascunde\\\/#breadcrumb\"},\"inLanguage\":\"ro-RO\",\"potentialAction\":[{\"@type\":\"ReadAction\",\"target\":[\"https:\\\/\\\/tv.joycemeyer.org\\\/romana\\\/devotional\\\/dumnezeu-nu-se-ascunde\\\/\"]}]},{\"@type\":\"ImageObject\",\"inLanguage\":\"ro-RO\",\"@id\":\"https:\\\/\\\/tv.joycemeyer.org\\\/romana\\\/devotional\\\/dumnezeu-nu-se-ascunde\\\/#primaryimage\",\"url\":\"https:\\\/\\\/tv.joycemeyer.org\\\/romana\\\/wp-content\\\/uploads\\\/sites\\\/51\\\/2020\\\/08\\\/1413.jpg\",\"contentUrl\":\"https:\\\/\\\/tv.joycemeyer.org\\\/romana\\\/wp-content\\\/uploads\\\/sites\\\/51\\\/2020\\\/08\\\/1413.jpg\",\"width\":\"960\",\"height\":\"540\",\"caption\":\"Dumnezeu nu Se ascunde\"},{\"@type\":\"BreadcrumbList\",\"@id\":\"https:\\\/\\\/tv.joycemeyer.org\\\/romana\\\/devotional\\\/dumnezeu-nu-se-ascunde\\\/#breadcrumb\",\"itemListElement\":[{\"@type\":\"ListItem\",\"position\":1,\"name\":\"Home\",\"item\":\"https:\\\/\\\/tv.joycemeyer.org\\\/romana\\\/\"},{\"@type\":\"ListItem\",\"position\":2,\"name\":\"Devotional\",\"item\":\"https:\\\/\\\/tv.joycemeyer.org\\\/romana\\\/devotional\\\/\"},{\"@type\":\"ListItem\",\"position\":3,\"name\":\"Dumnezeu nu Se ascunde\"}]},{\"@type\":\"WebSite\",\"@id\":\"https:\\\/\\\/tv.joycemeyer.org\\\/romana\\\/#website\",\"url\":\"https:\\\/\\\/tv.joycemeyer.org\\\/romana\\\/\",\"name\":\"Joyce Meyer Ministries - Romana\",\"description\":\"Impartasindu-L pe Hristos - Iubindu-i pe oameni\",\"potentialAction\":[{\"@type\":\"SearchAction\",\"target\":{\"@type\":\"EntryPoint\",\"urlTemplate\":\"https:\\\/\\\/tv.joycemeyer.org\\\/romana\\\/?s={search_term_string}\"},\"query-input\":{\"@type\":\"PropertyValueSpecification\",\"valueRequired\":true,\"valueName\":\"search_term_string\"}}],\"inLanguage\":\"ro-RO\"}]}<\/script>\n<!-- \/ Yoast SEO plugin. -->","yoast_head_json":{"title":"Dumnezeu nu Se ascunde - Joyce Meyer Ministries - Romana","robots":{"index":"index","follow":"follow","max-snippet":"max-snippet:-1","max-image-preview":"max-image-preview:large","max-video-preview":"max-video-preview:-1"},"canonical":"https:\/\/tv.joycemeyer.org\/romana\/devotional\/dumnezeu-nu-se-ascunde\/","og_locale":"ro_RO","og_type":"article","og_title":"Dumnezeu nu Se ascunde - Joyce Meyer Ministries - Romana","og_description":"Dumnezeu nu Se ascunde de nimeni. El Se descoper\u0103 \u00eentregii omeniri ...","og_url":"https:\/\/tv.joycemeyer.org\/romana\/devotional\/dumnezeu-nu-se-ascunde\/","og_site_name":"Joyce Meyer Ministries - Romana","article_modified_time":"2024-01-05T13:59:55+00:00","og_image":[{"width":960,"height":540,"url":"https:\/\/tv.joycemeyer.org\/romana\/wp-content\/uploads\/sites\/51\/2020\/08\/1413.jpg","type":"image\/jpeg"}],"twitter_card":"summary_large_image","twitter_misc":{"Timp estimat pentru citire":"2 minute"},"schema":{"@context":"https:\/\/schema.org","@graph":[{"@type":"WebPage","@id":"https:\/\/tv.joycemeyer.org\/romana\/devotional\/dumnezeu-nu-se-ascunde\/","url":"https:\/\/tv.joycemeyer.org\/romana\/devotional\/dumnezeu-nu-se-ascunde\/","name":"Dumnezeu nu Se ascunde - Joyce Meyer Ministries - Romana","isPartOf":{"@id":"https:\/\/tv.joycemeyer.org\/romana\/#website"},"primaryImageOfPage":{"@id":"https:\/\/tv.joycemeyer.org\/romana\/devotional\/dumnezeu-nu-se-ascunde\/#primaryimage"},"image":{"@id":"https:\/\/tv.joycemeyer.org\/romana\/devotional\/dumnezeu-nu-se-ascunde\/#primaryimage"},"thumbnailUrl":"https:\/\/tv.joycemeyer.org\/romana\/wp-content\/uploads\/sites\/51\/2020\/08\/1413.jpg","datePublished":"2024-01-05T00:01:50+00:00","dateModified":"2024-01-05T13:59:55+00:00","breadcrumb":{"@id":"https:\/\/tv.joycemeyer.org\/romana\/devotional\/dumnezeu-nu-se-ascunde\/#breadcrumb"},"inLanguage":"ro-RO","potentialAction":[{"@type":"ReadAction","target":["https:\/\/tv.joycemeyer.org\/romana\/devotional\/dumnezeu-nu-se-ascunde\/"]}]},{"@type":"ImageObject","inLanguage":"ro-RO","@id":"https:\/\/tv.joycemeyer.org\/romana\/devotional\/dumnezeu-nu-se-ascunde\/#primaryimage","url":"https:\/\/tv.joycemeyer.org\/romana\/wp-content\/uploads\/sites\/51\/2020\/08\/1413.jpg","contentUrl":"https:\/\/tv.joycemeyer.org\/romana\/wp-content\/uploads\/sites\/51\/2020\/08\/1413.jpg","width":"960","height":"540","caption":"Dumnezeu nu Se ascunde"},{"@type":"BreadcrumbList","@id":"https:\/\/tv.joycemeyer.org\/romana\/devotional\/dumnezeu-nu-se-ascunde\/#breadcrumb","itemListElement":[{"@type":"ListItem","position":1,"name":"Home","item":"https:\/\/tv.joycemeyer.org\/romana\/"},{"@type":"ListItem","position":2,"name":"Devotional","item":"https:\/\/tv.joycemeyer.org\/romana\/devotional\/"},{"@type":"ListItem","position":3,"name":"Dumnezeu nu Se ascunde"}]},{"@type":"WebSite","@id":"https:\/\/tv.joycemeyer.org\/romana\/#website","url":"https:\/\/tv.joycemeyer.org\/romana\/","name":"Joyce Meyer Ministries - Romana","description":"Impartasindu-L pe Hristos - Iubindu-i pe oameni","potentialAction":[{"@type":"SearchAction","target":{"@type":"EntryPoint","urlTemplate":"https:\/\/tv.joycemeyer.org\/romana\/?s={search_term_string}"},"query-input":{"@type":"PropertyValueSpecification","valueRequired":true,"valueName":"search_term_string"}}],"inLanguage":"ro-RO"}]}},"_links":{"self":[{"href":"https:\/\/tv.joycemeyer.org\/romana\/wp-json\/wp\/v2\/devotional\/1086","targetHints":{"allow":["GET"]}}],"collection":[{"href":"https:\/\/tv.joycemeyer.org\/romana\/wp-json\/wp\/v2\/devotional"}],"about":[{"href":"https:\/\/tv.joycemeyer.org\/romana\/wp-json\/wp\/v2\/types\/devotional"}],"author":[{"embeddable":true,"href":"https:\/\/tv.joycemeyer.org\/romana\/wp-json\/wp\/v2\/users\/15"}],"replies":[{"embeddable":true,"href":"https:\/\/tv.joycemeyer.org\/romana\/wp-json\/wp\/v2\/comments?post=1086"}],"wp:featuredmedia":[{"embeddable":true,"href":"https:\/\/tv.joycemeyer.org\/romana\/wp-json\/wp\/v2\/media\/1087"}],"wp:attachment":[{"href":"https:\/\/tv.joycemeyer.org\/romana\/wp-json\/wp\/v2\/media?parent=1086"}],"curies":[{"name":"wp","href":"https:\/\/api.w.org\/{rel}","templated":true}]}}