{"id":1111,"date":"2024-01-17T00:01:58","date_gmt":"2024-01-17T00:01:58","guid":{"rendered":"https:\/\/tv.joycemeyer.org\/romana\/?post_type=devotional&#038;p=1111"},"modified":"2024-01-17T12:31:05","modified_gmt":"2024-01-17T12:31:05","slug":"practica-ne-invata","status":"publish","type":"devotional","link":"https:\/\/tv.joycemeyer.org\/romana\/devotional\/practica-ne-invata\/","title":{"rendered":"Practica Ne \u00cenva\u021b\u0103"},"content":{"rendered":"<blockquote><p>Voi s\u0103 merge\u0163i dup\u0103\u00a0Domnul Dumnezeul vostru \u0219i de El s\u0103 v\u0103 teme\u0163i; de glasul Lui s\u0103 asculta\u0163i. (Deuteronomul 13:4)<\/p><\/blockquote>\n<p>C\u00e2nd \u00eencepem s\u0103 auzim vocea lui Dumnezeu, este important s\u0103 \u00eenf\u0103ptuim tot ceea ce ne spune El. Ascultarea cre\u0219te calitatea rela\u021biei cu El \u0219i ne consolideaz\u0103 credin\u021ba. Am putea spune: \u201ePractica ne \u00eenva\u021b\u0103\u201d c\u00e2nd vine vorba de auzirea vocii Sale \u0219i ascultare. Cu alte cuvinte, devenim din ce \u00een ce mai \u00eencrez\u0103tori, pe m\u0103sur\u0103 ce dob\u00e2ndim experien\u021b\u0103. Este nevoie de mult\u0103 practic\u0103 pentru a ajunge la punctul de supunere complet\u0103 la c\u0103l\u0103uzirea lui Dumnezeu. Chiar dac\u0103 \u0219tim c\u0103 ale lui Dumnezeu c\u0103i sunt perfecte \u0219i c\u0103 planurile Lui func\u021bioneaz\u0103 \u00eentotdeauna, uneori suntem ignoran\u021bi atunci c\u00e2nd El ne cere s\u0103 facem ceva care necesit\u0103 sacrificiu personal sau ne este team\u0103 c\u0103 nu am auzit bine \u0219i, prin urmare, suntem prea grijulii ca s\u0103 facem ceva.<\/p>\n<p>Nu \u00ee\u021bi fie team\u0103 de sacrificiu sau de gre\u0219eli. Exist\u0103 multe lucruri \u00een via\u021b\u0103 care sunt mai rele dec\u00e2t gre\u0219elile. Isus a spus: \u201eUrmeaz\u0103-m\u0103\u201d. Cred cu t\u0103rie c\u0103 atunci c\u00e2nd am f\u0103cut tot posibilul s\u0103-L auzim pe Dumnezeu, trebuie s\u0103 ac\u021bion\u0103m \u0219i s\u0103 descoperim dac\u0103 am auzit cu adev\u0103rat vocea Lui sau nu. Dac\u0103 ne l\u0103s\u0103m paraliza\u021bi de fric\u0103 nu vom dezvolta capacitatea de a-L auzi pe Dumnezeu.<\/p>\n<p>El nu a spus: \u201ePreia tu conducerea, iar Eu te voi urma\u201d. Am \u00eenv\u0103\u021bat c\u0103 e bine s\u0103 faci imediat orice \u00ee\u021bi spune Dumnezeu, pentru c\u0103 altfel \u00ee\u021bi garantez c\u0103 vei fi nefericit.<\/p>\n<p>C\u00e2nd copiii no\u0219tri \u00eenva\u021b\u0103 s\u0103 mearg\u0103, nu ne sup\u0103r\u0103m atunci c\u00e2nd cad. Ne d\u0103m seama c\u0103 \u00eenva\u021b\u0103 \u0219i \u00eei ajut\u0103m. Dumnezeu este la fel \u0219i El te va \u00eenv\u0103\u021ba cum s\u0103-L auzi, dac\u0103 ai credin\u021b\u0103 \u0219i nu te temi.<\/p>\n<hr \/>\n<p>Cuv\u00e2ntul lui Dumnezeu pentru tine ast\u0103zi: Ascult\u0103, discerne \u0219i \u00eempline\u0219te cu \u00eendr\u0103zneal\u0103.<\/p>\n","protected":false},"excerpt":{"rendered":"<p>C\u00e2nd \u00eencepem s\u0103 auzim vocea lui Dumnezeu, este important s\u0103 \u00eenf\u0103ptuim tot ceea ce ne spune El &#8230;<\/p>\n","protected":false},"author":15,"featured_media":1112,"parent":0,"menu_order":0,"comment_status":"closed","ping_status":"closed","template":"","class_list":["post-1111","devotional","type-devotional","status-publish","has-post-thumbnail","hentry"],"acf":[],"appp":{"post_detail":{"above_title":"<div class=\"post-featured-wrap\"><img width=\"959\" height=\"540\" src=\"https:\/\/tv.joycemeyer.org\/romana\/wp-content\/uploads\/sites\/51\/2020\/08\/354.jpg\" class=\"post-featured wp-post-image\" alt=\"Practica ne \u00eenva\u021b\u0103\" decoding=\"async\" srcset=\"https:\/\/tv.joycemeyer.org\/romana\/wp-content\/uploads\/sites\/51\/2020\/08\/354.jpg 959w, https:\/\/tv.joycemeyer.org\/romana\/wp-content\/uploads\/sites\/51\/2020\/08\/354-300x169.jpg 300w, https:\/\/tv.joycemeyer.org\/romana\/wp-content\/uploads\/sites\/51\/2020\/08\/354-768x432.jpg 768w, https:\/\/tv.joycemeyer.org\/romana\/wp-content\/uploads\/sites\/51\/2020\/08\/354-640x360.jpg 640w\" sizes=\"(max-width: 959px) 100vw, 959px\" \/><\/div>","below_content":""}},"yoast_head":"<!-- This site is optimized with the Yoast SEO plugin v27.4 - https:\/\/yoast.com\/product\/yoast-seo-wordpress\/ -->\n<title>Practica Ne \u00cenva\u021b\u0103 - Joyce Meyer Ministries - Romana<\/title>\n<meta name=\"robots\" content=\"index, follow, max-snippet:-1, max-image-preview:large, max-video-preview:-1\" \/>\n<link rel=\"canonical\" href=\"https:\/\/tv.joycemeyer.org\/romana\/devotional\/practica-ne-invata\/\" \/>\n<meta property=\"og:locale\" content=\"ro_RO\" \/>\n<meta property=\"og:type\" content=\"article\" \/>\n<meta property=\"og:title\" content=\"Practica Ne \u00cenva\u021b\u0103 - Joyce Meyer Ministries - Romana\" \/>\n<meta property=\"og:description\" content=\"C\u00e2nd \u00eencepem s\u0103 auzim vocea lui Dumnezeu, este important s\u0103 \u00eenf\u0103ptuim tot ceea ce ne spune El ...\" \/>\n<meta property=\"og:url\" content=\"https:\/\/tv.joycemeyer.org\/romana\/devotional\/practica-ne-invata\/\" \/>\n<meta property=\"og:site_name\" content=\"Joyce Meyer Ministries - Romana\" \/>\n<meta property=\"article:modified_time\" content=\"2024-01-17T12:31:05+00:00\" \/>\n<meta property=\"og:image\" content=\"https:\/\/tv.joycemeyer.org\/romana\/wp-content\/uploads\/sites\/51\/2020\/08\/354.jpg\" \/>\n\t<meta property=\"og:image:width\" content=\"959\" \/>\n\t<meta property=\"og:image:height\" content=\"540\" \/>\n\t<meta property=\"og:image:type\" content=\"image\/jpeg\" \/>\n<meta name=\"twitter:card\" content=\"summary_large_image\" \/>\n<meta name=\"twitter:label1\" content=\"Timp estimat pentru citire\" \/>\n\t<meta name=\"twitter:data1\" content=\"2 minute\" \/>\n<script type=\"application\/ld+json\" class=\"yoast-schema-graph\">{\"@context\":\"https:\\\/\\\/schema.org\",\"@graph\":[{\"@type\":\"WebPage\",\"@id\":\"https:\\\/\\\/tv.joycemeyer.org\\\/romana\\\/devotional\\\/practica-ne-invata\\\/\",\"url\":\"https:\\\/\\\/tv.joycemeyer.org\\\/romana\\\/devotional\\\/practica-ne-invata\\\/\",\"name\":\"Practica Ne \u00cenva\u021b\u0103 - Joyce Meyer Ministries - Romana\",\"isPartOf\":{\"@id\":\"https:\\\/\\\/tv.joycemeyer.org\\\/romana\\\/#website\"},\"primaryImageOfPage\":{\"@id\":\"https:\\\/\\\/tv.joycemeyer.org\\\/romana\\\/devotional\\\/practica-ne-invata\\\/#primaryimage\"},\"image\":{\"@id\":\"https:\\\/\\\/tv.joycemeyer.org\\\/romana\\\/devotional\\\/practica-ne-invata\\\/#primaryimage\"},\"thumbnailUrl\":\"https:\\\/\\\/tv.joycemeyer.org\\\/romana\\\/wp-content\\\/uploads\\\/sites\\\/51\\\/2020\\\/08\\\/354.jpg\",\"datePublished\":\"2024-01-17T00:01:58+00:00\",\"dateModified\":\"2024-01-17T12:31:05+00:00\",\"breadcrumb\":{\"@id\":\"https:\\\/\\\/tv.joycemeyer.org\\\/romana\\\/devotional\\\/practica-ne-invata\\\/#breadcrumb\"},\"inLanguage\":\"ro-RO\",\"potentialAction\":[{\"@type\":\"ReadAction\",\"target\":[\"https:\\\/\\\/tv.joycemeyer.org\\\/romana\\\/devotional\\\/practica-ne-invata\\\/\"]}]},{\"@type\":\"ImageObject\",\"inLanguage\":\"ro-RO\",\"@id\":\"https:\\\/\\\/tv.joycemeyer.org\\\/romana\\\/devotional\\\/practica-ne-invata\\\/#primaryimage\",\"url\":\"https:\\\/\\\/tv.joycemeyer.org\\\/romana\\\/wp-content\\\/uploads\\\/sites\\\/51\\\/2020\\\/08\\\/354.jpg\",\"contentUrl\":\"https:\\\/\\\/tv.joycemeyer.org\\\/romana\\\/wp-content\\\/uploads\\\/sites\\\/51\\\/2020\\\/08\\\/354.jpg\",\"width\":\"959\",\"height\":\"540\",\"caption\":\"Practica ne \u00eenva\u021b\u0103\"},{\"@type\":\"BreadcrumbList\",\"@id\":\"https:\\\/\\\/tv.joycemeyer.org\\\/romana\\\/devotional\\\/practica-ne-invata\\\/#breadcrumb\",\"itemListElement\":[{\"@type\":\"ListItem\",\"position\":1,\"name\":\"Home\",\"item\":\"https:\\\/\\\/tv.joycemeyer.org\\\/romana\\\/\"},{\"@type\":\"ListItem\",\"position\":2,\"name\":\"Devotional\",\"item\":\"https:\\\/\\\/tv.joycemeyer.org\\\/romana\\\/devotional\\\/\"},{\"@type\":\"ListItem\",\"position\":3,\"name\":\"Practica Ne \u00cenva\u021b\u0103\"}]},{\"@type\":\"WebSite\",\"@id\":\"https:\\\/\\\/tv.joycemeyer.org\\\/romana\\\/#website\",\"url\":\"https:\\\/\\\/tv.joycemeyer.org\\\/romana\\\/\",\"name\":\"Joyce Meyer Ministries - Romana\",\"description\":\"Impartasindu-L pe Hristos - Iubindu-i pe oameni\",\"potentialAction\":[{\"@type\":\"SearchAction\",\"target\":{\"@type\":\"EntryPoint\",\"urlTemplate\":\"https:\\\/\\\/tv.joycemeyer.org\\\/romana\\\/?s={search_term_string}\"},\"query-input\":{\"@type\":\"PropertyValueSpecification\",\"valueRequired\":true,\"valueName\":\"search_term_string\"}}],\"inLanguage\":\"ro-RO\"}]}<\/script>\n<!-- \/ Yoast SEO plugin. -->","yoast_head_json":{"title":"Practica Ne \u00cenva\u021b\u0103 - Joyce Meyer Ministries - Romana","robots":{"index":"index","follow":"follow","max-snippet":"max-snippet:-1","max-image-preview":"max-image-preview:large","max-video-preview":"max-video-preview:-1"},"canonical":"https:\/\/tv.joycemeyer.org\/romana\/devotional\/practica-ne-invata\/","og_locale":"ro_RO","og_type":"article","og_title":"Practica Ne \u00cenva\u021b\u0103 - Joyce Meyer Ministries - Romana","og_description":"C\u00e2nd \u00eencepem s\u0103 auzim vocea lui Dumnezeu, este important s\u0103 \u00eenf\u0103ptuim tot ceea ce ne spune El ...","og_url":"https:\/\/tv.joycemeyer.org\/romana\/devotional\/practica-ne-invata\/","og_site_name":"Joyce Meyer Ministries - Romana","article_modified_time":"2024-01-17T12:31:05+00:00","og_image":[{"width":959,"height":540,"url":"https:\/\/tv.joycemeyer.org\/romana\/wp-content\/uploads\/sites\/51\/2020\/08\/354.jpg","type":"image\/jpeg"}],"twitter_card":"summary_large_image","twitter_misc":{"Timp estimat pentru citire":"2 minute"},"schema":{"@context":"https:\/\/schema.org","@graph":[{"@type":"WebPage","@id":"https:\/\/tv.joycemeyer.org\/romana\/devotional\/practica-ne-invata\/","url":"https:\/\/tv.joycemeyer.org\/romana\/devotional\/practica-ne-invata\/","name":"Practica Ne \u00cenva\u021b\u0103 - Joyce Meyer Ministries - Romana","isPartOf":{"@id":"https:\/\/tv.joycemeyer.org\/romana\/#website"},"primaryImageOfPage":{"@id":"https:\/\/tv.joycemeyer.org\/romana\/devotional\/practica-ne-invata\/#primaryimage"},"image":{"@id":"https:\/\/tv.joycemeyer.org\/romana\/devotional\/practica-ne-invata\/#primaryimage"},"thumbnailUrl":"https:\/\/tv.joycemeyer.org\/romana\/wp-content\/uploads\/sites\/51\/2020\/08\/354.jpg","datePublished":"2024-01-17T00:01:58+00:00","dateModified":"2024-01-17T12:31:05+00:00","breadcrumb":{"@id":"https:\/\/tv.joycemeyer.org\/romana\/devotional\/practica-ne-invata\/#breadcrumb"},"inLanguage":"ro-RO","potentialAction":[{"@type":"ReadAction","target":["https:\/\/tv.joycemeyer.org\/romana\/devotional\/practica-ne-invata\/"]}]},{"@type":"ImageObject","inLanguage":"ro-RO","@id":"https:\/\/tv.joycemeyer.org\/romana\/devotional\/practica-ne-invata\/#primaryimage","url":"https:\/\/tv.joycemeyer.org\/romana\/wp-content\/uploads\/sites\/51\/2020\/08\/354.jpg","contentUrl":"https:\/\/tv.joycemeyer.org\/romana\/wp-content\/uploads\/sites\/51\/2020\/08\/354.jpg","width":"959","height":"540","caption":"Practica ne \u00eenva\u021b\u0103"},{"@type":"BreadcrumbList","@id":"https:\/\/tv.joycemeyer.org\/romana\/devotional\/practica-ne-invata\/#breadcrumb","itemListElement":[{"@type":"ListItem","position":1,"name":"Home","item":"https:\/\/tv.joycemeyer.org\/romana\/"},{"@type":"ListItem","position":2,"name":"Devotional","item":"https:\/\/tv.joycemeyer.org\/romana\/devotional\/"},{"@type":"ListItem","position":3,"name":"Practica Ne \u00cenva\u021b\u0103"}]},{"@type":"WebSite","@id":"https:\/\/tv.joycemeyer.org\/romana\/#website","url":"https:\/\/tv.joycemeyer.org\/romana\/","name":"Joyce Meyer Ministries - Romana","description":"Impartasindu-L pe Hristos - Iubindu-i pe oameni","potentialAction":[{"@type":"SearchAction","target":{"@type":"EntryPoint","urlTemplate":"https:\/\/tv.joycemeyer.org\/romana\/?s={search_term_string}"},"query-input":{"@type":"PropertyValueSpecification","valueRequired":true,"valueName":"search_term_string"}}],"inLanguage":"ro-RO"}]}},"_links":{"self":[{"href":"https:\/\/tv.joycemeyer.org\/romana\/wp-json\/wp\/v2\/devotional\/1111","targetHints":{"allow":["GET"]}}],"collection":[{"href":"https:\/\/tv.joycemeyer.org\/romana\/wp-json\/wp\/v2\/devotional"}],"about":[{"href":"https:\/\/tv.joycemeyer.org\/romana\/wp-json\/wp\/v2\/types\/devotional"}],"author":[{"embeddable":true,"href":"https:\/\/tv.joycemeyer.org\/romana\/wp-json\/wp\/v2\/users\/15"}],"replies":[{"embeddable":true,"href":"https:\/\/tv.joycemeyer.org\/romana\/wp-json\/wp\/v2\/comments?post=1111"}],"wp:featuredmedia":[{"embeddable":true,"href":"https:\/\/tv.joycemeyer.org\/romana\/wp-json\/wp\/v2\/media\/1112"}],"wp:attachment":[{"href":"https:\/\/tv.joycemeyer.org\/romana\/wp-json\/wp\/v2\/media?parent=1111"}],"curies":[{"name":"wp","href":"https:\/\/api.w.org\/{rel}","templated":true}]}}